{"id":479647,"date":"2026-09-03T10:56:56","date_gmt":"2026-09-03T08:56:56","guid":{"rendered":"https:\/\/www.espigul.com\/vendre-3\/"},"modified":"2026-09-03T13:53:17","modified_gmt":"2026-09-03T11:53:17","slug":"vendre-3","status":"publish","type":"page","link":"https:\/\/www.espigul.com\/fr\/vendre-3\/","title":{"rendered":"Vendre"},"content":{"rendered":"\n<div class=\"wp-block-uagb-container uagb-block-2d1483d0 alignfull uagb-is-root-container\"><div class=\"uagb-container-inner-blocks-wrap\"><section class=\"hero-section hero-section--equal align wp-block-acf-hero\">\n\t<div class=\"hero__section hero__section--left\">\n\t\t\t\t\t<img decoding=\"async\" src=\"https:\/\/www.espigul.com\/wp-content\/uploads\/2026\/09\/vender-01.jpg\" alt=\"\">\n\t\t\t\t\t\t<\/div>\n\t<div class=\"hero__section hero__section--right hero__section--right--image_top\">\n\t\t\t\t\t<div class=\"hero__section__main\">\n\t\t\t\t\t\t\t\t\t\t\t\t\t<h1 class=\"hero__title\">De \u2018Se Vende\u2019 a \u2018Vendido\u2019 antes de lo que imaginas.<\/h1>\n\t\t\t\t\t\t\t<\/div>\n\t\t\t\t\t\t\t<div class=\"hero__subimage\">\n\t\t\t\t<figure>\n\t\t\t\t\t<img decoding=\"async\" src=\"https:\/\/www.espigul.com\/wp-content\/uploads\/2026\/09\/vender-02.jpg\" alt=\"\">\n\t\t\t\t\t\t\t\t\t<\/figure>\n\t\t\t<\/div>\n\t\t\t\t\t\t\t<div class=\"hero__subtitle\"><p>Esp\u00edgul es una constructora, promotora e inmobiliaria especializada en la compra, venta y alquiler de propiedades.<\/p>\n<p>Nuestro equipo de asesores inmobiliarios expertos trabaja para ofrecer un servicio cercano, transparente y orientado a resultados.<\/p>\n<p>La experiencia en el mercado inmobiliario local permite que ayudemos a cada cliente a tomar decisiones seguras, ya sea para vender una vivienda, comprar una propiedad o invertir con \u00e9xito.<\/p>\n<\/div>\n\t\t\t<\/div>\n<\/section>\n    <\/div><\/div>\n\n<div class=\"wp-block-uagb-container uagb-block-760251d6 alignfull uagb-is-root-container\"><div class=\"uagb-container-inner-blocks-wrap\">\n<div class=\"wp-block-uagb-container uagb-block-049415ea\">\n<p class=\"has-text-align-center wp-block-paragraph\">Esp\u00edgul Real Estate Group<\/p>\n\n\n\n<h2 class=\"wp-block-heading has-text-align-center has-4-x-large-font-size\">Nous vendons votre propri\u00e9t\u00e9 gr\u00e2ce \u00e0 une strat\u00e9gie soign\u00e9e de bout en bout<\/h2>\n<\/div>\n\n\n\n<div class=\"wp-block-uagb-container uagb-block-b5b4a567\">\n<figure class=\"wp-block-image aligncenter size-full\"><img decoding=\"async\" src=\"https:\/\/staging.espigul.com\/wp-content\/uploads\/2026\/08\/vender-1.jpg\" alt=\"\" class=\"wp-image-378217\"\/><figcaption class=\"wp-element-caption\">\u00c9TABL. 1989<\/figcaption><\/figure>\n<\/div>\n\n\n\n<div class=\"wp-block-uagb-container uagb-block-63c58c49\">\n<p class=\"has-text-align-center has-custom-css has-seasons-font-family has-x-large-font-size wp-custom-css-fc89dcc0 wp-block-paragraph\">Chez Esp\u00edgul, nous vous accompagnons tout au long du processus de vente avec une strat\u00e9gie rigoureuse, une commercialisation efficace et un conseil de proximit\u00e9 hautement professionnel.<\/p>\n<\/div>\n<\/div><\/div>\n\n<div class=\"wp-block-uagb-container uagb-block-bef51601 alignfull uagb-is-root-container\"><div class=\"uagb-container-inner-blocks-wrap\">    <div>\n                <div class=\"proposta-grid proposta__item\">\n                            <div class=\"proposta__item__image\">\n                    <img decoding=\"async\" class=\"proposta-image\" src=\"https:\/\/www.espigul.com\/wp-content\/uploads\/2026\/09\/proposta-vender-1.jpg\" alt=\"\"\/>\n                <\/div>\n                        <div class=\"proposta__item__counter\">\n                <p>01<\/p>\n            <\/div>\n            <div class=\"proposta__item__title\">\n                                    <h2>Valoraci\u00f3n y estrategia de comercializaci\u00f3n<\/h2>\n                            <\/div>\n            <div class=\"proposta__item__subtitle\">\n                                    <p>Analizamos su propiedad y el mercado para definir el mejor posicionamiento y una estrategia de venta adaptada a su singularidad.<\/p>\n                            <\/div>\n                    <\/div>\n                <div class=\"proposta-grid proposta__item\">\n                            <div class=\"proposta__item__image\">\n                    <img decoding=\"async\" class=\"proposta-image\" src=\"https:\/\/www.espigul.com\/wp-content\/uploads\/2026\/09\/proposta-vender-2.jpg\" alt=\"\"\/>\n                <\/div>\n                        <div class=\"proposta__item__counter\">\n                <p>02<\/p>\n            <\/div>\n            <div class=\"proposta__item__title\">\n                                    <h2>Preparaci\u00f3n y producci\u00f3n comercial<\/h2>\n                            <\/div>\n            <div class=\"proposta__item__subtitle\">\n                                    <p>Preparamos cada detalle y creamos un material visual y comercial capaz de transmitir todo el valor del inmueble.<\/p>\n                            <\/div>\n                    <\/div>\n                <div class=\"proposta-grid proposta__item\">\n                            <div class=\"proposta__item__image\">\n                    <img decoding=\"async\" class=\"proposta-image\" src=\"https:\/\/www.espigul.com\/wp-content\/uploads\/2026\/09\/proposta-vender-3.jpg\" alt=\"\"\/>\n                <\/div>\n                        <div class=\"proposta__item__counter\">\n                <p>03<\/p>\n            <\/div>\n            <div class=\"proposta__item__title\">\n                                    <h2>Comercializaci\u00f3n y gesti\u00f3n de compradores<\/h2>\n                            <\/div>\n            <div class=\"proposta__item__subtitle\">\n                                    <p>Presentamos la propiedad a compradores cualificados, gestionando las visitas con criterio, discreci\u00f3n y eficiencia.<\/p>\n                            <\/div>\n                    <\/div>\n                <div class=\"proposta-grid proposta__item\">\n                            <div class=\"proposta__item__image\">\n                    <img decoding=\"async\" class=\"proposta-image\" src=\"https:\/\/www.espigul.com\/wp-content\/uploads\/2026\/09\/proposta-vender-4.jpg\" alt=\"\"\/>\n                <\/div>\n                        <div class=\"proposta__item__counter\">\n                <p>04<\/p>\n            <\/div>\n            <div class=\"proposta__item__title\">\n                                    <h2>Negociaci\u00f3n y cierre de la operaci\u00f3n<\/h2>\n                            <\/div>\n            <div class=\"proposta__item__subtitle\">\n                                    <p>Le acompa\u00f1amos durante toda la negociaci\u00f3n y coordinamos el proceso hasta la firma en notar\u00eda con total seguridad y tranquilidad.<\/p>\n                            <\/div>\n                    <\/div>\n            <\/div>\n    <\/div><\/div>\n\n<div class=\"wp-block-uagb-container uagb-layout-grid uagb-block-c18ca687 alignfull uagb-is-root-container\"><div class=\"uagb-container-inner-blocks-wrap\">\n<div class=\"wp-block-uagb-container uagb-block-44b943d5\">\n<figure class=\"wp-block-image size-full has-custom-css wp-custom-css-36d2cc4d\"><img loading=\"lazy\" decoding=\"async\" width=\"901\" height=\"926\" src=\"https:\/\/www.espigul.com\/wp-content\/uploads\/2026\/09\/vender-04.jpg\" alt=\"\" class=\"wp-image-477780\" srcset=\"https:\/\/www.espigul.com\/wp-content\/uploads\/2026\/09\/vender-04.jpg 901w, https:\/\/www.espigul.com\/wp-content\/uploads\/2026\/09\/vender-04-292x300.jpg 292w, https:\/\/www.espigul.com\/wp-content\/uploads\/2026\/09\/vender-04-768x789.jpg 768w\" sizes=\"auto, (max-width: 901px) 100vw, 901px\" \/><\/figure>\n<\/div>\n\n\n\n<div class=\"wp-block-uagb-container uagb-block-deec8124\">\n<p class=\"has-text-align-center has-small-font-size wp-block-paragraph\" style=\"margin-top:0;margin-bottom:0;text-transform:uppercase\">Marketing<\/p>\n\n\n\n<div class=\"wp-block-uagb-container uagb-block-704d5049\">\n<h2 class=\"wp-block-heading has-text-align-center has-2-x-large-font-size\">Gr\u00e2ce au marketing, nous cr\u00e9ons une connexion avec ceux qui recherchent des espaces uniques pour vivre des moments extraordinaires.<\/h2>\n<\/div>\n\n\n\n<figure class=\"wp-block-image aligncenter size-full\" style=\"margin-top:0;margin-bottom:var(--wp--preset--spacing--80)\"><img loading=\"lazy\" decoding=\"async\" width=\"486\" height=\"358\" src=\"https:\/\/www.espigul.com\/wp-content\/uploads\/2026\/09\/vender-05.jpg\" alt=\"\" class=\"wp-image-477781\" srcset=\"https:\/\/www.espigul.com\/wp-content\/uploads\/2026\/09\/vender-05.jpg 486w, https:\/\/www.espigul.com\/wp-content\/uploads\/2026\/09\/vender-05-400x295.jpg 400w\" sizes=\"auto, (max-width: 486px) 100vw, 486px\" \/><\/figure>\n\n\n\n<p class=\"has-text-align-center wp-block-paragraph\">Transmettre la valeur au-del\u00e0 <br\/>de la propri\u00e9t\u00e9<\/p>\n<\/div>\n<\/div><\/div>\n\n<div class=\"wp-block-uagb-container uagb-block-6b4e19e1 alignfull uagb-is-root-container\"><div class=\"uagb-container-inner-blocks-wrap\">\n<div class=\"wp-block-uagb-container uagb-block-01c71d9e\">\n<h2 class=\"wp-block-heading has-3-x-large-font-size\">Une \u00e9quipe marketing d\u00e9di\u00e9e \u00e0 maximiser la valeur de votre propri\u00e9t\u00e9<\/h2>\n<\/div>\n\n\n\n<div class=\"wp-block-uagb-container uagb-block-b5fcbd91\"><\/div>\n<\/div><\/div>\n\n<div class=\"wp-block-uagb-container uagb-layout-grid uagb-block-9c0a354d alignfull uagb-is-root-container\"><div class=\"uagb-container-inner-blocks-wrap\">\n<div class=\"wp-block-uagb-container uagb-block-bb5f0743\">\n<figure class=\"wp-block-image size-full\"><img loading=\"lazy\" decoding=\"async\" width=\"815\" height=\"604\" src=\"https:\/\/www.espigul.com\/wp-content\/uploads\/2026\/09\/vender-06.jpg\" alt=\"\" class=\"wp-image-477782\" srcset=\"https:\/\/www.espigul.com\/wp-content\/uploads\/2026\/09\/vender-06.jpg 815w, https:\/\/www.espigul.com\/wp-content\/uploads\/2026\/09\/vender-06-400x296.jpg 400w, https:\/\/www.espigul.com\/wp-content\/uploads\/2026\/09\/vender-06-768x569.jpg 768w\" sizes=\"auto, (max-width: 815px) 100vw, 815px\" \/><\/figure>\n<\/div>\n\n\n\n<div class=\"wp-block-uagb-container uagb-block-f8310860\">\n<p class=\"has-small-font-size wp-block-paragraph\">ESP\u00cdGUL REAL ESTATE GROUP<\/p>\n\n\n\n<p class=\"has-seasons-font-family wp-block-paragraph\">Chez Esp\u00edgul Real Estate, nous ne nous contentons pas de publier des annonces sur les portails immobiliers. Nous disposons d\u2019une \u00e9quipe marketing sp\u00e9cialis\u00e9e qui \u00e9labore des strat\u00e9gies personnalis\u00e9es pour chaque bien, afin de le positionner aupr\u00e8s de l\u2019acheteur id\u00e9al et d\u2019en maximiser la valeur sur le march\u00e9. Nous analysons chaque propri\u00e9t\u00e9 de mani\u00e8re strat\u00e9gique et concevons un plan marketing sp\u00e9cifique alliant cr\u00e9ativit\u00e9, technologie et donn\u00e9es pour obtenir la meilleure visibilit\u00e9 possible.  <\/p>\n\n\n\n<p class=\"has-seasons-font-family wp-block-paragraph\">Nous utilisons des outils avanc\u00e9s et l\u2019intelligence artificielle pour dynamiser la commercialisation de chaque actif. Gr\u00e2ce \u00e0 l\u2019automatisation et \u00e0 l\u2019analyse de donn\u00e9es, nous identifions les profils d\u2019acheteurs potentiels, optimisons la diffusion des annonces et ajustons les campagnes en temps r\u00e9el pour atteindre ceux qui recherchent r\u00e9ellement un bien comme le v\u00f4tre. Cela nous permet d\u2019acc\u00e9l\u00e9rer les processus de vente, de prioriser les opportunit\u00e9s r\u00e9elles et de prendre des d\u00e9cisions fond\u00e9es sur les donn\u00e9es, maximisant ainsi l\u2019impact de chaque action marketing.  <\/p>\n<\/div>\n\n\n\n<div class=\"wp-block-uagb-container uagb-block-9698a9da\">\n<figure class=\"wp-block-image alignright size-full is-resized\"><img loading=\"lazy\" decoding=\"async\" width=\"659\" height=\"751\" src=\"https:\/\/www.espigul.com\/wp-content\/uploads\/2026\/09\/vender-07.jpg\" alt=\"\" class=\"wp-image-477783\" style=\"width:321px\" srcset=\"https:\/\/www.espigul.com\/wp-content\/uploads\/2026\/09\/vender-07.jpg 659w, https:\/\/www.espigul.com\/wp-content\/uploads\/2026\/09\/vender-07-263x300.jpg 263w\" sizes=\"auto, (max-width: 659px) 100vw, 659px\" \/><\/figure>\n<\/div>\n<\/div><\/div>\n\n<div class=\"wp-block-uagb-container uagb-layout-grid uagb-block-b4775ceb alignfull uagb-is-root-container\"><div class=\"uagb-container-inner-blocks-wrap\">\n<div class=\"wp-block-uagb-container uagb-block-7f1e8019\">\n<figure class=\"wp-block-image size-full\"><img loading=\"lazy\" decoding=\"async\" width=\"321\" height=\"399\" src=\"https:\/\/www.espigul.com\/wp-content\/uploads\/2026\/09\/vender-08.jpg\" alt=\"\" class=\"wp-image-477784\" srcset=\"https:\/\/www.espigul.com\/wp-content\/uploads\/2026\/09\/vender-08.jpg 321w, https:\/\/www.espigul.com\/wp-content\/uploads\/2026\/09\/vender-08-241x300.jpg 241w\" sizes=\"auto, (max-width: 321px) 100vw, 321px\" \/><\/figure>\n<\/div>\n\n\n\n<div class=\"wp-block-uagb-container uagb-block-886294ae\"><\/div>\n\n\n\n<div class=\"wp-block-uagb-container uagb-block-6e4fa4da\"><\/div>\n\n\n\n<div class=\"wp-block-uagb-container uagb-block-9c855cfd\"><\/div>\n<\/div><\/div>\n\n<div class=\"wp-block-uagb-container uagb-block-c2c219bd alignfull uagb-is-root-container\"><div class=\"uagb-container-inner-blocks-wrap\">\n<div class=\"wp-block-uagb-container uagb-block-c55d4507\">\n<p class=\"has-text-align-center has-small-font-size wp-block-paragraph\" style=\"text-transform:uppercase\">Reportages<\/p>\n\n\n\n<h2 class=\"wp-block-heading has-text-align-center\">Pionniers de l\u2019innovation technologique, nous disposons de notre propre \u00e9quipe photographique hautement sp\u00e9cialis\u00e9e qui garantit qualit\u00e9, cr\u00e9ativit\u00e9 et contr\u00f4le sur chaque projet.<\/h2>\n<\/div>\n\n\n<div class=\"publicacions publicacions-masonry\">\n    <div class=\"publicacions-masonry__item publicacions-masonry__item--1\">\n    <div class=\"js-player\">\n        <iframe loading=\"lazy\" title=\"Vivienda en el coraz\u00f3n del Quadrat d&amp;apos;Or de la Dreta de l&amp;apos;Eixample\" width=\"563\" height=\"1000\" src=\"https:\/\/www.youtube.com\/embed\/n5v4o5hNlzY?feature=oembed\" frameborder=\"0\" allow=\"accelerometer; autoplay; clipboard-write; encrypted-media; gyroscope; picture-in-picture; web-share\" referrerpolicy=\"strict-origin-when-cross-origin\" allowfullscreen><\/iframe>    <\/div>\n<\/div>\n<div class=\"publicacions-masonry__item publicacions-masonry__item--2\">\n    <div class=\"js-player\">\n        <iframe loading=\"lazy\" title=\"En Sant Andreu de Llavaneres, el conjunto residencial m\u00e1s exclusivo de la costa.\" width=\"563\" height=\"1000\" src=\"https:\/\/www.youtube.com\/embed\/Ui5bNMCm8tA?feature=oembed\" frameborder=\"0\" allow=\"accelerometer; autoplay; clipboard-write; encrypted-media; gyroscope; picture-in-picture; web-share\" referrerpolicy=\"strict-origin-when-cross-origin\" allowfullscreen><\/iframe>    <\/div>\n<\/div>\n<div class=\"publicacions-masonry__item publicacions-masonry__item--3\">\n    <div class=\"js-player\">\n        <iframe loading=\"lazy\" title=\"Vivienda en planta alta en la Antiga Esquerra de l&amp;apos;Eixample\" width=\"563\" height=\"1000\" src=\"https:\/\/www.youtube.com\/embed\/nIkOpBfCjgg?feature=oembed\" frameborder=\"0\" allow=\"accelerometer; autoplay; clipboard-write; encrypted-media; gyroscope; picture-in-picture; web-share\" referrerpolicy=\"strict-origin-when-cross-origin\" allowfullscreen><\/iframe>    <\/div>\n<\/div>\n<div class=\"publicacions-masonry__item publicacions-masonry__item--4\">\n    <div class=\"js-player\">\n        <iframe loading=\"lazy\" title=\"Habitatge a Tei\u00e0 per a qui busca privacitat, amplitud i una manera de viure connectada amb l&amp;apos;entorn\" width=\"563\" height=\"1000\" src=\"https:\/\/www.youtube.com\/embed\/dWaJZwWwM1o?feature=oembed\" frameborder=\"0\" allow=\"accelerometer; autoplay; clipboard-write; encrypted-media; gyroscope; picture-in-picture; web-share\" referrerpolicy=\"strict-origin-when-cross-origin\" allowfullscreen><\/iframe>    <\/div>\n<\/div>\n<div class=\"publicacions-masonry__item publicacions-masonry__item--5\">\n    <div class=\"js-player\">\n        <iframe loading=\"lazy\" title=\"Piso de obra nueva con vistas al mar y a la monta\u00f1a, en Sant Andreu de Llavaneres.\" width=\"563\" height=\"1000\" src=\"https:\/\/www.youtube.com\/embed\/popwivVj7Qs?feature=oembed\" frameborder=\"0\" allow=\"accelerometer; autoplay; clipboard-write; encrypted-media; gyroscope; picture-in-picture; web-share\" referrerpolicy=\"strict-origin-when-cross-origin\" allowfullscreen><\/iframe>    <\/div>\n<\/div>\n<div class=\"publicacions-masonry__item publicacions-masonry__item--6\">\n    <div class=\"js-player\">\n        <iframe loading=\"lazy\" title=\"Una de les cases m\u00e9s emblem\u00e0tiques de Sant Cugat\" width=\"563\" height=\"1000\" src=\"https:\/\/www.youtube.com\/embed\/b6DCusNRWPE?feature=oembed\" frameborder=\"0\" allow=\"accelerometer; autoplay; clipboard-write; encrypted-media; gyroscope; picture-in-picture; web-share\" referrerpolicy=\"strict-origin-when-cross-origin\" allowfullscreen><\/iframe>    <\/div>\n<\/div>\n<div class=\"publicacions-masonry__item publicacions-masonry__item--7\">\n    <div class=\"js-player\">\n        <iframe loading=\"lazy\" title=\"\u00c1tico excepcional de 256 m\u00b2, completamente reformado, en Passeig de Gr\u00e0cia\" width=\"563\" height=\"1000\" src=\"https:\/\/www.youtube.com\/embed\/B6y0Oo4KXe0?feature=oembed\" frameborder=\"0\" allow=\"accelerometer; autoplay; clipboard-write; encrypted-media; gyroscope; picture-in-picture; web-share\" referrerpolicy=\"strict-origin-when-cross-origin\" allowfullscreen><\/iframe>    <\/div>\n<\/div>\n<\/div>\n\n<script>\n    document.addEventListener('DOMContentLoaded', () => {\n        if (typeof Swiper !== 'undefined') {\n            document.querySelectorAll('.publicacions-slider.swiper').forEach((el) => {\n                new Swiper(el, {\n                    slidesPerView: 1.25,\n                    spaceBetween: 16,\n                    grabCursor: true,\n                    freeMode: {\n                        enabled: true,\n                    },\n                    allowTouchMove: true,\n                    simulateTouch: true,\n                    mousewheel: false,\n                    breakpoints: {\n                        768: {\n                            slidesPerView: 2\n                        },\n                        1024: {\n                            slidesPerView: 3\n                        }\n                    }\n                });\n            });\n        }\n\n        if (typeof Plyr !== 'undefined') {\n            Plyr.setup('.js-player', {\n                controls: ['play'],\n                youtube: {\n                    controls: 0,\n                    modestbranding: 1,\n                    rel: 0,\n                    showinfo: 0,\n                    iv_load_policy: 3,\n                }\n            });\n        }\n\n        document.querySelectorAll('.plyr__video-wrapper').forEach((wrapper) => {\n            wrapper.addEventListener('click', (e) => {\n                e.stopPropagation();\n                e.preventDefault();\n            });\n        });\n    });\n<\/script>\n<\/div><\/div>\n\n<div class=\"wp-block-uagb-container uagb-block-4c2b176e alignfull uagb-is-root-container\"><div class=\"uagb-container-inner-blocks-wrap\">\n<div class=\"wp-block-uagb-container uagb-block-2f6a57fe\"><\/div>\n\n\n\n<div class=\"wp-block-uagb-container uagb-block-25159ba8\">\n<div class=\"wp-block-uagb-container uagb-block-13e01428\">\n<h2 class=\"wp-block-heading has-4-x-large-font-size\">Chez Esp\u00edgul, nous soignons chaque d\u00e9tail pour transmettre non seulement l\u2019aspect d\u2019une propri\u00e9t\u00e9, mais aussi l\u2019\u00e9motion qu\u2019elle d\u00e9gage.<\/h2>\n<\/div>\n\n\n\n<div class=\"wp-block-uagb-container uagb-layout-grid uagb-block-0cbbe019\">\n<div class=\"wp-block-uagb-container uagb-block-a0b021af\">\n<p class=\"has-seasons-font-family wp-block-paragraph\">Afin d\u2019am\u00e9liorer la visibilit\u00e9 de toutes les propri\u00e9t\u00e9s, de les rendre plus attractives et d\u2019accro\u00eetre leur capacit\u00e9 \u00e0 capter des acheteurs qualifi\u00e9s, nous disposons d\u2019une \u00e9quipe audiovisuelle interne sp\u00e9cialis\u00e9e en photographie et vid\u00e9o immobili\u00e8re. Nous combinons photographie professionnelle, vid\u00e9o et \u00e9dition d\u2019image avanc\u00e9e pour cr\u00e9er des reportages de haute qualit\u00e9. <\/p>\n\n\n\n<p class=\"has-seasons-font-family wp-block-paragraph\">Nous int\u00e9grons la technologie et l\u2019intelligence artificielle dans nos processus pour optimiser la pr\u00e9sentation de chaque propri\u00e9t\u00e9 et augmenter son impact sur les portails immobiliers. Nous int\u00e9grons la technologie et l\u2019intelligence artificielle dans nos processus pour optimiser la pr\u00e9sentation de chaque propri\u00e9t\u00e9 et augmenter son impact sur les portails immobiliers. <\/p>\n<\/div>\n\n\n\n<div class=\"wp-block-uagb-container uagb-block-c229a494\">\n<p class=\"has-seasons-font-family wp-block-paragraph\">Gr\u00e2ce \u00e0 une communication soign\u00e9e et segment\u00e9e, nous donnons de la visibilit\u00e9 aux nouveaut\u00e9s de notre site, dont votre propri\u00e9t\u00e9, via des stories, des vid\u00e9os et des publications sur notre profil corporatif ainsi que sur nos comptes satellites diff\u00e9renci\u00e9s par zone g\u00e9ographique et agence Esp\u00edgul (G\u00e9rone, int\u00e9gr\u00e9e au compte principal, Costa Brava, Barcelone, Pyr\u00e9n\u00e9es et Madrid), maximisant ainsi sa port\u00e9e et son positionnement sur le march\u00e9 immobilier de prestige.<\/p>\n\n\n\n<p class=\"has-seasons-font-family wp-block-paragraph\">Nos visites mensuelles atteignent une moyenne de 289,3 mille vues, une audience qui consolide notre visibilit\u00e9 num\u00e9rique et renforce la commercialisation de chaque propri\u00e9t\u00e9, garantissant une exposition optimale devant un public rigoureusement s\u00e9lectionn\u00e9.<\/p>\n<\/div>\n<\/div>\n<\/div>\n<\/div><\/div>\n","protected":false},"excerpt":{"rendered":"<p>Esp\u00edgul Real Estate Group Nous vendons votre propri\u00e9t\u00e9 gr\u00e2ce \u00e0 une strat\u00e9gie soign\u00e9e de bout en bout Chez Esp\u00edgul, nous vous accompagnons tout au long du processus de vente avec une strat\u00e9gie rigoureuse, une commercialisation efficace et un conseil de proximit\u00e9 hautement professionnel. Marketing Gr\u00e2ce au marketing, nous cr\u00e9ons une connexion avec ceux qui recherchent&#8230;<\/p>\n","protected":false},"author":2,"featured_media":0,"parent":0,"menu_order":0,"comment_status":"closed","ping_status":"closed","template":"","meta":{"_acf_changed":false,"_uag_custom_page_level_css":"","footnotes":""},"class_list":["post-479647","page","type-page","status-publish","hentry"],"acf":[],"yoast_head":"<!-- This site is optimized with the Yoast SEO plugin v28.4 - https:\/\/yoast.com\/product\/yoast-seo-wordpress\/ -->\n<title>Vendre - Esp\u00edgul<\/title>\n<meta name=\"robots\" content=\"index, follow, max-snippet:-1, max-image-preview:large, max-video-preview:-1\" \/>\n<link rel=\"canonical\" href=\"https:\/\/www.espigul.com\/fr\/vendre-3\/\" \/>\n<meta property=\"og:locale\" content=\"fr_FR\" \/>\n<meta property=\"og:type\" content=\"article\" \/>\n<meta property=\"og:title\" content=\"Vendre - Esp\u00edgul\" \/>\n<meta property=\"og:description\" content=\"Esp\u00edgul Real Estate Group Nous vendons votre propri\u00e9t\u00e9 gr\u00e2ce \u00e0 une strat\u00e9gie soign\u00e9e de bout en bout Chez Esp\u00edgul, nous vous accompagnons tout au long du processus de vente avec une strat\u00e9gie rigoureuse, une commercialisation efficace et un conseil de proximit\u00e9 hautement professionnel. Marketing Gr\u00e2ce au marketing, nous cr\u00e9ons une connexion avec ceux qui recherchent...\" \/>\n<meta property=\"og:url\" content=\"https:\/\/www.espigul.com\/fr\/vendre-3\/\" \/>\n<meta property=\"og:site_name\" content=\"Esp\u00edgul\" \/>\n<meta property=\"article:modified_time\" content=\"2026-09-03T11:53:17+00:00\" \/>\n<meta property=\"og:image\" content=\"https:\/\/staging.espigul.com\/wp-content\/uploads\/2026\/08\/vender-1.jpg\" \/>\n<meta name=\"twitter:card\" content=\"summary_large_image\" \/>\n<meta name=\"twitter:label1\" content=\"Dur\u00e9e de lecture estim\u00e9e\" \/>\n\t<meta name=\"twitter:data1\" content=\"3 minutes\" \/>\n<script type=\"application\/ld+json\" class=\"yoast-schema-graph\">{\"@context\":\"https:\\\/\\\/schema.org\",\"@graph\":[{\"@type\":\"WebPage\",\"@id\":\"https:\\\/\\\/www.espigul.com\\\/fr\\\/vendre-3\\\/\",\"url\":\"https:\\\/\\\/www.espigul.com\\\/fr\\\/vendre-3\\\/\",\"name\":\"Vendre - Esp\u00edgul\",\"isPartOf\":{\"@id\":\"https:\\\/\\\/www.espigul.com\\\/fr\\\/#website\"},\"primaryImageOfPage\":{\"@id\":\"https:\\\/\\\/www.espigul.com\\\/fr\\\/vendre-3\\\/#primaryimage\"},\"image\":{\"@id\":\"https:\\\/\\\/www.espigul.com\\\/fr\\\/vendre-3\\\/#primaryimage\"},\"thumbnailUrl\":\"https:\\\/\\\/staging.espigul.com\\\/wp-content\\\/uploads\\\/2026\\\/08\\\/vender-1.jpg\",\"datePublished\":\"2026-09-03T08:56:56+00:00\",\"dateModified\":\"2026-09-03T11:53:17+00:00\",\"breadcrumb\":{\"@id\":\"https:\\\/\\\/www.espigul.com\\\/fr\\\/vendre-3\\\/#breadcrumb\"},\"inLanguage\":\"fr-FR\",\"potentialAction\":[{\"@type\":\"ReadAction\",\"target\":[\"https:\\\/\\\/www.espigul.com\\\/fr\\\/vendre-3\\\/\"]}]},{\"@type\":\"ImageObject\",\"inLanguage\":\"fr-FR\",\"@id\":\"https:\\\/\\\/www.espigul.com\\\/fr\\\/vendre-3\\\/#primaryimage\",\"url\":\"https:\\\/\\\/staging.espigul.com\\\/wp-content\\\/uploads\\\/2026\\\/08\\\/vender-1.jpg\",\"contentUrl\":\"https:\\\/\\\/staging.espigul.com\\\/wp-content\\\/uploads\\\/2026\\\/08\\\/vender-1.jpg\"},{\"@type\":\"BreadcrumbList\",\"@id\":\"https:\\\/\\\/www.espigul.com\\\/fr\\\/vendre-3\\\/#breadcrumb\",\"itemListElement\":[{\"@type\":\"ListItem\",\"position\":1,\"name\":\"Inici\",\"item\":\"https:\\\/\\\/www.espigul.com\\\/fr\\\/accueil-2\\\/\"},{\"@type\":\"ListItem\",\"position\":2,\"name\":\"Vendre\"}]},{\"@type\":\"WebSite\",\"@id\":\"https:\\\/\\\/www.espigul.com\\\/fr\\\/#website\",\"url\":\"https:\\\/\\\/www.espigul.com\\\/fr\\\/\",\"name\":\"Esp\u00edgul\",\"description\":\"La immobili\u00e0ria l\u00edder de Girona\",\"publisher\":{\"@id\":\"https:\\\/\\\/www.espigul.com\\\/fr\\\/#organization\"},\"potentialAction\":[{\"@type\":\"SearchAction\",\"target\":{\"@type\":\"EntryPoint\",\"urlTemplate\":\"https:\\\/\\\/www.espigul.com\\\/fr\\\/?s={search_term_string}\"},\"query-input\":{\"@type\":\"PropertyValueSpecification\",\"valueRequired\":true,\"valueName\":\"search_term_string\"}}],\"inLanguage\":\"fr-FR\"},{\"@type\":\"Organization\",\"@id\":\"https:\\\/\\\/www.espigul.com\\\/fr\\\/#organization\",\"name\":\"Esp\u00edgul\",\"url\":\"https:\\\/\\\/www.espigul.com\\\/fr\\\/\",\"logo\":{\"@type\":\"ImageObject\",\"inLanguage\":\"fr-FR\",\"@id\":\"https:\\\/\\\/www.espigul.com\\\/fr\\\/#\\\/schema\\\/logo\\\/image\\\/\",\"url\":\"https:\\\/\\\/www.espigul.com\\\/wp-content\\\/uploads\\\/2023\\\/08\\\/espigul-block.png\",\"contentUrl\":\"https:\\\/\\\/www.espigul.com\\\/wp-content\\\/uploads\\\/2023\\\/08\\\/espigul-block.png\",\"width\":384,\"height\":240,\"caption\":\"Esp\u00edgul\"},\"image\":{\"@id\":\"https:\\\/\\\/www.espigul.com\\\/fr\\\/#\\\/schema\\\/logo\\\/image\\\/\"},\"sameAs\":[\"https:\\\/\\\/www.instagram.com\\\/immoespigul\\\/\",\"https:\\\/\\\/www.youtube.com\\\/channel\\\/UCYyD-WWfbCFpCXau4SQOGKQ\"]}]}<\/script>\n<!-- \/ Yoast SEO plugin. -->","yoast_head_json":{"title":"Vendre - Esp\u00edgul","robots":{"index":"index","follow":"follow","max-snippet":"max-snippet:-1","max-image-preview":"max-image-preview:large","max-video-preview":"max-video-preview:-1"},"canonical":"https:\/\/www.espigul.com\/fr\/vendre-3\/","og_locale":"fr_FR","og_type":"article","og_title":"Vendre - Esp\u00edgul","og_description":"Esp\u00edgul Real Estate Group Nous vendons votre propri\u00e9t\u00e9 gr\u00e2ce \u00e0 une strat\u00e9gie soign\u00e9e de bout en bout Chez Esp\u00edgul, nous vous accompagnons tout au long du processus de vente avec une strat\u00e9gie rigoureuse, une commercialisation efficace et un conseil de proximit\u00e9 hautement professionnel. Marketing Gr\u00e2ce au marketing, nous cr\u00e9ons une connexion avec ceux qui recherchent...","og_url":"https:\/\/www.espigul.com\/fr\/vendre-3\/","og_site_name":"Esp\u00edgul","article_modified_time":"2026-09-03T11:53:17+00:00","og_image":[{"url":"https:\/\/staging.espigul.com\/wp-content\/uploads\/2026\/08\/vender-1.jpg","type":"","width":"","height":""}],"twitter_card":"summary_large_image","twitter_misc":{"Dur\u00e9e de lecture estim\u00e9e":"3 minutes"},"schema":{"@context":"https:\/\/schema.org","@graph":[{"@type":"WebPage","@id":"https:\/\/www.espigul.com\/fr\/vendre-3\/","url":"https:\/\/www.espigul.com\/fr\/vendre-3\/","name":"Vendre - Esp\u00edgul","isPartOf":{"@id":"https:\/\/www.espigul.com\/fr\/#website"},"primaryImageOfPage":{"@id":"https:\/\/www.espigul.com\/fr\/vendre-3\/#primaryimage"},"image":{"@id":"https:\/\/www.espigul.com\/fr\/vendre-3\/#primaryimage"},"thumbnailUrl":"https:\/\/staging.espigul.com\/wp-content\/uploads\/2026\/08\/vender-1.jpg","datePublished":"2026-09-03T08:56:56+00:00","dateModified":"2026-09-03T11:53:17+00:00","breadcrumb":{"@id":"https:\/\/www.espigul.com\/fr\/vendre-3\/#breadcrumb"},"inLanguage":"fr-FR","potentialAction":[{"@type":"ReadAction","target":["https:\/\/www.espigul.com\/fr\/vendre-3\/"]}]},{"@type":"ImageObject","inLanguage":"fr-FR","@id":"https:\/\/www.espigul.com\/fr\/vendre-3\/#primaryimage","url":"https:\/\/staging.espigul.com\/wp-content\/uploads\/2026\/08\/vender-1.jpg","contentUrl":"https:\/\/staging.espigul.com\/wp-content\/uploads\/2026\/08\/vender-1.jpg"},{"@type":"BreadcrumbList","@id":"https:\/\/www.espigul.com\/fr\/vendre-3\/#breadcrumb","itemListElement":[{"@type":"ListItem","position":1,"name":"Inici","item":"https:\/\/www.espigul.com\/fr\/accueil-2\/"},{"@type":"ListItem","position":2,"name":"Vendre"}]},{"@type":"WebSite","@id":"https:\/\/www.espigul.com\/fr\/#website","url":"https:\/\/www.espigul.com\/fr\/","name":"Esp\u00edgul","description":"La immobili\u00e0ria l\u00edder de Girona","publisher":{"@id":"https:\/\/www.espigul.com\/fr\/#organization"},"potentialAction":[{"@type":"SearchAction","target":{"@type":"EntryPoint","urlTemplate":"https:\/\/www.espigul.com\/fr\/?s={search_term_string}"},"query-input":{"@type":"PropertyValueSpecification","valueRequired":true,"valueName":"search_term_string"}}],"inLanguage":"fr-FR"},{"@type":"Organization","@id":"https:\/\/www.espigul.com\/fr\/#organization","name":"Esp\u00edgul","url":"https:\/\/www.espigul.com\/fr\/","logo":{"@type":"ImageObject","inLanguage":"fr-FR","@id":"https:\/\/www.espigul.com\/fr\/#\/schema\/logo\/image\/","url":"https:\/\/www.espigul.com\/wp-content\/uploads\/2023\/08\/espigul-block.png","contentUrl":"https:\/\/www.espigul.com\/wp-content\/uploads\/2023\/08\/espigul-block.png","width":384,"height":240,"caption":"Esp\u00edgul"},"image":{"@id":"https:\/\/www.espigul.com\/fr\/#\/schema\/logo\/image\/"},"sameAs":["https:\/\/www.instagram.com\/immoespigul\/","https:\/\/www.youtube.com\/channel\/UCYyD-WWfbCFpCXau4SQOGKQ"]}]}},"uagb_featured_image_src":{"full":false,"thumbnail":false,"medium":false,"medium_large":false,"large":false,"1536x1536":false,"2048x2048":false,"gform-image-choice-sm":false,"gform-image-choice-md":false,"gform-image-choice-lg":false},"uagb_author_info":{"display_name":"Anna Ramon","author_link":"https:\/\/www.espigul.com\/fr\/author\/anna-ramon\/"},"uagb_comment_info":0,"uagb_excerpt":"Esp\u00edgul Real Estate Group Nous vendons votre propri\u00e9t\u00e9 gr\u00e2ce \u00e0 une strat\u00e9gie soign\u00e9e de bout en bout Chez Esp\u00edgul, nous vous accompagnons tout au long du processus de vente avec une strat\u00e9gie rigoureuse, une commercialisation efficace et un conseil de proximit\u00e9 hautement professionnel. Marketing Gr\u00e2ce au marketing, nous cr\u00e9ons une connexion avec ceux qui recherchent...","_links":{"self":[{"href":"https:\/\/www.espigul.com\/fr\/wp-json\/wp\/v2\/pages\/479647","targetHints":{"allow":["GET"]}}],"collection":[{"href":"https:\/\/www.espigul.com\/fr\/wp-json\/wp\/v2\/pages"}],"about":[{"href":"https:\/\/www.espigul.com\/fr\/wp-json\/wp\/v2\/types\/page"}],"author":[{"embeddable":true,"href":"https:\/\/www.espigul.com\/fr\/wp-json\/wp\/v2\/users\/2"}],"replies":[{"embeddable":true,"href":"https:\/\/www.espigul.com\/fr\/wp-json\/wp\/v2\/comments?post=479647"}],"version-history":[{"count":2,"href":"https:\/\/www.espigul.com\/fr\/wp-json\/wp\/v2\/pages\/479647\/revisions"}],"predecessor-version":[{"id":479658,"href":"https:\/\/www.espigul.com\/fr\/wp-json\/wp\/v2\/pages\/479647\/revisions\/479658"}],"wp:attachment":[{"href":"https:\/\/www.espigul.com\/fr\/wp-json\/wp\/v2\/media?parent=479647"}],"curies":[{"name":"wp","href":"https:\/\/api.w.org\/{rel}","templated":true}]}}