{"id":391974,"date":"2026-04-13T12:21:49","date_gmt":"2026-04-13T10:21:49","guid":{"rendered":"https:\/\/www.espigul.com\/solution-immobiliere-a-salamanque\/"},"modified":"2026-04-21T11:58:39","modified_gmt":"2026-04-21T09:58:39","slug":"solution-immobiliere-a-salamanque","status":"publish","type":"page","link":"https:\/\/www.espigul.com\/fr\/solution-immobiliere-a-salamanque\/","title":{"rendered":"Solution immobili\u00e8re \u00e0 Salamanque"},"content":{"rendered":"\n<div class=\"wp-block-uagb-container uagb-block-26595532 alignfull uagb-is-root-container\"><div class=\"uagb-container-inner-blocks-wrap\">\n<h1 class=\"wp-block-heading has-text-align-center has-white-color has-text-color has-link-color wp-elements-3f7f32304b3edc7ba0879a754a082fcd\">Solution immobili\u00e8re \u00e0 Salamanque<\/h1>\n<\/div><\/div>\n\n<div class=\"wp-block-uagb-container uagb-block-4c9a9039 alignwide uagb-is-root-container\">\n<div class=\"wp-block-uagb-container uagb-block-6f86501d\">\n<p class=\"has-text-align-center has-medium-font-size\">Trouver une <strong>solution immobili\u00e8re \u00e0 Salamanque<\/strong> qui s&rsquo;adapte r\u00e9ellement \u00e0 vos besoins n&rsquo;est pas toujours facile. Que vous souhaitiez acheter, vendre ou investir dans l&rsquo;un des quartiers les plus exclusifs de Madrid, faire appel \u00e0 une agence immobili\u00e8re exp\u00e9riment\u00e9e et connaissant le march\u00e9 est essentiel pour prendre des d\u00e9cisions \u00e9clair\u00e9es. <\/p>\n\n\n\n<p class=\"has-text-align-center has-medium-font-size\">Chez Esp\u00edgul, nous travaillons pour que chaque op\u00e9ration soit claire, s\u00e9curis\u00e9e et align\u00e9e avec vos objectifs, en offrant un service complet et personnalis\u00e9 dans l&rsquo;une des zones les plus recherch\u00e9es et valoris\u00e9es du march\u00e9 immobilier.<\/p>\n<\/div>\n<\/div>\n\n<div class=\"wp-block-uagb-container uagb-block-e10f2f60 alignfull uagb-is-root-container\"><div class=\"uagb-container-inner-blocks-wrap\">\n<div class=\"wp-block-uagb-advanced-heading uagb-block-532832d4\"><h2 class=\"uagb-heading-text\">Biens immobiliers phares \u00e0 Madrid<\/h2><\/div>\n\n\n<div class=\"espigul-slider wp-block-espigul-espigul-slider\">\n\t<div id=\"carousel-5850247\" class=\"splide\">\n\t\t<div class=\"splide__track\">\n\t\t\t<ul class=\"splide__list\">\n\t\t\t\t\t\t\t\t<li class=\"splide__slide\">\n\t\t\t\t\t<div class=\"espigul-house__item cursor-pointer\" onClick=\"window.location.assign('https:\/\/www.espigul.com\/fr\/immobles\/appartement-a-vendre-renove-et-meuble-dans-immeuble-classique-justicia\/');\">\n\t<div class=\"espigul-house__item__gallery espigul-house__item__photo\" x-data=\"{ active : 0, total: 3 }\">\n\t\t\t\t<ul class=\"espigul-house__item__gallery__items\">\n\t\t\t\t\t\t\t<li class=\"espigul-house__item__gallery__items__item\" x-bind:class=\"0 == active ? 'espigul-house__item__gallery__items__item--active': ''\">\n\t\t\t\t\t<img decoding=\"async\" src=\"https:\/\/www.espigul.com\/wp-content\/uploads\/2026\/04\/piso-en-venta-reformado-y-amueblado-en-finca-clasica-justicia-25940121-1300x998.webp\" alt=\"Appartement \u00e0 vendre r\u00e9nov\u00e9 et meubl\u00e9 dans immeuble classique, Justicia\" loading=\"lazy\" width=\"100%\" height=\"auto\">\n\t\t\t\t<\/li>\n\t\t\t\t\t\t\t<li class=\"espigul-house__item__gallery__items__item\" x-bind:class=\"1 == active ? 'espigul-house__item__gallery__items__item--active': ''\">\n\t\t\t\t\t<img decoding=\"async\" src=\"https:\/\/www.espigul.com\/wp-content\/uploads\/2026\/04\/piso-en-venta-reformado-y-amueblado-en-finca-clasica-justicia-25940129-1300x938.webp\" alt=\"Appartement \u00e0 vendre r\u00e9nov\u00e9 et meubl\u00e9 dans immeuble classique, Justicia\" loading=\"lazy\" width=\"100%\" height=\"auto\">\n\t\t\t\t<\/li>\n\t\t\t\t\t\t\t<li class=\"espigul-house__item__gallery__items__item\" x-bind:class=\"2 == active ? 'espigul-house__item__gallery__items__item--active': ''\">\n\t\t\t\t\t<img decoding=\"async\" src=\"https:\/\/www.espigul.com\/wp-content\/uploads\/2026\/04\/piso-en-venta-reformado-y-amueblado-en-finca-clasica-justicia-25940081-1300x868.webp\" alt=\"Appartement \u00e0 vendre r\u00e9nov\u00e9 et meubl\u00e9 dans immeuble classique, Justicia\" loading=\"lazy\" width=\"100%\" height=\"auto\">\n\t\t\t\t<\/li>\n\t\t\t\t\t<\/ul>\n\t\t<ul class=\"espigul-house__item__gallery__dots\">\n\t\t\t\t\t\t\t<li class=\"espigul-house__item__gallery__dots__item\" x-bind:class=\"0 == active ? 'espigul-house__item__gallery__dots__item--active': ''\">\n\t\t\t\t<\/li>\n\t\t\t\t\t\t\t<li class=\"espigul-house__item__gallery__dots__item\" x-bind:class=\"1 == active ? 'espigul-house__item__gallery__dots__item--active': ''\">\n\t\t\t\t<\/li>\n\t\t\t\t\t\t\t<li class=\"espigul-house__item__gallery__dots__item\" x-bind:class=\"2 == active ? 'espigul-house__item__gallery__dots__item--active': ''\">\n\t\t\t\t<\/li>\n\t\t\t\t\t<\/ul>\n\t\t<button class=\"espigul-house__item__gallery__arrow espigul-house__item__gallery__arrow--left\" aria-label=\"Previous photo\" @click.stop=\"active === 0 ? active = total - 1 : active--\">\n\t\t\t<svg xmlns=\"http:\/\/www.w3.org\/2000\/svg\" viewBox=\"0 0 40 40\" width=\"40\" height=\"40\" focusable=\"false\"><path d=\"m15.5 0.932-4.3 4.38 14.5 14.6-14.5 14.5 4.3 4.4 14.6-14.6 4.4-4.3-4.4-4.4-14.6-14.6z\"><\/path><\/svg>\n\t\t<\/button>\n\t\t<button class=\"espigul-house__item__gallery__arrow espigul-house__item__gallery__arrow--right\" aria-label=\"Next photo\" @click.stop=\"active === total - 1 ? active = 0 : active++\">\n\t\t\t<svg xmlns=\"http:\/\/www.w3.org\/2000\/svg\" viewBox=\"0 0 40 40\" width=\"40\" height=\"40\" focusable=\"false\"><path d=\"m15.5 0.932-4.3 4.38 14.5 14.6-14.5 14.5 4.3 4.4 14.6-14.6 4.4-4.3-4.4-4.4-14.6-14.6z\"><\/path><\/svg>\n\t\t<\/button>\n\t\t<div class=\"espigul-house__item__photo__overlay\">\n\t\t\t<div class=\"espigul-house__item__photo__price\">\n\t\t\t\t6.559.000\u00a0\u20ac\t\t\t<\/div>\n\t\t<\/div>\n\t<\/div>\n\t<div class=\"espigul-house__item__body\">\n\t\t<div class=\"espigul-house__item__body__city\">Madrid<\/div>\n\t\t<h2 class=\"espigul-house__item__body__title flex-grow\">\n\t\t\t<a href=\"https:\/\/www.espigul.com\/fr\/immobles\/appartement-a-vendre-renove-et-meuble-dans-immeuble-classique-justicia\/\" title=\"Appartement \u00e0 vendre r\u00e9nov\u00e9 et meubl\u00e9 dans immeuble classique, Justicia\">Appartement \u00e0 vendre r\u00e9nov\u00e9 et meubl\u00e9 dans immeuble classique, Justicia<\/a>\n\t\t<\/h2>\n\t\t<div class=\"espigul-house__item__body__meta\">\n\t\t\t\t\t\t<div class=\"espigul-house__item__body__meta__item\">\n\t\t\t\t<span class=\"espigul-house__item__body__meta__item__label\">Surface<\/span>\n\t\t\t\t<span class=\"espigul-house__item__body__meta__item__value\">\n\t\t\t\t\t361 m<sup>2<\/sup>\t\t\t\t<\/span>\n\t\t\t<\/div>\n\t\t\t\t\t\t<div class=\"espigul-house__item__body__meta__item\">\n\t\t\t\t<span class=\"espigul-house__item__body__meta__item__label\">Chambres<\/span>\n\t\t\t\t<span class=\"espigul-house__item__body__meta__item__value\">\n\t\t\t\t\t4\t\t\t\t<\/span>\n\t\t\t<\/div>\n\t\t\t\t\t\t<div class=\"espigul-house__item__body__meta__item\">\n\t\t\t\t<span class=\"espigul-house__item__body__meta__item__label\">Salles de bains<\/span>\n\t\t\t\t<span class=\"espigul-house__item__body__meta__item__value\">\n\t\t\t\t\t5\t\t\t\t<\/span>\n\t\t\t<\/div>\n\t\t\t\t\t<\/div>\n\t<\/div>\n<\/div>\n\t\t\t\t\t<\/li>\n\t\t\t\t\t\t\t\t\t\t<li class=\"splide__slide\">\n\t\t\t\t\t<div class=\"espigul-house__item cursor-pointer\" onClick=\"window.location.assign('https:\/\/www.espigul.com\/fr\/immobles\/appartement-exclusif-a-vendre-a-el-viso\/');\">\n\t<div class=\"espigul-house__item__gallery espigul-house__item__photo\" x-data=\"{ active : 0, total: 3 }\">\n\t\t\t\t<ul class=\"espigul-house__item__gallery__items\">\n\t\t\t\t\t\t\t<li class=\"espigul-house__item__gallery__items__item\" x-bind:class=\"0 == active ? 'espigul-house__item__gallery__items__item--active': ''\">\n\t\t\t\t\t<img decoding=\"async\" src=\"https:\/\/www.espigul.com\/wp-content\/uploads\/2026\/04\/exclusivo-piso-en-venta-en-el-viso-25939810-1300x868.webp\" alt=\"Appartement exclusif \u00e0 vendre \u00e0 El Viso\" loading=\"lazy\" width=\"100%\" height=\"auto\">\n\t\t\t\t<\/li>\n\t\t\t\t\t\t\t<li class=\"espigul-house__item__gallery__items__item\" x-bind:class=\"1 == active ? 'espigul-house__item__gallery__items__item--active': ''\">\n\t\t\t\t\t<img decoding=\"async\" src=\"https:\/\/www.espigul.com\/wp-content\/uploads\/2026\/04\/exclusivo-piso-en-venta-en-el-viso-25939780-1300x868.webp\" alt=\"Appartement exclusif \u00e0 vendre \u00e0 El Viso\" loading=\"lazy\" width=\"100%\" height=\"auto\">\n\t\t\t\t<\/li>\n\t\t\t\t\t\t\t<li class=\"espigul-house__item__gallery__items__item\" x-bind:class=\"2 == active ? 'espigul-house__item__gallery__items__item--active': ''\">\n\t\t\t\t\t<img decoding=\"async\" src=\"https:\/\/www.espigul.com\/wp-content\/uploads\/2026\/04\/exclusivo-piso-en-venta-en-el-viso-25939797-1300x868.webp\" alt=\"Appartement exclusif \u00e0 vendre \u00e0 El Viso\" loading=\"lazy\" width=\"100%\" height=\"auto\">\n\t\t\t\t<\/li>\n\t\t\t\t\t<\/ul>\n\t\t<ul class=\"espigul-house__item__gallery__dots\">\n\t\t\t\t\t\t\t<li class=\"espigul-house__item__gallery__dots__item\" x-bind:class=\"0 == active ? 'espigul-house__item__gallery__dots__item--active': ''\">\n\t\t\t\t<\/li>\n\t\t\t\t\t\t\t<li class=\"espigul-house__item__gallery__dots__item\" x-bind:class=\"1 == active ? 'espigul-house__item__gallery__dots__item--active': ''\">\n\t\t\t\t<\/li>\n\t\t\t\t\t\t\t<li class=\"espigul-house__item__gallery__dots__item\" x-bind:class=\"2 == active ? 'espigul-house__item__gallery__dots__item--active': ''\">\n\t\t\t\t<\/li>\n\t\t\t\t\t<\/ul>\n\t\t<button class=\"espigul-house__item__gallery__arrow espigul-house__item__gallery__arrow--left\" aria-label=\"Previous photo\" @click.stop=\"active === 0 ? active = total - 1 : active--\">\n\t\t\t<svg xmlns=\"http:\/\/www.w3.org\/2000\/svg\" viewBox=\"0 0 40 40\" width=\"40\" height=\"40\" focusable=\"false\"><path d=\"m15.5 0.932-4.3 4.38 14.5 14.6-14.5 14.5 4.3 4.4 14.6-14.6 4.4-4.3-4.4-4.4-14.6-14.6z\"><\/path><\/svg>\n\t\t<\/button>\n\t\t<button class=\"espigul-house__item__gallery__arrow espigul-house__item__gallery__arrow--right\" aria-label=\"Next photo\" @click.stop=\"active === total - 1 ? active = 0 : active++\">\n\t\t\t<svg xmlns=\"http:\/\/www.w3.org\/2000\/svg\" viewBox=\"0 0 40 40\" width=\"40\" height=\"40\" focusable=\"false\"><path d=\"m15.5 0.932-4.3 4.38 14.5 14.6-14.5 14.5 4.3 4.4 14.6-14.6 4.4-4.3-4.4-4.4-14.6-14.6z\"><\/path><\/svg>\n\t\t<\/button>\n\t\t<div class=\"espigul-house__item__photo__overlay\">\n\t\t\t<div class=\"espigul-house__item__photo__price\">\n\t\t\t\t5.709.000\u00a0\u20ac\t\t\t<\/div>\n\t\t<\/div>\n\t<\/div>\n\t<div class=\"espigul-house__item__body\">\n\t\t<div class=\"espigul-house__item__body__city\">Madrid<\/div>\n\t\t<h2 class=\"espigul-house__item__body__title flex-grow\">\n\t\t\t<a href=\"https:\/\/www.espigul.com\/fr\/immobles\/appartement-exclusif-a-vendre-a-el-viso\/\" title=\"Appartement exclusif \u00e0 vendre \u00e0 El Viso\">Appartement exclusif \u00e0 vendre \u00e0 El Viso<\/a>\n\t\t<\/h2>\n\t\t<div class=\"espigul-house__item__body__meta\">\n\t\t\t\t\t\t<div class=\"espigul-house__item__body__meta__item\">\n\t\t\t\t<span class=\"espigul-house__item__body__meta__item__label\">Surface<\/span>\n\t\t\t\t<span class=\"espigul-house__item__body__meta__item__value\">\n\t\t\t\t\t339 m<sup>2<\/sup>\t\t\t\t<\/span>\n\t\t\t<\/div>\n\t\t\t\t\t\t<div class=\"espigul-house__item__body__meta__item\">\n\t\t\t\t<span class=\"espigul-house__item__body__meta__item__label\">Chambres<\/span>\n\t\t\t\t<span class=\"espigul-house__item__body__meta__item__value\">\n\t\t\t\t\t5\t\t\t\t<\/span>\n\t\t\t<\/div>\n\t\t\t\t\t\t<div class=\"espigul-house__item__body__meta__item\">\n\t\t\t\t<span class=\"espigul-house__item__body__meta__item__label\">Salles de bains<\/span>\n\t\t\t\t<span class=\"espigul-house__item__body__meta__item__value\">\n\t\t\t\t\t5\t\t\t\t<\/span>\n\t\t\t<\/div>\n\t\t\t\t\t<\/div>\n\t<\/div>\n<\/div>\n\t\t\t\t\t<\/li>\n\t\t\t\t\t\t\t\t\t\t<li class=\"splide__slide\">\n\t\t\t\t\t<div class=\"espigul-house__item cursor-pointer\" onClick=\"window.location.assign('https:\/\/www.espigul.com\/fr\/immobles\/appartement-renove-a-vendre-a-goya-quartier-salamanca\/');\">\n\t<div class=\"espigul-house__item__gallery espigul-house__item__photo\" x-data=\"{ active : 0, total: 3 }\">\n\t\t\t\t<ul class=\"espigul-house__item__gallery__items\">\n\t\t\t\t\t\t\t<li class=\"espigul-house__item__gallery__items__item\" x-bind:class=\"0 == active ? 'espigul-house__item__gallery__items__item--active': ''\">\n\t\t\t\t\t<img decoding=\"async\" src=\"https:\/\/www.espigul.com\/wp-content\/uploads\/2026\/04\/piso-en-venta-reformado-en-goya-barrio-salamanca-25939543-1300x917.webp\" alt=\"Appartement r\u00e9nov\u00e9 \u00e0 vendre \u00e0 Goya, quartier Salamanca\" loading=\"lazy\" width=\"100%\" height=\"auto\">\n\t\t\t\t<\/li>\n\t\t\t\t\t\t\t<li class=\"espigul-house__item__gallery__items__item\" x-bind:class=\"1 == active ? 'espigul-house__item__gallery__items__item--active': ''\">\n\t\t\t\t\t<img decoding=\"async\" src=\"https:\/\/www.espigul.com\/wp-content\/uploads\/2026\/04\/piso-en-venta-reformado-en-goya-barrio-salamanca-25939536-1300x927.webp\" alt=\"Appartement r\u00e9nov\u00e9 \u00e0 vendre \u00e0 Goya, quartier Salamanca\" loading=\"lazy\" width=\"100%\" height=\"auto\">\n\t\t\t\t<\/li>\n\t\t\t\t\t\t\t<li class=\"espigul-house__item__gallery__items__item\" x-bind:class=\"2 == active ? 'espigul-house__item__gallery__items__item--active': ''\">\n\t\t\t\t\t<img decoding=\"async\" src=\"https:\/\/www.espigul.com\/wp-content\/uploads\/2026\/04\/piso-en-venta-reformado-en-goya-barrio-salamanca-25939535-1300x907.webp\" alt=\"Appartement r\u00e9nov\u00e9 \u00e0 vendre \u00e0 Goya, quartier Salamanca\" loading=\"lazy\" width=\"100%\" height=\"auto\">\n\t\t\t\t<\/li>\n\t\t\t\t\t<\/ul>\n\t\t<ul class=\"espigul-house__item__gallery__dots\">\n\t\t\t\t\t\t\t<li class=\"espigul-house__item__gallery__dots__item\" x-bind:class=\"0 == active ? 'espigul-house__item__gallery__dots__item--active': ''\">\n\t\t\t\t<\/li>\n\t\t\t\t\t\t\t<li class=\"espigul-house__item__gallery__dots__item\" x-bind:class=\"1 == active ? 'espigul-house__item__gallery__dots__item--active': ''\">\n\t\t\t\t<\/li>\n\t\t\t\t\t\t\t<li class=\"espigul-house__item__gallery__dots__item\" x-bind:class=\"2 == active ? 'espigul-house__item__gallery__dots__item--active': ''\">\n\t\t\t\t<\/li>\n\t\t\t\t\t<\/ul>\n\t\t<button class=\"espigul-house__item__gallery__arrow espigul-house__item__gallery__arrow--left\" aria-label=\"Previous photo\" @click.stop=\"active === 0 ? active = total - 1 : active--\">\n\t\t\t<svg xmlns=\"http:\/\/www.w3.org\/2000\/svg\" viewBox=\"0 0 40 40\" width=\"40\" height=\"40\" focusable=\"false\"><path d=\"m15.5 0.932-4.3 4.38 14.5 14.6-14.5 14.5 4.3 4.4 14.6-14.6 4.4-4.3-4.4-4.4-14.6-14.6z\"><\/path><\/svg>\n\t\t<\/button>\n\t\t<button class=\"espigul-house__item__gallery__arrow espigul-house__item__gallery__arrow--right\" aria-label=\"Next photo\" @click.stop=\"active === total - 1 ? active = 0 : active++\">\n\t\t\t<svg xmlns=\"http:\/\/www.w3.org\/2000\/svg\" viewBox=\"0 0 40 40\" width=\"40\" height=\"40\" focusable=\"false\"><path d=\"m15.5 0.932-4.3 4.38 14.5 14.6-14.5 14.5 4.3 4.4 14.6-14.6 4.4-4.3-4.4-4.4-14.6-14.6z\"><\/path><\/svg>\n\t\t<\/button>\n\t\t<div class=\"espigul-house__item__photo__overlay\">\n\t\t\t<div class=\"espigul-house__item__photo__price\">\n\t\t\t\t2.729.000\u00a0\u20ac\t\t\t<\/div>\n\t\t<\/div>\n\t<\/div>\n\t<div class=\"espigul-house__item__body\">\n\t\t<div class=\"espigul-house__item__body__city\">Madrid<\/div>\n\t\t<h2 class=\"espigul-house__item__body__title flex-grow\">\n\t\t\t<a href=\"https:\/\/www.espigul.com\/fr\/immobles\/appartement-renove-a-vendre-a-goya-quartier-salamanca\/\" title=\"Appartement r\u00e9nov\u00e9 \u00e0 vendre \u00e0 Goya, quartier Salamanca\">Appartement r\u00e9nov\u00e9 \u00e0 vendre \u00e0 Goya, quartier Salamanca<\/a>\n\t\t<\/h2>\n\t\t<div class=\"espigul-house__item__body__meta\">\n\t\t\t\t\t\t<div class=\"espigul-house__item__body__meta__item\">\n\t\t\t\t<span class=\"espigul-house__item__body__meta__item__label\">Surface<\/span>\n\t\t\t\t<span class=\"espigul-house__item__body__meta__item__value\">\n\t\t\t\t\t177 m<sup>2<\/sup>\t\t\t\t<\/span>\n\t\t\t<\/div>\n\t\t\t\t\t\t<div class=\"espigul-house__item__body__meta__item\">\n\t\t\t\t<span class=\"espigul-house__item__body__meta__item__label\">Chambres<\/span>\n\t\t\t\t<span class=\"espigul-house__item__body__meta__item__value\">\n\t\t\t\t\t3\t\t\t\t<\/span>\n\t\t\t<\/div>\n\t\t\t\t\t\t<div class=\"espigul-house__item__body__meta__item\">\n\t\t\t\t<span class=\"espigul-house__item__body__meta__item__label\">Salles de bains<\/span>\n\t\t\t\t<span class=\"espigul-house__item__body__meta__item__value\">\n\t\t\t\t\t3\t\t\t\t<\/span>\n\t\t\t<\/div>\n\t\t\t\t\t<\/div>\n\t<\/div>\n<\/div>\n\t\t\t\t\t<\/li>\n\t\t\t\t\t\t\t\t\t\t<li class=\"splide__slide\">\n\t\t\t\t\t<div class=\"espigul-house__item cursor-pointer\" onClick=\"window.location.assign('https:\/\/www.espigul.com\/fr\/immobles\/appartement-a-vendre-avec-place-de-parking-et-debarras-inclus-dans-le-prix-a-goya\/');\">\n\t<div class=\"espigul-house__item__gallery espigul-house__item__photo\" x-data=\"{ active : 0, total: 3 }\">\n\t\t\t\t<ul class=\"espigul-house__item__gallery__items\">\n\t\t\t\t\t\t\t<li class=\"espigul-house__item__gallery__items__item\" x-bind:class=\"0 == active ? 'espigul-house__item__gallery__items__item--active': ''\">\n\t\t\t\t\t<img decoding=\"async\" src=\"https:\/\/www.espigul.com\/wp-content\/uploads\/2026\/04\/piso-en-venta-con-plaza-de-garaje-y-trastero-incluido-en-el-precio-en-goya-25939036-1300x868.webp\" alt=\"Appartement \u00e0 vendre avec place de parking et d\u00e9barras inclus dans le prix \u00e0 Goya\" loading=\"lazy\" width=\"100%\" height=\"auto\">\n\t\t\t\t<\/li>\n\t\t\t\t\t\t\t<li class=\"espigul-house__item__gallery__items__item\" x-bind:class=\"1 == active ? 'espigul-house__item__gallery__items__item--active': ''\">\n\t\t\t\t\t<img decoding=\"async\" src=\"https:\/\/www.espigul.com\/wp-content\/uploads\/2026\/04\/piso-en-venta-con-plaza-de-garaje-y-trastero-incluido-en-el-precio-en-goya-25939014-1300x868.webp\" alt=\"Appartement \u00e0 vendre avec place de parking et d\u00e9barras inclus dans le prix \u00e0 Goya\" loading=\"lazy\" width=\"100%\" height=\"auto\">\n\t\t\t\t<\/li>\n\t\t\t\t\t\t\t<li class=\"espigul-house__item__gallery__items__item\" x-bind:class=\"2 == active ? 'espigul-house__item__gallery__items__item--active': ''\">\n\t\t\t\t\t<img decoding=\"async\" src=\"https:\/\/www.espigul.com\/wp-content\/uploads\/2026\/04\/piso-en-venta-con-plaza-de-garaje-y-trastero-incluido-en-el-precio-en-goya-25939045-1300x868.webp\" alt=\"Appartement \u00e0 vendre avec place de parking et d\u00e9barras inclus dans le prix \u00e0 Goya\" loading=\"lazy\" width=\"100%\" height=\"auto\">\n\t\t\t\t<\/li>\n\t\t\t\t\t<\/ul>\n\t\t<ul class=\"espigul-house__item__gallery__dots\">\n\t\t\t\t\t\t\t<li class=\"espigul-house__item__gallery__dots__item\" x-bind:class=\"0 == active ? 'espigul-house__item__gallery__dots__item--active': ''\">\n\t\t\t\t<\/li>\n\t\t\t\t\t\t\t<li class=\"espigul-house__item__gallery__dots__item\" x-bind:class=\"1 == active ? 'espigul-house__item__gallery__dots__item--active': ''\">\n\t\t\t\t<\/li>\n\t\t\t\t\t\t\t<li class=\"espigul-house__item__gallery__dots__item\" x-bind:class=\"2 == active ? 'espigul-house__item__gallery__dots__item--active': ''\">\n\t\t\t\t<\/li>\n\t\t\t\t\t<\/ul>\n\t\t<button class=\"espigul-house__item__gallery__arrow espigul-house__item__gallery__arrow--left\" aria-label=\"Previous photo\" @click.stop=\"active === 0 ? active = total - 1 : active--\">\n\t\t\t<svg xmlns=\"http:\/\/www.w3.org\/2000\/svg\" viewBox=\"0 0 40 40\" width=\"40\" height=\"40\" focusable=\"false\"><path d=\"m15.5 0.932-4.3 4.38 14.5 14.6-14.5 14.5 4.3 4.4 14.6-14.6 4.4-4.3-4.4-4.4-14.6-14.6z\"><\/path><\/svg>\n\t\t<\/button>\n\t\t<button class=\"espigul-house__item__gallery__arrow espigul-house__item__gallery__arrow--right\" aria-label=\"Next photo\" @click.stop=\"active === total - 1 ? active = 0 : active++\">\n\t\t\t<svg xmlns=\"http:\/\/www.w3.org\/2000\/svg\" viewBox=\"0 0 40 40\" width=\"40\" height=\"40\" focusable=\"false\"><path d=\"m15.5 0.932-4.3 4.38 14.5 14.6-14.5 14.5 4.3 4.4 14.6-14.6 4.4-4.3-4.4-4.4-14.6-14.6z\"><\/path><\/svg>\n\t\t<\/button>\n\t\t<div class=\"espigul-house__item__photo__overlay\">\n\t\t\t<div class=\"espigul-house__item__photo__price\">\n\t\t\t\t1.879.000\u00a0\u20ac\t\t\t<\/div>\n\t\t<\/div>\n\t<\/div>\n\t<div class=\"espigul-house__item__body\">\n\t\t<div class=\"espigul-house__item__body__city\">Madrid<\/div>\n\t\t<h2 class=\"espigul-house__item__body__title flex-grow\">\n\t\t\t<a href=\"https:\/\/www.espigul.com\/fr\/immobles\/appartement-a-vendre-avec-place-de-parking-et-debarras-inclus-dans-le-prix-a-goya\/\" title=\"Appartement \u00e0 vendre avec place de parking et d\u00e9barras inclus dans le prix \u00e0 Goya\">Appartement \u00e0 vendre avec place de parking et d\u00e9barras inclus dans le prix \u00e0 Goya<\/a>\n\t\t<\/h2>\n\t\t<div class=\"espigul-house__item__body__meta\">\n\t\t\t\t\t\t<div class=\"espigul-house__item__body__meta__item\">\n\t\t\t\t<span class=\"espigul-house__item__body__meta__item__label\">Surface<\/span>\n\t\t\t\t<span class=\"espigul-house__item__body__meta__item__value\">\n\t\t\t\t\t142 m<sup>2<\/sup>\t\t\t\t<\/span>\n\t\t\t<\/div>\n\t\t\t\t\t\t<div class=\"espigul-house__item__body__meta__item\">\n\t\t\t\t<span class=\"espigul-house__item__body__meta__item__label\">Chambres<\/span>\n\t\t\t\t<span class=\"espigul-house__item__body__meta__item__value\">\n\t\t\t\t\t3\t\t\t\t<\/span>\n\t\t\t<\/div>\n\t\t\t\t\t\t<div class=\"espigul-house__item__body__meta__item\">\n\t\t\t\t<span class=\"espigul-house__item__body__meta__item__label\">Salles de bains<\/span>\n\t\t\t\t<span class=\"espigul-house__item__body__meta__item__value\">\n\t\t\t\t\t3\t\t\t\t<\/span>\n\t\t\t<\/div>\n\t\t\t\t\t<\/div>\n\t<\/div>\n<\/div>\n\t\t\t\t\t<\/li>\n\t\t\t\t\t\t\t\t\t\t<li class=\"splide__slide\">\n\t\t\t\t\t<div class=\"espigul-house__item cursor-pointer\" onClick=\"window.location.assign('https:\/\/www.espigul.com\/fr\/immobles\/appartement-exterieur-a-vendre-renove-avec-terrasse-a-ventas\/');\">\n\t<div class=\"espigul-house__item__gallery espigul-house__item__photo\" x-data=\"{ active : 0, total: 3 }\">\n\t\t\t\t<ul class=\"espigul-house__item__gallery__items\">\n\t\t\t\t\t\t\t<li class=\"espigul-house__item__gallery__items__item\" x-bind:class=\"0 == active ? 'espigul-house__item__gallery__items__item--active': ''\">\n\t\t\t\t\t<img decoding=\"async\" src=\"https:\/\/www.espigul.com\/wp-content\/uploads\/2026\/04\/piso-en-venta-exterior-reformado-con-terraza-en-ventas-25938761-1300x868.webp\" alt=\"Appartement ext\u00e9rieur \u00e0 vendre, r\u00e9nov\u00e9 avec terrasse \u00e0 Ventas\" loading=\"lazy\" width=\"100%\" height=\"auto\">\n\t\t\t\t<\/li>\n\t\t\t\t\t\t\t<li class=\"espigul-house__item__gallery__items__item\" x-bind:class=\"1 == active ? 'espigul-house__item__gallery__items__item--active': ''\">\n\t\t\t\t\t<img decoding=\"async\" src=\"https:\/\/www.espigul.com\/wp-content\/uploads\/2026\/04\/piso-en-venta-exterior-reformado-con-terraza-en-ventas-25938760-1300x868.webp\" alt=\"Appartement ext\u00e9rieur \u00e0 vendre, r\u00e9nov\u00e9 avec terrasse \u00e0 Ventas\" loading=\"lazy\" width=\"100%\" height=\"auto\">\n\t\t\t\t<\/li>\n\t\t\t\t\t\t\t<li class=\"espigul-house__item__gallery__items__item\" x-bind:class=\"2 == active ? 'espigul-house__item__gallery__items__item--active': ''\">\n\t\t\t\t\t<img decoding=\"async\" src=\"https:\/\/www.espigul.com\/wp-content\/uploads\/2026\/04\/piso-en-venta-exterior-reformado-con-terraza-en-ventas-25938765-1300x868.webp\" alt=\"Appartement ext\u00e9rieur \u00e0 vendre, r\u00e9nov\u00e9 avec terrasse \u00e0 Ventas\" loading=\"lazy\" width=\"100%\" height=\"auto\">\n\t\t\t\t<\/li>\n\t\t\t\t\t<\/ul>\n\t\t<ul class=\"espigul-house__item__gallery__dots\">\n\t\t\t\t\t\t\t<li class=\"espigul-house__item__gallery__dots__item\" x-bind:class=\"0 == active ? 'espigul-house__item__gallery__dots__item--active': ''\">\n\t\t\t\t<\/li>\n\t\t\t\t\t\t\t<li class=\"espigul-house__item__gallery__dots__item\" x-bind:class=\"1 == active ? 'espigul-house__item__gallery__dots__item--active': ''\">\n\t\t\t\t<\/li>\n\t\t\t\t\t\t\t<li class=\"espigul-house__item__gallery__dots__item\" x-bind:class=\"2 == active ? 'espigul-house__item__gallery__dots__item--active': ''\">\n\t\t\t\t<\/li>\n\t\t\t\t\t<\/ul>\n\t\t<button class=\"espigul-house__item__gallery__arrow espigul-house__item__gallery__arrow--left\" aria-label=\"Previous photo\" @click.stop=\"active === 0 ? active = total - 1 : active--\">\n\t\t\t<svg xmlns=\"http:\/\/www.w3.org\/2000\/svg\" viewBox=\"0 0 40 40\" width=\"40\" height=\"40\" focusable=\"false\"><path d=\"m15.5 0.932-4.3 4.38 14.5 14.6-14.5 14.5 4.3 4.4 14.6-14.6 4.4-4.3-4.4-4.4-14.6-14.6z\"><\/path><\/svg>\n\t\t<\/button>\n\t\t<button class=\"espigul-house__item__gallery__arrow espigul-house__item__gallery__arrow--right\" aria-label=\"Next photo\" @click.stop=\"active === total - 1 ? active = 0 : active++\">\n\t\t\t<svg xmlns=\"http:\/\/www.w3.org\/2000\/svg\" viewBox=\"0 0 40 40\" width=\"40\" height=\"40\" focusable=\"false\"><path d=\"m15.5 0.932-4.3 4.38 14.5 14.6-14.5 14.5 4.3 4.4 14.6-14.6 4.4-4.3-4.4-4.4-14.6-14.6z\"><\/path><\/svg>\n\t\t<\/button>\n\t\t<div class=\"espigul-house__item__photo__overlay\">\n\t\t\t<div class=\"espigul-house__item__photo__price\">\n\t\t\t\t1.439.000\u00a0\u20ac\t\t\t<\/div>\n\t\t<\/div>\n\t<\/div>\n\t<div class=\"espigul-house__item__body\">\n\t\t<div class=\"espigul-house__item__body__city\">Madrid<\/div>\n\t\t<h2 class=\"espigul-house__item__body__title flex-grow\">\n\t\t\t<a href=\"https:\/\/www.espigul.com\/fr\/immobles\/appartement-exterieur-a-vendre-renove-avec-terrasse-a-ventas\/\" title=\"Appartement ext\u00e9rieur \u00e0 vendre, r\u00e9nov\u00e9 avec terrasse \u00e0 Ventas\">Appartement ext\u00e9rieur \u00e0 vendre, r\u00e9nov\u00e9 avec terrasse \u00e0 Ventas<\/a>\n\t\t<\/h2>\n\t\t<div class=\"espigul-house__item__body__meta\">\n\t\t\t\t\t\t<div class=\"espigul-house__item__body__meta__item\">\n\t\t\t\t<span class=\"espigul-house__item__body__meta__item__label\">Surface<\/span>\n\t\t\t\t<span class=\"espigul-house__item__body__meta__item__value\">\n\t\t\t\t\t123 m<sup>2<\/sup>\t\t\t\t<\/span>\n\t\t\t<\/div>\n\t\t\t\t\t\t<div class=\"espigul-house__item__body__meta__item\">\n\t\t\t\t<span class=\"espigul-house__item__body__meta__item__label\">Chambres<\/span>\n\t\t\t\t<span class=\"espigul-house__item__body__meta__item__value\">\n\t\t\t\t\t3\t\t\t\t<\/span>\n\t\t\t<\/div>\n\t\t\t\t\t\t<div class=\"espigul-house__item__body__meta__item\">\n\t\t\t\t<span class=\"espigul-house__item__body__meta__item__label\">Salles de bains<\/span>\n\t\t\t\t<span class=\"espigul-house__item__body__meta__item__value\">\n\t\t\t\t\t3\t\t\t\t<\/span>\n\t\t\t<\/div>\n\t\t\t\t\t<\/div>\n\t<\/div>\n<\/div>\n\t\t\t\t\t<\/li>\n\t\t\t\t\t\t\t\t\t\t<li class=\"splide__slide\">\n\t\t\t\t\t<div class=\"espigul-house__item cursor-pointer\" onClick=\"window.location.assign('https:\/\/www.espigul.com\/fr\/immobles\/appartement-a-vendre-rue-alcalde-sainz-de-baranda-ibiza\/');\">\n\t<div class=\"espigul-house__item__gallery espigul-house__item__photo\" x-data=\"{ active : 0, total: 3 }\">\n\t\t\t\t<ul class=\"espigul-house__item__gallery__items\">\n\t\t\t\t\t\t\t<li class=\"espigul-house__item__gallery__items__item\" x-bind:class=\"0 == active ? 'espigul-house__item__gallery__items__item--active': ''\">\n\t\t\t\t\t<img decoding=\"async\" src=\"https:\/\/www.espigul.com\/wp-content\/uploads\/2026\/04\/piso-en-venta-en-calle-alcalde-sainz-de-baranda-ibiza-25938588-1300x868.webp\" alt=\"Appartement \u00e0 vendre rue Alcalde Sainz de Baranda, Ibiza\" loading=\"lazy\" width=\"100%\" height=\"auto\">\n\t\t\t\t<\/li>\n\t\t\t\t\t\t\t<li class=\"espigul-house__item__gallery__items__item\" x-bind:class=\"1 == active ? 'espigul-house__item__gallery__items__item--active': ''\">\n\t\t\t\t\t<img decoding=\"async\" src=\"https:\/\/www.espigul.com\/wp-content\/uploads\/2026\/04\/piso-en-venta-en-calle-alcalde-sainz-de-baranda-ibiza-25938587-1300x868.webp\" alt=\"Appartement \u00e0 vendre rue Alcalde Sainz de Baranda, Ibiza\" loading=\"lazy\" width=\"100%\" height=\"auto\">\n\t\t\t\t<\/li>\n\t\t\t\t\t\t\t<li class=\"espigul-house__item__gallery__items__item\" x-bind:class=\"2 == active ? 'espigul-house__item__gallery__items__item--active': ''\">\n\t\t\t\t\t<img decoding=\"async\" src=\"https:\/\/www.espigul.com\/wp-content\/uploads\/2026\/04\/piso-en-venta-en-calle-alcalde-sainz-de-baranda-ibiza-25938594-1300x868.webp\" alt=\"Appartement \u00e0 vendre rue Alcalde Sainz de Baranda, Ibiza\" loading=\"lazy\" width=\"100%\" height=\"auto\">\n\t\t\t\t<\/li>\n\t\t\t\t\t<\/ul>\n\t\t<ul class=\"espigul-house__item__gallery__dots\">\n\t\t\t\t\t\t\t<li class=\"espigul-house__item__gallery__dots__item\" x-bind:class=\"0 == active ? 'espigul-house__item__gallery__dots__item--active': ''\">\n\t\t\t\t<\/li>\n\t\t\t\t\t\t\t<li class=\"espigul-house__item__gallery__dots__item\" x-bind:class=\"1 == active ? 'espigul-house__item__gallery__dots__item--active': ''\">\n\t\t\t\t<\/li>\n\t\t\t\t\t\t\t<li class=\"espigul-house__item__gallery__dots__item\" x-bind:class=\"2 == active ? 'espigul-house__item__gallery__dots__item--active': ''\">\n\t\t\t\t<\/li>\n\t\t\t\t\t<\/ul>\n\t\t<button class=\"espigul-house__item__gallery__arrow espigul-house__item__gallery__arrow--left\" aria-label=\"Previous photo\" @click.stop=\"active === 0 ? active = total - 1 : active--\">\n\t\t\t<svg xmlns=\"http:\/\/www.w3.org\/2000\/svg\" viewBox=\"0 0 40 40\" width=\"40\" height=\"40\" focusable=\"false\"><path d=\"m15.5 0.932-4.3 4.38 14.5 14.6-14.5 14.5 4.3 4.4 14.6-14.6 4.4-4.3-4.4-4.4-14.6-14.6z\"><\/path><\/svg>\n\t\t<\/button>\n\t\t<button class=\"espigul-house__item__gallery__arrow espigul-house__item__gallery__arrow--right\" aria-label=\"Next photo\" @click.stop=\"active === total - 1 ? active = 0 : active++\">\n\t\t\t<svg xmlns=\"http:\/\/www.w3.org\/2000\/svg\" viewBox=\"0 0 40 40\" width=\"40\" height=\"40\" focusable=\"false\"><path d=\"m15.5 0.932-4.3 4.38 14.5 14.6-14.5 14.5 4.3 4.4 14.6-14.6 4.4-4.3-4.4-4.4-14.6-14.6z\"><\/path><\/svg>\n\t\t<\/button>\n\t\t<div class=\"espigul-house__item__photo__overlay\">\n\t\t\t<div class=\"espigul-house__item__photo__price\">\n\t\t\t\t1.169.000\u00a0\u20ac\t\t\t<\/div>\n\t\t<\/div>\n\t<\/div>\n\t<div class=\"espigul-house__item__body\">\n\t\t<div class=\"espigul-house__item__body__city\">Madrid<\/div>\n\t\t<h2 class=\"espigul-house__item__body__title flex-grow\">\n\t\t\t<a href=\"https:\/\/www.espigul.com\/fr\/immobles\/appartement-a-vendre-rue-alcalde-sainz-de-baranda-ibiza\/\" title=\"Appartement \u00e0 vendre rue Alcalde Sainz de Baranda, Ibiza\">Appartement \u00e0 vendre rue Alcalde Sainz de Baranda, Ibiza<\/a>\n\t\t<\/h2>\n\t\t<div class=\"espigul-house__item__body__meta\">\n\t\t\t\t\t\t<div class=\"espigul-house__item__body__meta__item\">\n\t\t\t\t<span class=\"espigul-house__item__body__meta__item__label\">Surface<\/span>\n\t\t\t\t<span class=\"espigul-house__item__body__meta__item__value\">\n\t\t\t\t\t101 m<sup>2<\/sup>\t\t\t\t<\/span>\n\t\t\t<\/div>\n\t\t\t\t\t\t<div class=\"espigul-house__item__body__meta__item\">\n\t\t\t\t<span class=\"espigul-house__item__body__meta__item__label\">Chambres<\/span>\n\t\t\t\t<span class=\"espigul-house__item__body__meta__item__value\">\n\t\t\t\t\t3\t\t\t\t<\/span>\n\t\t\t<\/div>\n\t\t\t\t\t\t<div class=\"espigul-house__item__body__meta__item\">\n\t\t\t\t<span class=\"espigul-house__item__body__meta__item__label\">Salles de bains<\/span>\n\t\t\t\t<span class=\"espigul-house__item__body__meta__item__value\">\n\t\t\t\t\t2\t\t\t\t<\/span>\n\t\t\t<\/div>\n\t\t\t\t\t<\/div>\n\t<\/div>\n<\/div>\n\t\t\t\t\t<\/li>\n\t\t\t\t\t\t\t\t\t\t<li class=\"splide__slide\">\n\t\t\t\t\t<div class=\"espigul-house__item cursor-pointer\" onClick=\"window.location.assign('https:\/\/www.espigul.com\/fr\/immobles\/appartement-a-vendre-renove-avec-debarras-dans-le-quartier-de-salamanca\/');\">\n\t<div class=\"espigul-house__item__gallery espigul-house__item__photo\" x-data=\"{ active : 0, total: 3 }\">\n\t\t\t\t<ul class=\"espigul-house__item__gallery__items\">\n\t\t\t\t\t\t\t<li class=\"espigul-house__item__gallery__items__item\" x-bind:class=\"0 == active ? 'espigul-house__item__gallery__items__item--active': ''\">\n\t\t\t\t\t<img decoding=\"async\" src=\"https:\/\/www.espigul.com\/wp-content\/uploads\/2026\/04\/piso-en-venta-reformado-con-trastero-en-el-barrio-salamanca-25938039-1300x868.webp\" alt=\"Appartement \u00e0 vendre r\u00e9nov\u00e9 avec d\u00e9barras dans le quartier de Salamanca\" loading=\"lazy\" width=\"100%\" height=\"auto\">\n\t\t\t\t<\/li>\n\t\t\t\t\t\t\t<li class=\"espigul-house__item__gallery__items__item\" x-bind:class=\"1 == active ? 'espigul-house__item__gallery__items__item--active': ''\">\n\t\t\t\t\t<img decoding=\"async\" src=\"https:\/\/www.espigul.com\/wp-content\/uploads\/2026\/04\/piso-en-venta-reformado-con-trastero-en-el-barrio-salamanca-25938040-1300x868.webp\" alt=\"Appartement \u00e0 vendre r\u00e9nov\u00e9 avec d\u00e9barras dans le quartier de Salamanca\" loading=\"lazy\" width=\"100%\" height=\"auto\">\n\t\t\t\t<\/li>\n\t\t\t\t\t\t\t<li class=\"espigul-house__item__gallery__items__item\" x-bind:class=\"2 == active ? 'espigul-house__item__gallery__items__item--active': ''\">\n\t\t\t\t\t<img decoding=\"async\" src=\"https:\/\/www.espigul.com\/wp-content\/uploads\/2026\/04\/piso-en-venta-reformado-con-trastero-en-el-barrio-salamanca-25938041-1300x868.webp\" alt=\"Appartement \u00e0 vendre r\u00e9nov\u00e9 avec d\u00e9barras dans le quartier de Salamanca\" loading=\"lazy\" width=\"100%\" height=\"auto\">\n\t\t\t\t<\/li>\n\t\t\t\t\t<\/ul>\n\t\t<ul class=\"espigul-house__item__gallery__dots\">\n\t\t\t\t\t\t\t<li class=\"espigul-house__item__gallery__dots__item\" x-bind:class=\"0 == active ? 'espigul-house__item__gallery__dots__item--active': ''\">\n\t\t\t\t<\/li>\n\t\t\t\t\t\t\t<li class=\"espigul-house__item__gallery__dots__item\" x-bind:class=\"1 == active ? 'espigul-house__item__gallery__dots__item--active': ''\">\n\t\t\t\t<\/li>\n\t\t\t\t\t\t\t<li class=\"espigul-house__item__gallery__dots__item\" x-bind:class=\"2 == active ? 'espigul-house__item__gallery__dots__item--active': ''\">\n\t\t\t\t<\/li>\n\t\t\t\t\t<\/ul>\n\t\t<button class=\"espigul-house__item__gallery__arrow espigul-house__item__gallery__arrow--left\" aria-label=\"Previous photo\" @click.stop=\"active === 0 ? active = total - 1 : active--\">\n\t\t\t<svg xmlns=\"http:\/\/www.w3.org\/2000\/svg\" viewBox=\"0 0 40 40\" width=\"40\" height=\"40\" focusable=\"false\"><path d=\"m15.5 0.932-4.3 4.38 14.5 14.6-14.5 14.5 4.3 4.4 14.6-14.6 4.4-4.3-4.4-4.4-14.6-14.6z\"><\/path><\/svg>\n\t\t<\/button>\n\t\t<button class=\"espigul-house__item__gallery__arrow espigul-house__item__gallery__arrow--right\" aria-label=\"Next photo\" @click.stop=\"active === total - 1 ? active = 0 : active++\">\n\t\t\t<svg xmlns=\"http:\/\/www.w3.org\/2000\/svg\" viewBox=\"0 0 40 40\" width=\"40\" height=\"40\" focusable=\"false\"><path d=\"m15.5 0.932-4.3 4.38 14.5 14.6-14.5 14.5 4.3 4.4 14.6-14.6 4.4-4.3-4.4-4.4-14.6-14.6z\"><\/path><\/svg>\n\t\t<\/button>\n\t\t<div class=\"espigul-house__item__photo__overlay\">\n\t\t\t<div class=\"espigul-house__item__photo__price\">\n\t\t\t\t1.519.000\u00a0\u20ac\t\t\t<\/div>\n\t\t<\/div>\n\t<\/div>\n\t<div class=\"espigul-house__item__body\">\n\t\t<div class=\"espigul-house__item__body__city\">Madrid<\/div>\n\t\t<h2 class=\"espigul-house__item__body__title flex-grow\">\n\t\t\t<a href=\"https:\/\/www.espigul.com\/fr\/immobles\/appartement-a-vendre-renove-avec-debarras-dans-le-quartier-de-salamanca\/\" title=\"Appartement \u00e0 vendre r\u00e9nov\u00e9 avec d\u00e9barras dans le quartier de Salamanca\">Appartement \u00e0 vendre r\u00e9nov\u00e9 avec d\u00e9barras dans le quartier de Salamanca<\/a>\n\t\t<\/h2>\n\t\t<div class=\"espigul-house__item__body__meta\">\n\t\t\t\t\t\t<div class=\"espigul-house__item__body__meta__item\">\n\t\t\t\t<span class=\"espigul-house__item__body__meta__item__label\">Surface<\/span>\n\t\t\t\t<span class=\"espigul-house__item__body__meta__item__value\">\n\t\t\t\t\t146 m<sup>2<\/sup>\t\t\t\t<\/span>\n\t\t\t<\/div>\n\t\t\t\t\t\t<div class=\"espigul-house__item__body__meta__item\">\n\t\t\t\t<span class=\"espigul-house__item__body__meta__item__label\">Chambres<\/span>\n\t\t\t\t<span class=\"espigul-house__item__body__meta__item__value\">\n\t\t\t\t\t3\t\t\t\t<\/span>\n\t\t\t<\/div>\n\t\t\t\t\t\t<div class=\"espigul-house__item__body__meta__item\">\n\t\t\t\t<span class=\"espigul-house__item__body__meta__item__label\">Salles de bains<\/span>\n\t\t\t\t<span class=\"espigul-house__item__body__meta__item__value\">\n\t\t\t\t\t3\t\t\t\t<\/span>\n\t\t\t<\/div>\n\t\t\t\t\t<\/div>\n\t<\/div>\n<\/div>\n\t\t\t\t\t<\/li>\n\t\t\t\t\t\t\t\t\t\t<li class=\"splide__slide\">\n\t\t\t\t\t<div class=\"espigul-house__item cursor-pointer\" onClick=\"window.location.assign('https:\/\/www.espigul.com\/fr\/immobles\/appartement-renove-a-vendre-avec-terrasse-a-ibiza-retiro\/');\">\n\t<div class=\"espigul-house__item__gallery espigul-house__item__photo\" x-data=\"{ active : 0, total: 3 }\">\n\t\t\t\t<ul class=\"espigul-house__item__gallery__items\">\n\t\t\t\t\t\t\t<li class=\"espigul-house__item__gallery__items__item\" x-bind:class=\"0 == active ? 'espigul-house__item__gallery__items__item--active': ''\">\n\t\t\t\t\t<img decoding=\"async\" src=\"https:\/\/www.espigul.com\/wp-content\/uploads\/2026\/04\/piso-en-venta-reformado-con-terraza-en-ibiza-retiro-25938369-1300x868.webp\" alt=\"Appartement r\u00e9nov\u00e9 \u00e0 vendre avec terrasse \u00e0 Ibiza. Retiro\" loading=\"lazy\" width=\"100%\" height=\"auto\">\n\t\t\t\t<\/li>\n\t\t\t\t\t\t\t<li class=\"espigul-house__item__gallery__items__item\" x-bind:class=\"1 == active ? 'espigul-house__item__gallery__items__item--active': ''\">\n\t\t\t\t\t<img decoding=\"async\" src=\"https:\/\/www.espigul.com\/wp-content\/uploads\/2026\/04\/piso-en-venta-reformado-con-terraza-en-ibiza-retiro-25938368-1300x868.webp\" alt=\"Appartement r\u00e9nov\u00e9 \u00e0 vendre avec terrasse \u00e0 Ibiza. Retiro\" loading=\"lazy\" width=\"100%\" height=\"auto\">\n\t\t\t\t<\/li>\n\t\t\t\t\t\t\t<li class=\"espigul-house__item__gallery__items__item\" x-bind:class=\"2 == active ? 'espigul-house__item__gallery__items__item--active': ''\">\n\t\t\t\t\t<img decoding=\"async\" src=\"https:\/\/www.espigul.com\/wp-content\/uploads\/2026\/04\/piso-en-venta-reformado-con-terraza-en-ibiza-retiro-25938374-1300x917.webp\" alt=\"Appartement r\u00e9nov\u00e9 \u00e0 vendre avec terrasse \u00e0 Ibiza. Retiro\" loading=\"lazy\" width=\"100%\" height=\"auto\">\n\t\t\t\t<\/li>\n\t\t\t\t\t<\/ul>\n\t\t<ul class=\"espigul-house__item__gallery__dots\">\n\t\t\t\t\t\t\t<li class=\"espigul-house__item__gallery__dots__item\" x-bind:class=\"0 == active ? 'espigul-house__item__gallery__dots__item--active': ''\">\n\t\t\t\t<\/li>\n\t\t\t\t\t\t\t<li class=\"espigul-house__item__gallery__dots__item\" x-bind:class=\"1 == active ? 'espigul-house__item__gallery__dots__item--active': ''\">\n\t\t\t\t<\/li>\n\t\t\t\t\t\t\t<li class=\"espigul-house__item__gallery__dots__item\" x-bind:class=\"2 == active ? 'espigul-house__item__gallery__dots__item--active': ''\">\n\t\t\t\t<\/li>\n\t\t\t\t\t<\/ul>\n\t\t<button class=\"espigul-house__item__gallery__arrow espigul-house__item__gallery__arrow--left\" aria-label=\"Previous photo\" @click.stop=\"active === 0 ? active = total - 1 : active--\">\n\t\t\t<svg xmlns=\"http:\/\/www.w3.org\/2000\/svg\" viewBox=\"0 0 40 40\" width=\"40\" height=\"40\" focusable=\"false\"><path d=\"m15.5 0.932-4.3 4.38 14.5 14.6-14.5 14.5 4.3 4.4 14.6-14.6 4.4-4.3-4.4-4.4-14.6-14.6z\"><\/path><\/svg>\n\t\t<\/button>\n\t\t<button class=\"espigul-house__item__gallery__arrow espigul-house__item__gallery__arrow--right\" aria-label=\"Next photo\" @click.stop=\"active === total - 1 ? active = 0 : active++\">\n\t\t\t<svg xmlns=\"http:\/\/www.w3.org\/2000\/svg\" viewBox=\"0 0 40 40\" width=\"40\" height=\"40\" focusable=\"false\"><path d=\"m15.5 0.932-4.3 4.38 14.5 14.6-14.5 14.5 4.3 4.4 14.6-14.6 4.4-4.3-4.4-4.4-14.6-14.6z\"><\/path><\/svg>\n\t\t<\/button>\n\t\t<div class=\"espigul-house__item__photo__overlay\">\n\t\t\t<div class=\"espigul-house__item__photo__price\">\n\t\t\t\t1.209.000\u00a0\u20ac\t\t\t<\/div>\n\t\t<\/div>\n\t<\/div>\n\t<div class=\"espigul-house__item__body\">\n\t\t<div class=\"espigul-house__item__body__city\">Madrid<\/div>\n\t\t<h2 class=\"espigul-house__item__body__title flex-grow\">\n\t\t\t<a href=\"https:\/\/www.espigul.com\/fr\/immobles\/appartement-renove-a-vendre-avec-terrasse-a-ibiza-retiro\/\" title=\"Appartement r\u00e9nov\u00e9 \u00e0 vendre avec terrasse \u00e0 Ibiza. Retiro\">Appartement r\u00e9nov\u00e9 \u00e0 vendre avec terrasse \u00e0 Ibiza. Retiro<\/a>\n\t\t<\/h2>\n\t\t<div class=\"espigul-house__item__body__meta\">\n\t\t\t\t\t\t<div class=\"espigul-house__item__body__meta__item\">\n\t\t\t\t<span class=\"espigul-house__item__body__meta__item__label\">Surface<\/span>\n\t\t\t\t<span class=\"espigul-house__item__body__meta__item__value\">\n\t\t\t\t\t105 m<sup>2<\/sup>\t\t\t\t<\/span>\n\t\t\t<\/div>\n\t\t\t\t\t\t<div class=\"espigul-house__item__body__meta__item\">\n\t\t\t\t<span class=\"espigul-house__item__body__meta__item__label\">Chambres<\/span>\n\t\t\t\t<span class=\"espigul-house__item__body__meta__item__value\">\n\t\t\t\t\t2\t\t\t\t<\/span>\n\t\t\t<\/div>\n\t\t\t\t\t\t<div class=\"espigul-house__item__body__meta__item\">\n\t\t\t\t<span class=\"espigul-house__item__body__meta__item__label\">Salles de bains<\/span>\n\t\t\t\t<span class=\"espigul-house__item__body__meta__item__value\">\n\t\t\t\t\t2\t\t\t\t<\/span>\n\t\t\t<\/div>\n\t\t\t\t\t<\/div>\n\t<\/div>\n<\/div>\n\t\t\t\t\t<\/li>\n\t\t\t\t\t\t\t\t\t\t<li class=\"splide__slide\">\n\t\t\t\t\t<div class=\"espigul-house__item cursor-pointer\" onClick=\"window.location.assign('https:\/\/www.espigul.com\/fr\/immobles\/appartement-a-vendre-renove-meuble-et-avec-place-de-garage-incluse-dans-le-prix-liste\/');\">\n\t<div class=\"espigul-house__item__gallery espigul-house__item__photo\" x-data=\"{ active : 0, total: 3 }\">\n\t\t\t\t<ul class=\"espigul-house__item__gallery__items\">\n\t\t\t\t\t\t\t<li class=\"espigul-house__item__gallery__items__item\" x-bind:class=\"0 == active ? 'espigul-house__item__gallery__items__item--active': ''\">\n\t\t\t\t\t<img decoding=\"async\" src=\"https:\/\/www.espigul.com\/wp-content\/uploads\/2026\/04\/piso-en-venta-reformado-amueblado-y-con-plaza-de-garaje-incluida-en-el-precio-lista-25937748-1300x868.webp\" alt=\"Appartement \u00e0 vendre r\u00e9nov\u00e9, meubl\u00e9 et avec place de garage incluse dans le prix, Liste\" loading=\"lazy\" width=\"100%\" height=\"auto\">\n\t\t\t\t<\/li>\n\t\t\t\t\t\t\t<li class=\"espigul-house__item__gallery__items__item\" x-bind:class=\"1 == active ? 'espigul-house__item__gallery__items__item--active': ''\">\n\t\t\t\t\t<img decoding=\"async\" src=\"https:\/\/www.espigul.com\/wp-content\/uploads\/2026\/04\/piso-en-venta-reformado-amueblado-y-con-plaza-de-garaje-incluida-en-el-precio-lista-25937739-1300x868.webp\" alt=\"Appartement \u00e0 vendre r\u00e9nov\u00e9, meubl\u00e9 et avec place de garage incluse dans le prix, Liste\" loading=\"lazy\" width=\"100%\" height=\"auto\">\n\t\t\t\t<\/li>\n\t\t\t\t\t\t\t<li class=\"espigul-house__item__gallery__items__item\" x-bind:class=\"2 == active ? 'espigul-house__item__gallery__items__item--active': ''\">\n\t\t\t\t\t<img decoding=\"async\" src=\"https:\/\/www.espigul.com\/wp-content\/uploads\/2026\/04\/piso-en-venta-reformado-amueblado-y-con-plaza-de-garaje-incluida-en-el-precio-lista-25937774-1300x868.webp\" alt=\"Appartement \u00e0 vendre r\u00e9nov\u00e9, meubl\u00e9 et avec place de garage incluse dans le prix, Liste\" loading=\"lazy\" width=\"100%\" height=\"auto\">\n\t\t\t\t<\/li>\n\t\t\t\t\t<\/ul>\n\t\t<ul class=\"espigul-house__item__gallery__dots\">\n\t\t\t\t\t\t\t<li class=\"espigul-house__item__gallery__dots__item\" x-bind:class=\"0 == active ? 'espigul-house__item__gallery__dots__item--active': ''\">\n\t\t\t\t<\/li>\n\t\t\t\t\t\t\t<li class=\"espigul-house__item__gallery__dots__item\" x-bind:class=\"1 == active ? 'espigul-house__item__gallery__dots__item--active': ''\">\n\t\t\t\t<\/li>\n\t\t\t\t\t\t\t<li class=\"espigul-house__item__gallery__dots__item\" x-bind:class=\"2 == active ? 'espigul-house__item__gallery__dots__item--active': ''\">\n\t\t\t\t<\/li>\n\t\t\t\t\t<\/ul>\n\t\t<button class=\"espigul-house__item__gallery__arrow espigul-house__item__gallery__arrow--left\" aria-label=\"Previous photo\" @click.stop=\"active === 0 ? active = total - 1 : active--\">\n\t\t\t<svg xmlns=\"http:\/\/www.w3.org\/2000\/svg\" viewBox=\"0 0 40 40\" width=\"40\" height=\"40\" focusable=\"false\"><path d=\"m15.5 0.932-4.3 4.38 14.5 14.6-14.5 14.5 4.3 4.4 14.6-14.6 4.4-4.3-4.4-4.4-14.6-14.6z\"><\/path><\/svg>\n\t\t<\/button>\n\t\t<button class=\"espigul-house__item__gallery__arrow espigul-house__item__gallery__arrow--right\" aria-label=\"Next photo\" @click.stop=\"active === total - 1 ? active = 0 : active++\">\n\t\t\t<svg xmlns=\"http:\/\/www.w3.org\/2000\/svg\" viewBox=\"0 0 40 40\" width=\"40\" height=\"40\" focusable=\"false\"><path d=\"m15.5 0.932-4.3 4.38 14.5 14.6-14.5 14.5 4.3 4.4 14.6-14.6 4.4-4.3-4.4-4.4-14.6-14.6z\"><\/path><\/svg>\n\t\t<\/button>\n\t\t<div class=\"espigul-house__item__photo__overlay\">\n\t\t\t<div class=\"espigul-house__item__photo__price\">\n\t\t\t\t2.189.000\u00a0\u20ac\t\t\t<\/div>\n\t\t<\/div>\n\t<\/div>\n\t<div class=\"espigul-house__item__body\">\n\t\t<div class=\"espigul-house__item__body__city\">Madrid<\/div>\n\t\t<h2 class=\"espigul-house__item__body__title flex-grow\">\n\t\t\t<a href=\"https:\/\/www.espigul.com\/fr\/immobles\/appartement-a-vendre-renove-meuble-et-avec-place-de-garage-incluse-dans-le-prix-liste\/\" title=\"Appartement \u00e0 vendre r\u00e9nov\u00e9, meubl\u00e9 et avec place de garage incluse dans le prix, Liste\">Appartement \u00e0 vendre r\u00e9nov\u00e9, meubl\u00e9 et avec place de garage incluse dans le prix, Liste<\/a>\n\t\t<\/h2>\n\t\t<div class=\"espigul-house__item__body__meta\">\n\t\t\t\t\t\t<div class=\"espigul-house__item__body__meta__item\">\n\t\t\t\t<span class=\"espigul-house__item__body__meta__item__label\">Surface<\/span>\n\t\t\t\t<span class=\"espigul-house__item__body__meta__item__value\">\n\t\t\t\t\t160 m<sup>2<\/sup>\t\t\t\t<\/span>\n\t\t\t<\/div>\n\t\t\t\t\t\t<div class=\"espigul-house__item__body__meta__item\">\n\t\t\t\t<span class=\"espigul-house__item__body__meta__item__label\">Chambres<\/span>\n\t\t\t\t<span class=\"espigul-house__item__body__meta__item__value\">\n\t\t\t\t\t3\t\t\t\t<\/span>\n\t\t\t<\/div>\n\t\t\t\t\t\t<div class=\"espigul-house__item__body__meta__item\">\n\t\t\t\t<span class=\"espigul-house__item__body__meta__item__label\">Salles de bains<\/span>\n\t\t\t\t<span class=\"espigul-house__item__body__meta__item__value\">\n\t\t\t\t\t3\t\t\t\t<\/span>\n\t\t\t<\/div>\n\t\t\t\t\t<\/div>\n\t<\/div>\n<\/div>\n\t\t\t\t\t<\/li>\n\t\t\t\t\t\t\t\t\t\t<li class=\"splide__slide\">\n\t\t\t\t\t<div class=\"espigul-house__item cursor-pointer\" onClick=\"window.location.assign('https:\/\/www.espigul.com\/fr\/immobles\/appartement-a-vendre-renove-et-meuble-avec-place-de-parking-a-lista\/');\">\n\t<div class=\"espigul-house__item__gallery espigul-house__item__photo\" x-data=\"{ active : 0, total: 3 }\">\n\t\t\t\t<ul class=\"espigul-house__item__gallery__items\">\n\t\t\t\t\t\t\t<li class=\"espigul-house__item__gallery__items__item\" x-bind:class=\"0 == active ? 'espigul-house__item__gallery__items__item--active': ''\">\n\t\t\t\t\t<img decoding=\"async\" src=\"https:\/\/www.espigul.com\/wp-content\/uploads\/2026\/04\/piso-en-venta-reformado-y-amueblado-con-plaza-de-garaje-en-lista-25933063-1300x904.webp\" alt=\"Appartement \u00e0 vendre r\u00e9nov\u00e9 et meubl\u00e9 avec place de parking \u00e0 Lista\" loading=\"lazy\" width=\"100%\" height=\"auto\">\n\t\t\t\t<\/li>\n\t\t\t\t\t\t\t<li class=\"espigul-house__item__gallery__items__item\" x-bind:class=\"1 == active ? 'espigul-house__item__gallery__items__item--active': ''\">\n\t\t\t\t\t<img decoding=\"async\" src=\"https:\/\/www.espigul.com\/wp-content\/uploads\/2026\/04\/piso-en-venta-reformado-y-amueblado-con-plaza-de-garaje-en-lista-25933070-1300x868.webp\" alt=\"Appartement \u00e0 vendre r\u00e9nov\u00e9 et meubl\u00e9 avec place de parking \u00e0 Lista\" loading=\"lazy\" width=\"100%\" height=\"auto\">\n\t\t\t\t<\/li>\n\t\t\t\t\t\t\t<li class=\"espigul-house__item__gallery__items__item\" x-bind:class=\"2 == active ? 'espigul-house__item__gallery__items__item--active': ''\">\n\t\t\t\t\t<img decoding=\"async\" src=\"https:\/\/www.espigul.com\/wp-content\/uploads\/2026\/04\/piso-en-venta-reformado-y-amueblado-con-plaza-de-garaje-en-lista-25933073-1300x868.webp\" alt=\"Appartement \u00e0 vendre r\u00e9nov\u00e9 et meubl\u00e9 avec place de parking \u00e0 Lista\" loading=\"lazy\" width=\"100%\" height=\"auto\">\n\t\t\t\t<\/li>\n\t\t\t\t\t<\/ul>\n\t\t<ul class=\"espigul-house__item__gallery__dots\">\n\t\t\t\t\t\t\t<li class=\"espigul-house__item__gallery__dots__item\" x-bind:class=\"0 == active ? 'espigul-house__item__gallery__dots__item--active': ''\">\n\t\t\t\t<\/li>\n\t\t\t\t\t\t\t<li class=\"espigul-house__item__gallery__dots__item\" x-bind:class=\"1 == active ? 'espigul-house__item__gallery__dots__item--active': ''\">\n\t\t\t\t<\/li>\n\t\t\t\t\t\t\t<li class=\"espigul-house__item__gallery__dots__item\" x-bind:class=\"2 == active ? 'espigul-house__item__gallery__dots__item--active': ''\">\n\t\t\t\t<\/li>\n\t\t\t\t\t<\/ul>\n\t\t<button class=\"espigul-house__item__gallery__arrow espigul-house__item__gallery__arrow--left\" aria-label=\"Previous photo\" @click.stop=\"active === 0 ? active = total - 1 : active--\">\n\t\t\t<svg xmlns=\"http:\/\/www.w3.org\/2000\/svg\" viewBox=\"0 0 40 40\" width=\"40\" height=\"40\" focusable=\"false\"><path d=\"m15.5 0.932-4.3 4.38 14.5 14.6-14.5 14.5 4.3 4.4 14.6-14.6 4.4-4.3-4.4-4.4-14.6-14.6z\"><\/path><\/svg>\n\t\t<\/button>\n\t\t<button class=\"espigul-house__item__gallery__arrow espigul-house__item__gallery__arrow--right\" aria-label=\"Next photo\" @click.stop=\"active === total - 1 ? active = 0 : active++\">\n\t\t\t<svg xmlns=\"http:\/\/www.w3.org\/2000\/svg\" viewBox=\"0 0 40 40\" width=\"40\" height=\"40\" focusable=\"false\"><path d=\"m15.5 0.932-4.3 4.38 14.5 14.6-14.5 14.5 4.3 4.4 14.6-14.6 4.4-4.3-4.4-4.4-14.6-14.6z\"><\/path><\/svg>\n\t\t<\/button>\n\t\t<div class=\"espigul-house__item__photo__overlay\">\n\t\t\t<div class=\"espigul-house__item__photo__price\">\n\t\t\t\t1.099.000\u00a0\u20ac\t\t\t<\/div>\n\t\t<\/div>\n\t<\/div>\n\t<div class=\"espigul-house__item__body\">\n\t\t<div class=\"espigul-house__item__body__city\">Madrid<\/div>\n\t\t<h2 class=\"espigul-house__item__body__title flex-grow\">\n\t\t\t<a href=\"https:\/\/www.espigul.com\/fr\/immobles\/appartement-a-vendre-renove-et-meuble-avec-place-de-parking-a-lista\/\" title=\"Appartement \u00e0 vendre r\u00e9nov\u00e9 et meubl\u00e9 avec place de parking \u00e0 Lista\">Appartement \u00e0 vendre r\u00e9nov\u00e9 et meubl\u00e9 avec place de parking \u00e0 Lista<\/a>\n\t\t<\/h2>\n\t\t<div class=\"espigul-house__item__body__meta\">\n\t\t\t\t\t\t<div class=\"espigul-house__item__body__meta__item\">\n\t\t\t\t<span class=\"espigul-house__item__body__meta__item__label\">Surface<\/span>\n\t\t\t\t<span class=\"espigul-house__item__body__meta__item__value\">\n\t\t\t\t\t81 m<sup>2<\/sup>\t\t\t\t<\/span>\n\t\t\t<\/div>\n\t\t\t\t\t\t<div class=\"espigul-house__item__body__meta__item\">\n\t\t\t\t<span class=\"espigul-house__item__body__meta__item__label\">Chambres<\/span>\n\t\t\t\t<span class=\"espigul-house__item__body__meta__item__value\">\n\t\t\t\t\t2\t\t\t\t<\/span>\n\t\t\t<\/div>\n\t\t\t\t\t\t<div class=\"espigul-house__item__body__meta__item\">\n\t\t\t\t<span class=\"espigul-house__item__body__meta__item__label\">Salles de bains<\/span>\n\t\t\t\t<span class=\"espigul-house__item__body__meta__item__value\">\n\t\t\t\t\t2\t\t\t\t<\/span>\n\t\t\t<\/div>\n\t\t\t\t\t<\/div>\n\t<\/div>\n<\/div>\n\t\t\t\t\t<\/li>\n\t\t\t\t\t\t\t\t\t\t<li class=\"splide__slide\">\n\t\t\t\t\t<div class=\"espigul-house__item cursor-pointer\" onClick=\"window.location.assign('https:\/\/www.espigul.com\/fr\/immobles\/superbe-appartement-a-vendre-a-goya-avec-balcons-et-terrasse\/');\">\n\t<div class=\"espigul-house__item__gallery espigul-house__item__photo\" x-data=\"{ active : 0, total: 2 }\">\n\t\t\t\t<ul class=\"espigul-house__item__gallery__items\">\n\t\t\t\t\t\t\t<li class=\"espigul-house__item__gallery__items__item\" x-bind:class=\"0 == active ? 'espigul-house__item__gallery__items__item--active': ''\">\n\t\t\t\t\t<img decoding=\"async\" src=\"https:\/\/www.espigul.com\/wp-content\/uploads\/2026\/04\/estupenda-vivienda-en-venta-en-goya-con-balcones-y-terraza-25933384-1300x868.webp\" alt=\"Superbe appartement \u00e0 vendre \u00e0 Goya avec balcons et terrasse.\" loading=\"lazy\" width=\"100%\" height=\"auto\">\n\t\t\t\t<\/li>\n\t\t\t\t\t\t\t<li class=\"espigul-house__item__gallery__items__item\" x-bind:class=\"1 == active ? 'espigul-house__item__gallery__items__item--active': ''\">\n\t\t\t\t\t<img decoding=\"async\" src=\"https:\/\/www.espigul.com\/wp-content\/uploads\/2026\/04\/estupenda-vivienda-en-venta-en-goya-con-balcones-y-terraza-25933382-1300x1022.webp\" alt=\"Superbe appartement \u00e0 vendre \u00e0 Goya avec balcons et terrasse.\" loading=\"lazy\" width=\"100%\" height=\"auto\">\n\t\t\t\t<\/li>\n\t\t\t\t\t<\/ul>\n\t\t<ul class=\"espigul-house__item__gallery__dots\">\n\t\t\t\t\t\t\t<li class=\"espigul-house__item__gallery__dots__item\" x-bind:class=\"0 == active ? 'espigul-house__item__gallery__dots__item--active': ''\">\n\t\t\t\t<\/li>\n\t\t\t\t\t\t\t<li class=\"espigul-house__item__gallery__dots__item\" x-bind:class=\"1 == active ? 'espigul-house__item__gallery__dots__item--active': ''\">\n\t\t\t\t<\/li>\n\t\t\t\t\t<\/ul>\n\t\t<button class=\"espigul-house__item__gallery__arrow espigul-house__item__gallery__arrow--left\" aria-label=\"Previous photo\" @click.stop=\"active === 0 ? active = total - 1 : active--\">\n\t\t\t<svg xmlns=\"http:\/\/www.w3.org\/2000\/svg\" viewBox=\"0 0 40 40\" width=\"40\" height=\"40\" focusable=\"false\"><path d=\"m15.5 0.932-4.3 4.38 14.5 14.6-14.5 14.5 4.3 4.4 14.6-14.6 4.4-4.3-4.4-4.4-14.6-14.6z\"><\/path><\/svg>\n\t\t<\/button>\n\t\t<button class=\"espigul-house__item__gallery__arrow espigul-house__item__gallery__arrow--right\" aria-label=\"Next photo\" @click.stop=\"active === total - 1 ? active = 0 : active++\">\n\t\t\t<svg xmlns=\"http:\/\/www.w3.org\/2000\/svg\" viewBox=\"0 0 40 40\" width=\"40\" height=\"40\" focusable=\"false\"><path d=\"m15.5 0.932-4.3 4.38 14.5 14.6-14.5 14.5 4.3 4.4 14.6-14.6 4.4-4.3-4.4-4.4-14.6-14.6z\"><\/path><\/svg>\n\t\t<\/button>\n\t\t<div class=\"espigul-house__item__photo__overlay\">\n\t\t\t<div class=\"espigul-house__item__photo__price\">\n\t\t\t\t3.059.000\u00a0\u20ac\t\t\t<\/div>\n\t\t<\/div>\n\t<\/div>\n\t<div class=\"espigul-house__item__body\">\n\t\t<div class=\"espigul-house__item__body__city\">Madrid<\/div>\n\t\t<h2 class=\"espigul-house__item__body__title flex-grow\">\n\t\t\t<a href=\"https:\/\/www.espigul.com\/fr\/immobles\/superbe-appartement-a-vendre-a-goya-avec-balcons-et-terrasse\/\" title=\"Superbe appartement \u00e0 vendre \u00e0 Goya avec balcons et terrasse.\">Superbe appartement \u00e0 vendre \u00e0 Goya avec balcons et terrasse.<\/a>\n\t\t<\/h2>\n\t\t<div class=\"espigul-house__item__body__meta\">\n\t\t\t\t\t\t<div class=\"espigul-house__item__body__meta__item\">\n\t\t\t\t<span class=\"espigul-house__item__body__meta__item__label\">Surface<\/span>\n\t\t\t\t<span class=\"espigul-house__item__body__meta__item__value\">\n\t\t\t\t\t234 m<sup>2<\/sup>\t\t\t\t<\/span>\n\t\t\t<\/div>\n\t\t\t\t\t\t<div class=\"espigul-house__item__body__meta__item\">\n\t\t\t\t<span class=\"espigul-house__item__body__meta__item__label\">Chambres<\/span>\n\t\t\t\t<span class=\"espigul-house__item__body__meta__item__value\">\n\t\t\t\t\t3\t\t\t\t<\/span>\n\t\t\t<\/div>\n\t\t\t\t\t\t<div class=\"espigul-house__item__body__meta__item\">\n\t\t\t\t<span class=\"espigul-house__item__body__meta__item__label\">Salles de bains<\/span>\n\t\t\t\t<span class=\"espigul-house__item__body__meta__item__value\">\n\t\t\t\t\t3\t\t\t\t<\/span>\n\t\t\t<\/div>\n\t\t\t\t\t<\/div>\n\t<\/div>\n<\/div>\n\t\t\t\t\t<\/li>\n\t\t\t\t\t\t\t\t\t\t<li class=\"splide__slide\">\n\t\t\t\t\t<div class=\"espigul-house__item cursor-pointer\" onClick=\"window.location.assign('https:\/\/www.espigul.com\/fr\/immobles\/appartement-spectaculaire-a-vendre-situe-au-troisieme-etage-au-coeur-du-quartier-de-salamanca-secteur-castellana\/');\">\n\t<div class=\"espigul-house__item__gallery espigul-house__item__photo\" x-data=\"{ active : 0, total: 3 }\">\n\t\t\t\t<ul class=\"espigul-house__item__gallery__items\">\n\t\t\t\t\t\t\t<li class=\"espigul-house__item__gallery__items__item\" x-bind:class=\"0 == active ? 'espigul-house__item__gallery__items__item--active': ''\">\n\t\t\t\t\t<img decoding=\"async\" src=\"https:\/\/www.espigul.com\/wp-content\/uploads\/2026\/04\/espectacular-piso-en-venta-situada-en-una-tercera-planta-en-el-corazon-del-barrio-de-salamanca-zona-castellana-25932324-1300x868.webp\" alt=\"Appartement spectaculaire \u00e0 vendre, situ\u00e9 au troisi\u00e8me \u00e9tage, au c\u0153ur du quartier de Salamanca, secteur Castellana.\" loading=\"lazy\" width=\"100%\" height=\"auto\">\n\t\t\t\t<\/li>\n\t\t\t\t\t\t\t<li class=\"espigul-house__item__gallery__items__item\" x-bind:class=\"1 == active ? 'espigul-house__item__gallery__items__item--active': ''\">\n\t\t\t\t\t<img decoding=\"async\" src=\"https:\/\/www.espigul.com\/wp-content\/uploads\/2026\/04\/espectacular-piso-en-venta-situada-en-una-tercera-planta-en-el-corazon-del-barrio-de-salamanca-zona-castellana-25932310-1300x911.webp\" alt=\"Appartement spectaculaire \u00e0 vendre, situ\u00e9 au troisi\u00e8me \u00e9tage, au c\u0153ur du quartier de Salamanca, secteur Castellana.\" loading=\"lazy\" width=\"100%\" height=\"auto\">\n\t\t\t\t<\/li>\n\t\t\t\t\t\t\t<li class=\"espigul-house__item__gallery__items__item\" x-bind:class=\"2 == active ? 'espigul-house__item__gallery__items__item--active': ''\">\n\t\t\t\t\t<img decoding=\"async\" src=\"https:\/\/www.espigul.com\/wp-content\/uploads\/2026\/04\/espectacular-piso-en-venta-situada-en-una-tercera-planta-en-el-corazon-del-barrio-de-salamanca-zona-castellana-25932351-1300x868.webp\" alt=\"Appartement spectaculaire \u00e0 vendre, situ\u00e9 au troisi\u00e8me \u00e9tage, au c\u0153ur du quartier de Salamanca, secteur Castellana.\" loading=\"lazy\" width=\"100%\" height=\"auto\">\n\t\t\t\t<\/li>\n\t\t\t\t\t<\/ul>\n\t\t<ul class=\"espigul-house__item__gallery__dots\">\n\t\t\t\t\t\t\t<li class=\"espigul-house__item__gallery__dots__item\" x-bind:class=\"0 == active ? 'espigul-house__item__gallery__dots__item--active': ''\">\n\t\t\t\t<\/li>\n\t\t\t\t\t\t\t<li class=\"espigul-house__item__gallery__dots__item\" x-bind:class=\"1 == active ? 'espigul-house__item__gallery__dots__item--active': ''\">\n\t\t\t\t<\/li>\n\t\t\t\t\t\t\t<li class=\"espigul-house__item__gallery__dots__item\" x-bind:class=\"2 == active ? 'espigul-house__item__gallery__dots__item--active': ''\">\n\t\t\t\t<\/li>\n\t\t\t\t\t<\/ul>\n\t\t<button class=\"espigul-house__item__gallery__arrow espigul-house__item__gallery__arrow--left\" aria-label=\"Previous photo\" @click.stop=\"active === 0 ? active = total - 1 : active--\">\n\t\t\t<svg xmlns=\"http:\/\/www.w3.org\/2000\/svg\" viewBox=\"0 0 40 40\" width=\"40\" height=\"40\" focusable=\"false\"><path d=\"m15.5 0.932-4.3 4.38 14.5 14.6-14.5 14.5 4.3 4.4 14.6-14.6 4.4-4.3-4.4-4.4-14.6-14.6z\"><\/path><\/svg>\n\t\t<\/button>\n\t\t<button class=\"espigul-house__item__gallery__arrow espigul-house__item__gallery__arrow--right\" aria-label=\"Next photo\" @click.stop=\"active === total - 1 ? active = 0 : active++\">\n\t\t\t<svg xmlns=\"http:\/\/www.w3.org\/2000\/svg\" viewBox=\"0 0 40 40\" width=\"40\" height=\"40\" focusable=\"false\"><path d=\"m15.5 0.932-4.3 4.38 14.5 14.6-14.5 14.5 4.3 4.4 14.6-14.6 4.4-4.3-4.4-4.4-14.6-14.6z\"><\/path><\/svg>\n\t\t<\/button>\n\t\t<div class=\"espigul-house__item__photo__overlay\">\n\t\t\t<div class=\"espigul-house__item__photo__price\">\n\t\t\t\t3.499.000\u00a0\u20ac\t\t\t<\/div>\n\t\t<\/div>\n\t<\/div>\n\t<div class=\"espigul-house__item__body\">\n\t\t<div class=\"espigul-house__item__body__city\">Madrid<\/div>\n\t\t<h2 class=\"espigul-house__item__body__title flex-grow\">\n\t\t\t<a href=\"https:\/\/www.espigul.com\/fr\/immobles\/appartement-spectaculaire-a-vendre-situe-au-troisieme-etage-au-coeur-du-quartier-de-salamanca-secteur-castellana\/\" title=\"Appartement spectaculaire \u00e0 vendre, situ\u00e9 au troisi\u00e8me \u00e9tage, au c\u0153ur du quartier de Salamanca, secteur Castellana.\">Appartement spectaculaire \u00e0 vendre, situ\u00e9 au troisi\u00e8me \u00e9tage, au c\u0153ur du quartier de Salamanca, secteur Castellana.<\/a>\n\t\t<\/h2>\n\t\t<div class=\"espigul-house__item__body__meta\">\n\t\t\t\t\t\t<div class=\"espigul-house__item__body__meta__item\">\n\t\t\t\t<span class=\"espigul-house__item__body__meta__item__label\">Surface<\/span>\n\t\t\t\t<span class=\"espigul-house__item__body__meta__item__value\">\n\t\t\t\t\t293 m<sup>2<\/sup>\t\t\t\t<\/span>\n\t\t\t<\/div>\n\t\t\t\t\t\t<div class=\"espigul-house__item__body__meta__item\">\n\t\t\t\t<span class=\"espigul-house__item__body__meta__item__label\">Chambres<\/span>\n\t\t\t\t<span class=\"espigul-house__item__body__meta__item__value\">\n\t\t\t\t\t5\t\t\t\t<\/span>\n\t\t\t<\/div>\n\t\t\t\t\t\t<div class=\"espigul-house__item__body__meta__item\">\n\t\t\t\t<span class=\"espigul-house__item__body__meta__item__label\">Salles de bains<\/span>\n\t\t\t\t<span class=\"espigul-house__item__body__meta__item__value\">\n\t\t\t\t\t5\t\t\t\t<\/span>\n\t\t\t<\/div>\n\t\t\t\t\t<\/div>\n\t<\/div>\n<\/div>\n\t\t\t\t\t<\/li>\n\t\t\t\t\t\t\t\t<\/ul>\n\t\t<\/div>\n\t<\/div>\n<\/div>\n<script>\n\tdocument.addEventListener( 'DOMContentLoaded', function() {\n\t\tvar main = new Splide( '#carousel-5850247', {\n\t\t\tfixedWidth: '70vw',\n\t\t\tgap: '2rem',\n\t\t\tpagination: false,\n\t\t\tarrows: false,\n\t\t\tpadding: '1rem',\n\t\t\tmediaQuery: 'min',\n\t\t\tbreakpoints: {\n\t\t\t\t720: {\n\t\t\t\t\tfixedWidth: null,\n\t\t\t\t\tperPage: 3,\n\t\t\t\t\tarrows: true,\n\t\t\t\t},\n\t\t}\n\t\t} );\n\t\tmain.mount();\n\t} );\n<\/script>\n<\/div><\/div>\n\n<div class=\"wp-block-uagb-container bg-bezier-50 uagb-block-168a8574 alignfull uagb-is-root-container\"><div class=\"uagb-container-inner-blocks-wrap\">\n<div class=\"wp-block-uagb-container uagb-block-e8291b2b\">\n<div class=\"wp-block-group is-layout-constrained wp-container-core-group-is-layout-93ab80c1 wp-block-group-is-layout-constrained\" style=\"padding-top:0;padding-right:var(--wp--preset--spacing--80);padding-bottom:0;padding-left:0\">\n<h2 class=\"wp-block-heading has-white-color has-text-color\">Votre agence immobili\u00e8re \u00e0 Salamanque pour acheter, vendre ou investir<\/h2>\n\n\n\n<p class=\"has-white-color has-text-color\">Si vous recherchez une <strong>agence immobili\u00e8re \u00e0 Salamanque<\/strong> qui comprend la valeur r\u00e9elle de chaque op\u00e9ration, Esp\u00edgul vous accompagne tout au long du processus. Il ne s&rsquo;agit pas seulement de trouver un bien, mais de vous offrir une vision strat\u00e9gique du march\u00e9. <\/p>\n\n\n\n<p class=\"has-white-color has-text-color\">En tant qu&rsquo;agence immobili\u00e8re \u00e0 Salamanque, nous travaillons aussi bien avec des acheteurs particuliers qu&rsquo;avec des investisseurs \u00e0 la recherche de rentabilit\u00e9 dans l&rsquo;une des zones les plus consolid\u00e9es de Madrid. Nous analysons chaque cas individuellement pour vous offrir des options r\u00e9elles et adapt\u00e9es \u00e0 votre situation. <\/p>\n<\/div>\n<\/div>\n\n\n\n<div class=\"wp-block-uagb-container uagb-block-fb5049af\"><\/div>\n<\/div><\/div>\n\n<div class=\"wp-block-uagb-container uagb-block-2c710113 alignfull uagb-is-root-container\"><div class=\"uagb-container-inner-blocks-wrap\">\n<div class=\"wp-block-uagb-container uagb-block-d85a0760\">\n<div class=\"wp-block-columns is-layout-flex wp-container-core-columns-is-layout-28f84493 wp-block-columns-is-layout-flex\">\n<div class=\"wp-block-column is-layout-flow wp-block-column-is-layout-flow\"><\/div>\n\n\n\n<div class=\"wp-block-column is-layout-flow wp-block-column-is-layout-flow\">\n<figure class=\"wp-block-image aligncenter size-large is-resized\"><img loading=\"lazy\" decoding=\"async\" width=\"36\" height=\"35\" src=\"https:\/\/www.espigul.com\/wp-content\/uploads\/2023\/06\/fiabilitat.svg\" alt=\"\" class=\"wp-image-12618\" style=\"width:57px;height:auto\"\/><\/figure>\n<\/div>\n\n\n\n<div class=\"wp-block-column is-layout-flow wp-block-column-is-layout-flow\"><\/div>\n<\/div>\n\n\n\n<h2 class=\"wp-block-heading has-text-align-center has-medium-font-size\">Services immobiliers \u00e0 Salamanque adapt\u00e9s \u00e0 chaque besoin<\/h2>\n\n\n\n<p class=\"has-text-align-center\">Nous comprenons que chaque client a des objectifs diff\u00e9rents. C&rsquo;est pourquoi notre solution immobili\u00e8re repose sur un service complet qui couvre toutes les phases du processus. <\/p>\n\n\n\n<p>Nous vous accompagnons dans l&rsquo;achat de logements avec des conseils personnalis\u00e9s, dans la vente de propri\u00e9t\u00e9s avec une strat\u00e9gie de positionnement ad\u00e9quate, et dans l&rsquo;investissement immobilier avec une analyse r\u00e9elle de rentabilit\u00e9. De plus, nous offrons un soutien juridique et financier tout au long de l&rsquo;op\u00e9ration. <\/p>\n\n\n\n<p class=\"has-text-align-center\">Notre objectif est de simplifier chaque \u00e9tape et de garantir que vous disposez de toutes les informations n\u00e9cessaires pour prendre des d\u00e9cisions en toute confiance.<\/p>\n<\/div>\n<\/div><\/div>\n\n<div class=\"wp-block-uagb-container bg-bezier-50--right uagb-block-58fb33fb alignfull uagb-is-root-container\"><div class=\"uagb-container-inner-blocks-wrap\">\n<div class=\"wp-block-uagb-container uagb-block-4889659d alignfull uagb-is-root-container\"><div class=\"uagb-container-inner-blocks-wrap\"><\/div><\/div>\n\n\n\n<div class=\"wp-block-uagb-container uagb-block-68e4dbd5\">\n<div class=\"wp-block-group is-layout-constrained wp-container-core-group-is-layout-76b72ade wp-block-group-is-layout-constrained\" style=\"padding-top:0;padding-right:0;padding-bottom:0;padding-left:0\">\n<h2 class=\"wp-block-heading has-white-color has-text-color\">Pourquoi faire confiance \u00e0 une agence immobili\u00e8re exp\u00e9riment\u00e9e \u00e0 Salamanque<\/h2>\n\n\n\n<p>Choisir parmi diff\u00e9rentes <strong>agences immobili\u00e8res \u00e0 Salamanque<\/strong> peut g\u00e9n\u00e9rer des doutes, mais l&rsquo;exp\u00e9rience fait la diff\u00e9rence. Chez Esp\u00edgul, nous avons plus de 35 ans d&rsquo;exp\u00e9rience dans le secteur, offrant un service bas\u00e9 sur le professionnalisme, la transparence et la proximit\u00e9. <\/p>\n\n\n\n<p>Nous sommes une agence immobili\u00e8re pr\u00e9sente dans diff\u00e9rentes zones comme G\u00e9rone, la Costa Brava, Barcelone, le Maresme, Madrid ou Andorre. Cette couverture nous permet d&rsquo;apporter une vision globale du march\u00e9 et de nous adapter aux clients locaux comme internationaux. <\/p>\n\n\n\n<p>Cette exp\u00e9rience nous positionne comme une option solide parmi les agences immobili\u00e8res de Salamanque, en particulier pour ceux qui recherchent s\u00e9curit\u00e9 et un accompagnement r\u00e9el.<\/p>\n<\/div>\n<\/div>\n<\/div><\/div>\n\n<div class=\"wp-block-uagb-container uagb-block-419f7f7e alignwide uagb-is-root-container\">\n<div class=\"wp-block-uagb-container uagb-block-da128846\">\n<div class=\"wp-block-columns is-layout-flex wp-container-core-columns-is-layout-28f84493 wp-block-columns-is-layout-flex\">\n<div class=\"wp-block-column is-layout-flow wp-block-column-is-layout-flow\">\n<figure class=\"wp-block-image aligncenter size-full is-resized\"><img loading=\"lazy\" decoding=\"async\" width=\"888\" height=\"220\" src=\"https:\/\/www.espigul.com\/wp-content\/uploads\/2025\/10\/ESPIGUL_Logo-Black-1.png\" alt=\"\" class=\"wp-image-212935\" style=\"width:218px;height:auto\" srcset=\"https:\/\/www.espigul.com\/wp-content\/uploads\/2025\/10\/ESPIGUL_Logo-Black-1.png 888w, https:\/\/www.espigul.com\/wp-content\/uploads\/2025\/10\/ESPIGUL_Logo-Black-1-400x99.png 400w, https:\/\/www.espigul.com\/wp-content\/uploads\/2025\/10\/ESPIGUL_Logo-Black-1-768x190.png 768w\" sizes=\"auto, (max-width: 888px) 100vw, 888px\" \/><\/figure>\n\n\n\n<h2 class=\"wp-block-heading has-text-align-center has-medium-font-size\">Vivre ou investir \u00e0 Salamanque : une opportunit\u00e9 strat\u00e9gique \u00e0 Madrid<\/h2>\n\n\n\n<p class=\"has-text-align-center\">Le quartier de Salamanque est l&rsquo;une des zones les plus exclusives et stables de Madrid. Sa combinaison d&#8217;emplacement, de services, d&rsquo;offre commerciale et de valeur patrimoniale en fait un pari s\u00fbr, tant pour une r\u00e9sidence principale que pour un investissement. <\/p>\n\n\n\n<p>Travailler avec une agence immobili\u00e8re \u00e0 Salamanque ayant une connaissance du march\u00e9 local vous permet d&rsquo;acc\u00e9der \u00e0 de r\u00e9elles opportunit\u00e9s et d&rsquo;anticiper les dynamiques du secteur.<\/p>\n\n\n\n<p class=\"has-text-align-center\">Si vous envisagez de franchir le pas sur ce march\u00e9, faire appel \u00e0 une solution immobili\u00e8re \u00e0 Salamanque comme celle propos\u00e9e par Esp\u00edgul vous permettra d&rsquo;avancer avec s\u00e9curit\u00e9 et discernement.<\/p>\n\n\n\n<p class=\"has-text-align-center\">Contactez notre \u00e9quipe et nous vous conseillerons tout au long du processus !<\/p>\n<\/div>\n<\/div>\n<\/div>\n<\/div>\n\n<div class=\"wp-block-uagb-container uagb-block-24de5ec9 alignfull uagb-is-root-container\"><div class=\"uagb-container-inner-blocks-wrap\">\n<div class=\"wp-block-uagb-container uagb-block-e8496523\">\n<div class=\"wp-block-uagb-advanced-heading uagb-block-a718f958\"><h2 class=\"uagb-heading-text\">Contactez-nous<\/h2><\/div>\n\n\n\n<div class=\"wp-block-contact-form-7-contact-form-selector\">\n<div class=\"wpcf7 no-js\" id=\"wpcf7-f130130-o1\" lang=\"fr-FR\" dir=\"ltr\" data-wpcf7-id=\"130130\">\n<div class=\"screen-reader-response\"><p role=\"status\" aria-live=\"polite\" aria-atomic=\"true\"><\/p> <ul><\/ul><\/div>\n<form action=\"\/fr\/wp-json\/wp\/v2\/pages\/391974#wpcf7-f130130-o1\" method=\"post\" class=\"wpcf7-form init\" aria-label=\"Formulaire de contact\" novalidate=\"novalidate\" data-status=\"init\">\n<fieldset class=\"hidden-fields-container\"><input type=\"hidden\" name=\"_wpcf7\" value=\"130130\" \/><input type=\"hidden\" name=\"_wpcf7_version\" value=\"6.1.5\" \/><input type=\"hidden\" name=\"_wpcf7_locale\" value=\"fr_FR\" \/><input type=\"hidden\" name=\"_wpcf7_unit_tag\" value=\"wpcf7-f130130-o1\" \/><input type=\"hidden\" name=\"_wpcf7_container_post\" value=\"0\" \/><input type=\"hidden\" name=\"_wpcf7_posted_data_hash\" value=\"\" \/><input type=\"hidden\" name=\"_wpcf7_recaptcha_response\" value=\"\" \/>\n<\/fieldset>\n<h3>Formulaire de contact<\/h3>\n<div class=\"contact-form__cols contact-form__cols--2\">\n<div class=\"contact-form__cols__col\">\n<label> <span class=\"contact-form-required\">Nom et pr\u00e9nom<\/span>\n    <span class=\"wpcf7-form-control-wrap\" data-name=\"your-name\"><input size=\"40\" maxlength=\"400\" class=\"wpcf7-form-control wpcf7-text\" autocomplete=\"name\" aria-invalid=\"false\" value=\"\" type=\"text\" name=\"your-name\" \/><\/span> <\/label>\n<\/div> \n<div class=\"contact-form__cols__col\">\n<label> Type de bien<\/span>\n     <span class=\"wpcf7-form-control-wrap\" data-name=\"your-type\"><select class=\"wpcf7-form-control wpcf7-select\" aria-invalid=\"false\" name=\"your-type\"><option value=\"Appartement\">Appartement<\/option><option value=\"Maison\">Maison<\/option><option value=\"Local commercial\">Local commercial<\/option><option value=\"Garage\">Garage<\/option><\/select><\/span> <\/label>\n<\/div> \n<\/div>\n\n<div class=\"contact-form__cols contact-form__cols--2\">\n\n<div class=\"contact-form__cols__col\"> <label> \n<span class=\"contact-form-required\">Adresse e-mail<\/span>\n    <span class=\"wpcf7-form-control-wrap\" data-name=\"your-email\"><input size=\"40\" maxlength=\"400\" class=\"wpcf7-form-control wpcf7-email wpcf7-validates-as-required wpcf7-text wpcf7-validates-as-email\" autocomplete=\"email\" aria-required=\"true\" aria-invalid=\"false\" value=\"\" type=\"email\" name=\"your-email\" \/><\/span> <\/label>\n<\/div>\n<div class=\"contact-form__cols__col\">\n<label>Op\u00e9ration<\/span>\n<span class=\"wpcf7-form-control-wrap\" data-name=\"your-operation\"><select class=\"wpcf7-form-control wpcf7-select\" aria-invalid=\"false\" name=\"your-operation\"><option value=\"Location\">Location<\/option><option value=\"Vente\">Vente<\/option><\/select><\/span> <\/label>\n<\/div> \n<\/div>\n<div class=\"contact-form__cols contact-form__cols--2\">\n<div class=\"contact-form__cols__col\">\n<label><span class=\"contact-form-required\">T\u00e9l\u00e9phone<\/span>\n    <span class=\"wpcf7-form-control-wrap\" data-name=\"your-phone\"><input size=\"40\" maxlength=\"400\" class=\"wpcf7-form-control wpcf7-tel wpcf7-validates-as-required wpcf7-text wpcf7-validates-as-tel\" aria-required=\"true\" aria-invalid=\"false\" value=\"\" type=\"tel\" name=\"your-phone\" \/><\/span> <\/label>\n<\/div> \n<div class=\"contact-form__cols__col\">\n<label> Prix maximal\n     <span class=\"wpcf7-form-control-wrap\" data-name=\"your-price\"><input size=\"40\" maxlength=\"400\" class=\"wpcf7-form-control wpcf7-text\" aria-invalid=\"false\" value=\"\" type=\"text\" name=\"your-price\" \/><\/span> <\/label>\n<\/div> \n<\/div>\n<div class=\"contact-form__cols contact-form__cols--2\">\n<div class=\"contact-form__cols__col\">\n<label> Ville\n    <span class=\"wpcf7-form-control-wrap\" data-name=\"your-location\"><input size=\"40\" maxlength=\"400\" class=\"wpcf7-form-control wpcf7-text\" aria-invalid=\"false\" value=\"\" type=\"text\" name=\"your-location\" \/><\/span> <\/label>\n<\/div> \n<div class=\"contact-form__cols__col\">\n<label> Zone\n     <span class=\"wpcf7-form-control-wrap\" data-name=\"your-zone\"><input size=\"40\" maxlength=\"400\" class=\"wpcf7-form-control wpcf7-text\" aria-invalid=\"false\" value=\"\" type=\"text\" name=\"your-zone\" \/><\/span> <\/label>\n<\/div> \n<\/div>\n\n\n\n\n\n<label> <span class=\"contact-form-required\">Message<\/span>\n    <span class=\"wpcf7-form-control-wrap\" data-name=\"your-message\"><textarea cols=\"40\" rows=\"10\" maxlength=\"2000\" class=\"wpcf7-form-control wpcf7-textarea\" aria-invalid=\"false\" name=\"your-message\"><\/textarea><\/span> <\/label>\n<label class=\"contact-form__checkbox\"> <span class=\"wpcf7-form-control-wrap\" data-name=\"acceptance-\"><span class=\"wpcf7-form-control wpcf7-acceptance\"><span class=\"wpcf7-list-item\"><input type=\"checkbox\" name=\"acceptance-\" value=\"1\" aria-invalid=\"false\" \/><\/span><\/span><\/span> <span class=\"contact-form-required\">J'ai lu et j'accepte les conditions l\u00e9gales et la politique de confidentialit\u00e9.<\/span>\n<\/label>\n\n\n<input class=\"wpcf7-form-control wpcf7-submit has-spinner\" type=\"submit\" value=\"Enviar\" \/><div class=\"wpcf7-response-output\" aria-hidden=\"true\"><\/div>\n<\/form>\n<\/div>\n<\/div>\n<\/div>\n<\/div><\/div>\n","protected":false},"excerpt":{"rendered":"<p>Solution immobili\u00e8re \u00e0 Salamanque Trouver une solution immobili\u00e8re \u00e0 Salamanque qui s&rsquo;adapte r\u00e9ellement \u00e0 vos besoins n&rsquo;est pas toujours facile. Que vous souhaitiez acheter, vendre ou investir dans l&rsquo;un des quartiers les plus exclusifs de Madrid, faire appel \u00e0 une agence immobili\u00e8re exp\u00e9riment\u00e9e et connaissant le march\u00e9 est essentiel pour prendre des d\u00e9cisions \u00e9clair\u00e9es. Chez&#8230;<\/p>\n","protected":false},"author":2,"featured_media":0,"parent":0,"menu_order":0,"comment_status":"closed","ping_status":"closed","template":"","meta":{"_acf_changed":false,"_uag_custom_page_level_css":"","footnotes":""},"class_list":["post-391974","page","type-page","status-publish","hentry"],"acf":[],"yoast_head":"<!-- This site is optimized with the Yoast SEO plugin v27.5 - https:\/\/yoast.com\/product\/yoast-seo-wordpress\/ -->\n<title>Solution immobili\u00e8re \u00e0 Salamanque - Esp\u00edgul<\/title>\n<meta name=\"description\" content=\"Solution immobili\u00e8re \u00e0 Salamanque avec un accompagnement professionnel pour acheter, vendre ou investir. Agence immobili\u00e8re avec plus de 35 ans d&#039;exp\u00e9rience.\" \/>\n<meta name=\"robots\" content=\"index, follow, max-snippet:-1, max-image-preview:large, max-video-preview:-1\" \/>\n<link rel=\"canonical\" href=\"https:\/\/www.espigul.com\/fr\/solution-immobiliere-a-salamanque\/\" \/>\n<meta property=\"og:locale\" content=\"fr_FR\" \/>\n<meta property=\"og:type\" content=\"article\" \/>\n<meta property=\"og:title\" content=\"Solution immobili\u00e8re \u00e0 Salamanque - Esp\u00edgul\" \/>\n<meta property=\"og:description\" content=\"Solution immobili\u00e8re \u00e0 Salamanque avec un accompagnement professionnel pour acheter, vendre ou investir. Agence immobili\u00e8re avec plus de 35 ans d&#039;exp\u00e9rience.\" \/>\n<meta property=\"og:url\" content=\"https:\/\/www.espigul.com\/fr\/solution-immobiliere-a-salamanque\/\" \/>\n<meta property=\"og:site_name\" content=\"Esp\u00edgul\" \/>\n<meta property=\"article:modified_time\" content=\"2026-04-21T09:58:39+00:00\" \/>\n<meta property=\"og:image\" content=\"https:\/\/www.espigul.com\/wp-content\/uploads\/2023\/06\/fiabilitat.svg\" \/>\n<meta name=\"twitter:card\" content=\"summary_large_image\" \/>\n<meta name=\"twitter:label1\" content=\"Dur\u00e9e de lecture estim\u00e9e\" \/>\n\t<meta name=\"twitter:data1\" content=\"3 minutes\" \/>\n<script type=\"application\/ld+json\" class=\"yoast-schema-graph\">{\"@context\":\"https:\\\/\\\/schema.org\",\"@graph\":[{\"@type\":\"WebPage\",\"@id\":\"https:\\\/\\\/www.espigul.com\\\/fr\\\/solution-immobiliere-a-salamanque\\\/\",\"url\":\"https:\\\/\\\/www.espigul.com\\\/fr\\\/solution-immobiliere-a-salamanque\\\/\",\"name\":\"Solution immobili\u00e8re \u00e0 Salamanque - Esp\u00edgul\",\"isPartOf\":{\"@id\":\"https:\\\/\\\/www.espigul.com\\\/fr\\\/#website\"},\"primaryImageOfPage\":{\"@id\":\"https:\\\/\\\/www.espigul.com\\\/fr\\\/solution-immobiliere-a-salamanque\\\/#primaryimage\"},\"image\":{\"@id\":\"https:\\\/\\\/www.espigul.com\\\/fr\\\/solution-immobiliere-a-salamanque\\\/#primaryimage\"},\"thumbnailUrl\":\"https:\\\/\\\/www.espigul.com\\\/wp-content\\\/uploads\\\/2023\\\/06\\\/fiabilitat.svg\",\"datePublished\":\"2026-04-13T10:21:49+00:00\",\"dateModified\":\"2026-04-21T09:58:39+00:00\",\"description\":\"Solution immobili\u00e8re \u00e0 Salamanque avec un accompagnement professionnel pour acheter, vendre ou investir. Agence immobili\u00e8re avec plus de 35 ans d'exp\u00e9rience.\",\"breadcrumb\":{\"@id\":\"https:\\\/\\\/www.espigul.com\\\/fr\\\/solution-immobiliere-a-salamanque\\\/#breadcrumb\"},\"inLanguage\":\"fr-FR\",\"potentialAction\":[{\"@type\":\"ReadAction\",\"target\":[\"https:\\\/\\\/www.espigul.com\\\/fr\\\/solution-immobiliere-a-salamanque\\\/\"]}]},{\"@type\":\"ImageObject\",\"inLanguage\":\"fr-FR\",\"@id\":\"https:\\\/\\\/www.espigul.com\\\/fr\\\/solution-immobiliere-a-salamanque\\\/#primaryimage\",\"url\":\"https:\\\/\\\/www.espigul.com\\\/wp-content\\\/uploads\\\/2023\\\/06\\\/fiabilitat.svg\",\"contentUrl\":\"https:\\\/\\\/www.espigul.com\\\/wp-content\\\/uploads\\\/2023\\\/06\\\/fiabilitat.svg\"},{\"@type\":\"BreadcrumbList\",\"@id\":\"https:\\\/\\\/www.espigul.com\\\/fr\\\/solution-immobiliere-a-salamanque\\\/#breadcrumb\",\"itemListElement\":[{\"@type\":\"ListItem\",\"position\":1,\"name\":\"Inici\",\"item\":\"https:\\\/\\\/www.espigul.com\\\/fr\\\/\"},{\"@type\":\"ListItem\",\"position\":2,\"name\":\"Solution immobili\u00e8re \u00e0 Salamanque\"}]},{\"@type\":\"WebSite\",\"@id\":\"https:\\\/\\\/www.espigul.com\\\/fr\\\/#website\",\"url\":\"https:\\\/\\\/www.espigul.com\\\/fr\\\/\",\"name\":\"Esp\u00edgul\",\"description\":\"La immobili\u00e0ria l\u00edder de Girona\",\"publisher\":{\"@id\":\"https:\\\/\\\/www.espigul.com\\\/fr\\\/#organization\"},\"potentialAction\":[{\"@type\":\"SearchAction\",\"target\":{\"@type\":\"EntryPoint\",\"urlTemplate\":\"https:\\\/\\\/www.espigul.com\\\/fr\\\/?s={search_term_string}\"},\"query-input\":{\"@type\":\"PropertyValueSpecification\",\"valueRequired\":true,\"valueName\":\"search_term_string\"}}],\"inLanguage\":\"fr-FR\"},{\"@type\":\"Organization\",\"@id\":\"https:\\\/\\\/www.espigul.com\\\/fr\\\/#organization\",\"name\":\"Esp\u00edgul\",\"url\":\"https:\\\/\\\/www.espigul.com\\\/fr\\\/\",\"logo\":{\"@type\":\"ImageObject\",\"inLanguage\":\"fr-FR\",\"@id\":\"https:\\\/\\\/www.espigul.com\\\/fr\\\/#\\\/schema\\\/logo\\\/image\\\/\",\"url\":\"https:\\\/\\\/www.espigul.com\\\/wp-content\\\/uploads\\\/2023\\\/08\\\/espigul-block.png\",\"contentUrl\":\"https:\\\/\\\/www.espigul.com\\\/wp-content\\\/uploads\\\/2023\\\/08\\\/espigul-block.png\",\"width\":384,\"height\":240,\"caption\":\"Esp\u00edgul\"},\"image\":{\"@id\":\"https:\\\/\\\/www.espigul.com\\\/fr\\\/#\\\/schema\\\/logo\\\/image\\\/\"},\"sameAs\":[\"https:\\\/\\\/www.instagram.com\\\/immoespigul\\\/\",\"https:\\\/\\\/www.youtube.com\\\/channel\\\/UCYyD-WWfbCFpCXau4SQOGKQ\"]}]}<\/script>\n<!-- \/ Yoast SEO plugin. -->","yoast_head_json":{"title":"Solution immobili\u00e8re \u00e0 Salamanque - Esp\u00edgul","description":"Solution immobili\u00e8re \u00e0 Salamanque avec un accompagnement professionnel pour acheter, vendre ou investir. Agence immobili\u00e8re avec plus de 35 ans d'exp\u00e9rience.","robots":{"index":"index","follow":"follow","max-snippet":"max-snippet:-1","max-image-preview":"max-image-preview:large","max-video-preview":"max-video-preview:-1"},"canonical":"https:\/\/www.espigul.com\/fr\/solution-immobiliere-a-salamanque\/","og_locale":"fr_FR","og_type":"article","og_title":"Solution immobili\u00e8re \u00e0 Salamanque - Esp\u00edgul","og_description":"Solution immobili\u00e8re \u00e0 Salamanque avec un accompagnement professionnel pour acheter, vendre ou investir. Agence immobili\u00e8re avec plus de 35 ans d'exp\u00e9rience.","og_url":"https:\/\/www.espigul.com\/fr\/solution-immobiliere-a-salamanque\/","og_site_name":"Esp\u00edgul","article_modified_time":"2026-04-21T09:58:39+00:00","og_image":[{"url":"https:\/\/www.espigul.com\/wp-content\/uploads\/2023\/06\/fiabilitat.svg","type":"","width":"","height":""}],"twitter_card":"summary_large_image","twitter_misc":{"Dur\u00e9e de lecture estim\u00e9e":"3 minutes"},"schema":{"@context":"https:\/\/schema.org","@graph":[{"@type":"WebPage","@id":"https:\/\/www.espigul.com\/fr\/solution-immobiliere-a-salamanque\/","url":"https:\/\/www.espigul.com\/fr\/solution-immobiliere-a-salamanque\/","name":"Solution immobili\u00e8re \u00e0 Salamanque - Esp\u00edgul","isPartOf":{"@id":"https:\/\/www.espigul.com\/fr\/#website"},"primaryImageOfPage":{"@id":"https:\/\/www.espigul.com\/fr\/solution-immobiliere-a-salamanque\/#primaryimage"},"image":{"@id":"https:\/\/www.espigul.com\/fr\/solution-immobiliere-a-salamanque\/#primaryimage"},"thumbnailUrl":"https:\/\/www.espigul.com\/wp-content\/uploads\/2023\/06\/fiabilitat.svg","datePublished":"2026-04-13T10:21:49+00:00","dateModified":"2026-04-21T09:58:39+00:00","description":"Solution immobili\u00e8re \u00e0 Salamanque avec un accompagnement professionnel pour acheter, vendre ou investir. Agence immobili\u00e8re avec plus de 35 ans d'exp\u00e9rience.","breadcrumb":{"@id":"https:\/\/www.espigul.com\/fr\/solution-immobiliere-a-salamanque\/#breadcrumb"},"inLanguage":"fr-FR","potentialAction":[{"@type":"ReadAction","target":["https:\/\/www.espigul.com\/fr\/solution-immobiliere-a-salamanque\/"]}]},{"@type":"ImageObject","inLanguage":"fr-FR","@id":"https:\/\/www.espigul.com\/fr\/solution-immobiliere-a-salamanque\/#primaryimage","url":"https:\/\/www.espigul.com\/wp-content\/uploads\/2023\/06\/fiabilitat.svg","contentUrl":"https:\/\/www.espigul.com\/wp-content\/uploads\/2023\/06\/fiabilitat.svg"},{"@type":"BreadcrumbList","@id":"https:\/\/www.espigul.com\/fr\/solution-immobiliere-a-salamanque\/#breadcrumb","itemListElement":[{"@type":"ListItem","position":1,"name":"Inici","item":"https:\/\/www.espigul.com\/fr\/"},{"@type":"ListItem","position":2,"name":"Solution immobili\u00e8re \u00e0 Salamanque"}]},{"@type":"WebSite","@id":"https:\/\/www.espigul.com\/fr\/#website","url":"https:\/\/www.espigul.com\/fr\/","name":"Esp\u00edgul","description":"La immobili\u00e0ria l\u00edder de Girona","publisher":{"@id":"https:\/\/www.espigul.com\/fr\/#organization"},"potentialAction":[{"@type":"SearchAction","target":{"@type":"EntryPoint","urlTemplate":"https:\/\/www.espigul.com\/fr\/?s={search_term_string}"},"query-input":{"@type":"PropertyValueSpecification","valueRequired":true,"valueName":"search_term_string"}}],"inLanguage":"fr-FR"},{"@type":"Organization","@id":"https:\/\/www.espigul.com\/fr\/#organization","name":"Esp\u00edgul","url":"https:\/\/www.espigul.com\/fr\/","logo":{"@type":"ImageObject","inLanguage":"fr-FR","@id":"https:\/\/www.espigul.com\/fr\/#\/schema\/logo\/image\/","url":"https:\/\/www.espigul.com\/wp-content\/uploads\/2023\/08\/espigul-block.png","contentUrl":"https:\/\/www.espigul.com\/wp-content\/uploads\/2023\/08\/espigul-block.png","width":384,"height":240,"caption":"Esp\u00edgul"},"image":{"@id":"https:\/\/www.espigul.com\/fr\/#\/schema\/logo\/image\/"},"sameAs":["https:\/\/www.instagram.com\/immoespigul\/","https:\/\/www.youtube.com\/channel\/UCYyD-WWfbCFpCXau4SQOGKQ"]}]}},"uagb_featured_image_src":{"full":false,"thumbnail":false,"medium":false,"medium_large":false,"large":false,"1536x1536":false,"2048x2048":false,"gform-image-choice-sm":false,"gform-image-choice-md":false,"gform-image-choice-lg":false},"uagb_author_info":{"display_name":"Anna Ramon","author_link":"https:\/\/www.espigul.com\/fr\/author\/anna-ramon\/"},"uagb_comment_info":0,"uagb_excerpt":"Solution immobili\u00e8re \u00e0 Salamanque Trouver une solution immobili\u00e8re \u00e0 Salamanque qui s&rsquo;adapte r\u00e9ellement \u00e0 vos besoins n&rsquo;est pas toujours facile. Que vous souhaitiez acheter, vendre ou investir dans l&rsquo;un des quartiers les plus exclusifs de Madrid, faire appel \u00e0 une agence immobili\u00e8re exp\u00e9riment\u00e9e et connaissant le march\u00e9 est essentiel pour prendre des d\u00e9cisions \u00e9clair\u00e9es. Chez...","_links":{"self":[{"href":"https:\/\/www.espigul.com\/fr\/wp-json\/wp\/v2\/pages\/391974","targetHints":{"allow":["GET"]}}],"collection":[{"href":"https:\/\/www.espigul.com\/fr\/wp-json\/wp\/v2\/pages"}],"about":[{"href":"https:\/\/www.espigul.com\/fr\/wp-json\/wp\/v2\/types\/page"}],"author":[{"embeddable":true,"href":"https:\/\/www.espigul.com\/fr\/wp-json\/wp\/v2\/users\/2"}],"replies":[{"embeddable":true,"href":"https:\/\/www.espigul.com\/fr\/wp-json\/wp\/v2\/comments?post=391974"}],"version-history":[{"count":2,"href":"https:\/\/www.espigul.com\/fr\/wp-json\/wp\/v2\/pages\/391974\/revisions"}],"predecessor-version":[{"id":391984,"href":"https:\/\/www.espigul.com\/fr\/wp-json\/wp\/v2\/pages\/391974\/revisions\/391984"}],"wp:attachment":[{"href":"https:\/\/www.espigul.com\/fr\/wp-json\/wp\/v2\/media?parent=391974"}],"curies":[{"name":"wp","href":"https:\/\/api.w.org\/{rel}","templated":true}]}}