{"id":129119,"date":"2024-03-04T11:09:31","date_gmt":"2024-03-04T09:09:31","guid":{"rendered":"https:\/\/www.espigul.com\/appartements-playa-de-aro\/"},"modified":"2025-12-16T11:16:14","modified_gmt":"2025-12-16T09:16:14","slug":"appartements-playa-de-aro","status":"publish","type":"page","link":"https:\/\/www.espigul.com\/fr\/appartements-playa-de-aro\/","title":{"rendered":"Appartements Playa de Aro"},"content":{"rendered":"\n<div class=\"wp-block-uagb-container uagb-block-26595532 alignfull uagb-is-root-container\"><div class=\"uagb-container-inner-blocks-wrap\">\n<h1 class=\"wp-block-heading has-text-align-center has-white-color has-text-color has-link-color wp-elements-e8b8432695555e3a16de3780c892440a\">APPARTEMENTS PLAYA DE ARO<\/h1>\n<\/div><\/div>\n\n\n\n<div class=\"wp-block-uagb-container uagb-block-a68bdb97 alignwide uagb-is-root-container\">\n<div class=\"wp-block-uagb-container uagb-block-6a6817ed\">\n<p class=\"has-text-align-center has-medium-font-size\">Vous recherchez la meilleure offre d&rsquo;appartements \u00e0 Platja d&rsquo;Aro ? D\u00e9couvrez le large \u00e9ventail de propri\u00e9t\u00e9s que nous avons dans cette localit\u00e9 privil\u00e9gi\u00e9e de la Costa Brava ! <\/p>\n\n\n\n<p class=\"has-text-align-center has-medium-font-size\">Appartements et appartements avec une grande vari\u00e9t\u00e9 de caract\u00e9ristiques tr\u00e8s attrayantes pour faire de votre prochain investissement une op\u00e9ration tr\u00e8s int\u00e9ressante.<\/p>\n<\/div>\n\n\n\n<div class=\"wp-block-uagb-container uagb-block-e10f2f60 alignfull uagb-is-root-container\"><div class=\"uagb-container-inner-blocks-wrap\">\n<div class=\"wp-block-uagb-advanced-heading uagb-block-532832d4\"><h2 class=\"uagb-heading-text\">Appartements en vedette \u00e0 Playa de Aro<\/h2><\/div>\n\n\n<div class=\"espigul-slider wp-block-espigul-espigul-slider\">\n\t<div id=\"carousel-1857928\" class=\"splide\">\n\t\t<div class=\"splide__track\">\n\t\t\t<ul class=\"splide__list\">\n\t\t\t\t\t\t<\/ul>\n\t\t<\/div>\n\t<\/div>\n<\/div>\n<script>\n\tdocument.addEventListener( 'DOMContentLoaded', function() {\n\t\tvar main = new Splide( '#carousel-1857928', {\n\t\t\tfixedWidth: '70vw',\n\t\t\tgap: '2rem',\n\t\t\tpagination: false,\n\t\t\tarrows: false,\n\t\t\tpadding: '1rem',\n\t\t\tmediaQuery: 'min',\n\t\t\tbreakpoints: {\n\t\t\t\t720: {\n\t\t\t\t\tfixedWidth: null,\n\t\t\t\t\tperPage: 3,\n\t\t\t\t\tarrows: true,\n\t\t\t\t},\n\t\t}\n\t\t} );\n\t\tmain.mount();\n\t} );\n<\/script>\n<\/div><\/div>\n<\/div>\n\n\n\n<div class=\"wp-block-uagb-container bg-bezier-50 uagb-block-168a8574 alignfull uagb-is-root-container\"><div class=\"uagb-container-inner-blocks-wrap\">\n<div class=\"wp-block-uagb-container uagb-block-e8291b2b\">\n<div class=\"wp-block-group is-layout-constrained wp-container-core-group-is-layout-93ab80c1 wp-block-group-is-layout-constrained\" style=\"padding-top:0;padding-right:var(--wp--preset--spacing--80);padding-bottom:0;padding-left:0\">\n<h2 class=\"wp-block-heading has-white-color has-text-color\">Vente d&rsquo;appartements \u00e0 Playa de Aro<\/h2>\n\n\n\n<p class=\"has-white-color has-text-color\">Playa de Aro est l&rsquo;une des localit\u00e9s les plus connues de la Costa Brava, gr\u00e2ce \u00e0 ses plages et \u00e0 la grande offre d&rsquo;activit\u00e9s de loisirs qui invitent \u00e0 profiter d&rsquo;une ambiance d\u00e9tendue.<\/p>\n\n\n\n<p class=\"has-white-color has-text-color\">C&rsquo;est une commune qui se distingue par sa proximit\u00e9 avec les villes de Barcelone et G\u00e9rone, \u00e0 un peu plus d&rsquo;une heure de la fronti\u00e8re avec la France. Playa de Aro est l&rsquo;endroit id\u00e9al pour vivre en famille ou pour investir dans une r\u00e9sidence secondaire afin de profiter des \u00e9t\u00e9s agr\u00e9ables sur la c\u00f4te m\u00e9diterran\u00e9enne. <\/p>\n<\/div>\n<\/div>\n\n\n\n<div class=\"wp-block-uagb-container uagb-block-fb5049af\"><\/div>\n<\/div><\/div>\n\n\n\n<div class=\"wp-block-uagb-container uagb-block-0bd962e7 alignwide uagb-is-root-container\">\n<div class=\"wp-block-uagb-container uagb-block-da137785\">\n<p class=\"has-text-align-center has-medium-font-size\">Trouvez votre prochaine propri\u00e9t\u00e9 \u00e0 Playa de Aro avec Esp\u00edgul. Dans notre portefeuille de propri\u00e9t\u00e9s, vous pourrez trouver des appartements \u00e0 vendre \u00e0 Playa de Aro en premi\u00e8re ligne de mer avec des installations modernes et spacieuses, des appartements unifamiliaux de diff\u00e9rentes pi\u00e8ces, des propri\u00e9t\u00e9s avec parking inclus et zones communes, des appartements avec piscine \u00e0 Playa de Aro\u2026 <\/p>\n\n\n\n<p class=\"has-text-align-center has-medium-font-size\">N&rsquo;h\u00e9sitez plus et jetez un coup d&rsquo;\u0153il \u00e0 notre catalogue d&rsquo;appartements, de maisons et d&rsquo;appartements \u00e0 vendre \u00e0 Playa de Aro !<\/p>\n<\/div>\n<\/div>\n\n\n\n<div class=\"wp-block-uagb-container bg-bezier-50--right uagb-block-58fb33fb alignfull uagb-is-root-container\"><div class=\"uagb-container-inner-blocks-wrap\">\n<div class=\"wp-block-uagb-container uagb-block-4889659d alignfull uagb-is-root-container\"><div class=\"uagb-container-inner-blocks-wrap\"><\/div><\/div>\n\n\n\n<div class=\"wp-block-uagb-container uagb-block-68e4dbd5\">\n<div class=\"wp-block-group is-layout-constrained wp-container-core-group-is-layout-76b72ade wp-block-group-is-layout-constrained\" style=\"padding-top:0;padding-right:0;padding-bottom:0;padding-left:0\">\n<h2 class=\"wp-block-heading has-white-color has-text-color\">Appartements, maisons et appartements \u00e0 vendre \u00e0 Playa de Aro<\/h2>\n\n\n\n<p>Investir dans une propri\u00e9t\u00e9 dans cette localit\u00e9 c\u00f4ti\u00e8re vous permettra de profiter de tous les avantages de vivre pr\u00e8s d&rsquo;une zone touristique, avec une large offre de services tels que des centres \u00e9ducatifs, des supermarch\u00e9s, des espaces de loisirs et une offre gastronomique internationale exquise.<\/p>\n\n\n\n<p>Caract\u00e9ris\u00e9e par son ambiance agr\u00e9able et son beau temps, pendant la saison estivale, vous pourrez \u00e9galement profiter de plages et de criques aux eaux cristallines et de rues pleines de vie et de divertissement.<\/p>\n<\/div>\n<\/div>\n<\/div><\/div>\n\n\n\n<div class=\"wp-block-uagb-container uagb-block-9e1cedfc alignwide uagb-is-root-container\">\n<div class=\"wp-block-uagb-container uagb-block-223031ab\">\n<div class=\"wp-block-columns is-layout-flex wp-container-core-columns-is-layout-28f84493 wp-block-columns-is-layout-flex\">\n<div class=\"wp-block-column is-layout-flow wp-block-column-is-layout-flow\">\n<figure class=\"wp-block-image aligncenter size-full is-resized\"><img decoding=\"async\" src=\"https:\/\/www.espigul.com\/wp-content\/uploads\/2025\/12\/ESPIGUL_Logo-Black-1.png\" alt=\"\" class=\"wp-image-335168\" style=\"aspect-ratio:4.036514522821577;width:207px;height:auto\"\/><\/figure>\n\n\n\n<div class=\"wp-block-uagb-advanced-heading uagb-block-23f567ef\"><h2 class=\"uagb-heading-text\">Acheter un appartement \u00e0 Playa de Aro<\/h2><\/div>\n\n\n\n<p class=\"has-text-align-center has-medium-font-size\">Trouvez, avec l&rsquo;aide de notre agence immobili\u00e8re, votre futur logement \u00e0 Playa de Aro, qu&rsquo;il soit neuf ou d&rsquo;occasion, de mani\u00e8re facile et s\u00fbre.<\/p>\n\n\n\n<p class=\"has-text-align-center has-medium-font-size\">Notre \u00e9quipe de conseillers vous guidera \u00e0 chaque \u00e9tape du processus afin que vous trouviez la propri\u00e9t\u00e9 \u00e0 Playa de Aro qui correspond le mieux \u00e0 vos besoins.<\/p>\n<\/div>\n<\/div>\n<\/div>\n<\/div>\n\n\n\n<div class=\"wp-block-uagb-container uagb-block-24de5ec9 alignfull uagb-is-root-container\"><div class=\"uagb-container-inner-blocks-wrap\">\n<div class=\"wp-block-uagb-container uagb-block-e8496523\">\n<div class=\"wp-block-uagb-advanced-heading uagb-block-a718f958\"><h2 class=\"uagb-heading-text\">Contactez-nous<\/h2><\/div>\n\n\n\n<div class=\"wp-block-contact-form-7-contact-form-selector\">\n<div class=\"wpcf7 no-js\" id=\"wpcf7-f130130-o1\" lang=\"fr-FR\" dir=\"ltr\" data-wpcf7-id=\"130130\">\n<div class=\"screen-reader-response\"><p role=\"status\" aria-live=\"polite\" aria-atomic=\"true\"><\/p> <ul><\/ul><\/div>\n<form action=\"\/fr\/wp-json\/wp\/v2\/pages\/129119#wpcf7-f130130-o1\" method=\"post\" class=\"wpcf7-form init\" aria-label=\"Formulaire de contact\" novalidate=\"novalidate\" data-status=\"init\">\n<fieldset class=\"hidden-fields-container\"><input type=\"hidden\" name=\"_wpcf7\" value=\"130130\" \/><input type=\"hidden\" name=\"_wpcf7_version\" value=\"6.1.5\" \/><input type=\"hidden\" name=\"_wpcf7_locale\" value=\"fr_FR\" \/><input type=\"hidden\" name=\"_wpcf7_unit_tag\" value=\"wpcf7-f130130-o1\" \/><input type=\"hidden\" name=\"_wpcf7_container_post\" value=\"0\" \/><input type=\"hidden\" name=\"_wpcf7_posted_data_hash\" value=\"\" \/><input type=\"hidden\" name=\"_wpcf7_recaptcha_response\" value=\"\" \/>\n<\/fieldset>\n<h3>Formulaire de contact<\/h3>\n<div class=\"contact-form__cols contact-form__cols--2\">\n<div class=\"contact-form__cols__col\">\n<label> <span class=\"contact-form-required\">Nom et pr\u00e9nom<\/span>\n    <span class=\"wpcf7-form-control-wrap\" data-name=\"your-name\"><input size=\"40\" maxlength=\"400\" class=\"wpcf7-form-control wpcf7-text\" autocomplete=\"name\" aria-invalid=\"false\" value=\"\" type=\"text\" name=\"your-name\" \/><\/span> <\/label>\n<\/div> \n<div class=\"contact-form__cols__col\">\n<label> Type de bien<\/span>\n     <span class=\"wpcf7-form-control-wrap\" data-name=\"your-type\"><select class=\"wpcf7-form-control wpcf7-select\" aria-invalid=\"false\" name=\"your-type\"><option value=\"Appartement\">Appartement<\/option><option value=\"Maison\">Maison<\/option><option value=\"Local commercial\">Local commercial<\/option><option value=\"Garage\">Garage<\/option><\/select><\/span> <\/label>\n<\/div> \n<\/div>\n\n<div class=\"contact-form__cols contact-form__cols--2\">\n\n<div class=\"contact-form__cols__col\"> <label> \n<span class=\"contact-form-required\">Adresse e-mail<\/span>\n    <span class=\"wpcf7-form-control-wrap\" data-name=\"your-email\"><input size=\"40\" maxlength=\"400\" class=\"wpcf7-form-control wpcf7-email wpcf7-validates-as-required wpcf7-text wpcf7-validates-as-email\" autocomplete=\"email\" aria-required=\"true\" aria-invalid=\"false\" value=\"\" type=\"email\" name=\"your-email\" \/><\/span> <\/label>\n<\/div>\n<div class=\"contact-form__cols__col\">\n<label>Op\u00e9ration<\/span>\n<span class=\"wpcf7-form-control-wrap\" data-name=\"your-operation\"><select class=\"wpcf7-form-control wpcf7-select\" aria-invalid=\"false\" name=\"your-operation\"><option value=\"Location\">Location<\/option><option value=\"Vente\">Vente<\/option><\/select><\/span> <\/label>\n<\/div> \n<\/div>\n<div class=\"contact-form__cols contact-form__cols--2\">\n<div class=\"contact-form__cols__col\">\n<label><span class=\"contact-form-required\">T\u00e9l\u00e9phone<\/span>\n    <span class=\"wpcf7-form-control-wrap\" data-name=\"your-phone\"><input size=\"40\" maxlength=\"400\" class=\"wpcf7-form-control wpcf7-tel wpcf7-validates-as-required wpcf7-text wpcf7-validates-as-tel\" aria-required=\"true\" aria-invalid=\"false\" value=\"\" type=\"tel\" name=\"your-phone\" \/><\/span> <\/label>\n<\/div> \n<div class=\"contact-form__cols__col\">\n<label> Prix maximal\n     <span class=\"wpcf7-form-control-wrap\" data-name=\"your-price\"><input size=\"40\" maxlength=\"400\" class=\"wpcf7-form-control wpcf7-text\" aria-invalid=\"false\" value=\"\" type=\"text\" name=\"your-price\" \/><\/span> <\/label>\n<\/div> \n<\/div>\n<div class=\"contact-form__cols contact-form__cols--2\">\n<div class=\"contact-form__cols__col\">\n<label> Ville\n    <span class=\"wpcf7-form-control-wrap\" data-name=\"your-location\"><input size=\"40\" maxlength=\"400\" class=\"wpcf7-form-control wpcf7-text\" aria-invalid=\"false\" value=\"\" type=\"text\" name=\"your-location\" \/><\/span> <\/label>\n<\/div> \n<div class=\"contact-form__cols__col\">\n<label> Zone\n     <span class=\"wpcf7-form-control-wrap\" data-name=\"your-zone\"><input size=\"40\" maxlength=\"400\" class=\"wpcf7-form-control wpcf7-text\" aria-invalid=\"false\" value=\"\" type=\"text\" name=\"your-zone\" \/><\/span> <\/label>\n<\/div> \n<\/div>\n\n\n\n\n\n<label> <span class=\"contact-form-required\">Message<\/span>\n    <span class=\"wpcf7-form-control-wrap\" data-name=\"your-message\"><textarea cols=\"40\" rows=\"10\" maxlength=\"2000\" class=\"wpcf7-form-control wpcf7-textarea\" aria-invalid=\"false\" name=\"your-message\"><\/textarea><\/span> <\/label>\n<label class=\"contact-form__checkbox\"> <span class=\"wpcf7-form-control-wrap\" data-name=\"acceptance-\"><span class=\"wpcf7-form-control wpcf7-acceptance\"><span class=\"wpcf7-list-item\"><input type=\"checkbox\" name=\"acceptance-\" value=\"1\" aria-invalid=\"false\" \/><\/span><\/span><\/span> <span class=\"contact-form-required\">J'ai lu et j'accepte les conditions l\u00e9gales et la politique de confidentialit\u00e9.<\/span>\n<\/label>\n\n\n<input class=\"wpcf7-form-control wpcf7-submit has-spinner\" type=\"submit\" value=\"Enviar\" \/><div class=\"wpcf7-response-output\" aria-hidden=\"true\"><\/div>\n<\/form>\n<\/div>\n<\/div>\n<\/div>\n<\/div><\/div>\n","protected":false},"excerpt":{"rendered":"<p>APPARTEMENTS PLAYA DE ARO Vous recherchez la meilleure offre d&rsquo;appartements \u00e0 Platja d&rsquo;Aro ? D\u00e9couvrez le large \u00e9ventail de propri\u00e9t\u00e9s que nous avons dans cette localit\u00e9 privil\u00e9gi\u00e9e de la Costa Brava ! Appartements et appartements avec une grande vari\u00e9t\u00e9 de caract\u00e9ristiques tr\u00e8s attrayantes pour faire de votre prochain investissement une op\u00e9ration tr\u00e8s int\u00e9ressante. Appartements en&#8230;<\/p>\n","protected":false},"author":3,"featured_media":128956,"parent":0,"menu_order":0,"comment_status":"closed","ping_status":"closed","template":"","meta":{"_acf_changed":false,"_uag_custom_page_level_css":"","footnotes":""},"class_list":["post-129119","page","type-page","status-publish","has-post-thumbnail","hentry"],"acf":[],"yoast_head":"<!-- This site is optimized with the Yoast SEO plugin v27.5 - https:\/\/yoast.com\/product\/yoast-seo-wordpress\/ -->\n<title>Appartements Playa de Aro - Esp\u00edgul<\/title>\n<meta name=\"description\" content=\"Vous recherchez la meilleure offre d&#039;appartements \u00e0 vendre \u00e0 Playa de Aro ? Chez Esp\u00edgul, nous disposons d&#039;un vaste catalogue de biens immobiliers.\" \/>\n<meta name=\"robots\" content=\"index, follow, max-snippet:-1, max-image-preview:large, max-video-preview:-1\" \/>\n<link rel=\"canonical\" href=\"https:\/\/www.espigul.com\/fr\/appartements-playa-de-aro\/\" \/>\n<meta property=\"og:locale\" content=\"fr_FR\" \/>\n<meta property=\"og:type\" content=\"article\" \/>\n<meta property=\"og:title\" content=\"Appartements Playa de Aro - Esp\u00edgul\" \/>\n<meta property=\"og:description\" content=\"Vous recherchez la meilleure offre d&#039;appartements \u00e0 vendre \u00e0 Playa de Aro ? Chez Esp\u00edgul, nous disposons d&#039;un vaste catalogue de biens immobiliers.\" \/>\n<meta property=\"og:url\" content=\"https:\/\/www.espigul.com\/fr\/appartements-playa-de-aro\/\" \/>\n<meta property=\"og:site_name\" content=\"Esp\u00edgul\" \/>\n<meta property=\"article:modified_time\" content=\"2025-12-16T09:16:14+00:00\" \/>\n<meta property=\"og:image\" content=\"https:\/\/www.espigul.com\/wp-content\/uploads\/2023\/10\/pda-scaled.jpg\" \/>\n\t<meta property=\"og:image:width\" content=\"2560\" \/>\n\t<meta property=\"og:image:height\" content=\"1730\" \/>\n\t<meta property=\"og:image:type\" content=\"image\/jpeg\" \/>\n<meta name=\"twitter:card\" content=\"summary_large_image\" \/>\n<meta name=\"twitter:label1\" content=\"Dur\u00e9e de lecture estim\u00e9e\" \/>\n\t<meta name=\"twitter:data1\" content=\"3 minutes\" \/>\n<script type=\"application\/ld+json\" class=\"yoast-schema-graph\">{\"@context\":\"https:\\\/\\\/schema.org\",\"@graph\":[{\"@type\":\"WebPage\",\"@id\":\"https:\\\/\\\/www.espigul.com\\\/fr\\\/appartements-playa-de-aro\\\/\",\"url\":\"https:\\\/\\\/www.espigul.com\\\/fr\\\/appartements-playa-de-aro\\\/\",\"name\":\"Appartements Playa de Aro - Esp\u00edgul\",\"isPartOf\":{\"@id\":\"https:\\\/\\\/www.espigul.com\\\/fr\\\/#website\"},\"primaryImageOfPage\":{\"@id\":\"https:\\\/\\\/www.espigul.com\\\/fr\\\/appartements-playa-de-aro\\\/#primaryimage\"},\"image\":{\"@id\":\"https:\\\/\\\/www.espigul.com\\\/fr\\\/appartements-playa-de-aro\\\/#primaryimage\"},\"thumbnailUrl\":\"https:\\\/\\\/www.espigul.com\\\/wp-content\\\/uploads\\\/2023\\\/10\\\/pda-scaled.jpg\",\"datePublished\":\"2024-03-04T09:09:31+00:00\",\"dateModified\":\"2025-12-16T09:16:14+00:00\",\"description\":\"Vous recherchez la meilleure offre d'appartements \u00e0 vendre \u00e0 Playa de Aro ? Chez Esp\u00edgul, nous disposons d'un vaste catalogue de biens immobiliers.\",\"breadcrumb\":{\"@id\":\"https:\\\/\\\/www.espigul.com\\\/fr\\\/appartements-playa-de-aro\\\/#breadcrumb\"},\"inLanguage\":\"fr-FR\",\"potentialAction\":[{\"@type\":\"ReadAction\",\"target\":[\"https:\\\/\\\/www.espigul.com\\\/fr\\\/appartements-playa-de-aro\\\/\"]}]},{\"@type\":\"ImageObject\",\"inLanguage\":\"fr-FR\",\"@id\":\"https:\\\/\\\/www.espigul.com\\\/fr\\\/appartements-playa-de-aro\\\/#primaryimage\",\"url\":\"https:\\\/\\\/www.espigul.com\\\/wp-content\\\/uploads\\\/2023\\\/10\\\/pda-scaled.jpg\",\"contentUrl\":\"https:\\\/\\\/www.espigul.com\\\/wp-content\\\/uploads\\\/2023\\\/10\\\/pda-scaled.jpg\",\"width\":2560,\"height\":1730,\"caption\":\"An aerial view of Platja d'Aro beach in Spain at sunset\"},{\"@type\":\"BreadcrumbList\",\"@id\":\"https:\\\/\\\/www.espigul.com\\\/fr\\\/appartements-playa-de-aro\\\/#breadcrumb\",\"itemListElement\":[{\"@type\":\"ListItem\",\"position\":1,\"name\":\"Inici\",\"item\":\"https:\\\/\\\/www.espigul.com\\\/fr\\\/\"},{\"@type\":\"ListItem\",\"position\":2,\"name\":\"Appartements Playa de Aro\"}]},{\"@type\":\"WebSite\",\"@id\":\"https:\\\/\\\/www.espigul.com\\\/fr\\\/#website\",\"url\":\"https:\\\/\\\/www.espigul.com\\\/fr\\\/\",\"name\":\"Esp\u00edgul\",\"description\":\"La immobili\u00e0ria l\u00edder de Girona\",\"publisher\":{\"@id\":\"https:\\\/\\\/www.espigul.com\\\/fr\\\/#organization\"},\"potentialAction\":[{\"@type\":\"SearchAction\",\"target\":{\"@type\":\"EntryPoint\",\"urlTemplate\":\"https:\\\/\\\/www.espigul.com\\\/fr\\\/?s={search_term_string}\"},\"query-input\":{\"@type\":\"PropertyValueSpecification\",\"valueRequired\":true,\"valueName\":\"search_term_string\"}}],\"inLanguage\":\"fr-FR\"},{\"@type\":\"Organization\",\"@id\":\"https:\\\/\\\/www.espigul.com\\\/fr\\\/#organization\",\"name\":\"Esp\u00edgul\",\"url\":\"https:\\\/\\\/www.espigul.com\\\/fr\\\/\",\"logo\":{\"@type\":\"ImageObject\",\"inLanguage\":\"fr-FR\",\"@id\":\"https:\\\/\\\/www.espigul.com\\\/fr\\\/#\\\/schema\\\/logo\\\/image\\\/\",\"url\":\"https:\\\/\\\/www.espigul.com\\\/wp-content\\\/uploads\\\/2023\\\/08\\\/espigul-block.png\",\"contentUrl\":\"https:\\\/\\\/www.espigul.com\\\/wp-content\\\/uploads\\\/2023\\\/08\\\/espigul-block.png\",\"width\":384,\"height\":240,\"caption\":\"Esp\u00edgul\"},\"image\":{\"@id\":\"https:\\\/\\\/www.espigul.com\\\/fr\\\/#\\\/schema\\\/logo\\\/image\\\/\"},\"sameAs\":[\"https:\\\/\\\/www.instagram.com\\\/immoespigul\\\/\",\"https:\\\/\\\/www.youtube.com\\\/channel\\\/UCYyD-WWfbCFpCXau4SQOGKQ\"]}]}<\/script>\n<!-- \/ Yoast SEO plugin. -->","yoast_head_json":{"title":"Appartements Playa de Aro - Esp\u00edgul","description":"Vous recherchez la meilleure offre d'appartements \u00e0 vendre \u00e0 Playa de Aro ? Chez Esp\u00edgul, nous disposons d'un vaste catalogue de biens immobiliers.","robots":{"index":"index","follow":"follow","max-snippet":"max-snippet:-1","max-image-preview":"max-image-preview:large","max-video-preview":"max-video-preview:-1"},"canonical":"https:\/\/www.espigul.com\/fr\/appartements-playa-de-aro\/","og_locale":"fr_FR","og_type":"article","og_title":"Appartements Playa de Aro - Esp\u00edgul","og_description":"Vous recherchez la meilleure offre d'appartements \u00e0 vendre \u00e0 Playa de Aro ? Chez Esp\u00edgul, nous disposons d'un vaste catalogue de biens immobiliers.","og_url":"https:\/\/www.espigul.com\/fr\/appartements-playa-de-aro\/","og_site_name":"Esp\u00edgul","article_modified_time":"2025-12-16T09:16:14+00:00","og_image":[{"width":2560,"height":1730,"url":"https:\/\/www.espigul.com\/wp-content\/uploads\/2023\/10\/pda-scaled.jpg","type":"image\/jpeg"}],"twitter_card":"summary_large_image","twitter_misc":{"Dur\u00e9e de lecture estim\u00e9e":"3 minutes"},"schema":{"@context":"https:\/\/schema.org","@graph":[{"@type":"WebPage","@id":"https:\/\/www.espigul.com\/fr\/appartements-playa-de-aro\/","url":"https:\/\/www.espigul.com\/fr\/appartements-playa-de-aro\/","name":"Appartements Playa de Aro - Esp\u00edgul","isPartOf":{"@id":"https:\/\/www.espigul.com\/fr\/#website"},"primaryImageOfPage":{"@id":"https:\/\/www.espigul.com\/fr\/appartements-playa-de-aro\/#primaryimage"},"image":{"@id":"https:\/\/www.espigul.com\/fr\/appartements-playa-de-aro\/#primaryimage"},"thumbnailUrl":"https:\/\/www.espigul.com\/wp-content\/uploads\/2023\/10\/pda-scaled.jpg","datePublished":"2024-03-04T09:09:31+00:00","dateModified":"2025-12-16T09:16:14+00:00","description":"Vous recherchez la meilleure offre d'appartements \u00e0 vendre \u00e0 Playa de Aro ? Chez Esp\u00edgul, nous disposons d'un vaste catalogue de biens immobiliers.","breadcrumb":{"@id":"https:\/\/www.espigul.com\/fr\/appartements-playa-de-aro\/#breadcrumb"},"inLanguage":"fr-FR","potentialAction":[{"@type":"ReadAction","target":["https:\/\/www.espigul.com\/fr\/appartements-playa-de-aro\/"]}]},{"@type":"ImageObject","inLanguage":"fr-FR","@id":"https:\/\/www.espigul.com\/fr\/appartements-playa-de-aro\/#primaryimage","url":"https:\/\/www.espigul.com\/wp-content\/uploads\/2023\/10\/pda-scaled.jpg","contentUrl":"https:\/\/www.espigul.com\/wp-content\/uploads\/2023\/10\/pda-scaled.jpg","width":2560,"height":1730,"caption":"An aerial view of Platja d'Aro beach in Spain at sunset"},{"@type":"BreadcrumbList","@id":"https:\/\/www.espigul.com\/fr\/appartements-playa-de-aro\/#breadcrumb","itemListElement":[{"@type":"ListItem","position":1,"name":"Inici","item":"https:\/\/www.espigul.com\/fr\/"},{"@type":"ListItem","position":2,"name":"Appartements Playa de Aro"}]},{"@type":"WebSite","@id":"https:\/\/www.espigul.com\/fr\/#website","url":"https:\/\/www.espigul.com\/fr\/","name":"Esp\u00edgul","description":"La immobili\u00e0ria l\u00edder de Girona","publisher":{"@id":"https:\/\/www.espigul.com\/fr\/#organization"},"potentialAction":[{"@type":"SearchAction","target":{"@type":"EntryPoint","urlTemplate":"https:\/\/www.espigul.com\/fr\/?s={search_term_string}"},"query-input":{"@type":"PropertyValueSpecification","valueRequired":true,"valueName":"search_term_string"}}],"inLanguage":"fr-FR"},{"@type":"Organization","@id":"https:\/\/www.espigul.com\/fr\/#organization","name":"Esp\u00edgul","url":"https:\/\/www.espigul.com\/fr\/","logo":{"@type":"ImageObject","inLanguage":"fr-FR","@id":"https:\/\/www.espigul.com\/fr\/#\/schema\/logo\/image\/","url":"https:\/\/www.espigul.com\/wp-content\/uploads\/2023\/08\/espigul-block.png","contentUrl":"https:\/\/www.espigul.com\/wp-content\/uploads\/2023\/08\/espigul-block.png","width":384,"height":240,"caption":"Esp\u00edgul"},"image":{"@id":"https:\/\/www.espigul.com\/fr\/#\/schema\/logo\/image\/"},"sameAs":["https:\/\/www.instagram.com\/immoespigul\/","https:\/\/www.youtube.com\/channel\/UCYyD-WWfbCFpCXau4SQOGKQ"]}]}},"uagb_featured_image_src":{"full":["https:\/\/www.espigul.com\/wp-content\/uploads\/2023\/10\/pda-scaled.jpg",2560,1730,false],"thumbnail":["https:\/\/www.espigul.com\/wp-content\/uploads\/2023\/10\/pda-150x150.jpg",150,150,true],"medium":["https:\/\/www.espigul.com\/wp-content\/uploads\/2023\/10\/pda-400x270.jpg",400,270,true],"medium_large":["https:\/\/www.espigul.com\/wp-content\/uploads\/2023\/10\/pda-768x519.jpg",768,519,true],"large":["https:\/\/www.espigul.com\/wp-content\/uploads\/2023\/10\/pda-1300x879.jpg",960,649,true],"1536x1536":["https:\/\/www.espigul.com\/wp-content\/uploads\/2023\/10\/pda-1536x1038.jpg",1536,1038,true],"2048x2048":["https:\/\/www.espigul.com\/wp-content\/uploads\/2023\/10\/pda-2048x1384.jpg",2048,1384,true],"gform-image-choice-sm":["https:\/\/www.espigul.com\/wp-content\/uploads\/2023\/10\/pda-scaled.jpg",300,203,false],"gform-image-choice-md":["https:\/\/www.espigul.com\/wp-content\/uploads\/2023\/10\/pda-scaled.jpg",400,270,false],"gform-image-choice-lg":["https:\/\/www.espigul.com\/wp-content\/uploads\/2023\/10\/pda-scaled.jpg",600,405,false]},"uagb_author_info":{"display_name":"Marqueting Espigul","author_link":"https:\/\/www.espigul.com\/fr\/author\/marqueting-espigul\/"},"uagb_comment_info":0,"uagb_excerpt":"APPARTEMENTS PLAYA DE ARO Vous recherchez la meilleure offre d&rsquo;appartements \u00e0 Platja d&rsquo;Aro ? D\u00e9couvrez le large \u00e9ventail de propri\u00e9t\u00e9s que nous avons dans cette localit\u00e9 privil\u00e9gi\u00e9e de la Costa Brava ! Appartements et appartements avec une grande vari\u00e9t\u00e9 de caract\u00e9ristiques tr\u00e8s attrayantes pour faire de votre prochain investissement une op\u00e9ration tr\u00e8s int\u00e9ressante. Appartements en...","_links":{"self":[{"href":"https:\/\/www.espigul.com\/fr\/wp-json\/wp\/v2\/pages\/129119","targetHints":{"allow":["GET"]}}],"collection":[{"href":"https:\/\/www.espigul.com\/fr\/wp-json\/wp\/v2\/pages"}],"about":[{"href":"https:\/\/www.espigul.com\/fr\/wp-json\/wp\/v2\/types\/page"}],"author":[{"embeddable":true,"href":"https:\/\/www.espigul.com\/fr\/wp-json\/wp\/v2\/users\/3"}],"replies":[{"embeddable":true,"href":"https:\/\/www.espigul.com\/fr\/wp-json\/wp\/v2\/comments?post=129119"}],"version-history":[{"count":2,"href":"https:\/\/www.espigul.com\/fr\/wp-json\/wp\/v2\/pages\/129119\/revisions"}],"predecessor-version":[{"id":335169,"href":"https:\/\/www.espigul.com\/fr\/wp-json\/wp\/v2\/pages\/129119\/revisions\/335169"}],"wp:featuredmedia":[{"embeddable":true,"href":"https:\/\/www.espigul.com\/fr\/wp-json\/wp\/v2\/media\/128956"}],"wp:attachment":[{"href":"https:\/\/www.espigul.com\/fr\/wp-json\/wp\/v2\/media?parent=129119"}],"curies":[{"name":"wp","href":"https:\/\/api.w.org\/{rel}","templated":true}]}}