{"id":129090,"date":"2025-03-10T11:27:00","date_gmt":"2025-03-10T09:27:00","guid":{"rendered":"https:\/\/www.espigul.com\/maisons-sagaro\/"},"modified":"2026-04-14T13:29:46","modified_gmt":"2026-04-14T11:29:46","slug":"maisons-sagaro","status":"publish","type":"page","link":"https:\/\/www.espigul.com\/fr\/maisons-sagaro\/","title":{"rendered":"Maisons \u00e0 s&rsquo;Agar\u00f3"},"content":{"rendered":"\n<div class=\"wp-block-uagb-container uagb-block-26595532 alignfull uagb-is-root-container\"><div class=\"uagb-container-inner-blocks-wrap\">\n<h1 class=\"wp-block-heading has-text-align-center has-white-color has-text-color has-link-color wp-elements-ee828c07d93e2342e682df1c1e4faa92\">MAISONS S&rsquo;AGAR\u00d3<\/h1>\n<\/div><\/div>\n\n<p><\/p>\n\n<div class=\"wp-block-uagb-container uagb-block-da137785 alignfull uagb-is-root-container\"><div class=\"uagb-container-inner-blocks-wrap\">\n<p class=\"has-text-align-center has-medium-font-size\">Si vous recherchez l&rsquo;endroit id\u00e9al pour vivre ou pour passer des vacances sur la Costa Brava, une <strong>maison \u00e0 S&rsquo;Agar\u00f3<\/strong> est, sans aucun doute, votre meilleur choix.<\/p>\n\n\n\n<p class=\"has-text-align-center has-medium-font-size\">Les <strong>maisons \u00e0 S&rsquo;Agar\u00f3<\/strong> constituent une excellente option. Cette localit\u00e9 offre un environnement tranquille en bord de mer, avec de bonnes connexions et tous les services n\u00e9cessaires au quotidien. Chez Esp\u00edgul, nous disposons d&rsquo;une large s\u00e9lection de propri\u00e9t\u00e9s dans cette zone, tant \u00e0 la vente qu&rsquo;\u00e0 la location.  <\/p>\n<\/div><\/div>\n\n<div class=\"wp-block-uagb-container uagb-block-e10f2f60 alignfull uagb-is-root-container\"><div class=\"uagb-container-inner-blocks-wrap\">\n<div class=\"wp-block-uagb-advanced-heading uagb-block-532832d4\"><h2 class=\"uagb-heading-text\">Biens immobiliers remarquables \u00e0 s&rsquo;Agar\u00f3<\/h2><\/div>\n\n\n<div class=\"espigul-slider wp-block-espigul-espigul-slider\">\n\t<div id=\"carousel-5520143\" class=\"splide\">\n\t\t<div class=\"splide__track\">\n\t\t\t<ul class=\"splide__list\">\n\t\t\t\t\t\t\t\t<li class=\"splide__slide\">\n\t\t\t\t\t<div class=\"espigul-house__item cursor-pointer\" onClick=\"window.location.assign('https:\/\/www.espigul.com\/fr\/immobles\/villa-avec-piscine-et-jardin-prive-a-sagaro\/');\">\n\t<div class=\"espigul-house__item__gallery espigul-house__item__photo\" x-data=\"{ active : 0, total: 3 }\">\n\t\t\t\t<ul class=\"espigul-house__item__gallery__items\">\n\t\t\t\t\t\t\t<li class=\"espigul-house__item__gallery__items__item\" x-bind:class=\"0 == active ? 'espigul-house__item__gallery__items__item--active': ''\">\n\t\t\t\t\t<img decoding=\"async\" src=\"https:\/\/www.espigul.com\/wp-content\/uploads\/2026\/04\/villa-con-piscina-y-jardin-privada-en-sagaro-25891875-1300x975.webp\" alt=\"Villa avec piscine et jardin priv\u00e9 \u00e0 S&rsquo;Agar\u00f3\" loading=\"lazy\" width=\"100%\" height=\"auto\">\n\t\t\t\t<\/li>\n\t\t\t\t\t\t\t<li class=\"espigul-house__item__gallery__items__item\" x-bind:class=\"1 == active ? 'espigul-house__item__gallery__items__item--active': ''\">\n\t\t\t\t\t<img decoding=\"async\" src=\"https:\/\/www.espigul.com\/wp-content\/uploads\/2026\/04\/villa-con-piscina-y-jardin-privada-en-sagaro-25891874-1300x975.webp\" alt=\"Villa avec piscine et jardin priv\u00e9 \u00e0 S&rsquo;Agar\u00f3\" loading=\"lazy\" width=\"100%\" height=\"auto\">\n\t\t\t\t<\/li>\n\t\t\t\t\t\t\t<li class=\"espigul-house__item__gallery__items__item\" x-bind:class=\"2 == active ? 'espigul-house__item__gallery__items__item--active': ''\">\n\t\t\t\t\t<img decoding=\"async\" src=\"https:\/\/www.espigul.com\/wp-content\/uploads\/2026\/04\/villa-con-piscina-y-jardin-privada-en-sagaro-25891873-1300x975.webp\" alt=\"Villa avec piscine et jardin priv\u00e9 \u00e0 S&rsquo;Agar\u00f3\" loading=\"lazy\" width=\"100%\" height=\"auto\">\n\t\t\t\t<\/li>\n\t\t\t\t\t<\/ul>\n\t\t<ul class=\"espigul-house__item__gallery__dots\">\n\t\t\t\t\t\t\t<li class=\"espigul-house__item__gallery__dots__item\" x-bind:class=\"0 == active ? 'espigul-house__item__gallery__dots__item--active': ''\">\n\t\t\t\t<\/li>\n\t\t\t\t\t\t\t<li class=\"espigul-house__item__gallery__dots__item\" x-bind:class=\"1 == active ? 'espigul-house__item__gallery__dots__item--active': ''\">\n\t\t\t\t<\/li>\n\t\t\t\t\t\t\t<li class=\"espigul-house__item__gallery__dots__item\" x-bind:class=\"2 == active ? 'espigul-house__item__gallery__dots__item--active': ''\">\n\t\t\t\t<\/li>\n\t\t\t\t\t<\/ul>\n\t\t<button class=\"espigul-house__item__gallery__arrow espigul-house__item__gallery__arrow--left\" aria-label=\"Previous photo\" @click.stop=\"active === 0 ? active = total - 1 : active--\">\n\t\t\t<svg xmlns=\"http:\/\/www.w3.org\/2000\/svg\" viewBox=\"0 0 40 40\" width=\"40\" height=\"40\" focusable=\"false\"><path d=\"m15.5 0.932-4.3 4.38 14.5 14.6-14.5 14.5 4.3 4.4 14.6-14.6 4.4-4.3-4.4-4.4-14.6-14.6z\"><\/path><\/svg>\n\t\t<\/button>\n\t\t<button class=\"espigul-house__item__gallery__arrow espigul-house__item__gallery__arrow--right\" aria-label=\"Next photo\" @click.stop=\"active === total - 1 ? active = 0 : active++\">\n\t\t\t<svg xmlns=\"http:\/\/www.w3.org\/2000\/svg\" viewBox=\"0 0 40 40\" width=\"40\" height=\"40\" focusable=\"false\"><path d=\"m15.5 0.932-4.3 4.38 14.5 14.6-14.5 14.5 4.3 4.4 14.6-14.6 4.4-4.3-4.4-4.4-14.6-14.6z\"><\/path><\/svg>\n\t\t<\/button>\n\t\t<div class=\"espigul-house__item__photo__overlay\">\n\t\t\t<div class=\"espigul-house__item__photo__price\">\n\t\t\t\t1.400.000\u00a0\u20ac\t\t\t<\/div>\n\t\t<\/div>\n\t<\/div>\n\t<div class=\"espigul-house__item__body\">\n\t\t<div class=\"espigul-house__item__body__city\">Costa Brava<\/div>\n\t\t<h2 class=\"espigul-house__item__body__title flex-grow\">\n\t\t\t<a href=\"https:\/\/www.espigul.com\/fr\/immobles\/villa-avec-piscine-et-jardin-prive-a-sagaro\/\" title=\"Villa avec piscine et jardin priv\u00e9 \u00e0 S&rsquo;Agar\u00f3\">Villa avec piscine et jardin priv\u00e9 \u00e0 S&rsquo;Agar\u00f3<\/a>\n\t\t<\/h2>\n\t\t<div class=\"espigul-house__item__body__meta\">\n\t\t\t\t\t\t<div class=\"espigul-house__item__body__meta__item\">\n\t\t\t\t<span class=\"espigul-house__item__body__meta__item__label\">Surface<\/span>\n\t\t\t\t<span class=\"espigul-house__item__body__meta__item__value\">\n\t\t\t\t\t212 m<sup>2<\/sup>\t\t\t\t<\/span>\n\t\t\t<\/div>\n\t\t\t\t\t\t<div class=\"espigul-house__item__body__meta__item\">\n\t\t\t\t<span class=\"espigul-house__item__body__meta__item__label\">Chambres<\/span>\n\t\t\t\t<span class=\"espigul-house__item__body__meta__item__value\">\n\t\t\t\t\t4\t\t\t\t<\/span>\n\t\t\t<\/div>\n\t\t\t\t\t\t<div class=\"espigul-house__item__body__meta__item\">\n\t\t\t\t<span class=\"espigul-house__item__body__meta__item__label\">Salles de bains<\/span>\n\t\t\t\t<span class=\"espigul-house__item__body__meta__item__value\">\n\t\t\t\t\t4\t\t\t\t<\/span>\n\t\t\t<\/div>\n\t\t\t\t\t<\/div>\n\t<\/div>\n<\/div>\n\t\t\t\t\t<\/li>\n\t\t\t\t\t\t\t\t\t\t<li class=\"splide__slide\">\n\t\t\t\t\t<div class=\"espigul-house__item cursor-pointer\" onClick=\"window.location.assign('https:\/\/www.espigul.com\/fr\/immobles\/nouvelle-villa-de-luxe-a-sagaro-avec-piscine-et-jardin\/');\">\n\t<div class=\"espigul-house__item__gallery espigul-house__item__photo\" x-data=\"{ active : 0, total: 3 }\">\n\t\t\t\t<ul class=\"espigul-house__item__gallery__items\">\n\t\t\t\t\t\t\t<li class=\"espigul-house__item__gallery__items__item\" x-bind:class=\"0 == active ? 'espigul-house__item__gallery__items__item--active': ''\">\n\t\t\t\t\t<img decoding=\"async\" src=\"https:\/\/www.espigul.com\/wp-content\/uploads\/2026\/04\/villa-de-lujo-nueva-en-sagaro-con-piscina-y-jardin-25891548-1300x975.webp\" alt=\"Nouvelle villa de luxe \u00e0 S&rsquo;Agar\u00f3 avec piscine et jardin\" loading=\"lazy\" width=\"100%\" height=\"auto\">\n\t\t\t\t<\/li>\n\t\t\t\t\t\t\t<li class=\"espigul-house__item__gallery__items__item\" x-bind:class=\"1 == active ? 'espigul-house__item__gallery__items__item--active': ''\">\n\t\t\t\t\t<img decoding=\"async\" src=\"https:\/\/www.espigul.com\/wp-content\/uploads\/2026\/04\/villa-de-lujo-nueva-en-sagaro-con-piscina-y-jardin-25891554-1300x975.webp\" alt=\"Nouvelle villa de luxe \u00e0 S&rsquo;Agar\u00f3 avec piscine et jardin\" loading=\"lazy\" width=\"100%\" height=\"auto\">\n\t\t\t\t<\/li>\n\t\t\t\t\t\t\t<li class=\"espigul-house__item__gallery__items__item\" x-bind:class=\"2 == active ? 'espigul-house__item__gallery__items__item--active': ''\">\n\t\t\t\t\t<img decoding=\"async\" src=\"https:\/\/www.espigul.com\/wp-content\/uploads\/2026\/04\/villa-de-lujo-nueva-en-sagaro-con-piscina-y-jardin-25891537-1300x975.webp\" alt=\"Nouvelle villa de luxe \u00e0 S&rsquo;Agar\u00f3 avec piscine et jardin\" loading=\"lazy\" width=\"100%\" height=\"auto\">\n\t\t\t\t<\/li>\n\t\t\t\t\t<\/ul>\n\t\t<ul class=\"espigul-house__item__gallery__dots\">\n\t\t\t\t\t\t\t<li class=\"espigul-house__item__gallery__dots__item\" x-bind:class=\"0 == active ? 'espigul-house__item__gallery__dots__item--active': ''\">\n\t\t\t\t<\/li>\n\t\t\t\t\t\t\t<li class=\"espigul-house__item__gallery__dots__item\" x-bind:class=\"1 == active ? 'espigul-house__item__gallery__dots__item--active': ''\">\n\t\t\t\t<\/li>\n\t\t\t\t\t\t\t<li class=\"espigul-house__item__gallery__dots__item\" x-bind:class=\"2 == active ? 'espigul-house__item__gallery__dots__item--active': ''\">\n\t\t\t\t<\/li>\n\t\t\t\t\t<\/ul>\n\t\t<button class=\"espigul-house__item__gallery__arrow espigul-house__item__gallery__arrow--left\" aria-label=\"Previous photo\" @click.stop=\"active === 0 ? active = total - 1 : active--\">\n\t\t\t<svg xmlns=\"http:\/\/www.w3.org\/2000\/svg\" viewBox=\"0 0 40 40\" width=\"40\" height=\"40\" focusable=\"false\"><path d=\"m15.5 0.932-4.3 4.38 14.5 14.6-14.5 14.5 4.3 4.4 14.6-14.6 4.4-4.3-4.4-4.4-14.6-14.6z\"><\/path><\/svg>\n\t\t<\/button>\n\t\t<button class=\"espigul-house__item__gallery__arrow espigul-house__item__gallery__arrow--right\" aria-label=\"Next photo\" @click.stop=\"active === total - 1 ? active = 0 : active++\">\n\t\t\t<svg xmlns=\"http:\/\/www.w3.org\/2000\/svg\" viewBox=\"0 0 40 40\" width=\"40\" height=\"40\" focusable=\"false\"><path d=\"m15.5 0.932-4.3 4.38 14.5 14.6-14.5 14.5 4.3 4.4 14.6-14.6 4.4-4.3-4.4-4.4-14.6-14.6z\"><\/path><\/svg>\n\t\t<\/button>\n\t\t<div class=\"espigul-house__item__photo__overlay\">\n\t\t\t<div class=\"espigul-house__item__photo__price\">\n\t\t\t\t1.400.000\u00a0\u20ac\t\t\t<\/div>\n\t\t<\/div>\n\t<\/div>\n\t<div class=\"espigul-house__item__body\">\n\t\t<div class=\"espigul-house__item__body__city\">Costa Brava<\/div>\n\t\t<h2 class=\"espigul-house__item__body__title flex-grow\">\n\t\t\t<a href=\"https:\/\/www.espigul.com\/fr\/immobles\/nouvelle-villa-de-luxe-a-sagaro-avec-piscine-et-jardin\/\" title=\"Nouvelle villa de luxe \u00e0 S&rsquo;Agar\u00f3 avec piscine et jardin\">Nouvelle villa de luxe \u00e0 S&rsquo;Agar\u00f3 avec piscine et jardin<\/a>\n\t\t<\/h2>\n\t\t<div class=\"espigul-house__item__body__meta\">\n\t\t\t\t\t\t<div class=\"espigul-house__item__body__meta__item\">\n\t\t\t\t<span class=\"espigul-house__item__body__meta__item__label\">Surface<\/span>\n\t\t\t\t<span class=\"espigul-house__item__body__meta__item__value\">\n\t\t\t\t\t212 m<sup>2<\/sup>\t\t\t\t<\/span>\n\t\t\t<\/div>\n\t\t\t\t\t\t<div class=\"espigul-house__item__body__meta__item\">\n\t\t\t\t<span class=\"espigul-house__item__body__meta__item__label\">Chambres<\/span>\n\t\t\t\t<span class=\"espigul-house__item__body__meta__item__value\">\n\t\t\t\t\t4\t\t\t\t<\/span>\n\t\t\t<\/div>\n\t\t\t\t\t\t<div class=\"espigul-house__item__body__meta__item\">\n\t\t\t\t<span class=\"espigul-house__item__body__meta__item__label\">Salles de bains<\/span>\n\t\t\t\t<span class=\"espigul-house__item__body__meta__item__value\">\n\t\t\t\t\t4\t\t\t\t<\/span>\n\t\t\t<\/div>\n\t\t\t\t\t<\/div>\n\t<\/div>\n<\/div>\n\t\t\t\t\t<\/li>\n\t\t\t\t\t\t\t\t\t\t<li class=\"splide__slide\">\n\t\t\t\t\t<div class=\"espigul-house__item cursor-pointer\" onClick=\"window.location.assign('https:\/\/www.espigul.com\/fr\/immobles\/appartement-avec-vue-sur-la-mer-a-sagaro\/');\">\n\t<div class=\"espigul-house__item__gallery espigul-house__item__photo\" x-data=\"{ active : 0, total: 3 }\">\n\t\t\t\t<ul class=\"espigul-house__item__gallery__items\">\n\t\t\t\t\t\t\t<li class=\"espigul-house__item__gallery__items__item\" x-bind:class=\"0 == active ? 'espigul-house__item__gallery__items__item--active': ''\">\n\t\t\t\t\t<img decoding=\"async\" src=\"https:\/\/www.espigul.com\/wp-content\/uploads\/2026\/04\/piso-con-vistas-al-mar-en-sagaro-25770686-1300x975.webp\" alt=\"Appartement avec vue sur la mer \u00e0 S&rsquo;Agar\u00f3\" loading=\"lazy\" width=\"100%\" height=\"auto\">\n\t\t\t\t<\/li>\n\t\t\t\t\t\t\t<li class=\"espigul-house__item__gallery__items__item\" x-bind:class=\"1 == active ? 'espigul-house__item__gallery__items__item--active': ''\">\n\t\t\t\t\t<img decoding=\"async\" src=\"https:\/\/www.espigul.com\/wp-content\/uploads\/2026\/04\/piso-con-vistas-al-mar-en-sagaro-25767257-1300x867.webp\" alt=\"Appartement avec vue sur la mer \u00e0 S&rsquo;Agar\u00f3\" loading=\"lazy\" width=\"100%\" height=\"auto\">\n\t\t\t\t<\/li>\n\t\t\t\t\t\t\t<li class=\"espigul-house__item__gallery__items__item\" x-bind:class=\"2 == active ? 'espigul-house__item__gallery__items__item--active': ''\">\n\t\t\t\t\t<img decoding=\"async\" src=\"https:\/\/www.espigul.com\/wp-content\/uploads\/2026\/04\/piso-con-vistas-al-mar-en-sagaro-25767256-1300x867.webp\" alt=\"Appartement avec vue sur la mer \u00e0 S&rsquo;Agar\u00f3\" loading=\"lazy\" width=\"100%\" height=\"auto\">\n\t\t\t\t<\/li>\n\t\t\t\t\t<\/ul>\n\t\t<ul class=\"espigul-house__item__gallery__dots\">\n\t\t\t\t\t\t\t<li class=\"espigul-house__item__gallery__dots__item\" x-bind:class=\"0 == active ? 'espigul-house__item__gallery__dots__item--active': ''\">\n\t\t\t\t<\/li>\n\t\t\t\t\t\t\t<li class=\"espigul-house__item__gallery__dots__item\" x-bind:class=\"1 == active ? 'espigul-house__item__gallery__dots__item--active': ''\">\n\t\t\t\t<\/li>\n\t\t\t\t\t\t\t<li class=\"espigul-house__item__gallery__dots__item\" x-bind:class=\"2 == active ? 'espigul-house__item__gallery__dots__item--active': ''\">\n\t\t\t\t<\/li>\n\t\t\t\t\t<\/ul>\n\t\t<button class=\"espigul-house__item__gallery__arrow espigul-house__item__gallery__arrow--left\" aria-label=\"Previous photo\" @click.stop=\"active === 0 ? active = total - 1 : active--\">\n\t\t\t<svg xmlns=\"http:\/\/www.w3.org\/2000\/svg\" viewBox=\"0 0 40 40\" width=\"40\" height=\"40\" focusable=\"false\"><path d=\"m15.5 0.932-4.3 4.38 14.5 14.6-14.5 14.5 4.3 4.4 14.6-14.6 4.4-4.3-4.4-4.4-14.6-14.6z\"><\/path><\/svg>\n\t\t<\/button>\n\t\t<button class=\"espigul-house__item__gallery__arrow espigul-house__item__gallery__arrow--right\" aria-label=\"Next photo\" @click.stop=\"active === total - 1 ? active = 0 : active++\">\n\t\t\t<svg xmlns=\"http:\/\/www.w3.org\/2000\/svg\" viewBox=\"0 0 40 40\" width=\"40\" height=\"40\" focusable=\"false\"><path d=\"m15.5 0.932-4.3 4.38 14.5 14.6-14.5 14.5 4.3 4.4 14.6-14.6 4.4-4.3-4.4-4.4-14.6-14.6z\"><\/path><\/svg>\n\t\t<\/button>\n\t\t<div class=\"espigul-house__item__photo__overlay\">\n\t\t\t<div class=\"espigul-house__item__photo__price\">\n\t\t\t\t675.000\u00a0\u20ac\t\t\t<\/div>\n\t\t<\/div>\n\t<\/div>\n\t<div class=\"espigul-house__item__body\">\n\t\t<div class=\"espigul-house__item__body__city\">Costa Brava<\/div>\n\t\t<h2 class=\"espigul-house__item__body__title flex-grow\">\n\t\t\t<a href=\"https:\/\/www.espigul.com\/fr\/immobles\/appartement-avec-vue-sur-la-mer-a-sagaro\/\" title=\"Appartement avec vue sur la mer \u00e0 S&rsquo;Agar\u00f3\">Appartement avec vue sur la mer \u00e0 S&rsquo;Agar\u00f3<\/a>\n\t\t<\/h2>\n\t\t<div class=\"espigul-house__item__body__meta\">\n\t\t\t\t\t\t<div class=\"espigul-house__item__body__meta__item\">\n\t\t\t\t<span class=\"espigul-house__item__body__meta__item__label\">Surface<\/span>\n\t\t\t\t<span class=\"espigul-house__item__body__meta__item__value\">\n\t\t\t\t\t108 m<sup>2<\/sup>\t\t\t\t<\/span>\n\t\t\t<\/div>\n\t\t\t\t\t\t<div class=\"espigul-house__item__body__meta__item\">\n\t\t\t\t<span class=\"espigul-house__item__body__meta__item__label\">Chambres<\/span>\n\t\t\t\t<span class=\"espigul-house__item__body__meta__item__value\">\n\t\t\t\t\t3\t\t\t\t<\/span>\n\t\t\t<\/div>\n\t\t\t\t\t\t<div class=\"espigul-house__item__body__meta__item\">\n\t\t\t\t<span class=\"espigul-house__item__body__meta__item__label\">Salles de bains<\/span>\n\t\t\t\t<span class=\"espigul-house__item__body__meta__item__value\">\n\t\t\t\t\t2\t\t\t\t<\/span>\n\t\t\t<\/div>\n\t\t\t\t\t<\/div>\n\t<\/div>\n<\/div>\n\t\t\t\t\t<\/li>\n\t\t\t\t\t\t\t\t\t\t<li class=\"splide__slide\">\n\t\t\t\t\t<div class=\"espigul-house__item cursor-pointer\" onClick=\"window.location.assign('https:\/\/www.espigul.com\/fr\/immobles\/appartement-renove-avec-terrasse-a-sagaro\/');\">\n\t<div class=\"espigul-house__item__gallery espigul-house__item__photo\" x-data=\"{ active : 0, total: 3 }\">\n\t\t\t\t<ul class=\"espigul-house__item__gallery__items\">\n\t\t\t\t\t\t\t<li class=\"espigul-house__item__gallery__items__item\" x-bind:class=\"0 == active ? 'espigul-house__item__gallery__items__item--active': ''\">\n\t\t\t\t\t<img decoding=\"async\" src=\"https:\/\/www.espigul.com\/wp-content\/uploads\/2026\/04\/apartamento-reformado-con-terraza-en-sagaro-25479630-1300x866.webp\" alt=\"Appartement r\u00e9nov\u00e9 avec terrasse \u00e0 S&rsquo;Agar\u00f3\" loading=\"lazy\" width=\"100%\" height=\"auto\">\n\t\t\t\t<\/li>\n\t\t\t\t\t\t\t<li class=\"espigul-house__item__gallery__items__item\" x-bind:class=\"1 == active ? 'espigul-house__item__gallery__items__item--active': ''\">\n\t\t\t\t\t<img decoding=\"async\" src=\"https:\/\/www.espigul.com\/wp-content\/uploads\/2026\/04\/apartamento-reformado-con-terraza-en-sagaro-25479625-1300x867.webp\" alt=\"Appartement r\u00e9nov\u00e9 avec terrasse \u00e0 S&rsquo;Agar\u00f3\" loading=\"lazy\" width=\"100%\" height=\"auto\">\n\t\t\t\t<\/li>\n\t\t\t\t\t\t\t<li class=\"espigul-house__item__gallery__items__item\" x-bind:class=\"2 == active ? 'espigul-house__item__gallery__items__item--active': ''\">\n\t\t\t\t\t<img decoding=\"async\" src=\"https:\/\/www.espigul.com\/wp-content\/uploads\/2026\/04\/apartamento-reformado-con-terraza-en-sagaro-25479627-1300x867.webp\" alt=\"Appartement r\u00e9nov\u00e9 avec terrasse \u00e0 S&rsquo;Agar\u00f3\" loading=\"lazy\" width=\"100%\" height=\"auto\">\n\t\t\t\t<\/li>\n\t\t\t\t\t<\/ul>\n\t\t<ul class=\"espigul-house__item__gallery__dots\">\n\t\t\t\t\t\t\t<li class=\"espigul-house__item__gallery__dots__item\" x-bind:class=\"0 == active ? 'espigul-house__item__gallery__dots__item--active': ''\">\n\t\t\t\t<\/li>\n\t\t\t\t\t\t\t<li class=\"espigul-house__item__gallery__dots__item\" x-bind:class=\"1 == active ? 'espigul-house__item__gallery__dots__item--active': ''\">\n\t\t\t\t<\/li>\n\t\t\t\t\t\t\t<li class=\"espigul-house__item__gallery__dots__item\" x-bind:class=\"2 == active ? 'espigul-house__item__gallery__dots__item--active': ''\">\n\t\t\t\t<\/li>\n\t\t\t\t\t<\/ul>\n\t\t<button class=\"espigul-house__item__gallery__arrow espigul-house__item__gallery__arrow--left\" aria-label=\"Previous photo\" @click.stop=\"active === 0 ? active = total - 1 : active--\">\n\t\t\t<svg xmlns=\"http:\/\/www.w3.org\/2000\/svg\" viewBox=\"0 0 40 40\" width=\"40\" height=\"40\" focusable=\"false\"><path d=\"m15.5 0.932-4.3 4.38 14.5 14.6-14.5 14.5 4.3 4.4 14.6-14.6 4.4-4.3-4.4-4.4-14.6-14.6z\"><\/path><\/svg>\n\t\t<\/button>\n\t\t<button class=\"espigul-house__item__gallery__arrow espigul-house__item__gallery__arrow--right\" aria-label=\"Next photo\" @click.stop=\"active === total - 1 ? active = 0 : active++\">\n\t\t\t<svg xmlns=\"http:\/\/www.w3.org\/2000\/svg\" viewBox=\"0 0 40 40\" width=\"40\" height=\"40\" focusable=\"false\"><path d=\"m15.5 0.932-4.3 4.38 14.5 14.6-14.5 14.5 4.3 4.4 14.6-14.6 4.4-4.3-4.4-4.4-14.6-14.6z\"><\/path><\/svg>\n\t\t<\/button>\n\t\t<div class=\"espigul-house__item__photo__overlay\">\n\t\t\t<div class=\"espigul-house__item__photo__price\">\n\t\t\t\t690.000\u00a0\u20ac\t\t\t<\/div>\n\t\t<\/div>\n\t<\/div>\n\t<div class=\"espigul-house__item__body\">\n\t\t<div class=\"espigul-house__item__body__city\">Costa Brava<\/div>\n\t\t<h2 class=\"espigul-house__item__body__title flex-grow\">\n\t\t\t<a href=\"https:\/\/www.espigul.com\/fr\/immobles\/appartement-renove-avec-terrasse-a-sagaro\/\" title=\"Appartement r\u00e9nov\u00e9 avec terrasse \u00e0 S&rsquo;Agar\u00f3\">Appartement r\u00e9nov\u00e9 avec terrasse \u00e0 S&rsquo;Agar\u00f3<\/a>\n\t\t<\/h2>\n\t\t<div class=\"espigul-house__item__body__meta\">\n\t\t\t\t\t\t<div class=\"espigul-house__item__body__meta__item\">\n\t\t\t\t<span class=\"espigul-house__item__body__meta__item__label\">Surface<\/span>\n\t\t\t\t<span class=\"espigul-house__item__body__meta__item__value\">\n\t\t\t\t\t133 m<sup>2<\/sup>\t\t\t\t<\/span>\n\t\t\t<\/div>\n\t\t\t\t\t\t<div class=\"espigul-house__item__body__meta__item\">\n\t\t\t\t<span class=\"espigul-house__item__body__meta__item__label\">Chambres<\/span>\n\t\t\t\t<span class=\"espigul-house__item__body__meta__item__value\">\n\t\t\t\t\t3\t\t\t\t<\/span>\n\t\t\t<\/div>\n\t\t\t\t\t\t<div class=\"espigul-house__item__body__meta__item\">\n\t\t\t\t<span class=\"espigul-house__item__body__meta__item__label\">Salles de bains<\/span>\n\t\t\t\t<span class=\"espigul-house__item__body__meta__item__value\">\n\t\t\t\t\t2\t\t\t\t<\/span>\n\t\t\t<\/div>\n\t\t\t\t\t<\/div>\n\t<\/div>\n<\/div>\n\t\t\t\t\t<\/li>\n\t\t\t\t\t\t\t\t\t\t<li class=\"splide__slide\">\n\t\t\t\t\t<div class=\"espigul-house__item cursor-pointer\" onClick=\"window.location.assign('https:\/\/www.espigul.com\/fr\/immobles\/elegant-appartement-a-cote-de-la-gavina-a-sagaro\/');\">\n\t<div class=\"espigul-house__item__gallery espigul-house__item__photo\" x-data=\"{ active : 0, total: 3 }\">\n\t\t\t\t<ul class=\"espigul-house__item__gallery__items\">\n\t\t\t\t\t\t\t<li class=\"espigul-house__item__gallery__items__item\" x-bind:class=\"0 == active ? 'espigul-house__item__gallery__items__item--active': ''\">\n\t\t\t\t\t<img decoding=\"async\" src=\"https:\/\/www.espigul.com\/wp-content\/uploads\/2026\/04\/elegante-apartamento-junto-a-la-gavina-en-sagaro-25371685-1300x866.webp\" alt=\"\u00c9l\u00e9gant appartement \u00e0 c\u00f4t\u00e9 de La Gavina, \u00e0 S&rsquo;Agar\u00f3\" loading=\"lazy\" width=\"100%\" height=\"auto\">\n\t\t\t\t<\/li>\n\t\t\t\t\t\t\t<li class=\"espigul-house__item__gallery__items__item\" x-bind:class=\"1 == active ? 'espigul-house__item__gallery__items__item--active': ''\">\n\t\t\t\t\t<img decoding=\"async\" src=\"https:\/\/www.espigul.com\/wp-content\/uploads\/2026\/04\/elegante-apartamento-junto-a-la-gavina-en-sagaro-25371683-1300x867.webp\" alt=\"\u00c9l\u00e9gant appartement \u00e0 c\u00f4t\u00e9 de La Gavina, \u00e0 S&rsquo;Agar\u00f3\" loading=\"lazy\" width=\"100%\" height=\"auto\">\n\t\t\t\t<\/li>\n\t\t\t\t\t\t\t<li class=\"espigul-house__item__gallery__items__item\" x-bind:class=\"2 == active ? 'espigul-house__item__gallery__items__item--active': ''\">\n\t\t\t\t\t<img decoding=\"async\" src=\"https:\/\/www.espigul.com\/wp-content\/uploads\/2026\/04\/elegante-apartamento-junto-a-la-gavina-en-sagaro-25371681-1300x866.webp\" alt=\"\u00c9l\u00e9gant appartement \u00e0 c\u00f4t\u00e9 de La Gavina, \u00e0 S&rsquo;Agar\u00f3\" loading=\"lazy\" width=\"100%\" height=\"auto\">\n\t\t\t\t<\/li>\n\t\t\t\t\t<\/ul>\n\t\t<ul class=\"espigul-house__item__gallery__dots\">\n\t\t\t\t\t\t\t<li class=\"espigul-house__item__gallery__dots__item\" x-bind:class=\"0 == active ? 'espigul-house__item__gallery__dots__item--active': ''\">\n\t\t\t\t<\/li>\n\t\t\t\t\t\t\t<li class=\"espigul-house__item__gallery__dots__item\" x-bind:class=\"1 == active ? 'espigul-house__item__gallery__dots__item--active': ''\">\n\t\t\t\t<\/li>\n\t\t\t\t\t\t\t<li class=\"espigul-house__item__gallery__dots__item\" x-bind:class=\"2 == active ? 'espigul-house__item__gallery__dots__item--active': ''\">\n\t\t\t\t<\/li>\n\t\t\t\t\t<\/ul>\n\t\t<button class=\"espigul-house__item__gallery__arrow espigul-house__item__gallery__arrow--left\" aria-label=\"Previous photo\" @click.stop=\"active === 0 ? active = total - 1 : active--\">\n\t\t\t<svg xmlns=\"http:\/\/www.w3.org\/2000\/svg\" viewBox=\"0 0 40 40\" width=\"40\" height=\"40\" focusable=\"false\"><path d=\"m15.5 0.932-4.3 4.38 14.5 14.6-14.5 14.5 4.3 4.4 14.6-14.6 4.4-4.3-4.4-4.4-14.6-14.6z\"><\/path><\/svg>\n\t\t<\/button>\n\t\t<button class=\"espigul-house__item__gallery__arrow espigul-house__item__gallery__arrow--right\" aria-label=\"Next photo\" @click.stop=\"active === total - 1 ? active = 0 : active++\">\n\t\t\t<svg xmlns=\"http:\/\/www.w3.org\/2000\/svg\" viewBox=\"0 0 40 40\" width=\"40\" height=\"40\" focusable=\"false\"><path d=\"m15.5 0.932-4.3 4.38 14.5 14.6-14.5 14.5 4.3 4.4 14.6-14.6 4.4-4.3-4.4-4.4-14.6-14.6z\"><\/path><\/svg>\n\t\t<\/button>\n\t\t<div class=\"espigul-house__item__photo__overlay\">\n\t\t\t<div class=\"espigul-house__item__photo__price\">\n\t\t\t\t275.000\u00a0\u20ac\t\t\t<\/div>\n\t\t<\/div>\n\t<\/div>\n\t<div class=\"espigul-house__item__body\">\n\t\t<div class=\"espigul-house__item__body__city\">Costa Brava<\/div>\n\t\t<h2 class=\"espigul-house__item__body__title flex-grow\">\n\t\t\t<a href=\"https:\/\/www.espigul.com\/fr\/immobles\/elegant-appartement-a-cote-de-la-gavina-a-sagaro\/\" title=\"\u00c9l\u00e9gant appartement \u00e0 c\u00f4t\u00e9 de La Gavina, \u00e0 S&rsquo;Agar\u00f3\">\u00c9l\u00e9gant appartement \u00e0 c\u00f4t\u00e9 de La Gavina, \u00e0 S&rsquo;Agar\u00f3<\/a>\n\t\t<\/h2>\n\t\t<div class=\"espigul-house__item__body__meta\">\n\t\t\t\t\t\t<div class=\"espigul-house__item__body__meta__item\">\n\t\t\t\t<span class=\"espigul-house__item__body__meta__item__label\">Surface<\/span>\n\t\t\t\t<span class=\"espigul-house__item__body__meta__item__value\">\n\t\t\t\t\t24 m<sup>2<\/sup>\t\t\t\t<\/span>\n\t\t\t<\/div>\n\t\t\t\t\t\t<div class=\"espigul-house__item__body__meta__item\">\n\t\t\t\t<span class=\"espigul-house__item__body__meta__item__label\">Chambres<\/span>\n\t\t\t\t<span class=\"espigul-house__item__body__meta__item__value\">\n\t\t\t\t\t1\t\t\t\t<\/span>\n\t\t\t<\/div>\n\t\t\t\t\t\t<div class=\"espigul-house__item__body__meta__item\">\n\t\t\t\t<span class=\"espigul-house__item__body__meta__item__label\">Salles de bains<\/span>\n\t\t\t\t<span class=\"espigul-house__item__body__meta__item__value\">\n\t\t\t\t\t1\t\t\t\t<\/span>\n\t\t\t<\/div>\n\t\t\t\t\t<\/div>\n\t<\/div>\n<\/div>\n\t\t\t\t\t<\/li>\n\t\t\t\t\t\t\t\t\t\t<li class=\"splide__slide\">\n\t\t\t\t\t<div class=\"espigul-house__item cursor-pointer\" onClick=\"window.location.assign('https:\/\/www.espigul.com\/fr\/immobles\/villa-avec-piscine-et-vues-a-sagaro\/');\">\n\t<div class=\"espigul-house__item__gallery espigul-house__item__photo\" x-data=\"{ active : 0, total: 3 }\">\n\t\t\t\t<ul class=\"espigul-house__item__gallery__items\">\n\t\t\t\t\t\t\t<li class=\"espigul-house__item__gallery__items__item\" x-bind:class=\"0 == active ? 'espigul-house__item__gallery__items__item--active': ''\">\n\t\t\t\t\t<img decoding=\"async\" src=\"https:\/\/www.espigul.com\/wp-content\/uploads\/2026\/02\/villa-con-piscina-y-vistas-en-sagaro-24678112-1300x869.webp\" alt=\"Villa avec piscine et vues \u00e0 S&rsquo;Agar\u00f3\" loading=\"lazy\" width=\"100%\" height=\"auto\">\n\t\t\t\t<\/li>\n\t\t\t\t\t\t\t<li class=\"espigul-house__item__gallery__items__item\" x-bind:class=\"1 == active ? 'espigul-house__item__gallery__items__item--active': ''\">\n\t\t\t\t\t<img decoding=\"async\" src=\"https:\/\/www.espigul.com\/wp-content\/uploads\/2026\/02\/villa-con-piscina-y-vistas-en-sagaro-24678113-1300x869.webp\" alt=\"Villa avec piscine et vues \u00e0 S&rsquo;Agar\u00f3\" loading=\"lazy\" width=\"100%\" height=\"auto\">\n\t\t\t\t<\/li>\n\t\t\t\t\t\t\t<li class=\"espigul-house__item__gallery__items__item\" x-bind:class=\"2 == active ? 'espigul-house__item__gallery__items__item--active': ''\">\n\t\t\t\t\t<img decoding=\"async\" src=\"https:\/\/www.espigul.com\/wp-content\/uploads\/2026\/02\/villa-con-piscina-y-vistas-en-sagaro-24678109-1300x868.webp\" alt=\"Villa avec piscine et vues \u00e0 S&rsquo;Agar\u00f3\" loading=\"lazy\" width=\"100%\" height=\"auto\">\n\t\t\t\t<\/li>\n\t\t\t\t\t<\/ul>\n\t\t<ul class=\"espigul-house__item__gallery__dots\">\n\t\t\t\t\t\t\t<li class=\"espigul-house__item__gallery__dots__item\" x-bind:class=\"0 == active ? 'espigul-house__item__gallery__dots__item--active': ''\">\n\t\t\t\t<\/li>\n\t\t\t\t\t\t\t<li class=\"espigul-house__item__gallery__dots__item\" x-bind:class=\"1 == active ? 'espigul-house__item__gallery__dots__item--active': ''\">\n\t\t\t\t<\/li>\n\t\t\t\t\t\t\t<li class=\"espigul-house__item__gallery__dots__item\" x-bind:class=\"2 == active ? 'espigul-house__item__gallery__dots__item--active': ''\">\n\t\t\t\t<\/li>\n\t\t\t\t\t<\/ul>\n\t\t<button class=\"espigul-house__item__gallery__arrow espigul-house__item__gallery__arrow--left\" aria-label=\"Previous photo\" @click.stop=\"active === 0 ? active = total - 1 : active--\">\n\t\t\t<svg xmlns=\"http:\/\/www.w3.org\/2000\/svg\" viewBox=\"0 0 40 40\" width=\"40\" height=\"40\" focusable=\"false\"><path d=\"m15.5 0.932-4.3 4.38 14.5 14.6-14.5 14.5 4.3 4.4 14.6-14.6 4.4-4.3-4.4-4.4-14.6-14.6z\"><\/path><\/svg>\n\t\t<\/button>\n\t\t<button class=\"espigul-house__item__gallery__arrow espigul-house__item__gallery__arrow--right\" aria-label=\"Next photo\" @click.stop=\"active === total - 1 ? active = 0 : active++\">\n\t\t\t<svg xmlns=\"http:\/\/www.w3.org\/2000\/svg\" viewBox=\"0 0 40 40\" width=\"40\" height=\"40\" focusable=\"false\"><path d=\"m15.5 0.932-4.3 4.38 14.5 14.6-14.5 14.5 4.3 4.4 14.6-14.6 4.4-4.3-4.4-4.4-14.6-14.6z\"><\/path><\/svg>\n\t\t<\/button>\n\t\t<div class=\"espigul-house__item__photo__overlay\">\n\t\t\t<div class=\"espigul-house__item__photo__price\">\n\t\t\t\t625.000\u00a0\u20ac\t\t\t<\/div>\n\t\t<\/div>\n\t<\/div>\n\t<div class=\"espigul-house__item__body\">\n\t\t<div class=\"espigul-house__item__body__city\">Costa Brava<\/div>\n\t\t<h2 class=\"espigul-house__item__body__title flex-grow\">\n\t\t\t<a href=\"https:\/\/www.espigul.com\/fr\/immobles\/villa-avec-piscine-et-vues-a-sagaro\/\" title=\"Villa avec piscine et vues \u00e0 S&rsquo;Agar\u00f3\">Villa avec piscine et vues \u00e0 S&rsquo;Agar\u00f3<\/a>\n\t\t<\/h2>\n\t\t<div class=\"espigul-house__item__body__meta\">\n\t\t\t\t\t\t<div class=\"espigul-house__item__body__meta__item\">\n\t\t\t\t<span class=\"espigul-house__item__body__meta__item__label\">Surface<\/span>\n\t\t\t\t<span class=\"espigul-house__item__body__meta__item__value\">\n\t\t\t\t\t245 m<sup>2<\/sup>\t\t\t\t<\/span>\n\t\t\t<\/div>\n\t\t\t\t\t\t<div class=\"espigul-house__item__body__meta__item\">\n\t\t\t\t<span class=\"espigul-house__item__body__meta__item__label\">Chambres<\/span>\n\t\t\t\t<span class=\"espigul-house__item__body__meta__item__value\">\n\t\t\t\t\t4\t\t\t\t<\/span>\n\t\t\t<\/div>\n\t\t\t\t\t\t<div class=\"espigul-house__item__body__meta__item\">\n\t\t\t\t<span class=\"espigul-house__item__body__meta__item__label\">Salles de bains<\/span>\n\t\t\t\t<span class=\"espigul-house__item__body__meta__item__value\">\n\t\t\t\t\t3\t\t\t\t<\/span>\n\t\t\t<\/div>\n\t\t\t\t\t<\/div>\n\t<\/div>\n<\/div>\n\t\t\t\t\t<\/li>\n\t\t\t\t\t\t\t\t\t\t<li class=\"splide__slide\">\n\t\t\t\t\t<div class=\"espigul-house__item cursor-pointer\" onClick=\"window.location.assign('https:\/\/www.espigul.com\/fr\/immobles\/nouvelle-construction-a-sagaro-villa-de-luxe-jumelee\/');\">\n\t<div class=\"espigul-house__item__gallery espigul-house__item__photo\" x-data=\"{ active : 0, total: 3 }\">\n\t\t\t\t<ul class=\"espigul-house__item__gallery__items\">\n\t\t\t\t\t\t\t<li class=\"espigul-house__item__gallery__items__item\" x-bind:class=\"0 == active ? 'espigul-house__item__gallery__items__item--active': ''\">\n\t\t\t\t\t<img decoding=\"async\" src=\"https:\/\/www.espigul.com\/wp-content\/uploads\/2025\/01\/obra-nueva-en-sagaro-villa-de-lujo-pareada-18763731-1-1300x866.webp\" alt=\"Nouvelle construction \u00e0 S&rsquo;Agar\u00f3. Villa de luxe jumel\u00e9e\" loading=\"lazy\" width=\"100%\" height=\"auto\">\n\t\t\t\t<\/li>\n\t\t\t\t\t\t\t<li class=\"espigul-house__item__gallery__items__item\" x-bind:class=\"1 == active ? 'espigul-house__item__gallery__items__item--active': ''\">\n\t\t\t\t\t<img decoding=\"async\" src=\"https:\/\/www.espigul.com\/wp-content\/uploads\/2025\/01\/obra-nueva-en-sagaro-villa-de-lujo-pareada-18763729-1-1300x866.webp\" alt=\"Nouvelle construction \u00e0 S&rsquo;Agar\u00f3. Villa de luxe jumel\u00e9e\" loading=\"lazy\" width=\"100%\" height=\"auto\">\n\t\t\t\t<\/li>\n\t\t\t\t\t\t\t<li class=\"espigul-house__item__gallery__items__item\" x-bind:class=\"2 == active ? 'espigul-house__item__gallery__items__item--active': ''\">\n\t\t\t\t\t<img decoding=\"async\" src=\"https:\/\/www.espigul.com\/wp-content\/uploads\/2025\/01\/obra-nueva-en-sagaro-villa-de-lujo-pareada-18763730-1-1300x866.webp\" alt=\"Nouvelle construction \u00e0 S&rsquo;Agar\u00f3. Villa de luxe jumel\u00e9e\" loading=\"lazy\" width=\"100%\" height=\"auto\">\n\t\t\t\t<\/li>\n\t\t\t\t\t<\/ul>\n\t\t<ul class=\"espigul-house__item__gallery__dots\">\n\t\t\t\t\t\t\t<li class=\"espigul-house__item__gallery__dots__item\" x-bind:class=\"0 == active ? 'espigul-house__item__gallery__dots__item--active': ''\">\n\t\t\t\t<\/li>\n\t\t\t\t\t\t\t<li class=\"espigul-house__item__gallery__dots__item\" x-bind:class=\"1 == active ? 'espigul-house__item__gallery__dots__item--active': ''\">\n\t\t\t\t<\/li>\n\t\t\t\t\t\t\t<li class=\"espigul-house__item__gallery__dots__item\" x-bind:class=\"2 == active ? 'espigul-house__item__gallery__dots__item--active': ''\">\n\t\t\t\t<\/li>\n\t\t\t\t\t<\/ul>\n\t\t<button class=\"espigul-house__item__gallery__arrow espigul-house__item__gallery__arrow--left\" aria-label=\"Previous photo\" @click.stop=\"active === 0 ? active = total - 1 : active--\">\n\t\t\t<svg xmlns=\"http:\/\/www.w3.org\/2000\/svg\" viewBox=\"0 0 40 40\" width=\"40\" height=\"40\" focusable=\"false\"><path d=\"m15.5 0.932-4.3 4.38 14.5 14.6-14.5 14.5 4.3 4.4 14.6-14.6 4.4-4.3-4.4-4.4-14.6-14.6z\"><\/path><\/svg>\n\t\t<\/button>\n\t\t<button class=\"espigul-house__item__gallery__arrow espigul-house__item__gallery__arrow--right\" aria-label=\"Next photo\" @click.stop=\"active === total - 1 ? active = 0 : active++\">\n\t\t\t<svg xmlns=\"http:\/\/www.w3.org\/2000\/svg\" viewBox=\"0 0 40 40\" width=\"40\" height=\"40\" focusable=\"false\"><path d=\"m15.5 0.932-4.3 4.38 14.5 14.6-14.5 14.5 4.3 4.4 14.6-14.6 4.4-4.3-4.4-4.4-14.6-14.6z\"><\/path><\/svg>\n\t\t<\/button>\n\t\t<div class=\"espigul-house__item__photo__overlay\">\n\t\t\t<div class=\"espigul-house__item__photo__price\">\n\t\t\t\t1.300.000\u00a0\u20ac\t\t\t<\/div>\n\t\t<\/div>\n\t<\/div>\n\t<div class=\"espigul-house__item__body\">\n\t\t<div class=\"espigul-house__item__body__city\">Costa Brava<\/div>\n\t\t<h2 class=\"espigul-house__item__body__title flex-grow\">\n\t\t\t<a href=\"https:\/\/www.espigul.com\/fr\/immobles\/nouvelle-construction-a-sagaro-villa-de-luxe-jumelee\/\" title=\"Nouvelle construction \u00e0 S&rsquo;Agar\u00f3. Villa de luxe jumel\u00e9e\">Nouvelle construction \u00e0 S&rsquo;Agar\u00f3. Villa de luxe jumel\u00e9e<\/a>\n\t\t<\/h2>\n\t\t<div class=\"espigul-house__item__body__meta\">\n\t\t\t\t\t\t<div class=\"espigul-house__item__body__meta__item\">\n\t\t\t\t<span class=\"espigul-house__item__body__meta__item__label\">Surface<\/span>\n\t\t\t\t<span class=\"espigul-house__item__body__meta__item__value\">\n\t\t\t\t\t252 m<sup>2<\/sup>\t\t\t\t<\/span>\n\t\t\t<\/div>\n\t\t\t\t\t\t<div class=\"espigul-house__item__body__meta__item\">\n\t\t\t\t<span class=\"espigul-house__item__body__meta__item__label\">Chambres<\/span>\n\t\t\t\t<span class=\"espigul-house__item__body__meta__item__value\">\n\t\t\t\t\t4\t\t\t\t<\/span>\n\t\t\t<\/div>\n\t\t\t\t\t\t<div class=\"espigul-house__item__body__meta__item\">\n\t\t\t\t<span class=\"espigul-house__item__body__meta__item__label\">Salles de bains<\/span>\n\t\t\t\t<span class=\"espigul-house__item__body__meta__item__value\">\n\t\t\t\t\t4\t\t\t\t<\/span>\n\t\t\t<\/div>\n\t\t\t\t\t<\/div>\n\t<\/div>\n<\/div>\n\t\t\t\t\t<\/li>\n\t\t\t\t\t\t\t\t<\/ul>\n\t\t<\/div>\n\t<\/div>\n<\/div>\n<script>\n\tdocument.addEventListener( 'DOMContentLoaded', function() {\n\t\tvar main = new Splide( '#carousel-5520143', {\n\t\t\tfixedWidth: '70vw',\n\t\t\tgap: '2rem',\n\t\t\tpagination: false,\n\t\t\tarrows: false,\n\t\t\tpadding: '1rem',\n\t\t\tmediaQuery: 'min',\n\t\t\tbreakpoints: {\n\t\t\t\t720: {\n\t\t\t\t\tfixedWidth: null,\n\t\t\t\t\tperPage: 3,\n\t\t\t\t\tarrows: true,\n\t\t\t\t},\n\t\t}\n\t\t} );\n\t\tmain.mount();\n\t} );\n<\/script>\n<\/div><\/div>\n\n<p><\/p>\n\n<p><\/p>\n\n<div class=\"wp-block-uagb-container bg-bezier-50 uagb-block-168a8574 alignfull uagb-is-root-container\"><div class=\"uagb-container-inner-blocks-wrap\">\n<div class=\"wp-block-uagb-container uagb-block-e8291b2b\">\n<div class=\"wp-block-group is-layout-constrained wp-container-core-group-is-layout-93ab80c1 wp-block-group-is-layout-constrained\" style=\"padding-top:0;padding-right:var(--wp--preset--spacing--80);padding-bottom:0;padding-left:0\">\n<h2 class=\"wp-block-heading has-white-color has-text-color\">Maisons \u00e0 s&rsquo;Agar\u00f3<\/h2>\n\n\n\n<p class=\"has-white-color has-text-color\">S&rsquo;Agar\u00f3 se situe dans la province de G\u00e9rone, au sein de la commune de Castell-Platja d&rsquo;Aro. Cette localit\u00e9 est r\u00e9put\u00e9e pour ses plages de sable fin, ses criques cach\u00e9es et son atmosph\u00e8re d\u00e9tendue qui attire aussi bien les r\u00e9sidents que les visiteurs.<\/p>\n\n\n\n<p class=\"has-white-color has-text-color\">Les maisons \u00e0 s&rsquo;Agar\u00f3 sont une combinaison parfaite de tradition et de modernit\u00e9. Vous pouvez y trouver aussi bien de luxueuses maisons avec piscine et jardin que de confortables appartements avec vue sur la mer. Les propri\u00e9t\u00e9s se distinguent g\u00e9n\u00e9ralement par leur architecture m\u00e9diterran\u00e9enne, avec de vastes terrasses, de grandes baies vitr\u00e9es et une int\u00e9gration harmonieuse avec l&rsquo;environnement naturel.<\/p>\n<\/div>\n<\/div>\n\n\n\n<div class=\"wp-block-uagb-container uagb-block-fb5049af\"><\/div>\n<\/div><\/div>\n\n<div class=\"wp-block-uagb-container uagb-block-78b151fc alignwide uagb-is-root-container\">\n<div class=\"wp-block-uagb-container uagb-block-5d7aa9aa\">\n<div class=\"wp-block-columns is-layout-flex wp-container-core-columns-is-layout-28f84493 wp-block-columns-is-layout-flex\">\n<div class=\"wp-block-column is-layout-flow wp-block-column-is-layout-flow\">\n<div class=\"wp-block-uagb-image uagb-block-cc683cd2 wp-block-uagb-image--layout-default wp-block-uagb-image--effect-static wp-block-uagb-image--align-none\"><figure class=\"wp-block-uagb-image__figure\"><img decoding=\"async\" srcset=\"https:\/\/www.espigul.com\/wp-content\/uploads\/2025\/12\/ESPIGUL_Logo-Black.png ,https:\/\/www.espigul.com\/wp-content\/uploads\/2025\/12\/ESPIGUL_Logo-Black.png 780w, https:\/\/www.espigul.com\/wp-content\/uploads\/2025\/12\/ESPIGUL_Logo-Black.png 360w\" sizes=\"auto, (max-width: 480px) 150px\" src=\"https:\/\/www.espigul.com\/wp-content\/uploads\/2025\/12\/ESPIGUL_Logo-Black.png\" alt=\"\" class=\"uag-image-313022\" width=\"246\" height=\"60\" title=\"ESPIGUL_Logo-Black\" loading=\"lazy\" role=\"img\"><\/figure><\/div>\n\n\n\n<p class=\"has-text-align-center has-medium-font-size\" style=\"padding-top:var(--wp--preset--spacing--50)\">Chez Esp\u00edgul, nous disposons d&rsquo;un large \u00e9ventail d&rsquo;options pour tout type d&rsquo;acheteur ou de locataire, en nous adaptant toujours \u00e0 vos pr\u00e9f\u00e9rences et \u00e0 votre budget, depuis les maisons de location jusqu&rsquo;aux <strong>maisons exclusives \u00e0 s&rsquo;Agar\u00f3<\/strong>.<\/p>\n<\/div>\n<\/div>\n<\/div>\n<\/div>\n\n<div class=\"wp-block-uagb-container bg-bezier-50--right uagb-block-58fb33fb alignfull uagb-is-root-container\"><div class=\"uagb-container-inner-blocks-wrap\">\n<div class=\"wp-block-uagb-container uagb-block-4889659d alignfull uagb-is-root-container\"><div class=\"uagb-container-inner-blocks-wrap\"><\/div><\/div>\n\n\n\n<div class=\"wp-block-uagb-container uagb-block-68e4dbd5\">\n<div class=\"wp-block-group is-layout-constrained wp-container-core-group-is-layout-76b72ade wp-block-group-is-layout-constrained\" style=\"padding-top:0;padding-right:0;padding-bottom:0;padding-left:0\">\n<h2 class=\"wp-block-heading has-white-color has-text-color\">Maisons de location \u00e0 s&rsquo;Agar\u00f3<\/h2>\n\n\n\n<p>Dans cette localit\u00e9 de la Costa Brava, vous ne trouverez pas seulement des maisons \u00e0 vendre, mais \u00e9galement une grande vari\u00e9t\u00e9 de <strong>maisons de location \u00e0 s&rsquo;Agar\u00f3<\/strong>. Que ce soit pour un s\u00e9jour temporaire, des vacances en famille ou une location de longue dur\u00e9e, Esp\u00edgul vous aidera \u00e0 trouver l&rsquo;option de location qui vous convient le mieux. <\/p>\n\n\n\n<p>Nous offrons un service complet de conseil pour garantir que vous trouviez la propri\u00e9t\u00e9 id\u00e9ale, en tenant compte de toutes vos exigences et pr\u00e9f\u00e9rences. Notre \u00e9quipe d&rsquo;experts vous accompagnera \u00e0 tout moment, depuis la recherche initiale jusqu&rsquo;\u00e0 la signature du contrat, pour s&rsquo;assurer que le processus soit aussi simple et transparent que possible.<\/p>\n<\/div>\n<\/div>\n<\/div><\/div>\n\n<div class=\"wp-block-uagb-container uagb-block-0b924068 alignfull uagb-is-root-container\"><div class=\"uagb-container-inner-blocks-wrap\">\n<div class=\"wp-block-uagb-container uagb-block-ee210d19\">\n<div class=\"wp-block-uagb-container uagb-block-5698c046\">\n<div class=\"wp-block-columns is-layout-flex wp-container-core-columns-is-layout-28f84493 wp-block-columns-is-layout-flex\">\n<div class=\"wp-block-column is-layout-flow wp-block-column-is-layout-flow\">      \n\t\t\t<div class=\"uagb-icon-wrapper uagb-block-db227f2f      \"\n\t\t\tstyle=\"\" >\n\t\t\t\t\t\t\t\t\t<span class=\"uagb-svg-wrapper\" \n\t\t\t\t\t aria-label=\"circle-check\"\t\t\t\t\ttabindex=\"0\">\t\t\n\t\t\t\t\t\t\t\t\t\t<svg xmlns=\"https:\/\/www.w3.org\/2000\/svg\" viewBox= \"0 0 512 512\" role=\"graphics-symbol\" aria-hidden=\"false\" aria-label=\"\"><path d=\"M0 256C0 114.6 114.6 0 256 0C397.4 0 512 114.6 512 256C512 397.4 397.4 512 256 512C114.6 512 0 397.4 0 256zM371.8 211.8C382.7 200.9 382.7 183.1 371.8 172.2C360.9 161.3 343.1 161.3 332.2 172.2L224 280.4L179.8 236.2C168.9 225.3 151.1 225.3 140.2 236.2C129.3 247.1 129.3 264.9 140.2 275.8L204.2 339.8C215.1 350.7 232.9 350.7 243.8 339.8L371.8 211.8z\"><\/path><\/svg>\n\t\t\t\t\t\t\t\t\t<\/span>\n\t\t\t\t\t\t\t<\/div>\n\t\t\t\n\n\n<p class=\"has-text-align-center has-medium-font-size\">Situ\u00e9 dans l&rsquo;une des plus belles zones de la c\u00f4te catalane, ce village vous offre un environnement tranquille et des vues spectaculaires sur la M\u00e9diterran\u00e9e.<\/p>\n<\/div>\n\n\n\n<div class=\"wp-block-column is-layout-flow wp-block-column-is-layout-flow\">      \n\t\t\t<div class=\"uagb-icon-wrapper uagb-block-8e42b3a3      \"\n\t\t\tstyle=\"\" >\n\t\t\t\t\t\t\t\t\t<span class=\"uagb-svg-wrapper\" \n\t\t\t\t\t aria-label=\"people-roof\"\t\t\t\t\ttabindex=\"0\">\t\t\n\t\t\t\t\t\t\t\t\t\t<svg xmlns=\"https:\/\/www.w3.org\/2000\/svg\" viewBox= \"0 0 640 512\" role=\"graphics-symbol\" aria-hidden=\"false\" aria-label=\"\"><path d=\"M623.5 164C638.1 172.6 644.6 192.1 635.1 207.5C627.4 222.1 607.9 228.6 592.5 219.1L319.1 68.61L47.54 219.1C32.09 228.6 12.61 222.1 4.025 207.5C-4.558 192.1 1.008 172.6 16.46 164L304.5 4.027C314.1-1.342 325.9-1.342 335.5 4.027L623.5 164zM279.1 200C279.1 177.9 297.9 160 319.1 160C342.1 160 359.1 177.9 359.1 200C359.1 222.1 342.1 240 319.1 240C297.9 240 279.1 222.1 279.1 200zM103.1 296C103.1 273.9 121.9 256 143.1 256C166.1 256 183.1 273.9 183.1 296C183.1 318.1 166.1 336 143.1 336C121.9 336 103.1 318.1 103.1 296V296zM535.1 296C535.1 318.1 518.1 336 495.1 336C473.9 336 455.1 318.1 455.1 296C455.1 273.9 473.9 256 495.1 256C518.1 256 535.1 273.9 535.1 296zM226.9 491.4L199.1 441.5V480C199.1 497.7 185.7 512 167.1 512H119.1C102.3 512 87.1 497.7 87.1 480V441.5L61.13 491.4C54.84 503 40.29 507.4 28.62 501.1C16.95 494.8 12.58 480.3 18.87 468.6L56.74 398.3C72.09 369.8 101.9 352 134.2 352H153.8C170.1 352 185.7 356.5 199.2 364.6L232.7 302.3C248.1 273.8 277.9 255.1 310.2 255.1H329.8C362.1 255.1 391.9 273.8 407.3 302.3L440.8 364.6C454.3 356.5 469.9 352 486.2 352H505.8C538.1 352 567.9 369.8 583.3 398.3L621.1 468.6C627.4 480.3 623 494.8 611.4 501.1C599.7 507.4 585.2 503 578.9 491.4L551.1 441.5V480C551.1 497.7 537.7 512 519.1 512H471.1C454.3 512 439.1 497.7 439.1 480V441.5L413.1 491.4C406.8 503 392.3 507.4 380.6 501.1C368.1 494.8 364.6 480.3 370.9 468.6L407.2 401.1C405.5 399.5 404 397.6 402.9 395.4L375.1 345.5V400C375.1 417.7 361.7 432 343.1 432H295.1C278.3 432 263.1 417.7 263.1 400V345.5L237.1 395.4C235.1 397.6 234.5 399.5 232.8 401.1L269.1 468.6C275.4 480.3 271 494.8 259.4 501.1C247.7 507.4 233.2 503 226.9 491.4H226.9z\"><\/path><\/svg>\n\t\t\t\t\t\t\t\t\t<\/span>\n\t\t\t\t\t\t\t<\/div>\n\t\t\t\n\n\n<p class=\"has-text-align-center has-medium-font-size\">Chez Esp\u00edgul, nous savons que trouver la maison parfaite est une d\u00e9cision importante, et nous sommes l\u00e0 pour vous aider \u00e0 chaque \u00e9tape du processus.<\/p>\n<\/div>\n\n\n\n<div class=\"wp-block-column is-layout-flow wp-block-column-is-layout-flow\" style=\"padding-top:0;padding-right:0;padding-bottom:0;padding-left:0\">      \n\t\t\t<div class=\"uagb-icon-wrapper uagb-block-61cddab3      \"\n\t\t\tstyle=\"\" >\n\t\t\t\t\t\t\t\t\t<span class=\"uagb-svg-wrapper\" \n\t\t\t\t\t aria-label=\"house\"\t\t\t\t\ttabindex=\"0\">\t\t\n\t\t\t\t\t\t\t\t\t\t<svg xmlns=\"https:\/\/www.w3.org\/2000\/svg\" viewBox= \"0 0 576 512\" role=\"graphics-symbol\" aria-hidden=\"false\" aria-label=\"\"><path d=\"M575.8 255.5C575.8 273.5 560.8 287.6 543.8 287.6H511.8L512.5 447.7C512.5 450.5 512.3 453.1 512 455.8V472C512 494.1 494.1 512 472 512H456C454.9 512 453.8 511.1 452.7 511.9C451.3 511.1 449.9 512 448.5 512H392C369.9 512 352 494.1 352 472V384C352 366.3 337.7 352 320 352H256C238.3 352 224 366.3 224 384V472C224 494.1 206.1 512 184 512H128.1C126.6 512 125.1 511.9 123.6 511.8C122.4 511.9 121.2 512 120 512H104C81.91 512 64 494.1 64 472V360C64 359.1 64.03 358.1 64.09 357.2V287.6H32.05C14.02 287.6 0 273.5 0 255.5C0 246.5 3.004 238.5 10.01 231.5L266.4 8.016C273.4 1.002 281.4 0 288.4 0C295.4 0 303.4 2.004 309.5 7.014L564.8 231.5C572.8 238.5 576.9 246.5 575.8 255.5L575.8 255.5z\"><\/path><\/svg>\n\t\t\t\t\t\t\t\t\t<\/span>\n\t\t\t\t\t\t\t<\/div>\n\t\t\t\n\n\n<p class=\"has-text-align-center has-medium-font-size\">Avec notre conseil expert et une large gamme de biens immobiliers disponibles, nous sommes certains de trouver une <strong>maison \u00e0 s&rsquo;Agar\u00f3<\/strong> qui correspond \u00e0 vos besoins.<\/p>\n<\/div>\n<\/div>\n<\/div>\n<\/div>\n<\/div><\/div>\n\n<div class=\"wp-block-uagb-container uagb-block-4e4202a9 alignfull uagb-is-root-container\"><div class=\"uagb-container-inner-blocks-wrap\">\n<div class=\"wp-block-uagb-container uagb-block-d6dfd534\">\n<div class=\"wp-block-uagb-advanced-heading uagb-block-2655cb54\"><h2 class=\"uagb-heading-text\">Vente de maisons \u00e0 s&rsquo;Agar\u00f3<\/h2><\/div>\n\n\n\n<p style=\"margin-top:0;margin-bottom:0;padding-top:0;padding-bottom:0\">Chez Esp\u00edgul, nous sommes fiers d&rsquo;offrir un service personnalis\u00e9 et de qualit\u00e9 \u00e0 tous nos clients. Si vous \u00eates int\u00e9ress\u00e9 par la location ou l&rsquo;<strong>achat d&rsquo;une maison \u00e0 s&rsquo;Agar\u00f3<\/strong>, nous vous fournirons tout le soutien n\u00e9cessaire pour trouver la propri\u00e9t\u00e9 parfaite. <\/p>\n\n\n\n<p style=\"margin-top:0;margin-bottom:0;padding-top:0;padding-bottom:0\">Notre \u00e9quipe de professionnels vous aidera \u00e0 explorer les diff\u00e9rentes options disponibles, en vous offrant des conseils sur les avantages de chaque bien immobilier et en vous guidant \u00e0 chaque \u00e9tape du processus d&rsquo;achat. Que vous recherchiez une maison pour y vivre, pour passer vos vacances ou pour investir, nous sommes l\u00e0 pour vous aider.<\/p>\n<\/div>\n\n\n\n<div class=\"wp-block-uagb-container uagb-block-0dca6873\">\n<figure class=\"wp-block-image size-large is-resized\"><img loading=\"lazy\" decoding=\"async\" width=\"1300\" height=\"867\" src=\"https:\/\/www.espigul.com\/wp-content\/uploads\/2025\/07\/casa_pda2-1300x867.jpg\" alt=\"\" class=\"wp-image-138266\" style=\"width:658px;height:auto\" srcset=\"https:\/\/www.espigul.com\/wp-content\/uploads\/2025\/07\/casa_pda2-1300x867.jpg 1300w, https:\/\/www.espigul.com\/wp-content\/uploads\/2025\/07\/casa_pda2-400x267.jpg 400w, https:\/\/www.espigul.com\/wp-content\/uploads\/2025\/07\/casa_pda2-768x512.jpg 768w, https:\/\/www.espigul.com\/wp-content\/uploads\/2025\/07\/casa_pda2-1536x1024.jpg 1536w, https:\/\/www.espigul.com\/wp-content\/uploads\/2025\/07\/casa_pda2-2048x1365.jpg 2048w\" sizes=\"auto, (max-width: 1300px) 100vw, 1300px\" \/><\/figure>\n<\/div>\n<\/div><\/div>\n\n<div class=\"wp-block-uagb-container uagb-block-2c710113 alignfull uagb-is-root-container\"><div class=\"uagb-container-inner-blocks-wrap\">\n<div class=\"wp-block-uagb-container uagb-block-d85a0760\">\n<div class=\"wp-block-columns is-layout-flex wp-container-core-columns-is-layout-28f84493 wp-block-columns-is-layout-flex\">\n<div class=\"wp-block-column is-layout-flow wp-block-column-is-layout-flow\"><\/div>\n\n\n\n<div class=\"wp-block-column is-layout-flow wp-block-column-is-layout-flow\">\n<figure class=\"wp-block-image aligncenter size-large is-resized\"><img loading=\"lazy\" decoding=\"async\" width=\"36\" height=\"35\" src=\"https:\/\/www.espigul.com\/wp-content\/uploads\/2023\/06\/fiabilitat.svg\" alt=\"\" class=\"wp-image-12618\" style=\"width:57px;height:auto\"\/><\/figure>\n<\/div>\n\n\n\n<div class=\"wp-block-column is-layout-flow wp-block-column-is-layout-flow\"><\/div>\n<\/div>\n\n\n\n<p class=\"has-text-align-center has-medium-font-size\">Contactez-nous d\u00e8s aujourd&rsquo;hui et d\u00e9couvrez toutes les opportunit\u00e9s qu&rsquo;offre une maison \u00e0 s&rsquo;Agar\u00f3.<\/p>\n<\/div>\n<\/div><\/div>\n\n<div class=\"wp-block-uagb-container uagb-block-24de5ec9 alignfull uagb-is-root-container\"><div class=\"uagb-container-inner-blocks-wrap\">\n<div class=\"wp-block-uagb-container uagb-block-e8496523\">\n<div class=\"wp-block-uagb-advanced-heading uagb-block-a718f958\"><h2 class=\"uagb-heading-text\">Contactez-nous<\/h2><\/div>\n\n\n\n<div class=\"wp-block-contact-form-7-contact-form-selector\">\n<div class=\"wpcf7 no-js\" id=\"wpcf7-f130130-o1\" lang=\"fr-FR\" dir=\"ltr\" data-wpcf7-id=\"130130\">\n<div class=\"screen-reader-response\"><p role=\"status\" aria-live=\"polite\" aria-atomic=\"true\"><\/p> <ul><\/ul><\/div>\n<form action=\"\/fr\/wp-json\/wp\/v2\/pages\/129090#wpcf7-f130130-o1\" method=\"post\" class=\"wpcf7-form init\" aria-label=\"Formulaire de contact\" novalidate=\"novalidate\" data-status=\"init\">\n<fieldset class=\"hidden-fields-container\"><input type=\"hidden\" name=\"_wpcf7\" value=\"130130\" \/><input type=\"hidden\" name=\"_wpcf7_version\" value=\"6.1.5\" \/><input type=\"hidden\" name=\"_wpcf7_locale\" value=\"fr_FR\" \/><input type=\"hidden\" name=\"_wpcf7_unit_tag\" value=\"wpcf7-f130130-o1\" \/><input type=\"hidden\" name=\"_wpcf7_container_post\" value=\"0\" \/><input type=\"hidden\" name=\"_wpcf7_posted_data_hash\" value=\"\" \/><input type=\"hidden\" name=\"_wpcf7_recaptcha_response\" value=\"\" \/>\n<\/fieldset>\n<h3>Formulaire de contact<\/h3>\n<div class=\"contact-form__cols contact-form__cols--2\">\n<div class=\"contact-form__cols__col\">\n<label> <span class=\"contact-form-required\">Nom et pr\u00e9nom<\/span>\n    <span class=\"wpcf7-form-control-wrap\" data-name=\"your-name\"><input size=\"40\" maxlength=\"400\" class=\"wpcf7-form-control wpcf7-text\" autocomplete=\"name\" aria-invalid=\"false\" value=\"\" type=\"text\" name=\"your-name\" \/><\/span> <\/label>\n<\/div> \n<div class=\"contact-form__cols__col\">\n<label> Type de bien<\/span>\n     <span class=\"wpcf7-form-control-wrap\" data-name=\"your-type\"><select class=\"wpcf7-form-control wpcf7-select\" aria-invalid=\"false\" name=\"your-type\"><option value=\"Appartement\">Appartement<\/option><option value=\"Maison\">Maison<\/option><option value=\"Local commercial\">Local commercial<\/option><option value=\"Garage\">Garage<\/option><\/select><\/span> <\/label>\n<\/div> \n<\/div>\n\n<div class=\"contact-form__cols contact-form__cols--2\">\n\n<div class=\"contact-form__cols__col\"> <label> \n<span class=\"contact-form-required\">Adresse e-mail<\/span>\n    <span class=\"wpcf7-form-control-wrap\" data-name=\"your-email\"><input size=\"40\" maxlength=\"400\" class=\"wpcf7-form-control wpcf7-email wpcf7-validates-as-required wpcf7-text wpcf7-validates-as-email\" autocomplete=\"email\" aria-required=\"true\" aria-invalid=\"false\" value=\"\" type=\"email\" name=\"your-email\" \/><\/span> <\/label>\n<\/div>\n<div class=\"contact-form__cols__col\">\n<label>Op\u00e9ration<\/span>\n<span class=\"wpcf7-form-control-wrap\" data-name=\"your-operation\"><select class=\"wpcf7-form-control wpcf7-select\" aria-invalid=\"false\" name=\"your-operation\"><option value=\"Location\">Location<\/option><option value=\"Vente\">Vente<\/option><\/select><\/span> <\/label>\n<\/div> \n<\/div>\n<div class=\"contact-form__cols contact-form__cols--2\">\n<div class=\"contact-form__cols__col\">\n<label><span class=\"contact-form-required\">T\u00e9l\u00e9phone<\/span>\n    <span class=\"wpcf7-form-control-wrap\" data-name=\"your-phone\"><input size=\"40\" maxlength=\"400\" class=\"wpcf7-form-control wpcf7-tel wpcf7-validates-as-required wpcf7-text wpcf7-validates-as-tel\" aria-required=\"true\" aria-invalid=\"false\" value=\"\" type=\"tel\" name=\"your-phone\" \/><\/span> <\/label>\n<\/div> \n<div class=\"contact-form__cols__col\">\n<label> Prix maximal\n     <span class=\"wpcf7-form-control-wrap\" data-name=\"your-price\"><input size=\"40\" maxlength=\"400\" class=\"wpcf7-form-control wpcf7-text\" aria-invalid=\"false\" value=\"\" type=\"text\" name=\"your-price\" \/><\/span> <\/label>\n<\/div> \n<\/div>\n<div class=\"contact-form__cols contact-form__cols--2\">\n<div class=\"contact-form__cols__col\">\n<label> Ville\n    <span class=\"wpcf7-form-control-wrap\" data-name=\"your-location\"><input size=\"40\" maxlength=\"400\" class=\"wpcf7-form-control wpcf7-text\" aria-invalid=\"false\" value=\"\" type=\"text\" name=\"your-location\" \/><\/span> <\/label>\n<\/div> \n<div class=\"contact-form__cols__col\">\n<label> Zone\n     <span class=\"wpcf7-form-control-wrap\" data-name=\"your-zone\"><input size=\"40\" maxlength=\"400\" class=\"wpcf7-form-control wpcf7-text\" aria-invalid=\"false\" value=\"\" type=\"text\" name=\"your-zone\" \/><\/span> <\/label>\n<\/div> \n<\/div>\n\n\n\n\n\n<label> <span class=\"contact-form-required\">Message<\/span>\n    <span class=\"wpcf7-form-control-wrap\" data-name=\"your-message\"><textarea cols=\"40\" rows=\"10\" maxlength=\"2000\" class=\"wpcf7-form-control wpcf7-textarea\" aria-invalid=\"false\" name=\"your-message\"><\/textarea><\/span> <\/label>\n<label class=\"contact-form__checkbox\"> <span class=\"wpcf7-form-control-wrap\" data-name=\"acceptance-\"><span class=\"wpcf7-form-control wpcf7-acceptance\"><span class=\"wpcf7-list-item\"><input type=\"checkbox\" name=\"acceptance-\" value=\"1\" aria-invalid=\"false\" \/><\/span><\/span><\/span> <span class=\"contact-form-required\">J'ai lu et j'accepte les conditions l\u00e9gales et la politique de confidentialit\u00e9.<\/span>\n<\/label>\n\n\n<input class=\"wpcf7-form-control wpcf7-submit has-spinner\" type=\"submit\" value=\"Enviar\" \/><div class=\"wpcf7-response-output\" aria-hidden=\"true\"><\/div>\n<\/form>\n<\/div>\n<\/div>\n<\/div>\n<\/div><\/div>\n\n<div class=\"wp-block-uagb-container uagb-block-32e2e0b0 alignfull uagb-is-root-container\"><div class=\"uagb-container-inner-blocks-wrap\"><\/div><\/div>\n","protected":false},"excerpt":{"rendered":"<p>MAISONS S&rsquo;AGAR\u00d3 Si vous recherchez l&rsquo;endroit id\u00e9al pour vivre ou pour passer des vacances sur la Costa Brava, une maison \u00e0 S&rsquo;Agar\u00f3 est, sans aucun doute, votre meilleur choix. Les maisons \u00e0 S&rsquo;Agar\u00f3 constituent une excellente option. Cette localit\u00e9 offre un environnement tranquille en bord de mer, avec de bonnes connexions et tous les services&#8230;<\/p>\n","protected":false},"author":3,"featured_media":138274,"parent":0,"menu_order":0,"comment_status":"closed","ping_status":"closed","template":"","meta":{"_acf_changed":false,"_uag_custom_page_level_css":"","footnotes":""},"class_list":["post-129090","page","type-page","status-publish","has-post-thumbnail","hentry"],"acf":[],"yoast_head":"<!-- This site is optimized with the Yoast SEO plugin v27.5 - https:\/\/yoast.com\/product\/yoast-seo-wordpress\/ -->\n<title>Maisons \u00e0 s&#039;Agar\u00f3 - Esp\u00edgul<\/title>\n<meta name=\"description\" content=\"Trouvez les meilleures options de maisons \u00e0 s&#039;Agar\u00f3 avec Esp\u00edgul. Conseil expert en vente et location pour trouver la maison parfaite sur la Costa Brava.\" \/>\n<meta name=\"robots\" content=\"index, follow, max-snippet:-1, max-image-preview:large, max-video-preview:-1\" \/>\n<link rel=\"canonical\" href=\"https:\/\/www.espigul.com\/fr\/maisons-sagaro\/\" \/>\n<meta property=\"og:locale\" content=\"fr_FR\" \/>\n<meta property=\"og:type\" content=\"article\" \/>\n<meta property=\"og:title\" content=\"Maisons \u00e0 s&#039;Agar\u00f3 - Esp\u00edgul\" \/>\n<meta property=\"og:description\" content=\"Trouvez les meilleures options de maisons \u00e0 s&#039;Agar\u00f3 avec Esp\u00edgul. Conseil expert en vente et location pour trouver la maison parfaite sur la Costa Brava.\" \/>\n<meta property=\"og:url\" content=\"https:\/\/www.espigul.com\/fr\/maisons-sagaro\/\" \/>\n<meta property=\"og:site_name\" content=\"Esp\u00edgul\" \/>\n<meta property=\"article:modified_time\" content=\"2026-04-14T11:29:46+00:00\" \/>\n<meta property=\"og:image\" content=\"https:\/\/www.espigul.com\/wp-content\/uploads\/2025\/07\/casas-sagaro-scaled.jpg\" \/>\n\t<meta property=\"og:image:width\" content=\"2560\" \/>\n\t<meta property=\"og:image:height\" content=\"1922\" \/>\n\t<meta property=\"og:image:type\" content=\"image\/jpeg\" \/>\n<meta name=\"twitter:card\" content=\"summary_large_image\" \/>\n<meta name=\"twitter:label1\" content=\"Dur\u00e9e de lecture estim\u00e9e\" \/>\n\t<meta name=\"twitter:data1\" content=\"4 minutes\" \/>\n<script type=\"application\/ld+json\" class=\"yoast-schema-graph\">{\"@context\":\"https:\\\/\\\/schema.org\",\"@graph\":[{\"@type\":\"WebPage\",\"@id\":\"https:\\\/\\\/www.espigul.com\\\/fr\\\/maisons-sagaro\\\/\",\"url\":\"https:\\\/\\\/www.espigul.com\\\/fr\\\/maisons-sagaro\\\/\",\"name\":\"Maisons \u00e0 s'Agar\u00f3 - Esp\u00edgul\",\"isPartOf\":{\"@id\":\"https:\\\/\\\/www.espigul.com\\\/fr\\\/#website\"},\"primaryImageOfPage\":{\"@id\":\"https:\\\/\\\/www.espigul.com\\\/fr\\\/maisons-sagaro\\\/#primaryimage\"},\"image\":{\"@id\":\"https:\\\/\\\/www.espigul.com\\\/fr\\\/maisons-sagaro\\\/#primaryimage\"},\"thumbnailUrl\":\"https:\\\/\\\/www.espigul.com\\\/wp-content\\\/uploads\\\/2025\\\/07\\\/casas-sagaro-scaled.jpg\",\"datePublished\":\"2025-03-10T09:27:00+00:00\",\"dateModified\":\"2026-04-14T11:29:46+00:00\",\"description\":\"Trouvez les meilleures options de maisons \u00e0 s'Agar\u00f3 avec Esp\u00edgul. Conseil expert en vente et location pour trouver la maison parfaite sur la Costa Brava.\",\"breadcrumb\":{\"@id\":\"https:\\\/\\\/www.espigul.com\\\/fr\\\/maisons-sagaro\\\/#breadcrumb\"},\"inLanguage\":\"fr-FR\",\"potentialAction\":[{\"@type\":\"ReadAction\",\"target\":[\"https:\\\/\\\/www.espigul.com\\\/fr\\\/maisons-sagaro\\\/\"]}]},{\"@type\":\"ImageObject\",\"inLanguage\":\"fr-FR\",\"@id\":\"https:\\\/\\\/www.espigul.com\\\/fr\\\/maisons-sagaro\\\/#primaryimage\",\"url\":\"https:\\\/\\\/www.espigul.com\\\/wp-content\\\/uploads\\\/2025\\\/07\\\/casas-sagaro-scaled.jpg\",\"contentUrl\":\"https:\\\/\\\/www.espigul.com\\\/wp-content\\\/uploads\\\/2025\\\/07\\\/casas-sagaro-scaled.jpg\",\"width\":2560,\"height\":1922},{\"@type\":\"BreadcrumbList\",\"@id\":\"https:\\\/\\\/www.espigul.com\\\/fr\\\/maisons-sagaro\\\/#breadcrumb\",\"itemListElement\":[{\"@type\":\"ListItem\",\"position\":1,\"name\":\"Inici\",\"item\":\"https:\\\/\\\/www.espigul.com\\\/fr\\\/\"},{\"@type\":\"ListItem\",\"position\":2,\"name\":\"Maisons \u00e0 s&#8217;Agar\u00f3\"}]},{\"@type\":\"WebSite\",\"@id\":\"https:\\\/\\\/www.espigul.com\\\/fr\\\/#website\",\"url\":\"https:\\\/\\\/www.espigul.com\\\/fr\\\/\",\"name\":\"Esp\u00edgul\",\"description\":\"La immobili\u00e0ria l\u00edder de Girona\",\"publisher\":{\"@id\":\"https:\\\/\\\/www.espigul.com\\\/fr\\\/#organization\"},\"potentialAction\":[{\"@type\":\"SearchAction\",\"target\":{\"@type\":\"EntryPoint\",\"urlTemplate\":\"https:\\\/\\\/www.espigul.com\\\/fr\\\/?s={search_term_string}\"},\"query-input\":{\"@type\":\"PropertyValueSpecification\",\"valueRequired\":true,\"valueName\":\"search_term_string\"}}],\"inLanguage\":\"fr-FR\"},{\"@type\":\"Organization\",\"@id\":\"https:\\\/\\\/www.espigul.com\\\/fr\\\/#organization\",\"name\":\"Esp\u00edgul\",\"url\":\"https:\\\/\\\/www.espigul.com\\\/fr\\\/\",\"logo\":{\"@type\":\"ImageObject\",\"inLanguage\":\"fr-FR\",\"@id\":\"https:\\\/\\\/www.espigul.com\\\/fr\\\/#\\\/schema\\\/logo\\\/image\\\/\",\"url\":\"https:\\\/\\\/www.espigul.com\\\/wp-content\\\/uploads\\\/2023\\\/08\\\/espigul-block.png\",\"contentUrl\":\"https:\\\/\\\/www.espigul.com\\\/wp-content\\\/uploads\\\/2023\\\/08\\\/espigul-block.png\",\"width\":384,\"height\":240,\"caption\":\"Esp\u00edgul\"},\"image\":{\"@id\":\"https:\\\/\\\/www.espigul.com\\\/fr\\\/#\\\/schema\\\/logo\\\/image\\\/\"},\"sameAs\":[\"https:\\\/\\\/www.instagram.com\\\/immoespigul\\\/\",\"https:\\\/\\\/www.youtube.com\\\/channel\\\/UCYyD-WWfbCFpCXau4SQOGKQ\"]}]}<\/script>\n<!-- \/ Yoast SEO plugin. -->","yoast_head_json":{"title":"Maisons \u00e0 s'Agar\u00f3 - Esp\u00edgul","description":"Trouvez les meilleures options de maisons \u00e0 s'Agar\u00f3 avec Esp\u00edgul. Conseil expert en vente et location pour trouver la maison parfaite sur la Costa Brava.","robots":{"index":"index","follow":"follow","max-snippet":"max-snippet:-1","max-image-preview":"max-image-preview:large","max-video-preview":"max-video-preview:-1"},"canonical":"https:\/\/www.espigul.com\/fr\/maisons-sagaro\/","og_locale":"fr_FR","og_type":"article","og_title":"Maisons \u00e0 s'Agar\u00f3 - Esp\u00edgul","og_description":"Trouvez les meilleures options de maisons \u00e0 s'Agar\u00f3 avec Esp\u00edgul. Conseil expert en vente et location pour trouver la maison parfaite sur la Costa Brava.","og_url":"https:\/\/www.espigul.com\/fr\/maisons-sagaro\/","og_site_name":"Esp\u00edgul","article_modified_time":"2026-04-14T11:29:46+00:00","og_image":[{"width":2560,"height":1922,"url":"https:\/\/www.espigul.com\/wp-content\/uploads\/2025\/07\/casas-sagaro-scaled.jpg","type":"image\/jpeg"}],"twitter_card":"summary_large_image","twitter_misc":{"Dur\u00e9e de lecture estim\u00e9e":"4 minutes"},"schema":{"@context":"https:\/\/schema.org","@graph":[{"@type":"WebPage","@id":"https:\/\/www.espigul.com\/fr\/maisons-sagaro\/","url":"https:\/\/www.espigul.com\/fr\/maisons-sagaro\/","name":"Maisons \u00e0 s'Agar\u00f3 - Esp\u00edgul","isPartOf":{"@id":"https:\/\/www.espigul.com\/fr\/#website"},"primaryImageOfPage":{"@id":"https:\/\/www.espigul.com\/fr\/maisons-sagaro\/#primaryimage"},"image":{"@id":"https:\/\/www.espigul.com\/fr\/maisons-sagaro\/#primaryimage"},"thumbnailUrl":"https:\/\/www.espigul.com\/wp-content\/uploads\/2025\/07\/casas-sagaro-scaled.jpg","datePublished":"2025-03-10T09:27:00+00:00","dateModified":"2026-04-14T11:29:46+00:00","description":"Trouvez les meilleures options de maisons \u00e0 s'Agar\u00f3 avec Esp\u00edgul. Conseil expert en vente et location pour trouver la maison parfaite sur la Costa Brava.","breadcrumb":{"@id":"https:\/\/www.espigul.com\/fr\/maisons-sagaro\/#breadcrumb"},"inLanguage":"fr-FR","potentialAction":[{"@type":"ReadAction","target":["https:\/\/www.espigul.com\/fr\/maisons-sagaro\/"]}]},{"@type":"ImageObject","inLanguage":"fr-FR","@id":"https:\/\/www.espigul.com\/fr\/maisons-sagaro\/#primaryimage","url":"https:\/\/www.espigul.com\/wp-content\/uploads\/2025\/07\/casas-sagaro-scaled.jpg","contentUrl":"https:\/\/www.espigul.com\/wp-content\/uploads\/2025\/07\/casas-sagaro-scaled.jpg","width":2560,"height":1922},{"@type":"BreadcrumbList","@id":"https:\/\/www.espigul.com\/fr\/maisons-sagaro\/#breadcrumb","itemListElement":[{"@type":"ListItem","position":1,"name":"Inici","item":"https:\/\/www.espigul.com\/fr\/"},{"@type":"ListItem","position":2,"name":"Maisons \u00e0 s&#8217;Agar\u00f3"}]},{"@type":"WebSite","@id":"https:\/\/www.espigul.com\/fr\/#website","url":"https:\/\/www.espigul.com\/fr\/","name":"Esp\u00edgul","description":"La immobili\u00e0ria l\u00edder de Girona","publisher":{"@id":"https:\/\/www.espigul.com\/fr\/#organization"},"potentialAction":[{"@type":"SearchAction","target":{"@type":"EntryPoint","urlTemplate":"https:\/\/www.espigul.com\/fr\/?s={search_term_string}"},"query-input":{"@type":"PropertyValueSpecification","valueRequired":true,"valueName":"search_term_string"}}],"inLanguage":"fr-FR"},{"@type":"Organization","@id":"https:\/\/www.espigul.com\/fr\/#organization","name":"Esp\u00edgul","url":"https:\/\/www.espigul.com\/fr\/","logo":{"@type":"ImageObject","inLanguage":"fr-FR","@id":"https:\/\/www.espigul.com\/fr\/#\/schema\/logo\/image\/","url":"https:\/\/www.espigul.com\/wp-content\/uploads\/2023\/08\/espigul-block.png","contentUrl":"https:\/\/www.espigul.com\/wp-content\/uploads\/2023\/08\/espigul-block.png","width":384,"height":240,"caption":"Esp\u00edgul"},"image":{"@id":"https:\/\/www.espigul.com\/fr\/#\/schema\/logo\/image\/"},"sameAs":["https:\/\/www.instagram.com\/immoespigul\/","https:\/\/www.youtube.com\/channel\/UCYyD-WWfbCFpCXau4SQOGKQ"]}]}},"uagb_featured_image_src":{"full":["https:\/\/www.espigul.com\/wp-content\/uploads\/2025\/07\/casas-sagaro-scaled.jpg",2560,1922,false],"thumbnail":["https:\/\/www.espigul.com\/wp-content\/uploads\/2025\/07\/casas-sagaro-150x150.jpg",150,150,true],"medium":["https:\/\/www.espigul.com\/wp-content\/uploads\/2025\/07\/casas-sagaro-400x300.jpg",400,300,true],"medium_large":["https:\/\/www.espigul.com\/wp-content\/uploads\/2025\/07\/casas-sagaro-768x577.jpg",768,577,true],"large":["https:\/\/www.espigul.com\/wp-content\/uploads\/2025\/07\/casas-sagaro-1300x976.jpg",960,721,true],"1536x1536":["https:\/\/www.espigul.com\/wp-content\/uploads\/2025\/07\/casas-sagaro-1536x1153.jpg",1536,1153,true],"2048x2048":["https:\/\/www.espigul.com\/wp-content\/uploads\/2025\/07\/casas-sagaro-2048x1538.jpg",2048,1538,true],"gform-image-choice-sm":["https:\/\/www.espigul.com\/wp-content\/uploads\/2025\/07\/casas-sagaro-scaled.jpg",300,225,false],"gform-image-choice-md":["https:\/\/www.espigul.com\/wp-content\/uploads\/2025\/07\/casas-sagaro-scaled.jpg",400,300,false],"gform-image-choice-lg":["https:\/\/www.espigul.com\/wp-content\/uploads\/2025\/07\/casas-sagaro-scaled.jpg",600,450,false]},"uagb_author_info":{"display_name":"Marqueting Espigul","author_link":"https:\/\/www.espigul.com\/fr\/author\/marqueting-espigul\/"},"uagb_comment_info":0,"uagb_excerpt":"MAISONS S&rsquo;AGAR\u00d3 Si vous recherchez l&rsquo;endroit id\u00e9al pour vivre ou pour passer des vacances sur la Costa Brava, une maison \u00e0 S&rsquo;Agar\u00f3 est, sans aucun doute, votre meilleur choix. Les maisons \u00e0 S&rsquo;Agar\u00f3 constituent une excellente option. Cette localit\u00e9 offre un environnement tranquille en bord de mer, avec de bonnes connexions et tous les services...","_links":{"self":[{"href":"https:\/\/www.espigul.com\/fr\/wp-json\/wp\/v2\/pages\/129090","targetHints":{"allow":["GET"]}}],"collection":[{"href":"https:\/\/www.espigul.com\/fr\/wp-json\/wp\/v2\/pages"}],"about":[{"href":"https:\/\/www.espigul.com\/fr\/wp-json\/wp\/v2\/types\/page"}],"author":[{"embeddable":true,"href":"https:\/\/www.espigul.com\/fr\/wp-json\/wp\/v2\/users\/3"}],"replies":[{"embeddable":true,"href":"https:\/\/www.espigul.com\/fr\/wp-json\/wp\/v2\/comments?post=129090"}],"version-history":[{"count":5,"href":"https:\/\/www.espigul.com\/fr\/wp-json\/wp\/v2\/pages\/129090\/revisions"}],"predecessor-version":[{"id":389254,"href":"https:\/\/www.espigul.com\/fr\/wp-json\/wp\/v2\/pages\/129090\/revisions\/389254"}],"wp:featuredmedia":[{"embeddable":true,"href":"https:\/\/www.espigul.com\/fr\/wp-json\/wp\/v2\/media\/138274"}],"wp:attachment":[{"href":"https:\/\/www.espigul.com\/fr\/wp-json\/wp\/v2\/media?parent=129090"}],"curies":[{"name":"wp","href":"https:\/\/api.w.org\/{rel}","templated":true}]}}