{"id":129077,"date":"2024-03-21T13:22:09","date_gmt":"2024-03-21T11:22:09","guid":{"rendered":"https:\/\/www.espigul.com\/nouvelle-construction-sant-cugat\/"},"modified":"2025-12-16T14:09:25","modified_gmt":"2025-12-16T12:09:25","slug":"nouvelle-construction-sant-cugat","status":"publish","type":"page","link":"https:\/\/www.espigul.com\/fr\/nouvelle-construction-sant-cugat\/","title":{"rendered":"Nouvelle construction Sant Cugat"},"content":{"rendered":"\n<div class=\"wp-block-uagb-container uagb-block-26595532 alignfull uagb-is-root-container\"><div class=\"uagb-container-inner-blocks-wrap\">\n<h1 class=\"wp-block-heading has-text-align-center has-white-color has-text-color has-link-color wp-elements-b061659d4adc35491e75214f6795f93d\">NOUVELLE CONSTRUCTION SANT CUGAT<\/h1>\n<\/div><\/div>\n\n\n\n<div class=\"wp-block-uagb-container uagb-block-9e1cedfc alignwide uagb-is-root-container\">\n<div class=\"wp-block-uagb-container uagb-block-223031ab\">\n<div class=\"wp-block-columns is-layout-flex wp-container-core-columns-is-layout-28f84493 wp-block-columns-is-layout-flex\">\n<div class=\"wp-block-column is-layout-flow wp-block-column-is-layout-flow\">\n<p class=\"has-text-align-center has-medium-font-size\">Vous recherchez des opportunit\u00e9s immobili\u00e8res de <strong>nouvelle construction \u00e0 Sant Cugat<\/strong>&nbsp;? D\u00e9couvrez notre offre d&rsquo;appartements, de maisons et de nouvelles promotions immobili\u00e8res dans cette localit\u00e9 de la r\u00e9gion du Vall\u00e8s Occidental. <\/p>\n<\/div>\n<\/div>\n<\/div>\n<\/div>\n\n\n\n<div class=\"wp-block-uagb-container uagb-block-5eaff254 alignfull uagb-is-root-container\"><div class=\"uagb-container-inner-blocks-wrap\">\n<div class=\"wp-block-uagb-container uagb-block-96a094e8\">\n<div class=\"wp-block-cover is-light\"><img loading=\"lazy\" decoding=\"async\" width=\"2560\" height=\"1707\" class=\"wp-block-cover__image-background wp-image-46087\" alt=\"\" src=\"https:\/\/www.espigul.com\/wp-content\/uploads\/2024\/03\/00-2-min-scaled.jpg\" data-object-fit=\"cover\" srcset=\"https:\/\/www.espigul.com\/wp-content\/uploads\/2024\/03\/00-2-min-scaled.jpg 2560w, https:\/\/www.espigul.com\/wp-content\/uploads\/2024\/03\/00-2-min-400x267.jpg 400w, https:\/\/www.espigul.com\/wp-content\/uploads\/2024\/03\/00-2-min-1300x867.jpg 1300w, https:\/\/www.espigul.com\/wp-content\/uploads\/2024\/03\/00-2-min-768x512.jpg 768w, https:\/\/www.espigul.com\/wp-content\/uploads\/2024\/03\/00-2-min-1536x1024.jpg 1536w, https:\/\/www.espigul.com\/wp-content\/uploads\/2024\/03\/00-2-min-2048x1366.jpg 2048w\" sizes=\"auto, (max-width: 2560px) 100vw, 2560px\" \/><span aria-hidden=\"true\" class=\"wp-block-cover__background has-background-dim-30 has-background-dim\"><\/span><div class=\"wp-block-cover__inner-container is-layout-constrained wp-block-cover-is-layout-constrained\">\n<h2 class=\"wp-block-heading has-text-align-center has-large-font-size\"><mark style=\"background-color:rgba(0, 0, 0, 0)\" class=\"has-inline-color has-white-color\">Nouvelle construction \u00e0<\/mark><br><mark style=\"background-color:rgba(0, 0, 0, 0)\" class=\"has-inline-color has-white-color\">Sant Cugat del Vall\u00e8s<\/mark><\/h2>\n\n\n\n<p style=\"margin-top:0;margin-right:var(--wp--preset--spacing--80);margin-bottom:0;margin-left:var(--wp--preset--spacing--80)\"><mark style=\"background-color:rgba(0, 0, 0, 0)\" class=\"has-inline-color has-white-color\">Notre \u00e9quipe immobili\u00e8re vous offrira les conseils dont vous avez besoin pour trouver la meilleure offre de propri\u00e9t\u00e9s de nouvelle construction \u00e0 Sant Cugat del Vall\u00e8s. Des promotions immobili\u00e8res et de nouvelles propri\u00e9t\u00e9s qui disposent de toutes les qualit\u00e9s que vous recherchez. <\/mark><\/p>\n\n\n\n<p style=\"margin-top:var(--wp--preset--spacing--20);margin-right:var(--wp--preset--spacing--80);margin-bottom:var(--wp--preset--spacing--20);margin-left:var(--wp--preset--spacing--80)\"><mark style=\"background-color:rgba(0, 0, 0, 0)\" class=\"has-inline-color has-white-color\">Notre portefeuille de biens immobiliers s&rsquo;\u00e9tend des maisons et appartements unifamiliaux aux studios, aux attiques et aux rez-de-chauss\u00e9e. Parmi les options pr\u00e9f\u00e9r\u00e9es de nos clients, on trouve les maisons avec jardin et les appartements avec balcon ou terrasse, y compris une place de parking et des zones communautaires tr\u00e8s attrayantes. <\/mark><\/p>\n<\/div><\/div>\n<\/div>\n\n\n\n<div class=\"wp-block-uagb-container uagb-block-59b5c7e4\">\n<div class=\"wp-block-cover is-light\"><img loading=\"lazy\" decoding=\"async\" width=\"2560\" height=\"1707\" class=\"wp-block-cover__image-background wp-image-46091\" alt=\"\" src=\"https:\/\/www.espigul.com\/wp-content\/uploads\/2024\/03\/00-5-min-scaled.jpg\" data-object-fit=\"cover\" srcset=\"https:\/\/www.espigul.com\/wp-content\/uploads\/2024\/03\/00-5-min-scaled.jpg 2560w, https:\/\/www.espigul.com\/wp-content\/uploads\/2024\/03\/00-5-min-400x267.jpg 400w, https:\/\/www.espigul.com\/wp-content\/uploads\/2024\/03\/00-5-min-1300x867.jpg 1300w, https:\/\/www.espigul.com\/wp-content\/uploads\/2024\/03\/00-5-min-768x512.jpg 768w, https:\/\/www.espigul.com\/wp-content\/uploads\/2024\/03\/00-5-min-1536x1024.jpg 1536w, https:\/\/www.espigul.com\/wp-content\/uploads\/2024\/03\/00-5-min-2048x1366.jpg 2048w\" sizes=\"auto, (max-width: 2560px) 100vw, 2560px\" \/><span aria-hidden=\"true\" class=\"wp-block-cover__background has-background-dim-40 has-background-dim\"><\/span><div class=\"wp-block-cover__inner-container is-layout-constrained wp-block-cover-is-layout-constrained\">\n<h2 class=\"wp-block-heading has-text-align-center has-large-font-size\"><mark style=\"background-color:rgba(0, 0, 0, 0)\" class=\"has-inline-color has-white-color\">Appartements de nouvelle construction<\/mark><br><mark style=\"background-color:rgba(0, 0, 0, 0)\" class=\"has-inline-color has-white-color\">Sant Cugat<\/mark><\/h2>\n\n\n\n<p style=\"margin-top:var(--wp--preset--spacing--20);margin-right:var(--wp--preset--spacing--80);margin-bottom:var(--wp--preset--spacing--20);margin-left:var(--wp--preset--spacing--80)\"><mark style=\"background-color:rgba(0, 0, 0, 0)\" class=\"has-inline-color has-white-color\">Si vous recherchez des appartements de nouvelle construction \u00e0 Sant Cugat, chez Esp\u00edgul, nous vous accompagnons tout au long du processus pour trouver votre futur logement pr\u00eat \u00e0 \u00eatre inaugur\u00e9.<\/mark><\/p>\n\n\n\n<p style=\"margin-top:var(--wp--preset--spacing--20);margin-right:var(--wp--preset--spacing--80);margin-bottom:var(--wp--preset--spacing--20);margin-left:var(--wp--preset--spacing--80)\"><mark style=\"background-color:rgba(0, 0, 0, 0)\" class=\"has-inline-color has-white-color\">Nous mettons \u00e0 votre disposition des logements modernes \u00e9quip\u00e9s des derni\u00e8res nouveaut\u00e9s technologiques con\u00e7ues pour optimiser la routine \u00e0 la maison, avec des mesures de s\u00e9curit\u00e9 de pointe et des logements avec une efficacit\u00e9 \u00e9nerg\u00e9tique mesur\u00e9e au millim\u00e8tre pr\u00e8s.<\/mark><\/p>\n\n\n\n<p style=\"margin-top:var(--wp--preset--spacing--20);margin-right:var(--wp--preset--spacing--80);margin-bottom:var(--wp--preset--spacing--20);margin-left:var(--wp--preset--spacing--80)\"><mark style=\"background-color:rgba(0, 0, 0, 0)\" class=\"has-inline-color has-white-color\">De plus, nous vous aidons \u00e9galement \u00e0 trouver des appartements de nouvelle construction qui envisagent dans leurs fournitures \u00e9nerg\u00e9tiques des perspectives d&rsquo;avenir plus durables.<\/mark><\/p>\n<\/div><\/div>\n<\/div>\n<\/div><\/div>\n\n\n\n<div class=\"wp-block-uagb-container uagb-block-5f5f1c01 alignfull uagb-is-root-container\"><div class=\"uagb-container-inner-blocks-wrap\">\n<div class=\"wp-block-uagb-container uagb-block-4dcac45b\">\n<div class=\"wp-block-cover\"><img loading=\"lazy\" decoding=\"async\" width=\"2560\" height=\"1829\" class=\"wp-block-cover__image-background wp-image-41889\" alt=\"\" src=\"https:\/\/www.espigul.com\/wp-content\/uploads\/2024\/02\/EXT_ENTREGA_CASAC_CAM08-scaled.jpg\" data-object-fit=\"cover\" srcset=\"https:\/\/www.espigul.com\/wp-content\/uploads\/2024\/02\/EXT_ENTREGA_CASAC_CAM08-scaled.jpg 2560w, https:\/\/www.espigul.com\/wp-content\/uploads\/2024\/02\/EXT_ENTREGA_CASAC_CAM08-400x286.jpg 400w, https:\/\/www.espigul.com\/wp-content\/uploads\/2024\/02\/EXT_ENTREGA_CASAC_CAM08-1300x929.jpg 1300w, https:\/\/www.espigul.com\/wp-content\/uploads\/2024\/02\/EXT_ENTREGA_CASAC_CAM08-768x549.jpg 768w, https:\/\/www.espigul.com\/wp-content\/uploads\/2024\/02\/EXT_ENTREGA_CASAC_CAM08-1536x1097.jpg 1536w, https:\/\/www.espigul.com\/wp-content\/uploads\/2024\/02\/EXT_ENTREGA_CASAC_CAM08-2048x1463.jpg 2048w\" sizes=\"auto, (max-width: 2560px) 100vw, 2560px\" \/><span aria-hidden=\"true\" class=\"wp-block-cover__background has-background-dim-40 has-background-dim\"><\/span><div class=\"wp-block-cover__inner-container is-layout-constrained wp-block-cover-is-layout-constrained\">\n<h2 class=\"wp-block-heading has-text-align-center has-large-font-size\">Maisons de nouvelle construction \u00e0<br>Sant Cugat<\/h2>\n\n\n\n<p style=\"margin-top:0;margin-right:var(--wp--preset--spacing--80);margin-bottom:0;margin-left:var(--wp--preset--spacing--80)\">Explorez notre offre de maisons de nouvelle construction \u00e0 Sant Cugat o\u00f9 vous pourrez trouver un \u00e9ventail de propri\u00e9t\u00e9s neuves dans cette commune si proche de la ville de Barcelone.<\/p>\n\n\n\n<p style=\"margin-top:var(--wp--preset--spacing--20);margin-right:var(--wp--preset--spacing--80);margin-bottom:var(--wp--preset--spacing--20);margin-left:var(--wp--preset--spacing--80)\">Nous pouvons vous aider \u00e0 trouver des maisons unifamiliales de nouvelle construction, des maisons jumel\u00e9es, des maisons avec jardin, des maisons avec parking et d&rsquo;autres prestations adapt\u00e9es \u00e0 vos pr\u00e9f\u00e9rences. Trouvez avec Esp\u00edgulo les maisons \u00e0 vendre de nouvelle construction de vos r\u00eaves \u00e0 Sant Cugat del Vall\u00e8s. <\/p>\n<\/div><\/div>\n<\/div>\n\n\n\n<div class=\"wp-block-uagb-container uagb-block-8d4f2d25\">\n<div class=\"wp-block-cover\"><img loading=\"lazy\" decoding=\"async\" width=\"1280\" height=\"720\" class=\"wp-block-cover__image-background wp-image-18012\" alt=\"\" src=\"https:\/\/www.espigul.com\/wp-content\/uploads\/2023\/07\/pisosfornells11.jpg\" data-object-fit=\"cover\" srcset=\"https:\/\/www.espigul.com\/wp-content\/uploads\/2023\/07\/pisosfornells11.jpg 1280w, https:\/\/www.espigul.com\/wp-content\/uploads\/2023\/07\/pisosfornells11-400x225.jpg 400w, https:\/\/www.espigul.com\/wp-content\/uploads\/2023\/07\/pisosfornells11-768x432.jpg 768w\" sizes=\"auto, (max-width: 1280px) 100vw, 1280px\" \/><span aria-hidden=\"true\" class=\"wp-block-cover__background has-background-dim-40 has-background-dim\"><\/span><div class=\"wp-block-cover__inner-container is-layout-constrained wp-block-cover-is-layout-constrained\">\n<h2 class=\"wp-block-heading has-text-align-center has-large-font-size\">Promotions de nouvelle construction \u00e0 Sant Cugat<\/h2>\n\n\n\n<p style=\"margin-top:0;margin-right:var(--wp--preset--spacing--80);margin-bottom:0;margin-left:var(--wp--preset--spacing--80)\">Sant Cugat del Vall\u00e8s est une commune situ\u00e9e \u00e0 seulement 20 kilom\u00e8tres des villes de Barcelone, Sabadell et Terrassa. C&rsquo;est un excellent emplacement, avec une grande vari\u00e9t\u00e9 de liaisons de transport public et ferroviaire. <\/p>\n\n\n\n<p style=\"margin-top:var(--wp--preset--spacing--20);margin-right:var(--wp--preset--spacing--80);margin-bottom:var(--wp--preset--spacing--20);margin-left:var(--wp--preset--spacing--80)\">Sant Cugat del Vall\u00e8s est une commune situ\u00e9e \u00e0 seulement 20 kilom\u00e8tres des villes de Barcelone, Sabadell et Terrassa. C&rsquo;est un excellent emplacement, avec une grande vari\u00e9t\u00e9 de liaisons de transport public et ferroviaire. <\/p>\n<\/div><\/div>\n<\/div>\n<\/div><\/div>\n\n\n\n<div class=\"wp-block-uagb-container uagb-block-47bba216 alignfull uagb-is-root-container\"><div class=\"uagb-container-inner-blocks-wrap\">\n<div class=\"wp-block-uagb-container uagb-block-210d1cb3 alignfull uagb-is-root-container\"><div class=\"uagb-container-inner-blocks-wrap\">\n<div class=\"wp-block-columns is-layout-flex wp-container-core-columns-is-layout-28f84493 wp-block-columns-is-layout-flex\">\n<div class=\"wp-block-column is-layout-flow wp-block-column-is-layout-flow\">\n<figure class=\"wp-block-image aligncenter size-full is-resized\"><img decoding=\"async\" src=\"https:\/\/www.espigul.com\/wp-content\/uploads\/2025\/12\/ESPIGUL_Logo-Black-1.png\" alt=\"\" class=\"wp-image-335168\" style=\"aspect-ratio:4.036514522821577;width:210px;height:auto\"\/><\/figure>\n\n\n\n<p class=\"has-text-align-center has-medium-font-size\">Sant Cugat del Vall\u00e8s est l&rsquo;une des localit\u00e9s catalanes qui a connu la plus forte croissance \u00e9conomique et le plus grand d\u00e9veloppement ces derni\u00e8res ann\u00e9es, gr\u00e2ce aux projets technologiques qui arrivent sur le territoire, offrant de nouvelles opportunit\u00e9s d&#8217;emploi et d&rsquo;affaires dans la commune.<\/p>\n\n\n\n<p class=\"has-text-align-center has-medium-font-size\">Elle se pr\u00e9sente comme un emplacement tr\u00e8s attractif pour ceux qui souhaitent investir dans des promotions de nouvelle construction \u00e0 Sant Cugat del Vall\u00e9s dans un emplacement privil\u00e9gi\u00e9 qui combine le meilleur de la ville et de la nature en Catalogne. N&rsquo;h\u00e9sitez pas \u00e0 explorer notre portefeuille de propri\u00e9t\u00e9s de nouvelle construction \u00e0 Sant Cugat et trouvez la maison de vos r\u00eaves. <\/p>\n<\/div>\n<\/div>\n<\/div><\/div>\n\n\n\n<div class=\"wp-block-uagb-container uagb-block-e10f2f60 alignfull uagb-is-root-container\"><div class=\"uagb-container-inner-blocks-wrap\">\n<div class=\"wp-block-uagb-advanced-heading uagb-block-532832d4\"><h2 class=\"uagb-heading-text\">Plus de biens immobiliers \u00e0 Sant Cugat del Vall\u00e8s<\/h2><\/div>\n\n\n<div class=\"espigul-slider wp-block-espigul-espigul-slider\">\n\t<div id=\"carousel-4260294\" class=\"splide\">\n\t\t<div class=\"splide__track\">\n\t\t\t<ul class=\"splide__list\">\n\t\t\t\t\t\t<\/ul>\n\t\t<\/div>\n\t<\/div>\n<\/div>\n<script>\n\tdocument.addEventListener( 'DOMContentLoaded', function() {\n\t\tvar main = new Splide( '#carousel-4260294', {\n\t\t\tfixedWidth: '70vw',\n\t\t\tgap: '2rem',\n\t\t\tpagination: false,\n\t\t\tarrows: false,\n\t\t\tpadding: '1rem',\n\t\t\tmediaQuery: 'min',\n\t\t\tbreakpoints: {\n\t\t\t\t720: {\n\t\t\t\t\tfixedWidth: null,\n\t\t\t\t\tperPage: 3,\n\t\t\t\t\tarrows: true,\n\t\t\t\t},\n\t\t}\n\t\t} );\n\t\tmain.mount();\n\t} );\n<\/script>\n<\/div><\/div>\n<\/div><\/div>\n\n\n\n<div class=\"wp-block-uagb-container uagb-block-24de5ec9 alignfull uagb-is-root-container\"><div class=\"uagb-container-inner-blocks-wrap\">\n<div class=\"wp-block-uagb-container uagb-block-e8496523\">\n<div class=\"wp-block-uagb-advanced-heading uagb-block-a718f958\"><h2 class=\"uagb-heading-text\">Contactez-nous<\/h2><\/div>\n\n\n\n<div class=\"wp-block-contact-form-7-contact-form-selector\">\n<div class=\"wpcf7 no-js\" id=\"wpcf7-f130130-o1\" lang=\"fr-FR\" dir=\"ltr\" data-wpcf7-id=\"130130\">\n<div class=\"screen-reader-response\"><p role=\"status\" aria-live=\"polite\" aria-atomic=\"true\"><\/p> <ul><\/ul><\/div>\n<form action=\"\/fr\/wp-json\/wp\/v2\/pages\/129077#wpcf7-f130130-o1\" method=\"post\" class=\"wpcf7-form init\" aria-label=\"Formulaire de contact\" novalidate=\"novalidate\" data-status=\"init\">\n<fieldset class=\"hidden-fields-container\"><input type=\"hidden\" name=\"_wpcf7\" value=\"130130\" \/><input type=\"hidden\" name=\"_wpcf7_version\" value=\"6.1.5\" \/><input type=\"hidden\" name=\"_wpcf7_locale\" value=\"fr_FR\" \/><input type=\"hidden\" name=\"_wpcf7_unit_tag\" value=\"wpcf7-f130130-o1\" \/><input type=\"hidden\" name=\"_wpcf7_container_post\" value=\"0\" \/><input type=\"hidden\" name=\"_wpcf7_posted_data_hash\" value=\"\" \/><input type=\"hidden\" name=\"_wpcf7_recaptcha_response\" value=\"\" \/>\n<\/fieldset>\n<h3>Formulaire de contact<\/h3>\n<div class=\"contact-form__cols contact-form__cols--2\">\n<div class=\"contact-form__cols__col\">\n<label> <span class=\"contact-form-required\">Nom et pr\u00e9nom<\/span>\n    <span class=\"wpcf7-form-control-wrap\" data-name=\"your-name\"><input size=\"40\" maxlength=\"400\" class=\"wpcf7-form-control wpcf7-text\" autocomplete=\"name\" aria-invalid=\"false\" value=\"\" type=\"text\" name=\"your-name\" \/><\/span> <\/label>\n<\/div> \n<div class=\"contact-form__cols__col\">\n<label> Type de bien<\/span>\n     <span class=\"wpcf7-form-control-wrap\" data-name=\"your-type\"><select class=\"wpcf7-form-control wpcf7-select\" aria-invalid=\"false\" name=\"your-type\"><option value=\"Appartement\">Appartement<\/option><option value=\"Maison\">Maison<\/option><option value=\"Local commercial\">Local commercial<\/option><option value=\"Garage\">Garage<\/option><\/select><\/span> <\/label>\n<\/div> \n<\/div>\n\n<div class=\"contact-form__cols contact-form__cols--2\">\n\n<div class=\"contact-form__cols__col\"> <label> \n<span class=\"contact-form-required\">Adresse e-mail<\/span>\n    <span class=\"wpcf7-form-control-wrap\" data-name=\"your-email\"><input size=\"40\" maxlength=\"400\" class=\"wpcf7-form-control wpcf7-email wpcf7-validates-as-required wpcf7-text wpcf7-validates-as-email\" autocomplete=\"email\" aria-required=\"true\" aria-invalid=\"false\" value=\"\" type=\"email\" name=\"your-email\" \/><\/span> <\/label>\n<\/div>\n<div class=\"contact-form__cols__col\">\n<label>Op\u00e9ration<\/span>\n<span class=\"wpcf7-form-control-wrap\" data-name=\"your-operation\"><select class=\"wpcf7-form-control wpcf7-select\" aria-invalid=\"false\" name=\"your-operation\"><option value=\"Location\">Location<\/option><option value=\"Vente\">Vente<\/option><\/select><\/span> <\/label>\n<\/div> \n<\/div>\n<div class=\"contact-form__cols contact-form__cols--2\">\n<div class=\"contact-form__cols__col\">\n<label><span class=\"contact-form-required\">T\u00e9l\u00e9phone<\/span>\n    <span class=\"wpcf7-form-control-wrap\" data-name=\"your-phone\"><input size=\"40\" maxlength=\"400\" class=\"wpcf7-form-control wpcf7-tel wpcf7-validates-as-required wpcf7-text wpcf7-validates-as-tel\" aria-required=\"true\" aria-invalid=\"false\" value=\"\" type=\"tel\" name=\"your-phone\" \/><\/span> <\/label>\n<\/div> \n<div class=\"contact-form__cols__col\">\n<label> Prix maximal\n     <span class=\"wpcf7-form-control-wrap\" data-name=\"your-price\"><input size=\"40\" maxlength=\"400\" class=\"wpcf7-form-control wpcf7-text\" aria-invalid=\"false\" value=\"\" type=\"text\" name=\"your-price\" \/><\/span> <\/label>\n<\/div> \n<\/div>\n<div class=\"contact-form__cols contact-form__cols--2\">\n<div class=\"contact-form__cols__col\">\n<label> Ville\n    <span class=\"wpcf7-form-control-wrap\" data-name=\"your-location\"><input size=\"40\" maxlength=\"400\" class=\"wpcf7-form-control wpcf7-text\" aria-invalid=\"false\" value=\"\" type=\"text\" name=\"your-location\" \/><\/span> <\/label>\n<\/div> \n<div class=\"contact-form__cols__col\">\n<label> Zone\n     <span class=\"wpcf7-form-control-wrap\" data-name=\"your-zone\"><input size=\"40\" maxlength=\"400\" class=\"wpcf7-form-control wpcf7-text\" aria-invalid=\"false\" value=\"\" type=\"text\" name=\"your-zone\" \/><\/span> <\/label>\n<\/div> \n<\/div>\n\n\n\n\n\n<label> <span class=\"contact-form-required\">Message<\/span>\n    <span class=\"wpcf7-form-control-wrap\" data-name=\"your-message\"><textarea cols=\"40\" rows=\"10\" maxlength=\"2000\" class=\"wpcf7-form-control wpcf7-textarea\" aria-invalid=\"false\" name=\"your-message\"><\/textarea><\/span> <\/label>\n<label class=\"contact-form__checkbox\"> <span class=\"wpcf7-form-control-wrap\" data-name=\"acceptance-\"><span class=\"wpcf7-form-control wpcf7-acceptance\"><span class=\"wpcf7-list-item\"><input type=\"checkbox\" name=\"acceptance-\" value=\"1\" aria-invalid=\"false\" \/><\/span><\/span><\/span> <span class=\"contact-form-required\">J'ai lu et j'accepte les conditions l\u00e9gales et la politique de confidentialit\u00e9.<\/span>\n<\/label>\n\n\n<input class=\"wpcf7-form-control wpcf7-submit has-spinner\" type=\"submit\" value=\"Enviar\" \/><div class=\"wpcf7-response-output\" aria-hidden=\"true\"><\/div>\n<\/form>\n<\/div>\n<\/div>\n<\/div>\n<\/div><\/div>\n","protected":false},"excerpt":{"rendered":"<p>NOUVELLE CONSTRUCTION SANT CUGAT Vous recherchez des opportunit\u00e9s immobili\u00e8res de nouvelle construction \u00e0 Sant Cugat&nbsp;? D\u00e9couvrez notre offre d&rsquo;appartements, de maisons et de nouvelles promotions immobili\u00e8res dans cette localit\u00e9 de la r\u00e9gion du Vall\u00e8s Occidental. Sant Cugat del Vall\u00e8s est l&rsquo;une des localit\u00e9s catalanes qui a connu la plus forte croissance \u00e9conomique et le plus&#8230;<\/p>\n","protected":false},"author":3,"featured_media":128955,"parent":0,"menu_order":0,"comment_status":"closed","ping_status":"closed","template":"","meta":{"_acf_changed":false,"_uag_custom_page_level_css":"","footnotes":""},"class_list":["post-129077","page","type-page","status-publish","has-post-thumbnail","hentry"],"acf":[],"yoast_head":"<!-- This site is optimized with the Yoast SEO plugin v27.5 - https:\/\/yoast.com\/product\/yoast-seo-wordpress\/ -->\n<title>Nouvelle construction Sant Cugat - Esp\u00edgul<\/title>\n<meta name=\"description\" content=\"Offre d&#039;appartements neufs \u00e0 Sant Cugat. Biens uniques.\" \/>\n<meta name=\"robots\" content=\"index, follow, max-snippet:-1, max-image-preview:large, max-video-preview:-1\" \/>\n<link rel=\"canonical\" href=\"https:\/\/www.espigul.com\/fr\/nouvelle-construction-sant-cugat\/\" \/>\n<meta property=\"og:locale\" content=\"fr_FR\" \/>\n<meta property=\"og:type\" content=\"article\" \/>\n<meta property=\"og:title\" content=\"Nouvelle construction Sant Cugat - Esp\u00edgul\" \/>\n<meta property=\"og:description\" content=\"Offre d&#039;appartements neufs \u00e0 Sant Cugat. Biens uniques.\" \/>\n<meta property=\"og:url\" content=\"https:\/\/www.espigul.com\/fr\/nouvelle-construction-sant-cugat\/\" \/>\n<meta property=\"og:site_name\" content=\"Esp\u00edgul\" \/>\n<meta property=\"article:modified_time\" content=\"2025-12-16T12:09:25+00:00\" \/>\n<meta property=\"og:image\" content=\"https:\/\/www.espigul.com\/wp-content\/uploads\/2023\/10\/monastery-sant-cugat-del-valles-2023-01-06-10-50-01-utc-scaled.jpg\" \/>\n\t<meta property=\"og:image:width\" content=\"2560\" \/>\n\t<meta property=\"og:image:height\" content=\"1703\" \/>\n\t<meta property=\"og:image:type\" content=\"image\/jpeg\" \/>\n<meta name=\"twitter:card\" content=\"summary_large_image\" \/>\n<meta name=\"twitter:label1\" content=\"Dur\u00e9e de lecture estim\u00e9e\" \/>\n\t<meta name=\"twitter:data1\" content=\"5 minutes\" \/>\n<script type=\"application\/ld+json\" class=\"yoast-schema-graph\">{\"@context\":\"https:\\\/\\\/schema.org\",\"@graph\":[{\"@type\":\"WebPage\",\"@id\":\"https:\\\/\\\/www.espigul.com\\\/fr\\\/nouvelle-construction-sant-cugat\\\/\",\"url\":\"https:\\\/\\\/www.espigul.com\\\/fr\\\/nouvelle-construction-sant-cugat\\\/\",\"name\":\"Nouvelle construction Sant Cugat - Esp\u00edgul\",\"isPartOf\":{\"@id\":\"https:\\\/\\\/www.espigul.com\\\/fr\\\/#website\"},\"primaryImageOfPage\":{\"@id\":\"https:\\\/\\\/www.espigul.com\\\/fr\\\/nouvelle-construction-sant-cugat\\\/#primaryimage\"},\"image\":{\"@id\":\"https:\\\/\\\/www.espigul.com\\\/fr\\\/nouvelle-construction-sant-cugat\\\/#primaryimage\"},\"thumbnailUrl\":\"https:\\\/\\\/www.espigul.com\\\/wp-content\\\/uploads\\\/2023\\\/10\\\/monastery-sant-cugat-del-valles-2023-01-06-10-50-01-utc-scaled.jpg\",\"datePublished\":\"2024-03-21T11:22:09+00:00\",\"dateModified\":\"2025-12-16T12:09:25+00:00\",\"description\":\"Offre d'appartements neufs \u00e0 Sant Cugat. Biens uniques.\",\"breadcrumb\":{\"@id\":\"https:\\\/\\\/www.espigul.com\\\/fr\\\/nouvelle-construction-sant-cugat\\\/#breadcrumb\"},\"inLanguage\":\"fr-FR\",\"potentialAction\":[{\"@type\":\"ReadAction\",\"target\":[\"https:\\\/\\\/www.espigul.com\\\/fr\\\/nouvelle-construction-sant-cugat\\\/\"]}]},{\"@type\":\"ImageObject\",\"inLanguage\":\"fr-FR\",\"@id\":\"https:\\\/\\\/www.espigul.com\\\/fr\\\/nouvelle-construction-sant-cugat\\\/#primaryimage\",\"url\":\"https:\\\/\\\/www.espigul.com\\\/wp-content\\\/uploads\\\/2023\\\/10\\\/monastery-sant-cugat-del-valles-2023-01-06-10-50-01-utc-scaled.jpg\",\"contentUrl\":\"https:\\\/\\\/www.espigul.com\\\/wp-content\\\/uploads\\\/2023\\\/10\\\/monastery-sant-cugat-del-valles-2023-01-06-10-50-01-utc-scaled.jpg\",\"width\":2560,\"height\":1703,\"caption\":\"Benedictine abbey. The Royal Monastery of Sant Cugat is one of the most important examples of medieval art in Catalonia\"},{\"@type\":\"BreadcrumbList\",\"@id\":\"https:\\\/\\\/www.espigul.com\\\/fr\\\/nouvelle-construction-sant-cugat\\\/#breadcrumb\",\"itemListElement\":[{\"@type\":\"ListItem\",\"position\":1,\"name\":\"Inici\",\"item\":\"https:\\\/\\\/www.espigul.com\\\/fr\\\/\"},{\"@type\":\"ListItem\",\"position\":2,\"name\":\"Nouvelle construction Sant Cugat\"}]},{\"@type\":\"WebSite\",\"@id\":\"https:\\\/\\\/www.espigul.com\\\/fr\\\/#website\",\"url\":\"https:\\\/\\\/www.espigul.com\\\/fr\\\/\",\"name\":\"Esp\u00edgul\",\"description\":\"La immobili\u00e0ria l\u00edder de Girona\",\"publisher\":{\"@id\":\"https:\\\/\\\/www.espigul.com\\\/fr\\\/#organization\"},\"potentialAction\":[{\"@type\":\"SearchAction\",\"target\":{\"@type\":\"EntryPoint\",\"urlTemplate\":\"https:\\\/\\\/www.espigul.com\\\/fr\\\/?s={search_term_string}\"},\"query-input\":{\"@type\":\"PropertyValueSpecification\",\"valueRequired\":true,\"valueName\":\"search_term_string\"}}],\"inLanguage\":\"fr-FR\"},{\"@type\":\"Organization\",\"@id\":\"https:\\\/\\\/www.espigul.com\\\/fr\\\/#organization\",\"name\":\"Esp\u00edgul\",\"url\":\"https:\\\/\\\/www.espigul.com\\\/fr\\\/\",\"logo\":{\"@type\":\"ImageObject\",\"inLanguage\":\"fr-FR\",\"@id\":\"https:\\\/\\\/www.espigul.com\\\/fr\\\/#\\\/schema\\\/logo\\\/image\\\/\",\"url\":\"https:\\\/\\\/www.espigul.com\\\/wp-content\\\/uploads\\\/2023\\\/08\\\/espigul-block.png\",\"contentUrl\":\"https:\\\/\\\/www.espigul.com\\\/wp-content\\\/uploads\\\/2023\\\/08\\\/espigul-block.png\",\"width\":384,\"height\":240,\"caption\":\"Esp\u00edgul\"},\"image\":{\"@id\":\"https:\\\/\\\/www.espigul.com\\\/fr\\\/#\\\/schema\\\/logo\\\/image\\\/\"},\"sameAs\":[\"https:\\\/\\\/www.instagram.com\\\/immoespigul\\\/\",\"https:\\\/\\\/www.youtube.com\\\/channel\\\/UCYyD-WWfbCFpCXau4SQOGKQ\"]}]}<\/script>\n<!-- \/ Yoast SEO plugin. -->","yoast_head_json":{"title":"Nouvelle construction Sant Cugat - Esp\u00edgul","description":"Offre d'appartements neufs \u00e0 Sant Cugat. Biens uniques.","robots":{"index":"index","follow":"follow","max-snippet":"max-snippet:-1","max-image-preview":"max-image-preview:large","max-video-preview":"max-video-preview:-1"},"canonical":"https:\/\/www.espigul.com\/fr\/nouvelle-construction-sant-cugat\/","og_locale":"fr_FR","og_type":"article","og_title":"Nouvelle construction Sant Cugat - Esp\u00edgul","og_description":"Offre d'appartements neufs \u00e0 Sant Cugat. Biens uniques.","og_url":"https:\/\/www.espigul.com\/fr\/nouvelle-construction-sant-cugat\/","og_site_name":"Esp\u00edgul","article_modified_time":"2025-12-16T12:09:25+00:00","og_image":[{"width":2560,"height":1703,"url":"https:\/\/www.espigul.com\/wp-content\/uploads\/2023\/10\/monastery-sant-cugat-del-valles-2023-01-06-10-50-01-utc-scaled.jpg","type":"image\/jpeg"}],"twitter_card":"summary_large_image","twitter_misc":{"Dur\u00e9e de lecture estim\u00e9e":"5 minutes"},"schema":{"@context":"https:\/\/schema.org","@graph":[{"@type":"WebPage","@id":"https:\/\/www.espigul.com\/fr\/nouvelle-construction-sant-cugat\/","url":"https:\/\/www.espigul.com\/fr\/nouvelle-construction-sant-cugat\/","name":"Nouvelle construction Sant Cugat - Esp\u00edgul","isPartOf":{"@id":"https:\/\/www.espigul.com\/fr\/#website"},"primaryImageOfPage":{"@id":"https:\/\/www.espigul.com\/fr\/nouvelle-construction-sant-cugat\/#primaryimage"},"image":{"@id":"https:\/\/www.espigul.com\/fr\/nouvelle-construction-sant-cugat\/#primaryimage"},"thumbnailUrl":"https:\/\/www.espigul.com\/wp-content\/uploads\/2023\/10\/monastery-sant-cugat-del-valles-2023-01-06-10-50-01-utc-scaled.jpg","datePublished":"2024-03-21T11:22:09+00:00","dateModified":"2025-12-16T12:09:25+00:00","description":"Offre d'appartements neufs \u00e0 Sant Cugat. Biens uniques.","breadcrumb":{"@id":"https:\/\/www.espigul.com\/fr\/nouvelle-construction-sant-cugat\/#breadcrumb"},"inLanguage":"fr-FR","potentialAction":[{"@type":"ReadAction","target":["https:\/\/www.espigul.com\/fr\/nouvelle-construction-sant-cugat\/"]}]},{"@type":"ImageObject","inLanguage":"fr-FR","@id":"https:\/\/www.espigul.com\/fr\/nouvelle-construction-sant-cugat\/#primaryimage","url":"https:\/\/www.espigul.com\/wp-content\/uploads\/2023\/10\/monastery-sant-cugat-del-valles-2023-01-06-10-50-01-utc-scaled.jpg","contentUrl":"https:\/\/www.espigul.com\/wp-content\/uploads\/2023\/10\/monastery-sant-cugat-del-valles-2023-01-06-10-50-01-utc-scaled.jpg","width":2560,"height":1703,"caption":"Benedictine abbey. The Royal Monastery of Sant Cugat is one of the most important examples of medieval art in Catalonia"},{"@type":"BreadcrumbList","@id":"https:\/\/www.espigul.com\/fr\/nouvelle-construction-sant-cugat\/#breadcrumb","itemListElement":[{"@type":"ListItem","position":1,"name":"Inici","item":"https:\/\/www.espigul.com\/fr\/"},{"@type":"ListItem","position":2,"name":"Nouvelle construction Sant Cugat"}]},{"@type":"WebSite","@id":"https:\/\/www.espigul.com\/fr\/#website","url":"https:\/\/www.espigul.com\/fr\/","name":"Esp\u00edgul","description":"La immobili\u00e0ria l\u00edder de Girona","publisher":{"@id":"https:\/\/www.espigul.com\/fr\/#organization"},"potentialAction":[{"@type":"SearchAction","target":{"@type":"EntryPoint","urlTemplate":"https:\/\/www.espigul.com\/fr\/?s={search_term_string}"},"query-input":{"@type":"PropertyValueSpecification","valueRequired":true,"valueName":"search_term_string"}}],"inLanguage":"fr-FR"},{"@type":"Organization","@id":"https:\/\/www.espigul.com\/fr\/#organization","name":"Esp\u00edgul","url":"https:\/\/www.espigul.com\/fr\/","logo":{"@type":"ImageObject","inLanguage":"fr-FR","@id":"https:\/\/www.espigul.com\/fr\/#\/schema\/logo\/image\/","url":"https:\/\/www.espigul.com\/wp-content\/uploads\/2023\/08\/espigul-block.png","contentUrl":"https:\/\/www.espigul.com\/wp-content\/uploads\/2023\/08\/espigul-block.png","width":384,"height":240,"caption":"Esp\u00edgul"},"image":{"@id":"https:\/\/www.espigul.com\/fr\/#\/schema\/logo\/image\/"},"sameAs":["https:\/\/www.instagram.com\/immoespigul\/","https:\/\/www.youtube.com\/channel\/UCYyD-WWfbCFpCXau4SQOGKQ"]}]}},"uagb_featured_image_src":{"full":["https:\/\/www.espigul.com\/wp-content\/uploads\/2023\/10\/monastery-sant-cugat-del-valles-2023-01-06-10-50-01-utc-scaled.jpg",2560,1703,false],"thumbnail":["https:\/\/www.espigul.com\/wp-content\/uploads\/2023\/10\/monastery-sant-cugat-del-valles-2023-01-06-10-50-01-utc-150x150.jpg",150,150,true],"medium":["https:\/\/www.espigul.com\/wp-content\/uploads\/2023\/10\/monastery-sant-cugat-del-valles-2023-01-06-10-50-01-utc-400x266.jpg",400,266,true],"medium_large":["https:\/\/www.espigul.com\/wp-content\/uploads\/2023\/10\/monastery-sant-cugat-del-valles-2023-01-06-10-50-01-utc-768x511.jpg",768,511,true],"large":["https:\/\/www.espigul.com\/wp-content\/uploads\/2023\/10\/monastery-sant-cugat-del-valles-2023-01-06-10-50-01-utc-1300x865.jpg",960,639,true],"1536x1536":["https:\/\/www.espigul.com\/wp-content\/uploads\/2023\/10\/monastery-sant-cugat-del-valles-2023-01-06-10-50-01-utc-1536x1022.jpg",1536,1022,true],"2048x2048":["https:\/\/www.espigul.com\/wp-content\/uploads\/2023\/10\/monastery-sant-cugat-del-valles-2023-01-06-10-50-01-utc-2048x1363.jpg",2048,1363,true],"gform-image-choice-sm":["https:\/\/www.espigul.com\/wp-content\/uploads\/2023\/10\/monastery-sant-cugat-del-valles-2023-01-06-10-50-01-utc-scaled.jpg",300,200,false],"gform-image-choice-md":["https:\/\/www.espigul.com\/wp-content\/uploads\/2023\/10\/monastery-sant-cugat-del-valles-2023-01-06-10-50-01-utc-scaled.jpg",400,266,false],"gform-image-choice-lg":["https:\/\/www.espigul.com\/wp-content\/uploads\/2023\/10\/monastery-sant-cugat-del-valles-2023-01-06-10-50-01-utc-scaled.jpg",600,399,false]},"uagb_author_info":{"display_name":"Marqueting Espigul","author_link":"https:\/\/www.espigul.com\/fr\/author\/marqueting-espigul\/"},"uagb_comment_info":0,"uagb_excerpt":"NOUVELLE CONSTRUCTION SANT CUGAT Vous recherchez des opportunit\u00e9s immobili\u00e8res de nouvelle construction \u00e0 Sant Cugat&nbsp;? D\u00e9couvrez notre offre d&rsquo;appartements, de maisons et de nouvelles promotions immobili\u00e8res dans cette localit\u00e9 de la r\u00e9gion du Vall\u00e8s Occidental. Sant Cugat del Vall\u00e8s est l&rsquo;une des localit\u00e9s catalanes qui a connu la plus forte croissance \u00e9conomique et le plus...","_links":{"self":[{"href":"https:\/\/www.espigul.com\/fr\/wp-json\/wp\/v2\/pages\/129077","targetHints":{"allow":["GET"]}}],"collection":[{"href":"https:\/\/www.espigul.com\/fr\/wp-json\/wp\/v2\/pages"}],"about":[{"href":"https:\/\/www.espigul.com\/fr\/wp-json\/wp\/v2\/types\/page"}],"author":[{"embeddable":true,"href":"https:\/\/www.espigul.com\/fr\/wp-json\/wp\/v2\/users\/3"}],"replies":[{"embeddable":true,"href":"https:\/\/www.espigul.com\/fr\/wp-json\/wp\/v2\/comments?post=129077"}],"version-history":[{"count":2,"href":"https:\/\/www.espigul.com\/fr\/wp-json\/wp\/v2\/pages\/129077\/revisions"}],"predecessor-version":[{"id":335221,"href":"https:\/\/www.espigul.com\/fr\/wp-json\/wp\/v2\/pages\/129077\/revisions\/335221"}],"wp:featuredmedia":[{"embeddable":true,"href":"https:\/\/www.espigul.com\/fr\/wp-json\/wp\/v2\/media\/128955"}],"wp:attachment":[{"href":"https:\/\/www.espigul.com\/fr\/wp-json\/wp\/v2\/media?parent=129077"}],"curies":[{"name":"wp","href":"https:\/\/api.w.org\/{rel}","templated":true}]}}