{"id":129050,"date":"2024-06-26T16:30:24","date_gmt":"2024-06-26T14:30:24","guid":{"rendered":"https:\/\/www.espigul.com\/maisons-a-platja-daro\/"},"modified":"2026-04-14T13:23:37","modified_gmt":"2026-04-14T11:23:37","slug":"maisons-a-platja-daro","status":"publish","type":"page","link":"https:\/\/www.espigul.com\/fr\/maisons-a-platja-daro\/","title":{"rendered":"Maisons \u00e0 Platja d&rsquo;Aro"},"content":{"rendered":"\n<div class=\"wp-block-uagb-container uagb-block-26595532 alignfull uagb-is-root-container\"><div class=\"uagb-container-inner-blocks-wrap\">\n<h1 class=\"wp-block-heading has-text-align-center has-white-color has-text-color has-link-color wp-elements-db574d5add324c0d16659a43e7c3883d\">MAISONS PLATJA D&rsquo;ARO<\/h1>\n<\/div><\/div>\n\n<div class=\"wp-block-uagb-container uagb-block-0bd962e7 alignwide uagb-is-root-container\">\n<div class=\"wp-block-uagb-container uagb-block-da137785\">\n<p class=\"has-text-align-center has-medium-font-size\">Si vous recherchez un endroit sp\u00e9cial pour vivre, passer vos vacances ou investir, Platja d&rsquo;Aro est une excellente option.<\/p>\n\n\n\n<p class=\"has-text-align-center has-medium-font-size\">Avec ses plages, une large offre de loisirs et des services de qualit\u00e9, cette destination est id\u00e9ale pour toute personne souhaitant se d\u00e9tendre et profiter.<\/p>\n\n\n\n<p class=\"has-text-align-center has-medium-font-size\">Chez Esp\u00edgul, nous nous engageons \u00e0 vous aider \u00e0 trouver votre maison \u00e0 Platja d&rsquo;Aro, en vous offrant des conseils personnalis\u00e9s et professionnels pour que votre exp\u00e9rience soit facile et satisfaisante.<\/p>\n<\/div>\n\n\n\n<div class=\"wp-block-uagb-container uagb-block-e10f2f60 alignfull uagb-is-root-container\"><div class=\"uagb-container-inner-blocks-wrap\">\n<div class=\"wp-block-uagb-advanced-heading uagb-block-532832d4\"><h2 class=\"uagb-heading-text\">Maisons en vedette \u00e0 Platja d&rsquo;Aro<\/h2><\/div>\n\n\n<div class=\"espigul-slider wp-block-espigul-espigul-slider\">\n\t<div id=\"carousel-903247\" class=\"splide\">\n\t\t<div class=\"splide__track\">\n\t\t\t<ul class=\"splide__list\">\n\t\t\t\t\t\t<\/ul>\n\t\t<\/div>\n\t<\/div>\n<\/div>\n<script>\n\tdocument.addEventListener( 'DOMContentLoaded', function() {\n\t\tvar main = new Splide( '#carousel-903247', {\n\t\t\tfixedWidth: '70vw',\n\t\t\tgap: '2rem',\n\t\t\tpagination: false,\n\t\t\tarrows: false,\n\t\t\tpadding: '1rem',\n\t\t\tmediaQuery: 'min',\n\t\t\tbreakpoints: {\n\t\t\t\t720: {\n\t\t\t\t\tfixedWidth: null,\n\t\t\t\t\tperPage: 3,\n\t\t\t\t\tarrows: true,\n\t\t\t\t},\n\t\t}\n\t\t} );\n\t\tmain.mount();\n\t} );\n<\/script>\n<\/div><\/div>\n<\/div>\n\n<div class=\"wp-block-uagb-container bg-bezier-50 uagb-block-168a8574 alignfull uagb-is-root-container\"><div class=\"uagb-container-inner-blocks-wrap\">\n<div class=\"wp-block-uagb-container uagb-block-e8291b2b\">\n<div class=\"wp-block-group is-layout-constrained wp-container-core-group-is-layout-93ab80c1 wp-block-group-is-layout-constrained\" style=\"padding-top:0;padding-right:var(--wp--preset--spacing--80);padding-bottom:0;padding-left:0\">\n<h2 class=\"wp-block-heading has-white-color has-text-color\">Maisons \u00e0 vendre \u00e0 Platja d&rsquo;Aro<\/h2>\n\n\n\n<p class=\"has-white-color has-text-color\">Si vous \u00eates \u00e0 la recherche de maisons \u00e0 vendre \u00e0 Platja d&rsquo;Aro, Esp\u00edgul vous accompagne tout au long du processus.<\/p>\n\n\n\n<p class=\"has-white-color has-text-color\">Acheter un bien immobilier est une d\u00e9cision importante et nous sommes l\u00e0 pour vous aider \u00e0 prendre la meilleure d\u00e9cision possible. Notre \u00e9quipe d&rsquo;experts vous conseillera \u00e0 chaque \u00e9tape, en commen\u00e7ant par la recherche de la propri\u00e9t\u00e9.<\/p>\n\n\n\n<p>Chez Esp\u00edgul, nous comprenons que chaque client est unique, et c&rsquo;est pourquoi nous offrons un service personnalis\u00e9 pour r\u00e9pondre \u00e0 vos besoins sp\u00e9cifiques. Que vous recherchiez une maison familiale, un appartement moderne ou une villa luxueuse, nous vous proposerons des options qui correspondent \u00e0 votre budget et \u00e0 vos pr\u00e9f\u00e9rences.<\/p>\n<\/div>\n<\/div>\n\n\n\n<div class=\"wp-block-uagb-container uagb-block-fb5049af\"><\/div>\n<\/div><\/div>\n\n<div class=\"wp-block-uagb-container uagb-block-7013f9f3 alignwide uagb-is-root-container\">\n<h2 class=\"wp-block-heading has-text-align-center has-large-font-size\">Maisons \u00e0 Platja d&rsquo;Aro<\/h2>\n<\/div>\n\n<div class=\"wp-block-uagb-container uagb-block-619ada03 alignfull uagb-is-root-container\"><div class=\"uagb-container-inner-blocks-wrap\">\n<div class=\"wp-block-uagb-container uagb-block-42ce6d24\">      \n\t\t\t<div class=\"uagb-icon-wrapper uagb-block-3eafe1ab      \"\n\t\t\tstyle=\"\" >\n\t\t\t\t\t\t\t\t\t<span class=\"uagb-svg-wrapper\" \n\t\t\t\t\t aria-label=\"map-location-dot\"\t\t\t\t\ttabindex=\"0\">\t\t\n\t\t\t\t\t\t\t\t\t\t<svg xmlns=\"https:\/\/www.w3.org\/2000\/svg\" viewBox= \"0 0 576 512\" role=\"graphics-symbol\" aria-hidden=\"false\" aria-label=\"\"><path d=\"M408 120C408 174.6 334.9 271.9 302.8 311.1C295.1 321.6 280.9 321.6 273.2 311.1C241.1 271.9 168 174.6 168 120C168 53.73 221.7 0 288 0C354.3 0 408 53.73 408 120zM288 152C310.1 152 328 134.1 328 112C328 89.91 310.1 72 288 72C265.9 72 248 89.91 248 112C248 134.1 265.9 152 288 152zM425.6 179.8C426.1 178.6 426.6 177.4 427.1 176.1L543.1 129.7C558.9 123.4 576 135 576 152V422.8C576 432.6 570 441.4 560.9 445.1L416 503V200.4C419.5 193.5 422.7 186.7 425.6 179.8zM150.4 179.8C153.3 186.7 156.5 193.5 160 200.4V451.8L32.91 502.7C17.15 508.1 0 497.4 0 480.4V209.6C0 199.8 5.975 190.1 15.09 187.3L137.6 138.3C140 152.5 144.9 166.6 150.4 179.8H150.4zM327.8 331.1C341.7 314.6 363.5 286.3 384 255V504.3L192 449.4V255C212.5 286.3 234.3 314.6 248.2 331.1C268.7 357.6 307.3 357.6 327.8 331.1L327.8 331.1z\"><\/path><\/svg>\n\t\t\t\t\t\t\t\t\t<\/span>\n\t\t\t\t\t\t\t<\/div>\n\t\t\t\n\n\n<p class=\"has-text-align-center\">Platja d&rsquo;Aro est situ\u00e9e sur la Costa Brava, l&rsquo;une des zones les plus attrayantes de Catalogne.<\/p>\n<\/div>\n\n\n\n<div class=\"wp-block-uagb-container uagb-block-613bbe9a\">      \n\t\t\t<div class=\"uagb-icon-wrapper uagb-block-7abf1b09      \"\n\t\t\tstyle=\"\" >\n\t\t\t\t\t\t\t\t\t<span class=\"uagb-svg-wrapper\" \n\t\t\t\t\t aria-label=\"circle-check\"\t\t\t\t\ttabindex=\"0\">\t\t\n\t\t\t\t\t\t\t\t\t\t<svg xmlns=\"https:\/\/www.w3.org\/2000\/svg\" viewBox= \"0 0 512 512\" role=\"graphics-symbol\" aria-hidden=\"false\" aria-label=\"\"><path d=\"M0 256C0 114.6 114.6 0 256 0C397.4 0 512 114.6 512 256C512 397.4 397.4 512 256 512C114.6 512 0 397.4 0 256zM371.8 211.8C382.7 200.9 382.7 183.1 371.8 172.2C360.9 161.3 343.1 161.3 332.2 172.2L224 280.4L179.8 236.2C168.9 225.3 151.1 225.3 140.2 236.2C129.3 247.1 129.3 264.9 140.2 275.8L204.2 339.8C215.1 350.7 232.9 350.7 243.8 339.8L371.8 211.8z\"><\/path><\/svg>\n\t\t\t\t\t\t\t\t\t<\/span>\n\t\t\t\t\t\t\t<\/div>\n\t\t\t\n\n\n<p class=\"has-text-align-center\">Cette localit\u00e9 est connue pour ses plages de sable dor\u00e9 et ses eaux cristallines, ainsi que pour sa vie nocturne et ses boutiques exclusives. Cette combinaison de nature et d&rsquo;urbanisme fait de Platja d&rsquo;Aro un lieu id\u00e9al aussi bien pour vivre que pour passer les vacances.<\/p>\n<\/div>\n\n\n\n<div class=\"wp-block-uagb-container uagb-block-d1629146\">      \n\t\t\t<div class=\"uagb-icon-wrapper uagb-block-221605ee      \"\n\t\t\tstyle=\"\" >\n\t\t\t\t\t\t\t\t\t<span class=\"uagb-svg-wrapper\" \n\t\t\t\t\t aria-label=\"house-chimney\"\t\t\t\t\ttabindex=\"0\">\t\t\n\t\t\t\t\t\t\t\t\t\t<svg xmlns=\"https:\/\/www.w3.org\/2000\/svg\" viewBox= \"0 0 576 512\" role=\"graphics-symbol\" aria-hidden=\"false\" aria-label=\"\"><path d=\"M511.8 287.6L512.5 447.7C512.5 450.5 512.3 453.1 512 455.8V472C512 494.1 494.1 512 472 512H456C454.9 512 453.8 511.1 452.7 511.9C451.3 511.1 449.9 512 448.5 512H392C369.9 512 352 494.1 352 472V384C352 366.3 337.7 352 320 352H256C238.3 352 224 366.3 224 384V472C224 494.1 206.1 512 184 512H128.1C126.6 512 125.1 511.9 123.6 511.8C122.4 511.9 121.2 512 120 512H104C81.91 512 64 494.1 64 472V360C64 359.1 64.03 358.1 64.09 357.2V287.6H32.05C14.02 287.6 0 273.5 0 255.5C0 246.5 3.004 238.5 10.01 231.5L266.4 8.016C273.4 1.002 281.4 0 288.4 0C295.4 0 303.4 2.004 309.5 7.014L416 100.7V64C416 46.33 430.3 32 448 32H480C497.7 32 512 46.33 512 64V185L564.8 231.5C572.8 238.5 576.9 246.5 575.8 255.5C575.8 273.5 560.8 287.6 543.8 287.6L511.8 287.6z\"><\/path><\/svg>\n\t\t\t\t\t\t\t\t\t<\/span>\n\t\t\t\t\t\t\t<\/div>\n\t\t\t\n\n\n<p class=\"has-text-align-center\">Parmi les options disponibles, vous trouverez \u00e0 Platja d&rsquo;Aro des maisons individuelles avec jardin et piscine, parfaites pour les familles qui recherchent espace et confort.<\/p>\n<\/div>\n\n\n\n<div class=\"wp-block-uagb-container uagb-block-1a6357d7\">      \n\t\t\t<div class=\"uagb-icon-wrapper uagb-block-5ef01bf0      \"\n\t\t\tstyle=\"\" >\n\t\t\t\t\t\t\t\t\t<span class=\"uagb-svg-wrapper\" \n\t\t\t\t\t aria-label=\"building\"\t\t\t\t\ttabindex=\"0\">\t\t\n\t\t\t\t\t\t\t\t\t\t<svg xmlns=\"https:\/\/www.w3.org\/2000\/svg\" viewBox= \"0 0 384 512\" role=\"graphics-symbol\" aria-hidden=\"false\" aria-label=\"\"><path d=\"M336 0C362.5 0 384 21.49 384 48V464C384 490.5 362.5 512 336 512H240V432C240 405.5 218.5 384 192 384C165.5 384 144 405.5 144 432V512H48C21.49 512 0 490.5 0 464V48C0 21.49 21.49 0 48 0H336zM64 272C64 280.8 71.16 288 80 288H112C120.8 288 128 280.8 128 272V240C128 231.2 120.8 224 112 224H80C71.16 224 64 231.2 64 240V272zM176 224C167.2 224 160 231.2 160 240V272C160 280.8 167.2 288 176 288H208C216.8 288 224 280.8 224 272V240C224 231.2 216.8 224 208 224H176zM256 272C256 280.8 263.2 288 272 288H304C312.8 288 320 280.8 320 272V240C320 231.2 312.8 224 304 224H272C263.2 224 256 231.2 256 240V272zM80 96C71.16 96 64 103.2 64 112V144C64 152.8 71.16 160 80 160H112C120.8 160 128 152.8 128 144V112C128 103.2 120.8 96 112 96H80zM160 144C160 152.8 167.2 160 176 160H208C216.8 160 224 152.8 224 144V112C224 103.2 216.8 96 208 96H176C167.2 96 160 103.2 160 112V144zM272 96C263.2 96 256 103.2 256 112V144C256 152.8 263.2 160 272 160H304C312.8 160 320 152.8 320 144V112C320 103.2 312.8 96 304 96H272z\"><\/path><\/svg>\n\t\t\t\t\t\t\t\t\t<\/span>\n\t\t\t\t\t\t\t<\/div>\n\t\t\t\n\n\n<p class=\"has-text-align-center\">Il y a aussi des appartements modernes et bien \u00e9quip\u00e9s situ\u00e9s au centre-ville, id\u00e9aux pour ceux qui veulent \u00eatre proches de tout.<\/p>\n<\/div>\n<\/div><\/div>\n\n<div class=\"wp-block-uagb-container uagb-block-78b151fc alignwide uagb-is-root-container\">\n<div class=\"wp-block-uagb-container uagb-block-5d7aa9aa\">\n<div class=\"wp-block-columns is-layout-flex wp-container-core-columns-is-layout-28f84493 wp-block-columns-is-layout-flex\">\n<div class=\"wp-block-column is-layout-flow wp-block-column-is-layout-flow\">\n<figure class=\"wp-block-image aligncenter size-full is-resized\"><img loading=\"lazy\" decoding=\"async\" width=\"888\" height=\"220\" src=\"https:\/\/www.espigul.com\/wp-content\/uploads\/2025\/12\/ESPIGUL_Logo-Black.png\" alt=\"\" class=\"wp-image-313022\" style=\"aspect-ratio:4.036514522821577;width:211px;height:auto\" srcset=\"https:\/\/www.espigul.com\/wp-content\/uploads\/2025\/12\/ESPIGUL_Logo-Black.png 888w, https:\/\/www.espigul.com\/wp-content\/uploads\/2025\/12\/ESPIGUL_Logo-Black-400x99.png 400w, https:\/\/www.espigul.com\/wp-content\/uploads\/2025\/12\/ESPIGUL_Logo-Black-768x190.png 768w\" sizes=\"auto, (max-width: 888px) 100vw, 888px\" \/><\/figure>\n\n\n\n<p class=\"has-text-align-center has-medium-font-size\">La diversit\u00e9 des options vous assure de trouver la propri\u00e9t\u00e9 parfaite pour vous, quelles que soient vos pr\u00e9f\u00e9rences et vos besoins.<\/p>\n<\/div>\n<\/div>\n<\/div>\n<\/div>\n\n<div class=\"wp-block-uagb-container bg-bezier-50--right uagb-block-58fb33fb alignfull uagb-is-root-container\"><div class=\"uagb-container-inner-blocks-wrap\">\n<div class=\"wp-block-uagb-container uagb-block-4889659d alignfull uagb-is-root-container\"><div class=\"uagb-container-inner-blocks-wrap\"><\/div><\/div>\n\n\n\n<div class=\"wp-block-uagb-container uagb-block-68e4dbd5\">\n<div class=\"wp-block-group is-layout-constrained wp-container-core-group-is-layout-76b72ade wp-block-group-is-layout-constrained\" style=\"padding-top:0;padding-right:0;padding-bottom:0;padding-left:0\">\n<h2 class=\"wp-block-heading has-white-color has-text-color\">Location de maisons \u00e0 Platja d&rsquo;Aro<\/h2>\n\n\n\n<p>Chez Esp\u00edgul, nous ne nous consacrons pas seulement \u00e0 la vente de biens immobiliers, mais nous offrons \u00e9galement une large gamme d&rsquo;options de <strong>location de maisons \u00e0 Platja d&rsquo;Aro<\/strong>.<\/p>\n\n\n\n<p>Que vous recherchiez une maison pour les vacances ou que vous ayez besoin d&rsquo;une location \u00e0 long terme. La location est une option flexible qui peut \u00eatre id\u00e9ale pour ceux qui veulent profiter de tout ce que Platja d&rsquo;Aro a \u00e0 offrir.<\/p>\n<\/div>\n<\/div>\n<\/div><\/div>\n\n<div class=\"wp-block-uagb-container uagb-block-2c710113 alignfull uagb-is-root-container\"><div class=\"uagb-container-inner-blocks-wrap\">\n<div class=\"wp-block-uagb-container uagb-block-d85a0760\">\n<div class=\"wp-block-columns is-layout-flex wp-container-core-columns-is-layout-28f84493 wp-block-columns-is-layout-flex\">\n<div class=\"wp-block-column is-layout-flow wp-block-column-is-layout-flow\"><\/div>\n\n\n\n<div class=\"wp-block-column is-layout-flow wp-block-column-is-layout-flow\">\n<figure class=\"wp-block-image aligncenter size-large is-resized\"><img loading=\"lazy\" decoding=\"async\" width=\"36\" height=\"35\" src=\"https:\/\/www.espigul.com\/wp-content\/uploads\/2023\/06\/fiabilitat.svg\" alt=\"\" class=\"wp-image-12618\" style=\"width:57px;height:auto\"\/><\/figure>\n<\/div>\n\n\n\n<div class=\"wp-block-column is-layout-flow wp-block-column-is-layout-flow\"><\/div>\n<\/div>\n\n\n\n<p class=\"has-text-align-center has-medium-font-size\">Explorez notre portefeuille de propri\u00e9t\u00e9s et d\u00e9couvrez pourquoi Platja d&rsquo;Aro est l&rsquo;endroit id\u00e9al pour vous.<\/p>\n\n\n\n<p class=\"has-text-align-center has-medium-font-size\">Contactez Esp\u00edgul d\u00e8s aujourd&rsquo;hui et commencez votre chemin vers un nouveau foyer !<\/p>\n<\/div>\n<\/div><\/div>\n\n<div class=\"wp-block-uagb-container uagb-block-24de5ec9 alignfull uagb-is-root-container\"><div class=\"uagb-container-inner-blocks-wrap\">\n<div class=\"wp-block-uagb-container uagb-block-e8496523\">\n<div class=\"wp-block-uagb-advanced-heading uagb-block-a718f958\"><h2 class=\"uagb-heading-text\">Contactez-nous<\/h2><\/div>\n\n\n\n<div class=\"wp-block-contact-form-7-contact-form-selector\">\n<div class=\"wpcf7 no-js\" id=\"wpcf7-f130130-o1\" lang=\"fr-FR\" dir=\"ltr\" data-wpcf7-id=\"130130\">\n<div class=\"screen-reader-response\"><p role=\"status\" aria-live=\"polite\" aria-atomic=\"true\"><\/p> <ul><\/ul><\/div>\n<form action=\"\/fr\/wp-json\/wp\/v2\/pages\/129050#wpcf7-f130130-o1\" method=\"post\" class=\"wpcf7-form init\" aria-label=\"Formulaire de contact\" novalidate=\"novalidate\" data-status=\"init\">\n<fieldset class=\"hidden-fields-container\"><input type=\"hidden\" name=\"_wpcf7\" value=\"130130\" \/><input type=\"hidden\" name=\"_wpcf7_version\" value=\"6.1.5\" \/><input type=\"hidden\" name=\"_wpcf7_locale\" value=\"fr_FR\" \/><input type=\"hidden\" name=\"_wpcf7_unit_tag\" value=\"wpcf7-f130130-o1\" \/><input type=\"hidden\" name=\"_wpcf7_container_post\" value=\"0\" \/><input type=\"hidden\" name=\"_wpcf7_posted_data_hash\" value=\"\" \/><input type=\"hidden\" name=\"_wpcf7_recaptcha_response\" value=\"\" \/>\n<\/fieldset>\n<h3>Formulaire de contact<\/h3>\n<div class=\"contact-form__cols contact-form__cols--2\">\n<div class=\"contact-form__cols__col\">\n<label> <span class=\"contact-form-required\">Nom et pr\u00e9nom<\/span>\n    <span class=\"wpcf7-form-control-wrap\" data-name=\"your-name\"><input size=\"40\" maxlength=\"400\" class=\"wpcf7-form-control wpcf7-text\" autocomplete=\"name\" aria-invalid=\"false\" value=\"\" type=\"text\" name=\"your-name\" \/><\/span> <\/label>\n<\/div> \n<div class=\"contact-form__cols__col\">\n<label> Type de bien<\/span>\n     <span class=\"wpcf7-form-control-wrap\" data-name=\"your-type\"><select class=\"wpcf7-form-control wpcf7-select\" aria-invalid=\"false\" name=\"your-type\"><option value=\"Appartement\">Appartement<\/option><option value=\"Maison\">Maison<\/option><option value=\"Local commercial\">Local commercial<\/option><option value=\"Garage\">Garage<\/option><\/select><\/span> <\/label>\n<\/div> \n<\/div>\n\n<div class=\"contact-form__cols contact-form__cols--2\">\n\n<div class=\"contact-form__cols__col\"> <label> \n<span class=\"contact-form-required\">Adresse e-mail<\/span>\n    <span class=\"wpcf7-form-control-wrap\" data-name=\"your-email\"><input size=\"40\" maxlength=\"400\" class=\"wpcf7-form-control wpcf7-email wpcf7-validates-as-required wpcf7-text wpcf7-validates-as-email\" autocomplete=\"email\" aria-required=\"true\" aria-invalid=\"false\" value=\"\" type=\"email\" name=\"your-email\" \/><\/span> <\/label>\n<\/div>\n<div class=\"contact-form__cols__col\">\n<label>Op\u00e9ration<\/span>\n<span class=\"wpcf7-form-control-wrap\" data-name=\"your-operation\"><select class=\"wpcf7-form-control wpcf7-select\" aria-invalid=\"false\" name=\"your-operation\"><option value=\"Location\">Location<\/option><option value=\"Vente\">Vente<\/option><\/select><\/span> <\/label>\n<\/div> \n<\/div>\n<div class=\"contact-form__cols contact-form__cols--2\">\n<div class=\"contact-form__cols__col\">\n<label><span class=\"contact-form-required\">T\u00e9l\u00e9phone<\/span>\n    <span class=\"wpcf7-form-control-wrap\" data-name=\"your-phone\"><input size=\"40\" maxlength=\"400\" class=\"wpcf7-form-control wpcf7-tel wpcf7-validates-as-required wpcf7-text wpcf7-validates-as-tel\" aria-required=\"true\" aria-invalid=\"false\" value=\"\" type=\"tel\" name=\"your-phone\" \/><\/span> <\/label>\n<\/div> \n<div class=\"contact-form__cols__col\">\n<label> Prix maximal\n     <span class=\"wpcf7-form-control-wrap\" data-name=\"your-price\"><input size=\"40\" maxlength=\"400\" class=\"wpcf7-form-control wpcf7-text\" aria-invalid=\"false\" value=\"\" type=\"text\" name=\"your-price\" \/><\/span> <\/label>\n<\/div> \n<\/div>\n<div class=\"contact-form__cols contact-form__cols--2\">\n<div class=\"contact-form__cols__col\">\n<label> Ville\n    <span class=\"wpcf7-form-control-wrap\" data-name=\"your-location\"><input size=\"40\" maxlength=\"400\" class=\"wpcf7-form-control wpcf7-text\" aria-invalid=\"false\" value=\"\" type=\"text\" name=\"your-location\" \/><\/span> <\/label>\n<\/div> \n<div class=\"contact-form__cols__col\">\n<label> Zone\n     <span class=\"wpcf7-form-control-wrap\" data-name=\"your-zone\"><input size=\"40\" maxlength=\"400\" class=\"wpcf7-form-control wpcf7-text\" aria-invalid=\"false\" value=\"\" type=\"text\" name=\"your-zone\" \/><\/span> <\/label>\n<\/div> \n<\/div>\n\n\n\n\n\n<label> <span class=\"contact-form-required\">Message<\/span>\n    <span class=\"wpcf7-form-control-wrap\" data-name=\"your-message\"><textarea cols=\"40\" rows=\"10\" maxlength=\"2000\" class=\"wpcf7-form-control wpcf7-textarea\" aria-invalid=\"false\" name=\"your-message\"><\/textarea><\/span> <\/label>\n<label class=\"contact-form__checkbox\"> <span class=\"wpcf7-form-control-wrap\" data-name=\"acceptance-\"><span class=\"wpcf7-form-control wpcf7-acceptance\"><span class=\"wpcf7-list-item\"><input type=\"checkbox\" name=\"acceptance-\" value=\"1\" aria-invalid=\"false\" \/><\/span><\/span><\/span> <span class=\"contact-form-required\">J'ai lu et j'accepte les conditions l\u00e9gales et la politique de confidentialit\u00e9.<\/span>\n<\/label>\n\n\n<input class=\"wpcf7-form-control wpcf7-submit has-spinner\" type=\"submit\" value=\"Enviar\" \/><div class=\"wpcf7-response-output\" aria-hidden=\"true\"><\/div>\n<\/form>\n<\/div>\n<\/div>\n<\/div>\n<\/div><\/div>\n","protected":false},"excerpt":{"rendered":"<p>MAISONS PLATJA D&rsquo;ARO Si vous recherchez un endroit sp\u00e9cial pour vivre, passer vos vacances ou investir, Platja d&rsquo;Aro est une excellente option. Avec ses plages, une large offre de loisirs et des services de qualit\u00e9, cette destination est id\u00e9ale pour toute personne souhaitant se d\u00e9tendre et profiter. Chez Esp\u00edgul, nous nous engageons \u00e0 vous aider&#8230;<\/p>\n","protected":false},"author":2,"featured_media":0,"parent":0,"menu_order":0,"comment_status":"closed","ping_status":"closed","template":"","meta":{"_acf_changed":false,"_uag_custom_page_level_css":"","footnotes":""},"class_list":["post-129050","page","type-page","status-publish","hentry"],"acf":[],"yoast_head":"<!-- This site is optimized with the Yoast SEO plugin v27.5 - https:\/\/yoast.com\/product\/yoast-seo-wordpress\/ -->\n<title>Maisons \u00e0 Platja d&#039;Aro - Esp\u00edgul<\/title>\n<meta name=\"description\" content=\"Trouvez votre maison id\u00e9ale \u00e0 Platja d&#039;Aro avec Esp\u00edgul. Nous proposons la vente et la location de biens immobiliers avec un accompagnement personnalis\u00e9 et professionnel.\" \/>\n<meta name=\"robots\" content=\"index, follow, max-snippet:-1, max-image-preview:large, max-video-preview:-1\" \/>\n<link rel=\"canonical\" href=\"https:\/\/www.espigul.com\/fr\/maisons-a-platja-daro\/\" \/>\n<meta property=\"og:locale\" content=\"fr_FR\" \/>\n<meta property=\"og:type\" content=\"article\" \/>\n<meta property=\"og:title\" content=\"Maisons \u00e0 Platja d&#039;Aro - Esp\u00edgul\" \/>\n<meta property=\"og:description\" content=\"Trouvez votre maison id\u00e9ale \u00e0 Platja d&#039;Aro avec Esp\u00edgul. Nous proposons la vente et la location de biens immobiliers avec un accompagnement personnalis\u00e9 et professionnel.\" \/>\n<meta property=\"og:url\" content=\"https:\/\/www.espigul.com\/fr\/maisons-a-platja-daro\/\" \/>\n<meta property=\"og:site_name\" content=\"Esp\u00edgul\" \/>\n<meta property=\"article:modified_time\" content=\"2026-04-14T11:23:37+00:00\" \/>\n<meta property=\"og:image\" content=\"https:\/\/www.espigul.com\/wp-content\/uploads\/2025\/12\/ESPIGUL_Logo-Black.png\" \/>\n\t<meta property=\"og:image:width\" content=\"888\" \/>\n\t<meta property=\"og:image:height\" content=\"220\" \/>\n\t<meta property=\"og:image:type\" content=\"image\/png\" \/>\n<meta name=\"twitter:card\" content=\"summary_large_image\" \/>\n<meta name=\"twitter:label1\" content=\"Dur\u00e9e de lecture estim\u00e9e\" \/>\n\t<meta name=\"twitter:data1\" content=\"2 minutes\" \/>\n<script type=\"application\/ld+json\" class=\"yoast-schema-graph\">{\"@context\":\"https:\\\/\\\/schema.org\",\"@graph\":[{\"@type\":\"WebPage\",\"@id\":\"https:\\\/\\\/www.espigul.com\\\/fr\\\/maisons-a-platja-daro\\\/\",\"url\":\"https:\\\/\\\/www.espigul.com\\\/fr\\\/maisons-a-platja-daro\\\/\",\"name\":\"Maisons \u00e0 Platja d'Aro - Esp\u00edgul\",\"isPartOf\":{\"@id\":\"https:\\\/\\\/www.espigul.com\\\/fr\\\/#website\"},\"primaryImageOfPage\":{\"@id\":\"https:\\\/\\\/www.espigul.com\\\/fr\\\/maisons-a-platja-daro\\\/#primaryimage\"},\"image\":{\"@id\":\"https:\\\/\\\/www.espigul.com\\\/fr\\\/maisons-a-platja-daro\\\/#primaryimage\"},\"thumbnailUrl\":\"https:\\\/\\\/www.espigul.com\\\/wp-content\\\/uploads\\\/2025\\\/12\\\/ESPIGUL_Logo-Black.png\",\"datePublished\":\"2024-06-26T14:30:24+00:00\",\"dateModified\":\"2026-04-14T11:23:37+00:00\",\"description\":\"Trouvez votre maison id\u00e9ale \u00e0 Platja d'Aro avec Esp\u00edgul. Nous proposons la vente et la location de biens immobiliers avec un accompagnement personnalis\u00e9 et professionnel.\",\"breadcrumb\":{\"@id\":\"https:\\\/\\\/www.espigul.com\\\/fr\\\/maisons-a-platja-daro\\\/#breadcrumb\"},\"inLanguage\":\"fr-FR\",\"potentialAction\":[{\"@type\":\"ReadAction\",\"target\":[\"https:\\\/\\\/www.espigul.com\\\/fr\\\/maisons-a-platja-daro\\\/\"]}]},{\"@type\":\"ImageObject\",\"inLanguage\":\"fr-FR\",\"@id\":\"https:\\\/\\\/www.espigul.com\\\/fr\\\/maisons-a-platja-daro\\\/#primaryimage\",\"url\":\"https:\\\/\\\/www.espigul.com\\\/wp-content\\\/uploads\\\/2025\\\/12\\\/ESPIGUL_Logo-Black.png\",\"contentUrl\":\"https:\\\/\\\/www.espigul.com\\\/wp-content\\\/uploads\\\/2025\\\/12\\\/ESPIGUL_Logo-Black.png\"},{\"@type\":\"BreadcrumbList\",\"@id\":\"https:\\\/\\\/www.espigul.com\\\/fr\\\/maisons-a-platja-daro\\\/#breadcrumb\",\"itemListElement\":[{\"@type\":\"ListItem\",\"position\":1,\"name\":\"Inici\",\"item\":\"https:\\\/\\\/www.espigul.com\\\/fr\\\/\"},{\"@type\":\"ListItem\",\"position\":2,\"name\":\"Maisons \u00e0 Platja d&#8217;Aro\"}]},{\"@type\":\"WebSite\",\"@id\":\"https:\\\/\\\/www.espigul.com\\\/fr\\\/#website\",\"url\":\"https:\\\/\\\/www.espigul.com\\\/fr\\\/\",\"name\":\"Esp\u00edgul\",\"description\":\"La immobili\u00e0ria l\u00edder de Girona\",\"publisher\":{\"@id\":\"https:\\\/\\\/www.espigul.com\\\/fr\\\/#organization\"},\"potentialAction\":[{\"@type\":\"SearchAction\",\"target\":{\"@type\":\"EntryPoint\",\"urlTemplate\":\"https:\\\/\\\/www.espigul.com\\\/fr\\\/?s={search_term_string}\"},\"query-input\":{\"@type\":\"PropertyValueSpecification\",\"valueRequired\":true,\"valueName\":\"search_term_string\"}}],\"inLanguage\":\"fr-FR\"},{\"@type\":\"Organization\",\"@id\":\"https:\\\/\\\/www.espigul.com\\\/fr\\\/#organization\",\"name\":\"Esp\u00edgul\",\"url\":\"https:\\\/\\\/www.espigul.com\\\/fr\\\/\",\"logo\":{\"@type\":\"ImageObject\",\"inLanguage\":\"fr-FR\",\"@id\":\"https:\\\/\\\/www.espigul.com\\\/fr\\\/#\\\/schema\\\/logo\\\/image\\\/\",\"url\":\"https:\\\/\\\/www.espigul.com\\\/wp-content\\\/uploads\\\/2023\\\/08\\\/espigul-block.png\",\"contentUrl\":\"https:\\\/\\\/www.espigul.com\\\/wp-content\\\/uploads\\\/2023\\\/08\\\/espigul-block.png\",\"width\":384,\"height\":240,\"caption\":\"Esp\u00edgul\"},\"image\":{\"@id\":\"https:\\\/\\\/www.espigul.com\\\/fr\\\/#\\\/schema\\\/logo\\\/image\\\/\"},\"sameAs\":[\"https:\\\/\\\/www.instagram.com\\\/immoespigul\\\/\",\"https:\\\/\\\/www.youtube.com\\\/channel\\\/UCYyD-WWfbCFpCXau4SQOGKQ\"]}]}<\/script>\n<!-- \/ Yoast SEO plugin. -->","yoast_head_json":{"title":"Maisons \u00e0 Platja d'Aro - Esp\u00edgul","description":"Trouvez votre maison id\u00e9ale \u00e0 Platja d'Aro avec Esp\u00edgul. Nous proposons la vente et la location de biens immobiliers avec un accompagnement personnalis\u00e9 et professionnel.","robots":{"index":"index","follow":"follow","max-snippet":"max-snippet:-1","max-image-preview":"max-image-preview:large","max-video-preview":"max-video-preview:-1"},"canonical":"https:\/\/www.espigul.com\/fr\/maisons-a-platja-daro\/","og_locale":"fr_FR","og_type":"article","og_title":"Maisons \u00e0 Platja d'Aro - Esp\u00edgul","og_description":"Trouvez votre maison id\u00e9ale \u00e0 Platja d'Aro avec Esp\u00edgul. Nous proposons la vente et la location de biens immobiliers avec un accompagnement personnalis\u00e9 et professionnel.","og_url":"https:\/\/www.espigul.com\/fr\/maisons-a-platja-daro\/","og_site_name":"Esp\u00edgul","article_modified_time":"2026-04-14T11:23:37+00:00","og_image":[{"width":888,"height":220,"url":"https:\/\/www.espigul.com\/wp-content\/uploads\/2025\/12\/ESPIGUL_Logo-Black.png","type":"image\/png"}],"twitter_card":"summary_large_image","twitter_misc":{"Dur\u00e9e de lecture estim\u00e9e":"2 minutes"},"schema":{"@context":"https:\/\/schema.org","@graph":[{"@type":"WebPage","@id":"https:\/\/www.espigul.com\/fr\/maisons-a-platja-daro\/","url":"https:\/\/www.espigul.com\/fr\/maisons-a-platja-daro\/","name":"Maisons \u00e0 Platja d'Aro - Esp\u00edgul","isPartOf":{"@id":"https:\/\/www.espigul.com\/fr\/#website"},"primaryImageOfPage":{"@id":"https:\/\/www.espigul.com\/fr\/maisons-a-platja-daro\/#primaryimage"},"image":{"@id":"https:\/\/www.espigul.com\/fr\/maisons-a-platja-daro\/#primaryimage"},"thumbnailUrl":"https:\/\/www.espigul.com\/wp-content\/uploads\/2025\/12\/ESPIGUL_Logo-Black.png","datePublished":"2024-06-26T14:30:24+00:00","dateModified":"2026-04-14T11:23:37+00:00","description":"Trouvez votre maison id\u00e9ale \u00e0 Platja d'Aro avec Esp\u00edgul. Nous proposons la vente et la location de biens immobiliers avec un accompagnement personnalis\u00e9 et professionnel.","breadcrumb":{"@id":"https:\/\/www.espigul.com\/fr\/maisons-a-platja-daro\/#breadcrumb"},"inLanguage":"fr-FR","potentialAction":[{"@type":"ReadAction","target":["https:\/\/www.espigul.com\/fr\/maisons-a-platja-daro\/"]}]},{"@type":"ImageObject","inLanguage":"fr-FR","@id":"https:\/\/www.espigul.com\/fr\/maisons-a-platja-daro\/#primaryimage","url":"https:\/\/www.espigul.com\/wp-content\/uploads\/2025\/12\/ESPIGUL_Logo-Black.png","contentUrl":"https:\/\/www.espigul.com\/wp-content\/uploads\/2025\/12\/ESPIGUL_Logo-Black.png"},{"@type":"BreadcrumbList","@id":"https:\/\/www.espigul.com\/fr\/maisons-a-platja-daro\/#breadcrumb","itemListElement":[{"@type":"ListItem","position":1,"name":"Inici","item":"https:\/\/www.espigul.com\/fr\/"},{"@type":"ListItem","position":2,"name":"Maisons \u00e0 Platja d&#8217;Aro"}]},{"@type":"WebSite","@id":"https:\/\/www.espigul.com\/fr\/#website","url":"https:\/\/www.espigul.com\/fr\/","name":"Esp\u00edgul","description":"La immobili\u00e0ria l\u00edder de Girona","publisher":{"@id":"https:\/\/www.espigul.com\/fr\/#organization"},"potentialAction":[{"@type":"SearchAction","target":{"@type":"EntryPoint","urlTemplate":"https:\/\/www.espigul.com\/fr\/?s={search_term_string}"},"query-input":{"@type":"PropertyValueSpecification","valueRequired":true,"valueName":"search_term_string"}}],"inLanguage":"fr-FR"},{"@type":"Organization","@id":"https:\/\/www.espigul.com\/fr\/#organization","name":"Esp\u00edgul","url":"https:\/\/www.espigul.com\/fr\/","logo":{"@type":"ImageObject","inLanguage":"fr-FR","@id":"https:\/\/www.espigul.com\/fr\/#\/schema\/logo\/image\/","url":"https:\/\/www.espigul.com\/wp-content\/uploads\/2023\/08\/espigul-block.png","contentUrl":"https:\/\/www.espigul.com\/wp-content\/uploads\/2023\/08\/espigul-block.png","width":384,"height":240,"caption":"Esp\u00edgul"},"image":{"@id":"https:\/\/www.espigul.com\/fr\/#\/schema\/logo\/image\/"},"sameAs":["https:\/\/www.instagram.com\/immoespigul\/","https:\/\/www.youtube.com\/channel\/UCYyD-WWfbCFpCXau4SQOGKQ"]}]}},"uagb_featured_image_src":{"full":false,"thumbnail":false,"medium":false,"medium_large":false,"large":false,"1536x1536":false,"2048x2048":false,"gform-image-choice-sm":false,"gform-image-choice-md":false,"gform-image-choice-lg":false},"uagb_author_info":{"display_name":"Anna Ramon","author_link":"https:\/\/www.espigul.com\/fr\/author\/anna-ramon\/"},"uagb_comment_info":0,"uagb_excerpt":"MAISONS PLATJA D&rsquo;ARO Si vous recherchez un endroit sp\u00e9cial pour vivre, passer vos vacances ou investir, Platja d&rsquo;Aro est une excellente option. Avec ses plages, une large offre de loisirs et des services de qualit\u00e9, cette destination est id\u00e9ale pour toute personne souhaitant se d\u00e9tendre et profiter. Chez Esp\u00edgul, nous nous engageons \u00e0 vous aider...","_links":{"self":[{"href":"https:\/\/www.espigul.com\/fr\/wp-json\/wp\/v2\/pages\/129050","targetHints":{"allow":["GET"]}}],"collection":[{"href":"https:\/\/www.espigul.com\/fr\/wp-json\/wp\/v2\/pages"}],"about":[{"href":"https:\/\/www.espigul.com\/fr\/wp-json\/wp\/v2\/types\/page"}],"author":[{"embeddable":true,"href":"https:\/\/www.espigul.com\/fr\/wp-json\/wp\/v2\/users\/2"}],"replies":[{"embeddable":true,"href":"https:\/\/www.espigul.com\/fr\/wp-json\/wp\/v2\/comments?post=129050"}],"version-history":[{"count":3,"href":"https:\/\/www.espigul.com\/fr\/wp-json\/wp\/v2\/pages\/129050\/revisions"}],"predecessor-version":[{"id":389169,"href":"https:\/\/www.espigul.com\/fr\/wp-json\/wp\/v2\/pages\/129050\/revisions\/389169"}],"wp:attachment":[{"href":"https:\/\/www.espigul.com\/fr\/wp-json\/wp\/v2\/media?parent=129050"}],"curies":[{"name":"wp","href":"https:\/\/api.w.org\/{rel}","templated":true}]}}