{"version":"1.0","provider_name":"Esp\u00edgul","provider_url":"https:\/\/www.espigul.com\/fr\/","author_name":"Pol","author_url":"https:\/\/www.espigul.com\/fr\/author\/pol\/","title":"Attique \u00e0 vendre dans la Dreta de l'Eixample - Esp\u00edgul","type":"rich","width":600,"height":338,"html":"<blockquote class=\"wp-embedded-content\" data-secret=\"MqAiKtiK7e\"><a href=\"https:\/\/www.espigul.com\/fr\/immobles\/attique-a-vendre-dans-la-dreta-de-leixample\/\">Attique \u00e0 vendre dans la Dreta de l&rsquo;Eixample<\/a><\/blockquote><iframe sandbox=\"allow-scripts\" security=\"restricted\" src=\"https:\/\/www.espigul.com\/fr\/immobles\/attique-a-vendre-dans-la-dreta-de-leixample\/embed\/#?secret=MqAiKtiK7e\" width=\"600\" height=\"338\" title=\"\u00ab\u00a0Attique \u00e0 vendre dans la Dreta de l&rsquo;Eixample\u00a0\u00bb &#8212; Esp\u00edgul\" data-secret=\"MqAiKtiK7e\" frameborder=\"0\" marginwidth=\"0\" marginheight=\"0\" scrolling=\"no\" class=\"wp-embedded-content\"><\/iframe><script type=\"text\/javascript\">\n\/* <![CDATA[ *\/\n\/*! This file is auto-generated *\/\n!function(d,l){\"use strict\";l.querySelector&&d.addEventListener&&\"undefined\"!=typeof URL&&(d.wp=d.wp||{},d.wp.receiveEmbedMessage||(d.wp.receiveEmbedMessage=function(e){var t=e.data;if((t||t.secret||t.message||t.value)&&!\/[^a-zA-Z0-9]\/.test(t.secret)){for(var s,r,n,a=l.querySelectorAll('iframe[data-secret=\"'+t.secret+'\"]'),o=l.querySelectorAll('blockquote[data-secret=\"'+t.secret+'\"]'),c=new RegExp(\"^https?:$\",\"i\"),i=0;i<o.length;i++)o[i].style.display=\"none\";for(i=0;i<a.length;i++)s=a[i],e.source===s.contentWindow&&(s.removeAttribute(\"style\"),\"height\"===t.message?(1e3<(r=parseInt(t.value,10))?r=1e3:~~r<200&&(r=200),s.height=r):\"link\"===t.message&&(r=new URL(s.getAttribute(\"src\")),n=new URL(t.value),c.test(n.protocol))&&n.host===r.host&&l.activeElement===s&&(d.top.location.href=t.value))}},d.addEventListener(\"message\",d.wp.receiveEmbedMessage,!1),l.addEventListener(\"DOMContentLoaded\",function(){for(var e,t,s=l.querySelectorAll(\"iframe.wp-embedded-content\"),r=0;r<s.length;r++)(t=(e=s[r]).getAttribute(\"data-secret\"))||(t=Math.random().toString(36).substring(2,12),e.src+=\"#?secret=\"+t,e.setAttribute(\"data-secret\",t)),e.contentWindow.postMessage({message:\"ready\",secret:t},\"*\")},!1)))}(window,document);\n\/\/# sourceURL=https:\/\/www.espigul.com\/wp-includes\/js\/wp-embed.min.js\n\/* ]]> *\/\n<\/script>\n","thumbnail_url":"https:\/\/www.espigul.com\/wp-content\/uploads\/2025\/10\/atico-en-venta-en-la-dreta-de-leixample-21809790-1.webp","thumbnail_width":1600,"thumbnail_height":1067,"description":"Esp\u00edgul Real Estate Group vous pr\u00e9sente, au sommet d'un immeuble classique barcelonais, cet attique exclusif qui combine \u00e9l\u00e9gance historique et design contemporain haut de gamme. Avec 241 m\u00b2 r\u00e9nov\u00e9s, trois chambres, une vaste zone de jour avec terrasse de 30 m\u00b2 et une cuisine Modulnova, il offre lumi\u00e8re naturelle, confort et d\u00e9tails premium. Demandez une visite et laissez-vous s\u00e9duire."}