{"id":43508,"date":"2024-02-27T10:56:25","date_gmt":"2024-02-27T08:56:25","guid":{"rendered":"https:\/\/www.espigul.com\/?page_id=43508"},"modified":"2026-02-17T10:15:54","modified_gmt":"2026-02-17T08:15:54","slug":"trabaja-con-nosotros","status":"publish","type":"page","link":"https:\/\/www.espigul.com\/es\/trabaja-con-nosotros\/","title":{"rendered":"Trabaja con nosotros"},"content":{"rendered":"\n<div class=\"wp-block-uagb-container uagb-block-26595532 alignfull uagb-is-root-container\"><div class=\"uagb-container-inner-blocks-wrap\">\n<h1 class=\"wp-block-heading has-text-align-center has-white-color has-text-color has-link-color wp-elements-5f0a74b30bcd1a313e83bfb4e28852a0\">\u00bfTe gustar\u00eda trabajar con nosotros?<\/h1>\n\n\n\n<div class=\"wp-block-uagb-container uagb-block-e5131558\">\n<p class=\"has-text-align-center has-white-color has-text-color has-link-color has-medium-font-size wp-elements-19508f3de72bd5828f4bed300cd940cf\">\u00danete a un equipo de profesionales y un proyecto s\u00f3lido e innovador en el sector inmobiliario. \u00a1Env\u00edanos tu CV y forma parte de nuestro equipo!<\/p>\n<\/div>\n<\/div><\/div>\n\n\n\n<div class=\"wp-block-uagb-container uagb-block-0b924068 alignfull uagb-is-root-container\"><div class=\"uagb-container-inner-blocks-wrap\">\n<div class=\"wp-block-uagb-container uagb-block-ee210d19\">\n<h2 class=\"wp-block-heading has-text-align-center has-large-font-size\">Por qu\u00e9 trabajar en Esp\u00edgul<\/h2>\n\n\n\n<p class=\"has-text-align-center\">Trabajar con nosotros te ofrece:<\/p>\n\n\n\n<div class=\"wp-block-uagb-container uagb-block-5698c046\">\n<div class=\"wp-block-columns is-layout-flex wp-container-core-columns-is-layout-28f84493 wp-block-columns-is-layout-flex\">\n<div class=\"wp-block-column is-layout-flow wp-block-column-is-layout-flow\">      \n\t\t\t<div class=\"uagb-icon-wrapper uagb-block-db227f2f      \"\n\t\t\tstyle=\"\" >\n\t\t\t\t\t\t\t\t\t<span class=\"uagb-svg-wrapper\" \n\t\t\t\t\t aria-label=\"circle-check\"\t\t\t\t\ttabindex=\"0\">\t\t\n\t\t\t\t\t\t\t\t\t\t<svg xmlns=\"https:\/\/www.w3.org\/2000\/svg\" viewBox= \"0 0 512 512\" role=\"graphics-symbol\" aria-hidden=\"false\" aria-label=\"\"><path d=\"M0 256C0 114.6 114.6 0 256 0C397.4 0 512 114.6 512 256C512 397.4 397.4 512 256 512C114.6 512 0 397.4 0 256zM371.8 211.8C382.7 200.9 382.7 183.1 371.8 172.2C360.9 161.3 343.1 161.3 332.2 172.2L224 280.4L179.8 236.2C168.9 225.3 151.1 225.3 140.2 236.2C129.3 247.1 129.3 264.9 140.2 275.8L204.2 339.8C215.1 350.7 232.9 350.7 243.8 339.8L371.8 211.8z\"><\/path><\/svg>\n\t\t\t\t\t\t\t\t\t<\/span>\n\t\t\t\t\t\t\t<\/div>\n\t\t\t\n\n\n<p class=\"has-text-align-center has-medium-font-size\">Compromiso<\/p>\n<\/div>\n\n\n\n<div class=\"wp-block-column is-layout-flow wp-block-column-is-layout-flow\">      \n\t\t\t<div class=\"uagb-icon-wrapper uagb-block-4265ef10      \"\n\t\t\tstyle=\"\" >\n\t\t\t\t\t\t\t\t\t<span class=\"uagb-svg-wrapper\" \n\t\t\t\t\t aria-label=\"person\"\t\t\t\t\ttabindex=\"0\">\t\t\n\t\t\t\t\t\t\t\t\t\t<svg xmlns=\"https:\/\/www.w3.org\/2000\/svg\" viewBox= \"0 0 320 512\" role=\"graphics-symbol\" aria-hidden=\"false\" aria-label=\"\"><path d=\"M208 48C208 74.51 186.5 96 160 96C133.5 96 112 74.51 112 48C112 21.49 133.5 0 160 0C186.5 0 208 21.49 208 48zM152 352V480C152 497.7 137.7 512 120 512C102.3 512 88 497.7 88 480V256.9L59.43 304.5C50.33 319.6 30.67 324.5 15.52 315.4C.3696 306.3-4.531 286.7 4.573 271.5L62.85 174.6C80.2 145.7 111.4 128 145.1 128H174.9C208.6 128 239.8 145.7 257.2 174.6L315.4 271.5C324.5 286.7 319.6 306.3 304.5 315.4C289.3 324.5 269.7 319.6 260.6 304.5L232 256.9V480C232 497.7 217.7 512 200 512C182.3 512 168 497.7 168 480V352L152 352z\"><\/path><\/svg>\n\t\t\t\t\t\t\t\t\t<\/span>\n\t\t\t\t\t\t\t<\/div>\n\t\t\t\n\n\n<p class=\"has-text-align-center has-medium-font-size\">Profesionalidad<\/p>\n<\/div>\n\n\n\n<div class=\"wp-block-column is-layout-flow wp-block-column-is-layout-flow\" style=\"padding-top:0;padding-right:0;padding-bottom:0;padding-left:0\">      \n\t\t\t<div class=\"uagb-icon-wrapper uagb-block-61cddab3      \"\n\t\t\tstyle=\"\" >\n\t\t\t\t\t\t\t\t\t<span class=\"uagb-svg-wrapper\" \n\t\t\t\t\t aria-label=\"building\"\t\t\t\t\ttabindex=\"0\">\t\t\n\t\t\t\t\t\t\t\t\t\t<svg xmlns=\"https:\/\/www.w3.org\/2000\/svg\" viewBox= \"0 0 384 512\" role=\"graphics-symbol\" aria-hidden=\"false\" aria-label=\"\"><path d=\"M336 0C362.5 0 384 21.49 384 48V464C384 490.5 362.5 512 336 512H240V432C240 405.5 218.5 384 192 384C165.5 384 144 405.5 144 432V512H48C21.49 512 0 490.5 0 464V48C0 21.49 21.49 0 48 0H336zM64 272C64 280.8 71.16 288 80 288H112C120.8 288 128 280.8 128 272V240C128 231.2 120.8 224 112 224H80C71.16 224 64 231.2 64 240V272zM176 224C167.2 224 160 231.2 160 240V272C160 280.8 167.2 288 176 288H208C216.8 288 224 280.8 224 272V240C224 231.2 216.8 224 208 224H176zM256 272C256 280.8 263.2 288 272 288H304C312.8 288 320 280.8 320 272V240C320 231.2 312.8 224 304 224H272C263.2 224 256 231.2 256 240V272zM80 96C71.16 96 64 103.2 64 112V144C64 152.8 71.16 160 80 160H112C120.8 160 128 152.8 128 144V112C128 103.2 120.8 96 112 96H80zM160 144C160 152.8 167.2 160 176 160H208C216.8 160 224 152.8 224 144V112C224 103.2 216.8 96 208 96H176C167.2 96 160 103.2 160 112V144zM272 96C263.2 96 256 103.2 256 112V144C256 152.8 263.2 160 272 160H304C312.8 160 320 152.8 320 144V112C320 103.2 312.8 96 304 96H272z\"><\/path><\/svg>\n\t\t\t\t\t\t\t\t\t<\/span>\n\t\t\t\t\t\t\t<\/div>\n\t\t\t\n\n\n<p class=\"has-text-align-center has-medium-font-size\">Asesoramiento<\/p>\n<\/div>\n\n\n\n<div class=\"wp-block-column is-layout-flow wp-block-column-is-layout-flow\">      \n\t\t\t<div class=\"uagb-icon-wrapper uagb-block-8e42b3a3      \"\n\t\t\tstyle=\"\" >\n\t\t\t\t\t\t\t\t\t<span class=\"uagb-svg-wrapper\" \n\t\t\t\t\t aria-label=\"people-roof\"\t\t\t\t\ttabindex=\"0\">\t\t\n\t\t\t\t\t\t\t\t\t\t<svg xmlns=\"https:\/\/www.w3.org\/2000\/svg\" viewBox= \"0 0 640 512\" role=\"graphics-symbol\" aria-hidden=\"false\" aria-label=\"\"><path d=\"M623.5 164C638.1 172.6 644.6 192.1 635.1 207.5C627.4 222.1 607.9 228.6 592.5 219.1L319.1 68.61L47.54 219.1C32.09 228.6 12.61 222.1 4.025 207.5C-4.558 192.1 1.008 172.6 16.46 164L304.5 4.027C314.1-1.342 325.9-1.342 335.5 4.027L623.5 164zM279.1 200C279.1 177.9 297.9 160 319.1 160C342.1 160 359.1 177.9 359.1 200C359.1 222.1 342.1 240 319.1 240C297.9 240 279.1 222.1 279.1 200zM103.1 296C103.1 273.9 121.9 256 143.1 256C166.1 256 183.1 273.9 183.1 296C183.1 318.1 166.1 336 143.1 336C121.9 336 103.1 318.1 103.1 296V296zM535.1 296C535.1 318.1 518.1 336 495.1 336C473.9 336 455.1 318.1 455.1 296C455.1 273.9 473.9 256 495.1 256C518.1 256 535.1 273.9 535.1 296zM226.9 491.4L199.1 441.5V480C199.1 497.7 185.7 512 167.1 512H119.1C102.3 512 87.1 497.7 87.1 480V441.5L61.13 491.4C54.84 503 40.29 507.4 28.62 501.1C16.95 494.8 12.58 480.3 18.87 468.6L56.74 398.3C72.09 369.8 101.9 352 134.2 352H153.8C170.1 352 185.7 356.5 199.2 364.6L232.7 302.3C248.1 273.8 277.9 255.1 310.2 255.1H329.8C362.1 255.1 391.9 273.8 407.3 302.3L440.8 364.6C454.3 356.5 469.9 352 486.2 352H505.8C538.1 352 567.9 369.8 583.3 398.3L621.1 468.6C627.4 480.3 623 494.8 611.4 501.1C599.7 507.4 585.2 503 578.9 491.4L551.1 441.5V480C551.1 497.7 537.7 512 519.1 512H471.1C454.3 512 439.1 497.7 439.1 480V441.5L413.1 491.4C406.8 503 392.3 507.4 380.6 501.1C368.1 494.8 364.6 480.3 370.9 468.6L407.2 401.1C405.5 399.5 404 397.6 402.9 395.4L375.1 345.5V400C375.1 417.7 361.7 432 343.1 432H295.1C278.3 432 263.1 417.7 263.1 400V345.5L237.1 395.4C235.1 397.6 234.5 399.5 232.8 401.1L269.1 468.6C275.4 480.3 271 494.8 259.4 501.1C247.7 507.4 233.2 503 226.9 491.4H226.9z\"><\/path><\/svg>\n\t\t\t\t\t\t\t\t\t<\/span>\n\t\t\t\t\t\t\t<\/div>\n\t\t\t\n\n\n<p class=\"has-text-align-center has-medium-font-size\">Trabajo en equipo<\/p>\n<\/div>\n<\/div>\n<\/div>\n<\/div>\n<\/div><\/div>\n\n\n\n<div class=\"wp-block-uagb-container uagb-block-0bd962e7 alignwide uagb-is-root-container\">\n<div class=\"wp-block-uagb-container uagb-block-da137785\">\n<h2 class=\"wp-block-heading has-text-align-center has-medium-font-size\">Si est\u00e1s buscando una carrera din\u00e1mica en el sector inmobiliario y quieres formar parte de un equipo comprometido con la excelencia y satisfacci\u00f3n del cliente, queremos escucharte. Buscamos a profesionales motivados con una mentalidad orientada al servicio y una voluntad de superaci\u00f3n constante.<\/h2>\n<\/div>\n<\/div>\n\n\n\n<div class=\"wp-block-uagb-container bg-bezier-50 uagb-block-168a8574 alignfull uagb-is-root-container\"><div class=\"uagb-container-inner-blocks-wrap\">\n<div class=\"wp-block-uagb-container uagb-block-e8291b2b\">\n<div class=\"wp-block-group is-layout-constrained wp-container-core-group-is-layout-93ab80c1 wp-block-group-is-layout-constrained\" style=\"padding-top:0;padding-right:var(--wp--preset--spacing--80);padding-bottom:0;padding-left:0\">\n<h2 class=\"wp-block-heading has-white-color has-text-color\">\u00a1Buscamos profesionales!<\/h2>\n\n\n\n<p class=\"has-white-color has-text-color\">A continuaci\u00f3n encontrar\u00e1s las ofertas de trabajo que tenemos disponibles. Env\u00edanos tu CV o rellena el formulario que te dejamos al final de esta p\u00e1gina.<\/p>\n<\/div>\n<\/div>\n\n\n\n<div class=\"wp-block-uagb-container uagb-block-fb5049af\"><\/div>\n<\/div><\/div>\n\n\n\n<div class=\"wp-block-uagb-container uagb-block-78b151fc alignwide uagb-is-root-container\">\n<div class=\"wp-block-uagb-container uagb-block-5d7aa9aa\">\n<div class=\"wp-block-columns is-layout-flex wp-container-core-columns-is-layout-28f84493 wp-block-columns-is-layout-flex\">\n<div class=\"wp-block-column is-layout-flow wp-block-column-is-layout-flow\">\n<figure class=\"wp-block-image aligncenter size-full is-resized\"><img loading=\"lazy\" decoding=\"async\" width=\"888\" height=\"220\" src=\"https:\/\/www.espigul.com\/wp-content\/uploads\/2025\/12\/ESPIGUL_Logo-Black.png\" alt=\"\" class=\"wp-image-313022\" style=\"aspect-ratio:4.036514522821577;width:194px;height:auto\" srcset=\"https:\/\/www.espigul.com\/wp-content\/uploads\/2025\/12\/ESPIGUL_Logo-Black.png 888w, https:\/\/www.espigul.com\/wp-content\/uploads\/2025\/12\/ESPIGUL_Logo-Black-400x99.png 400w, https:\/\/www.espigul.com\/wp-content\/uploads\/2025\/12\/ESPIGUL_Logo-Black-768x190.png 768w\" sizes=\"auto, (max-width: 888px) 100vw, 888px\" \/><\/figure>\n\n\n\n<h2 class=\"wp-block-heading has-text-align-center has-medium-font-size\" style=\"padding-top:var(--wp--preset--spacing--30);padding-bottom:var(--wp--preset--spacing--30)\">ASESOR INMOBILIARIO<\/h2>\n\n\n\n<p>Ubicaci\u00f3n: Girona (2 posiciones) \/ Platja d&#8217;Aro (2 posiciones) \/ Sant Cugat del Vall\u00e8s (1 posici\u00f3n)<\/p>\n\n\n\n<p>Descripci\u00f3n del trabajo<\/p>\n\n\n\n<p>Estamos buscando cinco profesionales comprometidos para unirse a nuestro equipo como comerciales inmobiliarios en nuestras oficinas de Girona y Platja d&#8217;Aro. Las principales responsabilidades incluyen:<\/p>\n\n\n\n<p>Captaci\u00f3n de nuevos inmuebles y de segunda mano para nuestro inventario.<\/p>\n\n\n\n<p>Gesti\u00f3n completa de ventas inmobiliarias, desde el inicio hasta el final del proceso.<\/p>\n\n\n\n<p>Gesti\u00f3n activa de clientes y mantenimiento de relaciones comerciales.<\/p>\n\n\n\n<p>Ejecuci\u00f3n de tareas administrativas utilizando programas inform\u00e1ticos espec\u00edficos del sector.<\/p>\n\n\n\n<p>Requisitos<\/p>\n\n\n\n<p>M\u00ednimo graduado de ESO, con experiencia previa valorada.<\/p>\n\n\n\n<p>Horario laboral de 9:00 a 14:00 y de 16:00 a 19:00.<\/p>\n\n\n\n<p>Veh\u00edculo propio y carn\u00e9 de conducir.<\/p>\n\n\n\n<p>Sueldo 1.200\u20ac\/mes netos fijo en 14 pagas + comisiones (las comisiones pueden ser f\u00e1cilmente x2 &#8211; x2,5 el sueldo)<\/p>\n<\/div>\n<\/div>\n<\/div>\n<\/div>\n\n\n\n<div class=\"wp-block-uagb-container uagb-block-5afb0f81 alignfull uagb-is-root-container\"><div class=\"uagb-container-inner-blocks-wrap\">\n<div class=\"wp-block-uagb-container uagb-block-c016451d\">\n<div class=\"wp-block-uagb-buttons uagb-buttons__outer-wrap uagb-btn__default-btn uagb-btn-tablet__default-btn uagb-btn-mobile__default-btn uagb-block-3ecc61a4\"><div class=\"uagb-buttons__wrap uagb-buttons-layout-wrap \">\n<div class=\"wp-block-uagb-buttons-child uagb-buttons__outer-wrap uagb-block-0de100ff wp-block-button\"><div class=\"uagb-button__wrapper\"><a class=\"uagb-buttons-repeater wp-block-button__link\" aria-label=\"\" href=\"https:\/\/www.linkedin.com\/jobs\/view\/3823220396\" rel=\"follow noopener\" target=\"_self\" role=\"button\"><div class=\"uagb-button__link\">ver oferta<\/div><\/a><\/div><\/div>\n<\/div><\/div>\n<\/div>\n<\/div><\/div>\n\n\n\n<div class=\"wp-block-uagb-container uagb-block-ceeec02d alignwide uagb-is-root-container\">\n<div class=\"wp-block-uagb-container uagb-block-dc5a7f7e\">\n<div class=\"wp-block-columns is-layout-flex wp-container-core-columns-is-layout-28f84493 wp-block-columns-is-layout-flex\">\n<div class=\"wp-block-column is-layout-flow wp-block-column-is-layout-flow\">\n<figure class=\"wp-block-image aligncenter size-full is-resized\"><img loading=\"lazy\" decoding=\"async\" width=\"888\" height=\"220\" src=\"https:\/\/www.espigul.com\/wp-content\/uploads\/2025\/12\/ESPIGUL_Logo-Black.png\" alt=\"\" class=\"wp-image-313022\" style=\"aspect-ratio:4.036514522821577;width:234px;height:auto\" srcset=\"https:\/\/www.espigul.com\/wp-content\/uploads\/2025\/12\/ESPIGUL_Logo-Black.png 888w, https:\/\/www.espigul.com\/wp-content\/uploads\/2025\/12\/ESPIGUL_Logo-Black-400x99.png 400w, https:\/\/www.espigul.com\/wp-content\/uploads\/2025\/12\/ESPIGUL_Logo-Black-768x190.png 768w\" sizes=\"auto, (max-width: 888px) 100vw, 888px\" \/><\/figure>\n\n\n\n<h2 class=\"wp-block-heading has-text-align-center has-medium-font-size\" style=\"padding-top:var(--wp--preset--spacing--30);padding-bottom:var(--wp--preset--spacing--30)\">CONTABILIDAD Y FINANZAS<\/h2>\n\n\n\n<p>Ubicaci\u00f3n: Gerona<\/p>\n\n\n\n<p>Descripci\u00f3n del trabajo<\/p>\n\n\n\n<p>Estamos buscando un\/a contable talentoso\/a y motivado\/a para unirse a nuestro equipo al departamento de contabilidad y finanzas de Inmobiliaria Esp\u00edgul. Las principales responsabilidades incluyen:<\/p>\n\n\n\n<p>Asientos contables precisos y oportunos.<\/p>\n\n\n\n<p>Preparaci\u00f3n de documentaci\u00f3n fiscal.<\/p>\n\n\n\n<p>Gesti\u00f3n de facturaci\u00f3n.<\/p>\n\n\n\n<p>Conocimiento y aplicaci\u00f3n de los impuestos IVA e IRPF.<\/p>\n\n\n\n<p>Gesti\u00f3n contable y fiscal integral.<\/p>\n\n\n\n<p>Requisitos<\/p>\n\n\n\n<p>Formaci\u00f3n en Grado de Administraci\u00f3n y Finanzas Superior.<\/p>\n\n\n\n<p>Conocimientos avanzados de Microsoft Word, Excel, Sage y otros programas de contabilidad.<\/p>\n\n\n\n<p>Experiencia laboral de 2 a 3 a\u00f1os en similares funciones.<\/p>\n\n\n\n<p>Residencia a un m\u00e1ximo de 30 Km. del puesto de trabajo.<\/p>\n\n\n\n<p>Disponibilidad para trabajar de lunes a viernes de 9:00 a 14:00 y de 16:00 a 19:00.<\/p>\n\n\n\n<p>Sueldo: 24.000\u20ac\/brutos anual.<\/p>\n<\/div>\n<\/div>\n<\/div>\n<\/div>\n\n\n\n<div class=\"wp-block-uagb-container uagb-block-32e2e0b0 alignfull uagb-is-root-container\"><div class=\"uagb-container-inner-blocks-wrap\">\n<div class=\"wp-block-uagb-container uagb-block-37a59074\">\n<div class=\"wp-block-uagb-buttons uagb-buttons__outer-wrap uagb-btn__default-btn uagb-btn-tablet__default-btn uagb-btn-mobile__default-btn uagb-block-8b8654f6\"><div class=\"uagb-buttons__wrap uagb-buttons-layout-wrap \">\n<div class=\"wp-block-uagb-buttons-child uagb-buttons__outer-wrap uagb-block-4118882c wp-block-button\"><div class=\"uagb-button__wrapper\"><a class=\"uagb-buttons-repeater wp-block-button__link\" aria-label=\"\" href=\"https:\/\/www.linkedin.com\/jobs\/view\/3823223242\" rel=\"follow noopener\" target=\"_self\" role=\"button\"><div class=\"uagb-button__link\">ver oferta<\/div><\/a><\/div><\/div>\n<\/div><\/div>\n<\/div>\n<\/div><\/div>\n\n\n\n<div class=\"wp-block-uagb-container uagb-block-24de5ec9 alignfull uagb-is-root-container\"><div class=\"uagb-container-inner-blocks-wrap\">\n<div class=\"wp-block-uagb-container uagb-block-e8496523\">\n<div class=\"wp-block-uagb-advanced-heading uagb-block-a718f958\"><h2 class=\"uagb-heading-text\">Contacta con nosotros<\/h2><\/div>\n\n\n\n<div class=\"wp-block-contact-form-7-contact-form-selector\">\n<div class=\"wpcf7 no-js\" id=\"wpcf7-f20078-o1\" lang=\"es-ES\" dir=\"ltr\" data-wpcf7-id=\"20078\">\n<div class=\"screen-reader-response\"><p role=\"status\" aria-live=\"polite\" aria-atomic=\"true\"><\/p> <ul><\/ul><\/div>\n<form action=\"\/es\/wp-json\/wp\/v2\/pages\/43508#wpcf7-f20078-o1\" method=\"post\" class=\"wpcf7-form init\" aria-label=\"Formulario de contacto\" novalidate=\"novalidate\" data-status=\"init\">\n<fieldset class=\"hidden-fields-container\"><input type=\"hidden\" name=\"_wpcf7\" value=\"20078\" \/><input type=\"hidden\" name=\"_wpcf7_version\" value=\"6.1.5\" \/><input type=\"hidden\" name=\"_wpcf7_locale\" value=\"es_ES\" \/><input type=\"hidden\" name=\"_wpcf7_unit_tag\" value=\"wpcf7-f20078-o1\" \/><input type=\"hidden\" name=\"_wpcf7_container_post\" value=\"0\" \/><input type=\"hidden\" name=\"_wpcf7_posted_data_hash\" value=\"\" \/><input type=\"hidden\" name=\"_wpcf7_recaptcha_response\" value=\"\" \/>\n<\/fieldset>\n<h3>Formulario de contacto<\/h3>\n<div class=\"contact-form__cols contact-form__cols--2\">\n<div class=\"contact-form__cols__col\">\n<label> <span class=\"contact-form-required\">Nombre y apellidos<\/span>\n    <span class=\"wpcf7-form-control-wrap\" data-name=\"your-name\"><input size=\"40\" maxlength=\"400\" class=\"wpcf7-form-control wpcf7-text\" autocomplete=\"name\" aria-invalid=\"false\" value=\"\" type=\"text\" name=\"your-name\" \/><\/span> <\/label>\n<\/div> \n<div class=\"contact-form__cols__col\">\n<label> Tipo de inmueble<\/span>\n     <span class=\"wpcf7-form-control-wrap\" data-name=\"your-type\"><select class=\"wpcf7-form-control wpcf7-select\" aria-invalid=\"false\" name=\"your-type\"><option value=\"Piso\">Piso<\/option><option value=\"Casa\">Casa<\/option><option value=\"Local comercial\">Local comercial<\/option><option value=\"Garaje\">Garaje<\/option><\/select><\/span> <\/label>\n<\/div> \n<\/div>\n\n<div class=\"contact-form__cols contact-form__cols--2\">\n\n<div class=\"contact-form__cols__col\"> <label> \n<span class=\"contact-form-required\">Correo electr\u00f3nico<\/span>\n    <span class=\"wpcf7-form-control-wrap\" data-name=\"your-email\"><input size=\"40\" maxlength=\"400\" class=\"wpcf7-form-control wpcf7-email wpcf7-validates-as-required wpcf7-text wpcf7-validates-as-email\" autocomplete=\"email\" aria-required=\"true\" aria-invalid=\"false\" value=\"\" type=\"email\" name=\"your-email\" \/><\/span> <\/label>\n<\/div>\n<div class=\"contact-form__cols__col\">\n<label>Operaci\u00f3n<\/span>\n<span class=\"wpcf7-form-control-wrap\" data-name=\"your-operation\"><select class=\"wpcf7-form-control wpcf7-select\" aria-invalid=\"false\" name=\"your-operation\"><option value=\"Alquiler\">Alquiler<\/option><option value=\"Venta\">Venta<\/option><\/select><\/span> <\/label>\n<\/div> \n<\/div>\n<div class=\"contact-form__cols contact-form__cols--2\">\n<div class=\"contact-form__cols__col\">\n<label><span class=\"contact-form-required\">Tel\u00e9fono<\/span>\n    <span class=\"wpcf7-form-control-wrap\" data-name=\"your-phone\"><input size=\"40\" maxlength=\"400\" class=\"wpcf7-form-control wpcf7-tel wpcf7-validates-as-required wpcf7-text wpcf7-validates-as-tel\" aria-required=\"true\" aria-invalid=\"false\" value=\"\" type=\"tel\" name=\"your-phone\" \/><\/span> <\/label>\n<\/div> \n<div class=\"contact-form__cols__col\">\n<label> Precio m\u00e1ximo\n     <span class=\"wpcf7-form-control-wrap\" data-name=\"your-price\"><input size=\"40\" maxlength=\"400\" class=\"wpcf7-form-control wpcf7-text\" aria-invalid=\"false\" value=\"\" type=\"text\" name=\"your-price\" \/><\/span> <\/label>\n<\/div> \n<\/div>\n<div class=\"contact-form__cols contact-form__cols--2\">\n<div class=\"contact-form__cols__col\">\n<label> Poblaci\u00f3n\n    <span class=\"wpcf7-form-control-wrap\" data-name=\"your-location\"><input size=\"40\" maxlength=\"400\" class=\"wpcf7-form-control wpcf7-text\" aria-invalid=\"false\" value=\"\" type=\"text\" name=\"your-location\" \/><\/span> <\/label>\n<\/div> \n<div class=\"contact-form__cols__col\">\n<label> Zona\n     <span class=\"wpcf7-form-control-wrap\" data-name=\"your-zone\"><input size=\"40\" maxlength=\"400\" class=\"wpcf7-form-control wpcf7-text\" aria-invalid=\"false\" value=\"\" type=\"text\" name=\"your-zone\" \/><\/span> <\/label>\n<\/div> \n<\/div>\n\n\n\n\n\n<label> <span class=\"contact-form-required\">Mensaje<\/span>\n    <span class=\"wpcf7-form-control-wrap\" data-name=\"your-message\"><textarea cols=\"40\" rows=\"10\" maxlength=\"2000\" class=\"wpcf7-form-control wpcf7-textarea\" aria-invalid=\"false\" name=\"your-message\"><\/textarea><\/span> <\/label>\n<label class=\"contact-form__checkbox\"> <span class=\"wpcf7-form-control-wrap\" data-name=\"acceptance-\"><span class=\"wpcf7-form-control wpcf7-acceptance\"><span class=\"wpcf7-list-item\"><input type=\"checkbox\" name=\"acceptance-\" value=\"1\" aria-invalid=\"false\" \/><\/span><\/span><\/span> <span class=\"contact-form-required\">He le\u00eddo y acepto las condiciones legales y la pol\u00edtica de privacidad.<\/span>\n<\/label>\n\n\n<input class=\"wpcf7-form-control wpcf7-submit has-spinner\" type=\"submit\" value=\"Enviar\" \/><div class=\"wpcf7-response-output\" aria-hidden=\"true\"><\/div>\n<\/form>\n<\/div>\n<\/div>\n<\/div>\n<\/div><\/div>\n","protected":false},"excerpt":{"rendered":"<p>\u00bfTe gustar\u00eda trabajar con nosotros? \u00danete a un equipo de profesionales y un proyecto s\u00f3lido e innovador en el sector inmobiliario. \u00a1Env\u00edanos tu CV y forma parte de nuestro equipo! Por qu\u00e9 trabajar en Esp\u00edgul Trabajar con nosotros te ofrece: Compromiso Profesionalidad Asesoramiento Trabajo en equipo Si est\u00e1s buscando una carrera din\u00e1mica en el sector&#8230;<\/p>\n","protected":false},"author":3,"featured_media":42666,"parent":0,"menu_order":0,"comment_status":"closed","ping_status":"closed","template":"","meta":{"_acf_changed":false,"_uag_custom_page_level_css":"","footnotes":""},"class_list":["post-43508","page","type-page","status-publish","has-post-thumbnail","hentry"],"acf":[],"yoast_head":"<!-- This site is optimized with the Yoast SEO plugin v27.5 - https:\/\/yoast.com\/product\/yoast-seo-wordpress\/ -->\n<title>Trabaja con nosotros - Esp\u00edgul<\/title>\n<meta name=\"robots\" content=\"index, follow, max-snippet:-1, max-image-preview:large, max-video-preview:-1\" \/>\n<link rel=\"canonical\" href=\"https:\/\/www.espigul.com\/es\/trabaja-con-nosotros\/\" \/>\n<meta property=\"og:locale\" content=\"es_ES\" \/>\n<meta property=\"og:type\" content=\"article\" \/>\n<meta property=\"og:title\" content=\"Trabaja con nosotros - Esp\u00edgul\" \/>\n<meta property=\"og:description\" content=\"\u00bfTe gustar\u00eda trabajar con nosotros? \u00danete a un equipo de profesionales y un proyecto s\u00f3lido e innovador en el sector inmobiliario. \u00a1Env\u00edanos tu CV y forma parte de nuestro equipo! Por qu\u00e9 trabajar en Esp\u00edgul Trabajar con nosotros te ofrece: Compromiso Profesionalidad Asesoramiento Trabajo en equipo Si est\u00e1s buscando una carrera din\u00e1mica en el sector...\" \/>\n<meta property=\"og:url\" content=\"https:\/\/www.espigul.com\/es\/trabaja-con-nosotros\/\" \/>\n<meta property=\"og:site_name\" content=\"Esp\u00edgul\" \/>\n<meta property=\"article:modified_time\" content=\"2026-02-17T08:15:54+00:00\" \/>\n<meta property=\"og:image\" content=\"https:\/\/www.espigul.com\/wp-content\/uploads\/2024\/02\/DSC01025-scaled.jpg\" \/>\n\t<meta property=\"og:image:width\" content=\"2560\" \/>\n\t<meta property=\"og:image:height\" content=\"1707\" \/>\n\t<meta property=\"og:image:type\" content=\"image\/jpeg\" \/>\n<meta name=\"twitter:card\" content=\"summary_large_image\" \/>\n<meta name=\"twitter:label1\" content=\"Tiempo de lectura\" \/>\n\t<meta name=\"twitter:data1\" content=\"3 minutos\" \/>\n<script type=\"application\/ld+json\" class=\"yoast-schema-graph\">{\"@context\":\"https:\\\/\\\/schema.org\",\"@graph\":[{\"@type\":\"WebPage\",\"@id\":\"https:\\\/\\\/www.espigul.com\\\/es\\\/trabaja-con-nosotros\\\/\",\"url\":\"https:\\\/\\\/www.espigul.com\\\/es\\\/trabaja-con-nosotros\\\/\",\"name\":\"Trabaja con nosotros - Esp\u00edgul\",\"isPartOf\":{\"@id\":\"https:\\\/\\\/www.espigul.com\\\/es\\\/#website\"},\"primaryImageOfPage\":{\"@id\":\"https:\\\/\\\/www.espigul.com\\\/es\\\/trabaja-con-nosotros\\\/#primaryimage\"},\"image\":{\"@id\":\"https:\\\/\\\/www.espigul.com\\\/es\\\/trabaja-con-nosotros\\\/#primaryimage\"},\"thumbnailUrl\":\"https:\\\/\\\/www.espigul.com\\\/wp-content\\\/uploads\\\/2024\\\/02\\\/DSC01025-scaled.jpg\",\"datePublished\":\"2024-02-27T08:56:25+00:00\",\"dateModified\":\"2026-02-17T08:15:54+00:00\",\"breadcrumb\":{\"@id\":\"https:\\\/\\\/www.espigul.com\\\/es\\\/trabaja-con-nosotros\\\/#breadcrumb\"},\"inLanguage\":\"es\",\"potentialAction\":[{\"@type\":\"ReadAction\",\"target\":[\"https:\\\/\\\/www.espigul.com\\\/es\\\/trabaja-con-nosotros\\\/\"]}]},{\"@type\":\"ImageObject\",\"inLanguage\":\"es\",\"@id\":\"https:\\\/\\\/www.espigul.com\\\/es\\\/trabaja-con-nosotros\\\/#primaryimage\",\"url\":\"https:\\\/\\\/www.espigul.com\\\/wp-content\\\/uploads\\\/2024\\\/02\\\/DSC01025-scaled.jpg\",\"contentUrl\":\"https:\\\/\\\/www.espigul.com\\\/wp-content\\\/uploads\\\/2024\\\/02\\\/DSC01025-scaled.jpg\",\"width\":2560,\"height\":1707,\"caption\":\"immobiliaria-girona-capital\"},{\"@type\":\"BreadcrumbList\",\"@id\":\"https:\\\/\\\/www.espigul.com\\\/es\\\/trabaja-con-nosotros\\\/#breadcrumb\",\"itemListElement\":[{\"@type\":\"ListItem\",\"position\":1,\"name\":\"Portada\",\"item\":\"https:\\\/\\\/www.espigul.com\\\/es\\\/\"},{\"@type\":\"ListItem\",\"position\":2,\"name\":\"Trabaja con nosotros\"}]},{\"@type\":\"WebSite\",\"@id\":\"https:\\\/\\\/www.espigul.com\\\/es\\\/#website\",\"url\":\"https:\\\/\\\/www.espigul.com\\\/es\\\/\",\"name\":\"Esp\u00edgul\",\"description\":\"La immobili\u00e0ria l\u00edder de Girona\",\"publisher\":{\"@id\":\"https:\\\/\\\/www.espigul.com\\\/es\\\/#organization\"},\"potentialAction\":[{\"@type\":\"SearchAction\",\"target\":{\"@type\":\"EntryPoint\",\"urlTemplate\":\"https:\\\/\\\/www.espigul.com\\\/es\\\/?s={search_term_string}\"},\"query-input\":{\"@type\":\"PropertyValueSpecification\",\"valueRequired\":true,\"valueName\":\"search_term_string\"}}],\"inLanguage\":\"es\"},{\"@type\":\"Organization\",\"@id\":\"https:\\\/\\\/www.espigul.com\\\/es\\\/#organization\",\"name\":\"Esp\u00edgul\",\"url\":\"https:\\\/\\\/www.espigul.com\\\/es\\\/\",\"logo\":{\"@type\":\"ImageObject\",\"inLanguage\":\"es\",\"@id\":\"https:\\\/\\\/www.espigul.com\\\/es\\\/#\\\/schema\\\/logo\\\/image\\\/\",\"url\":\"https:\\\/\\\/www.espigul.com\\\/wp-content\\\/uploads\\\/2023\\\/08\\\/espigul-block.png\",\"contentUrl\":\"https:\\\/\\\/www.espigul.com\\\/wp-content\\\/uploads\\\/2023\\\/08\\\/espigul-block.png\",\"width\":384,\"height\":240,\"caption\":\"Esp\u00edgul\"},\"image\":{\"@id\":\"https:\\\/\\\/www.espigul.com\\\/es\\\/#\\\/schema\\\/logo\\\/image\\\/\"},\"sameAs\":[\"https:\\\/\\\/www.instagram.com\\\/immoespigul\\\/\",\"https:\\\/\\\/www.youtube.com\\\/channel\\\/UCYyD-WWfbCFpCXau4SQOGKQ\"]}]}<\/script>\n<!-- \/ Yoast SEO plugin. -->","yoast_head_json":{"title":"Trabaja con nosotros - Esp\u00edgul","robots":{"index":"index","follow":"follow","max-snippet":"max-snippet:-1","max-image-preview":"max-image-preview:large","max-video-preview":"max-video-preview:-1"},"canonical":"https:\/\/www.espigul.com\/es\/trabaja-con-nosotros\/","og_locale":"es_ES","og_type":"article","og_title":"Trabaja con nosotros - Esp\u00edgul","og_description":"\u00bfTe gustar\u00eda trabajar con nosotros? \u00danete a un equipo de profesionales y un proyecto s\u00f3lido e innovador en el sector inmobiliario. \u00a1Env\u00edanos tu CV y forma parte de nuestro equipo! Por qu\u00e9 trabajar en Esp\u00edgul Trabajar con nosotros te ofrece: Compromiso Profesionalidad Asesoramiento Trabajo en equipo Si est\u00e1s buscando una carrera din\u00e1mica en el sector...","og_url":"https:\/\/www.espigul.com\/es\/trabaja-con-nosotros\/","og_site_name":"Esp\u00edgul","article_modified_time":"2026-02-17T08:15:54+00:00","og_image":[{"width":2560,"height":1707,"url":"https:\/\/www.espigul.com\/wp-content\/uploads\/2024\/02\/DSC01025-scaled.jpg","type":"image\/jpeg"}],"twitter_card":"summary_large_image","twitter_misc":{"Tiempo de lectura":"3 minutos"},"schema":{"@context":"https:\/\/schema.org","@graph":[{"@type":"WebPage","@id":"https:\/\/www.espigul.com\/es\/trabaja-con-nosotros\/","url":"https:\/\/www.espigul.com\/es\/trabaja-con-nosotros\/","name":"Trabaja con nosotros - Esp\u00edgul","isPartOf":{"@id":"https:\/\/www.espigul.com\/es\/#website"},"primaryImageOfPage":{"@id":"https:\/\/www.espigul.com\/es\/trabaja-con-nosotros\/#primaryimage"},"image":{"@id":"https:\/\/www.espigul.com\/es\/trabaja-con-nosotros\/#primaryimage"},"thumbnailUrl":"https:\/\/www.espigul.com\/wp-content\/uploads\/2024\/02\/DSC01025-scaled.jpg","datePublished":"2024-02-27T08:56:25+00:00","dateModified":"2026-02-17T08:15:54+00:00","breadcrumb":{"@id":"https:\/\/www.espigul.com\/es\/trabaja-con-nosotros\/#breadcrumb"},"inLanguage":"es","potentialAction":[{"@type":"ReadAction","target":["https:\/\/www.espigul.com\/es\/trabaja-con-nosotros\/"]}]},{"@type":"ImageObject","inLanguage":"es","@id":"https:\/\/www.espigul.com\/es\/trabaja-con-nosotros\/#primaryimage","url":"https:\/\/www.espigul.com\/wp-content\/uploads\/2024\/02\/DSC01025-scaled.jpg","contentUrl":"https:\/\/www.espigul.com\/wp-content\/uploads\/2024\/02\/DSC01025-scaled.jpg","width":2560,"height":1707,"caption":"immobiliaria-girona-capital"},{"@type":"BreadcrumbList","@id":"https:\/\/www.espigul.com\/es\/trabaja-con-nosotros\/#breadcrumb","itemListElement":[{"@type":"ListItem","position":1,"name":"Portada","item":"https:\/\/www.espigul.com\/es\/"},{"@type":"ListItem","position":2,"name":"Trabaja con nosotros"}]},{"@type":"WebSite","@id":"https:\/\/www.espigul.com\/es\/#website","url":"https:\/\/www.espigul.com\/es\/","name":"Esp\u00edgul","description":"La immobili\u00e0ria l\u00edder de Girona","publisher":{"@id":"https:\/\/www.espigul.com\/es\/#organization"},"potentialAction":[{"@type":"SearchAction","target":{"@type":"EntryPoint","urlTemplate":"https:\/\/www.espigul.com\/es\/?s={search_term_string}"},"query-input":{"@type":"PropertyValueSpecification","valueRequired":true,"valueName":"search_term_string"}}],"inLanguage":"es"},{"@type":"Organization","@id":"https:\/\/www.espigul.com\/es\/#organization","name":"Esp\u00edgul","url":"https:\/\/www.espigul.com\/es\/","logo":{"@type":"ImageObject","inLanguage":"es","@id":"https:\/\/www.espigul.com\/es\/#\/schema\/logo\/image\/","url":"https:\/\/www.espigul.com\/wp-content\/uploads\/2023\/08\/espigul-block.png","contentUrl":"https:\/\/www.espigul.com\/wp-content\/uploads\/2023\/08\/espigul-block.png","width":384,"height":240,"caption":"Esp\u00edgul"},"image":{"@id":"https:\/\/www.espigul.com\/es\/#\/schema\/logo\/image\/"},"sameAs":["https:\/\/www.instagram.com\/immoespigul\/","https:\/\/www.youtube.com\/channel\/UCYyD-WWfbCFpCXau4SQOGKQ"]}]}},"uagb_featured_image_src":{"full":["https:\/\/www.espigul.com\/wp-content\/uploads\/2024\/02\/DSC01025-scaled.jpg",2560,1707,false],"thumbnail":["https:\/\/www.espigul.com\/wp-content\/uploads\/2024\/02\/DSC01025-150x150.jpg",150,150,true],"medium":["https:\/\/www.espigul.com\/wp-content\/uploads\/2024\/02\/DSC01025-400x267.jpg",400,267,true],"medium_large":["https:\/\/www.espigul.com\/wp-content\/uploads\/2024\/02\/DSC01025-768x512.jpg",768,512,true],"large":["https:\/\/www.espigul.com\/wp-content\/uploads\/2024\/02\/DSC01025-1300x867.jpg",960,640,true],"1536x1536":["https:\/\/www.espigul.com\/wp-content\/uploads\/2024\/02\/DSC01025-1536x1024.jpg",1536,1024,true],"2048x2048":["https:\/\/www.espigul.com\/wp-content\/uploads\/2024\/02\/DSC01025-2048x1365.jpg",2048,1365,true],"gform-image-choice-sm":["https:\/\/www.espigul.com\/wp-content\/uploads\/2024\/02\/DSC01025-scaled.jpg",300,200,false],"gform-image-choice-md":["https:\/\/www.espigul.com\/wp-content\/uploads\/2024\/02\/DSC01025-scaled.jpg",400,267,false],"gform-image-choice-lg":["https:\/\/www.espigul.com\/wp-content\/uploads\/2024\/02\/DSC01025-scaled.jpg",600,400,false]},"uagb_author_info":{"display_name":"Marqueting Espigul","author_link":"https:\/\/www.espigul.com\/es\/author\/marqueting-espigul\/"},"uagb_comment_info":0,"uagb_excerpt":"\u00bfTe gustar\u00eda trabajar con nosotros? \u00danete a un equipo de profesionales y un proyecto s\u00f3lido e innovador en el sector inmobiliario. \u00a1Env\u00edanos tu CV y forma parte de nuestro equipo! Por qu\u00e9 trabajar en Esp\u00edgul Trabajar con nosotros te ofrece: Compromiso Profesionalidad Asesoramiento Trabajo en equipo Si est\u00e1s buscando una carrera din\u00e1mica en el sector...","_links":{"self":[{"href":"https:\/\/www.espigul.com\/es\/wp-json\/wp\/v2\/pages\/43508","targetHints":{"allow":["GET"]}}],"collection":[{"href":"https:\/\/www.espigul.com\/es\/wp-json\/wp\/v2\/pages"}],"about":[{"href":"https:\/\/www.espigul.com\/es\/wp-json\/wp\/v2\/types\/page"}],"author":[{"embeddable":true,"href":"https:\/\/www.espigul.com\/es\/wp-json\/wp\/v2\/users\/3"}],"replies":[{"embeddable":true,"href":"https:\/\/www.espigul.com\/es\/wp-json\/wp\/v2\/comments?post=43508"}],"version-history":[{"count":4,"href":"https:\/\/www.espigul.com\/es\/wp-json\/wp\/v2\/pages\/43508\/revisions"}],"predecessor-version":[{"id":354128,"href":"https:\/\/www.espigul.com\/es\/wp-json\/wp\/v2\/pages\/43508\/revisions\/354128"}],"wp:featuredmedia":[{"embeddable":true,"href":"https:\/\/www.espigul.com\/es\/wp-json\/wp\/v2\/media\/42666"}],"wp:attachment":[{"href":"https:\/\/www.espigul.com\/es\/wp-json\/wp\/v2\/media?parent=43508"}],"curies":[{"name":"wp","href":"https:\/\/api.w.org\/{rel}","templated":true}]}}