{"id":19827,"date":"2023-06-05T15:25:19","date_gmt":"2023-06-05T13:25:19","guid":{"rendered":"https:\/\/www.espigul.com\/\/politica-de-privacidad\/"},"modified":"2026-02-17T11:31:03","modified_gmt":"2026-02-17T09:31:03","slug":"politica-de-privacidad","status":"publish","type":"page","link":"https:\/\/www.espigul.com\/es\/politica-de-privacidad\/","title":{"rendered":"Pol\u00edtica de privacidad"},"content":{"rendered":"\n<div class=\"wp-block-uagb-container uagb-block-e46acfb9 alignfull uagb-is-root-container\"><div class=\"uagb-container-inner-blocks-wrap\">\n<h1 class=\"wp-block-heading has-text-align-center\">PROTECCI\u00d3N DE DATOS<\/h1>\n\n\n\n<p><strong>POL\u00cdTICA DE PRIVACIDA<\/strong>D<\/p>\n\n\n\n<p><strong>1. INFORMACI\u00d3N AL USUARI<\/strong><\/p>\n\n\n\n<p>Inmobiliaria Esp\u00edgul SL, en adelante RESPONSABLE, es el responsable del tratamiento de los datos personales del Usuario y le informa de que estos datos ser\u00e1n tratados de conformidad con lo establecido en el Reglamento (UE) 2016\/679, de 27 de abril de 2016 (GDPR), relativo a la protecci\u00f3n de las personas f\u00edsicas en lo que respecta al tratamiento de los datos personales y a la libre circulaci\u00f3n de estos datos. Por ello, se le facilita la siguiente informaci\u00f3n sobre el tratamiento:<\/p>\n\n\n\n<p><strong>Finalidad del tratamiento:<\/strong> mantener una relaci\u00f3n comercial con el Usuario. Las operaciones previstas para llevar a cabo el tratamiento son las siguientes:<\/p>\n\n\n\n<ul class=\"wp-block-list\">\n<li>Env\u00edo de comunicaciones comerciales publicitarias por correo electr\u00f3nico, fax, SMS, MMS, redes sociales u otros medios electr\u00f3nicos o f\u00edsicos, presentes o futuros, que permitan realizar comunicaciones comerciales. Estas comunicaciones ser\u00e1n realizadas por el RESPONSABLE y estar\u00e1n relacionadas con sus productos y servicios, o con los productos y servicios de sus colaboradores o proveedores con los que el RESPONSABLE haya alcanzado acuerdos de promoci\u00f3n. En ning\u00fan caso los terceros tendr\u00e1n acceso a los datos personales.<\/li>\n\n\n\n<li>Realizaci\u00f3n de estudios estad\u00edsticos.<\/li>\n\n\n\n<li>Tramitaci\u00f3n de pedidos, solicitudes o cualquier tipo de petici\u00f3n realizada por el Usuario a trav\u00e9s de los formularios de contacto disponibles.<\/li>\n<\/ul>\n\n\n\n<p><strong>Criterios de conservaci\u00f3n de los datos<\/strong>: los datos se conservar\u00e1n mientras exista un inter\u00e9s mutuo para mantener la finalidad del tratamiento y, cuando ya no sean necesarios para dicha finalidad, se suprimir\u00e1n aplicando las medidas de seguridad adecuadas para garantizar la seudonimizaci\u00f3n de los datos o su destrucci\u00f3n total.<\/p>\n\n\n\n<p><strong>Comunicaci\u00f3n de los datos<\/strong>: los datos no se comunicar\u00e1n a terceros, salvo obligaci\u00f3n legal.<\/p>\n\n\n\n<p><strong>Derechos que asisten al Usuario:<\/strong><\/p>\n\n\n\n<ul class=\"wp-block-list\">\n<li>Derecho a retirar el consentimiento en cualquier momento.<\/li>\n\n\n\n<li>Derecho de acceso, rectificaci\u00f3n, portabilidad y supresi\u00f3n de sus datos, as\u00ed como a la limitaci\u00f3n u oposici\u00f3n a su tratamiento.<\/li>\n\n\n\n<li>Derecho a presentar una reclamaci\u00f3n ante la autoridad de control (agpd.es) si considera que el tratamiento no cumple con la normativa vigente.<\/li>\n<\/ul>\n\n\n\n<p><strong>Datos de contacto para ejercer sus derechos:<\/strong><\/p>\n\n\n\n<p>Direcci\u00f3n postal: Inmobiliaria Esp\u00edgul SL, Pla\u00e7a Marqu\u00e8s de Camps 3, 17001 &#8211; Girona, Girona.<br>Direcci\u00f3n electr\u00f3nica: hola@espigul.com<\/p>\n\n\n\n<p><strong>2. CAR\u00c1CTER OBLIGATORIO O FACULTATIVO DE LA INFORMACI\u00d3N FACILITADA POR EL USUARIO<\/strong><\/p>\n\n\n\n<p>La base de legitimaci\u00f3n del tratamiento ser\u00e1 el inter\u00e9s leg\u00edtimo, la relaci\u00f3n contractual o el consentimiento otorgado por el usuario.<\/p>\n\n\n\n<p>Los Usuarios, mediante la marcaci\u00f3n de las casillas correspondientes y la cumplimentaci\u00f3n de los datos en los campos se\u00f1alados con un asterisco (*) en el formulario de contacto o presentados en formularios de descarga, aceptan expresamente y de forma libre e inequ\u00edvoca que sus datos son necesarios para atender su petici\u00f3n por parte del prestador, siendo voluntaria la inclusi\u00f3n de datos en los campos restantes. El Usuario garantiza que los datos personales facilitados al RESPONSABLE son veraces y se hace responsable de comunicar cualquier modificaci\u00f3n de los mismos.<\/p>\n\n\n\n<p><strong>3. MEDIDAS DE SEGURIDAD<\/strong><\/p>\n\n\n\n<p>De conformidad con lo dispuesto en la normativa vigente en materia de protecci\u00f3n de datos personales, el RESPONSABLE cumple con todas las disposiciones del GDPR para el tratamiento de los datos personales de su responsabilidad y, de manera expresa, con los principios descritos en el art\u00edculo 5 del GDPR, por los cuales los datos son tratados de forma l\u00edcita, leal y transparente en relaci\u00f3n con el interesado, y adecuados, pertinentes y limitados a lo necesario en relaci\u00f3n con los fines para los que son tratados.<\/p>\n\n\n\n<p>El RESPONSABLE garantiza que ha implementado pol\u00edticas t\u00e9cnicas y organizativas apropiadas para aplicar las medidas de seguridad establecidas en el GDPR con la finalidad de proteger los derechos y libertades de los Usuarios, y les ha comunicado la informaci\u00f3n adecuada para que puedan ejercerlos.<\/p>\n\n\n\n<p>El RESPONSABLE informa y garantiza expresamente a los usuarios que sus datos personales no ser\u00e1n cedidos en ning\u00fan caso a terceros y que, siempre que se realice alg\u00fan tipo de cesi\u00f3n de datos personales, se solicitar\u00e1 previamente el consentimiento expreso, informado e inequ\u00edvoco por parte de los Usuarios. Todos los datos solicitados a trav\u00e9s del sitio web son obligatorios, ya que son necesarios para la prestaci\u00f3n de un servicio \u00f3ptimo al Usuario. En caso de no facilitarse todos los datos, no se garantiza que la informaci\u00f3n y los servicios proporcionados se ajusten completamente a sus necesidades.<\/p>\n<\/div><\/div>\n\n\n\n<p><\/p>\n","protected":false},"excerpt":{"rendered":"<p>PROTECCI\u00d3N DE DATOS POL\u00cdTICA DE PRIVACIDAD 1. INFORMACI\u00d3N AL USUARI Inmobiliaria Esp\u00edgul SL, en adelante RESPONSABLE, es el responsable del tratamiento de los datos personales del Usuario y le informa de que estos datos ser\u00e1n tratados de conformidad con lo establecido en el Reglamento (UE) 2016\/679, de 27 de abril de 2016 (GDPR), relativo a&#8230;<\/p>\n","protected":false},"author":1,"featured_media":0,"parent":0,"menu_order":0,"comment_status":"closed","ping_status":"open","template":"","meta":{"_acf_changed":false,"_uag_custom_page_level_css":"","footnotes":""},"class_list":["post-19827","page","type-page","status-publish","hentry"],"acf":[],"yoast_head":"<!-- This site is optimized with the Yoast SEO plugin v27.5 - https:\/\/yoast.com\/product\/yoast-seo-wordpress\/ -->\n<title>Pol\u00edtica de privacidad - Esp\u00edgul<\/title>\n<meta name=\"robots\" content=\"index, follow, max-snippet:-1, max-image-preview:large, max-video-preview:-1\" \/>\n<link rel=\"canonical\" href=\"https:\/\/www.espigul.com\/es\/politica-de-privacidad\/\" \/>\n<meta property=\"og:locale\" content=\"es_ES\" \/>\n<meta property=\"og:type\" content=\"article\" \/>\n<meta property=\"og:title\" content=\"Pol\u00edtica de privacidad - Esp\u00edgul\" \/>\n<meta property=\"og:description\" content=\"PROTECCI\u00d3N DE DATOS POL\u00cdTICA DE PRIVACIDAD 1. INFORMACI\u00d3N AL USUARI Inmobiliaria Esp\u00edgul SL, en adelante RESPONSABLE, es el responsable del tratamiento de los datos personales del Usuario y le informa de que estos datos ser\u00e1n tratados de conformidad con lo establecido en el Reglamento (UE) 2016\/679, de 27 de abril de 2016 (GDPR), relativo a...\" \/>\n<meta property=\"og:url\" content=\"https:\/\/www.espigul.com\/es\/politica-de-privacidad\/\" \/>\n<meta property=\"og:site_name\" content=\"Esp\u00edgul\" \/>\n<meta property=\"article:modified_time\" content=\"2026-02-17T09:31:03+00:00\" \/>\n<meta name=\"twitter:card\" content=\"summary_large_image\" \/>\n<meta name=\"twitter:label1\" content=\"Tiempo de lectura\" \/>\n\t<meta name=\"twitter:data1\" content=\"4 minutos\" \/>\n<script type=\"application\/ld+json\" class=\"yoast-schema-graph\">{\"@context\":\"https:\\\/\\\/schema.org\",\"@graph\":[{\"@type\":\"WebPage\",\"@id\":\"https:\\\/\\\/www.espigul.com\\\/es\\\/politica-de-privacidad\\\/\",\"url\":\"https:\\\/\\\/www.espigul.com\\\/es\\\/politica-de-privacidad\\\/\",\"name\":\"Pol\u00edtica de privacidad - Esp\u00edgul\",\"isPartOf\":{\"@id\":\"https:\\\/\\\/www.espigul.com\\\/es\\\/#website\"},\"datePublished\":\"2023-06-05T13:25:19+00:00\",\"dateModified\":\"2026-02-17T09:31:03+00:00\",\"breadcrumb\":{\"@id\":\"https:\\\/\\\/www.espigul.com\\\/es\\\/politica-de-privacidad\\\/#breadcrumb\"},\"inLanguage\":\"es\",\"potentialAction\":[{\"@type\":\"ReadAction\",\"target\":[\"https:\\\/\\\/www.espigul.com\\\/es\\\/politica-de-privacidad\\\/\"]}]},{\"@type\":\"BreadcrumbList\",\"@id\":\"https:\\\/\\\/www.espigul.com\\\/es\\\/politica-de-privacidad\\\/#breadcrumb\",\"itemListElement\":[{\"@type\":\"ListItem\",\"position\":1,\"name\":\"Portada\",\"item\":\"https:\\\/\\\/www.espigul.com\\\/es\\\/\"},{\"@type\":\"ListItem\",\"position\":2,\"name\":\"Pol\u00edtica de privacidad\"}]},{\"@type\":\"WebSite\",\"@id\":\"https:\\\/\\\/www.espigul.com\\\/es\\\/#website\",\"url\":\"https:\\\/\\\/www.espigul.com\\\/es\\\/\",\"name\":\"Esp\u00edgul\",\"description\":\"La immobili\u00e0ria l\u00edder de Girona\",\"publisher\":{\"@id\":\"https:\\\/\\\/www.espigul.com\\\/es\\\/#organization\"},\"potentialAction\":[{\"@type\":\"SearchAction\",\"target\":{\"@type\":\"EntryPoint\",\"urlTemplate\":\"https:\\\/\\\/www.espigul.com\\\/es\\\/?s={search_term_string}\"},\"query-input\":{\"@type\":\"PropertyValueSpecification\",\"valueRequired\":true,\"valueName\":\"search_term_string\"}}],\"inLanguage\":\"es\"},{\"@type\":\"Organization\",\"@id\":\"https:\\\/\\\/www.espigul.com\\\/es\\\/#organization\",\"name\":\"Esp\u00edgul\",\"url\":\"https:\\\/\\\/www.espigul.com\\\/es\\\/\",\"logo\":{\"@type\":\"ImageObject\",\"inLanguage\":\"es\",\"@id\":\"https:\\\/\\\/www.espigul.com\\\/es\\\/#\\\/schema\\\/logo\\\/image\\\/\",\"url\":\"https:\\\/\\\/www.espigul.com\\\/wp-content\\\/uploads\\\/2023\\\/08\\\/espigul-block.png\",\"contentUrl\":\"https:\\\/\\\/www.espigul.com\\\/wp-content\\\/uploads\\\/2023\\\/08\\\/espigul-block.png\",\"width\":384,\"height\":240,\"caption\":\"Esp\u00edgul\"},\"image\":{\"@id\":\"https:\\\/\\\/www.espigul.com\\\/es\\\/#\\\/schema\\\/logo\\\/image\\\/\"},\"sameAs\":[\"https:\\\/\\\/www.instagram.com\\\/immoespigul\\\/\",\"https:\\\/\\\/www.youtube.com\\\/channel\\\/UCYyD-WWfbCFpCXau4SQOGKQ\"]}]}<\/script>\n<!-- \/ Yoast SEO plugin. -->","yoast_head_json":{"title":"Pol\u00edtica de privacidad - Esp\u00edgul","robots":{"index":"index","follow":"follow","max-snippet":"max-snippet:-1","max-image-preview":"max-image-preview:large","max-video-preview":"max-video-preview:-1"},"canonical":"https:\/\/www.espigul.com\/es\/politica-de-privacidad\/","og_locale":"es_ES","og_type":"article","og_title":"Pol\u00edtica de privacidad - Esp\u00edgul","og_description":"PROTECCI\u00d3N DE DATOS POL\u00cdTICA DE PRIVACIDAD 1. INFORMACI\u00d3N AL USUARI Inmobiliaria Esp\u00edgul SL, en adelante RESPONSABLE, es el responsable del tratamiento de los datos personales del Usuario y le informa de que estos datos ser\u00e1n tratados de conformidad con lo establecido en el Reglamento (UE) 2016\/679, de 27 de abril de 2016 (GDPR), relativo a...","og_url":"https:\/\/www.espigul.com\/es\/politica-de-privacidad\/","og_site_name":"Esp\u00edgul","article_modified_time":"2026-02-17T09:31:03+00:00","twitter_card":"summary_large_image","twitter_misc":{"Tiempo de lectura":"4 minutos"},"schema":{"@context":"https:\/\/schema.org","@graph":[{"@type":"WebPage","@id":"https:\/\/www.espigul.com\/es\/politica-de-privacidad\/","url":"https:\/\/www.espigul.com\/es\/politica-de-privacidad\/","name":"Pol\u00edtica de privacidad - Esp\u00edgul","isPartOf":{"@id":"https:\/\/www.espigul.com\/es\/#website"},"datePublished":"2023-06-05T13:25:19+00:00","dateModified":"2026-02-17T09:31:03+00:00","breadcrumb":{"@id":"https:\/\/www.espigul.com\/es\/politica-de-privacidad\/#breadcrumb"},"inLanguage":"es","potentialAction":[{"@type":"ReadAction","target":["https:\/\/www.espigul.com\/es\/politica-de-privacidad\/"]}]},{"@type":"BreadcrumbList","@id":"https:\/\/www.espigul.com\/es\/politica-de-privacidad\/#breadcrumb","itemListElement":[{"@type":"ListItem","position":1,"name":"Portada","item":"https:\/\/www.espigul.com\/es\/"},{"@type":"ListItem","position":2,"name":"Pol\u00edtica de privacidad"}]},{"@type":"WebSite","@id":"https:\/\/www.espigul.com\/es\/#website","url":"https:\/\/www.espigul.com\/es\/","name":"Esp\u00edgul","description":"La immobili\u00e0ria l\u00edder de Girona","publisher":{"@id":"https:\/\/www.espigul.com\/es\/#organization"},"potentialAction":[{"@type":"SearchAction","target":{"@type":"EntryPoint","urlTemplate":"https:\/\/www.espigul.com\/es\/?s={search_term_string}"},"query-input":{"@type":"PropertyValueSpecification","valueRequired":true,"valueName":"search_term_string"}}],"inLanguage":"es"},{"@type":"Organization","@id":"https:\/\/www.espigul.com\/es\/#organization","name":"Esp\u00edgul","url":"https:\/\/www.espigul.com\/es\/","logo":{"@type":"ImageObject","inLanguage":"es","@id":"https:\/\/www.espigul.com\/es\/#\/schema\/logo\/image\/","url":"https:\/\/www.espigul.com\/wp-content\/uploads\/2023\/08\/espigul-block.png","contentUrl":"https:\/\/www.espigul.com\/wp-content\/uploads\/2023\/08\/espigul-block.png","width":384,"height":240,"caption":"Esp\u00edgul"},"image":{"@id":"https:\/\/www.espigul.com\/es\/#\/schema\/logo\/image\/"},"sameAs":["https:\/\/www.instagram.com\/immoespigul\/","https:\/\/www.youtube.com\/channel\/UCYyD-WWfbCFpCXau4SQOGKQ"]}]}},"uagb_featured_image_src":{"full":false,"thumbnail":false,"medium":false,"medium_large":false,"large":false,"1536x1536":false,"2048x2048":false,"gform-image-choice-sm":false,"gform-image-choice-md":false,"gform-image-choice-lg":false},"uagb_author_info":{"display_name":"Pol","author_link":"https:\/\/www.espigul.com\/es\/author\/pol\/"},"uagb_comment_info":0,"uagb_excerpt":"PROTECCI\u00d3N DE DATOS POL\u00cdTICA DE PRIVACIDAD 1. INFORMACI\u00d3N AL USUARI Inmobiliaria Esp\u00edgul SL, en adelante RESPONSABLE, es el responsable del tratamiento de los datos personales del Usuario y le informa de que estos datos ser\u00e1n tratados de conformidad con lo establecido en el Reglamento (UE) 2016\/679, de 27 de abril de 2016 (GDPR), relativo a...","_links":{"self":[{"href":"https:\/\/www.espigul.com\/es\/wp-json\/wp\/v2\/pages\/19827","targetHints":{"allow":["GET"]}}],"collection":[{"href":"https:\/\/www.espigul.com\/es\/wp-json\/wp\/v2\/pages"}],"about":[{"href":"https:\/\/www.espigul.com\/es\/wp-json\/wp\/v2\/types\/page"}],"author":[{"embeddable":true,"href":"https:\/\/www.espigul.com\/es\/wp-json\/wp\/v2\/users\/1"}],"replies":[{"embeddable":true,"href":"https:\/\/www.espigul.com\/es\/wp-json\/wp\/v2\/comments?post=19827"}],"version-history":[{"count":4,"href":"https:\/\/www.espigul.com\/es\/wp-json\/wp\/v2\/pages\/19827\/revisions"}],"predecessor-version":[{"id":354162,"href":"https:\/\/www.espigul.com\/es\/wp-json\/wp\/v2\/pages\/19827\/revisions\/354162"}],"wp:attachment":[{"href":"https:\/\/www.espigul.com\/es\/wp-json\/wp\/v2\/media?parent=19827"}],"curies":[{"name":"wp","href":"https:\/\/api.w.org\/{rel}","templated":true}]}}