{"id":479799,"date":"2026-09-03T11:59:39","date_gmt":"2026-09-03T09:59:39","guid":{"rendered":"https:\/\/www.espigul.com\/maresme-real-estate-2\/"},"modified":"2026-09-03T13:56:06","modified_gmt":"2026-09-03T11:56:06","slug":"maresme-real-estate-2","status":"publish","type":"page","link":"https:\/\/www.espigul.com\/en\/maresme-real-estate-2\/","title":{"rendered":"Maresme Real Estate"},"content":{"rendered":"\n<div class=\"wp-block-uagb-container uagb-block-26595532 alignfull uagb-is-root-container\"><div class=\"uagb-container-inner-blocks-wrap\">\n<div class=\"wp-block-uagb-container uagb-block-f2698641\">\n<div class=\"wp-block-uagb-container uagb-block-dcaf0e14\">\n<p class=\"has-text-align-left has-white-color has-text-color has-link-color has-large-font-size wp-elements-c49f30a70bf38a3dd778b70b08aaa2c3 wp-block-paragraph\" style=\"padding-top:0px;padding-bottom:0px\">RAMBLA \u00c0NGEL GUIMER\u00c0 44<br\/>08328 ALELLA<\/p>\n<\/div>\n\n\n\n<div class=\"wp-block-uagb-container uagb-block-4206ed9c\">\n<p class=\"has-text-align-center has-white-color has-text-color has-link-color has-large-font-size wp-elements-afdce68f1b2e382a96b62ea4340a8a65 wp-block-paragraph\" style=\"margin-right:0rem;margin-left:0rem\">MARESME REAL ESTATE<\/p>\n<\/div>\n\n\n\n<div class=\"wp-block-uagb-container uagb-block-d1e16abf\">\n<p class=\"has-text-align-right has-white-color has-text-color has-link-color has-large-font-size wp-elements-f710d833d354d99931a19f634eb6c630 wp-block-paragraph\">+34 972 220 110<br\/>MARESME@ESPIGUL.COM<\/p>\n<\/div>\n<\/div>\n<\/div><\/div>\n\n<div class=\"wp-block-uagb-container uagb-layout-grid uagb-block-c1153241 alignfull uagb-is-root-container\"><div class=\"uagb-container-inner-blocks-wrap\">\n<div class=\"wp-block-uagb-container uag-hide-mob uagb-block-cf3b0453\"><\/div>\n\n\n\n<div class=\"wp-block-uagb-container uagb-block-f7b02f1a\">\n<div class=\"wp-block-uagb-container uagb-layout-grid uagb-block-cfae5fa7\">\n<h2 class=\"wp-block-heading has-3-x-large-font-size\">We drive projects, we care for people.<\/h2>\n\n\n\n<div class=\"wp-block-uagb-container uagb-block-594efdc0 alignfull uagb-is-root-container\"><div class=\"uagb-container-inner-blocks-wrap\"><\/div><\/div>\n\n\n\n<div class=\"wp-block-uagb-container uagb-block-121e435a\">\n<p class=\"has-seasons-font-family wp-block-paragraph\">Esp\u00edgul is the leading real estate agency in Maresme. We are specialists in the purchase, sale, and rental of properties in Maresme, one of the most attractive areas of the Catalan coast. With extensive experience in the sector and a team of experts, we help you find the perfect property adapted to your needs.  <\/p>\n\n\n\n<p class=\"has-seasons-font-family wp-block-paragraph\">At Esp\u00edgul Maresme, we are going to offer you a personalized service, where we will accompany you at every step of the process so that buying, selling, or renting a property is a simple and safe experience. You will find a variety of properties; we have a wide catalog of properties, from apartments and houses to estates, land, and commercial premises. We have knowledge of the local market. We are up to date with the latest trends in the real estate market in Maresme to guarantee you the best options available.   <\/p>\n\n\n\n<p class=\"has-seasons-font-family wp-block-paragraph\">And finally, we offer you comprehensive advice, from the first consultation to the closing of the operation, we offer you advice on property valuation, legal procedures, and financing options.<\/p>\n<\/div>\n\n\n\n<div class=\"wp-block-uagb-container uagb-block-4bde3a05\">\n<p class=\"has-seasons-font-family wp-block-paragraph\">The best real estate opportunities in Maresme: If you are looking for a property in Maresme, whether to live in or as an investment, at Esp\u00edgul you will find the best opportunities. We work with a constantly updated portfolio of properties, including new build developments with high-quality finishes, houses and apartments on the seafront or with spectacular views, commercial premises in strategic locations to boost your business, rustic estates, and land for custom projects. <\/p>\n\n\n\n<p class=\"has-seasons-font-family wp-block-paragraph\">Furthermore, we offer solutions for both individuals and companies looking to establish themselves in this privileged coastal area.<\/p>\n\n\n\n<p class=\"has-seasons-font-family wp-block-paragraph\">With more than 35 years of experience in the real estate sector, at Esp\u00edgul we are characterized by our professionalism, transparency, and proximity. Our goal is to help you find the ideal property with a comprehensive service that will allow you to make decisions with total security. <\/p>\n<\/div>\n<\/div>\n<\/div>\n<\/div><\/div>\n\n<div class=\"wp-block-uagb-container uagb-layout-grid uagb-block-6c306a06 alignfull uagb-is-root-container\">\n<figure class=\"wp-block-image size-full is-resized\"><img loading=\"lazy\" decoding=\"async\" width=\"320\" height=\"334\" src=\"https:\/\/www.espigul.com\/wp-content\/uploads\/2026\/09\/maresme-02.jpg\" alt=\"\" class=\"wp-image-478602\" style=\"object-fit:cover;width:320px;height:365px\" srcset=\"https:\/\/www.espigul.com\/wp-content\/uploads\/2026\/09\/maresme-02.jpg 320w, https:\/\/www.espigul.com\/wp-content\/uploads\/2026\/09\/maresme-02-287x300.jpg 287w\" sizes=\"auto, (max-width: 320px) 100vw, 320px\" \/><figcaption class=\"wp-element-caption\">REAL ESTATE GROUP<\/figcaption><\/figure>\n\n\n\n<div class=\"wp-block-uagb-container uag-hide-mob uagb-block-62aaa084\"><\/div>\n\n\n\n<figure class=\"wp-block-image size-full is-resized\"><img loading=\"lazy\" decoding=\"async\" width=\"320\" height=\"334\" src=\"https:\/\/www.espigul.com\/wp-content\/uploads\/2026\/09\/maresme-03.jpg\" alt=\"\" class=\"wp-image-478603\" style=\"object-fit:cover;width:320px;height:365px\" srcset=\"https:\/\/www.espigul.com\/wp-content\/uploads\/2026\/09\/maresme-03.jpg 320w, https:\/\/www.espigul.com\/wp-content\/uploads\/2026\/09\/maresme-03-287x300.jpg 287w\" sizes=\"auto, (max-width: 320px) 100vw, 320px\" \/><figcaption class=\"wp-element-caption\">EST. 1989<\/figcaption><\/figure>\n\n\n\n<figure class=\"wp-block-image size-full is-resized\"><img loading=\"lazy\" decoding=\"async\" width=\"320\" height=\"334\" src=\"https:\/\/www.espigul.com\/wp-content\/uploads\/2026\/09\/maresme-04.jpg\" alt=\"\" class=\"wp-image-478614\" style=\"object-fit:cover;width:320px;height:365px\" srcset=\"https:\/\/www.espigul.com\/wp-content\/uploads\/2026\/09\/maresme-04.jpg 320w, https:\/\/www.espigul.com\/wp-content\/uploads\/2026\/09\/maresme-04-287x300.jpg 287w\" sizes=\"auto, (max-width: 320px) 100vw, 320px\" \/><figcaption class=\"wp-element-caption\">REAL ESTATE GROUP<\/figcaption><\/figure>\n\n\n\n<div class=\"wp-block-uagb-container uag-hide-mob uagb-block-4532ec18\"><\/div>\n\n\n\n<figure class=\"wp-block-image size-full is-resized\"><img loading=\"lazy\" decoding=\"async\" width=\"320\" height=\"334\" src=\"https:\/\/www.espigul.com\/wp-content\/uploads\/2026\/09\/maresme-05.jpg\" alt=\"\" class=\"wp-image-478623\" style=\"object-fit:cover;width:320px;height:365px\" srcset=\"https:\/\/www.espigul.com\/wp-content\/uploads\/2026\/09\/maresme-05.jpg 320w, https:\/\/www.espigul.com\/wp-content\/uploads\/2026\/09\/maresme-05-287x300.jpg 287w\" sizes=\"auto, (max-width: 320px) 100vw, 320px\" \/><figcaption class=\"wp-element-caption\">EST. 1989<\/figcaption><\/figure>\n<\/div>\n\n<div class=\"wp-block-uagb-container uagb-block-c04d68c9 alignfull uagb-is-root-container\"><div class=\"uagb-container-inner-blocks-wrap\">    <div>\n                <div class=\"proposta-grid proposta__item\">\n                            <div class=\"proposta__item__image\">\n                    <img decoding=\"async\" class=\"proposta-image\" src=\"https:\/\/www.espigul.com\/wp-content\/uploads\/2026\/09\/proposta-1-2.jpg\" alt=\"\"\/>\n                <\/div>\n                        <div class=\"proposta__item__counter\">\n                <p>01<\/p>\n            <\/div>\n            <div class=\"proposta__item__title\">\n                                    <h2>Experience and Local Knowledge<\/h2>\n                            <\/div>\n            <div class=\"proposta__item__subtitle\">\n                                    <p>More than 35 years of experience in the real estate sector allow us to understand the market in depth and anticipate its movements. We know every area, every property type, and every real opportunity.  <\/p>\n                            <\/div>\n                    <\/div>\n                <div class=\"proposta-grid proposta__item\">\n                            <div class=\"proposta__item__image\">\n                    <img decoding=\"async\" class=\"proposta-image\" src=\"https:\/\/www.espigul.com\/wp-content\/uploads\/2026\/09\/proposta-2-2.jpg\" alt=\"\"\/>\n                <\/div>\n                        <div class=\"proposta__item__counter\">\n                <p>02<\/p>\n            <\/div>\n            <div class=\"proposta__item__title\">\n                                    <h2>Selection and Asset Value<\/h2>\n                            <\/div>\n            <div class=\"proposta__item__subtitle\">\n                                    <p>We work with a carefully selected portfolio of residential, commercial, and industrial properties, prioritizing location, quality, and value projection.<\/p>\n                            <\/div>\n                    <\/div>\n                <div class=\"proposta-grid proposta__item\">\n                            <div class=\"proposta__item__image\">\n                    <img decoding=\"async\" class=\"proposta-image\" src=\"https:\/\/www.espigul.com\/wp-content\/uploads\/2026\/09\/proposta-3-2.jpg\" alt=\"\"\/>\n                <\/div>\n                        <div class=\"proposta__item__counter\">\n                <p>03<\/p>\n            <\/div>\n            <div class=\"proposta__item__title\">\n                                    <h2>Strategic Guidance<\/h2>\n                            <\/div>\n            <div class=\"proposta__item__subtitle\">\n                                    <p>We advise buyers and owners throughout the entire process, with rigorous, discreet, and result-oriented management. Every transaction is handled with precision and a long-term vision. <\/p>\n                            <\/div>\n                    <\/div>\n            <\/div>\n    <\/div><\/div>\n\n<div class=\"wp-block-uagb-container uagb-block-de828a5d alignfull uagb-is-root-container\"><div class=\"uagb-container-inner-blocks-wrap\">\n<div class=\"wp-block-uagb-container uagb-block-b0a5bdcd\">\n<h2 class=\"wp-block-heading\">Featured properties in Maresme<\/h2>\n<\/div>\n\n\n<div class=\"espigul-slider wp-block-espigul-espigul-slider\">\n\t<div id=\"carousel-1976398\" class=\"splide\">\n\t\t<div class=\"splide__arrows\">\n\t\t\t<button class=\"splide__arrow splide__arrow--prev\">\n\t\t\t\t\t<svg viewBox=\"0 0 24 24\" class=\"icon icon--carousel-arrow-right w-4 h-4\" xmlns=http:\/\/www.w3.org\/2000\/svg role=\"img\" >\n\t\t<use xlink:href=\"https:\/\/www.espigul.com\/wp-content\/themes\/espigul\/static\/images\/icons.svg#carousel-arrow-right\"><\/use>\n\t<\/svg>\n\t\t\t\t<\/button>\n\t\t\t<button class=\"splide__arrow splide__arrow--next\">\n\t\t\t\t\t<svg viewBox=\"0 0 24 24\" class=\"icon icon--carousel-arrow-right w-4 h-4\" xmlns=http:\/\/www.w3.org\/2000\/svg role=\"img\" >\n\t\t<use xlink:href=\"https:\/\/www.espigul.com\/wp-content\/themes\/espigul\/static\/images\/icons.svg#carousel-arrow-right\"><\/use>\n\t<\/svg>\n\t\t\t\t<\/button>\n\t\t<\/div>\n\t\t<div class=\"splide__track\">\n\t\t\t<ul class=\"splide__list\">\n\t\t\t\t\t\t\t\t<li class=\"splide__slide\">\n\t\t\t\t\t<div class=\"espigul-house__item cursor-pointer\" onClick=\"window.location.assign('https:\/\/www.espigul.com\/en\/real-state\/spacious-6-bedroom-house-to-renovate-with-sea-views-in-vilassar-de-dalt\/');\">\n\t<div class=\"espigul-house__item__gallery espigul-house__item__photo\" x-data=\"{ active : 0, total: 3 }\">\n\t\t\t\t<ul class=\"espigul-house__item__gallery__items\">\n\t\t\t\t\t\t\t<li class=\"espigul-house__item__gallery__items__item\" x-bind:class=\"0 == active ? 'espigul-house__item__gallery__items__item--active': ''\">\n\t\t\t\t\t<img decoding=\"async\" src=\"https:\/\/www.espigul.com\/wp-content\/uploads\/2026\/09\/amplia-casa-a-reformar-de-6-habitaciones-con-vistas-al-mar-en-vilassar-de-dalt-28210683-1300x866.webp\" alt=\"Spacious 6-bedroom house to renovate with sea views in Vilassar de Dalt\" loading=\"lazy\" width=\"100%\" height=\"auto\">\n\t\t\t\t<\/li>\n\t\t\t\t\t\t\t<li class=\"espigul-house__item__gallery__items__item\" x-bind:class=\"1 == active ? 'espigul-house__item__gallery__items__item--active': ''\">\n\t\t\t\t\t<img decoding=\"async\" src=\"https:\/\/www.espigul.com\/wp-content\/uploads\/2026\/09\/amplia-casa-a-reformar-de-6-habitaciones-con-vistas-al-mar-en-vilassar-de-dalt-28209159-1300x866.webp\" alt=\"Spacious 6-bedroom house to renovate with sea views in Vilassar de Dalt\" loading=\"lazy\" width=\"100%\" height=\"auto\">\n\t\t\t\t<\/li>\n\t\t\t\t\t\t\t<li class=\"espigul-house__item__gallery__items__item\" x-bind:class=\"2 == active ? 'espigul-house__item__gallery__items__item--active': ''\">\n\t\t\t\t\t<img decoding=\"async\" src=\"https:\/\/www.espigul.com\/wp-content\/uploads\/2026\/09\/amplia-casa-a-reformar-de-6-habitaciones-con-vistas-al-mar-en-vilassar-de-dalt-28210684-1300x866.webp\" alt=\"Spacious 6-bedroom house to renovate with sea views in Vilassar de Dalt\" loading=\"lazy\" width=\"100%\" height=\"auto\">\n\t\t\t\t<\/li>\n\t\t\t\t\t<\/ul>\n\t\t<ul class=\"espigul-house__item__gallery__dots\">\n\t\t\t\t\t\t\t<li class=\"espigul-house__item__gallery__dots__item\" x-bind:class=\"0 == active ? 'espigul-house__item__gallery__dots__item--active': ''\">\n\t\t\t\t<\/li>\n\t\t\t\t\t\t\t<li class=\"espigul-house__item__gallery__dots__item\" x-bind:class=\"1 == active ? 'espigul-house__item__gallery__dots__item--active': ''\">\n\t\t\t\t<\/li>\n\t\t\t\t\t\t\t<li class=\"espigul-house__item__gallery__dots__item\" x-bind:class=\"2 == active ? 'espigul-house__item__gallery__dots__item--active': ''\">\n\t\t\t\t<\/li>\n\t\t\t\t\t<\/ul>\n\t\t<button class=\"espigul-house__item__gallery__arrow espigul-house__item__gallery__arrow--left\" aria-label=\"Previous photo\" @click.stop=\"active === 0 ? active = total - 1 : active--\">\n\t\t\t<svg xmlns=\"http:\/\/www.w3.org\/2000\/svg\" viewBox=\"0 0 40 40\" width=\"40\" height=\"40\" focusable=\"false\"><path d=\"m15.5 0.932-4.3 4.38 14.5 14.6-14.5 14.5 4.3 4.4 14.6-14.6 4.4-4.3-4.4-4.4-14.6-14.6z\"><\/path><\/svg>\n\t\t<\/button>\n\t\t<button class=\"espigul-house__item__gallery__arrow espigul-house__item__gallery__arrow--right\" aria-label=\"Next photo\" @click.stop=\"active === total - 1 ? active = 0 : active++\">\n\t\t\t<svg xmlns=\"http:\/\/www.w3.org\/2000\/svg\" viewBox=\"0 0 40 40\" width=\"40\" height=\"40\" focusable=\"false\"><path d=\"m15.5 0.932-4.3 4.38 14.5 14.6-14.5 14.5 4.3 4.4 14.6-14.6 4.4-4.3-4.4-4.4-14.6-14.6z\"><\/path><\/svg>\n\t\t<\/button>\n\t<\/div>\n\t<div class=\"espigul-house__item__body\">\n\t\t<div class=\"espigul-house__item__body__city\">Maresme | REF 6486<\/div>\n\t\t<h2 class=\"espigul-house__item__body__title flex-grow\">\n\t\t\t<a href=\"https:\/\/www.espigul.com\/en\/real-state\/spacious-6-bedroom-house-to-renovate-with-sea-views-in-vilassar-de-dalt\/\" title=\"Spacious 6-bedroom house to renovate with sea views in Vilassar de Dalt\">Spacious 6-bedroom house to renovate with sea views in Vilassar de Dalt<\/a>\n\t\t<\/h2>\n\t\t<div class=\"espigul-house__item__body__price\">\n\t\t\t880.000\u00a0\u20ac\t\t<\/div>\n\t\t<div class=\"espigul-house__item__body__meta\">\n\t\t\t\t\t\t<div class=\"espigul-house__item__body__meta__item\">\n\t\t\t\t<span class=\"espigul-house__item__body__meta__item__label\">Surface<\/span>\n\t\t\t\t<span class=\"espigul-house__item__body__meta__item__value\">\n\t\t\t\t\t296 m<sup>2<\/sup>\t\t\t\t<\/span>\n\t\t\t<\/div>\n\t\t\t\t\t\t<div class=\"espigul-house__item__body__meta__item\">\n\t\t\t\t<span class=\"espigul-house__item__body__meta__item__label\">Bedrooms<\/span>\n\t\t\t\t<span class=\"espigul-house__item__body__meta__item__value\">\n\t\t\t\t\t06\t\t\t\t<\/span>\n\t\t\t<\/div>\n\t\t\t\t\t\t<div class=\"espigul-house__item__body__meta__item\">\n\t\t\t\t<span class=\"espigul-house__item__body__meta__item__label\">Bathrooms<\/span>\n\t\t\t\t<span class=\"espigul-house__item__body__meta__item__value\">\n\t\t\t\t\t03\t\t\t\t<\/span>\n\t\t\t<\/div>\n\t\t\t\t\t<\/div>\n\t<\/div>\n<\/div>\n\t\t\t\t\t<\/li>\n\t\t\t\t\t\t\t\t\t\t<li class=\"splide__slide\">\n\t\t\t\t\t<div class=\"espigul-house__item cursor-pointer\" onClick=\"window.location.assign('https:\/\/www.espigul.com\/en\/real-state\/2020-apartment-with-a-26-m%c2%b2-terrace-and-a-parking-space-in-el-masnou\/');\">\n\t<div class=\"espigul-house__item__gallery espigul-house__item__photo\" x-data=\"{ active : 0, total: 3 }\">\n\t\t\t\t<ul class=\"espigul-house__item__gallery__items\">\n\t\t\t\t\t\t\t<li class=\"espigul-house__item__gallery__items__item\" x-bind:class=\"0 == active ? 'espigul-house__item__gallery__items__item--active': ''\">\n\t\t\t\t\t<img decoding=\"async\" src=\"https:\/\/www.espigul.com\/wp-content\/uploads\/2026\/08\/piso-del-2020-con-terraza-de-26-mc2b2-y-plaza-de-parquing-en-el-masnou-28166199-1300x866.webp\" alt=\"2020 apartment with a 26 m\u00b2 terrace and a parking space in El Masnou\" loading=\"lazy\" width=\"100%\" height=\"auto\">\n\t\t\t\t<\/li>\n\t\t\t\t\t\t\t<li class=\"espigul-house__item__gallery__items__item\" x-bind:class=\"1 == active ? 'espigul-house__item__gallery__items__item--active': ''\">\n\t\t\t\t\t<img decoding=\"async\" src=\"https:\/\/www.espigul.com\/wp-content\/uploads\/2026\/08\/piso-del-2020-con-terraza-de-26-mc2b2-y-plaza-de-parquing-en-el-masnou-28166184-1300x866.webp\" alt=\"2020 apartment with a 26 m\u00b2 terrace and a parking space in El Masnou\" loading=\"lazy\" width=\"100%\" height=\"auto\">\n\t\t\t\t<\/li>\n\t\t\t\t\t\t\t<li class=\"espigul-house__item__gallery__items__item\" x-bind:class=\"2 == active ? 'espigul-house__item__gallery__items__item--active': ''\">\n\t\t\t\t\t<img decoding=\"async\" src=\"https:\/\/www.espigul.com\/wp-content\/uploads\/2026\/08\/piso-del-2020-con-terraza-de-26-mc2b2-y-plaza-de-parquing-en-el-masnou-28166882-1300x866.webp\" alt=\"2020 apartment with a 26 m\u00b2 terrace and a parking space in El Masnou\" loading=\"lazy\" width=\"100%\" height=\"auto\">\n\t\t\t\t<\/li>\n\t\t\t\t\t<\/ul>\n\t\t<ul class=\"espigul-house__item__gallery__dots\">\n\t\t\t\t\t\t\t<li class=\"espigul-house__item__gallery__dots__item\" x-bind:class=\"0 == active ? 'espigul-house__item__gallery__dots__item--active': ''\">\n\t\t\t\t<\/li>\n\t\t\t\t\t\t\t<li class=\"espigul-house__item__gallery__dots__item\" x-bind:class=\"1 == active ? 'espigul-house__item__gallery__dots__item--active': ''\">\n\t\t\t\t<\/li>\n\t\t\t\t\t\t\t<li class=\"espigul-house__item__gallery__dots__item\" x-bind:class=\"2 == active ? 'espigul-house__item__gallery__dots__item--active': ''\">\n\t\t\t\t<\/li>\n\t\t\t\t\t<\/ul>\n\t\t<button class=\"espigul-house__item__gallery__arrow espigul-house__item__gallery__arrow--left\" aria-label=\"Previous photo\" @click.stop=\"active === 0 ? active = total - 1 : active--\">\n\t\t\t<svg xmlns=\"http:\/\/www.w3.org\/2000\/svg\" viewBox=\"0 0 40 40\" width=\"40\" height=\"40\" focusable=\"false\"><path d=\"m15.5 0.932-4.3 4.38 14.5 14.6-14.5 14.5 4.3 4.4 14.6-14.6 4.4-4.3-4.4-4.4-14.6-14.6z\"><\/path><\/svg>\n\t\t<\/button>\n\t\t<button class=\"espigul-house__item__gallery__arrow espigul-house__item__gallery__arrow--right\" aria-label=\"Next photo\" @click.stop=\"active === total - 1 ? active = 0 : active++\">\n\t\t\t<svg xmlns=\"http:\/\/www.w3.org\/2000\/svg\" viewBox=\"0 0 40 40\" width=\"40\" height=\"40\" focusable=\"false\"><path d=\"m15.5 0.932-4.3 4.38 14.5 14.6-14.5 14.5 4.3 4.4 14.6-14.6 4.4-4.3-4.4-4.4-14.6-14.6z\"><\/path><\/svg>\n\t\t<\/button>\n\t<\/div>\n\t<div class=\"espigul-house__item__body\">\n\t\t<div class=\"espigul-house__item__body__city\">Maresme | REF 6461<\/div>\n\t\t<h2 class=\"espigul-house__item__body__title flex-grow\">\n\t\t\t<a href=\"https:\/\/www.espigul.com\/en\/real-state\/2020-apartment-with-a-26-m%c2%b2-terrace-and-a-parking-space-in-el-masnou\/\" title=\"2020 apartment with a 26 m\u00b2 terrace and a parking space in El Masnou\">2020 apartment with a 26 m\u00b2 terrace and a parking space in El Masnou<\/a>\n\t\t<\/h2>\n\t\t<div class=\"espigul-house__item__body__price\">\n\t\t\t560.000\u00a0\u20ac\t\t<\/div>\n\t\t<div class=\"espigul-house__item__body__meta\">\n\t\t\t\t\t\t<div class=\"espigul-house__item__body__meta__item\">\n\t\t\t\t<span class=\"espigul-house__item__body__meta__item__label\">Surface<\/span>\n\t\t\t\t<span class=\"espigul-house__item__body__meta__item__value\">\n\t\t\t\t\t116 m<sup>2<\/sup>\t\t\t\t<\/span>\n\t\t\t<\/div>\n\t\t\t\t\t\t<div class=\"espigul-house__item__body__meta__item\">\n\t\t\t\t<span class=\"espigul-house__item__body__meta__item__label\">Bedrooms<\/span>\n\t\t\t\t<span class=\"espigul-house__item__body__meta__item__value\">\n\t\t\t\t\t04\t\t\t\t<\/span>\n\t\t\t<\/div>\n\t\t\t\t\t\t<div class=\"espigul-house__item__body__meta__item\">\n\t\t\t\t<span class=\"espigul-house__item__body__meta__item__label\">Bathrooms<\/span>\n\t\t\t\t<span class=\"espigul-house__item__body__meta__item__value\">\n\t\t\t\t\t02\t\t\t\t<\/span>\n\t\t\t<\/div>\n\t\t\t\t\t<\/div>\n\t<\/div>\n<\/div>\n\t\t\t\t\t<\/li>\n\t\t\t\t\t\t\t\t\t\t<li class=\"splide__slide\">\n\t\t\t\t\t<div class=\"espigul-house__item cursor-pointer\" onClick=\"window.location.assign('https:\/\/www.espigul.com\/en\/real-state\/renovated-house-with-pool-5-bedrooms-and-large-flat-plot-in-sant-andreu-de-llavaneres\/');\">\n\t<div class=\"espigul-house__item__gallery espigul-house__item__photo\" x-data=\"{ active : 0, total: 3 }\">\n\t\t\t\t<div class=\"espigul-house__item__photo__also\">\n\t\t\tRent option\t\t<\/div>\n\t\t\t\t<ul class=\"espigul-house__item__gallery__items\">\n\t\t\t\t\t\t\t<li class=\"espigul-house__item__gallery__items__item\" x-bind:class=\"0 == active ? 'espigul-house__item__gallery__items__item--active': ''\">\n\t\t\t\t\t<img decoding=\"async\" src=\"https:\/\/www.espigul.com\/wp-content\/uploads\/2026\/08\/casa-reformada-con-piscina-5-dormitorios-y-gran-parcela-plana-en-sant-andreu-de-llavaneres-28178264-1300x866.webp\" alt=\"Renovated house with pool, 5 bedrooms and large flat plot in Sant Andreu de Llavaneres\" loading=\"lazy\" width=\"100%\" height=\"auto\">\n\t\t\t\t<\/li>\n\t\t\t\t\t\t\t<li class=\"espigul-house__item__gallery__items__item\" x-bind:class=\"1 == active ? 'espigul-house__item__gallery__items__item--active': ''\">\n\t\t\t\t\t<img decoding=\"async\" src=\"https:\/\/www.espigul.com\/wp-content\/uploads\/2026\/08\/casa-reformada-con-piscina-5-dormitorios-y-gran-parcela-plana-en-sant-andreu-de-llavaneres-28131552-1300x866.webp\" alt=\"Renovated house with pool, 5 bedrooms and large flat plot in Sant Andreu de Llavaneres\" loading=\"lazy\" width=\"100%\" height=\"auto\">\n\t\t\t\t<\/li>\n\t\t\t\t\t\t\t<li class=\"espigul-house__item__gallery__items__item\" x-bind:class=\"2 == active ? 'espigul-house__item__gallery__items__item--active': ''\">\n\t\t\t\t\t<img decoding=\"async\" src=\"https:\/\/www.espigul.com\/wp-content\/uploads\/2026\/08\/casa-reformada-con-piscina-5-dormitorios-y-gran-parcela-plana-en-sant-andreu-de-llavaneres-28131553-1300x866.webp\" alt=\"Renovated house with pool, 5 bedrooms and large flat plot in Sant Andreu de Llavaneres\" loading=\"lazy\" width=\"100%\" height=\"auto\">\n\t\t\t\t<\/li>\n\t\t\t\t\t<\/ul>\n\t\t<ul class=\"espigul-house__item__gallery__dots\">\n\t\t\t\t\t\t\t<li class=\"espigul-house__item__gallery__dots__item\" x-bind:class=\"0 == active ? 'espigul-house__item__gallery__dots__item--active': ''\">\n\t\t\t\t<\/li>\n\t\t\t\t\t\t\t<li class=\"espigul-house__item__gallery__dots__item\" x-bind:class=\"1 == active ? 'espigul-house__item__gallery__dots__item--active': ''\">\n\t\t\t\t<\/li>\n\t\t\t\t\t\t\t<li class=\"espigul-house__item__gallery__dots__item\" x-bind:class=\"2 == active ? 'espigul-house__item__gallery__dots__item--active': ''\">\n\t\t\t\t<\/li>\n\t\t\t\t\t<\/ul>\n\t\t<button class=\"espigul-house__item__gallery__arrow espigul-house__item__gallery__arrow--left\" aria-label=\"Previous photo\" @click.stop=\"active === 0 ? active = total - 1 : active--\">\n\t\t\t<svg xmlns=\"http:\/\/www.w3.org\/2000\/svg\" viewBox=\"0 0 40 40\" width=\"40\" height=\"40\" focusable=\"false\"><path d=\"m15.5 0.932-4.3 4.38 14.5 14.6-14.5 14.5 4.3 4.4 14.6-14.6 4.4-4.3-4.4-4.4-14.6-14.6z\"><\/path><\/svg>\n\t\t<\/button>\n\t\t<button class=\"espigul-house__item__gallery__arrow espigul-house__item__gallery__arrow--right\" aria-label=\"Next photo\" @click.stop=\"active === total - 1 ? active = 0 : active++\">\n\t\t\t<svg xmlns=\"http:\/\/www.w3.org\/2000\/svg\" viewBox=\"0 0 40 40\" width=\"40\" height=\"40\" focusable=\"false\"><path d=\"m15.5 0.932-4.3 4.38 14.5 14.6-14.5 14.5 4.3 4.4 14.6-14.6 4.4-4.3-4.4-4.4-14.6-14.6z\"><\/path><\/svg>\n\t\t<\/button>\n\t<\/div>\n\t<div class=\"espigul-house__item__body\">\n\t\t<div class=\"espigul-house__item__body__city\">Maresme | REF 6460<\/div>\n\t\t<h2 class=\"espigul-house__item__body__title flex-grow\">\n\t\t\t<a href=\"https:\/\/www.espigul.com\/en\/real-state\/renovated-house-with-pool-5-bedrooms-and-large-flat-plot-in-sant-andreu-de-llavaneres\/\" title=\"Renovated house with pool, 5 bedrooms and large flat plot in Sant Andreu de Llavaneres\">Renovated house with pool, 5 bedrooms and large flat plot in Sant Andreu de Llavaneres<\/a>\n\t\t<\/h2>\n\t\t<div class=\"espigul-house__item__body__price\">\n\t\t\t1.450.000\u00a0\u20ac\t\t<\/div>\n\t\t<div class=\"espigul-house__item__body__meta\">\n\t\t\t\t\t\t<div class=\"espigul-house__item__body__meta__item\">\n\t\t\t\t<span class=\"espigul-house__item__body__meta__item__label\">Surface<\/span>\n\t\t\t\t<span class=\"espigul-house__item__body__meta__item__value\">\n\t\t\t\t\t338 m<sup>2<\/sup>\t\t\t\t<\/span>\n\t\t\t<\/div>\n\t\t\t\t\t\t<div class=\"espigul-house__item__body__meta__item\">\n\t\t\t\t<span class=\"espigul-house__item__body__meta__item__label\">Bedrooms<\/span>\n\t\t\t\t<span class=\"espigul-house__item__body__meta__item__value\">\n\t\t\t\t\t05\t\t\t\t<\/span>\n\t\t\t<\/div>\n\t\t\t\t\t\t<div class=\"espigul-house__item__body__meta__item\">\n\t\t\t\t<span class=\"espigul-house__item__body__meta__item__label\">Bathrooms<\/span>\n\t\t\t\t<span class=\"espigul-house__item__body__meta__item__value\">\n\t\t\t\t\t04\t\t\t\t<\/span>\n\t\t\t<\/div>\n\t\t\t\t\t<\/div>\n\t<\/div>\n<\/div>\n\t\t\t\t\t<\/li>\n\t\t\t\t\t\t\t\t\t\t<li class=\"splide__slide\">\n\t\t\t\t\t<div class=\"espigul-house__item cursor-pointer\" onClick=\"window.location.assign('https:\/\/www.espigul.com\/en\/real-state\/recently-built-170-sq-m-townhouse-with-a-27-sq-m-terrace-in-vilassar-de-dalt\/');\">\n\t<div class=\"espigul-house__item__gallery espigul-house__item__photo\" x-data=\"{ active : 0, total: 3 }\">\n\t\t\t\t<ul class=\"espigul-house__item__gallery__items\">\n\t\t\t\t\t\t\t<li class=\"espigul-house__item__gallery__items__item\" x-bind:class=\"0 == active ? 'espigul-house__item__gallery__items__item--active': ''\">\n\t\t\t\t\t<img decoding=\"async\" src=\"https:\/\/www.espigul.com\/wp-content\/uploads\/2026\/08\/casa-adosada-de-obra-seminueva-de-170-mc2b2-y-terraza-de-27-mc2b2-en-vilassar-de-dalt-28109891-1300x866.webp\" alt=\"Recently built 170 sq m townhouse with a 27 sq m terrace in Vilassar de Dalt\" loading=\"lazy\" width=\"100%\" height=\"auto\">\n\t\t\t\t<\/li>\n\t\t\t\t\t\t\t<li class=\"espigul-house__item__gallery__items__item\" x-bind:class=\"1 == active ? 'espigul-house__item__gallery__items__item--active': ''\">\n\t\t\t\t\t<img decoding=\"async\" src=\"https:\/\/www.espigul.com\/wp-content\/uploads\/2026\/08\/casa-adosada-de-obra-seminueva-de-170-mc2b2-y-terraza-de-27-mc2b2-en-vilassar-de-dalt-28109867-1300x866.webp\" alt=\"Recently built 170 sq m townhouse with a 27 sq m terrace in Vilassar de Dalt\" loading=\"lazy\" width=\"100%\" height=\"auto\">\n\t\t\t\t<\/li>\n\t\t\t\t\t\t\t<li class=\"espigul-house__item__gallery__items__item\" x-bind:class=\"2 == active ? 'espigul-house__item__gallery__items__item--active': ''\">\n\t\t\t\t\t<img decoding=\"async\" src=\"https:\/\/www.espigul.com\/wp-content\/uploads\/2026\/08\/casa-adosada-de-obra-seminueva-de-170-mc2b2-y-terraza-de-27-mc2b2-en-vilassar-de-dalt-28109868-1300x866.webp\" alt=\"Recently built 170 sq m townhouse with a 27 sq m terrace in Vilassar de Dalt\" loading=\"lazy\" width=\"100%\" height=\"auto\">\n\t\t\t\t<\/li>\n\t\t\t\t\t<\/ul>\n\t\t<ul class=\"espigul-house__item__gallery__dots\">\n\t\t\t\t\t\t\t<li class=\"espigul-house__item__gallery__dots__item\" x-bind:class=\"0 == active ? 'espigul-house__item__gallery__dots__item--active': ''\">\n\t\t\t\t<\/li>\n\t\t\t\t\t\t\t<li class=\"espigul-house__item__gallery__dots__item\" x-bind:class=\"1 == active ? 'espigul-house__item__gallery__dots__item--active': ''\">\n\t\t\t\t<\/li>\n\t\t\t\t\t\t\t<li class=\"espigul-house__item__gallery__dots__item\" x-bind:class=\"2 == active ? 'espigul-house__item__gallery__dots__item--active': ''\">\n\t\t\t\t<\/li>\n\t\t\t\t\t<\/ul>\n\t\t<button class=\"espigul-house__item__gallery__arrow espigul-house__item__gallery__arrow--left\" aria-label=\"Previous photo\" @click.stop=\"active === 0 ? active = total - 1 : active--\">\n\t\t\t<svg xmlns=\"http:\/\/www.w3.org\/2000\/svg\" viewBox=\"0 0 40 40\" width=\"40\" height=\"40\" focusable=\"false\"><path d=\"m15.5 0.932-4.3 4.38 14.5 14.6-14.5 14.5 4.3 4.4 14.6-14.6 4.4-4.3-4.4-4.4-14.6-14.6z\"><\/path><\/svg>\n\t\t<\/button>\n\t\t<button class=\"espigul-house__item__gallery__arrow espigul-house__item__gallery__arrow--right\" aria-label=\"Next photo\" @click.stop=\"active === total - 1 ? active = 0 : active++\">\n\t\t\t<svg xmlns=\"http:\/\/www.w3.org\/2000\/svg\" viewBox=\"0 0 40 40\" width=\"40\" height=\"40\" focusable=\"false\"><path d=\"m15.5 0.932-4.3 4.38 14.5 14.6-14.5 14.5 4.3 4.4 14.6-14.6 4.4-4.3-4.4-4.4-14.6-14.6z\"><\/path><\/svg>\n\t\t<\/button>\n\t<\/div>\n\t<div class=\"espigul-house__item__body\">\n\t\t<div class=\"espigul-house__item__body__city\">Maresme | REF 6456<\/div>\n\t\t<h2 class=\"espigul-house__item__body__title flex-grow\">\n\t\t\t<a href=\"https:\/\/www.espigul.com\/en\/real-state\/recently-built-170-sq-m-townhouse-with-a-27-sq-m-terrace-in-vilassar-de-dalt\/\" title=\"Recently built 170 sq m townhouse with a 27 sq m terrace in Vilassar de Dalt\">Recently built 170 sq m townhouse with a 27 sq m terrace in Vilassar de Dalt<\/a>\n\t\t<\/h2>\n\t\t<div class=\"espigul-house__item__body__price\">\n\t\t\t595.000\u00a0\u20ac\t\t<\/div>\n\t\t<div class=\"espigul-house__item__body__meta\">\n\t\t\t\t\t\t<div class=\"espigul-house__item__body__meta__item\">\n\t\t\t\t<span class=\"espigul-house__item__body__meta__item__label\">Surface<\/span>\n\t\t\t\t<span class=\"espigul-house__item__body__meta__item__value\">\n\t\t\t\t\t171 m<sup>2<\/sup>\t\t\t\t<\/span>\n\t\t\t<\/div>\n\t\t\t\t\t\t<div class=\"espigul-house__item__body__meta__item\">\n\t\t\t\t<span class=\"espigul-house__item__body__meta__item__label\">Bedrooms<\/span>\n\t\t\t\t<span class=\"espigul-house__item__body__meta__item__value\">\n\t\t\t\t\t04\t\t\t\t<\/span>\n\t\t\t<\/div>\n\t\t\t\t\t\t<div class=\"espigul-house__item__body__meta__item\">\n\t\t\t\t<span class=\"espigul-house__item__body__meta__item__label\">Bathrooms<\/span>\n\t\t\t\t<span class=\"espigul-house__item__body__meta__item__value\">\n\t\t\t\t\t02\t\t\t\t<\/span>\n\t\t\t<\/div>\n\t\t\t\t\t<\/div>\n\t<\/div>\n<\/div>\n\t\t\t\t\t<\/li>\n\t\t\t\t\t\t\t\t\t\t<li class=\"splide__slide\">\n\t\t\t\t\t<div class=\"espigul-house__item cursor-pointer\" onClick=\"window.location.assign('https:\/\/www.espigul.com\/en\/real-state\/mediterranean-style-house-with-sea-views-and-a-heated-swimming-pool-in-sant-andreu-de-llavaneres\/');\">\n\t<div class=\"espigul-house__item__gallery espigul-house__item__photo\" x-data=\"{ active : 0, total: 3 }\">\n\t\t\t\t<ul class=\"espigul-house__item__gallery__items\">\n\t\t\t\t\t\t\t<li class=\"espigul-house__item__gallery__items__item\" x-bind:class=\"0 == active ? 'espigul-house__item__gallery__items__item--active': ''\">\n\t\t\t\t\t<img decoding=\"async\" src=\"https:\/\/www.espigul.com\/wp-content\/uploads\/2026\/08\/casa-de-estilo-mediterraneo-con-vistas-al-mar-y-piscina-climatizada-en-sant-andreu-de-llavaneres-27979260-1300x866.webp\" alt=\"Mediterranean-style house with sea views and a heated swimming pool in Sant Andreu de Llavaneres\" loading=\"lazy\" width=\"100%\" height=\"auto\">\n\t\t\t\t<\/li>\n\t\t\t\t\t\t\t<li class=\"espigul-house__item__gallery__items__item\" x-bind:class=\"1 == active ? 'espigul-house__item__gallery__items__item--active': ''\">\n\t\t\t\t\t<img decoding=\"async\" src=\"https:\/\/www.espigul.com\/wp-content\/uploads\/2026\/08\/casa-de-estilo-mediterraneo-con-vistas-al-mar-y-piscina-climatizada-en-sant-andreu-de-llavaneres-27979305-1300x866.webp\" alt=\"Mediterranean-style house with sea views and a heated swimming pool in Sant Andreu de Llavaneres\" loading=\"lazy\" width=\"100%\" height=\"auto\">\n\t\t\t\t<\/li>\n\t\t\t\t\t\t\t<li class=\"espigul-house__item__gallery__items__item\" x-bind:class=\"2 == active ? 'espigul-house__item__gallery__items__item--active': ''\">\n\t\t\t\t\t<img decoding=\"async\" src=\"https:\/\/www.espigul.com\/wp-content\/uploads\/2026\/08\/casa-de-estilo-mediterraneo-con-vistas-al-mar-y-piscina-climatizada-en-sant-andreu-de-llavaneres-27979310-1300x866.webp\" alt=\"Mediterranean-style house with sea views and a heated swimming pool in Sant Andreu de Llavaneres\" loading=\"lazy\" width=\"100%\" height=\"auto\">\n\t\t\t\t<\/li>\n\t\t\t\t\t<\/ul>\n\t\t<ul class=\"espigul-house__item__gallery__dots\">\n\t\t\t\t\t\t\t<li class=\"espigul-house__item__gallery__dots__item\" x-bind:class=\"0 == active ? 'espigul-house__item__gallery__dots__item--active': ''\">\n\t\t\t\t<\/li>\n\t\t\t\t\t\t\t<li class=\"espigul-house__item__gallery__dots__item\" x-bind:class=\"1 == active ? 'espigul-house__item__gallery__dots__item--active': ''\">\n\t\t\t\t<\/li>\n\t\t\t\t\t\t\t<li class=\"espigul-house__item__gallery__dots__item\" x-bind:class=\"2 == active ? 'espigul-house__item__gallery__dots__item--active': ''\">\n\t\t\t\t<\/li>\n\t\t\t\t\t<\/ul>\n\t\t<button class=\"espigul-house__item__gallery__arrow espigul-house__item__gallery__arrow--left\" aria-label=\"Previous photo\" @click.stop=\"active === 0 ? active = total - 1 : active--\">\n\t\t\t<svg xmlns=\"http:\/\/www.w3.org\/2000\/svg\" viewBox=\"0 0 40 40\" width=\"40\" height=\"40\" focusable=\"false\"><path d=\"m15.5 0.932-4.3 4.38 14.5 14.6-14.5 14.5 4.3 4.4 14.6-14.6 4.4-4.3-4.4-4.4-14.6-14.6z\"><\/path><\/svg>\n\t\t<\/button>\n\t\t<button class=\"espigul-house__item__gallery__arrow espigul-house__item__gallery__arrow--right\" aria-label=\"Next photo\" @click.stop=\"active === total - 1 ? active = 0 : active++\">\n\t\t\t<svg xmlns=\"http:\/\/www.w3.org\/2000\/svg\" viewBox=\"0 0 40 40\" width=\"40\" height=\"40\" focusable=\"false\"><path d=\"m15.5 0.932-4.3 4.38 14.5 14.6-14.5 14.5 4.3 4.4 14.6-14.6 4.4-4.3-4.4-4.4-14.6-14.6z\"><\/path><\/svg>\n\t\t<\/button>\n\t<\/div>\n\t<div class=\"espigul-house__item__body\">\n\t\t<div class=\"espigul-house__item__body__city\">Maresme | REF 6435<\/div>\n\t\t<h2 class=\"espigul-house__item__body__title flex-grow\">\n\t\t\t<a href=\"https:\/\/www.espigul.com\/en\/real-state\/mediterranean-style-house-with-sea-views-and-a-heated-swimming-pool-in-sant-andreu-de-llavaneres\/\" title=\"Mediterranean-style house with sea views and a heated swimming pool in Sant Andreu de Llavaneres\">Mediterranean-style house with sea views and a heated swimming pool in Sant Andreu de Llavaneres<\/a>\n\t\t<\/h2>\n\t\t<div class=\"espigul-house__item__body__price\">\n\t\t\t970.000\u00a0\u20ac\t\t<\/div>\n\t\t<div class=\"espigul-house__item__body__meta\">\n\t\t\t\t\t\t<div class=\"espigul-house__item__body__meta__item\">\n\t\t\t\t<span class=\"espigul-house__item__body__meta__item__label\">Surface<\/span>\n\t\t\t\t<span class=\"espigul-house__item__body__meta__item__value\">\n\t\t\t\t\t330 m<sup>2<\/sup>\t\t\t\t<\/span>\n\t\t\t<\/div>\n\t\t\t\t\t\t<div class=\"espigul-house__item__body__meta__item\">\n\t\t\t\t<span class=\"espigul-house__item__body__meta__item__label\">Bedrooms<\/span>\n\t\t\t\t<span class=\"espigul-house__item__body__meta__item__value\">\n\t\t\t\t\t06\t\t\t\t<\/span>\n\t\t\t<\/div>\n\t\t\t\t\t\t<div class=\"espigul-house__item__body__meta__item\">\n\t\t\t\t<span class=\"espigul-house__item__body__meta__item__label\">Bathrooms<\/span>\n\t\t\t\t<span class=\"espigul-house__item__body__meta__item__value\">\n\t\t\t\t\t04\t\t\t\t<\/span>\n\t\t\t<\/div>\n\t\t\t\t\t<\/div>\n\t<\/div>\n<\/div>\n\t\t\t\t\t<\/li>\n\t\t\t\t\t\t\t\t\t\t<li class=\"splide__slide\">\n\t\t\t\t\t<div class=\"espigul-house__item cursor-pointer\" onClick=\"window.location.assign('https:\/\/www.espigul.com\/en\/real-state\/magnificent-detached-house-with-spacious-rooms-and-panoramic-views-in-vallromanes\/');\">\n\t<div class=\"espigul-house__item__gallery espigul-house__item__photo\" x-data=\"{ active : 0, total: 3 }\">\n\t\t\t\t<ul class=\"espigul-house__item__gallery__items\">\n\t\t\t\t\t\t\t<li class=\"espigul-house__item__gallery__items__item\" x-bind:class=\"0 == active ? 'espigul-house__item__gallery__items__item--active': ''\">\n\t\t\t\t\t<img decoding=\"async\" src=\"https:\/\/www.espigul.com\/wp-content\/uploads\/2026\/08\/magnifica-casa-unifamiliar-con-amplios-espacios-y-vistas-panoramicas-en-vallromanes-27953791-1300x866.webp\" alt=\"Magnificent detached house with spacious rooms and panoramic views in Vallromanes\" loading=\"lazy\" width=\"100%\" height=\"auto\">\n\t\t\t\t<\/li>\n\t\t\t\t\t\t\t<li class=\"espigul-house__item__gallery__items__item\" x-bind:class=\"1 == active ? 'espigul-house__item__gallery__items__item--active': ''\">\n\t\t\t\t\t<img decoding=\"async\" src=\"https:\/\/www.espigul.com\/wp-content\/uploads\/2026\/08\/magnifica-casa-unifamiliar-con-amplios-espacios-y-vistas-panoramicas-en-vallromanes-27953797-1300x866.webp\" alt=\"Magnificent detached house with spacious rooms and panoramic views in Vallromanes\" loading=\"lazy\" width=\"100%\" height=\"auto\">\n\t\t\t\t<\/li>\n\t\t\t\t\t\t\t<li class=\"espigul-house__item__gallery__items__item\" x-bind:class=\"2 == active ? 'espigul-house__item__gallery__items__item--active': ''\">\n\t\t\t\t\t<img decoding=\"async\" src=\"https:\/\/www.espigul.com\/wp-content\/uploads\/2026\/08\/magnifica-casa-unifamiliar-con-amplios-espacios-y-vistas-panoramicas-en-vallromanes-27953798-1300x866.webp\" alt=\"Magnificent detached house with spacious rooms and panoramic views in Vallromanes\" loading=\"lazy\" width=\"100%\" height=\"auto\">\n\t\t\t\t<\/li>\n\t\t\t\t\t<\/ul>\n\t\t<ul class=\"espigul-house__item__gallery__dots\">\n\t\t\t\t\t\t\t<li class=\"espigul-house__item__gallery__dots__item\" x-bind:class=\"0 == active ? 'espigul-house__item__gallery__dots__item--active': ''\">\n\t\t\t\t<\/li>\n\t\t\t\t\t\t\t<li class=\"espigul-house__item__gallery__dots__item\" x-bind:class=\"1 == active ? 'espigul-house__item__gallery__dots__item--active': ''\">\n\t\t\t\t<\/li>\n\t\t\t\t\t\t\t<li class=\"espigul-house__item__gallery__dots__item\" x-bind:class=\"2 == active ? 'espigul-house__item__gallery__dots__item--active': ''\">\n\t\t\t\t<\/li>\n\t\t\t\t\t<\/ul>\n\t\t<button class=\"espigul-house__item__gallery__arrow espigul-house__item__gallery__arrow--left\" aria-label=\"Previous photo\" @click.stop=\"active === 0 ? active = total - 1 : active--\">\n\t\t\t<svg xmlns=\"http:\/\/www.w3.org\/2000\/svg\" viewBox=\"0 0 40 40\" width=\"40\" height=\"40\" focusable=\"false\"><path d=\"m15.5 0.932-4.3 4.38 14.5 14.6-14.5 14.5 4.3 4.4 14.6-14.6 4.4-4.3-4.4-4.4-14.6-14.6z\"><\/path><\/svg>\n\t\t<\/button>\n\t\t<button class=\"espigul-house__item__gallery__arrow espigul-house__item__gallery__arrow--right\" aria-label=\"Next photo\" @click.stop=\"active === total - 1 ? active = 0 : active++\">\n\t\t\t<svg xmlns=\"http:\/\/www.w3.org\/2000\/svg\" viewBox=\"0 0 40 40\" width=\"40\" height=\"40\" focusable=\"false\"><path d=\"m15.5 0.932-4.3 4.38 14.5 14.6-14.5 14.5 4.3 4.4 14.6-14.6 4.4-4.3-4.4-4.4-14.6-14.6z\"><\/path><\/svg>\n\t\t<\/button>\n\t<\/div>\n\t<div class=\"espigul-house__item__body\">\n\t\t<div class=\"espigul-house__item__body__city\">Maresme | REF 5556<\/div>\n\t\t<h2 class=\"espigul-house__item__body__title flex-grow\">\n\t\t\t<a href=\"https:\/\/www.espigul.com\/en\/real-state\/magnificent-detached-house-with-spacious-rooms-and-panoramic-views-in-vallromanes\/\" title=\"Magnificent detached house with spacious rooms and panoramic views in Vallromanes\">Magnificent detached house with spacious rooms and panoramic views in Vallromanes<\/a>\n\t\t<\/h2>\n\t\t<div class=\"espigul-house__item__body__price\">\n\t\t\t830.000\u00a0\u20ac\t\t<\/div>\n\t\t<div class=\"espigul-house__item__body__meta\">\n\t\t\t\t\t\t<div class=\"espigul-house__item__body__meta__item\">\n\t\t\t\t<span class=\"espigul-house__item__body__meta__item__label\">Surface<\/span>\n\t\t\t\t<span class=\"espigul-house__item__body__meta__item__value\">\n\t\t\t\t\t471 m<sup>2<\/sup>\t\t\t\t<\/span>\n\t\t\t<\/div>\n\t\t\t\t\t\t<div class=\"espigul-house__item__body__meta__item\">\n\t\t\t\t<span class=\"espigul-house__item__body__meta__item__label\">Bedrooms<\/span>\n\t\t\t\t<span class=\"espigul-house__item__body__meta__item__value\">\n\t\t\t\t\t04\t\t\t\t<\/span>\n\t\t\t<\/div>\n\t\t\t\t\t\t<div class=\"espigul-house__item__body__meta__item\">\n\t\t\t\t<span class=\"espigul-house__item__body__meta__item__label\">Bathrooms<\/span>\n\t\t\t\t<span class=\"espigul-house__item__body__meta__item__value\">\n\t\t\t\t\t04\t\t\t\t<\/span>\n\t\t\t<\/div>\n\t\t\t\t\t<\/div>\n\t<\/div>\n<\/div>\n\t\t\t\t\t<\/li>\n\t\t\t\t\t\t\t\t\t\t<li class=\"splide__slide\">\n\t\t\t\t\t<div class=\"espigul-house__item cursor-pointer\" onClick=\"window.location.assign('https:\/\/www.espigul.com\/en\/real-state\/exclusive-designer-home-with-private-pool-and-views-of-the-vallromanes-golf-club\/');\">\n\t<div class=\"espigul-house__item__gallery espigul-house__item__photo\" x-data=\"{ active : 0, total: 3 }\">\n\t\t\t\t<ul class=\"espigul-house__item__gallery__items\">\n\t\t\t\t\t\t\t<li class=\"espigul-house__item__gallery__items__item\" x-bind:class=\"0 == active ? 'espigul-house__item__gallery__items__item--active': ''\">\n\t\t\t\t\t<img decoding=\"async\" src=\"https:\/\/www.espigul.com\/wp-content\/uploads\/2026\/08\/exclusiva-casa-de-diseno-con-piscina-privada-y-vistas-al-club-de-golf-de-vallromanes-27885597-1300x866.webp\" alt=\"Exclusive designer home with private pool and views of the Vallromanes golf club\" loading=\"lazy\" width=\"100%\" height=\"auto\">\n\t\t\t\t<\/li>\n\t\t\t\t\t\t\t<li class=\"espigul-house__item__gallery__items__item\" x-bind:class=\"1 == active ? 'espigul-house__item__gallery__items__item--active': ''\">\n\t\t\t\t\t<img decoding=\"async\" src=\"https:\/\/www.espigul.com\/wp-content\/uploads\/2026\/08\/exclusiva-casa-de-diseno-con-piscina-privada-y-vistas-al-club-de-golf-de-vallromanes-27885594-1300x866.webp\" alt=\"Exclusive designer home with private pool and views of the Vallromanes golf club\" loading=\"lazy\" width=\"100%\" height=\"auto\">\n\t\t\t\t<\/li>\n\t\t\t\t\t\t\t<li class=\"espigul-house__item__gallery__items__item\" x-bind:class=\"2 == active ? 'espigul-house__item__gallery__items__item--active': ''\">\n\t\t\t\t\t<img decoding=\"async\" src=\"https:\/\/www.espigul.com\/wp-content\/uploads\/2026\/08\/exclusiva-casa-de-diseno-con-piscina-privada-y-vistas-al-club-de-golf-de-vallromanes-27885592-1300x866.webp\" alt=\"Exclusive designer home with private pool and views of the Vallromanes golf club\" loading=\"lazy\" width=\"100%\" height=\"auto\">\n\t\t\t\t<\/li>\n\t\t\t\t\t<\/ul>\n\t\t<ul class=\"espigul-house__item__gallery__dots\">\n\t\t\t\t\t\t\t<li class=\"espigul-house__item__gallery__dots__item\" x-bind:class=\"0 == active ? 'espigul-house__item__gallery__dots__item--active': ''\">\n\t\t\t\t<\/li>\n\t\t\t\t\t\t\t<li class=\"espigul-house__item__gallery__dots__item\" x-bind:class=\"1 == active ? 'espigul-house__item__gallery__dots__item--active': ''\">\n\t\t\t\t<\/li>\n\t\t\t\t\t\t\t<li class=\"espigul-house__item__gallery__dots__item\" x-bind:class=\"2 == active ? 'espigul-house__item__gallery__dots__item--active': ''\">\n\t\t\t\t<\/li>\n\t\t\t\t\t<\/ul>\n\t\t<button class=\"espigul-house__item__gallery__arrow espigul-house__item__gallery__arrow--left\" aria-label=\"Previous photo\" @click.stop=\"active === 0 ? active = total - 1 : active--\">\n\t\t\t<svg xmlns=\"http:\/\/www.w3.org\/2000\/svg\" viewBox=\"0 0 40 40\" width=\"40\" height=\"40\" focusable=\"false\"><path d=\"m15.5 0.932-4.3 4.38 14.5 14.6-14.5 14.5 4.3 4.4 14.6-14.6 4.4-4.3-4.4-4.4-14.6-14.6z\"><\/path><\/svg>\n\t\t<\/button>\n\t\t<button class=\"espigul-house__item__gallery__arrow espigul-house__item__gallery__arrow--right\" aria-label=\"Next photo\" @click.stop=\"active === total - 1 ? active = 0 : active++\">\n\t\t\t<svg xmlns=\"http:\/\/www.w3.org\/2000\/svg\" viewBox=\"0 0 40 40\" width=\"40\" height=\"40\" focusable=\"false\"><path d=\"m15.5 0.932-4.3 4.38 14.5 14.6-14.5 14.5 4.3 4.4 14.6-14.6 4.4-4.3-4.4-4.4-14.6-14.6z\"><\/path><\/svg>\n\t\t<\/button>\n\t<\/div>\n\t<div class=\"espigul-house__item__body\">\n\t\t<div class=\"espigul-house__item__body__city\">Maresme | REF 4757<\/div>\n\t\t<h2 class=\"espigul-house__item__body__title flex-grow\">\n\t\t\t<a href=\"https:\/\/www.espigul.com\/en\/real-state\/exclusive-designer-home-with-private-pool-and-views-of-the-vallromanes-golf-club\/\" title=\"Exclusive designer home with private pool and views of the Vallromanes golf club\">Exclusive designer home with private pool and views of the Vallromanes golf club<\/a>\n\t\t<\/h2>\n\t\t<div class=\"espigul-house__item__body__price\">\n\t\t\t1.260.000\u00a0\u20ac\t\t<\/div>\n\t\t<div class=\"espigul-house__item__body__meta\">\n\t\t\t\t\t\t<div class=\"espigul-house__item__body__meta__item\">\n\t\t\t\t<span class=\"espigul-house__item__body__meta__item__label\">Surface<\/span>\n\t\t\t\t<span class=\"espigul-house__item__body__meta__item__value\">\n\t\t\t\t\t400 m<sup>2<\/sup>\t\t\t\t<\/span>\n\t\t\t<\/div>\n\t\t\t\t\t\t<div class=\"espigul-house__item__body__meta__item\">\n\t\t\t\t<span class=\"espigul-house__item__body__meta__item__label\">Bedrooms<\/span>\n\t\t\t\t<span class=\"espigul-house__item__body__meta__item__value\">\n\t\t\t\t\t04\t\t\t\t<\/span>\n\t\t\t<\/div>\n\t\t\t\t\t\t<div class=\"espigul-house__item__body__meta__item\">\n\t\t\t\t<span class=\"espigul-house__item__body__meta__item__label\">Bathrooms<\/span>\n\t\t\t\t<span class=\"espigul-house__item__body__meta__item__value\">\n\t\t\t\t\t04\t\t\t\t<\/span>\n\t\t\t<\/div>\n\t\t\t\t\t<\/div>\n\t<\/div>\n<\/div>\n\t\t\t\t\t<\/li>\n\t\t\t\t\t\t\t\t\t\t<li class=\"splide__slide\">\n\t\t\t\t\t<div class=\"espigul-house__item cursor-pointer\" onClick=\"window.location.assign('https:\/\/www.espigul.com\/en\/real-state\/charming-and-central-penthouse-with-views-over-alella\/');\">\n\t<div class=\"espigul-house__item__gallery espigul-house__item__photo\" x-data=\"{ active : 0, total: 3 }\">\n\t\t\t\t<ul class=\"espigul-house__item__gallery__items\">\n\t\t\t\t\t\t\t<li class=\"espigul-house__item__gallery__items__item\" x-bind:class=\"0 == active ? 'espigul-house__item__gallery__items__item--active': ''\">\n\t\t\t\t\t<img decoding=\"async\" src=\"https:\/\/www.espigul.com\/wp-content\/uploads\/2026\/03\/coqueto-y-centrico-atico-con-vistas-sobre-alella-25095620-1300x866.webp\" alt=\"Charming and central penthouse with views over Alella\" loading=\"lazy\" width=\"100%\" height=\"auto\">\n\t\t\t\t<\/li>\n\t\t\t\t\t\t\t<li class=\"espigul-house__item__gallery__items__item\" x-bind:class=\"1 == active ? 'espigul-house__item__gallery__items__item--active': ''\">\n\t\t\t\t\t<img decoding=\"async\" src=\"https:\/\/www.espigul.com\/wp-content\/uploads\/2026\/03\/coqueto-y-centrico-atico-con-vistas-sobre-alella-25095617-1300x866.webp\" alt=\"Charming and central penthouse with views over Alella\" loading=\"lazy\" width=\"100%\" height=\"auto\">\n\t\t\t\t<\/li>\n\t\t\t\t\t\t\t<li class=\"espigul-house__item__gallery__items__item\" x-bind:class=\"2 == active ? 'espigul-house__item__gallery__items__item--active': ''\">\n\t\t\t\t\t<img decoding=\"async\" src=\"https:\/\/www.espigul.com\/wp-content\/uploads\/2026\/03\/coqueto-y-centrico-atico-con-vistas-sobre-alella-25095618-1300x866.webp\" alt=\"Charming and central penthouse with views over Alella\" loading=\"lazy\" width=\"100%\" height=\"auto\">\n\t\t\t\t<\/li>\n\t\t\t\t\t<\/ul>\n\t\t<ul class=\"espigul-house__item__gallery__dots\">\n\t\t\t\t\t\t\t<li class=\"espigul-house__item__gallery__dots__item\" x-bind:class=\"0 == active ? 'espigul-house__item__gallery__dots__item--active': ''\">\n\t\t\t\t<\/li>\n\t\t\t\t\t\t\t<li class=\"espigul-house__item__gallery__dots__item\" x-bind:class=\"1 == active ? 'espigul-house__item__gallery__dots__item--active': ''\">\n\t\t\t\t<\/li>\n\t\t\t\t\t\t\t<li class=\"espigul-house__item__gallery__dots__item\" x-bind:class=\"2 == active ? 'espigul-house__item__gallery__dots__item--active': ''\">\n\t\t\t\t<\/li>\n\t\t\t\t\t<\/ul>\n\t\t<button class=\"espigul-house__item__gallery__arrow espigul-house__item__gallery__arrow--left\" aria-label=\"Previous photo\" @click.stop=\"active === 0 ? active = total - 1 : active--\">\n\t\t\t<svg xmlns=\"http:\/\/www.w3.org\/2000\/svg\" viewBox=\"0 0 40 40\" width=\"40\" height=\"40\" focusable=\"false\"><path d=\"m15.5 0.932-4.3 4.38 14.5 14.6-14.5 14.5 4.3 4.4 14.6-14.6 4.4-4.3-4.4-4.4-14.6-14.6z\"><\/path><\/svg>\n\t\t<\/button>\n\t\t<button class=\"espigul-house__item__gallery__arrow espigul-house__item__gallery__arrow--right\" aria-label=\"Next photo\" @click.stop=\"active === total - 1 ? active = 0 : active++\">\n\t\t\t<svg xmlns=\"http:\/\/www.w3.org\/2000\/svg\" viewBox=\"0 0 40 40\" width=\"40\" height=\"40\" focusable=\"false\"><path d=\"m15.5 0.932-4.3 4.38 14.5 14.6-14.5 14.5 4.3 4.4 14.6-14.6 4.4-4.3-4.4-4.4-14.6-14.6z\"><\/path><\/svg>\n\t\t<\/button>\n\t<\/div>\n\t<div class=\"espigul-house__item__body\">\n\t\t<div class=\"espigul-house__item__body__city\">Maresme | REF 5152<\/div>\n\t\t<h2 class=\"espigul-house__item__body__title flex-grow\">\n\t\t\t<a href=\"https:\/\/www.espigul.com\/en\/real-state\/charming-and-central-penthouse-with-views-over-alella\/\" title=\"Charming and central penthouse with views over Alella\">Charming and central penthouse with views over Alella<\/a>\n\t\t<\/h2>\n\t\t<div class=\"espigul-house__item__body__price\">\n\t\t\t349.000\u00a0\u20ac\t\t<\/div>\n\t\t<div class=\"espigul-house__item__body__meta\">\n\t\t\t\t\t\t<div class=\"espigul-house__item__body__meta__item\">\n\t\t\t\t<span class=\"espigul-house__item__body__meta__item__label\">Surface<\/span>\n\t\t\t\t<span class=\"espigul-house__item__body__meta__item__value\">\n\t\t\t\t\t68 m<sup>2<\/sup>\t\t\t\t<\/span>\n\t\t\t<\/div>\n\t\t\t\t\t\t<div class=\"espigul-house__item__body__meta__item\">\n\t\t\t\t<span class=\"espigul-house__item__body__meta__item__label\">Bedrooms<\/span>\n\t\t\t\t<span class=\"espigul-house__item__body__meta__item__value\">\n\t\t\t\t\t02\t\t\t\t<\/span>\n\t\t\t<\/div>\n\t\t\t\t\t\t<div class=\"espigul-house__item__body__meta__item\">\n\t\t\t\t<span class=\"espigul-house__item__body__meta__item__label\">Bathrooms<\/span>\n\t\t\t\t<span class=\"espigul-house__item__body__meta__item__value\">\n\t\t\t\t\t01\t\t\t\t<\/span>\n\t\t\t<\/div>\n\t\t\t\t\t<\/div>\n\t<\/div>\n<\/div>\n\t\t\t\t\t<\/li>\n\t\t\t\t\t\t\t\t\t\t<li class=\"splide__slide\">\n\t\t\t\t\t<div class=\"espigul-house__item cursor-pointer\" onClick=\"window.location.assign('https:\/\/www.espigul.com\/en\/real-state\/inverted-duplex-with-panoramic-terrace-in-the-heart-of-sant-andreu-de-llavaneres\/');\">\n\t<div class=\"espigul-house__item__gallery espigul-house__item__photo\" x-data=\"{ active : 0, total: 3 }\">\n\t\t\t\t<ul class=\"espigul-house__item__gallery__items\">\n\t\t\t\t\t\t\t<li class=\"espigul-house__item__gallery__items__item\" x-bind:class=\"0 == active ? 'espigul-house__item__gallery__items__item--active': ''\">\n\t\t\t\t\t<img decoding=\"async\" src=\"https:\/\/www.espigul.com\/wp-content\/uploads\/2026\/08\/duplex-invertido-con-terraza-panoramica-en-el-centro-de-sant-andreu-de-llavaneres-27865195-1300x866.webp\" alt=\"Inverted Duplex with Panoramic Terrace in the Heart of Sant Andreu de Llavaneres\" loading=\"lazy\" width=\"100%\" height=\"auto\">\n\t\t\t\t<\/li>\n\t\t\t\t\t\t\t<li class=\"espigul-house__item__gallery__items__item\" x-bind:class=\"1 == active ? 'espigul-house__item__gallery__items__item--active': ''\">\n\t\t\t\t\t<img decoding=\"async\" src=\"https:\/\/www.espigul.com\/wp-content\/uploads\/2026\/08\/duplex-invertido-con-terraza-panoramica-en-el-centro-de-sant-andreu-de-llavaneres-27865193-1300x866.webp\" alt=\"Inverted Duplex with Panoramic Terrace in the Heart of Sant Andreu de Llavaneres\" loading=\"lazy\" width=\"100%\" height=\"auto\">\n\t\t\t\t<\/li>\n\t\t\t\t\t\t\t<li class=\"espigul-house__item__gallery__items__item\" x-bind:class=\"2 == active ? 'espigul-house__item__gallery__items__item--active': ''\">\n\t\t\t\t\t<img decoding=\"async\" src=\"https:\/\/www.espigul.com\/wp-content\/uploads\/2026\/08\/duplex-invertido-con-terraza-panoramica-en-el-centro-de-sant-andreu-de-llavaneres-27865194-1300x866.webp\" alt=\"Inverted Duplex with Panoramic Terrace in the Heart of Sant Andreu de Llavaneres\" loading=\"lazy\" width=\"100%\" height=\"auto\">\n\t\t\t\t<\/li>\n\t\t\t\t\t<\/ul>\n\t\t<ul class=\"espigul-house__item__gallery__dots\">\n\t\t\t\t\t\t\t<li class=\"espigul-house__item__gallery__dots__item\" x-bind:class=\"0 == active ? 'espigul-house__item__gallery__dots__item--active': ''\">\n\t\t\t\t<\/li>\n\t\t\t\t\t\t\t<li class=\"espigul-house__item__gallery__dots__item\" x-bind:class=\"1 == active ? 'espigul-house__item__gallery__dots__item--active': ''\">\n\t\t\t\t<\/li>\n\t\t\t\t\t\t\t<li class=\"espigul-house__item__gallery__dots__item\" x-bind:class=\"2 == active ? 'espigul-house__item__gallery__dots__item--active': ''\">\n\t\t\t\t<\/li>\n\t\t\t\t\t<\/ul>\n\t\t<button class=\"espigul-house__item__gallery__arrow espigul-house__item__gallery__arrow--left\" aria-label=\"Previous photo\" @click.stop=\"active === 0 ? active = total - 1 : active--\">\n\t\t\t<svg xmlns=\"http:\/\/www.w3.org\/2000\/svg\" viewBox=\"0 0 40 40\" width=\"40\" height=\"40\" focusable=\"false\"><path d=\"m15.5 0.932-4.3 4.38 14.5 14.6-14.5 14.5 4.3 4.4 14.6-14.6 4.4-4.3-4.4-4.4-14.6-14.6z\"><\/path><\/svg>\n\t\t<\/button>\n\t\t<button class=\"espigul-house__item__gallery__arrow espigul-house__item__gallery__arrow--right\" aria-label=\"Next photo\" @click.stop=\"active === total - 1 ? active = 0 : active++\">\n\t\t\t<svg xmlns=\"http:\/\/www.w3.org\/2000\/svg\" viewBox=\"0 0 40 40\" width=\"40\" height=\"40\" focusable=\"false\"><path d=\"m15.5 0.932-4.3 4.38 14.5 14.6-14.5 14.5 4.3 4.4 14.6-14.6 4.4-4.3-4.4-4.4-14.6-14.6z\"><\/path><\/svg>\n\t\t<\/button>\n\t<\/div>\n\t<div class=\"espigul-house__item__body\">\n\t\t<div class=\"espigul-house__item__body__city\">Maresme | REF 4233<\/div>\n\t\t<h2 class=\"espigul-house__item__body__title flex-grow\">\n\t\t\t<a href=\"https:\/\/www.espigul.com\/en\/real-state\/inverted-duplex-with-panoramic-terrace-in-the-heart-of-sant-andreu-de-llavaneres\/\" title=\"Inverted Duplex with Panoramic Terrace in the Heart of Sant Andreu de Llavaneres\">Inverted Duplex with Panoramic Terrace in the Heart of Sant Andreu de Llavaneres<\/a>\n\t\t<\/h2>\n\t\t<div class=\"espigul-house__item__body__price\">\n\t\t\t592.000\u00a0\u20ac\t\t<\/div>\n\t\t<div class=\"espigul-house__item__body__meta\">\n\t\t\t\t\t\t<div class=\"espigul-house__item__body__meta__item\">\n\t\t\t\t<span class=\"espigul-house__item__body__meta__item__label\">Surface<\/span>\n\t\t\t\t<span class=\"espigul-house__item__body__meta__item__value\">\n\t\t\t\t\t128 m<sup>2<\/sup>\t\t\t\t<\/span>\n\t\t\t<\/div>\n\t\t\t\t\t\t<div class=\"espigul-house__item__body__meta__item\">\n\t\t\t\t<span class=\"espigul-house__item__body__meta__item__label\">Bedrooms<\/span>\n\t\t\t\t<span class=\"espigul-house__item__body__meta__item__value\">\n\t\t\t\t\t04\t\t\t\t<\/span>\n\t\t\t<\/div>\n\t\t\t\t\t\t<div class=\"espigul-house__item__body__meta__item\">\n\t\t\t\t<span class=\"espigul-house__item__body__meta__item__label\">Bathrooms<\/span>\n\t\t\t\t<span class=\"espigul-house__item__body__meta__item__value\">\n\t\t\t\t\t03\t\t\t\t<\/span>\n\t\t\t<\/div>\n\t\t\t\t\t<\/div>\n\t<\/div>\n<\/div>\n\t\t\t\t\t<\/li>\n\t\t\t\t\t\t\t\t\t\t<li class=\"splide__slide\">\n\t\t\t\t\t<div class=\"espigul-house__item cursor-pointer\" onClick=\"window.location.assign('https:\/\/www.espigul.com\/en\/real-state\/exclusive-contemporary-residence-with-sea-views-in-sant-vicenc-de-montalt\/');\">\n\t<div class=\"espigul-house__item__gallery espigul-house__item__photo\" x-data=\"{ active : 0, total: 3 }\">\n\t\t\t\t<ul class=\"espigul-house__item__gallery__items\">\n\t\t\t\t\t\t\t<li class=\"espigul-house__item__gallery__items__item\" x-bind:class=\"0 == active ? 'espigul-house__item__gallery__items__item--active': ''\">\n\t\t\t\t\t<img decoding=\"async\" src=\"https:\/\/www.espigul.com\/wp-content\/uploads\/2026\/07\/exclusiva-residencia-contemporanea-con-vistas-al-mar-en-sant-vicenc-de-montalt-27413231-1300x975.webp\" alt=\"Exclusive contemporary residence with sea views in Sant Vicen\u00e7 de Montalt\" loading=\"lazy\" width=\"100%\" height=\"auto\">\n\t\t\t\t<\/li>\n\t\t\t\t\t\t\t<li class=\"espigul-house__item__gallery__items__item\" x-bind:class=\"1 == active ? 'espigul-house__item__gallery__items__item--active': ''\">\n\t\t\t\t\t<img decoding=\"async\" src=\"https:\/\/www.espigul.com\/wp-content\/uploads\/2026\/07\/exclusiva-residencia-contemporanea-con-vistas-al-mar-en-sant-vicenc-de-montalt-27413236-1300x975.webp\" alt=\"Exclusive contemporary residence with sea views in Sant Vicen\u00e7 de Montalt\" loading=\"lazy\" width=\"100%\" height=\"auto\">\n\t\t\t\t<\/li>\n\t\t\t\t\t\t\t<li class=\"espigul-house__item__gallery__items__item\" x-bind:class=\"2 == active ? 'espigul-house__item__gallery__items__item--active': ''\">\n\t\t\t\t\t<img decoding=\"async\" src=\"https:\/\/www.espigul.com\/wp-content\/uploads\/2026\/07\/exclusiva-residencia-contemporanea-con-vistas-al-mar-en-sant-vicenc-de-montalt-27413227-1300x975.webp\" alt=\"Exclusive contemporary residence with sea views in Sant Vicen\u00e7 de Montalt\" loading=\"lazy\" width=\"100%\" height=\"auto\">\n\t\t\t\t<\/li>\n\t\t\t\t\t<\/ul>\n\t\t<ul class=\"espigul-house__item__gallery__dots\">\n\t\t\t\t\t\t\t<li class=\"espigul-house__item__gallery__dots__item\" x-bind:class=\"0 == active ? 'espigul-house__item__gallery__dots__item--active': ''\">\n\t\t\t\t<\/li>\n\t\t\t\t\t\t\t<li class=\"espigul-house__item__gallery__dots__item\" x-bind:class=\"1 == active ? 'espigul-house__item__gallery__dots__item--active': ''\">\n\t\t\t\t<\/li>\n\t\t\t\t\t\t\t<li class=\"espigul-house__item__gallery__dots__item\" x-bind:class=\"2 == active ? 'espigul-house__item__gallery__dots__item--active': ''\">\n\t\t\t\t<\/li>\n\t\t\t\t\t<\/ul>\n\t\t<button class=\"espigul-house__item__gallery__arrow espigul-house__item__gallery__arrow--left\" aria-label=\"Previous photo\" @click.stop=\"active === 0 ? active = total - 1 : active--\">\n\t\t\t<svg xmlns=\"http:\/\/www.w3.org\/2000\/svg\" viewBox=\"0 0 40 40\" width=\"40\" height=\"40\" focusable=\"false\"><path d=\"m15.5 0.932-4.3 4.38 14.5 14.6-14.5 14.5 4.3 4.4 14.6-14.6 4.4-4.3-4.4-4.4-14.6-14.6z\"><\/path><\/svg>\n\t\t<\/button>\n\t\t<button class=\"espigul-house__item__gallery__arrow espigul-house__item__gallery__arrow--right\" aria-label=\"Next photo\" @click.stop=\"active === total - 1 ? active = 0 : active++\">\n\t\t\t<svg xmlns=\"http:\/\/www.w3.org\/2000\/svg\" viewBox=\"0 0 40 40\" width=\"40\" height=\"40\" focusable=\"false\"><path d=\"m15.5 0.932-4.3 4.38 14.5 14.6-14.5 14.5 4.3 4.4 14.6-14.6 4.4-4.3-4.4-4.4-14.6-14.6z\"><\/path><\/svg>\n\t\t<\/button>\n\t<\/div>\n\t<div class=\"espigul-house__item__body\">\n\t\t<div class=\"espigul-house__item__body__city\">Sant Vicen\u00e7 de Montalt | REF 6211<\/div>\n\t\t<h2 class=\"espigul-house__item__body__title flex-grow\">\n\t\t\t<a href=\"https:\/\/www.espigul.com\/en\/real-state\/exclusive-contemporary-residence-with-sea-views-in-sant-vicenc-de-montalt\/\" title=\"Exclusive contemporary residence with sea views in Sant Vicen\u00e7 de Montalt\">Exclusive contemporary residence with sea views in Sant Vicen\u00e7 de Montalt<\/a>\n\t\t<\/h2>\n\t\t<div class=\"espigul-house__item__body__price\">\n\t\t\t2.200.000\u00a0\u20ac\t\t<\/div>\n\t\t<div class=\"espigul-house__item__body__meta\">\n\t\t\t\t\t\t<div class=\"espigul-house__item__body__meta__item\">\n\t\t\t\t<span class=\"espigul-house__item__body__meta__item__label\">Surface<\/span>\n\t\t\t\t<span class=\"espigul-house__item__body__meta__item__value\">\n\t\t\t\t\t400 m<sup>2<\/sup>\t\t\t\t<\/span>\n\t\t\t<\/div>\n\t\t\t\t\t\t<div class=\"espigul-house__item__body__meta__item\">\n\t\t\t\t<span class=\"espigul-house__item__body__meta__item__label\">Bedrooms<\/span>\n\t\t\t\t<span class=\"espigul-house__item__body__meta__item__value\">\n\t\t\t\t\t05\t\t\t\t<\/span>\n\t\t\t<\/div>\n\t\t\t\t\t\t<div class=\"espigul-house__item__body__meta__item\">\n\t\t\t\t<span class=\"espigul-house__item__body__meta__item__label\">Bathrooms<\/span>\n\t\t\t\t<span class=\"espigul-house__item__body__meta__item__value\">\n\t\t\t\t\t05\t\t\t\t<\/span>\n\t\t\t<\/div>\n\t\t\t\t\t<\/div>\n\t<\/div>\n<\/div>\n\t\t\t\t\t<\/li>\n\t\t\t\t\t\t\t\t\t\t<li class=\"splide__slide\">\n\t\t\t\t\t<div class=\"espigul-house__item cursor-pointer\" onClick=\"window.location.assign('https:\/\/www.espigul.com\/en\/real-state\/exclusive-detached-villa-very-close-to-the-centre-of-teia\/');\">\n\t<div class=\"espigul-house__item__gallery espigul-house__item__photo\" x-data=\"{ active : 0, total: 3 }\">\n\t\t\t\t<ul class=\"espigul-house__item__gallery__items\">\n\t\t\t\t\t\t\t<li class=\"espigul-house__item__gallery__items__item\" x-bind:class=\"0 == active ? 'espigul-house__item__gallery__items__item--active': ''\">\n\t\t\t\t\t<img decoding=\"async\" src=\"https:\/\/www.espigul.com\/wp-content\/uploads\/2026\/07\/exclusivo-chalet-independiente-muy-proximo-al-centro-de-teia-27632959-1300x866.webp\" alt=\"Exclusive detached villa very close to the centre of Tei\u00e0\" loading=\"lazy\" width=\"100%\" height=\"auto\">\n\t\t\t\t<\/li>\n\t\t\t\t\t\t\t<li class=\"espigul-house__item__gallery__items__item\" x-bind:class=\"1 == active ? 'espigul-house__item__gallery__items__item--active': ''\">\n\t\t\t\t\t<img decoding=\"async\" src=\"https:\/\/www.espigul.com\/wp-content\/uploads\/2026\/07\/exclusivo-chalet-independiente-muy-proximo-al-centro-de-teia-27632990-1300x866.webp\" alt=\"Exclusive detached villa very close to the centre of Tei\u00e0\" loading=\"lazy\" width=\"100%\" height=\"auto\">\n\t\t\t\t<\/li>\n\t\t\t\t\t\t\t<li class=\"espigul-house__item__gallery__items__item\" x-bind:class=\"2 == active ? 'espigul-house__item__gallery__items__item--active': ''\">\n\t\t\t\t\t<img decoding=\"async\" src=\"https:\/\/www.espigul.com\/wp-content\/uploads\/2026\/07\/exclusivo-chalet-independiente-muy-proximo-al-centro-de-teia-27632599-1300x866.webp\" alt=\"Exclusive detached villa very close to the centre of Tei\u00e0\" loading=\"lazy\" width=\"100%\" height=\"auto\">\n\t\t\t\t<\/li>\n\t\t\t\t\t<\/ul>\n\t\t<ul class=\"espigul-house__item__gallery__dots\">\n\t\t\t\t\t\t\t<li class=\"espigul-house__item__gallery__dots__item\" x-bind:class=\"0 == active ? 'espigul-house__item__gallery__dots__item--active': ''\">\n\t\t\t\t<\/li>\n\t\t\t\t\t\t\t<li class=\"espigul-house__item__gallery__dots__item\" x-bind:class=\"1 == active ? 'espigul-house__item__gallery__dots__item--active': ''\">\n\t\t\t\t<\/li>\n\t\t\t\t\t\t\t<li class=\"espigul-house__item__gallery__dots__item\" x-bind:class=\"2 == active ? 'espigul-house__item__gallery__dots__item--active': ''\">\n\t\t\t\t<\/li>\n\t\t\t\t\t<\/ul>\n\t\t<button class=\"espigul-house__item__gallery__arrow espigul-house__item__gallery__arrow--left\" aria-label=\"Previous photo\" @click.stop=\"active === 0 ? active = total - 1 : active--\">\n\t\t\t<svg xmlns=\"http:\/\/www.w3.org\/2000\/svg\" viewBox=\"0 0 40 40\" width=\"40\" height=\"40\" focusable=\"false\"><path d=\"m15.5 0.932-4.3 4.38 14.5 14.6-14.5 14.5 4.3 4.4 14.6-14.6 4.4-4.3-4.4-4.4-14.6-14.6z\"><\/path><\/svg>\n\t\t<\/button>\n\t\t<button class=\"espigul-house__item__gallery__arrow espigul-house__item__gallery__arrow--right\" aria-label=\"Next photo\" @click.stop=\"active === total - 1 ? active = 0 : active++\">\n\t\t\t<svg xmlns=\"http:\/\/www.w3.org\/2000\/svg\" viewBox=\"0 0 40 40\" width=\"40\" height=\"40\" focusable=\"false\"><path d=\"m15.5 0.932-4.3 4.38 14.5 14.6-14.5 14.5 4.3 4.4 14.6-14.6 4.4-4.3-4.4-4.4-14.6-14.6z\"><\/path><\/svg>\n\t\t<\/button>\n\t<\/div>\n\t<div class=\"espigul-house__item__body\">\n\t\t<div class=\"espigul-house__item__body__city\">Tei\u00e0 | REF 6210<\/div>\n\t\t<h2 class=\"espigul-house__item__body__title flex-grow\">\n\t\t\t<a href=\"https:\/\/www.espigul.com\/en\/real-state\/exclusive-detached-villa-very-close-to-the-centre-of-teia\/\" title=\"Exclusive detached villa very close to the centre of Tei\u00e0\">Exclusive detached villa very close to the centre of Tei\u00e0<\/a>\n\t\t<\/h2>\n\t\t<div class=\"espigul-house__item__body__price\">\n\t\t\t1.590.000\u00a0\u20ac\t\t<\/div>\n\t\t<div class=\"espigul-house__item__body__meta\">\n\t\t\t\t\t\t<div class=\"espigul-house__item__body__meta__item\">\n\t\t\t\t<span class=\"espigul-house__item__body__meta__item__label\">Surface<\/span>\n\t\t\t\t<span class=\"espigul-house__item__body__meta__item__value\">\n\t\t\t\t\t533 m<sup>2<\/sup>\t\t\t\t<\/span>\n\t\t\t<\/div>\n\t\t\t\t\t\t<div class=\"espigul-house__item__body__meta__item\">\n\t\t\t\t<span class=\"espigul-house__item__body__meta__item__label\">Bedrooms<\/span>\n\t\t\t\t<span class=\"espigul-house__item__body__meta__item__value\">\n\t\t\t\t\t04\t\t\t\t<\/span>\n\t\t\t<\/div>\n\t\t\t\t\t\t<div class=\"espigul-house__item__body__meta__item\">\n\t\t\t\t<span class=\"espigul-house__item__body__meta__item__label\">Bathrooms<\/span>\n\t\t\t\t<span class=\"espigul-house__item__body__meta__item__value\">\n\t\t\t\t\t03\t\t\t\t<\/span>\n\t\t\t<\/div>\n\t\t\t\t\t<\/div>\n\t<\/div>\n<\/div>\n\t\t\t\t\t<\/li>\n\t\t\t\t\t\t\t\t\t\t<li class=\"splide__slide\">\n\t\t\t\t\t<div class=\"espigul-house__item cursor-pointer\" onClick=\"window.location.assign('https:\/\/www.espigul.com\/en\/real-state\/townhouse-with-private-pool-in-the-center-of-premia-de-mar\/');\">\n\t<div class=\"espigul-house__item__gallery espigul-house__item__photo\" x-data=\"{ active : 0, total: 3 }\">\n\t\t\t\t<ul class=\"espigul-house__item__gallery__items\">\n\t\t\t\t\t\t\t<li class=\"espigul-house__item__gallery__items__item\" x-bind:class=\"0 == active ? 'espigul-house__item__gallery__items__item--active': ''\">\n\t\t\t\t\t<img decoding=\"async\" src=\"https:\/\/www.espigul.com\/wp-content\/uploads\/2026\/07\/casa-adosada-con-piscina-privada-en-el-centro-de-premia-de-mar-27311617-1300x866.webp\" alt=\"Townhouse with private pool in the center of Premi\u00e0 de Mar\" loading=\"lazy\" width=\"100%\" height=\"auto\">\n\t\t\t\t<\/li>\n\t\t\t\t\t\t\t<li class=\"espigul-house__item__gallery__items__item\" x-bind:class=\"1 == active ? 'espigul-house__item__gallery__items__item--active': ''\">\n\t\t\t\t\t<img decoding=\"async\" src=\"https:\/\/www.espigul.com\/wp-content\/uploads\/2026\/07\/casa-adosada-con-piscina-privada-en-el-centro-de-premia-de-mar-27309475-1300x866.webp\" alt=\"Townhouse with private pool in the center of Premi\u00e0 de Mar\" loading=\"lazy\" width=\"100%\" height=\"auto\">\n\t\t\t\t<\/li>\n\t\t\t\t\t\t\t<li class=\"espigul-house__item__gallery__items__item\" x-bind:class=\"2 == active ? 'espigul-house__item__gallery__items__item--active': ''\">\n\t\t\t\t\t<img decoding=\"async\" src=\"https:\/\/www.espigul.com\/wp-content\/uploads\/2026\/07\/casa-adosada-con-piscina-privada-en-el-centro-de-premia-de-mar-27312554-1300x872.webp\" alt=\"Townhouse with private pool in the center of Premi\u00e0 de Mar\" loading=\"lazy\" width=\"100%\" height=\"auto\">\n\t\t\t\t<\/li>\n\t\t\t\t\t<\/ul>\n\t\t<ul class=\"espigul-house__item__gallery__dots\">\n\t\t\t\t\t\t\t<li class=\"espigul-house__item__gallery__dots__item\" x-bind:class=\"0 == active ? 'espigul-house__item__gallery__dots__item--active': ''\">\n\t\t\t\t<\/li>\n\t\t\t\t\t\t\t<li class=\"espigul-house__item__gallery__dots__item\" x-bind:class=\"1 == active ? 'espigul-house__item__gallery__dots__item--active': ''\">\n\t\t\t\t<\/li>\n\t\t\t\t\t\t\t<li class=\"espigul-house__item__gallery__dots__item\" x-bind:class=\"2 == active ? 'espigul-house__item__gallery__dots__item--active': ''\">\n\t\t\t\t<\/li>\n\t\t\t\t\t<\/ul>\n\t\t<button class=\"espigul-house__item__gallery__arrow espigul-house__item__gallery__arrow--left\" aria-label=\"Previous photo\" @click.stop=\"active === 0 ? active = total - 1 : active--\">\n\t\t\t<svg xmlns=\"http:\/\/www.w3.org\/2000\/svg\" viewBox=\"0 0 40 40\" width=\"40\" height=\"40\" focusable=\"false\"><path d=\"m15.5 0.932-4.3 4.38 14.5 14.6-14.5 14.5 4.3 4.4 14.6-14.6 4.4-4.3-4.4-4.4-14.6-14.6z\"><\/path><\/svg>\n\t\t<\/button>\n\t\t<button class=\"espigul-house__item__gallery__arrow espigul-house__item__gallery__arrow--right\" aria-label=\"Next photo\" @click.stop=\"active === total - 1 ? active = 0 : active++\">\n\t\t\t<svg xmlns=\"http:\/\/www.w3.org\/2000\/svg\" viewBox=\"0 0 40 40\" width=\"40\" height=\"40\" focusable=\"false\"><path d=\"m15.5 0.932-4.3 4.38 14.5 14.6-14.5 14.5 4.3 4.4 14.6-14.6 4.4-4.3-4.4-4.4-14.6-14.6z\"><\/path><\/svg>\n\t\t<\/button>\n\t<\/div>\n\t<div class=\"espigul-house__item__body\">\n\t\t<div class=\"espigul-house__item__body__city\">Maresme | REF 5957<\/div>\n\t\t<h2 class=\"espigul-house__item__body__title flex-grow\">\n\t\t\t<a href=\"https:\/\/www.espigul.com\/en\/real-state\/townhouse-with-private-pool-in-the-center-of-premia-de-mar\/\" title=\"Townhouse with private pool in the center of Premi\u00e0 de Mar\">Townhouse with private pool in the center of Premi\u00e0 de Mar<\/a>\n\t\t<\/h2>\n\t\t<div class=\"espigul-house__item__body__price\">\n\t\t\t620.000\u00a0\u20ac\t\t<\/div>\n\t\t<div class=\"espigul-house__item__body__meta\">\n\t\t\t\t\t\t<div class=\"espigul-house__item__body__meta__item\">\n\t\t\t\t<span class=\"espigul-house__item__body__meta__item__label\">Surface<\/span>\n\t\t\t\t<span class=\"espigul-house__item__body__meta__item__value\">\n\t\t\t\t\t251 m<sup>2<\/sup>\t\t\t\t<\/span>\n\t\t\t<\/div>\n\t\t\t\t\t\t<div class=\"espigul-house__item__body__meta__item\">\n\t\t\t\t<span class=\"espigul-house__item__body__meta__item__label\">Bedrooms<\/span>\n\t\t\t\t<span class=\"espigul-house__item__body__meta__item__value\">\n\t\t\t\t\t04\t\t\t\t<\/span>\n\t\t\t<\/div>\n\t\t\t\t\t\t<div class=\"espigul-house__item__body__meta__item\">\n\t\t\t\t<span class=\"espigul-house__item__body__meta__item__label\">Bathrooms<\/span>\n\t\t\t\t<span class=\"espigul-house__item__body__meta__item__value\">\n\t\t\t\t\t02\t\t\t\t<\/span>\n\t\t\t<\/div>\n\t\t\t\t\t<\/div>\n\t<\/div>\n<\/div>\n\t\t\t\t\t<\/li>\n\t\t\t\t\t\t\t\t<\/ul>\n\t\t<\/div>\n\t<\/div>\n<\/div>\n<script>\n\tdocument.addEventListener( 'DOMContentLoaded', function() {\n\t\tvar main = new Splide( '#carousel-1976398', {\n\t\t\tfixedWidth: '90vw',\n\t\t\tgap: '0.5rem',\n\t\t\tpagination: false,\n\t\t\tarrows: true,\n\t\t\tpadding: '1rem',\n\t\t\tmediaQuery: 'min',\n\t\t\tbreakpoints: {\n\t\t\t\t720: {\n\t\t\t\t\tfixedWidth: null,\n\t\t\t\t\tperPage: 3,\n\t\t\t\t\tarrows: true,\n\t\t\t\t},\n\t\t\t\t1024: {\n\t\t\t\t\tperPage: 4\n\t\t\t\t},\n\t\t}\n\t\t} );\n\t\tmain.mount();\n\t} );\n<\/script>\n<\/div><\/div>\n","protected":false},"excerpt":{"rendered":"<p>RAMBLA \u00c0NGEL GUIMER\u00c0 4408328 ALELLA MARESME REAL ESTATE +34 972 220 110MARESME@ESPIGUL.COM We drive projects, we care for people. Esp\u00edgul is the leading real estate agency in Maresme. We are specialists in the purchase, sale, and rental of properties in Maresme, one of the most attractive areas of the Catalan coast. With extensive experience in&#8230;<\/p>\n","protected":false},"author":9,"featured_media":0,"parent":0,"menu_order":0,"comment_status":"closed","ping_status":"closed","template":"","meta":{"_acf_changed":false,"_uag_custom_page_level_css":"","footnotes":""},"class_list":["post-479799","page","type-page","status-publish","hentry"],"acf":[],"yoast_head":"<!-- This site is optimized with the Yoast SEO plugin v28.4 - https:\/\/yoast.com\/product\/yoast-seo-wordpress\/ -->\n<title>Maresme Real Estate - Esp\u00edgul<\/title>\n<meta name=\"robots\" content=\"index, follow, max-snippet:-1, max-image-preview:large, max-video-preview:-1\" \/>\n<link rel=\"canonical\" href=\"https:\/\/www.espigul.com\/en\/maresme-real-estate-2\/\" \/>\n<meta property=\"og:locale\" content=\"en_US\" \/>\n<meta property=\"og:type\" content=\"article\" \/>\n<meta property=\"og:title\" content=\"Maresme Real Estate - Esp\u00edgul\" \/>\n<meta property=\"og:description\" content=\"RAMBLA \u00c0NGEL GUIMER\u00c0 4408328 ALELLA MARESME REAL ESTATE +34 972 220 110MARESME@ESPIGUL.COM We drive projects, we care for people. Esp\u00edgul is the leading real estate agency in Maresme. We are specialists in the purchase, sale, and rental of properties in Maresme, one of the most attractive areas of the Catalan coast. With extensive experience in...\" \/>\n<meta property=\"og:url\" content=\"https:\/\/www.espigul.com\/en\/maresme-real-estate-2\/\" \/>\n<meta property=\"og:site_name\" content=\"Esp\u00edgul\" \/>\n<meta property=\"article:modified_time\" content=\"2026-09-03T11:56:06+00:00\" \/>\n<meta property=\"og:image\" content=\"https:\/\/www.espigul.com\/wp-content\/uploads\/2026\/09\/maresme-02.jpg\" \/>\n\t<meta property=\"og:image:width\" content=\"320\" \/>\n\t<meta property=\"og:image:height\" content=\"334\" \/>\n\t<meta property=\"og:image:type\" content=\"image\/jpeg\" \/>\n<meta name=\"twitter:card\" content=\"summary_large_image\" \/>\n<meta name=\"twitter:label1\" content=\"Est. reading time\" \/>\n\t<meta name=\"twitter:data1\" content=\"2 minutes\" \/>\n<script type=\"application\/ld+json\" class=\"yoast-schema-graph\">{\"@context\":\"https:\\\/\\\/schema.org\",\"@graph\":[{\"@type\":\"WebPage\",\"@id\":\"https:\\\/\\\/www.espigul.com\\\/en\\\/maresme-real-estate-2\\\/\",\"url\":\"https:\\\/\\\/www.espigul.com\\\/en\\\/maresme-real-estate-2\\\/\",\"name\":\"Maresme Real Estate - Esp\u00edgul\",\"isPartOf\":{\"@id\":\"https:\\\/\\\/www.espigul.com\\\/en\\\/#website\"},\"primaryImageOfPage\":{\"@id\":\"https:\\\/\\\/www.espigul.com\\\/en\\\/maresme-real-estate-2\\\/#primaryimage\"},\"image\":{\"@id\":\"https:\\\/\\\/www.espigul.com\\\/en\\\/maresme-real-estate-2\\\/#primaryimage\"},\"thumbnailUrl\":\"https:\\\/\\\/www.espigul.com\\\/wp-content\\\/uploads\\\/2026\\\/09\\\/maresme-02.jpg\",\"datePublished\":\"2026-09-03T09:59:39+00:00\",\"dateModified\":\"2026-09-03T11:56:06+00:00\",\"breadcrumb\":{\"@id\":\"https:\\\/\\\/www.espigul.com\\\/en\\\/maresme-real-estate-2\\\/#breadcrumb\"},\"inLanguage\":\"en-US\",\"potentialAction\":[{\"@type\":\"ReadAction\",\"target\":[\"https:\\\/\\\/www.espigul.com\\\/en\\\/maresme-real-estate-2\\\/\"]}]},{\"@type\":\"ImageObject\",\"inLanguage\":\"en-US\",\"@id\":\"https:\\\/\\\/www.espigul.com\\\/en\\\/maresme-real-estate-2\\\/#primaryimage\",\"url\":\"https:\\\/\\\/www.espigul.com\\\/wp-content\\\/uploads\\\/2026\\\/09\\\/maresme-02.jpg\",\"contentUrl\":\"https:\\\/\\\/www.espigul.com\\\/wp-content\\\/uploads\\\/2026\\\/09\\\/maresme-02.jpg\"},{\"@type\":\"BreadcrumbList\",\"@id\":\"https:\\\/\\\/www.espigul.com\\\/en\\\/maresme-real-estate-2\\\/#breadcrumb\",\"itemListElement\":[{\"@type\":\"ListItem\",\"position\":1,\"name\":\"Inici\",\"item\":\"https:\\\/\\\/www.espigul.com\\\/en\\\/home-2\\\/\"},{\"@type\":\"ListItem\",\"position\":2,\"name\":\"Maresme Real Estate\"}]},{\"@type\":\"WebSite\",\"@id\":\"https:\\\/\\\/www.espigul.com\\\/en\\\/#website\",\"url\":\"https:\\\/\\\/www.espigul.com\\\/en\\\/\",\"name\":\"Esp\u00edgul\",\"description\":\"La immobili\u00e0ria l\u00edder de Girona\",\"publisher\":{\"@id\":\"https:\\\/\\\/www.espigul.com\\\/en\\\/#organization\"},\"potentialAction\":[{\"@type\":\"SearchAction\",\"target\":{\"@type\":\"EntryPoint\",\"urlTemplate\":\"https:\\\/\\\/www.espigul.com\\\/en\\\/?s={search_term_string}\"},\"query-input\":{\"@type\":\"PropertyValueSpecification\",\"valueRequired\":true,\"valueName\":\"search_term_string\"}}],\"inLanguage\":\"en-US\"},{\"@type\":\"Organization\",\"@id\":\"https:\\\/\\\/www.espigul.com\\\/en\\\/#organization\",\"name\":\"Esp\u00edgul\",\"url\":\"https:\\\/\\\/www.espigul.com\\\/en\\\/\",\"logo\":{\"@type\":\"ImageObject\",\"inLanguage\":\"en-US\",\"@id\":\"https:\\\/\\\/www.espigul.com\\\/en\\\/#\\\/schema\\\/logo\\\/image\\\/\",\"url\":\"https:\\\/\\\/www.espigul.com\\\/wp-content\\\/uploads\\\/2023\\\/08\\\/espigul-block.png\",\"contentUrl\":\"https:\\\/\\\/www.espigul.com\\\/wp-content\\\/uploads\\\/2023\\\/08\\\/espigul-block.png\",\"width\":384,\"height\":240,\"caption\":\"Esp\u00edgul\"},\"image\":{\"@id\":\"https:\\\/\\\/www.espigul.com\\\/en\\\/#\\\/schema\\\/logo\\\/image\\\/\"},\"sameAs\":[\"https:\\\/\\\/www.instagram.com\\\/immoespigul\\\/\",\"https:\\\/\\\/www.youtube.com\\\/channel\\\/UCYyD-WWfbCFpCXau4SQOGKQ\"]}]}<\/script>\n<!-- \/ Yoast SEO plugin. -->","yoast_head_json":{"title":"Maresme Real Estate - Esp\u00edgul","robots":{"index":"index","follow":"follow","max-snippet":"max-snippet:-1","max-image-preview":"max-image-preview:large","max-video-preview":"max-video-preview:-1"},"canonical":"https:\/\/www.espigul.com\/en\/maresme-real-estate-2\/","og_locale":"en_US","og_type":"article","og_title":"Maresme Real Estate - Esp\u00edgul","og_description":"RAMBLA \u00c0NGEL GUIMER\u00c0 4408328 ALELLA MARESME REAL ESTATE +34 972 220 110MARESME@ESPIGUL.COM We drive projects, we care for people. Esp\u00edgul is the leading real estate agency in Maresme. We are specialists in the purchase, sale, and rental of properties in Maresme, one of the most attractive areas of the Catalan coast. With extensive experience in...","og_url":"https:\/\/www.espigul.com\/en\/maresme-real-estate-2\/","og_site_name":"Esp\u00edgul","article_modified_time":"2026-09-03T11:56:06+00:00","og_image":[{"width":320,"height":334,"url":"https:\/\/www.espigul.com\/wp-content\/uploads\/2026\/09\/maresme-02.jpg","type":"image\/jpeg"}],"twitter_card":"summary_large_image","twitter_misc":{"Est. reading time":"2 minutes"},"schema":{"@context":"https:\/\/schema.org","@graph":[{"@type":"WebPage","@id":"https:\/\/www.espigul.com\/en\/maresme-real-estate-2\/","url":"https:\/\/www.espigul.com\/en\/maresme-real-estate-2\/","name":"Maresme Real Estate - Esp\u00edgul","isPartOf":{"@id":"https:\/\/www.espigul.com\/en\/#website"},"primaryImageOfPage":{"@id":"https:\/\/www.espigul.com\/en\/maresme-real-estate-2\/#primaryimage"},"image":{"@id":"https:\/\/www.espigul.com\/en\/maresme-real-estate-2\/#primaryimage"},"thumbnailUrl":"https:\/\/www.espigul.com\/wp-content\/uploads\/2026\/09\/maresme-02.jpg","datePublished":"2026-09-03T09:59:39+00:00","dateModified":"2026-09-03T11:56:06+00:00","breadcrumb":{"@id":"https:\/\/www.espigul.com\/en\/maresme-real-estate-2\/#breadcrumb"},"inLanguage":"en-US","potentialAction":[{"@type":"ReadAction","target":["https:\/\/www.espigul.com\/en\/maresme-real-estate-2\/"]}]},{"@type":"ImageObject","inLanguage":"en-US","@id":"https:\/\/www.espigul.com\/en\/maresme-real-estate-2\/#primaryimage","url":"https:\/\/www.espigul.com\/wp-content\/uploads\/2026\/09\/maresme-02.jpg","contentUrl":"https:\/\/www.espigul.com\/wp-content\/uploads\/2026\/09\/maresme-02.jpg"},{"@type":"BreadcrumbList","@id":"https:\/\/www.espigul.com\/en\/maresme-real-estate-2\/#breadcrumb","itemListElement":[{"@type":"ListItem","position":1,"name":"Inici","item":"https:\/\/www.espigul.com\/en\/home-2\/"},{"@type":"ListItem","position":2,"name":"Maresme Real Estate"}]},{"@type":"WebSite","@id":"https:\/\/www.espigul.com\/en\/#website","url":"https:\/\/www.espigul.com\/en\/","name":"Esp\u00edgul","description":"La immobili\u00e0ria l\u00edder de Girona","publisher":{"@id":"https:\/\/www.espigul.com\/en\/#organization"},"potentialAction":[{"@type":"SearchAction","target":{"@type":"EntryPoint","urlTemplate":"https:\/\/www.espigul.com\/en\/?s={search_term_string}"},"query-input":{"@type":"PropertyValueSpecification","valueRequired":true,"valueName":"search_term_string"}}],"inLanguage":"en-US"},{"@type":"Organization","@id":"https:\/\/www.espigul.com\/en\/#organization","name":"Esp\u00edgul","url":"https:\/\/www.espigul.com\/en\/","logo":{"@type":"ImageObject","inLanguage":"en-US","@id":"https:\/\/www.espigul.com\/en\/#\/schema\/logo\/image\/","url":"https:\/\/www.espigul.com\/wp-content\/uploads\/2023\/08\/espigul-block.png","contentUrl":"https:\/\/www.espigul.com\/wp-content\/uploads\/2023\/08\/espigul-block.png","width":384,"height":240,"caption":"Esp\u00edgul"},"image":{"@id":"https:\/\/www.espigul.com\/en\/#\/schema\/logo\/image\/"},"sameAs":["https:\/\/www.instagram.com\/immoespigul\/","https:\/\/www.youtube.com\/channel\/UCYyD-WWfbCFpCXau4SQOGKQ"]}]}},"uagb_featured_image_src":{"full":false,"thumbnail":false,"medium":false,"medium_large":false,"large":false,"1536x1536":false,"2048x2048":false,"gform-image-choice-sm":false,"gform-image-choice-md":false,"gform-image-choice-lg":false},"uagb_author_info":{"display_name":"Joaquin Zamora","author_link":"https:\/\/www.espigul.com\/en\/author\/joaquin-zamora\/"},"uagb_comment_info":0,"uagb_excerpt":"RAMBLA \u00c0NGEL GUIMER\u00c0 4408328 ALELLA MARESME REAL ESTATE +34 972 220 110MARESME@ESPIGUL.COM We drive projects, we care for people. Esp\u00edgul is the leading real estate agency in Maresme. We are specialists in the purchase, sale, and rental of properties in Maresme, one of the most attractive areas of the Catalan coast. With extensive experience in...","_links":{"self":[{"href":"https:\/\/www.espigul.com\/en\/wp-json\/wp\/v2\/pages\/479799","targetHints":{"allow":["GET"]}}],"collection":[{"href":"https:\/\/www.espigul.com\/en\/wp-json\/wp\/v2\/pages"}],"about":[{"href":"https:\/\/www.espigul.com\/en\/wp-json\/wp\/v2\/types\/page"}],"author":[{"embeddable":true,"href":"https:\/\/www.espigul.com\/en\/wp-json\/wp\/v2\/users\/9"}],"replies":[{"embeddable":true,"href":"https:\/\/www.espigul.com\/en\/wp-json\/wp\/v2\/comments?post=479799"}],"version-history":[{"count":2,"href":"https:\/\/www.espigul.com\/en\/wp-json\/wp\/v2\/pages\/479799\/revisions"}],"predecessor-version":[{"id":479809,"href":"https:\/\/www.espigul.com\/en\/wp-json\/wp\/v2\/pages\/479799\/revisions\/479809"}],"wp:attachment":[{"href":"https:\/\/www.espigul.com\/en\/wp-json\/wp\/v2\/media?parent=479799"}],"curies":[{"name":"wp","href":"https:\/\/api.w.org\/{rel}","templated":true}]}}