{"id":44416,"date":"2024-03-04T11:24:39","date_gmt":"2024-03-04T09:24:39","guid":{"rendered":"https:\/\/www.espigul.com\/?page_id=44416"},"modified":"2025-12-16T11:35:40","modified_gmt":"2025-12-16T09:35:40","slug":"flats-for-rent-girona","status":"publish","type":"page","link":"https:\/\/www.espigul.com\/en\/flats-for-rent-girona\/","title":{"rendered":"Flats for rent Girona"},"content":{"rendered":"\n<div class=\"wp-block-uagb-container uagb-block-26595532 alignfull uagb-is-root-container\"><div class=\"uagb-container-inner-blocks-wrap\">\n<h1 class=\"wp-block-heading has-text-align-center has-white-color has-text-color has-link-color wp-elements-4c777f221bed175856afe1c9f81bf912\">RENT FLAT IN GIRONA<\/h1>\n<\/div><\/div>\n\n\n\n<div class=\"wp-block-uagb-container uagb-block-a68bdb97 alignwide uagb-is-root-container\">\n<div class=\"wp-block-uagb-container uagb-block-6a6817ed\">\n<h2 class=\"wp-block-heading has-text-align-center has-medium-font-size\" style=\"margin-top:0;margin-right:0;margin-bottom:0;margin-left:0;padding-top:0;padding-bottom:0\">Discover your next home through our apartment rental service in Girona. At Esp\u00edgul, we offer you an extensive range of properties, from small studios to spacious residences, duplexes with all the comforts. Whether you&#8217;re looking for parking, a balcony, terrace or shared spaces, our catalog invites you to explore and find the home that best suits your preferences and needs.<\/h2>\n<\/div>\n<\/div>\n\n\n\n<div class=\"wp-block-uagb-container bg-bezier-50 uagb-block-168a8574 alignfull uagb-is-root-container\"><div class=\"uagb-container-inner-blocks-wrap\">\n<div class=\"wp-block-uagb-container uagb-block-e8291b2b\">\n<div class=\"wp-block-group is-layout-constrained wp-container-core-group-is-layout-93ab80c1 wp-block-group-is-layout-constrained\" style=\"padding-top:0;padding-right:var(--wp--preset--spacing--80);padding-bottom:0;padding-left:0\">\n<h2 class=\"wp-block-heading has-white-color has-text-color\">Flats for rent in Girona province<\/h2>\n\n\n\n<p class=\"has-white-color has-text-color\">Girona is one of the provinces with the most tourist attraction and good quality of life in Catalonia. The province of Girona is the place par excellence for those who wish to live surrounded by natural landscapes, towns and places with a lot of history.<\/p>\n\n\n\n<p>The province of Girona stands out for being well connected to the rest of the country, its proximity to the Costa Brava and the border with France. It is the perfect place to find your next rental property in Girona.<\/p>\n<\/div>\n<\/div>\n\n\n\n<div class=\"wp-block-uagb-container uagb-block-fb5049af\"><\/div>\n<\/div><\/div>\n\n\n\n<div class=\"wp-block-uagb-container uagb-block-ddeb61c5 alignwide uagb-is-root-container\">\n<div class=\"wp-block-uagb-container uagb-block-7339493d\">\n<h2 class=\"wp-block-heading has-text-align-center has-medium-font-size\">If you like to live surrounded by history in cities that retain all their charm while they are on the way to imminent modernization. Discover our great offer of apartments for rent in Girona province.<\/h2>\n<\/div>\n<\/div>\n\n\n\n<div class=\"wp-block-uagb-container bg-bezier-50--right uagb-block-58fb33fb alignfull uagb-is-root-container\"><div class=\"uagb-container-inner-blocks-wrap\">\n<div class=\"wp-block-uagb-container uagb-block-4889659d alignfull uagb-is-root-container\"><div class=\"uagb-container-inner-blocks-wrap\"><\/div><\/div>\n\n\n\n<div class=\"wp-block-uagb-container uagb-block-68e4dbd5\">\n<div class=\"wp-block-group is-layout-constrained wp-container-core-group-is-layout-76b72ade wp-block-group-is-layout-constrained\" style=\"padding-top:0;padding-right:0;padding-bottom:0;padding-left:0\">\n<h2 class=\"wp-block-heading has-white-color has-text-color\">Flats for rent in Girona city<\/h2>\n\n\n\n<p>Girona is the capital of the homonymous province. A city full of administrative, cultural and leisure services, in addition to having a large quality educational offer, it has also transformed in recent years into a powerful benchmark for sports tourism.<\/p>\n\n\n\n<p>Enjoy all the advantages that our apartments for rent in Girona city can offer you. From flats designed for family living, to small apartments for a solo adventure or to live during your study years.<\/p>\n<\/div>\n<\/div>\n<\/div><\/div>\n\n\n\n<div class=\"wp-block-uagb-container uagb-block-0bd962e7 alignwide uagb-is-root-container\">\n<div class=\"wp-block-uagb-container uagb-block-da137785\">\n<h2 class=\"wp-block-heading has-text-align-center has-medium-font-size\">Explore our offers and find the apartment that best suits your needs. Whether you want to live in the heart of the Old Quarter, such as in Eixample, Sant Narc\u00eds or Montju\u00efc. We will help you find the perfect place that meets all your needs!<\/h2>\n<\/div>\n<\/div>\n\n\n\n<div class=\"wp-block-uagb-container uagb-block-4e4202a9 alignfull uagb-is-root-container\"><div class=\"uagb-container-inner-blocks-wrap\">\n<div class=\"wp-block-uagb-container uagb-block-d6dfd534\">\n<div class=\"wp-block-uagb-advanced-heading uagb-block-2655cb54\"><h2 class=\"uagb-heading-text\">Flats for rent with option to buy in Girona<\/h2><\/div>\n\n\n\n<p style=\"margin-top:0;margin-bottom:0;padding-top:0;padding-bottom:0\">If you are considering buying in the future, but are still not sure which option to choose. Discover our catalog of flats for rent with the option to buy in Girona. You will find a wide range of second-hand homes and new real estate developments ready to live in with future prospects. Do not hesitate any longer and contact our advisory team so that we can help you find the alternative that best fits your plans.<\/p>\n<\/div>\n\n\n\n<div class=\"wp-block-uagb-container uagb-block-0dca6873\">\n<figure class=\"wp-block-image size-large is-resized\"><img loading=\"lazy\" decoding=\"async\" width=\"1300\" height=\"867\" src=\"https:\/\/www.espigul.com\/wp-content\/uploads\/2023\/12\/GIRONA4-1300x867.webp\" alt=\"\" class=\"wp-image-35661\" style=\"width:658px;height:auto\" srcset=\"https:\/\/www.espigul.com\/wp-content\/uploads\/2023\/12\/GIRONA4-1300x867.webp 1300w, https:\/\/www.espigul.com\/wp-content\/uploads\/2023\/12\/GIRONA4-400x267.webp 400w, https:\/\/www.espigul.com\/wp-content\/uploads\/2023\/12\/GIRONA4-768x512.webp 768w, https:\/\/www.espigul.com\/wp-content\/uploads\/2023\/12\/GIRONA4-1536x1024.webp 1536w, https:\/\/www.espigul.com\/wp-content\/uploads\/2023\/12\/GIRONA4.webp 1800w\" sizes=\"auto, (max-width: 1300px) 100vw, 1300px\" \/><\/figure>\n<\/div>\n<\/div><\/div>\n\n\n\n<div class=\"wp-block-uagb-container uagb-block-2c2e7893 alignfull uagb-is-root-container\"><div class=\"uagb-container-inner-blocks-wrap\">\n<div class=\"wp-block-uagb-container uagb-block-223031ab\">\n<div class=\"wp-block-columns is-layout-flex wp-container-core-columns-is-layout-28f84493 wp-block-columns-is-layout-flex\">\n<div class=\"wp-block-column is-layout-flow wp-block-column-is-layout-flow\">\n<figure class=\"wp-block-image aligncenter size-full is-resized\"><img decoding=\"async\" src=\"https:\/\/www.espigul.com\/wp-content\/uploads\/2025\/12\/ESPIGUL_Logo-Black-1.png\" alt=\"\" class=\"wp-image-334790\" style=\"aspect-ratio:4.036514522821577;width:209px;height:auto\"\/><\/figure>\n\n\n\n<div class=\"wp-block-uagb-advanced-heading uagb-block-23f567ef\"><h2 class=\"uagb-heading-text\">Real estate in Girona<\/h2><\/div>\n\n\n\n<p class=\"has-text-align-center has-medium-font-size\" style=\"padding-top:var(--wp--preset--spacing--30)\">Discover your next home at our real estate agency in Girona. Explore our diverse catalog of flats for rent in Girona full of personality or ready to start a new story. Enjoy all the benefits of living in a place well connected to the territory and with a wide range of services that will help you enjoy all the stages of your life.<\/p>\n<\/div>\n<\/div>\n<\/div>\n<\/div><\/div>\n\n\n\n<div class=\"wp-block-uagb-container uagb-block-240f156c alignwide uagb-is-root-container\">\n<div class=\"wp-block-uagb-container uagb-block-10365867\">\n<h2 class=\"wp-block-heading has-text-align-center has-medium-font-size\">We accompany you at every step of the process, offering you personalized attention with all the guarantees of our services so that you can find your next home in Girona.<\/h2>\n<\/div>\n<\/div>\n\n\n\n<div class=\"wp-block-uagb-container uagb-block-24de5ec9 alignfull uagb-is-root-container\"><div class=\"uagb-container-inner-blocks-wrap\">\n<div class=\"wp-block-uagb-container uagb-block-e8496523\">\n<div class=\"wp-block-uagb-advanced-heading uagb-block-a718f958\"><h2 class=\"uagb-heading-text\">Get in touch<\/h2><\/div>\n\n\n\n<div class=\"wp-block-contact-form-7-contact-form-selector\">\n<div class=\"wpcf7 no-js\" id=\"wpcf7-f20082-o1\" lang=\"en-US\" dir=\"ltr\" data-wpcf7-id=\"20082\">\n<div class=\"screen-reader-response\"><p role=\"status\" aria-live=\"polite\" aria-atomic=\"true\"><\/p> <ul><\/ul><\/div>\n<form action=\"\/en\/wp-json\/wp\/v2\/pages\/44416#wpcf7-f20082-o1\" method=\"post\" class=\"wpcf7-form init\" aria-label=\"Contact form\" novalidate=\"novalidate\" data-status=\"init\">\n<fieldset class=\"hidden-fields-container\"><input type=\"hidden\" name=\"_wpcf7\" value=\"20082\" \/><input type=\"hidden\" name=\"_wpcf7_version\" value=\"6.1.5\" \/><input type=\"hidden\" name=\"_wpcf7_locale\" value=\"en_US\" \/><input type=\"hidden\" name=\"_wpcf7_unit_tag\" value=\"wpcf7-f20082-o1\" \/><input type=\"hidden\" name=\"_wpcf7_container_post\" value=\"0\" \/><input type=\"hidden\" name=\"_wpcf7_posted_data_hash\" value=\"\" \/><input type=\"hidden\" name=\"_wpcf7_recaptcha_response\" value=\"\" \/>\n<\/fieldset>\n<h3>Contact form<\/h3>\n<div class=\"contact-form__cols contact-form__cols--2\">\n<div class=\"contact-form__cols__col\">\n<label> <span class=\"contact-form-required\">Name and last name<\/span>\n    <span class=\"wpcf7-form-control-wrap\" data-name=\"your-name\"><input size=\"40\" maxlength=\"400\" class=\"wpcf7-form-control wpcf7-text\" autocomplete=\"name\" aria-invalid=\"false\" value=\"\" type=\"text\" name=\"your-name\" \/><\/span> <\/label>\n<\/div> \n<div class=\"contact-form__cols__col\">\n<label> Type of property<\/span>\n     <span class=\"wpcf7-form-control-wrap\" data-name=\"type\"><select class=\"wpcf7-form-control wpcf7-select\" aria-invalid=\"false\" name=\"type\"><option value=\"Apartment\">Apartment<\/option><option value=\"House\">House<\/option><option value=\"Commercial space\">Commercial space<\/option><option value=\"Garage\">Garage<\/option><\/select><\/span> <\/label>\n<\/div> \n<\/div>\n\n<div class=\"contact-form__cols contact-form__cols--2\">\n\n<div class=\"contact-form__cols__col\"> <label> \n<span class=\"contact-form-required\">Email<\/span>\n    <span class=\"wpcf7-form-control-wrap\" data-name=\"your-email\"><input size=\"40\" maxlength=\"400\" class=\"wpcf7-form-control wpcf7-email wpcf7-validates-as-required wpcf7-text wpcf7-validates-as-email\" autocomplete=\"email\" aria-required=\"true\" aria-invalid=\"false\" value=\"\" type=\"email\" name=\"your-email\" \/><\/span> <\/label>\n<\/div>\n<div class=\"contact-form__cols__col\">\n<label>Operation<\/span>\n<span class=\"wpcf7-form-control-wrap\" data-name=\"your-operation\"><select class=\"wpcf7-form-control wpcf7-select\" aria-invalid=\"false\" name=\"your-operation\"><option value=\"Rent\">Rent<\/option><option value=\"Sell\">Sell<\/option><\/select><\/span> <\/label>\n\n<\/div> \n<\/div>\n<div class=\"contact-form__cols contact-form__cols--2\">\n<div class=\"contact-form__cols__col\">\n<label> <span class=\"contact-form-required\">Phone<\/span>\n    <span class=\"wpcf7-form-control-wrap\" data-name=\"your-phone\"><input size=\"40\" maxlength=\"400\" class=\"wpcf7-form-control wpcf7-tel wpcf7-validates-as-required wpcf7-text wpcf7-validates-as-tel\" aria-required=\"true\" aria-invalid=\"false\" value=\"\" type=\"tel\" name=\"your-phone\" \/><\/span> <\/label>\n<\/div> \n<div class=\"contact-form__cols__col\">\n<label> Maximum price\n     <span class=\"wpcf7-form-control-wrap\" data-name=\"your-price\"><input size=\"40\" maxlength=\"400\" class=\"wpcf7-form-control wpcf7-text\" aria-invalid=\"false\" value=\"\" type=\"text\" name=\"your-price\" \/><\/span> <\/label>\n<\/div> \n<\/div>\n<div class=\"contact-form__cols contact-form__cols--2\">\n<div class=\"contact-form__cols__col\">\n<label> City\n    <span class=\"wpcf7-form-control-wrap\" data-name=\"your-place\"><input size=\"40\" maxlength=\"400\" class=\"wpcf7-form-control wpcf7-text\" aria-invalid=\"false\" value=\"\" type=\"text\" name=\"your-place\" \/><\/span> <\/label>\n<\/div> \n<div class=\"contact-form__cols__col\">\n<label> Zone\n     <span class=\"wpcf7-form-control-wrap\" data-name=\"your-zone\"><input size=\"40\" maxlength=\"400\" class=\"wpcf7-form-control wpcf7-text\" aria-invalid=\"false\" value=\"\" type=\"text\" name=\"your-zone\" \/><\/span> <\/label>\n<\/div> \n<\/div>\n\n\n\n\n\n<label> <span class=\"contact-form-required\">Message<\/span>\n    <span class=\"wpcf7-form-control-wrap\" data-name=\"your-message\"><textarea cols=\"40\" rows=\"10\" maxlength=\"2000\" class=\"wpcf7-form-control wpcf7-textarea\" aria-invalid=\"false\" name=\"your-message\"><\/textarea><\/span> <\/label>\n\n\n<label class=\"contact-form__checkbox\"> <span class=\"wpcf7-form-control-wrap\" data-name=\"acceptance-\"><span class=\"wpcf7-form-control wpcf7-acceptance\"><span class=\"wpcf7-list-item\"><input type=\"checkbox\" name=\"acceptance-\" value=\"1\" aria-invalid=\"false\" \/><\/span><\/span><\/span> <span class=\"contact-form-required\">I have read and accept the legal conditions and the privacy policy<\/span>\n<\/label>\n\n<input class=\"wpcf7-form-control wpcf7-submit has-spinner\" type=\"submit\" value=\"Send\" \/><div class=\"wpcf7-response-output\" aria-hidden=\"true\"><\/div>\n<\/form>\n<\/div>\n<\/div>\n<\/div>\n<\/div><\/div>\n","protected":false},"excerpt":{"rendered":"<p>RENT FLAT IN GIRONA Discover your next home through our apartment rental service in Girona. At Esp\u00edgul, we offer you an extensive range of properties, from small studios to spacious residences, duplexes with all the comforts. Whether you&#8217;re looking for parking, a balcony, terrace or shared spaces, our catalog invites you to explore and find&#8230;<\/p>\n","protected":false},"author":3,"featured_media":42665,"parent":0,"menu_order":0,"comment_status":"closed","ping_status":"closed","template":"","meta":{"_acf_changed":false,"_uag_custom_page_level_css":"","footnotes":""},"class_list":["post-44416","page","type-page","status-publish","has-post-thumbnail","hentry"],"acf":[],"yoast_head":"<!-- This site is optimized with the Yoast SEO plugin v27.5 - https:\/\/yoast.com\/product\/yoast-seo-wordpress\/ -->\n<title>Flats for rent Girona - Esp\u00edgul<\/title>\n<meta name=\"robots\" content=\"index, follow, max-snippet:-1, max-image-preview:large, max-video-preview:-1\" \/>\n<link rel=\"canonical\" href=\"https:\/\/www.espigul.com\/en\/flats-for-rent-girona\/\" \/>\n<meta property=\"og:locale\" content=\"en_US\" \/>\n<meta property=\"og:type\" content=\"article\" \/>\n<meta property=\"og:title\" content=\"Flats for rent Girona - Esp\u00edgul\" \/>\n<meta property=\"og:description\" content=\"RENT FLAT IN GIRONA Discover your next home through our apartment rental service in Girona. At Esp\u00edgul, we offer you an extensive range of properties, from small studios to spacious residences, duplexes with all the comforts. Whether you&#8217;re looking for parking, a balcony, terrace or shared spaces, our catalog invites you to explore and find...\" \/>\n<meta property=\"og:url\" content=\"https:\/\/www.espigul.com\/en\/flats-for-rent-girona\/\" \/>\n<meta property=\"og:site_name\" content=\"Esp\u00edgul\" \/>\n<meta property=\"article:modified_time\" content=\"2025-12-16T09:35:40+00:00\" \/>\n<meta property=\"og:image\" content=\"https:\/\/www.espigul.com\/wp-content\/uploads\/2024\/02\/DSC01025-scaled.jpg\" \/>\n\t<meta property=\"og:image:width\" content=\"2560\" \/>\n\t<meta property=\"og:image:height\" content=\"1707\" \/>\n\t<meta property=\"og:image:type\" content=\"image\/jpeg\" \/>\n<meta name=\"twitter:card\" content=\"summary_large_image\" \/>\n<meta name=\"twitter:label1\" content=\"Est. reading time\" \/>\n\t<meta name=\"twitter:data1\" content=\"4 minutes\" \/>\n<script type=\"application\/ld+json\" class=\"yoast-schema-graph\">{\"@context\":\"https:\\\/\\\/schema.org\",\"@graph\":[{\"@type\":\"WebPage\",\"@id\":\"https:\\\/\\\/www.espigul.com\\\/en\\\/flats-for-rent-girona\\\/\",\"url\":\"https:\\\/\\\/www.espigul.com\\\/en\\\/flats-for-rent-girona\\\/\",\"name\":\"Flats for rent Girona - Esp\u00edgul\",\"isPartOf\":{\"@id\":\"https:\\\/\\\/www.espigul.com\\\/en\\\/#website\"},\"primaryImageOfPage\":{\"@id\":\"https:\\\/\\\/www.espigul.com\\\/en\\\/flats-for-rent-girona\\\/#primaryimage\"},\"image\":{\"@id\":\"https:\\\/\\\/www.espigul.com\\\/en\\\/flats-for-rent-girona\\\/#primaryimage\"},\"thumbnailUrl\":\"https:\\\/\\\/www.espigul.com\\\/wp-content\\\/uploads\\\/2024\\\/02\\\/DSC01025-scaled.jpg\",\"datePublished\":\"2024-03-04T09:24:39+00:00\",\"dateModified\":\"2025-12-16T09:35:40+00:00\",\"breadcrumb\":{\"@id\":\"https:\\\/\\\/www.espigul.com\\\/en\\\/flats-for-rent-girona\\\/#breadcrumb\"},\"inLanguage\":\"en-US\",\"potentialAction\":[{\"@type\":\"ReadAction\",\"target\":[\"https:\\\/\\\/www.espigul.com\\\/en\\\/flats-for-rent-girona\\\/\"]}]},{\"@type\":\"ImageObject\",\"inLanguage\":\"en-US\",\"@id\":\"https:\\\/\\\/www.espigul.com\\\/en\\\/flats-for-rent-girona\\\/#primaryimage\",\"url\":\"https:\\\/\\\/www.espigul.com\\\/wp-content\\\/uploads\\\/2024\\\/02\\\/DSC01025-scaled.jpg\",\"contentUrl\":\"https:\\\/\\\/www.espigul.com\\\/wp-content\\\/uploads\\\/2024\\\/02\\\/DSC01025-scaled.jpg\",\"width\":2560,\"height\":1707,\"caption\":\"immobiliaria-girona-capital\"},{\"@type\":\"BreadcrumbList\",\"@id\":\"https:\\\/\\\/www.espigul.com\\\/en\\\/flats-for-rent-girona\\\/#breadcrumb\",\"itemListElement\":[{\"@type\":\"ListItem\",\"position\":1,\"name\":\"Inici\",\"item\":\"https:\\\/\\\/www.espigul.com\\\/en\\\/\"},{\"@type\":\"ListItem\",\"position\":2,\"name\":\"Flats for rent Girona\"}]},{\"@type\":\"WebSite\",\"@id\":\"https:\\\/\\\/www.espigul.com\\\/en\\\/#website\",\"url\":\"https:\\\/\\\/www.espigul.com\\\/en\\\/\",\"name\":\"Esp\u00edgul\",\"description\":\"La immobili\u00e0ria l\u00edder de Girona\",\"publisher\":{\"@id\":\"https:\\\/\\\/www.espigul.com\\\/en\\\/#organization\"},\"potentialAction\":[{\"@type\":\"SearchAction\",\"target\":{\"@type\":\"EntryPoint\",\"urlTemplate\":\"https:\\\/\\\/www.espigul.com\\\/en\\\/?s={search_term_string}\"},\"query-input\":{\"@type\":\"PropertyValueSpecification\",\"valueRequired\":true,\"valueName\":\"search_term_string\"}}],\"inLanguage\":\"en-US\"},{\"@type\":\"Organization\",\"@id\":\"https:\\\/\\\/www.espigul.com\\\/en\\\/#organization\",\"name\":\"Esp\u00edgul\",\"url\":\"https:\\\/\\\/www.espigul.com\\\/en\\\/\",\"logo\":{\"@type\":\"ImageObject\",\"inLanguage\":\"en-US\",\"@id\":\"https:\\\/\\\/www.espigul.com\\\/en\\\/#\\\/schema\\\/logo\\\/image\\\/\",\"url\":\"https:\\\/\\\/www.espigul.com\\\/wp-content\\\/uploads\\\/2023\\\/08\\\/espigul-block.png\",\"contentUrl\":\"https:\\\/\\\/www.espigul.com\\\/wp-content\\\/uploads\\\/2023\\\/08\\\/espigul-block.png\",\"width\":384,\"height\":240,\"caption\":\"Esp\u00edgul\"},\"image\":{\"@id\":\"https:\\\/\\\/www.espigul.com\\\/en\\\/#\\\/schema\\\/logo\\\/image\\\/\"},\"sameAs\":[\"https:\\\/\\\/www.instagram.com\\\/immoespigul\\\/\",\"https:\\\/\\\/www.youtube.com\\\/channel\\\/UCYyD-WWfbCFpCXau4SQOGKQ\"]}]}<\/script>\n<!-- \/ Yoast SEO plugin. -->","yoast_head_json":{"title":"Flats for rent Girona - Esp\u00edgul","robots":{"index":"index","follow":"follow","max-snippet":"max-snippet:-1","max-image-preview":"max-image-preview:large","max-video-preview":"max-video-preview:-1"},"canonical":"https:\/\/www.espigul.com\/en\/flats-for-rent-girona\/","og_locale":"en_US","og_type":"article","og_title":"Flats for rent Girona - Esp\u00edgul","og_description":"RENT FLAT IN GIRONA Discover your next home through our apartment rental service in Girona. At Esp\u00edgul, we offer you an extensive range of properties, from small studios to spacious residences, duplexes with all the comforts. Whether you&#8217;re looking for parking, a balcony, terrace or shared spaces, our catalog invites you to explore and find...","og_url":"https:\/\/www.espigul.com\/en\/flats-for-rent-girona\/","og_site_name":"Esp\u00edgul","article_modified_time":"2025-12-16T09:35:40+00:00","og_image":[{"width":2560,"height":1707,"url":"https:\/\/www.espigul.com\/wp-content\/uploads\/2024\/02\/DSC01025-scaled.jpg","type":"image\/jpeg"}],"twitter_card":"summary_large_image","twitter_misc":{"Est. reading time":"4 minutes"},"schema":{"@context":"https:\/\/schema.org","@graph":[{"@type":"WebPage","@id":"https:\/\/www.espigul.com\/en\/flats-for-rent-girona\/","url":"https:\/\/www.espigul.com\/en\/flats-for-rent-girona\/","name":"Flats for rent Girona - Esp\u00edgul","isPartOf":{"@id":"https:\/\/www.espigul.com\/en\/#website"},"primaryImageOfPage":{"@id":"https:\/\/www.espigul.com\/en\/flats-for-rent-girona\/#primaryimage"},"image":{"@id":"https:\/\/www.espigul.com\/en\/flats-for-rent-girona\/#primaryimage"},"thumbnailUrl":"https:\/\/www.espigul.com\/wp-content\/uploads\/2024\/02\/DSC01025-scaled.jpg","datePublished":"2024-03-04T09:24:39+00:00","dateModified":"2025-12-16T09:35:40+00:00","breadcrumb":{"@id":"https:\/\/www.espigul.com\/en\/flats-for-rent-girona\/#breadcrumb"},"inLanguage":"en-US","potentialAction":[{"@type":"ReadAction","target":["https:\/\/www.espigul.com\/en\/flats-for-rent-girona\/"]}]},{"@type":"ImageObject","inLanguage":"en-US","@id":"https:\/\/www.espigul.com\/en\/flats-for-rent-girona\/#primaryimage","url":"https:\/\/www.espigul.com\/wp-content\/uploads\/2024\/02\/DSC01025-scaled.jpg","contentUrl":"https:\/\/www.espigul.com\/wp-content\/uploads\/2024\/02\/DSC01025-scaled.jpg","width":2560,"height":1707,"caption":"immobiliaria-girona-capital"},{"@type":"BreadcrumbList","@id":"https:\/\/www.espigul.com\/en\/flats-for-rent-girona\/#breadcrumb","itemListElement":[{"@type":"ListItem","position":1,"name":"Inici","item":"https:\/\/www.espigul.com\/en\/"},{"@type":"ListItem","position":2,"name":"Flats for rent Girona"}]},{"@type":"WebSite","@id":"https:\/\/www.espigul.com\/en\/#website","url":"https:\/\/www.espigul.com\/en\/","name":"Esp\u00edgul","description":"La immobili\u00e0ria l\u00edder de Girona","publisher":{"@id":"https:\/\/www.espigul.com\/en\/#organization"},"potentialAction":[{"@type":"SearchAction","target":{"@type":"EntryPoint","urlTemplate":"https:\/\/www.espigul.com\/en\/?s={search_term_string}"},"query-input":{"@type":"PropertyValueSpecification","valueRequired":true,"valueName":"search_term_string"}}],"inLanguage":"en-US"},{"@type":"Organization","@id":"https:\/\/www.espigul.com\/en\/#organization","name":"Esp\u00edgul","url":"https:\/\/www.espigul.com\/en\/","logo":{"@type":"ImageObject","inLanguage":"en-US","@id":"https:\/\/www.espigul.com\/en\/#\/schema\/logo\/image\/","url":"https:\/\/www.espigul.com\/wp-content\/uploads\/2023\/08\/espigul-block.png","contentUrl":"https:\/\/www.espigul.com\/wp-content\/uploads\/2023\/08\/espigul-block.png","width":384,"height":240,"caption":"Esp\u00edgul"},"image":{"@id":"https:\/\/www.espigul.com\/en\/#\/schema\/logo\/image\/"},"sameAs":["https:\/\/www.instagram.com\/immoespigul\/","https:\/\/www.youtube.com\/channel\/UCYyD-WWfbCFpCXau4SQOGKQ"]}]}},"uagb_featured_image_src":{"full":["https:\/\/www.espigul.com\/wp-content\/uploads\/2024\/02\/DSC01025-scaled.jpg",2560,1707,false],"thumbnail":["https:\/\/www.espigul.com\/wp-content\/uploads\/2024\/02\/DSC01025-150x150.jpg",150,150,true],"medium":["https:\/\/www.espigul.com\/wp-content\/uploads\/2024\/02\/DSC01025-400x267.jpg",400,267,true],"medium_large":["https:\/\/www.espigul.com\/wp-content\/uploads\/2024\/02\/DSC01025-768x512.jpg",768,512,true],"large":["https:\/\/www.espigul.com\/wp-content\/uploads\/2024\/02\/DSC01025-1300x867.jpg",960,640,true],"1536x1536":["https:\/\/www.espigul.com\/wp-content\/uploads\/2024\/02\/DSC01025-1536x1024.jpg",1536,1024,true],"2048x2048":["https:\/\/www.espigul.com\/wp-content\/uploads\/2024\/02\/DSC01025-2048x1365.jpg",2048,1365,true],"gform-image-choice-sm":["https:\/\/www.espigul.com\/wp-content\/uploads\/2024\/02\/DSC01025-scaled.jpg",300,200,false],"gform-image-choice-md":["https:\/\/www.espigul.com\/wp-content\/uploads\/2024\/02\/DSC01025-scaled.jpg",400,267,false],"gform-image-choice-lg":["https:\/\/www.espigul.com\/wp-content\/uploads\/2024\/02\/DSC01025-scaled.jpg",600,400,false]},"uagb_author_info":{"display_name":"Marqueting Espigul","author_link":"https:\/\/www.espigul.com\/en\/author\/marqueting-espigul\/"},"uagb_comment_info":0,"uagb_excerpt":"RENT FLAT IN GIRONA Discover your next home through our apartment rental service in Girona. At Esp\u00edgul, we offer you an extensive range of properties, from small studios to spacious residences, duplexes with all the comforts. Whether you&#8217;re looking for parking, a balcony, terrace or shared spaces, our catalog invites you to explore and find...","_links":{"self":[{"href":"https:\/\/www.espigul.com\/en\/wp-json\/wp\/v2\/pages\/44416","targetHints":{"allow":["GET"]}}],"collection":[{"href":"https:\/\/www.espigul.com\/en\/wp-json\/wp\/v2\/pages"}],"about":[{"href":"https:\/\/www.espigul.com\/en\/wp-json\/wp\/v2\/types\/page"}],"author":[{"embeddable":true,"href":"https:\/\/www.espigul.com\/en\/wp-json\/wp\/v2\/users\/3"}],"replies":[{"embeddable":true,"href":"https:\/\/www.espigul.com\/en\/wp-json\/wp\/v2\/comments?post=44416"}],"version-history":[{"count":2,"href":"https:\/\/www.espigul.com\/en\/wp-json\/wp\/v2\/pages\/44416\/revisions"}],"predecessor-version":[{"id":335195,"href":"https:\/\/www.espigul.com\/en\/wp-json\/wp\/v2\/pages\/44416\/revisions\/335195"}],"wp:featuredmedia":[{"embeddable":true,"href":"https:\/\/www.espigul.com\/en\/wp-json\/wp\/v2\/media\/42665"}],"wp:attachment":[{"href":"https:\/\/www.espigul.com\/en\/wp-json\/wp\/v2\/media?parent=44416"}],"curies":[{"name":"wp","href":"https:\/\/api.w.org\/{rel}","templated":true}]}}