{"id":480134,"date":"2026-09-03T12:21:27","date_gmt":"2026-09-03T10:21:27","guid":{"rendered":"https:\/\/www.espigul.com\/immobilienagentur-sant-cugat\/"},"modified":"2026-09-03T13:58:14","modified_gmt":"2026-09-03T11:58:14","slug":"immobilienagentur-sant-cugat","status":"publish","type":"page","link":"https:\/\/www.espigul.com\/de\/immobilienagentur-sant-cugat\/","title":{"rendered":"Immobilienagentur Sant Cugat"},"content":{"rendered":"\n<div class=\"wp-block-uagb-container uagb-block-26595532 alignfull uagb-is-root-container\"><div class=\"uagb-container-inner-blocks-wrap\">\n<div class=\"wp-block-uagb-container uagb-block-f2698641\">\n<div class=\"wp-block-uagb-container uagb-block-dcaf0e14\">\n<p class=\"has-text-align-left has-white-color has-text-color has-link-color has-large-font-size wp-elements-0acf659aec283a785307a51c7d6dc690 wp-block-paragraph\" style=\"padding-top:0px;padding-bottom:0px;text-transform:uppercase\">Francesc Moragas 7<br\/>08172 Sant Cugat del Vall\u00e8s<\/p>\n<\/div>\n\n\n\n<div class=\"wp-block-uagb-container uagb-block-4206ed9c\">\n<p class=\"has-text-align-center has-white-color has-text-color has-link-color has-large-font-size wp-elements-9a353950af68dc981db111a9b2ccee24 wp-block-paragraph\" style=\"margin-right:0rem;margin-left:0rem;text-transform:uppercase\">Immobilienagentur Sant Cugat<\/p>\n<\/div>\n\n\n\n<div class=\"wp-block-uagb-container uagb-block-d1e16abf\">\n<p class=\"has-text-align-right has-white-color has-text-color has-link-color has-large-font-size wp-elements-9222cc91ef6a5432ab930cf4a5e5ab20 wp-block-paragraph\" style=\"text-transform:uppercase\">+34 932 700 782<br\/>santcugat@espigul.com<\/p>\n<\/div>\n<\/div>\n<\/div><\/div>\n\n<div class=\"wp-block-uagb-container uagb-layout-grid uagb-block-c1153241 alignfull uagb-is-root-container\"><div class=\"uagb-container-inner-blocks-wrap\">\n<div class=\"wp-block-uagb-container uag-hide-mob uagb-block-cf3b0453\"><\/div>\n\n\n\n<div class=\"wp-block-uagb-container uagb-block-f7b02f1a\">\n<div class=\"wp-block-uagb-container uagb-layout-grid uagb-block-cfae5fa7\">\n<h2 class=\"wp-block-heading has-3-x-large-font-size\">Engagement, das Zukunft baut.<\/h2>\n\n\n\n<div class=\"wp-block-uagb-container uagb-block-594efdc0 alignfull uagb-is-root-container\"><div class=\"uagb-container-inner-blocks-wrap\"><\/div><\/div>\n\n\n\n<div class=\"wp-block-uagb-container uagb-block-121e435a\">\n<p class=\"has-seasons-font-family wp-block-paragraph\">Esp\u00edgul ist die Referenz unter den Immobilienagenturen in Sant Cugat. Mit einer \u00fcber 35-j\u00e4hrigen Erfolgsgeschichte auf dem Immobilienmarkt sind wir die ideale Wahl f\u00fcr die Abwicklung von Kauf, Verkauf und Vermietung von Immobilien in dieser Stadt in der Provinz Barcelona und bieten Ihnen zudem einen personalisierten Immobilienservice in Sant Cugat. Wenn Sie eine Immobilienagentur suchen, die Ihnen erstklassigen Service, eine pers\u00f6nliche Betreuung und die besten Gelegenheiten garantiert, ist Esp\u00edgul Ihre beste Wahl. Wir begleiten Sie w\u00e4hrend des gesamten Prozesses und stellen eine bereichernde Immobilienerfahrung sicher, bei der Ihre Interessen und Bed\u00fcrfnisse im Mittelpunkt stehen. Unser Expertenteam im Immobiliensektor f\u00fchrt Sie Schritt f\u00fcr Schritt zur perfekten Immobilie in Sant Cugat und bietet Ihnen einen ma\u00dfgeschneiderten Service, der Ihre Vorlieben und Ziele priorisiert.    <\/p>\n\n\n\n<p class=\"has-seasons-font-family wp-block-paragraph\">Bei Esp\u00edgul bieten wir Ihnen die besten Immobilienchancen in Sant Cugat. Wir aktualisieren unser Portfolio st\u00e4ndig, um Ihnen die innovativsten Objekte zu pr\u00e4sentieren, die genau auf Ihre W\u00fcnsche und Anforderungen zugeschnitten sind. Als Experten f\u00fcr das Management von Immobilienprojekten in Sant Cugat bieten wir ein breites Spektrum an ma\u00dfgeschneiderten Dienstleistungen an, die den Verkauf und die Vermietung von H\u00e4usern, Wohnungen, Garagen, Lagerhallen, Ladenlokalen, Fincas und Grundst\u00fccken sowohl f\u00fcr K\u00e4ufer als auch f\u00fcr Eigent\u00fcmer umfassen.  <\/p>\n<\/div>\n\n\n\n<div class=\"wp-block-uagb-container uagb-block-4bde3a05\">\n<p class=\"has-seasons-font-family wp-block-paragraph\">Was auch immer Sie in Sant Cugat del Vall\u00e8s suchen, wir bei Esp\u00edgul sind hier, um Ihnen zu helfen, die beste Option f\u00fcr Sie zu finden. Wir f\u00fchren Sie Schritt f\u00fcr Schritt durch den gesamten Prozess, von Anfang bis Ende, und garantieren Ihnen eine zufriedenstellende und unkomplizierte Immobilienerfahrung. <\/p>\n\n\n\n<p class=\"has-seasons-font-family wp-block-paragraph\">Bei Esp\u00edgul finden Sie ein breites Angebot an Immobilien in Sant Cugat, das auf Ihre individuellen Bed\u00fcrfnisse zugeschnitten ist, egal ob Sie K\u00e4ufer oder Bautr\u00e4ger sind. Mit mehr als 35 Jahren Erfahrung in der Branche b\u00fcrgen unser Engagement und unsere Expertise f\u00fcr uns als lokale Spezialisten. <\/p>\n\n\n\n<p class=\"has-seasons-font-family wp-block-paragraph\">Wir erleichtern Ihnen nicht nur den Kauf, Verkauf oder die Vermietung, sondern bieten Ihnen die passgenaue L\u00f6sung, um die besten Immobilienalternativen in Sant Cugat zu genie\u00dfen. Kontaktieren Sie uns noch heute und entdecken Sie, wie wir Ihnen helfen k\u00f6nnen, Ihr Immobilienziel in Sant Cugat an der Seite eines engagierten und professionellen Teams zu erreichen. <\/p>\n<\/div>\n<\/div>\n<\/div>\n<\/div><\/div>\n\n<div class=\"wp-block-uagb-container uagb-layout-grid uagb-block-6c306a06 alignfull uagb-is-root-container\">\n<figure class=\"wp-block-image size-full is-resized\"><img loading=\"lazy\" decoding=\"async\" width=\"320\" height=\"334\" src=\"https:\/\/www.espigul.com\/wp-content\/uploads\/2026\/09\/sant-cugat-02.jpg\" alt=\"\" class=\"wp-image-478777\" style=\"width:320px\" srcset=\"https:\/\/www.espigul.com\/wp-content\/uploads\/2026\/09\/sant-cugat-02.jpg 320w, https:\/\/www.espigul.com\/wp-content\/uploads\/2026\/09\/sant-cugat-02-287x300.jpg 287w\" sizes=\"auto, (max-width: 320px) 100vw, 320px\" \/><figcaption class=\"wp-element-caption\"> EST. 1989<\/figcaption><\/figure>\n\n\n\n<div class=\"wp-block-uagb-container uag-hide-mob uagb-block-62aaa084\"><\/div>\n\n\n\n<figure class=\"wp-block-image alignleft size-full\" style=\"margin-top:0;margin-right:0;margin-bottom:0;margin-left:0\"><img loading=\"lazy\" decoding=\"async\" width=\"501\" height=\"334\" src=\"https:\/\/www.espigul.com\/wp-content\/uploads\/2026\/09\/sant-cugat-03.jpg\" alt=\"\" class=\"wp-image-478778\" srcset=\"https:\/\/www.espigul.com\/wp-content\/uploads\/2026\/09\/sant-cugat-03.jpg 501w, https:\/\/www.espigul.com\/wp-content\/uploads\/2026\/09\/sant-cugat-03-400x267.jpg 400w\" sizes=\"auto, (max-width: 501px) 100vw, 501px\" \/><figcaption class=\"wp-element-caption\">IMMOBILIENGRUPPE<\/figcaption><\/figure>\n\n\n\n<div class=\"wp-block-uagb-container uag-hide-mob uagb-block-4532ec18\"><\/div>\n\n\n\n<figure class=\"wp-block-image size-full is-resized\"><img loading=\"lazy\" decoding=\"async\" width=\"320\" height=\"334\" src=\"https:\/\/www.espigul.com\/wp-content\/uploads\/2026\/09\/sant-cugat-04.jpg\" alt=\"\" class=\"wp-image-478779\" style=\"width:320px\" srcset=\"https:\/\/www.espigul.com\/wp-content\/uploads\/2026\/09\/sant-cugat-04.jpg 320w, https:\/\/www.espigul.com\/wp-content\/uploads\/2026\/09\/sant-cugat-04-287x300.jpg 287w\" sizes=\"auto, (max-width: 320px) 100vw, 320px\" \/><figcaption class=\"wp-element-caption\">GEGR. 1989<\/figcaption><\/figure>\n<\/div>\n\n<div class=\"wp-block-uagb-container uagb-block-c04d68c9 alignfull uagb-is-root-container\"><div class=\"uagb-container-inner-blocks-wrap\">    <div>\n                <div class=\"proposta-grid proposta__item\">\n                            <div class=\"proposta__item__image\">\n                    <img decoding=\"async\" class=\"proposta-image\" src=\"https:\/\/www.espigul.com\/wp-content\/uploads\/2026\/09\/proposta-1-2.jpg\" alt=\"\"\/>\n                <\/div>\n                        <div class=\"proposta__item__counter\">\n                <p>01<\/p>\n            <\/div>\n            <div class=\"proposta__item__title\">\n                                    <h2>Erfahrung und lokale Marktkenntnis<\/h2>\n                            <\/div>\n            <div class=\"proposta__item__subtitle\">\n                                    <p>Mehr als 35 Jahre T\u00e4tigkeit im Immobiliensektor erm\u00f6glichen es uns, den Markt in der Tiefe zu verstehen und seine Entwicklungen fr\u00fchzeitig zu erkennen. Wir kennen jede Gegend, jede Immobilienart und jede echte Chance.  <\/p>\n                            <\/div>\n                    <\/div>\n                <div class=\"proposta-grid proposta__item\">\n                            <div class=\"proposta__item__image\">\n                    <img decoding=\"async\" class=\"proposta-image\" src=\"https:\/\/www.espigul.com\/wp-content\/uploads\/2026\/09\/proposta-2-2.jpg\" alt=\"\"\/>\n                <\/div>\n                        <div class=\"proposta__item__counter\">\n                <p>02<\/p>\n            <\/div>\n            <div class=\"proposta__item__title\">\n                                    <h2>Auswahl und Verm\u00f6genswert<\/h2>\n                            <\/div>\n            <div class=\"proposta__item__subtitle\">\n                                    <p>Wir arbeiten mit einem sorgf\u00e4ltig ausgew\u00e4hlten Portfolio an Wohn-, Gewerbe- und Industrieimmobilien und priorisieren Lage, Qualit\u00e4t und Wertentwicklungspotenzial.<\/p>\n                            <\/div>\n                    <\/div>\n                <div class=\"proposta-grid proposta__item\">\n                            <div class=\"proposta__item__image\">\n                    <img decoding=\"async\" class=\"proposta-image\" src=\"https:\/\/www.espigul.com\/wp-content\/uploads\/2026\/09\/proposta-3-2.jpg\" alt=\"\"\/>\n                <\/div>\n                        <div class=\"proposta__item__counter\">\n                <p>03<\/p>\n            <\/div>\n            <div class=\"proposta__item__title\">\n                                    <h2>Strategische Begleitung<\/h2>\n                            <\/div>\n            <div class=\"proposta__item__subtitle\">\n                                    <p>Wir beraten K\u00e4ufer und Eigent\u00fcmer w\u00e4hrend des gesamten Prozesses \u2013 mit einer rigorosen, diskreten und ergebnisorientierten Betreuung. Jede Transaktion wird mit Pr\u00e4zision und langfristiger Perspektive umgesetzt. <\/p>\n                            <\/div>\n                    <\/div>\n            <\/div>\n    <\/div><\/div>\n\n<div class=\"wp-block-uagb-container uagb-block-de828a5d alignfull uagb-is-root-container\"><div class=\"uagb-container-inner-blocks-wrap\">\n<div class=\"wp-block-uagb-container uagb-block-b0a5bdcd\">\n<h2 class=\"wp-block-heading\">Herausragende Immobilien in Sant Cugat<\/h2>\n<\/div>\n\n\n<div class=\"espigul-slider wp-block-espigul-espigul-slider\">\n\t<div id=\"carousel-7313578\" class=\"splide\">\n\t\t<div class=\"splide__arrows\">\n\t\t\t<button class=\"splide__arrow splide__arrow--prev\">\n\t\t\t\t\t<svg viewBox=\"0 0 24 24\" class=\"icon icon--carousel-arrow-right w-4 h-4\" xmlns=http:\/\/www.w3.org\/2000\/svg role=\"img\" >\n\t\t<use xlink:href=\"https:\/\/www.espigul.com\/wp-content\/themes\/espigul\/static\/images\/icons.svg#carousel-arrow-right\"><\/use>\n\t<\/svg>\n\t\t\t\t<\/button>\n\t\t\t<button class=\"splide__arrow splide__arrow--next\">\n\t\t\t\t\t<svg viewBox=\"0 0 24 24\" class=\"icon icon--carousel-arrow-right w-4 h-4\" xmlns=http:\/\/www.w3.org\/2000\/svg role=\"img\" >\n\t\t<use xlink:href=\"https:\/\/www.espigul.com\/wp-content\/themes\/espigul\/static\/images\/icons.svg#carousel-arrow-right\"><\/use>\n\t<\/svg>\n\t\t\t\t<\/button>\n\t\t<\/div>\n\t\t<div class=\"splide__track\">\n\t\t\t<ul class=\"splide__list\">\n\t\t\t\t\t\t\t\t<li class=\"splide__slide\">\n\t\t\t\t\t<div class=\"espigul-house__item cursor-pointer\" onClick=\"window.location.assign('https:\/\/www.espigul.com\/de\/immobles\/exklusives-reihenhaus-zum-verkauf-im-eixample-von-sant-cugat-del-valles\/');\">\n\t<div class=\"espigul-house__item__gallery espigul-house__item__photo\" x-data=\"{ active : 0, total: 3 }\">\n\t\t\t\t<ul class=\"espigul-house__item__gallery__items\">\n\t\t\t\t\t\t\t<li class=\"espigul-house__item__gallery__items__item\" x-bind:class=\"0 == active ? 'espigul-house__item__gallery__items__item--active': ''\">\n\t\t\t\t\t<img decoding=\"async\" src=\"https:\/\/www.espigul.com\/wp-content\/uploads\/2026\/08\/exclusiva-casa-adosada-en-venta-en-el-eixample-de-sant-cugat-del-valles-27948485-1300x866.webp\" alt=\"Exklusives Reihenhaus zum Verkauf im Eixample von Sant Cugat del Vall\u00e8s\" loading=\"lazy\" width=\"100%\" height=\"auto\">\n\t\t\t\t<\/li>\n\t\t\t\t\t\t\t<li class=\"espigul-house__item__gallery__items__item\" x-bind:class=\"1 == active ? 'espigul-house__item__gallery__items__item--active': ''\">\n\t\t\t\t\t<img decoding=\"async\" src=\"https:\/\/www.espigul.com\/wp-content\/uploads\/2026\/08\/exclusiva-casa-adosada-en-venta-en-el-eixample-de-sant-cugat-del-valles-27948479-1300x866.webp\" alt=\"Exklusives Reihenhaus zum Verkauf im Eixample von Sant Cugat del Vall\u00e8s\" loading=\"lazy\" width=\"100%\" height=\"auto\">\n\t\t\t\t<\/li>\n\t\t\t\t\t\t\t<li class=\"espigul-house__item__gallery__items__item\" x-bind:class=\"2 == active ? 'espigul-house__item__gallery__items__item--active': ''\">\n\t\t\t\t\t<img decoding=\"async\" src=\"https:\/\/www.espigul.com\/wp-content\/uploads\/2026\/08\/exclusiva-casa-adosada-en-venta-en-el-eixample-de-sant-cugat-del-valles-27948482-1300x866.webp\" alt=\"Exklusives Reihenhaus zum Verkauf im Eixample von Sant Cugat del Vall\u00e8s\" loading=\"lazy\" width=\"100%\" height=\"auto\">\n\t\t\t\t<\/li>\n\t\t\t\t\t<\/ul>\n\t\t<ul class=\"espigul-house__item__gallery__dots\">\n\t\t\t\t\t\t\t<li class=\"espigul-house__item__gallery__dots__item\" x-bind:class=\"0 == active ? 'espigul-house__item__gallery__dots__item--active': ''\">\n\t\t\t\t<\/li>\n\t\t\t\t\t\t\t<li class=\"espigul-house__item__gallery__dots__item\" x-bind:class=\"1 == active ? 'espigul-house__item__gallery__dots__item--active': ''\">\n\t\t\t\t<\/li>\n\t\t\t\t\t\t\t<li class=\"espigul-house__item__gallery__dots__item\" x-bind:class=\"2 == active ? 'espigul-house__item__gallery__dots__item--active': ''\">\n\t\t\t\t<\/li>\n\t\t\t\t\t<\/ul>\n\t\t<button class=\"espigul-house__item__gallery__arrow espigul-house__item__gallery__arrow--left\" aria-label=\"Previous photo\" @click.stop=\"active === 0 ? active = total - 1 : active--\">\n\t\t\t<svg xmlns=\"http:\/\/www.w3.org\/2000\/svg\" viewBox=\"0 0 40 40\" width=\"40\" height=\"40\" focusable=\"false\"><path d=\"m15.5 0.932-4.3 4.38 14.5 14.6-14.5 14.5 4.3 4.4 14.6-14.6 4.4-4.3-4.4-4.4-14.6-14.6z\"><\/path><\/svg>\n\t\t<\/button>\n\t\t<button class=\"espigul-house__item__gallery__arrow espigul-house__item__gallery__arrow--right\" aria-label=\"Next photo\" @click.stop=\"active === total - 1 ? active = 0 : active++\">\n\t\t\t<svg xmlns=\"http:\/\/www.w3.org\/2000\/svg\" viewBox=\"0 0 40 40\" width=\"40\" height=\"40\" focusable=\"false\"><path d=\"m15.5 0.932-4.3 4.38 14.5 14.6-14.5 14.5 4.3 4.4 14.6-14.6 4.4-4.3-4.4-4.4-14.6-14.6z\"><\/path><\/svg>\n\t\t<\/button>\n\t<\/div>\n\t<div class=\"espigul-house__item__body\">\n\t\t<div class=\"espigul-house__item__body__city\">Sant Cugat del Vall\u00e8s | REF 6145<\/div>\n\t\t<h2 class=\"espigul-house__item__body__title flex-grow\">\n\t\t\t<a href=\"https:\/\/www.espigul.com\/de\/immobles\/exklusives-reihenhaus-zum-verkauf-im-eixample-von-sant-cugat-del-valles\/\" title=\"Exklusives Reihenhaus zum Verkauf im Eixample von Sant Cugat del Vall\u00e8s\">Exklusives Reihenhaus zum Verkauf im Eixample von Sant Cugat del Vall\u00e8s<\/a>\n\t\t<\/h2>\n\t\t<div class=\"espigul-house__item__body__price\">\n\t\t\t1.195.000\u00a0\u20ac\t\t<\/div>\n\t\t<div class=\"espigul-house__item__body__meta\">\n\t\t\t\t\t\t<div class=\"espigul-house__item__body__meta__item\">\n\t\t\t\t<span class=\"espigul-house__item__body__meta__item__label\">Fl\u00e4che<\/span>\n\t\t\t\t<span class=\"espigul-house__item__body__meta__item__value\">\n\t\t\t\t\t224 m<sup>2<\/sup>\t\t\t\t<\/span>\n\t\t\t<\/div>\n\t\t\t\t\t\t<div class=\"espigul-house__item__body__meta__item\">\n\t\t\t\t<span class=\"espigul-house__item__body__meta__item__label\">Schlafzimmer<\/span>\n\t\t\t\t<span class=\"espigul-house__item__body__meta__item__value\">\n\t\t\t\t\t04\t\t\t\t<\/span>\n\t\t\t<\/div>\n\t\t\t\t\t\t<div class=\"espigul-house__item__body__meta__item\">\n\t\t\t\t<span class=\"espigul-house__item__body__meta__item__label\">Badezimmer<\/span>\n\t\t\t\t<span class=\"espigul-house__item__body__meta__item__value\">\n\t\t\t\t\t02\t\t\t\t<\/span>\n\t\t\t<\/div>\n\t\t\t\t\t<\/div>\n\t<\/div>\n<\/div>\n\t\t\t\t\t<\/li>\n\t\t\t\t\t\t\t\t\t\t<li class=\"splide__slide\">\n\t\t\t\t\t<div class=\"espigul-house__item cursor-pointer\" onClick=\"window.location.assign('https:\/\/www.espigul.com\/de\/immobles\/eigentumswohnung-mit-vier-zimmern-und-gemeinschaftsbereich-in-torreblanca-sant-cugat\/');\">\n\t<div class=\"espigul-house__item__gallery espigul-house__item__photo\" x-data=\"{ active : 0, total: 3 }\">\n\t\t\t\t<ul class=\"espigul-house__item__gallery__items\">\n\t\t\t\t\t\t\t<li class=\"espigul-house__item__gallery__items__item\" x-bind:class=\"0 == active ? 'espigul-house__item__gallery__items__item--active': ''\">\n\t\t\t\t\t<img decoding=\"async\" src=\"https:\/\/www.espigul.com\/wp-content\/uploads\/2026\/08\/piso-en-venta-cuatro-habitaciones-zona-comunitaria-en-torreblanca-sant-cugat-27881098-1300x866.webp\" alt=\"Eigentumswohnung mit vier Zimmern und Gemeinschaftsbereich in Torreblanca, Sant Cugat\" loading=\"lazy\" width=\"100%\" height=\"auto\">\n\t\t\t\t<\/li>\n\t\t\t\t\t\t\t<li class=\"espigul-house__item__gallery__items__item\" x-bind:class=\"1 == active ? 'espigul-house__item__gallery__items__item--active': ''\">\n\t\t\t\t\t<img decoding=\"async\" src=\"https:\/\/www.espigul.com\/wp-content\/uploads\/2026\/08\/piso-en-venta-cuatro-habitaciones-zona-comunitaria-en-torreblanca-sant-cugat-27881086-1300x867.webp\" alt=\"Eigentumswohnung mit vier Zimmern und Gemeinschaftsbereich in Torreblanca, Sant Cugat\" loading=\"lazy\" width=\"100%\" height=\"auto\">\n\t\t\t\t<\/li>\n\t\t\t\t\t\t\t<li class=\"espigul-house__item__gallery__items__item\" x-bind:class=\"2 == active ? 'espigul-house__item__gallery__items__item--active': ''\">\n\t\t\t\t\t<img decoding=\"async\" src=\"https:\/\/www.espigul.com\/wp-content\/uploads\/2026\/08\/piso-en-venta-cuatro-habitaciones-zona-comunitaria-en-torreblanca-sant-cugat-27881085-1300x867.webp\" alt=\"Eigentumswohnung mit vier Zimmern und Gemeinschaftsbereich in Torreblanca, Sant Cugat\" loading=\"lazy\" width=\"100%\" height=\"auto\">\n\t\t\t\t<\/li>\n\t\t\t\t\t<\/ul>\n\t\t<ul class=\"espigul-house__item__gallery__dots\">\n\t\t\t\t\t\t\t<li class=\"espigul-house__item__gallery__dots__item\" x-bind:class=\"0 == active ? 'espigul-house__item__gallery__dots__item--active': ''\">\n\t\t\t\t<\/li>\n\t\t\t\t\t\t\t<li class=\"espigul-house__item__gallery__dots__item\" x-bind:class=\"1 == active ? 'espigul-house__item__gallery__dots__item--active': ''\">\n\t\t\t\t<\/li>\n\t\t\t\t\t\t\t<li class=\"espigul-house__item__gallery__dots__item\" x-bind:class=\"2 == active ? 'espigul-house__item__gallery__dots__item--active': ''\">\n\t\t\t\t<\/li>\n\t\t\t\t\t<\/ul>\n\t\t<button class=\"espigul-house__item__gallery__arrow espigul-house__item__gallery__arrow--left\" aria-label=\"Previous photo\" @click.stop=\"active === 0 ? active = total - 1 : active--\">\n\t\t\t<svg xmlns=\"http:\/\/www.w3.org\/2000\/svg\" viewBox=\"0 0 40 40\" width=\"40\" height=\"40\" focusable=\"false\"><path d=\"m15.5 0.932-4.3 4.38 14.5 14.6-14.5 14.5 4.3 4.4 14.6-14.6 4.4-4.3-4.4-4.4-14.6-14.6z\"><\/path><\/svg>\n\t\t<\/button>\n\t\t<button class=\"espigul-house__item__gallery__arrow espigul-house__item__gallery__arrow--right\" aria-label=\"Next photo\" @click.stop=\"active === total - 1 ? active = 0 : active++\">\n\t\t\t<svg xmlns=\"http:\/\/www.w3.org\/2000\/svg\" viewBox=\"0 0 40 40\" width=\"40\" height=\"40\" focusable=\"false\"><path d=\"m15.5 0.932-4.3 4.38 14.5 14.6-14.5 14.5 4.3 4.4 14.6-14.6 4.4-4.3-4.4-4.4-14.6-14.6z\"><\/path><\/svg>\n\t\t<\/button>\n\t<\/div>\n\t<div class=\"espigul-house__item__body\">\n\t\t<div class=\"espigul-house__item__body__city\">Sant Cugat del Vall\u00e8s | REF 6318<\/div>\n\t\t<h2 class=\"espigul-house__item__body__title flex-grow\">\n\t\t\t<a href=\"https:\/\/www.espigul.com\/de\/immobles\/eigentumswohnung-mit-vier-zimmern-und-gemeinschaftsbereich-in-torreblanca-sant-cugat\/\" title=\"Eigentumswohnung mit vier Zimmern und Gemeinschaftsbereich in Torreblanca, Sant Cugat\">Eigentumswohnung mit vier Zimmern und Gemeinschaftsbereich in Torreblanca, Sant Cugat<\/a>\n\t\t<\/h2>\n\t\t<div class=\"espigul-house__item__body__price\">\n\t\t\t998.000\u00a0\u20ac\t\t<\/div>\n\t\t<div class=\"espigul-house__item__body__meta\">\n\t\t\t\t\t\t<div class=\"espigul-house__item__body__meta__item\">\n\t\t\t\t<span class=\"espigul-house__item__body__meta__item__label\">Fl\u00e4che<\/span>\n\t\t\t\t<span class=\"espigul-house__item__body__meta__item__value\">\n\t\t\t\t\t127 m<sup>2<\/sup>\t\t\t\t<\/span>\n\t\t\t<\/div>\n\t\t\t\t\t\t<div class=\"espigul-house__item__body__meta__item\">\n\t\t\t\t<span class=\"espigul-house__item__body__meta__item__label\">Schlafzimmer<\/span>\n\t\t\t\t<span class=\"espigul-house__item__body__meta__item__value\">\n\t\t\t\t\t04\t\t\t\t<\/span>\n\t\t\t<\/div>\n\t\t\t\t\t\t<div class=\"espigul-house__item__body__meta__item\">\n\t\t\t\t<span class=\"espigul-house__item__body__meta__item__label\">Badezimmer<\/span>\n\t\t\t\t<span class=\"espigul-house__item__body__meta__item__value\">\n\t\t\t\t\t02\t\t\t\t<\/span>\n\t\t\t<\/div>\n\t\t\t\t\t<\/div>\n\t<\/div>\n<\/div>\n\t\t\t\t\t<\/li>\n\t\t\t\t\t\t\t\t\t\t<li class=\"splide__slide\">\n\t\t\t\t\t<div class=\"espigul-house__item cursor-pointer\" onClick=\"window.location.assign('https:\/\/www.espigul.com\/de\/immobles\/im-bau-befindliches-haus-zum-verkauf-in-sant-cugat-del-valles\/');\">\n\t<div class=\"espigul-house__item__gallery espigul-house__item__photo\" x-data=\"{ active : 0, total: 3 }\">\n\t\t\t\t<ul class=\"espigul-house__item__gallery__items\">\n\t\t\t\t\t\t\t<li class=\"espigul-house__item__gallery__items__item\" x-bind:class=\"0 == active ? 'espigul-house__item__gallery__items__item--active': ''\">\n\t\t\t\t\t<img decoding=\"async\" src=\"https:\/\/www.espigul.com\/wp-content\/uploads\/2026\/08\/casa-en-venta-en-construccion-en-sant-cugat-del-valles-27864726-1300x731.webp\" alt=\"Im Bau befindliches Haus zum Verkauf in Sant Cugat del Vall\u00e9s\" loading=\"lazy\" width=\"100%\" height=\"auto\">\n\t\t\t\t<\/li>\n\t\t\t\t\t\t\t<li class=\"espigul-house__item__gallery__items__item\" x-bind:class=\"1 == active ? 'espigul-house__item__gallery__items__item--active': ''\">\n\t\t\t\t\t<img decoding=\"async\" src=\"https:\/\/www.espigul.com\/wp-content\/uploads\/2026\/08\/casa-en-venta-en-construccion-en-sant-cugat-del-valles-27864719-1300x957.webp\" alt=\"Im Bau befindliches Haus zum Verkauf in Sant Cugat del Vall\u00e9s\" loading=\"lazy\" width=\"100%\" height=\"auto\">\n\t\t\t\t<\/li>\n\t\t\t\t\t\t\t<li class=\"espigul-house__item__gallery__items__item\" x-bind:class=\"2 == active ? 'espigul-house__item__gallery__items__item--active': ''\">\n\t\t\t\t\t<img decoding=\"async\" src=\"https:\/\/www.espigul.com\/wp-content\/uploads\/2026\/08\/casa-en-venta-en-construccion-en-sant-cugat-del-valles-27864724-1300x731.webp\" alt=\"Im Bau befindliches Haus zum Verkauf in Sant Cugat del Vall\u00e9s\" loading=\"lazy\" width=\"100%\" height=\"auto\">\n\t\t\t\t<\/li>\n\t\t\t\t\t<\/ul>\n\t\t<ul class=\"espigul-house__item__gallery__dots\">\n\t\t\t\t\t\t\t<li class=\"espigul-house__item__gallery__dots__item\" x-bind:class=\"0 == active ? 'espigul-house__item__gallery__dots__item--active': ''\">\n\t\t\t\t<\/li>\n\t\t\t\t\t\t\t<li class=\"espigul-house__item__gallery__dots__item\" x-bind:class=\"1 == active ? 'espigul-house__item__gallery__dots__item--active': ''\">\n\t\t\t\t<\/li>\n\t\t\t\t\t\t\t<li class=\"espigul-house__item__gallery__dots__item\" x-bind:class=\"2 == active ? 'espigul-house__item__gallery__dots__item--active': ''\">\n\t\t\t\t<\/li>\n\t\t\t\t\t<\/ul>\n\t\t<button class=\"espigul-house__item__gallery__arrow espigul-house__item__gallery__arrow--left\" aria-label=\"Previous photo\" @click.stop=\"active === 0 ? active = total - 1 : active--\">\n\t\t\t<svg xmlns=\"http:\/\/www.w3.org\/2000\/svg\" viewBox=\"0 0 40 40\" width=\"40\" height=\"40\" focusable=\"false\"><path d=\"m15.5 0.932-4.3 4.38 14.5 14.6-14.5 14.5 4.3 4.4 14.6-14.6 4.4-4.3-4.4-4.4-14.6-14.6z\"><\/path><\/svg>\n\t\t<\/button>\n\t\t<button class=\"espigul-house__item__gallery__arrow espigul-house__item__gallery__arrow--right\" aria-label=\"Next photo\" @click.stop=\"active === total - 1 ? active = 0 : active++\">\n\t\t\t<svg xmlns=\"http:\/\/www.w3.org\/2000\/svg\" viewBox=\"0 0 40 40\" width=\"40\" height=\"40\" focusable=\"false\"><path d=\"m15.5 0.932-4.3 4.38 14.5 14.6-14.5 14.5 4.3 4.4 14.6-14.6 4.4-4.3-4.4-4.4-14.6-14.6z\"><\/path><\/svg>\n\t\t<\/button>\n\t<\/div>\n\t<div class=\"espigul-house__item__body\">\n\t\t<div class=\"espigul-house__item__body__city\">Sant Cugat del Vall\u00e8s | REF 6349<\/div>\n\t\t<h2 class=\"espigul-house__item__body__title flex-grow\">\n\t\t\t<a href=\"https:\/\/www.espigul.com\/de\/immobles\/im-bau-befindliches-haus-zum-verkauf-in-sant-cugat-del-valles\/\" title=\"Im Bau befindliches Haus zum Verkauf in Sant Cugat del Vall\u00e9s\">Im Bau befindliches Haus zum Verkauf in Sant Cugat del Vall\u00e9s<\/a>\n\t\t<\/h2>\n\t\t<div class=\"espigul-house__item__body__price\">\n\t\t\t2.440.000\u00a0\u20ac\t\t<\/div>\n\t\t<div class=\"espigul-house__item__body__meta\">\n\t\t\t\t\t\t<div class=\"espigul-house__item__body__meta__item\">\n\t\t\t\t<span class=\"espigul-house__item__body__meta__item__label\">Fl\u00e4che<\/span>\n\t\t\t\t<span class=\"espigul-house__item__body__meta__item__value\">\n\t\t\t\t\t521 m<sup>2<\/sup>\t\t\t\t<\/span>\n\t\t\t<\/div>\n\t\t\t\t\t\t<div class=\"espigul-house__item__body__meta__item\">\n\t\t\t\t<span class=\"espigul-house__item__body__meta__item__label\">Schlafzimmer<\/span>\n\t\t\t\t<span class=\"espigul-house__item__body__meta__item__value\">\n\t\t\t\t\t08\t\t\t\t<\/span>\n\t\t\t<\/div>\n\t\t\t\t\t\t<div class=\"espigul-house__item__body__meta__item\">\n\t\t\t\t<span class=\"espigul-house__item__body__meta__item__label\">Badezimmer<\/span>\n\t\t\t\t<span class=\"espigul-house__item__body__meta__item__value\">\n\t\t\t\t\t05\t\t\t\t<\/span>\n\t\t\t<\/div>\n\t\t\t\t\t<\/div>\n\t<\/div>\n<\/div>\n\t\t\t\t\t<\/li>\n\t\t\t\t\t\t\t\t\t\t<li class=\"splide__slide\">\n\t\t\t\t\t<div class=\"espigul-house__item cursor-pointer\" onClick=\"window.location.assign('https:\/\/www.espigul.com\/de\/immobles\/haus-zum-verkauf-in-sant-cugat-del-valles-mit-blick-auf-den-golfplatz\/');\">\n\t<div class=\"espigul-house__item__gallery espigul-house__item__photo\" x-data=\"{ active : 0, total: 3 }\">\n\t\t\t\t<ul class=\"espigul-house__item__gallery__items\">\n\t\t\t\t\t\t\t<li class=\"espigul-house__item__gallery__items__item\" x-bind:class=\"0 == active ? 'espigul-house__item__gallery__items__item--active': ''\">\n\t\t\t\t\t<img decoding=\"async\" src=\"https:\/\/www.espigul.com\/wp-content\/uploads\/2026\/07\/casa-en-venta-en-sant-cugat-del-valles-con-vistas-al-golf-27816161-1300x866.webp\" alt=\"Haus zum Verkauf in Sant Cugat del Vall\u00e8s mit Blick auf den Golfplatz\" loading=\"lazy\" width=\"100%\" height=\"auto\">\n\t\t\t\t<\/li>\n\t\t\t\t\t\t\t<li class=\"espigul-house__item__gallery__items__item\" x-bind:class=\"1 == active ? 'espigul-house__item__gallery__items__item--active': ''\">\n\t\t\t\t\t<img decoding=\"async\" src=\"https:\/\/www.espigul.com\/wp-content\/uploads\/2026\/07\/casa-en-venta-en-sant-cugat-del-valles-con-vistas-al-golf-27816158-1300x866.webp\" alt=\"Haus zum Verkauf in Sant Cugat del Vall\u00e8s mit Blick auf den Golfplatz\" loading=\"lazy\" width=\"100%\" height=\"auto\">\n\t\t\t\t<\/li>\n\t\t\t\t\t\t\t<li class=\"espigul-house__item__gallery__items__item\" x-bind:class=\"2 == active ? 'espigul-house__item__gallery__items__item--active': ''\">\n\t\t\t\t\t<img decoding=\"async\" src=\"https:\/\/www.espigul.com\/wp-content\/uploads\/2026\/07\/casa-en-venta-en-sant-cugat-del-valles-con-vistas-al-golf-27816162-1300x866.webp\" alt=\"Haus zum Verkauf in Sant Cugat del Vall\u00e8s mit Blick auf den Golfplatz\" loading=\"lazy\" width=\"100%\" height=\"auto\">\n\t\t\t\t<\/li>\n\t\t\t\t\t<\/ul>\n\t\t<ul class=\"espigul-house__item__gallery__dots\">\n\t\t\t\t\t\t\t<li class=\"espigul-house__item__gallery__dots__item\" x-bind:class=\"0 == active ? 'espigul-house__item__gallery__dots__item--active': ''\">\n\t\t\t\t<\/li>\n\t\t\t\t\t\t\t<li class=\"espigul-house__item__gallery__dots__item\" x-bind:class=\"1 == active ? 'espigul-house__item__gallery__dots__item--active': ''\">\n\t\t\t\t<\/li>\n\t\t\t\t\t\t\t<li class=\"espigul-house__item__gallery__dots__item\" x-bind:class=\"2 == active ? 'espigul-house__item__gallery__dots__item--active': ''\">\n\t\t\t\t<\/li>\n\t\t\t\t\t<\/ul>\n\t\t<button class=\"espigul-house__item__gallery__arrow espigul-house__item__gallery__arrow--left\" aria-label=\"Previous photo\" @click.stop=\"active === 0 ? active = total - 1 : active--\">\n\t\t\t<svg xmlns=\"http:\/\/www.w3.org\/2000\/svg\" viewBox=\"0 0 40 40\" width=\"40\" height=\"40\" focusable=\"false\"><path d=\"m15.5 0.932-4.3 4.38 14.5 14.6-14.5 14.5 4.3 4.4 14.6-14.6 4.4-4.3-4.4-4.4-14.6-14.6z\"><\/path><\/svg>\n\t\t<\/button>\n\t\t<button class=\"espigul-house__item__gallery__arrow espigul-house__item__gallery__arrow--right\" aria-label=\"Next photo\" @click.stop=\"active === total - 1 ? active = 0 : active++\">\n\t\t\t<svg xmlns=\"http:\/\/www.w3.org\/2000\/svg\" viewBox=\"0 0 40 40\" width=\"40\" height=\"40\" focusable=\"false\"><path d=\"m15.5 0.932-4.3 4.38 14.5 14.6-14.5 14.5 4.3 4.4 14.6-14.6 4.4-4.3-4.4-4.4-14.6-14.6z\"><\/path><\/svg>\n\t\t<\/button>\n\t<\/div>\n\t<div class=\"espigul-house__item__body\">\n\t\t<div class=\"espigul-house__item__body__city\">Sant Cugat del Vall\u00e8s | REF 6310<\/div>\n\t\t<h2 class=\"espigul-house__item__body__title flex-grow\">\n\t\t\t<a href=\"https:\/\/www.espigul.com\/de\/immobles\/haus-zum-verkauf-in-sant-cugat-del-valles-mit-blick-auf-den-golfplatz\/\" title=\"Haus zum Verkauf in Sant Cugat del Vall\u00e8s mit Blick auf den Golfplatz\">Haus zum Verkauf in Sant Cugat del Vall\u00e8s mit Blick auf den Golfplatz<\/a>\n\t\t<\/h2>\n\t\t<div class=\"espigul-house__item__body__price\">\n\t\t\t2.950.000\u00a0\u20ac\t\t<\/div>\n\t\t<div class=\"espigul-house__item__body__meta\">\n\t\t\t\t\t\t<div class=\"espigul-house__item__body__meta__item\">\n\t\t\t\t<span class=\"espigul-house__item__body__meta__item__label\">Fl\u00e4che<\/span>\n\t\t\t\t<span class=\"espigul-house__item__body__meta__item__value\">\n\t\t\t\t\t374 m<sup>2<\/sup>\t\t\t\t<\/span>\n\t\t\t<\/div>\n\t\t\t\t\t\t<div class=\"espigul-house__item__body__meta__item\">\n\t\t\t\t<span class=\"espigul-house__item__body__meta__item__label\">Schlafzimmer<\/span>\n\t\t\t\t<span class=\"espigul-house__item__body__meta__item__value\">\n\t\t\t\t\t05\t\t\t\t<\/span>\n\t\t\t<\/div>\n\t\t\t\t\t\t<div class=\"espigul-house__item__body__meta__item\">\n\t\t\t\t<span class=\"espigul-house__item__body__meta__item__label\">Badezimmer<\/span>\n\t\t\t\t<span class=\"espigul-house__item__body__meta__item__value\">\n\t\t\t\t\t03\t\t\t\t<\/span>\n\t\t\t<\/div>\n\t\t\t\t\t<\/div>\n\t<\/div>\n<\/div>\n\t\t\t\t\t<\/li>\n\t\t\t\t\t\t\t\t\t\t<li class=\"splide__slide\">\n\t\t\t\t\t<div class=\"espigul-house__item cursor-pointer\" onClick=\"window.location.assign('https:\/\/www.espigul.com\/de\/immobles\/grundstueck-zum-verkauf-in-sant-cugat-mit-projekt-und-baugenehmigung-design-einfamilienhaus\/');\">\n\t<div class=\"espigul-house__item__gallery espigul-house__item__photo\" x-data=\"{ active : 0, total: 3 }\">\n\t\t\t\t<ul class=\"espigul-house__item__gallery__items\">\n\t\t\t\t\t\t\t<li class=\"espigul-house__item__gallery__items__item\" x-bind:class=\"0 == active ? 'espigul-house__item__gallery__items__item--active': ''\">\n\t\t\t\t\t<img decoding=\"async\" src=\"https:\/\/www.espigul.com\/wp-content\/uploads\/2026\/07\/terreno-en-venta-en-sant-cugat-con-proyecto-y-licencia-de-obra-unifamiliar-de-diseno-27854214-1300x733.webp\" alt=\"Grundst\u00fcck zum Verkauf in Sant Cugat mit Projekt und Baugenehmigung \u2013 Design-Einfamilienhaus\" loading=\"lazy\" width=\"100%\" height=\"auto\">\n\t\t\t\t<\/li>\n\t\t\t\t\t\t\t<li class=\"espigul-house__item__gallery__items__item\" x-bind:class=\"1 == active ? 'espigul-house__item__gallery__items__item--active': ''\">\n\t\t\t\t\t<img decoding=\"async\" src=\"https:\/\/www.espigul.com\/wp-content\/uploads\/2026\/07\/terreno-en-venta-en-sant-cugat-con-proyecto-y-licencia-de-obra-unifamiliar-de-diseno-27854211-1300x737.webp\" alt=\"Grundst\u00fcck zum Verkauf in Sant Cugat mit Projekt und Baugenehmigung \u2013 Design-Einfamilienhaus\" loading=\"lazy\" width=\"100%\" height=\"auto\">\n\t\t\t\t<\/li>\n\t\t\t\t\t\t\t<li class=\"espigul-house__item__gallery__items__item\" x-bind:class=\"2 == active ? 'espigul-house__item__gallery__items__item--active': ''\">\n\t\t\t\t\t<img decoding=\"async\" src=\"https:\/\/www.espigul.com\/wp-content\/uploads\/2026\/07\/terreno-en-venta-en-sant-cugat-con-proyecto-y-licencia-de-obra-unifamiliar-de-diseno-27854212-1300x734.webp\" alt=\"Grundst\u00fcck zum Verkauf in Sant Cugat mit Projekt und Baugenehmigung \u2013 Design-Einfamilienhaus\" loading=\"lazy\" width=\"100%\" height=\"auto\">\n\t\t\t\t<\/li>\n\t\t\t\t\t<\/ul>\n\t\t<ul class=\"espigul-house__item__gallery__dots\">\n\t\t\t\t\t\t\t<li class=\"espigul-house__item__gallery__dots__item\" x-bind:class=\"0 == active ? 'espigul-house__item__gallery__dots__item--active': ''\">\n\t\t\t\t<\/li>\n\t\t\t\t\t\t\t<li class=\"espigul-house__item__gallery__dots__item\" x-bind:class=\"1 == active ? 'espigul-house__item__gallery__dots__item--active': ''\">\n\t\t\t\t<\/li>\n\t\t\t\t\t\t\t<li class=\"espigul-house__item__gallery__dots__item\" x-bind:class=\"2 == active ? 'espigul-house__item__gallery__dots__item--active': ''\">\n\t\t\t\t<\/li>\n\t\t\t\t\t<\/ul>\n\t\t<button class=\"espigul-house__item__gallery__arrow espigul-house__item__gallery__arrow--left\" aria-label=\"Previous photo\" @click.stop=\"active === 0 ? active = total - 1 : active--\">\n\t\t\t<svg xmlns=\"http:\/\/www.w3.org\/2000\/svg\" viewBox=\"0 0 40 40\" width=\"40\" height=\"40\" focusable=\"false\"><path d=\"m15.5 0.932-4.3 4.38 14.5 14.6-14.5 14.5 4.3 4.4 14.6-14.6 4.4-4.3-4.4-4.4-14.6-14.6z\"><\/path><\/svg>\n\t\t<\/button>\n\t\t<button class=\"espigul-house__item__gallery__arrow espigul-house__item__gallery__arrow--right\" aria-label=\"Next photo\" @click.stop=\"active === total - 1 ? active = 0 : active++\">\n\t\t\t<svg xmlns=\"http:\/\/www.w3.org\/2000\/svg\" viewBox=\"0 0 40 40\" width=\"40\" height=\"40\" focusable=\"false\"><path d=\"m15.5 0.932-4.3 4.38 14.5 14.6-14.5 14.5 4.3 4.4 14.6-14.6 4.4-4.3-4.4-4.4-14.6-14.6z\"><\/path><\/svg>\n\t\t<\/button>\n\t<\/div>\n\t<div class=\"espigul-house__item__body\">\n\t\t<div class=\"espigul-house__item__body__city\">Sant Cugat del Vall\u00e8s | REF 5971<\/div>\n\t\t<h2 class=\"espigul-house__item__body__title flex-grow\">\n\t\t\t<a href=\"https:\/\/www.espigul.com\/de\/immobles\/grundstueck-zum-verkauf-in-sant-cugat-mit-projekt-und-baugenehmigung-design-einfamilienhaus\/\" title=\"Grundst\u00fcck zum Verkauf in Sant Cugat mit Projekt und Baugenehmigung \u2013 Design-Einfamilienhaus\">Grundst\u00fcck zum Verkauf in Sant Cugat mit Projekt und Baugenehmigung \u2013 Design-Einfamilienhaus<\/a>\n\t\t<\/h2>\n\t\t<div class=\"espigul-house__item__body__price\">\n\t\t\t250.000\u00a0\u20ac\t\t<\/div>\n\t\t<div class=\"espigul-house__item__body__meta\">\n\t\t\t\t\t\t<div class=\"espigul-house__item__body__meta__item\">\n\t\t\t\t<span class=\"espigul-house__item__body__meta__item__label\">Fl\u00e4che<\/span>\n\t\t\t\t<span class=\"espigul-house__item__body__meta__item__value\">\n\t\t\t\t\t389 m<sup>2<\/sup>\t\t\t\t<\/span>\n\t\t\t<\/div>\n\t\t\t\t\t<\/div>\n\t<\/div>\n<\/div>\n\t\t\t\t\t<\/li>\n\t\t\t\t\t\t\t\t\t\t<li class=\"splide__slide\">\n\t\t\t\t\t<div class=\"espigul-house__item cursor-pointer\" onClick=\"window.location.assign('https:\/\/www.espigul.com\/de\/immobles\/wohnung-zum-verkauf-in-parc-central-sant-cugat-del-valles\/');\">\n\t<div class=\"espigul-house__item__gallery espigul-house__item__photo\" x-data=\"{ active : 0, total: 3 }\">\n\t\t\t\t<ul class=\"espigul-house__item__gallery__items\">\n\t\t\t\t\t\t\t<li class=\"espigul-house__item__gallery__items__item\" x-bind:class=\"0 == active ? 'espigul-house__item__gallery__items__item--active': ''\">\n\t\t\t\t\t<img decoding=\"async\" src=\"https:\/\/www.espigul.com\/wp-content\/uploads\/2026\/02\/piso-en-venta-en-parc-central-24346253-1300x866.webp\" alt=\"Wohnung zum Verkauf in Parc Central, Sant Cugat del Vall\u00e8s\" loading=\"lazy\" width=\"100%\" height=\"auto\">\n\t\t\t\t<\/li>\n\t\t\t\t\t\t\t<li class=\"espigul-house__item__gallery__items__item\" x-bind:class=\"1 == active ? 'espigul-house__item__gallery__items__item--active': ''\">\n\t\t\t\t\t<img decoding=\"async\" src=\"https:\/\/www.espigul.com\/wp-content\/uploads\/2026\/02\/piso-en-venta-en-parc-central-24346318-1300x866.webp\" alt=\"Wohnung zum Verkauf in Parc Central, Sant Cugat del Vall\u00e8s\" loading=\"lazy\" width=\"100%\" height=\"auto\">\n\t\t\t\t<\/li>\n\t\t\t\t\t\t\t<li class=\"espigul-house__item__gallery__items__item\" x-bind:class=\"2 == active ? 'espigul-house__item__gallery__items__item--active': ''\">\n\t\t\t\t\t<img decoding=\"async\" src=\"https:\/\/www.espigul.com\/wp-content\/uploads\/2026\/02\/piso-en-venta-en-parc-central-24346331-1300x866.webp\" alt=\"Wohnung zum Verkauf in Parc Central, Sant Cugat del Vall\u00e8s\" loading=\"lazy\" width=\"100%\" height=\"auto\">\n\t\t\t\t<\/li>\n\t\t\t\t\t<\/ul>\n\t\t<ul class=\"espigul-house__item__gallery__dots\">\n\t\t\t\t\t\t\t<li class=\"espigul-house__item__gallery__dots__item\" x-bind:class=\"0 == active ? 'espigul-house__item__gallery__dots__item--active': ''\">\n\t\t\t\t<\/li>\n\t\t\t\t\t\t\t<li class=\"espigul-house__item__gallery__dots__item\" x-bind:class=\"1 == active ? 'espigul-house__item__gallery__dots__item--active': ''\">\n\t\t\t\t<\/li>\n\t\t\t\t\t\t\t<li class=\"espigul-house__item__gallery__dots__item\" x-bind:class=\"2 == active ? 'espigul-house__item__gallery__dots__item--active': ''\">\n\t\t\t\t<\/li>\n\t\t\t\t\t<\/ul>\n\t\t<button class=\"espigul-house__item__gallery__arrow espigul-house__item__gallery__arrow--left\" aria-label=\"Previous photo\" @click.stop=\"active === 0 ? active = total - 1 : active--\">\n\t\t\t<svg xmlns=\"http:\/\/www.w3.org\/2000\/svg\" viewBox=\"0 0 40 40\" width=\"40\" height=\"40\" focusable=\"false\"><path d=\"m15.5 0.932-4.3 4.38 14.5 14.6-14.5 14.5 4.3 4.4 14.6-14.6 4.4-4.3-4.4-4.4-14.6-14.6z\"><\/path><\/svg>\n\t\t<\/button>\n\t\t<button class=\"espigul-house__item__gallery__arrow espigul-house__item__gallery__arrow--right\" aria-label=\"Next photo\" @click.stop=\"active === total - 1 ? active = 0 : active++\">\n\t\t\t<svg xmlns=\"http:\/\/www.w3.org\/2000\/svg\" viewBox=\"0 0 40 40\" width=\"40\" height=\"40\" focusable=\"false\"><path d=\"m15.5 0.932-4.3 4.38 14.5 14.6-14.5 14.5 4.3 4.4 14.6-14.6 4.4-4.3-4.4-4.4-14.6-14.6z\"><\/path><\/svg>\n\t\t<\/button>\n\t<\/div>\n\t<div class=\"espigul-house__item__body\">\n\t\t<div class=\"espigul-house__item__body__city\">Sant Cugat del Vall\u00e8s | REF 4880<\/div>\n\t\t<h2 class=\"espigul-house__item__body__title flex-grow\">\n\t\t\t<a href=\"https:\/\/www.espigul.com\/de\/immobles\/wohnung-zum-verkauf-in-parc-central-sant-cugat-del-valles\/\" title=\"Wohnung zum Verkauf in Parc Central, Sant Cugat del Vall\u00e8s\">Wohnung zum Verkauf in Parc Central, Sant Cugat del Vall\u00e8s<\/a>\n\t\t<\/h2>\n\t\t<div class=\"espigul-house__item__body__price\">\n\t\t\t765.000\u00a0\u20ac\t\t<\/div>\n\t\t<div class=\"espigul-house__item__body__meta\">\n\t\t\t\t\t\t<div class=\"espigul-house__item__body__meta__item\">\n\t\t\t\t<span class=\"espigul-house__item__body__meta__item__label\">Fl\u00e4che<\/span>\n\t\t\t\t<span class=\"espigul-house__item__body__meta__item__value\">\n\t\t\t\t\t124 m<sup>2<\/sup>\t\t\t\t<\/span>\n\t\t\t<\/div>\n\t\t\t\t\t\t<div class=\"espigul-house__item__body__meta__item\">\n\t\t\t\t<span class=\"espigul-house__item__body__meta__item__label\">Schlafzimmer<\/span>\n\t\t\t\t<span class=\"espigul-house__item__body__meta__item__value\">\n\t\t\t\t\t04\t\t\t\t<\/span>\n\t\t\t<\/div>\n\t\t\t\t\t\t<div class=\"espigul-house__item__body__meta__item\">\n\t\t\t\t<span class=\"espigul-house__item__body__meta__item__label\">Badezimmer<\/span>\n\t\t\t\t<span class=\"espigul-house__item__body__meta__item__value\">\n\t\t\t\t\t02\t\t\t\t<\/span>\n\t\t\t<\/div>\n\t\t\t\t\t<\/div>\n\t<\/div>\n<\/div>\n\t\t\t\t\t<\/li>\n\t\t\t\t\t\t\t\t\t\t<li class=\"splide__slide\">\n\t\t\t\t\t<div class=\"espigul-house__item cursor-pointer\" onClick=\"window.location.assign('https:\/\/www.espigul.com\/de\/immobles\/freistehendes-designerhaus-zum-verkauf\/');\">\n\t<div class=\"espigul-house__item__gallery espigul-house__item__photo\" x-data=\"{ active : 0, total: 3 }\">\n\t\t\t\t<ul class=\"espigul-house__item__gallery__items\">\n\t\t\t\t\t\t\t<li class=\"espigul-house__item__gallery__items__item\" x-bind:class=\"0 == active ? 'espigul-house__item__gallery__items__item--active': ''\">\n\t\t\t\t\t<img decoding=\"async\" src=\"https:\/\/www.espigul.com\/wp-content\/uploads\/2026\/07\/casa-aislada-en-venta-de-diseno-de-autor-27399197-1300x866.webp\" alt=\"Exklusives Designerhaus zum Verkauf in Can Mates\" loading=\"lazy\" width=\"100%\" height=\"auto\">\n\t\t\t\t<\/li>\n\t\t\t\t\t\t\t<li class=\"espigul-house__item__gallery__items__item\" x-bind:class=\"1 == active ? 'espigul-house__item__gallery__items__item--active': ''\">\n\t\t\t\t\t<img decoding=\"async\" src=\"https:\/\/www.espigul.com\/wp-content\/uploads\/2026\/07\/casa-aislada-en-venta-de-diseno-de-autor-27399202-1300x866.webp\" alt=\"Exklusives Designerhaus zum Verkauf in Can Mates\" loading=\"lazy\" width=\"100%\" height=\"auto\">\n\t\t\t\t<\/li>\n\t\t\t\t\t\t\t<li class=\"espigul-house__item__gallery__items__item\" x-bind:class=\"2 == active ? 'espigul-house__item__gallery__items__item--active': ''\">\n\t\t\t\t\t<img decoding=\"async\" src=\"https:\/\/www.espigul.com\/wp-content\/uploads\/2026\/07\/casa-aislada-en-venta-de-diseno-de-autor-27399205-1300x866.webp\" alt=\"Exklusives Designerhaus zum Verkauf in Can Mates\" loading=\"lazy\" width=\"100%\" height=\"auto\">\n\t\t\t\t<\/li>\n\t\t\t\t\t<\/ul>\n\t\t<ul class=\"espigul-house__item__gallery__dots\">\n\t\t\t\t\t\t\t<li class=\"espigul-house__item__gallery__dots__item\" x-bind:class=\"0 == active ? 'espigul-house__item__gallery__dots__item--active': ''\">\n\t\t\t\t<\/li>\n\t\t\t\t\t\t\t<li class=\"espigul-house__item__gallery__dots__item\" x-bind:class=\"1 == active ? 'espigul-house__item__gallery__dots__item--active': ''\">\n\t\t\t\t<\/li>\n\t\t\t\t\t\t\t<li class=\"espigul-house__item__gallery__dots__item\" x-bind:class=\"2 == active ? 'espigul-house__item__gallery__dots__item--active': ''\">\n\t\t\t\t<\/li>\n\t\t\t\t\t<\/ul>\n\t\t<button class=\"espigul-house__item__gallery__arrow espigul-house__item__gallery__arrow--left\" aria-label=\"Previous photo\" @click.stop=\"active === 0 ? active = total - 1 : active--\">\n\t\t\t<svg xmlns=\"http:\/\/www.w3.org\/2000\/svg\" viewBox=\"0 0 40 40\" width=\"40\" height=\"40\" focusable=\"false\"><path d=\"m15.5 0.932-4.3 4.38 14.5 14.6-14.5 14.5 4.3 4.4 14.6-14.6 4.4-4.3-4.4-4.4-14.6-14.6z\"><\/path><\/svg>\n\t\t<\/button>\n\t\t<button class=\"espigul-house__item__gallery__arrow espigul-house__item__gallery__arrow--right\" aria-label=\"Next photo\" @click.stop=\"active === total - 1 ? active = 0 : active++\">\n\t\t\t<svg xmlns=\"http:\/\/www.w3.org\/2000\/svg\" viewBox=\"0 0 40 40\" width=\"40\" height=\"40\" focusable=\"false\"><path d=\"m15.5 0.932-4.3 4.38 14.5 14.6-14.5 14.5 4.3 4.4 14.6-14.6 4.4-4.3-4.4-4.4-14.6-14.6z\"><\/path><\/svg>\n\t\t<\/button>\n\t<\/div>\n\t<div class=\"espigul-house__item__body\">\n\t\t<div class=\"espigul-house__item__body__city\">Sant Cugat del Vall\u00e8s | REF 6124<\/div>\n\t\t<h2 class=\"espigul-house__item__body__title flex-grow\">\n\t\t\t<a href=\"https:\/\/www.espigul.com\/de\/immobles\/freistehendes-designerhaus-zum-verkauf\/\" title=\"Exklusives Designerhaus zum Verkauf in Can Mates\">Exklusives Designerhaus zum Verkauf in Can Mates<\/a>\n\t\t<\/h2>\n\t\t<div class=\"espigul-house__item__body__price\">\n\t\t\t2.450.000\u00a0\u20ac\t\t<\/div>\n\t\t<div class=\"espigul-house__item__body__meta\">\n\t\t\t\t\t\t<div class=\"espigul-house__item__body__meta__item\">\n\t\t\t\t<span class=\"espigul-house__item__body__meta__item__label\">Fl\u00e4che<\/span>\n\t\t\t\t<span class=\"espigul-house__item__body__meta__item__value\">\n\t\t\t\t\t429 m<sup>2<\/sup>\t\t\t\t<\/span>\n\t\t\t<\/div>\n\t\t\t\t\t\t<div class=\"espigul-house__item__body__meta__item\">\n\t\t\t\t<span class=\"espigul-house__item__body__meta__item__label\">Schlafzimmer<\/span>\n\t\t\t\t<span class=\"espigul-house__item__body__meta__item__value\">\n\t\t\t\t\t04\t\t\t\t<\/span>\n\t\t\t<\/div>\n\t\t\t\t\t\t<div class=\"espigul-house__item__body__meta__item\">\n\t\t\t\t<span class=\"espigul-house__item__body__meta__item__label\">Badezimmer<\/span>\n\t\t\t\t<span class=\"espigul-house__item__body__meta__item__value\">\n\t\t\t\t\t03\t\t\t\t<\/span>\n\t\t\t<\/div>\n\t\t\t\t\t<\/div>\n\t<\/div>\n<\/div>\n\t\t\t\t\t<\/li>\n\t\t\t\t\t\t\t\t\t\t<li class=\"splide__slide\">\n\t\t\t\t\t<div class=\"espigul-house__item cursor-pointer\" onClick=\"window.location.assign('https:\/\/www.espigul.com\/de\/immobles\/einfamilienhaus-mit-pool-in-mirasol-sant-cugat-del-valles-zu-verkaufen\/');\">\n\t<div class=\"espigul-house__item__gallery espigul-house__item__photo\" x-data=\"{ active : 0, total: 3 }\">\n\t\t\t\t<ul class=\"espigul-house__item__gallery__items\">\n\t\t\t\t\t\t\t<li class=\"espigul-house__item__gallery__items__item\" x-bind:class=\"0 == active ? 'espigul-house__item__gallery__items__item--active': ''\">\n\t\t\t\t\t<img decoding=\"async\" src=\"https:\/\/www.espigul.com\/wp-content\/uploads\/2026\/07\/casa-unifamiliar-en-venta-con-piscina-en-mirasol-sant-cugat-del-valles-27286701-1300x866.webp\" alt=\"Einfamilienhaus mit Pool in Mirasol, Sant Cugat del Vall\u00e8s zu verkaufen\" loading=\"lazy\" width=\"100%\" height=\"auto\">\n\t\t\t\t<\/li>\n\t\t\t\t\t\t\t<li class=\"espigul-house__item__gallery__items__item\" x-bind:class=\"1 == active ? 'espigul-house__item__gallery__items__item--active': ''\">\n\t\t\t\t\t<img decoding=\"async\" src=\"https:\/\/www.espigul.com\/wp-content\/uploads\/2026\/07\/casa-unifamiliar-en-venta-con-piscina-en-mirasol-sant-cugat-del-valles-27286710-1300x866.webp\" alt=\"Einfamilienhaus mit Pool in Mirasol, Sant Cugat del Vall\u00e8s zu verkaufen\" loading=\"lazy\" width=\"100%\" height=\"auto\">\n\t\t\t\t<\/li>\n\t\t\t\t\t\t\t<li class=\"espigul-house__item__gallery__items__item\" x-bind:class=\"2 == active ? 'espigul-house__item__gallery__items__item--active': ''\">\n\t\t\t\t\t<img decoding=\"async\" src=\"https:\/\/www.espigul.com\/wp-content\/uploads\/2026\/07\/casa-unifamiliar-en-venta-con-piscina-en-mirasol-sant-cugat-del-valles-27286699-1300x866.webp\" alt=\"Einfamilienhaus mit Pool in Mirasol, Sant Cugat del Vall\u00e8s zu verkaufen\" loading=\"lazy\" width=\"100%\" height=\"auto\">\n\t\t\t\t<\/li>\n\t\t\t\t\t<\/ul>\n\t\t<ul class=\"espigul-house__item__gallery__dots\">\n\t\t\t\t\t\t\t<li class=\"espigul-house__item__gallery__dots__item\" x-bind:class=\"0 == active ? 'espigul-house__item__gallery__dots__item--active': ''\">\n\t\t\t\t<\/li>\n\t\t\t\t\t\t\t<li class=\"espigul-house__item__gallery__dots__item\" x-bind:class=\"1 == active ? 'espigul-house__item__gallery__dots__item--active': ''\">\n\t\t\t\t<\/li>\n\t\t\t\t\t\t\t<li class=\"espigul-house__item__gallery__dots__item\" x-bind:class=\"2 == active ? 'espigul-house__item__gallery__dots__item--active': ''\">\n\t\t\t\t<\/li>\n\t\t\t\t\t<\/ul>\n\t\t<button class=\"espigul-house__item__gallery__arrow espigul-house__item__gallery__arrow--left\" aria-label=\"Previous photo\" @click.stop=\"active === 0 ? active = total - 1 : active--\">\n\t\t\t<svg xmlns=\"http:\/\/www.w3.org\/2000\/svg\" viewBox=\"0 0 40 40\" width=\"40\" height=\"40\" focusable=\"false\"><path d=\"m15.5 0.932-4.3 4.38 14.5 14.6-14.5 14.5 4.3 4.4 14.6-14.6 4.4-4.3-4.4-4.4-14.6-14.6z\"><\/path><\/svg>\n\t\t<\/button>\n\t\t<button class=\"espigul-house__item__gallery__arrow espigul-house__item__gallery__arrow--right\" aria-label=\"Next photo\" @click.stop=\"active === total - 1 ? active = 0 : active++\">\n\t\t\t<svg xmlns=\"http:\/\/www.w3.org\/2000\/svg\" viewBox=\"0 0 40 40\" width=\"40\" height=\"40\" focusable=\"false\"><path d=\"m15.5 0.932-4.3 4.38 14.5 14.6-14.5 14.5 4.3 4.4 14.6-14.6 4.4-4.3-4.4-4.4-14.6-14.6z\"><\/path><\/svg>\n\t\t<\/button>\n\t<\/div>\n\t<div class=\"espigul-house__item__body\">\n\t\t<div class=\"espigul-house__item__body__city\">Sant Cugat del Vall\u00e8s | REF 5194<\/div>\n\t\t<h2 class=\"espigul-house__item__body__title flex-grow\">\n\t\t\t<a href=\"https:\/\/www.espigul.com\/de\/immobles\/einfamilienhaus-mit-pool-in-mirasol-sant-cugat-del-valles-zu-verkaufen\/\" title=\"Einfamilienhaus mit Pool in Mirasol, Sant Cugat del Vall\u00e8s zu verkaufen\">Einfamilienhaus mit Pool in Mirasol, Sant Cugat del Vall\u00e8s zu verkaufen<\/a>\n\t\t<\/h2>\n\t\t<div class=\"espigul-house__item__body__price\">\n\t\t\t1.890.000\u00a0\u20ac\t\t<\/div>\n\t\t<div class=\"espigul-house__item__body__meta\">\n\t\t\t\t\t\t<div class=\"espigul-house__item__body__meta__item\">\n\t\t\t\t<span class=\"espigul-house__item__body__meta__item__label\">Fl\u00e4che<\/span>\n\t\t\t\t<span class=\"espigul-house__item__body__meta__item__value\">\n\t\t\t\t\t416 m<sup>2<\/sup>\t\t\t\t<\/span>\n\t\t\t<\/div>\n\t\t\t\t\t\t<div class=\"espigul-house__item__body__meta__item\">\n\t\t\t\t<span class=\"espigul-house__item__body__meta__item__label\">Schlafzimmer<\/span>\n\t\t\t\t<span class=\"espigul-house__item__body__meta__item__value\">\n\t\t\t\t\t05\t\t\t\t<\/span>\n\t\t\t<\/div>\n\t\t\t\t\t\t<div class=\"espigul-house__item__body__meta__item\">\n\t\t\t\t<span class=\"espigul-house__item__body__meta__item__label\">Badezimmer<\/span>\n\t\t\t\t<span class=\"espigul-house__item__body__meta__item__value\">\n\t\t\t\t\t03\t\t\t\t<\/span>\n\t\t\t<\/div>\n\t\t\t\t\t<\/div>\n\t<\/div>\n<\/div>\n\t\t\t\t\t<\/li>\n\t\t\t\t\t\t\t\t\t\t<li class=\"splide__slide\">\n\t\t\t\t\t<div class=\"espigul-house__item cursor-pointer\" onClick=\"window.location.assign('https:\/\/www.espigul.com\/de\/immobles\/imposantes-haus-mit-privatem-pool-in-valldoreix\/');\">\n\t<div class=\"espigul-house__item__gallery espigul-house__item__photo\" x-data=\"{ active : 0, total: 3 }\">\n\t\t\t\t<ul class=\"espigul-house__item__gallery__items\">\n\t\t\t\t\t\t\t<li class=\"espigul-house__item__gallery__items__item\" x-bind:class=\"0 == active ? 'espigul-house__item__gallery__items__item--active': ''\">\n\t\t\t\t\t<img decoding=\"async\" src=\"https:\/\/www.espigul.com\/wp-content\/uploads\/2026\/06\/imponente-casa-con-piscina-privada-en-valldoreix-27845433-1300x866.webp\" alt=\"Imposantes Haus zum Verkauf mit privatem Pool in Valldoreix, Sant Cugat del Vall\u00e9s\" loading=\"lazy\" width=\"100%\" height=\"auto\">\n\t\t\t\t<\/li>\n\t\t\t\t\t\t\t<li class=\"espigul-house__item__gallery__items__item\" x-bind:class=\"1 == active ? 'espigul-house__item__gallery__items__item--active': ''\">\n\t\t\t\t\t<img decoding=\"async\" src=\"https:\/\/www.espigul.com\/wp-content\/uploads\/2026\/06\/imponente-casa-con-piscina-privada-en-valldoreix-27845436-1300x866.webp\" alt=\"Imposantes Haus zum Verkauf mit privatem Pool in Valldoreix, Sant Cugat del Vall\u00e9s\" loading=\"lazy\" width=\"100%\" height=\"auto\">\n\t\t\t\t<\/li>\n\t\t\t\t\t\t\t<li class=\"espigul-house__item__gallery__items__item\" x-bind:class=\"2 == active ? 'espigul-house__item__gallery__items__item--active': ''\">\n\t\t\t\t\t<img decoding=\"async\" src=\"https:\/\/www.espigul.com\/wp-content\/uploads\/2026\/06\/imponente-casa-con-piscina-privada-en-valldoreix-27845432-1300x866.webp\" alt=\"Imposantes Haus zum Verkauf mit privatem Pool in Valldoreix, Sant Cugat del Vall\u00e9s\" loading=\"lazy\" width=\"100%\" height=\"auto\">\n\t\t\t\t<\/li>\n\t\t\t\t\t<\/ul>\n\t\t<ul class=\"espigul-house__item__gallery__dots\">\n\t\t\t\t\t\t\t<li class=\"espigul-house__item__gallery__dots__item\" x-bind:class=\"0 == active ? 'espigul-house__item__gallery__dots__item--active': ''\">\n\t\t\t\t<\/li>\n\t\t\t\t\t\t\t<li class=\"espigul-house__item__gallery__dots__item\" x-bind:class=\"1 == active ? 'espigul-house__item__gallery__dots__item--active': ''\">\n\t\t\t\t<\/li>\n\t\t\t\t\t\t\t<li class=\"espigul-house__item__gallery__dots__item\" x-bind:class=\"2 == active ? 'espigul-house__item__gallery__dots__item--active': ''\">\n\t\t\t\t<\/li>\n\t\t\t\t\t<\/ul>\n\t\t<button class=\"espigul-house__item__gallery__arrow espigul-house__item__gallery__arrow--left\" aria-label=\"Previous photo\" @click.stop=\"active === 0 ? active = total - 1 : active--\">\n\t\t\t<svg xmlns=\"http:\/\/www.w3.org\/2000\/svg\" viewBox=\"0 0 40 40\" width=\"40\" height=\"40\" focusable=\"false\"><path d=\"m15.5 0.932-4.3 4.38 14.5 14.6-14.5 14.5 4.3 4.4 14.6-14.6 4.4-4.3-4.4-4.4-14.6-14.6z\"><\/path><\/svg>\n\t\t<\/button>\n\t\t<button class=\"espigul-house__item__gallery__arrow espigul-house__item__gallery__arrow--right\" aria-label=\"Next photo\" @click.stop=\"active === total - 1 ? active = 0 : active++\">\n\t\t\t<svg xmlns=\"http:\/\/www.w3.org\/2000\/svg\" viewBox=\"0 0 40 40\" width=\"40\" height=\"40\" focusable=\"false\"><path d=\"m15.5 0.932-4.3 4.38 14.5 14.6-14.5 14.5 4.3 4.4 14.6-14.6 4.4-4.3-4.4-4.4-14.6-14.6z\"><\/path><\/svg>\n\t\t<\/button>\n\t<\/div>\n\t<div class=\"espigul-house__item__body\">\n\t\t<div class=\"espigul-house__item__body__city\">Sant Cugat del Vall\u00e8s | REF 5519<\/div>\n\t\t<h2 class=\"espigul-house__item__body__title flex-grow\">\n\t\t\t<a href=\"https:\/\/www.espigul.com\/de\/immobles\/imposantes-haus-mit-privatem-pool-in-valldoreix\/\" title=\"Imposantes Haus zum Verkauf mit privatem Pool in Valldoreix, Sant Cugat del Vall\u00e9s\">Imposantes Haus zum Verkauf mit privatem Pool in Valldoreix, Sant Cugat del Vall\u00e9s<\/a>\n\t\t<\/h2>\n\t\t<div class=\"espigul-house__item__body__price\">\n\t\t\t1.890.000\u00a0\u20ac\t\t<\/div>\n\t\t<div class=\"espigul-house__item__body__meta\">\n\t\t\t\t\t\t<div class=\"espigul-house__item__body__meta__item\">\n\t\t\t\t<span class=\"espigul-house__item__body__meta__item__label\">Fl\u00e4che<\/span>\n\t\t\t\t<span class=\"espigul-house__item__body__meta__item__value\">\n\t\t\t\t\t593 m<sup>2<\/sup>\t\t\t\t<\/span>\n\t\t\t<\/div>\n\t\t\t\t\t\t<div class=\"espigul-house__item__body__meta__item\">\n\t\t\t\t<span class=\"espigul-house__item__body__meta__item__label\">Schlafzimmer<\/span>\n\t\t\t\t<span class=\"espigul-house__item__body__meta__item__value\">\n\t\t\t\t\t09\t\t\t\t<\/span>\n\t\t\t<\/div>\n\t\t\t\t\t\t<div class=\"espigul-house__item__body__meta__item\">\n\t\t\t\t<span class=\"espigul-house__item__body__meta__item__label\">Badezimmer<\/span>\n\t\t\t\t<span class=\"espigul-house__item__body__meta__item__value\">\n\t\t\t\t\t11\t\t\t\t<\/span>\n\t\t\t<\/div>\n\t\t\t\t\t<\/div>\n\t<\/div>\n<\/div>\n\t\t\t\t\t<\/li>\n\t\t\t\t\t\t\t\t\t\t<li class=\"splide__slide\">\n\t\t\t\t\t<div class=\"espigul-house__item cursor-pointer\" onClick=\"window.location.assign('https:\/\/www.espigul.com\/de\/immobles\/premium-wohnung-zum-verkauf-mit-terrasse-und-pool-direkt-am-golfplatz-von-sant-cugat\/');\">\n\t<div class=\"espigul-house__item__gallery espigul-house__item__photo\" x-data=\"{ active : 0, total: 3 }\">\n\t\t\t\t<ul class=\"espigul-house__item__gallery__items\">\n\t\t\t\t\t\t\t<li class=\"espigul-house__item__gallery__items__item\" x-bind:class=\"0 == active ? 'espigul-house__item__gallery__items__item--active': ''\">\n\t\t\t\t\t<img decoding=\"async\" src=\"https:\/\/www.espigul.com\/wp-content\/uploads\/2026\/06\/piso-premium-en-venta-con-terraza-y-piscina-junto-al-golf-de-sant-cugat-27301486-1300x866.webp\" alt=\"Premium-Wohnung zum Verkauf mit Terrasse und Pool direkt am Golfplatz von Sant Cugat\" loading=\"lazy\" width=\"100%\" height=\"auto\">\n\t\t\t\t<\/li>\n\t\t\t\t\t\t\t<li class=\"espigul-house__item__gallery__items__item\" x-bind:class=\"1 == active ? 'espigul-house__item__gallery__items__item--active': ''\">\n\t\t\t\t\t<img decoding=\"async\" src=\"https:\/\/www.espigul.com\/wp-content\/uploads\/2026\/06\/piso-premium-en-venta-con-terraza-y-piscina-junto-al-golf-de-sant-cugat-27182409-1300x866.webp\" alt=\"Premium-Wohnung zum Verkauf mit Terrasse und Pool direkt am Golfplatz von Sant Cugat\" loading=\"lazy\" width=\"100%\" height=\"auto\">\n\t\t\t\t<\/li>\n\t\t\t\t\t\t\t<li class=\"espigul-house__item__gallery__items__item\" x-bind:class=\"2 == active ? 'espigul-house__item__gallery__items__item--active': ''\">\n\t\t\t\t\t<img decoding=\"async\" src=\"https:\/\/www.espigul.com\/wp-content\/uploads\/2026\/06\/piso-premium-en-venta-con-terraza-y-piscina-junto-al-golf-de-sant-cugat-27182359-1300x866.webp\" alt=\"Premium-Wohnung zum Verkauf mit Terrasse und Pool direkt am Golfplatz von Sant Cugat\" loading=\"lazy\" width=\"100%\" height=\"auto\">\n\t\t\t\t<\/li>\n\t\t\t\t\t<\/ul>\n\t\t<ul class=\"espigul-house__item__gallery__dots\">\n\t\t\t\t\t\t\t<li class=\"espigul-house__item__gallery__dots__item\" x-bind:class=\"0 == active ? 'espigul-house__item__gallery__dots__item--active': ''\">\n\t\t\t\t<\/li>\n\t\t\t\t\t\t\t<li class=\"espigul-house__item__gallery__dots__item\" x-bind:class=\"1 == active ? 'espigul-house__item__gallery__dots__item--active': ''\">\n\t\t\t\t<\/li>\n\t\t\t\t\t\t\t<li class=\"espigul-house__item__gallery__dots__item\" x-bind:class=\"2 == active ? 'espigul-house__item__gallery__dots__item--active': ''\">\n\t\t\t\t<\/li>\n\t\t\t\t\t<\/ul>\n\t\t<button class=\"espigul-house__item__gallery__arrow espigul-house__item__gallery__arrow--left\" aria-label=\"Previous photo\" @click.stop=\"active === 0 ? active = total - 1 : active--\">\n\t\t\t<svg xmlns=\"http:\/\/www.w3.org\/2000\/svg\" viewBox=\"0 0 40 40\" width=\"40\" height=\"40\" focusable=\"false\"><path d=\"m15.5 0.932-4.3 4.38 14.5 14.6-14.5 14.5 4.3 4.4 14.6-14.6 4.4-4.3-4.4-4.4-14.6-14.6z\"><\/path><\/svg>\n\t\t<\/button>\n\t\t<button class=\"espigul-house__item__gallery__arrow espigul-house__item__gallery__arrow--right\" aria-label=\"Next photo\" @click.stop=\"active === total - 1 ? active = 0 : active++\">\n\t\t\t<svg xmlns=\"http:\/\/www.w3.org\/2000\/svg\" viewBox=\"0 0 40 40\" width=\"40\" height=\"40\" focusable=\"false\"><path d=\"m15.5 0.932-4.3 4.38 14.5 14.6-14.5 14.5 4.3 4.4 14.6-14.6 4.4-4.3-4.4-4.4-14.6-14.6z\"><\/path><\/svg>\n\t\t<\/button>\n\t<\/div>\n\t<div class=\"espigul-house__item__body\">\n\t\t<div class=\"espigul-house__item__body__city\">Sant Cugat del Vall\u00e8s | REF 6033<\/div>\n\t\t<h2 class=\"espigul-house__item__body__title flex-grow\">\n\t\t\t<a href=\"https:\/\/www.espigul.com\/de\/immobles\/premium-wohnung-zum-verkauf-mit-terrasse-und-pool-direkt-am-golfplatz-von-sant-cugat\/\" title=\"Premium-Wohnung zum Verkauf mit Terrasse und Pool direkt am Golfplatz von Sant Cugat\">Premium-Wohnung zum Verkauf mit Terrasse und Pool direkt am Golfplatz von Sant Cugat<\/a>\n\t\t<\/h2>\n\t\t<div class=\"espigul-house__item__body__price\">\n\t\t\t1.390.000\u00a0\u20ac\t\t<\/div>\n\t\t<div class=\"espigul-house__item__body__meta\">\n\t\t\t\t\t\t<div class=\"espigul-house__item__body__meta__item\">\n\t\t\t\t<span class=\"espigul-house__item__body__meta__item__label\">Fl\u00e4che<\/span>\n\t\t\t\t<span class=\"espigul-house__item__body__meta__item__value\">\n\t\t\t\t\t235 m<sup>2<\/sup>\t\t\t\t<\/span>\n\t\t\t<\/div>\n\t\t\t\t\t\t<div class=\"espigul-house__item__body__meta__item\">\n\t\t\t\t<span class=\"espigul-house__item__body__meta__item__label\">Schlafzimmer<\/span>\n\t\t\t\t<span class=\"espigul-house__item__body__meta__item__value\">\n\t\t\t\t\t05\t\t\t\t<\/span>\n\t\t\t<\/div>\n\t\t\t\t\t\t<div class=\"espigul-house__item__body__meta__item\">\n\t\t\t\t<span class=\"espigul-house__item__body__meta__item__label\">Badezimmer<\/span>\n\t\t\t\t<span class=\"espigul-house__item__body__meta__item__value\">\n\t\t\t\t\t05\t\t\t\t<\/span>\n\t\t\t<\/div>\n\t\t\t\t\t<\/div>\n\t<\/div>\n<\/div>\n\t\t\t\t\t<\/li>\n\t\t\t\t\t\t\t\t\t\t<li class=\"splide__slide\">\n\t\t\t\t\t<div class=\"espigul-house__item cursor-pointer\" onClick=\"window.location.assign('https:\/\/www.espigul.com\/de\/immobles\/einfamilienhaus-mit-pool-im-golf-de-sant-cugat-del-valles\/');\">\n\t<div class=\"espigul-house__item__gallery espigul-house__item__photo\" x-data=\"{ active : 0, total: 3 }\">\n\t\t\t\t<ul class=\"espigul-house__item__gallery__items\">\n\t\t\t\t\t\t\t<li class=\"espigul-house__item__gallery__items__item\" x-bind:class=\"0 == active ? 'espigul-house__item__gallery__items__item--active': ''\">\n\t\t\t\t\t<img decoding=\"async\" src=\"https:\/\/www.espigul.com\/wp-content\/uploads\/2026\/04\/casa-unifamiliar-con-piscina-en-el-golf-de-sant-cugat-del-valles-25832183-1300x866.webp\" alt=\"Einfamilienhaus mit Pool im Golf de Sant Cugat del Vall\u00e8s\" loading=\"lazy\" width=\"100%\" height=\"auto\">\n\t\t\t\t<\/li>\n\t\t\t\t\t\t\t<li class=\"espigul-house__item__gallery__items__item\" x-bind:class=\"1 == active ? 'espigul-house__item__gallery__items__item--active': ''\">\n\t\t\t\t\t<img decoding=\"async\" src=\"https:\/\/www.espigul.com\/wp-content\/uploads\/2026\/04\/casa-unifamiliar-con-piscina-en-el-golf-de-sant-cugat-del-valles-25832182-1300x866.webp\" alt=\"Einfamilienhaus mit Pool im Golf de Sant Cugat del Vall\u00e8s\" loading=\"lazy\" width=\"100%\" height=\"auto\">\n\t\t\t\t<\/li>\n\t\t\t\t\t\t\t<li class=\"espigul-house__item__gallery__items__item\" x-bind:class=\"2 == active ? 'espigul-house__item__gallery__items__item--active': ''\">\n\t\t\t\t\t<img decoding=\"async\" src=\"https:\/\/www.espigul.com\/wp-content\/uploads\/2026\/04\/casa-unifamiliar-con-piscina-en-el-golf-de-sant-cugat-del-valles-25832187-1300x866.webp\" alt=\"Einfamilienhaus mit Pool im Golf de Sant Cugat del Vall\u00e8s\" loading=\"lazy\" width=\"100%\" height=\"auto\">\n\t\t\t\t<\/li>\n\t\t\t\t\t<\/ul>\n\t\t<ul class=\"espigul-house__item__gallery__dots\">\n\t\t\t\t\t\t\t<li class=\"espigul-house__item__gallery__dots__item\" x-bind:class=\"0 == active ? 'espigul-house__item__gallery__dots__item--active': ''\">\n\t\t\t\t<\/li>\n\t\t\t\t\t\t\t<li class=\"espigul-house__item__gallery__dots__item\" x-bind:class=\"1 == active ? 'espigul-house__item__gallery__dots__item--active': ''\">\n\t\t\t\t<\/li>\n\t\t\t\t\t\t\t<li class=\"espigul-house__item__gallery__dots__item\" x-bind:class=\"2 == active ? 'espigul-house__item__gallery__dots__item--active': ''\">\n\t\t\t\t<\/li>\n\t\t\t\t\t<\/ul>\n\t\t<button class=\"espigul-house__item__gallery__arrow espigul-house__item__gallery__arrow--left\" aria-label=\"Previous photo\" @click.stop=\"active === 0 ? active = total - 1 : active--\">\n\t\t\t<svg xmlns=\"http:\/\/www.w3.org\/2000\/svg\" viewBox=\"0 0 40 40\" width=\"40\" height=\"40\" focusable=\"false\"><path d=\"m15.5 0.932-4.3 4.38 14.5 14.6-14.5 14.5 4.3 4.4 14.6-14.6 4.4-4.3-4.4-4.4-14.6-14.6z\"><\/path><\/svg>\n\t\t<\/button>\n\t\t<button class=\"espigul-house__item__gallery__arrow espigul-house__item__gallery__arrow--right\" aria-label=\"Next photo\" @click.stop=\"active === total - 1 ? active = 0 : active++\">\n\t\t\t<svg xmlns=\"http:\/\/www.w3.org\/2000\/svg\" viewBox=\"0 0 40 40\" width=\"40\" height=\"40\" focusable=\"false\"><path d=\"m15.5 0.932-4.3 4.38 14.5 14.6-14.5 14.5 4.3 4.4 14.6-14.6 4.4-4.3-4.4-4.4-14.6-14.6z\"><\/path><\/svg>\n\t\t<\/button>\n\t<\/div>\n\t<div class=\"espigul-house__item__body\">\n\t\t<div class=\"espigul-house__item__body__city\">Sant Cugat del Vall\u00e8s | REF 5491<\/div>\n\t\t<h2 class=\"espigul-house__item__body__title flex-grow\">\n\t\t\t<a href=\"https:\/\/www.espigul.com\/de\/immobles\/einfamilienhaus-mit-pool-im-golf-de-sant-cugat-del-valles\/\" title=\"Einfamilienhaus mit Pool im Golf de Sant Cugat del Vall\u00e8s\">Einfamilienhaus mit Pool im Golf de Sant Cugat del Vall\u00e8s<\/a>\n\t\t<\/h2>\n\t\t<div class=\"espigul-house__item__body__price\">\n\t\t\t1.850.000\u00a0\u20ac\t\t<\/div>\n\t\t<div class=\"espigul-house__item__body__meta\">\n\t\t\t\t\t\t<div class=\"espigul-house__item__body__meta__item\">\n\t\t\t\t<span class=\"espigul-house__item__body__meta__item__label\">Fl\u00e4che<\/span>\n\t\t\t\t<span class=\"espigul-house__item__body__meta__item__value\">\n\t\t\t\t\t541 m<sup>2<\/sup>\t\t\t\t<\/span>\n\t\t\t<\/div>\n\t\t\t\t\t\t<div class=\"espigul-house__item__body__meta__item\">\n\t\t\t\t<span class=\"espigul-house__item__body__meta__item__label\">Schlafzimmer<\/span>\n\t\t\t\t<span class=\"espigul-house__item__body__meta__item__value\">\n\t\t\t\t\t07\t\t\t\t<\/span>\n\t\t\t<\/div>\n\t\t\t\t\t\t<div class=\"espigul-house__item__body__meta__item\">\n\t\t\t\t<span class=\"espigul-house__item__body__meta__item__label\">Badezimmer<\/span>\n\t\t\t\t<span class=\"espigul-house__item__body__meta__item__value\">\n\t\t\t\t\t08\t\t\t\t<\/span>\n\t\t\t<\/div>\n\t\t\t\t\t<\/div>\n\t<\/div>\n<\/div>\n\t\t\t\t\t<\/li>\n\t\t\t\t\t\t\t\t\t\t<li class=\"splide__slide\">\n\t\t\t\t\t<div class=\"espigul-house__item cursor-pointer\" onClick=\"window.location.assign('https:\/\/www.espigul.com\/de\/immobles\/neu-gebautes-haus-zum-verkauf-in-sant-cugat-del-valles\/');\">\n\t<div class=\"espigul-house__item__gallery espigul-house__item__photo\" x-data=\"{ active : 0, total: 3 }\">\n\t\t\t\t<ul class=\"espigul-house__item__gallery__items\">\n\t\t\t\t\t\t\t<li class=\"espigul-house__item__gallery__items__item\" x-bind:class=\"0 == active ? 'espigul-house__item__gallery__items__item--active': ''\">\n\t\t\t\t\t<img decoding=\"async\" src=\"https:\/\/www.espigul.com\/wp-content\/uploads\/2026\/06\/casa-en-venta-recien-construida-en-sant-cugat-del-valles-26764887-1300x866.webp\" alt=\"Neu gebautes Haus zum Verkauf in Sant Cugat del Vall\u00e9s\" loading=\"lazy\" width=\"100%\" height=\"auto\">\n\t\t\t\t<\/li>\n\t\t\t\t\t\t\t<li class=\"espigul-house__item__gallery__items__item\" x-bind:class=\"1 == active ? 'espigul-house__item__gallery__items__item--active': ''\">\n\t\t\t\t\t<img decoding=\"async\" src=\"https:\/\/www.espigul.com\/wp-content\/uploads\/2026\/06\/casa-en-venta-recien-construida-en-sant-cugat-del-valles-26764888-1300x866.webp\" alt=\"Neu gebautes Haus zum Verkauf in Sant Cugat del Vall\u00e9s\" loading=\"lazy\" width=\"100%\" height=\"auto\">\n\t\t\t\t<\/li>\n\t\t\t\t\t\t\t<li class=\"espigul-house__item__gallery__items__item\" x-bind:class=\"2 == active ? 'espigul-house__item__gallery__items__item--active': ''\">\n\t\t\t\t\t<img decoding=\"async\" src=\"https:\/\/www.espigul.com\/wp-content\/uploads\/2026\/06\/casa-en-venta-recien-construida-en-sant-cugat-del-valles-26764882-1300x866.webp\" alt=\"Neu gebautes Haus zum Verkauf in Sant Cugat del Vall\u00e9s\" loading=\"lazy\" width=\"100%\" height=\"auto\">\n\t\t\t\t<\/li>\n\t\t\t\t\t<\/ul>\n\t\t<ul class=\"espigul-house__item__gallery__dots\">\n\t\t\t\t\t\t\t<li class=\"espigul-house__item__gallery__dots__item\" x-bind:class=\"0 == active ? 'espigul-house__item__gallery__dots__item--active': ''\">\n\t\t\t\t<\/li>\n\t\t\t\t\t\t\t<li class=\"espigul-house__item__gallery__dots__item\" x-bind:class=\"1 == active ? 'espigul-house__item__gallery__dots__item--active': ''\">\n\t\t\t\t<\/li>\n\t\t\t\t\t\t\t<li class=\"espigul-house__item__gallery__dots__item\" x-bind:class=\"2 == active ? 'espigul-house__item__gallery__dots__item--active': ''\">\n\t\t\t\t<\/li>\n\t\t\t\t\t<\/ul>\n\t\t<button class=\"espigul-house__item__gallery__arrow espigul-house__item__gallery__arrow--left\" aria-label=\"Previous photo\" @click.stop=\"active === 0 ? active = total - 1 : active--\">\n\t\t\t<svg xmlns=\"http:\/\/www.w3.org\/2000\/svg\" viewBox=\"0 0 40 40\" width=\"40\" height=\"40\" focusable=\"false\"><path d=\"m15.5 0.932-4.3 4.38 14.5 14.6-14.5 14.5 4.3 4.4 14.6-14.6 4.4-4.3-4.4-4.4-14.6-14.6z\"><\/path><\/svg>\n\t\t<\/button>\n\t\t<button class=\"espigul-house__item__gallery__arrow espigul-house__item__gallery__arrow--right\" aria-label=\"Next photo\" @click.stop=\"active === total - 1 ? active = 0 : active++\">\n\t\t\t<svg xmlns=\"http:\/\/www.w3.org\/2000\/svg\" viewBox=\"0 0 40 40\" width=\"40\" height=\"40\" focusable=\"false\"><path d=\"m15.5 0.932-4.3 4.38 14.5 14.6-14.5 14.5 4.3 4.4 14.6-14.6 4.4-4.3-4.4-4.4-14.6-14.6z\"><\/path><\/svg>\n\t\t<\/button>\n\t<\/div>\n\t<div class=\"espigul-house__item__body\">\n\t\t<div class=\"espigul-house__item__body__city\">Sant Cugat del Vall\u00e8s | REF 5816<\/div>\n\t\t<h2 class=\"espigul-house__item__body__title flex-grow\">\n\t\t\t<a href=\"https:\/\/www.espigul.com\/de\/immobles\/neu-gebautes-haus-zum-verkauf-in-sant-cugat-del-valles\/\" title=\"Neu gebautes Haus zum Verkauf in Sant Cugat del Vall\u00e9s\">Neu gebautes Haus zum Verkauf in Sant Cugat del Vall\u00e9s<\/a>\n\t\t<\/h2>\n\t\t<div class=\"espigul-house__item__body__price\">\n\t\t\t2.387.000\u00a0\u20ac\t\t<\/div>\n\t\t<div class=\"espigul-house__item__body__meta\">\n\t\t\t\t\t\t<div class=\"espigul-house__item__body__meta__item\">\n\t\t\t\t<span class=\"espigul-house__item__body__meta__item__label\">Fl\u00e4che<\/span>\n\t\t\t\t<span class=\"espigul-house__item__body__meta__item__value\">\n\t\t\t\t\t521 m<sup>2<\/sup>\t\t\t\t<\/span>\n\t\t\t<\/div>\n\t\t\t\t\t\t<div class=\"espigul-house__item__body__meta__item\">\n\t\t\t\t<span class=\"espigul-house__item__body__meta__item__label\">Schlafzimmer<\/span>\n\t\t\t\t<span class=\"espigul-house__item__body__meta__item__value\">\n\t\t\t\t\t06\t\t\t\t<\/span>\n\t\t\t<\/div>\n\t\t\t\t\t\t<div class=\"espigul-house__item__body__meta__item\">\n\t\t\t\t<span class=\"espigul-house__item__body__meta__item__label\">Badezimmer<\/span>\n\t\t\t\t<span class=\"espigul-house__item__body__meta__item__value\">\n\t\t\t\t\t04\t\t\t\t<\/span>\n\t\t\t<\/div>\n\t\t\t\t\t<\/div>\n\t<\/div>\n<\/div>\n\t\t\t\t\t<\/li>\n\t\t\t\t\t\t\t\t<\/ul>\n\t\t<\/div>\n\t<\/div>\n<\/div>\n<script>\n\tdocument.addEventListener( 'DOMContentLoaded', function() {\n\t\tvar main = new Splide( '#carousel-7313578', {\n\t\t\tfixedWidth: '90vw',\n\t\t\tgap: '0.5rem',\n\t\t\tpagination: false,\n\t\t\tarrows: true,\n\t\t\tpadding: '1rem',\n\t\t\tmediaQuery: 'min',\n\t\t\tbreakpoints: {\n\t\t\t\t720: {\n\t\t\t\t\tfixedWidth: null,\n\t\t\t\t\tperPage: 3,\n\t\t\t\t\tarrows: true,\n\t\t\t\t},\n\t\t\t\t1024: {\n\t\t\t\t\tperPage: 4\n\t\t\t\t},\n\t\t}\n\t\t} );\n\t\tmain.mount();\n\t} );\n<\/script>\n<\/div><\/div>\n","protected":false},"excerpt":{"rendered":"<p>Francesc Moragas 708172 Sant Cugat del Vall\u00e8s Immobilienagentur Sant Cugat +34 932 700 782santcugat@espigul.com Engagement, das Zukunft baut. Esp\u00edgul ist die Referenz unter den Immobilienagenturen in Sant Cugat. Mit einer \u00fcber 35-j\u00e4hrigen Erfolgsgeschichte auf dem Immobilienmarkt sind wir die ideale Wahl f\u00fcr die Abwicklung von Kauf, Verkauf und Vermietung von Immobilien in dieser Stadt in&#8230;<\/p>\n","protected":false},"author":2,"featured_media":0,"parent":0,"menu_order":0,"comment_status":"closed","ping_status":"closed","template":"","meta":{"_acf_changed":false,"_uag_custom_page_level_css":"","footnotes":""},"class_list":["post-480134","page","type-page","status-publish","hentry"],"acf":[],"yoast_head":"<!-- This site is optimized with the Yoast SEO plugin v28.4 - https:\/\/yoast.com\/product\/yoast-seo-wordpress\/ -->\n<title>Immobilienagentur Sant Cugat - Esp\u00edgul<\/title>\n<meta name=\"robots\" content=\"index, follow, max-snippet:-1, max-image-preview:large, max-video-preview:-1\" \/>\n<link rel=\"canonical\" href=\"https:\/\/www.espigul.com\/de\/immobilienagentur-sant-cugat\/\" \/>\n<meta property=\"og:locale\" content=\"de_DE\" \/>\n<meta property=\"og:type\" content=\"article\" \/>\n<meta property=\"og:title\" content=\"Immobilienagentur Sant Cugat - Esp\u00edgul\" \/>\n<meta property=\"og:description\" content=\"Francesc Moragas 708172 Sant Cugat del Vall\u00e8s Immobilienagentur Sant Cugat +34 932 700 782santcugat@espigul.com Engagement, das Zukunft baut. Esp\u00edgul ist die Referenz unter den Immobilienagenturen in Sant Cugat. Mit einer \u00fcber 35-j\u00e4hrigen Erfolgsgeschichte auf dem Immobilienmarkt sind wir die ideale Wahl f\u00fcr die Abwicklung von Kauf, Verkauf und Vermietung von Immobilien in dieser Stadt in...\" \/>\n<meta property=\"og:url\" content=\"https:\/\/www.espigul.com\/de\/immobilienagentur-sant-cugat\/\" \/>\n<meta property=\"og:site_name\" content=\"Esp\u00edgul\" \/>\n<meta property=\"article:modified_time\" content=\"2026-09-03T11:58:14+00:00\" \/>\n<meta property=\"og:image\" content=\"https:\/\/www.espigul.com\/wp-content\/uploads\/2026\/09\/sant-cugat-02.jpg\" \/>\n\t<meta property=\"og:image:width\" content=\"320\" \/>\n\t<meta property=\"og:image:height\" content=\"334\" \/>\n\t<meta property=\"og:image:type\" content=\"image\/jpeg\" \/>\n<meta name=\"twitter:card\" content=\"summary_large_image\" \/>\n<meta name=\"twitter:label1\" content=\"Gesch\u00e4tzte Lesezeit\" \/>\n\t<meta name=\"twitter:data1\" content=\"2\u00a0Minuten\" \/>\n<script type=\"application\/ld+json\" class=\"yoast-schema-graph\">{\"@context\":\"https:\\\/\\\/schema.org\",\"@graph\":[{\"@type\":\"WebPage\",\"@id\":\"https:\\\/\\\/www.espigul.com\\\/de\\\/immobilienagentur-sant-cugat\\\/\",\"url\":\"https:\\\/\\\/www.espigul.com\\\/de\\\/immobilienagentur-sant-cugat\\\/\",\"name\":\"Immobilienagentur Sant Cugat - Esp\u00edgul\",\"isPartOf\":{\"@id\":\"https:\\\/\\\/www.espigul.com\\\/de\\\/#website\"},\"primaryImageOfPage\":{\"@id\":\"https:\\\/\\\/www.espigul.com\\\/de\\\/immobilienagentur-sant-cugat\\\/#primaryimage\"},\"image\":{\"@id\":\"https:\\\/\\\/www.espigul.com\\\/de\\\/immobilienagentur-sant-cugat\\\/#primaryimage\"},\"thumbnailUrl\":\"https:\\\/\\\/www.espigul.com\\\/wp-content\\\/uploads\\\/2026\\\/09\\\/sant-cugat-02.jpg\",\"datePublished\":\"2026-09-03T10:21:27+00:00\",\"dateModified\":\"2026-09-03T11:58:14+00:00\",\"breadcrumb\":{\"@id\":\"https:\\\/\\\/www.espigul.com\\\/de\\\/immobilienagentur-sant-cugat\\\/#breadcrumb\"},\"inLanguage\":\"de\",\"potentialAction\":[{\"@type\":\"ReadAction\",\"target\":[\"https:\\\/\\\/www.espigul.com\\\/de\\\/immobilienagentur-sant-cugat\\\/\"]}]},{\"@type\":\"ImageObject\",\"inLanguage\":\"de\",\"@id\":\"https:\\\/\\\/www.espigul.com\\\/de\\\/immobilienagentur-sant-cugat\\\/#primaryimage\",\"url\":\"https:\\\/\\\/www.espigul.com\\\/wp-content\\\/uploads\\\/2026\\\/09\\\/sant-cugat-02.jpg\",\"contentUrl\":\"https:\\\/\\\/www.espigul.com\\\/wp-content\\\/uploads\\\/2026\\\/09\\\/sant-cugat-02.jpg\"},{\"@type\":\"BreadcrumbList\",\"@id\":\"https:\\\/\\\/www.espigul.com\\\/de\\\/immobilienagentur-sant-cugat\\\/#breadcrumb\",\"itemListElement\":[{\"@type\":\"ListItem\",\"position\":1,\"name\":\"Inici\",\"item\":\"https:\\\/\\\/www.espigul.com\\\/de\\\/startseite-2\\\/\"},{\"@type\":\"ListItem\",\"position\":2,\"name\":\"Immobilienagentur Sant Cugat\"}]},{\"@type\":\"WebSite\",\"@id\":\"https:\\\/\\\/www.espigul.com\\\/de\\\/#website\",\"url\":\"https:\\\/\\\/www.espigul.com\\\/de\\\/\",\"name\":\"Esp\u00edgul\",\"description\":\"La immobili\u00e0ria l\u00edder de Girona\",\"publisher\":{\"@id\":\"https:\\\/\\\/www.espigul.com\\\/de\\\/#organization\"},\"potentialAction\":[{\"@type\":\"SearchAction\",\"target\":{\"@type\":\"EntryPoint\",\"urlTemplate\":\"https:\\\/\\\/www.espigul.com\\\/de\\\/?s={search_term_string}\"},\"query-input\":{\"@type\":\"PropertyValueSpecification\",\"valueRequired\":true,\"valueName\":\"search_term_string\"}}],\"inLanguage\":\"de\"},{\"@type\":\"Organization\",\"@id\":\"https:\\\/\\\/www.espigul.com\\\/de\\\/#organization\",\"name\":\"Esp\u00edgul\",\"url\":\"https:\\\/\\\/www.espigul.com\\\/de\\\/\",\"logo\":{\"@type\":\"ImageObject\",\"inLanguage\":\"de\",\"@id\":\"https:\\\/\\\/www.espigul.com\\\/de\\\/#\\\/schema\\\/logo\\\/image\\\/\",\"url\":\"https:\\\/\\\/www.espigul.com\\\/wp-content\\\/uploads\\\/2023\\\/08\\\/espigul-block.png\",\"contentUrl\":\"https:\\\/\\\/www.espigul.com\\\/wp-content\\\/uploads\\\/2023\\\/08\\\/espigul-block.png\",\"width\":384,\"height\":240,\"caption\":\"Esp\u00edgul\"},\"image\":{\"@id\":\"https:\\\/\\\/www.espigul.com\\\/de\\\/#\\\/schema\\\/logo\\\/image\\\/\"},\"sameAs\":[\"https:\\\/\\\/www.instagram.com\\\/immoespigul\\\/\",\"https:\\\/\\\/www.youtube.com\\\/channel\\\/UCYyD-WWfbCFpCXau4SQOGKQ\"]}]}<\/script>\n<!-- \/ Yoast SEO plugin. -->","yoast_head_json":{"title":"Immobilienagentur Sant Cugat - Esp\u00edgul","robots":{"index":"index","follow":"follow","max-snippet":"max-snippet:-1","max-image-preview":"max-image-preview:large","max-video-preview":"max-video-preview:-1"},"canonical":"https:\/\/www.espigul.com\/de\/immobilienagentur-sant-cugat\/","og_locale":"de_DE","og_type":"article","og_title":"Immobilienagentur Sant Cugat - Esp\u00edgul","og_description":"Francesc Moragas 708172 Sant Cugat del Vall\u00e8s Immobilienagentur Sant Cugat +34 932 700 782santcugat@espigul.com Engagement, das Zukunft baut. Esp\u00edgul ist die Referenz unter den Immobilienagenturen in Sant Cugat. Mit einer \u00fcber 35-j\u00e4hrigen Erfolgsgeschichte auf dem Immobilienmarkt sind wir die ideale Wahl f\u00fcr die Abwicklung von Kauf, Verkauf und Vermietung von Immobilien in dieser Stadt in...","og_url":"https:\/\/www.espigul.com\/de\/immobilienagentur-sant-cugat\/","og_site_name":"Esp\u00edgul","article_modified_time":"2026-09-03T11:58:14+00:00","og_image":[{"width":320,"height":334,"url":"https:\/\/www.espigul.com\/wp-content\/uploads\/2026\/09\/sant-cugat-02.jpg","type":"image\/jpeg"}],"twitter_card":"summary_large_image","twitter_misc":{"Gesch\u00e4tzte Lesezeit":"2\u00a0Minuten"},"schema":{"@context":"https:\/\/schema.org","@graph":[{"@type":"WebPage","@id":"https:\/\/www.espigul.com\/de\/immobilienagentur-sant-cugat\/","url":"https:\/\/www.espigul.com\/de\/immobilienagentur-sant-cugat\/","name":"Immobilienagentur Sant Cugat - Esp\u00edgul","isPartOf":{"@id":"https:\/\/www.espigul.com\/de\/#website"},"primaryImageOfPage":{"@id":"https:\/\/www.espigul.com\/de\/immobilienagentur-sant-cugat\/#primaryimage"},"image":{"@id":"https:\/\/www.espigul.com\/de\/immobilienagentur-sant-cugat\/#primaryimage"},"thumbnailUrl":"https:\/\/www.espigul.com\/wp-content\/uploads\/2026\/09\/sant-cugat-02.jpg","datePublished":"2026-09-03T10:21:27+00:00","dateModified":"2026-09-03T11:58:14+00:00","breadcrumb":{"@id":"https:\/\/www.espigul.com\/de\/immobilienagentur-sant-cugat\/#breadcrumb"},"inLanguage":"de","potentialAction":[{"@type":"ReadAction","target":["https:\/\/www.espigul.com\/de\/immobilienagentur-sant-cugat\/"]}]},{"@type":"ImageObject","inLanguage":"de","@id":"https:\/\/www.espigul.com\/de\/immobilienagentur-sant-cugat\/#primaryimage","url":"https:\/\/www.espigul.com\/wp-content\/uploads\/2026\/09\/sant-cugat-02.jpg","contentUrl":"https:\/\/www.espigul.com\/wp-content\/uploads\/2026\/09\/sant-cugat-02.jpg"},{"@type":"BreadcrumbList","@id":"https:\/\/www.espigul.com\/de\/immobilienagentur-sant-cugat\/#breadcrumb","itemListElement":[{"@type":"ListItem","position":1,"name":"Inici","item":"https:\/\/www.espigul.com\/de\/startseite-2\/"},{"@type":"ListItem","position":2,"name":"Immobilienagentur Sant Cugat"}]},{"@type":"WebSite","@id":"https:\/\/www.espigul.com\/de\/#website","url":"https:\/\/www.espigul.com\/de\/","name":"Esp\u00edgul","description":"La immobili\u00e0ria l\u00edder de Girona","publisher":{"@id":"https:\/\/www.espigul.com\/de\/#organization"},"potentialAction":[{"@type":"SearchAction","target":{"@type":"EntryPoint","urlTemplate":"https:\/\/www.espigul.com\/de\/?s={search_term_string}"},"query-input":{"@type":"PropertyValueSpecification","valueRequired":true,"valueName":"search_term_string"}}],"inLanguage":"de"},{"@type":"Organization","@id":"https:\/\/www.espigul.com\/de\/#organization","name":"Esp\u00edgul","url":"https:\/\/www.espigul.com\/de\/","logo":{"@type":"ImageObject","inLanguage":"de","@id":"https:\/\/www.espigul.com\/de\/#\/schema\/logo\/image\/","url":"https:\/\/www.espigul.com\/wp-content\/uploads\/2023\/08\/espigul-block.png","contentUrl":"https:\/\/www.espigul.com\/wp-content\/uploads\/2023\/08\/espigul-block.png","width":384,"height":240,"caption":"Esp\u00edgul"},"image":{"@id":"https:\/\/www.espigul.com\/de\/#\/schema\/logo\/image\/"},"sameAs":["https:\/\/www.instagram.com\/immoespigul\/","https:\/\/www.youtube.com\/channel\/UCYyD-WWfbCFpCXau4SQOGKQ"]}]}},"uagb_featured_image_src":{"full":false,"thumbnail":false,"medium":false,"medium_large":false,"large":false,"1536x1536":false,"2048x2048":false,"gform-image-choice-sm":false,"gform-image-choice-md":false,"gform-image-choice-lg":false},"uagb_author_info":{"display_name":"Anna Ramon","author_link":"https:\/\/www.espigul.com\/de\/author\/anna-ramon\/"},"uagb_comment_info":0,"uagb_excerpt":"Francesc Moragas 708172 Sant Cugat del Vall\u00e8s Immobilienagentur Sant Cugat +34 932 700 782santcugat@espigul.com Engagement, das Zukunft baut. Esp\u00edgul ist die Referenz unter den Immobilienagenturen in Sant Cugat. Mit einer \u00fcber 35-j\u00e4hrigen Erfolgsgeschichte auf dem Immobilienmarkt sind wir die ideale Wahl f\u00fcr die Abwicklung von Kauf, Verkauf und Vermietung von Immobilien in dieser Stadt in...","_links":{"self":[{"href":"https:\/\/www.espigul.com\/de\/wp-json\/wp\/v2\/pages\/480134","targetHints":{"allow":["GET"]}}],"collection":[{"href":"https:\/\/www.espigul.com\/de\/wp-json\/wp\/v2\/pages"}],"about":[{"href":"https:\/\/www.espigul.com\/de\/wp-json\/wp\/v2\/types\/page"}],"author":[{"embeddable":true,"href":"https:\/\/www.espigul.com\/de\/wp-json\/wp\/v2\/users\/2"}],"replies":[{"embeddable":true,"href":"https:\/\/www.espigul.com\/de\/wp-json\/wp\/v2\/comments?post=480134"}],"version-history":[{"count":2,"href":"https:\/\/www.espigul.com\/de\/wp-json\/wp\/v2\/pages\/480134\/revisions"}],"predecessor-version":[{"id":480148,"href":"https:\/\/www.espigul.com\/de\/wp-json\/wp\/v2\/pages\/480134\/revisions\/480148"}],"wp:attachment":[{"href":"https:\/\/www.espigul.com\/de\/wp-json\/wp\/v2\/media?parent=480134"}],"curies":[{"name":"wp","href":"https:\/\/api.w.org\/{rel}","templated":true}]}}