{"id":480027,"date":"2026-09-03T11:59:39","date_gmt":"2026-09-03T09:59:39","guid":{"rendered":"https:\/\/www.espigul.com\/immobilien-maresme-2\/"},"modified":"2026-09-03T13:57:44","modified_gmt":"2026-09-03T11:57:44","slug":"immobilien-maresme-2","status":"publish","type":"page","link":"https:\/\/www.espigul.com\/de\/immobilien-maresme-2\/","title":{"rendered":"Immobilien Maresme"},"content":{"rendered":"\n<div class=\"wp-block-uagb-container uagb-block-26595532 alignfull uagb-is-root-container\"><div class=\"uagb-container-inner-blocks-wrap\">\n<div class=\"wp-block-uagb-container uagb-block-f2698641\">\n<div class=\"wp-block-uagb-container uagb-block-dcaf0e14\">\n<p class=\"has-text-align-left has-white-color has-text-color has-link-color has-large-font-size wp-elements-c49f30a70bf38a3dd778b70b08aaa2c3 wp-block-paragraph\" style=\"padding-top:0px;padding-bottom:0px\">RAMBLA \u00c0NGEL GUIMER\u00c0 44<br\/>08328 ALELLA<\/p>\n<\/div>\n\n\n\n<div class=\"wp-block-uagb-container uagb-block-4206ed9c\">\n<p class=\"has-text-align-center has-white-color has-text-color has-link-color has-large-font-size wp-elements-4545d9339a5d8425ddd6a9ee4e3b7f6d wp-block-paragraph\" style=\"margin-right:0rem;margin-left:0rem\">IMMOBILIEN MARESME<\/p>\n<\/div>\n\n\n\n<div class=\"wp-block-uagb-container uagb-block-d1e16abf\">\n<p class=\"has-text-align-right has-white-color has-text-color has-link-color has-large-font-size wp-elements-f710d833d354d99931a19f634eb6c630 wp-block-paragraph\">+34 972 220 110<br\/>MARESME@ESPIGUL.COM<\/p>\n<\/div>\n<\/div>\n<\/div><\/div>\n\n<div class=\"wp-block-uagb-container uagb-layout-grid uagb-block-c1153241 alignfull uagb-is-root-container\"><div class=\"uagb-container-inner-blocks-wrap\">\n<div class=\"wp-block-uagb-container uag-hide-mob uagb-block-cf3b0453\"><\/div>\n\n\n\n<div class=\"wp-block-uagb-container uagb-block-f7b02f1a\">\n<div class=\"wp-block-uagb-container uagb-layout-grid uagb-block-cfae5fa7\">\n<h2 class=\"wp-block-heading has-3-x-large-font-size\">Wir f\u00f6rdern Projekte, wir k\u00fcmmern uns um Menschen.<\/h2>\n\n\n\n<div class=\"wp-block-uagb-container uagb-block-594efdc0 alignfull uagb-is-root-container\"><div class=\"uagb-container-inner-blocks-wrap\"><\/div><\/div>\n\n\n\n<div class=\"wp-block-uagb-container uagb-block-121e435a\">\n<p class=\"has-seasons-font-family wp-block-paragraph\">Esp\u00edgul ist die f\u00fchrende Immobilienagentur in Maresme. Wir sind Spezialisten f\u00fcr den Kauf, Verkauf und die Vermietung von Immobilien in Maresme, einer der attraktivsten Gegenden der katalanischen K\u00fcste. Mit unserer umfassenden Erfahrung in der Branche und einem Expertenteam helfen wir Ihnen, die perfekte Immobilie zu finden, die auf Ihre Bed\u00fcrfnisse zugeschnitten ist.  <\/p>\n\n\n\n<p class=\"has-seasons-font-family wp-block-paragraph\">Bei Esp\u00edgul Maresme bieten wir Ihnen einen pers\u00f6nlichen Service, bei dem wir Sie bei jedem Schritt des Prozesses begleiten, um den Kauf, Verkauf oder die Vermietung einer Immobilie zu einem einfachen und sicheren Erlebnis zu machen. Sie werden eine Vielfalt an Immobilien entdecken; wir verf\u00fcgen \u00fcber einen umfangreichen Katalog an Objekten, von Wohnungen und H\u00e4usern bis hin zu Fincas, Grundst\u00fccken und Gesch\u00e4ftsr\u00e4umen. Wir besitzen ein tiefgehendes Wissen \u00fcber den lokalen Markt und sind stets \u00fcber die neuesten Trends auf dem Immobilienmarkt in Maresme informiert, um Ihnen die besten verf\u00fcgbaren Optionen zu garantieren.   <\/p>\n\n\n\n<p class=\"has-seasons-font-family wp-block-paragraph\">Und schlie\u00dflich bieten wir Ihnen eine umfassende Beratung, von der ersten Anfrage bis zum Abschluss der Transaktion, einschlie\u00dflich Immobilienbewertung, rechtlicher Formalit\u00e4ten und Finanzierungsoptionen.<\/p>\n<\/div>\n\n\n\n<div class=\"wp-block-uagb-container uagb-block-4bde3a05\">\n<p class=\"has-seasons-font-family wp-block-paragraph\">Die besten Immobilienchancen in Maresme: Wenn Sie eine Immobilie in Maresme suchen, sei es zum Wohnen oder als Investition, finden Sie bei Esp\u00edgul die besten Gelegenheiten. Wir arbeiten mit einem st\u00e4ndig aktualisierten Immobilienportfolio, das Neubauprojekte mit hochwertigen Ausstattungen, H\u00e4user und Wohnungen in erster Meereslinie oder mit spektakul\u00e4rer Aussicht, Gesch\u00e4ftsr\u00e4ume an strategischen Standorten zur F\u00f6rderung Ihres Unternehmens, rustikale Fincas und Grundst\u00fccke f\u00fcr ma\u00dfgeschneiderte Projekte umfasst. <\/p>\n\n\n\n<p class=\"has-seasons-font-family wp-block-paragraph\">Dar\u00fcber hinaus bieten wir sowohl Privatpersonen als auch Unternehmen, die sich in dieser privilegierten K\u00fcstenregion niederlassen m\u00f6chten, ma\u00dfgeschneiderte L\u00f6sungen an.<\/p>\n\n\n\n<p class=\"has-seasons-font-family wp-block-paragraph\">Mit \u00fcber 35 Jahren Erfahrung in der Immobilienbranche zeichnet sich Esp\u00edgul durch Professionalit\u00e4t, Transparenz und Kundenn\u00e4he aus. Unser Ziel ist es, Ihnen mit einem umfassenden Service, der Ihnen sichere Entscheidungen erm\u00f6glicht, die ideale Immobilie zu finden. <\/p>\n<\/div>\n<\/div>\n<\/div>\n<\/div><\/div>\n\n<div class=\"wp-block-uagb-container uagb-layout-grid uagb-block-6c306a06 alignfull uagb-is-root-container\">\n<figure class=\"wp-block-image size-full is-resized\"><img loading=\"lazy\" decoding=\"async\" width=\"320\" height=\"334\" src=\"https:\/\/www.espigul.com\/wp-content\/uploads\/2026\/09\/maresme-02.jpg\" alt=\"\" class=\"wp-image-478602\" style=\"object-fit:cover;width:320px;height:365px\" srcset=\"https:\/\/www.espigul.com\/wp-content\/uploads\/2026\/09\/maresme-02.jpg 320w, https:\/\/www.espigul.com\/wp-content\/uploads\/2026\/09\/maresme-02-287x300.jpg 287w\" sizes=\"auto, (max-width: 320px) 100vw, 320px\" \/><figcaption class=\"wp-element-caption\">IMMOBILIENGRUPPE<\/figcaption><\/figure>\n\n\n\n<div class=\"wp-block-uagb-container uag-hide-mob uagb-block-62aaa084\"><\/div>\n\n\n\n<figure class=\"wp-block-image size-full is-resized\"><img loading=\"lazy\" decoding=\"async\" width=\"320\" height=\"334\" src=\"https:\/\/www.espigul.com\/wp-content\/uploads\/2026\/09\/maresme-03.jpg\" alt=\"\" class=\"wp-image-478603\" style=\"object-fit:cover;width:320px;height:365px\" srcset=\"https:\/\/www.espigul.com\/wp-content\/uploads\/2026\/09\/maresme-03.jpg 320w, https:\/\/www.espigul.com\/wp-content\/uploads\/2026\/09\/maresme-03-287x300.jpg 287w\" sizes=\"auto, (max-width: 320px) 100vw, 320px\" \/><figcaption class=\"wp-element-caption\">GEGR. 1989<\/figcaption><\/figure>\n\n\n\n<figure class=\"wp-block-image size-full is-resized\"><img loading=\"lazy\" decoding=\"async\" width=\"320\" height=\"334\" src=\"https:\/\/www.espigul.com\/wp-content\/uploads\/2026\/09\/maresme-04.jpg\" alt=\"\" class=\"wp-image-478614\" style=\"object-fit:cover;width:320px;height:365px\" srcset=\"https:\/\/www.espigul.com\/wp-content\/uploads\/2026\/09\/maresme-04.jpg 320w, https:\/\/www.espigul.com\/wp-content\/uploads\/2026\/09\/maresme-04-287x300.jpg 287w\" sizes=\"auto, (max-width: 320px) 100vw, 320px\" \/><figcaption class=\"wp-element-caption\">IMMOBILIENGRUPPE<\/figcaption><\/figure>\n\n\n\n<div class=\"wp-block-uagb-container uag-hide-mob uagb-block-4532ec18\"><\/div>\n\n\n\n<figure class=\"wp-block-image size-full is-resized\"><img loading=\"lazy\" decoding=\"async\" width=\"320\" height=\"334\" src=\"https:\/\/www.espigul.com\/wp-content\/uploads\/2026\/09\/maresme-05.jpg\" alt=\"\" class=\"wp-image-478623\" style=\"object-fit:cover;width:320px;height:365px\" srcset=\"https:\/\/www.espigul.com\/wp-content\/uploads\/2026\/09\/maresme-05.jpg 320w, https:\/\/www.espigul.com\/wp-content\/uploads\/2026\/09\/maresme-05-287x300.jpg 287w\" sizes=\"auto, (max-width: 320px) 100vw, 320px\" \/><figcaption class=\"wp-element-caption\">GEGR. 1989<\/figcaption><\/figure>\n<\/div>\n\n<div class=\"wp-block-uagb-container uagb-block-c04d68c9 alignfull uagb-is-root-container\"><div class=\"uagb-container-inner-blocks-wrap\">    <div>\n                <div class=\"proposta-grid proposta__item\">\n                            <div class=\"proposta__item__image\">\n                    <img decoding=\"async\" class=\"proposta-image\" src=\"https:\/\/www.espigul.com\/wp-content\/uploads\/2026\/09\/proposta-1-2.jpg\" alt=\"\"\/>\n                <\/div>\n                        <div class=\"proposta__item__counter\">\n                <p>01<\/p>\n            <\/div>\n            <div class=\"proposta__item__title\">\n                                    <h2>Erfahrung und lokale Marktkenntnis<\/h2>\n                            <\/div>\n            <div class=\"proposta__item__subtitle\">\n                                    <p>Mehr als 35 Jahre T\u00e4tigkeit im Immobiliensektor erm\u00f6glichen es uns, den Markt in der Tiefe zu verstehen und seine Entwicklungen fr\u00fchzeitig zu erkennen. Wir kennen jede Gegend, jede Immobilienart und jede echte Chance.  <\/p>\n                            <\/div>\n                    <\/div>\n                <div class=\"proposta-grid proposta__item\">\n                            <div class=\"proposta__item__image\">\n                    <img decoding=\"async\" class=\"proposta-image\" src=\"https:\/\/www.espigul.com\/wp-content\/uploads\/2026\/09\/proposta-2-2.jpg\" alt=\"\"\/>\n                <\/div>\n                        <div class=\"proposta__item__counter\">\n                <p>02<\/p>\n            <\/div>\n            <div class=\"proposta__item__title\">\n                                    <h2>Auswahl und Verm\u00f6genswert<\/h2>\n                            <\/div>\n            <div class=\"proposta__item__subtitle\">\n                                    <p>Wir arbeiten mit einem sorgf\u00e4ltig ausgew\u00e4hlten Portfolio an Wohn-, Gewerbe- und Industrieimmobilien und priorisieren Lage, Qualit\u00e4t und Wertentwicklungspotenzial.<\/p>\n                            <\/div>\n                    <\/div>\n                <div class=\"proposta-grid proposta__item\">\n                            <div class=\"proposta__item__image\">\n                    <img decoding=\"async\" class=\"proposta-image\" src=\"https:\/\/www.espigul.com\/wp-content\/uploads\/2026\/09\/proposta-3-2.jpg\" alt=\"\"\/>\n                <\/div>\n                        <div class=\"proposta__item__counter\">\n                <p>03<\/p>\n            <\/div>\n            <div class=\"proposta__item__title\">\n                                    <h2>Strategische Begleitung<\/h2>\n                            <\/div>\n            <div class=\"proposta__item__subtitle\">\n                                    <p>Wir beraten K\u00e4ufer und Eigent\u00fcmer w\u00e4hrend des gesamten Prozesses \u2013 mit einer rigorosen, diskreten und ergebnisorientierten Betreuung. Jede Transaktion wird mit Pr\u00e4zision und langfristiger Perspektive umgesetzt. <\/p>\n                            <\/div>\n                    <\/div>\n            <\/div>\n    <\/div><\/div>\n\n<div class=\"wp-block-uagb-container uagb-block-de828a5d alignfull uagb-is-root-container\"><div class=\"uagb-container-inner-blocks-wrap\">\n<div class=\"wp-block-uagb-container uagb-block-b0a5bdcd\">\n<h2 class=\"wp-block-heading\">Hervorgehobene Immobilien in Maresme<\/h2>\n<\/div>\n\n\n<div class=\"espigul-slider wp-block-espigul-espigul-slider\">\n\t<div id=\"carousel-2543157\" class=\"splide\">\n\t\t<div class=\"splide__arrows\">\n\t\t\t<button class=\"splide__arrow splide__arrow--prev\">\n\t\t\t\t\t<svg viewBox=\"0 0 24 24\" class=\"icon icon--carousel-arrow-right w-4 h-4\" xmlns=http:\/\/www.w3.org\/2000\/svg role=\"img\" >\n\t\t<use xlink:href=\"https:\/\/www.espigul.com\/wp-content\/themes\/espigul\/static\/images\/icons.svg#carousel-arrow-right\"><\/use>\n\t<\/svg>\n\t\t\t\t<\/button>\n\t\t\t<button class=\"splide__arrow splide__arrow--next\">\n\t\t\t\t\t<svg viewBox=\"0 0 24 24\" class=\"icon icon--carousel-arrow-right w-4 h-4\" xmlns=http:\/\/www.w3.org\/2000\/svg role=\"img\" >\n\t\t<use xlink:href=\"https:\/\/www.espigul.com\/wp-content\/themes\/espigul\/static\/images\/icons.svg#carousel-arrow-right\"><\/use>\n\t<\/svg>\n\t\t\t\t<\/button>\n\t\t<\/div>\n\t\t<div class=\"splide__track\">\n\t\t\t<ul class=\"splide__list\">\n\t\t\t\t\t\t\t\t<li class=\"splide__slide\">\n\t\t\t\t\t<div class=\"espigul-house__item cursor-pointer\" onClick=\"window.location.assign('https:\/\/www.espigul.com\/de\/immobles\/grosszuegiges-renovierungsbeduerftiges-haus-mit-6-zimmern-und-meerblick-in-vilassar-de-dalt\/');\">\n\t<div class=\"espigul-house__item__gallery espigul-house__item__photo\" x-data=\"{ active : 0, total: 3 }\">\n\t\t\t\t<ul class=\"espigul-house__item__gallery__items\">\n\t\t\t\t\t\t\t<li class=\"espigul-house__item__gallery__items__item\" x-bind:class=\"0 == active ? 'espigul-house__item__gallery__items__item--active': ''\">\n\t\t\t\t\t<img decoding=\"async\" src=\"https:\/\/www.espigul.com\/wp-content\/uploads\/2026\/09\/amplia-casa-a-reformar-de-6-habitaciones-con-vistas-al-mar-en-vilassar-de-dalt-28210683-1300x866.webp\" alt=\"Gro\u00dfz\u00fcgiges renovierungsbed\u00fcrftiges Haus mit 6 Zimmern und Meerblick in Vilassar de Dalt\" loading=\"lazy\" width=\"100%\" height=\"auto\">\n\t\t\t\t<\/li>\n\t\t\t\t\t\t\t<li class=\"espigul-house__item__gallery__items__item\" x-bind:class=\"1 == active ? 'espigul-house__item__gallery__items__item--active': ''\">\n\t\t\t\t\t<img decoding=\"async\" src=\"https:\/\/www.espigul.com\/wp-content\/uploads\/2026\/09\/amplia-casa-a-reformar-de-6-habitaciones-con-vistas-al-mar-en-vilassar-de-dalt-28209159-1300x866.webp\" alt=\"Gro\u00dfz\u00fcgiges renovierungsbed\u00fcrftiges Haus mit 6 Zimmern und Meerblick in Vilassar de Dalt\" loading=\"lazy\" width=\"100%\" height=\"auto\">\n\t\t\t\t<\/li>\n\t\t\t\t\t\t\t<li class=\"espigul-house__item__gallery__items__item\" x-bind:class=\"2 == active ? 'espigul-house__item__gallery__items__item--active': ''\">\n\t\t\t\t\t<img decoding=\"async\" src=\"https:\/\/www.espigul.com\/wp-content\/uploads\/2026\/09\/amplia-casa-a-reformar-de-6-habitaciones-con-vistas-al-mar-en-vilassar-de-dalt-28210684-1300x866.webp\" alt=\"Gro\u00dfz\u00fcgiges renovierungsbed\u00fcrftiges Haus mit 6 Zimmern und Meerblick in Vilassar de Dalt\" loading=\"lazy\" width=\"100%\" height=\"auto\">\n\t\t\t\t<\/li>\n\t\t\t\t\t<\/ul>\n\t\t<ul class=\"espigul-house__item__gallery__dots\">\n\t\t\t\t\t\t\t<li class=\"espigul-house__item__gallery__dots__item\" x-bind:class=\"0 == active ? 'espigul-house__item__gallery__dots__item--active': ''\">\n\t\t\t\t<\/li>\n\t\t\t\t\t\t\t<li class=\"espigul-house__item__gallery__dots__item\" x-bind:class=\"1 == active ? 'espigul-house__item__gallery__dots__item--active': ''\">\n\t\t\t\t<\/li>\n\t\t\t\t\t\t\t<li class=\"espigul-house__item__gallery__dots__item\" x-bind:class=\"2 == active ? 'espigul-house__item__gallery__dots__item--active': ''\">\n\t\t\t\t<\/li>\n\t\t\t\t\t<\/ul>\n\t\t<button class=\"espigul-house__item__gallery__arrow espigul-house__item__gallery__arrow--left\" aria-label=\"Previous photo\" @click.stop=\"active === 0 ? active = total - 1 : active--\">\n\t\t\t<svg xmlns=\"http:\/\/www.w3.org\/2000\/svg\" viewBox=\"0 0 40 40\" width=\"40\" height=\"40\" focusable=\"false\"><path d=\"m15.5 0.932-4.3 4.38 14.5 14.6-14.5 14.5 4.3 4.4 14.6-14.6 4.4-4.3-4.4-4.4-14.6-14.6z\"><\/path><\/svg>\n\t\t<\/button>\n\t\t<button class=\"espigul-house__item__gallery__arrow espigul-house__item__gallery__arrow--right\" aria-label=\"Next photo\" @click.stop=\"active === total - 1 ? active = 0 : active++\">\n\t\t\t<svg xmlns=\"http:\/\/www.w3.org\/2000\/svg\" viewBox=\"0 0 40 40\" width=\"40\" height=\"40\" focusable=\"false\"><path d=\"m15.5 0.932-4.3 4.38 14.5 14.6-14.5 14.5 4.3 4.4 14.6-14.6 4.4-4.3-4.4-4.4-14.6-14.6z\"><\/path><\/svg>\n\t\t<\/button>\n\t<\/div>\n\t<div class=\"espigul-house__item__body\">\n\t\t<div class=\"espigul-house__item__body__city\">Maresme | REF 6486<\/div>\n\t\t<h2 class=\"espigul-house__item__body__title flex-grow\">\n\t\t\t<a href=\"https:\/\/www.espigul.com\/de\/immobles\/grosszuegiges-renovierungsbeduerftiges-haus-mit-6-zimmern-und-meerblick-in-vilassar-de-dalt\/\" title=\"Gro\u00dfz\u00fcgiges renovierungsbed\u00fcrftiges Haus mit 6 Zimmern und Meerblick in Vilassar de Dalt\">Gro\u00dfz\u00fcgiges renovierungsbed\u00fcrftiges Haus mit 6 Zimmern und Meerblick in Vilassar de Dalt<\/a>\n\t\t<\/h2>\n\t\t<div class=\"espigul-house__item__body__price\">\n\t\t\t880.000\u00a0\u20ac\t\t<\/div>\n\t\t<div class=\"espigul-house__item__body__meta\">\n\t\t\t\t\t\t<div class=\"espigul-house__item__body__meta__item\">\n\t\t\t\t<span class=\"espigul-house__item__body__meta__item__label\">Fl\u00e4che<\/span>\n\t\t\t\t<span class=\"espigul-house__item__body__meta__item__value\">\n\t\t\t\t\t296 m<sup>2<\/sup>\t\t\t\t<\/span>\n\t\t\t<\/div>\n\t\t\t\t\t\t<div class=\"espigul-house__item__body__meta__item\">\n\t\t\t\t<span class=\"espigul-house__item__body__meta__item__label\">Schlafzimmer<\/span>\n\t\t\t\t<span class=\"espigul-house__item__body__meta__item__value\">\n\t\t\t\t\t06\t\t\t\t<\/span>\n\t\t\t<\/div>\n\t\t\t\t\t\t<div class=\"espigul-house__item__body__meta__item\">\n\t\t\t\t<span class=\"espigul-house__item__body__meta__item__label\">Badezimmer<\/span>\n\t\t\t\t<span class=\"espigul-house__item__body__meta__item__value\">\n\t\t\t\t\t03\t\t\t\t<\/span>\n\t\t\t<\/div>\n\t\t\t\t\t<\/div>\n\t<\/div>\n<\/div>\n\t\t\t\t\t<\/li>\n\t\t\t\t\t\t\t\t\t\t<li class=\"splide__slide\">\n\t\t\t\t\t<div class=\"espigul-house__item cursor-pointer\" onClick=\"window.location.assign('https:\/\/www.espigul.com\/de\/immobles\/wohnung-aus-dem-jahr-2020-mit-26-m%c2%b2-terrasse-und-stellplatz-in-el-masnou\/');\">\n\t<div class=\"espigul-house__item__gallery espigul-house__item__photo\" x-data=\"{ active : 0, total: 3 }\">\n\t\t\t\t<ul class=\"espigul-house__item__gallery__items\">\n\t\t\t\t\t\t\t<li class=\"espigul-house__item__gallery__items__item\" x-bind:class=\"0 == active ? 'espigul-house__item__gallery__items__item--active': ''\">\n\t\t\t\t\t<img decoding=\"async\" src=\"https:\/\/www.espigul.com\/wp-content\/uploads\/2026\/08\/piso-del-2020-con-terraza-de-26-mc2b2-y-plaza-de-parquing-en-el-masnou-28166199-1300x866.webp\" alt=\"Wohnung aus dem Jahr 2020 mit 26 m\u00b2 Terrasse und Stellplatz in El Masnou\" loading=\"lazy\" width=\"100%\" height=\"auto\">\n\t\t\t\t<\/li>\n\t\t\t\t\t\t\t<li class=\"espigul-house__item__gallery__items__item\" x-bind:class=\"1 == active ? 'espigul-house__item__gallery__items__item--active': ''\">\n\t\t\t\t\t<img decoding=\"async\" src=\"https:\/\/www.espigul.com\/wp-content\/uploads\/2026\/08\/piso-del-2020-con-terraza-de-26-mc2b2-y-plaza-de-parquing-en-el-masnou-28166184-1300x866.webp\" alt=\"Wohnung aus dem Jahr 2020 mit 26 m\u00b2 Terrasse und Stellplatz in El Masnou\" loading=\"lazy\" width=\"100%\" height=\"auto\">\n\t\t\t\t<\/li>\n\t\t\t\t\t\t\t<li class=\"espigul-house__item__gallery__items__item\" x-bind:class=\"2 == active ? 'espigul-house__item__gallery__items__item--active': ''\">\n\t\t\t\t\t<img decoding=\"async\" src=\"https:\/\/www.espigul.com\/wp-content\/uploads\/2026\/08\/piso-del-2020-con-terraza-de-26-mc2b2-y-plaza-de-parquing-en-el-masnou-28166882-1300x866.webp\" alt=\"Wohnung aus dem Jahr 2020 mit 26 m\u00b2 Terrasse und Stellplatz in El Masnou\" loading=\"lazy\" width=\"100%\" height=\"auto\">\n\t\t\t\t<\/li>\n\t\t\t\t\t<\/ul>\n\t\t<ul class=\"espigul-house__item__gallery__dots\">\n\t\t\t\t\t\t\t<li class=\"espigul-house__item__gallery__dots__item\" x-bind:class=\"0 == active ? 'espigul-house__item__gallery__dots__item--active': ''\">\n\t\t\t\t<\/li>\n\t\t\t\t\t\t\t<li class=\"espigul-house__item__gallery__dots__item\" x-bind:class=\"1 == active ? 'espigul-house__item__gallery__dots__item--active': ''\">\n\t\t\t\t<\/li>\n\t\t\t\t\t\t\t<li class=\"espigul-house__item__gallery__dots__item\" x-bind:class=\"2 == active ? 'espigul-house__item__gallery__dots__item--active': ''\">\n\t\t\t\t<\/li>\n\t\t\t\t\t<\/ul>\n\t\t<button class=\"espigul-house__item__gallery__arrow espigul-house__item__gallery__arrow--left\" aria-label=\"Previous photo\" @click.stop=\"active === 0 ? active = total - 1 : active--\">\n\t\t\t<svg xmlns=\"http:\/\/www.w3.org\/2000\/svg\" viewBox=\"0 0 40 40\" width=\"40\" height=\"40\" focusable=\"false\"><path d=\"m15.5 0.932-4.3 4.38 14.5 14.6-14.5 14.5 4.3 4.4 14.6-14.6 4.4-4.3-4.4-4.4-14.6-14.6z\"><\/path><\/svg>\n\t\t<\/button>\n\t\t<button class=\"espigul-house__item__gallery__arrow espigul-house__item__gallery__arrow--right\" aria-label=\"Next photo\" @click.stop=\"active === total - 1 ? active = 0 : active++\">\n\t\t\t<svg xmlns=\"http:\/\/www.w3.org\/2000\/svg\" viewBox=\"0 0 40 40\" width=\"40\" height=\"40\" focusable=\"false\"><path d=\"m15.5 0.932-4.3 4.38 14.5 14.6-14.5 14.5 4.3 4.4 14.6-14.6 4.4-4.3-4.4-4.4-14.6-14.6z\"><\/path><\/svg>\n\t\t<\/button>\n\t<\/div>\n\t<div class=\"espigul-house__item__body\">\n\t\t<div class=\"espigul-house__item__body__city\">Maresme | REF 6461<\/div>\n\t\t<h2 class=\"espigul-house__item__body__title flex-grow\">\n\t\t\t<a href=\"https:\/\/www.espigul.com\/de\/immobles\/wohnung-aus-dem-jahr-2020-mit-26-m%c2%b2-terrasse-und-stellplatz-in-el-masnou\/\" title=\"Wohnung aus dem Jahr 2020 mit 26 m\u00b2 Terrasse und Stellplatz in El Masnou\">Wohnung aus dem Jahr 2020 mit 26 m\u00b2 Terrasse und Stellplatz in El Masnou<\/a>\n\t\t<\/h2>\n\t\t<div class=\"espigul-house__item__body__price\">\n\t\t\t560.000\u00a0\u20ac\t\t<\/div>\n\t\t<div class=\"espigul-house__item__body__meta\">\n\t\t\t\t\t\t<div class=\"espigul-house__item__body__meta__item\">\n\t\t\t\t<span class=\"espigul-house__item__body__meta__item__label\">Fl\u00e4che<\/span>\n\t\t\t\t<span class=\"espigul-house__item__body__meta__item__value\">\n\t\t\t\t\t116 m<sup>2<\/sup>\t\t\t\t<\/span>\n\t\t\t<\/div>\n\t\t\t\t\t\t<div class=\"espigul-house__item__body__meta__item\">\n\t\t\t\t<span class=\"espigul-house__item__body__meta__item__label\">Schlafzimmer<\/span>\n\t\t\t\t<span class=\"espigul-house__item__body__meta__item__value\">\n\t\t\t\t\t04\t\t\t\t<\/span>\n\t\t\t<\/div>\n\t\t\t\t\t\t<div class=\"espigul-house__item__body__meta__item\">\n\t\t\t\t<span class=\"espigul-house__item__body__meta__item__label\">Badezimmer<\/span>\n\t\t\t\t<span class=\"espigul-house__item__body__meta__item__value\">\n\t\t\t\t\t02\t\t\t\t<\/span>\n\t\t\t<\/div>\n\t\t\t\t\t<\/div>\n\t<\/div>\n<\/div>\n\t\t\t\t\t<\/li>\n\t\t\t\t\t\t\t\t\t\t<li class=\"splide__slide\">\n\t\t\t\t\t<div class=\"espigul-house__item cursor-pointer\" onClick=\"window.location.assign('https:\/\/www.espigul.com\/de\/immobles\/renoviertes-haus-mit-pool-5-schlafzimmern-und-grossem-ebenem-grundstueck-in-sant-andreu-de-llavaneres\/');\">\n\t<div class=\"espigul-house__item__gallery espigul-house__item__photo\" x-data=\"{ active : 0, total: 3 }\">\n\t\t\t\t<div class=\"espigul-house__item__photo__also\">\n\t\t\tMietoption\t\t<\/div>\n\t\t\t\t<ul class=\"espigul-house__item__gallery__items\">\n\t\t\t\t\t\t\t<li class=\"espigul-house__item__gallery__items__item\" x-bind:class=\"0 == active ? 'espigul-house__item__gallery__items__item--active': ''\">\n\t\t\t\t\t<img decoding=\"async\" src=\"https:\/\/www.espigul.com\/wp-content\/uploads\/2026\/08\/casa-reformada-con-piscina-5-dormitorios-y-gran-parcela-plana-en-sant-andreu-de-llavaneres-28178264-1300x866.webp\" alt=\"Renoviertes Haus mit Pool, 5 Schlafzimmern und gro\u00dfem, ebenem Grundst\u00fcck in Sant Andreu de Llavaneres\" loading=\"lazy\" width=\"100%\" height=\"auto\">\n\t\t\t\t<\/li>\n\t\t\t\t\t\t\t<li class=\"espigul-house__item__gallery__items__item\" x-bind:class=\"1 == active ? 'espigul-house__item__gallery__items__item--active': ''\">\n\t\t\t\t\t<img decoding=\"async\" src=\"https:\/\/www.espigul.com\/wp-content\/uploads\/2026\/08\/casa-reformada-con-piscina-5-dormitorios-y-gran-parcela-plana-en-sant-andreu-de-llavaneres-28131552-1300x866.webp\" alt=\"Renoviertes Haus mit Pool, 5 Schlafzimmern und gro\u00dfem, ebenem Grundst\u00fcck in Sant Andreu de Llavaneres\" loading=\"lazy\" width=\"100%\" height=\"auto\">\n\t\t\t\t<\/li>\n\t\t\t\t\t\t\t<li class=\"espigul-house__item__gallery__items__item\" x-bind:class=\"2 == active ? 'espigul-house__item__gallery__items__item--active': ''\">\n\t\t\t\t\t<img decoding=\"async\" src=\"https:\/\/www.espigul.com\/wp-content\/uploads\/2026\/08\/casa-reformada-con-piscina-5-dormitorios-y-gran-parcela-plana-en-sant-andreu-de-llavaneres-28131553-1300x866.webp\" alt=\"Renoviertes Haus mit Pool, 5 Schlafzimmern und gro\u00dfem, ebenem Grundst\u00fcck in Sant Andreu de Llavaneres\" loading=\"lazy\" width=\"100%\" height=\"auto\">\n\t\t\t\t<\/li>\n\t\t\t\t\t<\/ul>\n\t\t<ul class=\"espigul-house__item__gallery__dots\">\n\t\t\t\t\t\t\t<li class=\"espigul-house__item__gallery__dots__item\" x-bind:class=\"0 == active ? 'espigul-house__item__gallery__dots__item--active': ''\">\n\t\t\t\t<\/li>\n\t\t\t\t\t\t\t<li class=\"espigul-house__item__gallery__dots__item\" x-bind:class=\"1 == active ? 'espigul-house__item__gallery__dots__item--active': ''\">\n\t\t\t\t<\/li>\n\t\t\t\t\t\t\t<li class=\"espigul-house__item__gallery__dots__item\" x-bind:class=\"2 == active ? 'espigul-house__item__gallery__dots__item--active': ''\">\n\t\t\t\t<\/li>\n\t\t\t\t\t<\/ul>\n\t\t<button class=\"espigul-house__item__gallery__arrow espigul-house__item__gallery__arrow--left\" aria-label=\"Previous photo\" @click.stop=\"active === 0 ? active = total - 1 : active--\">\n\t\t\t<svg xmlns=\"http:\/\/www.w3.org\/2000\/svg\" viewBox=\"0 0 40 40\" width=\"40\" height=\"40\" focusable=\"false\"><path d=\"m15.5 0.932-4.3 4.38 14.5 14.6-14.5 14.5 4.3 4.4 14.6-14.6 4.4-4.3-4.4-4.4-14.6-14.6z\"><\/path><\/svg>\n\t\t<\/button>\n\t\t<button class=\"espigul-house__item__gallery__arrow espigul-house__item__gallery__arrow--right\" aria-label=\"Next photo\" @click.stop=\"active === total - 1 ? active = 0 : active++\">\n\t\t\t<svg xmlns=\"http:\/\/www.w3.org\/2000\/svg\" viewBox=\"0 0 40 40\" width=\"40\" height=\"40\" focusable=\"false\"><path d=\"m15.5 0.932-4.3 4.38 14.5 14.6-14.5 14.5 4.3 4.4 14.6-14.6 4.4-4.3-4.4-4.4-14.6-14.6z\"><\/path><\/svg>\n\t\t<\/button>\n\t<\/div>\n\t<div class=\"espigul-house__item__body\">\n\t\t<div class=\"espigul-house__item__body__city\">Maresme | REF 6460<\/div>\n\t\t<h2 class=\"espigul-house__item__body__title flex-grow\">\n\t\t\t<a href=\"https:\/\/www.espigul.com\/de\/immobles\/renoviertes-haus-mit-pool-5-schlafzimmern-und-grossem-ebenem-grundstueck-in-sant-andreu-de-llavaneres\/\" title=\"Renoviertes Haus mit Pool, 5 Schlafzimmern und gro\u00dfem, ebenem Grundst\u00fcck in Sant Andreu de Llavaneres\">Renoviertes Haus mit Pool, 5 Schlafzimmern und gro\u00dfem, ebenem Grundst\u00fcck in Sant Andreu de Llavaneres<\/a>\n\t\t<\/h2>\n\t\t<div class=\"espigul-house__item__body__price\">\n\t\t\t1.450.000\u00a0\u20ac\t\t<\/div>\n\t\t<div class=\"espigul-house__item__body__meta\">\n\t\t\t\t\t\t<div class=\"espigul-house__item__body__meta__item\">\n\t\t\t\t<span class=\"espigul-house__item__body__meta__item__label\">Fl\u00e4che<\/span>\n\t\t\t\t<span class=\"espigul-house__item__body__meta__item__value\">\n\t\t\t\t\t338 m<sup>2<\/sup>\t\t\t\t<\/span>\n\t\t\t<\/div>\n\t\t\t\t\t\t<div class=\"espigul-house__item__body__meta__item\">\n\t\t\t\t<span class=\"espigul-house__item__body__meta__item__label\">Schlafzimmer<\/span>\n\t\t\t\t<span class=\"espigul-house__item__body__meta__item__value\">\n\t\t\t\t\t05\t\t\t\t<\/span>\n\t\t\t<\/div>\n\t\t\t\t\t\t<div class=\"espigul-house__item__body__meta__item\">\n\t\t\t\t<span class=\"espigul-house__item__body__meta__item__label\">Badezimmer<\/span>\n\t\t\t\t<span class=\"espigul-house__item__body__meta__item__value\">\n\t\t\t\t\t04\t\t\t\t<\/span>\n\t\t\t<\/div>\n\t\t\t\t\t<\/div>\n\t<\/div>\n<\/div>\n\t\t\t\t\t<\/li>\n\t\t\t\t\t\t\t\t\t\t<li class=\"splide__slide\">\n\t\t\t\t\t<div class=\"espigul-house__item cursor-pointer\" onClick=\"window.location.assign('https:\/\/www.espigul.com\/de\/immobles\/neuwertiges-reihenhaus-von-170-m%c2%b2-und-einer-terrasse-von-27-m%c2%b2-in-vilassar-de-dalt\/');\">\n\t<div class=\"espigul-house__item__gallery espigul-house__item__photo\" x-data=\"{ active : 0, total: 3 }\">\n\t\t\t\t<ul class=\"espigul-house__item__gallery__items\">\n\t\t\t\t\t\t\t<li class=\"espigul-house__item__gallery__items__item\" x-bind:class=\"0 == active ? 'espigul-house__item__gallery__items__item--active': ''\">\n\t\t\t\t\t<img decoding=\"async\" src=\"https:\/\/www.espigul.com\/wp-content\/uploads\/2026\/08\/casa-adosada-de-obra-seminueva-de-170-mc2b2-y-terraza-de-27-mc2b2-en-vilassar-de-dalt-28109891-1300x866.webp\" alt=\"Neuwertiges Reihenhaus von 170 m\u00b2 und einer Terrasse von 27 m\u00b2 in Vilassar de Dalt\" loading=\"lazy\" width=\"100%\" height=\"auto\">\n\t\t\t\t<\/li>\n\t\t\t\t\t\t\t<li class=\"espigul-house__item__gallery__items__item\" x-bind:class=\"1 == active ? 'espigul-house__item__gallery__items__item--active': ''\">\n\t\t\t\t\t<img decoding=\"async\" src=\"https:\/\/www.espigul.com\/wp-content\/uploads\/2026\/08\/casa-adosada-de-obra-seminueva-de-170-mc2b2-y-terraza-de-27-mc2b2-en-vilassar-de-dalt-28109867-1300x866.webp\" alt=\"Neuwertiges Reihenhaus von 170 m\u00b2 und einer Terrasse von 27 m\u00b2 in Vilassar de Dalt\" loading=\"lazy\" width=\"100%\" height=\"auto\">\n\t\t\t\t<\/li>\n\t\t\t\t\t\t\t<li class=\"espigul-house__item__gallery__items__item\" x-bind:class=\"2 == active ? 'espigul-house__item__gallery__items__item--active': ''\">\n\t\t\t\t\t<img decoding=\"async\" src=\"https:\/\/www.espigul.com\/wp-content\/uploads\/2026\/08\/casa-adosada-de-obra-seminueva-de-170-mc2b2-y-terraza-de-27-mc2b2-en-vilassar-de-dalt-28109868-1300x866.webp\" alt=\"Neuwertiges Reihenhaus von 170 m\u00b2 und einer Terrasse von 27 m\u00b2 in Vilassar de Dalt\" loading=\"lazy\" width=\"100%\" height=\"auto\">\n\t\t\t\t<\/li>\n\t\t\t\t\t<\/ul>\n\t\t<ul class=\"espigul-house__item__gallery__dots\">\n\t\t\t\t\t\t\t<li class=\"espigul-house__item__gallery__dots__item\" x-bind:class=\"0 == active ? 'espigul-house__item__gallery__dots__item--active': ''\">\n\t\t\t\t<\/li>\n\t\t\t\t\t\t\t<li class=\"espigul-house__item__gallery__dots__item\" x-bind:class=\"1 == active ? 'espigul-house__item__gallery__dots__item--active': ''\">\n\t\t\t\t<\/li>\n\t\t\t\t\t\t\t<li class=\"espigul-house__item__gallery__dots__item\" x-bind:class=\"2 == active ? 'espigul-house__item__gallery__dots__item--active': ''\">\n\t\t\t\t<\/li>\n\t\t\t\t\t<\/ul>\n\t\t<button class=\"espigul-house__item__gallery__arrow espigul-house__item__gallery__arrow--left\" aria-label=\"Previous photo\" @click.stop=\"active === 0 ? active = total - 1 : active--\">\n\t\t\t<svg xmlns=\"http:\/\/www.w3.org\/2000\/svg\" viewBox=\"0 0 40 40\" width=\"40\" height=\"40\" focusable=\"false\"><path d=\"m15.5 0.932-4.3 4.38 14.5 14.6-14.5 14.5 4.3 4.4 14.6-14.6 4.4-4.3-4.4-4.4-14.6-14.6z\"><\/path><\/svg>\n\t\t<\/button>\n\t\t<button class=\"espigul-house__item__gallery__arrow espigul-house__item__gallery__arrow--right\" aria-label=\"Next photo\" @click.stop=\"active === total - 1 ? active = 0 : active++\">\n\t\t\t<svg xmlns=\"http:\/\/www.w3.org\/2000\/svg\" viewBox=\"0 0 40 40\" width=\"40\" height=\"40\" focusable=\"false\"><path d=\"m15.5 0.932-4.3 4.38 14.5 14.6-14.5 14.5 4.3 4.4 14.6-14.6 4.4-4.3-4.4-4.4-14.6-14.6z\"><\/path><\/svg>\n\t\t<\/button>\n\t<\/div>\n\t<div class=\"espigul-house__item__body\">\n\t\t<div class=\"espigul-house__item__body__city\">Maresme | REF 6456<\/div>\n\t\t<h2 class=\"espigul-house__item__body__title flex-grow\">\n\t\t\t<a href=\"https:\/\/www.espigul.com\/de\/immobles\/neuwertiges-reihenhaus-von-170-m%c2%b2-und-einer-terrasse-von-27-m%c2%b2-in-vilassar-de-dalt\/\" title=\"Neuwertiges Reihenhaus von 170 m\u00b2 und einer Terrasse von 27 m\u00b2 in Vilassar de Dalt\">Neuwertiges Reihenhaus von 170 m\u00b2 und einer Terrasse von 27 m\u00b2 in Vilassar de Dalt<\/a>\n\t\t<\/h2>\n\t\t<div class=\"espigul-house__item__body__price\">\n\t\t\t595.000\u00a0\u20ac\t\t<\/div>\n\t\t<div class=\"espigul-house__item__body__meta\">\n\t\t\t\t\t\t<div class=\"espigul-house__item__body__meta__item\">\n\t\t\t\t<span class=\"espigul-house__item__body__meta__item__label\">Fl\u00e4che<\/span>\n\t\t\t\t<span class=\"espigul-house__item__body__meta__item__value\">\n\t\t\t\t\t171 m<sup>2<\/sup>\t\t\t\t<\/span>\n\t\t\t<\/div>\n\t\t\t\t\t\t<div class=\"espigul-house__item__body__meta__item\">\n\t\t\t\t<span class=\"espigul-house__item__body__meta__item__label\">Schlafzimmer<\/span>\n\t\t\t\t<span class=\"espigul-house__item__body__meta__item__value\">\n\t\t\t\t\t04\t\t\t\t<\/span>\n\t\t\t<\/div>\n\t\t\t\t\t\t<div class=\"espigul-house__item__body__meta__item\">\n\t\t\t\t<span class=\"espigul-house__item__body__meta__item__label\">Badezimmer<\/span>\n\t\t\t\t<span class=\"espigul-house__item__body__meta__item__value\">\n\t\t\t\t\t02\t\t\t\t<\/span>\n\t\t\t<\/div>\n\t\t\t\t\t<\/div>\n\t<\/div>\n<\/div>\n\t\t\t\t\t<\/li>\n\t\t\t\t\t\t\t\t\t\t<li class=\"splide__slide\">\n\t\t\t\t\t<div class=\"espigul-house__item cursor-pointer\" onClick=\"window.location.assign('https:\/\/www.espigul.com\/de\/immobles\/mediterranes-haus-mit-meerblick-und-beheiztem-pool-in-sant-andreu-de-llavaneres\/');\">\n\t<div class=\"espigul-house__item__gallery espigul-house__item__photo\" x-data=\"{ active : 0, total: 3 }\">\n\t\t\t\t<ul class=\"espigul-house__item__gallery__items\">\n\t\t\t\t\t\t\t<li class=\"espigul-house__item__gallery__items__item\" x-bind:class=\"0 == active ? 'espigul-house__item__gallery__items__item--active': ''\">\n\t\t\t\t\t<img decoding=\"async\" src=\"https:\/\/www.espigul.com\/wp-content\/uploads\/2026\/08\/casa-de-estilo-mediterraneo-con-vistas-al-mar-y-piscina-climatizada-en-sant-andreu-de-llavaneres-27979260-1300x866.webp\" alt=\"Mediterranes Haus mit Meerblick und beheiztem Pool in Sant Andreu de Llavaneres\" loading=\"lazy\" width=\"100%\" height=\"auto\">\n\t\t\t\t<\/li>\n\t\t\t\t\t\t\t<li class=\"espigul-house__item__gallery__items__item\" x-bind:class=\"1 == active ? 'espigul-house__item__gallery__items__item--active': ''\">\n\t\t\t\t\t<img decoding=\"async\" src=\"https:\/\/www.espigul.com\/wp-content\/uploads\/2026\/08\/casa-de-estilo-mediterraneo-con-vistas-al-mar-y-piscina-climatizada-en-sant-andreu-de-llavaneres-27979305-1300x866.webp\" alt=\"Mediterranes Haus mit Meerblick und beheiztem Pool in Sant Andreu de Llavaneres\" loading=\"lazy\" width=\"100%\" height=\"auto\">\n\t\t\t\t<\/li>\n\t\t\t\t\t\t\t<li class=\"espigul-house__item__gallery__items__item\" x-bind:class=\"2 == active ? 'espigul-house__item__gallery__items__item--active': ''\">\n\t\t\t\t\t<img decoding=\"async\" src=\"https:\/\/www.espigul.com\/wp-content\/uploads\/2026\/08\/casa-de-estilo-mediterraneo-con-vistas-al-mar-y-piscina-climatizada-en-sant-andreu-de-llavaneres-27979310-1300x866.webp\" alt=\"Mediterranes Haus mit Meerblick und beheiztem Pool in Sant Andreu de Llavaneres\" loading=\"lazy\" width=\"100%\" height=\"auto\">\n\t\t\t\t<\/li>\n\t\t\t\t\t<\/ul>\n\t\t<ul class=\"espigul-house__item__gallery__dots\">\n\t\t\t\t\t\t\t<li class=\"espigul-house__item__gallery__dots__item\" x-bind:class=\"0 == active ? 'espigul-house__item__gallery__dots__item--active': ''\">\n\t\t\t\t<\/li>\n\t\t\t\t\t\t\t<li class=\"espigul-house__item__gallery__dots__item\" x-bind:class=\"1 == active ? 'espigul-house__item__gallery__dots__item--active': ''\">\n\t\t\t\t<\/li>\n\t\t\t\t\t\t\t<li class=\"espigul-house__item__gallery__dots__item\" x-bind:class=\"2 == active ? 'espigul-house__item__gallery__dots__item--active': ''\">\n\t\t\t\t<\/li>\n\t\t\t\t\t<\/ul>\n\t\t<button class=\"espigul-house__item__gallery__arrow espigul-house__item__gallery__arrow--left\" aria-label=\"Previous photo\" @click.stop=\"active === 0 ? active = total - 1 : active--\">\n\t\t\t<svg xmlns=\"http:\/\/www.w3.org\/2000\/svg\" viewBox=\"0 0 40 40\" width=\"40\" height=\"40\" focusable=\"false\"><path d=\"m15.5 0.932-4.3 4.38 14.5 14.6-14.5 14.5 4.3 4.4 14.6-14.6 4.4-4.3-4.4-4.4-14.6-14.6z\"><\/path><\/svg>\n\t\t<\/button>\n\t\t<button class=\"espigul-house__item__gallery__arrow espigul-house__item__gallery__arrow--right\" aria-label=\"Next photo\" @click.stop=\"active === total - 1 ? active = 0 : active++\">\n\t\t\t<svg xmlns=\"http:\/\/www.w3.org\/2000\/svg\" viewBox=\"0 0 40 40\" width=\"40\" height=\"40\" focusable=\"false\"><path d=\"m15.5 0.932-4.3 4.38 14.5 14.6-14.5 14.5 4.3 4.4 14.6-14.6 4.4-4.3-4.4-4.4-14.6-14.6z\"><\/path><\/svg>\n\t\t<\/button>\n\t<\/div>\n\t<div class=\"espigul-house__item__body\">\n\t\t<div class=\"espigul-house__item__body__city\">Maresme | REF 6435<\/div>\n\t\t<h2 class=\"espigul-house__item__body__title flex-grow\">\n\t\t\t<a href=\"https:\/\/www.espigul.com\/de\/immobles\/mediterranes-haus-mit-meerblick-und-beheiztem-pool-in-sant-andreu-de-llavaneres\/\" title=\"Mediterranes Haus mit Meerblick und beheiztem Pool in Sant Andreu de Llavaneres\">Mediterranes Haus mit Meerblick und beheiztem Pool in Sant Andreu de Llavaneres<\/a>\n\t\t<\/h2>\n\t\t<div class=\"espigul-house__item__body__price\">\n\t\t\t970.000\u00a0\u20ac\t\t<\/div>\n\t\t<div class=\"espigul-house__item__body__meta\">\n\t\t\t\t\t\t<div class=\"espigul-house__item__body__meta__item\">\n\t\t\t\t<span class=\"espigul-house__item__body__meta__item__label\">Fl\u00e4che<\/span>\n\t\t\t\t<span class=\"espigul-house__item__body__meta__item__value\">\n\t\t\t\t\t330 m<sup>2<\/sup>\t\t\t\t<\/span>\n\t\t\t<\/div>\n\t\t\t\t\t\t<div class=\"espigul-house__item__body__meta__item\">\n\t\t\t\t<span class=\"espigul-house__item__body__meta__item__label\">Schlafzimmer<\/span>\n\t\t\t\t<span class=\"espigul-house__item__body__meta__item__value\">\n\t\t\t\t\t06\t\t\t\t<\/span>\n\t\t\t<\/div>\n\t\t\t\t\t\t<div class=\"espigul-house__item__body__meta__item\">\n\t\t\t\t<span class=\"espigul-house__item__body__meta__item__label\">Badezimmer<\/span>\n\t\t\t\t<span class=\"espigul-house__item__body__meta__item__value\">\n\t\t\t\t\t04\t\t\t\t<\/span>\n\t\t\t<\/div>\n\t\t\t\t\t<\/div>\n\t<\/div>\n<\/div>\n\t\t\t\t\t<\/li>\n\t\t\t\t\t\t\t\t\t\t<li class=\"splide__slide\">\n\t\t\t\t\t<div class=\"espigul-house__item cursor-pointer\" onClick=\"window.location.assign('https:\/\/www.espigul.com\/de\/immobles\/prachtvolles-einfamilienhaus-mit-grosszuegigen-raeumlichkeiten-und-panoramablick-in-vallromanes\/');\">\n\t<div class=\"espigul-house__item__gallery espigul-house__item__photo\" x-data=\"{ active : 0, total: 3 }\">\n\t\t\t\t<ul class=\"espigul-house__item__gallery__items\">\n\t\t\t\t\t\t\t<li class=\"espigul-house__item__gallery__items__item\" x-bind:class=\"0 == active ? 'espigul-house__item__gallery__items__item--active': ''\">\n\t\t\t\t\t<img decoding=\"async\" src=\"https:\/\/www.espigul.com\/wp-content\/uploads\/2026\/08\/magnifica-casa-unifamiliar-con-amplios-espacios-y-vistas-panoramicas-en-vallromanes-27953791-1300x866.webp\" alt=\"Prachtvolles Einfamilienhaus mit gro\u00dfz\u00fcgigen R\u00e4umlichkeiten und Panoramablick in Vallromanes\" loading=\"lazy\" width=\"100%\" height=\"auto\">\n\t\t\t\t<\/li>\n\t\t\t\t\t\t\t<li class=\"espigul-house__item__gallery__items__item\" x-bind:class=\"1 == active ? 'espigul-house__item__gallery__items__item--active': ''\">\n\t\t\t\t\t<img decoding=\"async\" src=\"https:\/\/www.espigul.com\/wp-content\/uploads\/2026\/08\/magnifica-casa-unifamiliar-con-amplios-espacios-y-vistas-panoramicas-en-vallromanes-27953797-1300x866.webp\" alt=\"Prachtvolles Einfamilienhaus mit gro\u00dfz\u00fcgigen R\u00e4umlichkeiten und Panoramablick in Vallromanes\" loading=\"lazy\" width=\"100%\" height=\"auto\">\n\t\t\t\t<\/li>\n\t\t\t\t\t\t\t<li class=\"espigul-house__item__gallery__items__item\" x-bind:class=\"2 == active ? 'espigul-house__item__gallery__items__item--active': ''\">\n\t\t\t\t\t<img decoding=\"async\" src=\"https:\/\/www.espigul.com\/wp-content\/uploads\/2026\/08\/magnifica-casa-unifamiliar-con-amplios-espacios-y-vistas-panoramicas-en-vallromanes-27953798-1300x866.webp\" alt=\"Prachtvolles Einfamilienhaus mit gro\u00dfz\u00fcgigen R\u00e4umlichkeiten und Panoramablick in Vallromanes\" loading=\"lazy\" width=\"100%\" height=\"auto\">\n\t\t\t\t<\/li>\n\t\t\t\t\t<\/ul>\n\t\t<ul class=\"espigul-house__item__gallery__dots\">\n\t\t\t\t\t\t\t<li class=\"espigul-house__item__gallery__dots__item\" x-bind:class=\"0 == active ? 'espigul-house__item__gallery__dots__item--active': ''\">\n\t\t\t\t<\/li>\n\t\t\t\t\t\t\t<li class=\"espigul-house__item__gallery__dots__item\" x-bind:class=\"1 == active ? 'espigul-house__item__gallery__dots__item--active': ''\">\n\t\t\t\t<\/li>\n\t\t\t\t\t\t\t<li class=\"espigul-house__item__gallery__dots__item\" x-bind:class=\"2 == active ? 'espigul-house__item__gallery__dots__item--active': ''\">\n\t\t\t\t<\/li>\n\t\t\t\t\t<\/ul>\n\t\t<button class=\"espigul-house__item__gallery__arrow espigul-house__item__gallery__arrow--left\" aria-label=\"Previous photo\" @click.stop=\"active === 0 ? active = total - 1 : active--\">\n\t\t\t<svg xmlns=\"http:\/\/www.w3.org\/2000\/svg\" viewBox=\"0 0 40 40\" width=\"40\" height=\"40\" focusable=\"false\"><path d=\"m15.5 0.932-4.3 4.38 14.5 14.6-14.5 14.5 4.3 4.4 14.6-14.6 4.4-4.3-4.4-4.4-14.6-14.6z\"><\/path><\/svg>\n\t\t<\/button>\n\t\t<button class=\"espigul-house__item__gallery__arrow espigul-house__item__gallery__arrow--right\" aria-label=\"Next photo\" @click.stop=\"active === total - 1 ? active = 0 : active++\">\n\t\t\t<svg xmlns=\"http:\/\/www.w3.org\/2000\/svg\" viewBox=\"0 0 40 40\" width=\"40\" height=\"40\" focusable=\"false\"><path d=\"m15.5 0.932-4.3 4.38 14.5 14.6-14.5 14.5 4.3 4.4 14.6-14.6 4.4-4.3-4.4-4.4-14.6-14.6z\"><\/path><\/svg>\n\t\t<\/button>\n\t<\/div>\n\t<div class=\"espigul-house__item__body\">\n\t\t<div class=\"espigul-house__item__body__city\">Maresme | REF 5556<\/div>\n\t\t<h2 class=\"espigul-house__item__body__title flex-grow\">\n\t\t\t<a href=\"https:\/\/www.espigul.com\/de\/immobles\/prachtvolles-einfamilienhaus-mit-grosszuegigen-raeumlichkeiten-und-panoramablick-in-vallromanes\/\" title=\"Prachtvolles Einfamilienhaus mit gro\u00dfz\u00fcgigen R\u00e4umlichkeiten und Panoramablick in Vallromanes\">Prachtvolles Einfamilienhaus mit gro\u00dfz\u00fcgigen R\u00e4umlichkeiten und Panoramablick in Vallromanes<\/a>\n\t\t<\/h2>\n\t\t<div class=\"espigul-house__item__body__price\">\n\t\t\t830.000\u00a0\u20ac\t\t<\/div>\n\t\t<div class=\"espigul-house__item__body__meta\">\n\t\t\t\t\t\t<div class=\"espigul-house__item__body__meta__item\">\n\t\t\t\t<span class=\"espigul-house__item__body__meta__item__label\">Fl\u00e4che<\/span>\n\t\t\t\t<span class=\"espigul-house__item__body__meta__item__value\">\n\t\t\t\t\t471 m<sup>2<\/sup>\t\t\t\t<\/span>\n\t\t\t<\/div>\n\t\t\t\t\t\t<div class=\"espigul-house__item__body__meta__item\">\n\t\t\t\t<span class=\"espigul-house__item__body__meta__item__label\">Schlafzimmer<\/span>\n\t\t\t\t<span class=\"espigul-house__item__body__meta__item__value\">\n\t\t\t\t\t04\t\t\t\t<\/span>\n\t\t\t<\/div>\n\t\t\t\t\t\t<div class=\"espigul-house__item__body__meta__item\">\n\t\t\t\t<span class=\"espigul-house__item__body__meta__item__label\">Badezimmer<\/span>\n\t\t\t\t<span class=\"espigul-house__item__body__meta__item__value\">\n\t\t\t\t\t04\t\t\t\t<\/span>\n\t\t\t<\/div>\n\t\t\t\t\t<\/div>\n\t<\/div>\n<\/div>\n\t\t\t\t\t<\/li>\n\t\t\t\t\t\t\t\t\t\t<li class=\"splide__slide\">\n\t\t\t\t\t<div class=\"espigul-house__item cursor-pointer\" onClick=\"window.location.assign('https:\/\/www.espigul.com\/de\/immobles\/exklusives-designerhaus-mit-privatem-pool-und-blick-auf-den-golfclub-vallromanes\/');\">\n\t<div class=\"espigul-house__item__gallery espigul-house__item__photo\" x-data=\"{ active : 0, total: 3 }\">\n\t\t\t\t<ul class=\"espigul-house__item__gallery__items\">\n\t\t\t\t\t\t\t<li class=\"espigul-house__item__gallery__items__item\" x-bind:class=\"0 == active ? 'espigul-house__item__gallery__items__item--active': ''\">\n\t\t\t\t\t<img decoding=\"async\" src=\"https:\/\/www.espigul.com\/wp-content\/uploads\/2026\/08\/exclusiva-casa-de-diseno-con-piscina-privada-y-vistas-al-club-de-golf-de-vallromanes-27885597-1300x866.webp\" alt=\"Exklusives Designerhaus mit privatem Pool und Blick auf den Golfclub Vallromanes\" loading=\"lazy\" width=\"100%\" height=\"auto\">\n\t\t\t\t<\/li>\n\t\t\t\t\t\t\t<li class=\"espigul-house__item__gallery__items__item\" x-bind:class=\"1 == active ? 'espigul-house__item__gallery__items__item--active': ''\">\n\t\t\t\t\t<img decoding=\"async\" src=\"https:\/\/www.espigul.com\/wp-content\/uploads\/2026\/08\/exclusiva-casa-de-diseno-con-piscina-privada-y-vistas-al-club-de-golf-de-vallromanes-27885594-1300x866.webp\" alt=\"Exklusives Designerhaus mit privatem Pool und Blick auf den Golfclub Vallromanes\" loading=\"lazy\" width=\"100%\" height=\"auto\">\n\t\t\t\t<\/li>\n\t\t\t\t\t\t\t<li class=\"espigul-house__item__gallery__items__item\" x-bind:class=\"2 == active ? 'espigul-house__item__gallery__items__item--active': ''\">\n\t\t\t\t\t<img decoding=\"async\" src=\"https:\/\/www.espigul.com\/wp-content\/uploads\/2026\/08\/exclusiva-casa-de-diseno-con-piscina-privada-y-vistas-al-club-de-golf-de-vallromanes-27885592-1300x866.webp\" alt=\"Exklusives Designerhaus mit privatem Pool und Blick auf den Golfclub Vallromanes\" loading=\"lazy\" width=\"100%\" height=\"auto\">\n\t\t\t\t<\/li>\n\t\t\t\t\t<\/ul>\n\t\t<ul class=\"espigul-house__item__gallery__dots\">\n\t\t\t\t\t\t\t<li class=\"espigul-house__item__gallery__dots__item\" x-bind:class=\"0 == active ? 'espigul-house__item__gallery__dots__item--active': ''\">\n\t\t\t\t<\/li>\n\t\t\t\t\t\t\t<li class=\"espigul-house__item__gallery__dots__item\" x-bind:class=\"1 == active ? 'espigul-house__item__gallery__dots__item--active': ''\">\n\t\t\t\t<\/li>\n\t\t\t\t\t\t\t<li class=\"espigul-house__item__gallery__dots__item\" x-bind:class=\"2 == active ? 'espigul-house__item__gallery__dots__item--active': ''\">\n\t\t\t\t<\/li>\n\t\t\t\t\t<\/ul>\n\t\t<button class=\"espigul-house__item__gallery__arrow espigul-house__item__gallery__arrow--left\" aria-label=\"Previous photo\" @click.stop=\"active === 0 ? active = total - 1 : active--\">\n\t\t\t<svg xmlns=\"http:\/\/www.w3.org\/2000\/svg\" viewBox=\"0 0 40 40\" width=\"40\" height=\"40\" focusable=\"false\"><path d=\"m15.5 0.932-4.3 4.38 14.5 14.6-14.5 14.5 4.3 4.4 14.6-14.6 4.4-4.3-4.4-4.4-14.6-14.6z\"><\/path><\/svg>\n\t\t<\/button>\n\t\t<button class=\"espigul-house__item__gallery__arrow espigul-house__item__gallery__arrow--right\" aria-label=\"Next photo\" @click.stop=\"active === total - 1 ? active = 0 : active++\">\n\t\t\t<svg xmlns=\"http:\/\/www.w3.org\/2000\/svg\" viewBox=\"0 0 40 40\" width=\"40\" height=\"40\" focusable=\"false\"><path d=\"m15.5 0.932-4.3 4.38 14.5 14.6-14.5 14.5 4.3 4.4 14.6-14.6 4.4-4.3-4.4-4.4-14.6-14.6z\"><\/path><\/svg>\n\t\t<\/button>\n\t<\/div>\n\t<div class=\"espigul-house__item__body\">\n\t\t<div class=\"espigul-house__item__body__city\">Maresme | REF 4757<\/div>\n\t\t<h2 class=\"espigul-house__item__body__title flex-grow\">\n\t\t\t<a href=\"https:\/\/www.espigul.com\/de\/immobles\/exklusives-designerhaus-mit-privatem-pool-und-blick-auf-den-golfclub-vallromanes\/\" title=\"Exklusives Designerhaus mit privatem Pool und Blick auf den Golfclub Vallromanes\">Exklusives Designerhaus mit privatem Pool und Blick auf den Golfclub Vallromanes<\/a>\n\t\t<\/h2>\n\t\t<div class=\"espigul-house__item__body__price\">\n\t\t\t1.260.000\u00a0\u20ac\t\t<\/div>\n\t\t<div class=\"espigul-house__item__body__meta\">\n\t\t\t\t\t\t<div class=\"espigul-house__item__body__meta__item\">\n\t\t\t\t<span class=\"espigul-house__item__body__meta__item__label\">Fl\u00e4che<\/span>\n\t\t\t\t<span class=\"espigul-house__item__body__meta__item__value\">\n\t\t\t\t\t400 m<sup>2<\/sup>\t\t\t\t<\/span>\n\t\t\t<\/div>\n\t\t\t\t\t\t<div class=\"espigul-house__item__body__meta__item\">\n\t\t\t\t<span class=\"espigul-house__item__body__meta__item__label\">Schlafzimmer<\/span>\n\t\t\t\t<span class=\"espigul-house__item__body__meta__item__value\">\n\t\t\t\t\t04\t\t\t\t<\/span>\n\t\t\t<\/div>\n\t\t\t\t\t\t<div class=\"espigul-house__item__body__meta__item\">\n\t\t\t\t<span class=\"espigul-house__item__body__meta__item__label\">Badezimmer<\/span>\n\t\t\t\t<span class=\"espigul-house__item__body__meta__item__value\">\n\t\t\t\t\t04\t\t\t\t<\/span>\n\t\t\t<\/div>\n\t\t\t\t\t<\/div>\n\t<\/div>\n<\/div>\n\t\t\t\t\t<\/li>\n\t\t\t\t\t\t\t\t\t\t<li class=\"splide__slide\">\n\t\t\t\t\t<div class=\"espigul-house__item cursor-pointer\" onClick=\"window.location.assign('https:\/\/www.espigul.com\/de\/immobles\/charmantes-zentral-gelegenes-penthouse-mit-blick-ueber-alella\/');\">\n\t<div class=\"espigul-house__item__gallery espigul-house__item__photo\" x-data=\"{ active : 0, total: 3 }\">\n\t\t\t\t<ul class=\"espigul-house__item__gallery__items\">\n\t\t\t\t\t\t\t<li class=\"espigul-house__item__gallery__items__item\" x-bind:class=\"0 == active ? 'espigul-house__item__gallery__items__item--active': ''\">\n\t\t\t\t\t<img decoding=\"async\" src=\"https:\/\/www.espigul.com\/wp-content\/uploads\/2026\/03\/coqueto-y-centrico-atico-con-vistas-sobre-alella-25095620-1300x866.webp\" alt=\"Charmantes, zentral gelegenes Penthouse mit Blick \u00fcber Alella\" loading=\"lazy\" width=\"100%\" height=\"auto\">\n\t\t\t\t<\/li>\n\t\t\t\t\t\t\t<li class=\"espigul-house__item__gallery__items__item\" x-bind:class=\"1 == active ? 'espigul-house__item__gallery__items__item--active': ''\">\n\t\t\t\t\t<img decoding=\"async\" src=\"https:\/\/www.espigul.com\/wp-content\/uploads\/2026\/03\/coqueto-y-centrico-atico-con-vistas-sobre-alella-25095617-1300x866.webp\" alt=\"Charmantes, zentral gelegenes Penthouse mit Blick \u00fcber Alella\" loading=\"lazy\" width=\"100%\" height=\"auto\">\n\t\t\t\t<\/li>\n\t\t\t\t\t\t\t<li class=\"espigul-house__item__gallery__items__item\" x-bind:class=\"2 == active ? 'espigul-house__item__gallery__items__item--active': ''\">\n\t\t\t\t\t<img decoding=\"async\" src=\"https:\/\/www.espigul.com\/wp-content\/uploads\/2026\/03\/coqueto-y-centrico-atico-con-vistas-sobre-alella-25095618-1300x866.webp\" alt=\"Charmantes, zentral gelegenes Penthouse mit Blick \u00fcber Alella\" loading=\"lazy\" width=\"100%\" height=\"auto\">\n\t\t\t\t<\/li>\n\t\t\t\t\t<\/ul>\n\t\t<ul class=\"espigul-house__item__gallery__dots\">\n\t\t\t\t\t\t\t<li class=\"espigul-house__item__gallery__dots__item\" x-bind:class=\"0 == active ? 'espigul-house__item__gallery__dots__item--active': ''\">\n\t\t\t\t<\/li>\n\t\t\t\t\t\t\t<li class=\"espigul-house__item__gallery__dots__item\" x-bind:class=\"1 == active ? 'espigul-house__item__gallery__dots__item--active': ''\">\n\t\t\t\t<\/li>\n\t\t\t\t\t\t\t<li class=\"espigul-house__item__gallery__dots__item\" x-bind:class=\"2 == active ? 'espigul-house__item__gallery__dots__item--active': ''\">\n\t\t\t\t<\/li>\n\t\t\t\t\t<\/ul>\n\t\t<button class=\"espigul-house__item__gallery__arrow espigul-house__item__gallery__arrow--left\" aria-label=\"Previous photo\" @click.stop=\"active === 0 ? active = total - 1 : active--\">\n\t\t\t<svg xmlns=\"http:\/\/www.w3.org\/2000\/svg\" viewBox=\"0 0 40 40\" width=\"40\" height=\"40\" focusable=\"false\"><path d=\"m15.5 0.932-4.3 4.38 14.5 14.6-14.5 14.5 4.3 4.4 14.6-14.6 4.4-4.3-4.4-4.4-14.6-14.6z\"><\/path><\/svg>\n\t\t<\/button>\n\t\t<button class=\"espigul-house__item__gallery__arrow espigul-house__item__gallery__arrow--right\" aria-label=\"Next photo\" @click.stop=\"active === total - 1 ? active = 0 : active++\">\n\t\t\t<svg xmlns=\"http:\/\/www.w3.org\/2000\/svg\" viewBox=\"0 0 40 40\" width=\"40\" height=\"40\" focusable=\"false\"><path d=\"m15.5 0.932-4.3 4.38 14.5 14.6-14.5 14.5 4.3 4.4 14.6-14.6 4.4-4.3-4.4-4.4-14.6-14.6z\"><\/path><\/svg>\n\t\t<\/button>\n\t<\/div>\n\t<div class=\"espigul-house__item__body\">\n\t\t<div class=\"espigul-house__item__body__city\">Maresme | REF 5152<\/div>\n\t\t<h2 class=\"espigul-house__item__body__title flex-grow\">\n\t\t\t<a href=\"https:\/\/www.espigul.com\/de\/immobles\/charmantes-zentral-gelegenes-penthouse-mit-blick-ueber-alella\/\" title=\"Charmantes, zentral gelegenes Penthouse mit Blick \u00fcber Alella\">Charmantes, zentral gelegenes Penthouse mit Blick \u00fcber Alella<\/a>\n\t\t<\/h2>\n\t\t<div class=\"espigul-house__item__body__price\">\n\t\t\t349.000\u00a0\u20ac\t\t<\/div>\n\t\t<div class=\"espigul-house__item__body__meta\">\n\t\t\t\t\t\t<div class=\"espigul-house__item__body__meta__item\">\n\t\t\t\t<span class=\"espigul-house__item__body__meta__item__label\">Fl\u00e4che<\/span>\n\t\t\t\t<span class=\"espigul-house__item__body__meta__item__value\">\n\t\t\t\t\t68 m<sup>2<\/sup>\t\t\t\t<\/span>\n\t\t\t<\/div>\n\t\t\t\t\t\t<div class=\"espigul-house__item__body__meta__item\">\n\t\t\t\t<span class=\"espigul-house__item__body__meta__item__label\">Schlafzimmer<\/span>\n\t\t\t\t<span class=\"espigul-house__item__body__meta__item__value\">\n\t\t\t\t\t02\t\t\t\t<\/span>\n\t\t\t<\/div>\n\t\t\t\t\t\t<div class=\"espigul-house__item__body__meta__item\">\n\t\t\t\t<span class=\"espigul-house__item__body__meta__item__label\">Badezimmer<\/span>\n\t\t\t\t<span class=\"espigul-house__item__body__meta__item__value\">\n\t\t\t\t\t01\t\t\t\t<\/span>\n\t\t\t<\/div>\n\t\t\t\t\t<\/div>\n\t<\/div>\n<\/div>\n\t\t\t\t\t<\/li>\n\t\t\t\t\t\t\t\t\t\t<li class=\"splide__slide\">\n\t\t\t\t\t<div class=\"espigul-house__item cursor-pointer\" onClick=\"window.location.assign('https:\/\/www.espigul.com\/de\/immobles\/invertiertes-duplex-mit-panoramaterrasse-im-zentrum-von-sant-andreu-de-llavaneres\/');\">\n\t<div class=\"espigul-house__item__gallery espigul-house__item__photo\" x-data=\"{ active : 0, total: 3 }\">\n\t\t\t\t<ul class=\"espigul-house__item__gallery__items\">\n\t\t\t\t\t\t\t<li class=\"espigul-house__item__gallery__items__item\" x-bind:class=\"0 == active ? 'espigul-house__item__gallery__items__item--active': ''\">\n\t\t\t\t\t<img decoding=\"async\" src=\"https:\/\/www.espigul.com\/wp-content\/uploads\/2026\/08\/duplex-invertido-con-terraza-panoramica-en-el-centro-de-sant-andreu-de-llavaneres-27865195-1300x866.webp\" alt=\"Invertiertes Duplex mit Panoramaterrasse im Zentrum von Sant Andreu de Llavaneres\" loading=\"lazy\" width=\"100%\" height=\"auto\">\n\t\t\t\t<\/li>\n\t\t\t\t\t\t\t<li class=\"espigul-house__item__gallery__items__item\" x-bind:class=\"1 == active ? 'espigul-house__item__gallery__items__item--active': ''\">\n\t\t\t\t\t<img decoding=\"async\" src=\"https:\/\/www.espigul.com\/wp-content\/uploads\/2026\/08\/duplex-invertido-con-terraza-panoramica-en-el-centro-de-sant-andreu-de-llavaneres-27865193-1300x866.webp\" alt=\"Invertiertes Duplex mit Panoramaterrasse im Zentrum von Sant Andreu de Llavaneres\" loading=\"lazy\" width=\"100%\" height=\"auto\">\n\t\t\t\t<\/li>\n\t\t\t\t\t\t\t<li class=\"espigul-house__item__gallery__items__item\" x-bind:class=\"2 == active ? 'espigul-house__item__gallery__items__item--active': ''\">\n\t\t\t\t\t<img decoding=\"async\" src=\"https:\/\/www.espigul.com\/wp-content\/uploads\/2026\/08\/duplex-invertido-con-terraza-panoramica-en-el-centro-de-sant-andreu-de-llavaneres-27865194-1300x866.webp\" alt=\"Invertiertes Duplex mit Panoramaterrasse im Zentrum von Sant Andreu de Llavaneres\" loading=\"lazy\" width=\"100%\" height=\"auto\">\n\t\t\t\t<\/li>\n\t\t\t\t\t<\/ul>\n\t\t<ul class=\"espigul-house__item__gallery__dots\">\n\t\t\t\t\t\t\t<li class=\"espigul-house__item__gallery__dots__item\" x-bind:class=\"0 == active ? 'espigul-house__item__gallery__dots__item--active': ''\">\n\t\t\t\t<\/li>\n\t\t\t\t\t\t\t<li class=\"espigul-house__item__gallery__dots__item\" x-bind:class=\"1 == active ? 'espigul-house__item__gallery__dots__item--active': ''\">\n\t\t\t\t<\/li>\n\t\t\t\t\t\t\t<li class=\"espigul-house__item__gallery__dots__item\" x-bind:class=\"2 == active ? 'espigul-house__item__gallery__dots__item--active': ''\">\n\t\t\t\t<\/li>\n\t\t\t\t\t<\/ul>\n\t\t<button class=\"espigul-house__item__gallery__arrow espigul-house__item__gallery__arrow--left\" aria-label=\"Previous photo\" @click.stop=\"active === 0 ? active = total - 1 : active--\">\n\t\t\t<svg xmlns=\"http:\/\/www.w3.org\/2000\/svg\" viewBox=\"0 0 40 40\" width=\"40\" height=\"40\" focusable=\"false\"><path d=\"m15.5 0.932-4.3 4.38 14.5 14.6-14.5 14.5 4.3 4.4 14.6-14.6 4.4-4.3-4.4-4.4-14.6-14.6z\"><\/path><\/svg>\n\t\t<\/button>\n\t\t<button class=\"espigul-house__item__gallery__arrow espigul-house__item__gallery__arrow--right\" aria-label=\"Next photo\" @click.stop=\"active === total - 1 ? active = 0 : active++\">\n\t\t\t<svg xmlns=\"http:\/\/www.w3.org\/2000\/svg\" viewBox=\"0 0 40 40\" width=\"40\" height=\"40\" focusable=\"false\"><path d=\"m15.5 0.932-4.3 4.38 14.5 14.6-14.5 14.5 4.3 4.4 14.6-14.6 4.4-4.3-4.4-4.4-14.6-14.6z\"><\/path><\/svg>\n\t\t<\/button>\n\t<\/div>\n\t<div class=\"espigul-house__item__body\">\n\t\t<div class=\"espigul-house__item__body__city\">Maresme | REF 4233<\/div>\n\t\t<h2 class=\"espigul-house__item__body__title flex-grow\">\n\t\t\t<a href=\"https:\/\/www.espigul.com\/de\/immobles\/invertiertes-duplex-mit-panoramaterrasse-im-zentrum-von-sant-andreu-de-llavaneres\/\" title=\"Invertiertes Duplex mit Panoramaterrasse im Zentrum von Sant Andreu de Llavaneres\">Invertiertes Duplex mit Panoramaterrasse im Zentrum von Sant Andreu de Llavaneres<\/a>\n\t\t<\/h2>\n\t\t<div class=\"espigul-house__item__body__price\">\n\t\t\t592.000\u00a0\u20ac\t\t<\/div>\n\t\t<div class=\"espigul-house__item__body__meta\">\n\t\t\t\t\t\t<div class=\"espigul-house__item__body__meta__item\">\n\t\t\t\t<span class=\"espigul-house__item__body__meta__item__label\">Fl\u00e4che<\/span>\n\t\t\t\t<span class=\"espigul-house__item__body__meta__item__value\">\n\t\t\t\t\t128 m<sup>2<\/sup>\t\t\t\t<\/span>\n\t\t\t<\/div>\n\t\t\t\t\t\t<div class=\"espigul-house__item__body__meta__item\">\n\t\t\t\t<span class=\"espigul-house__item__body__meta__item__label\">Schlafzimmer<\/span>\n\t\t\t\t<span class=\"espigul-house__item__body__meta__item__value\">\n\t\t\t\t\t04\t\t\t\t<\/span>\n\t\t\t<\/div>\n\t\t\t\t\t\t<div class=\"espigul-house__item__body__meta__item\">\n\t\t\t\t<span class=\"espigul-house__item__body__meta__item__label\">Badezimmer<\/span>\n\t\t\t\t<span class=\"espigul-house__item__body__meta__item__value\">\n\t\t\t\t\t03\t\t\t\t<\/span>\n\t\t\t<\/div>\n\t\t\t\t\t<\/div>\n\t<\/div>\n<\/div>\n\t\t\t\t\t<\/li>\n\t\t\t\t\t\t\t\t\t\t<li class=\"splide__slide\">\n\t\t\t\t\t<div class=\"espigul-house__item cursor-pointer\" onClick=\"window.location.assign('https:\/\/www.espigul.com\/de\/immobles\/exklusive-moderne-residenz-mit-meerblick-in-sant-vicenc-de-montalt\/');\">\n\t<div class=\"espigul-house__item__gallery espigul-house__item__photo\" x-data=\"{ active : 0, total: 3 }\">\n\t\t\t\t<ul class=\"espigul-house__item__gallery__items\">\n\t\t\t\t\t\t\t<li class=\"espigul-house__item__gallery__items__item\" x-bind:class=\"0 == active ? 'espigul-house__item__gallery__items__item--active': ''\">\n\t\t\t\t\t<img decoding=\"async\" src=\"https:\/\/www.espigul.com\/wp-content\/uploads\/2026\/07\/exclusiva-residencia-contemporanea-con-vistas-al-mar-en-sant-vicenc-de-montalt-27413231-1300x975.webp\" alt=\"Exklusive moderne Residenz mit Meerblick in Sant Vicen\u00e7 de Montalt\" loading=\"lazy\" width=\"100%\" height=\"auto\">\n\t\t\t\t<\/li>\n\t\t\t\t\t\t\t<li class=\"espigul-house__item__gallery__items__item\" x-bind:class=\"1 == active ? 'espigul-house__item__gallery__items__item--active': ''\">\n\t\t\t\t\t<img decoding=\"async\" src=\"https:\/\/www.espigul.com\/wp-content\/uploads\/2026\/07\/exclusiva-residencia-contemporanea-con-vistas-al-mar-en-sant-vicenc-de-montalt-27413236-1300x975.webp\" alt=\"Exklusive moderne Residenz mit Meerblick in Sant Vicen\u00e7 de Montalt\" loading=\"lazy\" width=\"100%\" height=\"auto\">\n\t\t\t\t<\/li>\n\t\t\t\t\t\t\t<li class=\"espigul-house__item__gallery__items__item\" x-bind:class=\"2 == active ? 'espigul-house__item__gallery__items__item--active': ''\">\n\t\t\t\t\t<img decoding=\"async\" src=\"https:\/\/www.espigul.com\/wp-content\/uploads\/2026\/07\/exclusiva-residencia-contemporanea-con-vistas-al-mar-en-sant-vicenc-de-montalt-27413227-1300x975.webp\" alt=\"Exklusive moderne Residenz mit Meerblick in Sant Vicen\u00e7 de Montalt\" loading=\"lazy\" width=\"100%\" height=\"auto\">\n\t\t\t\t<\/li>\n\t\t\t\t\t<\/ul>\n\t\t<ul class=\"espigul-house__item__gallery__dots\">\n\t\t\t\t\t\t\t<li class=\"espigul-house__item__gallery__dots__item\" x-bind:class=\"0 == active ? 'espigul-house__item__gallery__dots__item--active': ''\">\n\t\t\t\t<\/li>\n\t\t\t\t\t\t\t<li class=\"espigul-house__item__gallery__dots__item\" x-bind:class=\"1 == active ? 'espigul-house__item__gallery__dots__item--active': ''\">\n\t\t\t\t<\/li>\n\t\t\t\t\t\t\t<li class=\"espigul-house__item__gallery__dots__item\" x-bind:class=\"2 == active ? 'espigul-house__item__gallery__dots__item--active': ''\">\n\t\t\t\t<\/li>\n\t\t\t\t\t<\/ul>\n\t\t<button class=\"espigul-house__item__gallery__arrow espigul-house__item__gallery__arrow--left\" aria-label=\"Previous photo\" @click.stop=\"active === 0 ? active = total - 1 : active--\">\n\t\t\t<svg xmlns=\"http:\/\/www.w3.org\/2000\/svg\" viewBox=\"0 0 40 40\" width=\"40\" height=\"40\" focusable=\"false\"><path d=\"m15.5 0.932-4.3 4.38 14.5 14.6-14.5 14.5 4.3 4.4 14.6-14.6 4.4-4.3-4.4-4.4-14.6-14.6z\"><\/path><\/svg>\n\t\t<\/button>\n\t\t<button class=\"espigul-house__item__gallery__arrow espigul-house__item__gallery__arrow--right\" aria-label=\"Next photo\" @click.stop=\"active === total - 1 ? active = 0 : active++\">\n\t\t\t<svg xmlns=\"http:\/\/www.w3.org\/2000\/svg\" viewBox=\"0 0 40 40\" width=\"40\" height=\"40\" focusable=\"false\"><path d=\"m15.5 0.932-4.3 4.38 14.5 14.6-14.5 14.5 4.3 4.4 14.6-14.6 4.4-4.3-4.4-4.4-14.6-14.6z\"><\/path><\/svg>\n\t\t<\/button>\n\t<\/div>\n\t<div class=\"espigul-house__item__body\">\n\t\t<div class=\"espigul-house__item__body__city\">Sant Vicen\u00e7 de Montalt | REF 6211<\/div>\n\t\t<h2 class=\"espigul-house__item__body__title flex-grow\">\n\t\t\t<a href=\"https:\/\/www.espigul.com\/de\/immobles\/exklusive-moderne-residenz-mit-meerblick-in-sant-vicenc-de-montalt\/\" title=\"Exklusive moderne Residenz mit Meerblick in Sant Vicen\u00e7 de Montalt\">Exklusive moderne Residenz mit Meerblick in Sant Vicen\u00e7 de Montalt<\/a>\n\t\t<\/h2>\n\t\t<div class=\"espigul-house__item__body__price\">\n\t\t\t2.200.000\u00a0\u20ac\t\t<\/div>\n\t\t<div class=\"espigul-house__item__body__meta\">\n\t\t\t\t\t\t<div class=\"espigul-house__item__body__meta__item\">\n\t\t\t\t<span class=\"espigul-house__item__body__meta__item__label\">Fl\u00e4che<\/span>\n\t\t\t\t<span class=\"espigul-house__item__body__meta__item__value\">\n\t\t\t\t\t400 m<sup>2<\/sup>\t\t\t\t<\/span>\n\t\t\t<\/div>\n\t\t\t\t\t\t<div class=\"espigul-house__item__body__meta__item\">\n\t\t\t\t<span class=\"espigul-house__item__body__meta__item__label\">Schlafzimmer<\/span>\n\t\t\t\t<span class=\"espigul-house__item__body__meta__item__value\">\n\t\t\t\t\t05\t\t\t\t<\/span>\n\t\t\t<\/div>\n\t\t\t\t\t\t<div class=\"espigul-house__item__body__meta__item\">\n\t\t\t\t<span class=\"espigul-house__item__body__meta__item__label\">Badezimmer<\/span>\n\t\t\t\t<span class=\"espigul-house__item__body__meta__item__value\">\n\t\t\t\t\t05\t\t\t\t<\/span>\n\t\t\t<\/div>\n\t\t\t\t\t<\/div>\n\t<\/div>\n<\/div>\n\t\t\t\t\t<\/li>\n\t\t\t\t\t\t\t\t\t\t<li class=\"splide__slide\">\n\t\t\t\t\t<div class=\"espigul-house__item cursor-pointer\" onClick=\"window.location.assign('https:\/\/www.espigul.com\/de\/immobles\/exklusive-freistehende-villa-in-unmittelbarer-naehe-zum-zentrum-von-teia\/');\">\n\t<div class=\"espigul-house__item__gallery espigul-house__item__photo\" x-data=\"{ active : 0, total: 3 }\">\n\t\t\t\t<ul class=\"espigul-house__item__gallery__items\">\n\t\t\t\t\t\t\t<li class=\"espigul-house__item__gallery__items__item\" x-bind:class=\"0 == active ? 'espigul-house__item__gallery__items__item--active': ''\">\n\t\t\t\t\t<img decoding=\"async\" src=\"https:\/\/www.espigul.com\/wp-content\/uploads\/2026\/07\/exclusivo-chalet-independiente-muy-proximo-al-centro-de-teia-27632959-1300x866.webp\" alt=\"Exklusive freistehende Villa in unmittelbarer N\u00e4he zum Zentrum von Tei\u00e0\" loading=\"lazy\" width=\"100%\" height=\"auto\">\n\t\t\t\t<\/li>\n\t\t\t\t\t\t\t<li class=\"espigul-house__item__gallery__items__item\" x-bind:class=\"1 == active ? 'espigul-house__item__gallery__items__item--active': ''\">\n\t\t\t\t\t<img decoding=\"async\" src=\"https:\/\/www.espigul.com\/wp-content\/uploads\/2026\/07\/exclusivo-chalet-independiente-muy-proximo-al-centro-de-teia-27632990-1300x866.webp\" alt=\"Exklusive freistehende Villa in unmittelbarer N\u00e4he zum Zentrum von Tei\u00e0\" loading=\"lazy\" width=\"100%\" height=\"auto\">\n\t\t\t\t<\/li>\n\t\t\t\t\t\t\t<li class=\"espigul-house__item__gallery__items__item\" x-bind:class=\"2 == active ? 'espigul-house__item__gallery__items__item--active': ''\">\n\t\t\t\t\t<img decoding=\"async\" src=\"https:\/\/www.espigul.com\/wp-content\/uploads\/2026\/07\/exclusivo-chalet-independiente-muy-proximo-al-centro-de-teia-27632599-1300x866.webp\" alt=\"Exklusive freistehende Villa in unmittelbarer N\u00e4he zum Zentrum von Tei\u00e0\" loading=\"lazy\" width=\"100%\" height=\"auto\">\n\t\t\t\t<\/li>\n\t\t\t\t\t<\/ul>\n\t\t<ul class=\"espigul-house__item__gallery__dots\">\n\t\t\t\t\t\t\t<li class=\"espigul-house__item__gallery__dots__item\" x-bind:class=\"0 == active ? 'espigul-house__item__gallery__dots__item--active': ''\">\n\t\t\t\t<\/li>\n\t\t\t\t\t\t\t<li class=\"espigul-house__item__gallery__dots__item\" x-bind:class=\"1 == active ? 'espigul-house__item__gallery__dots__item--active': ''\">\n\t\t\t\t<\/li>\n\t\t\t\t\t\t\t<li class=\"espigul-house__item__gallery__dots__item\" x-bind:class=\"2 == active ? 'espigul-house__item__gallery__dots__item--active': ''\">\n\t\t\t\t<\/li>\n\t\t\t\t\t<\/ul>\n\t\t<button class=\"espigul-house__item__gallery__arrow espigul-house__item__gallery__arrow--left\" aria-label=\"Previous photo\" @click.stop=\"active === 0 ? active = total - 1 : active--\">\n\t\t\t<svg xmlns=\"http:\/\/www.w3.org\/2000\/svg\" viewBox=\"0 0 40 40\" width=\"40\" height=\"40\" focusable=\"false\"><path d=\"m15.5 0.932-4.3 4.38 14.5 14.6-14.5 14.5 4.3 4.4 14.6-14.6 4.4-4.3-4.4-4.4-14.6-14.6z\"><\/path><\/svg>\n\t\t<\/button>\n\t\t<button class=\"espigul-house__item__gallery__arrow espigul-house__item__gallery__arrow--right\" aria-label=\"Next photo\" @click.stop=\"active === total - 1 ? active = 0 : active++\">\n\t\t\t<svg xmlns=\"http:\/\/www.w3.org\/2000\/svg\" viewBox=\"0 0 40 40\" width=\"40\" height=\"40\" focusable=\"false\"><path d=\"m15.5 0.932-4.3 4.38 14.5 14.6-14.5 14.5 4.3 4.4 14.6-14.6 4.4-4.3-4.4-4.4-14.6-14.6z\"><\/path><\/svg>\n\t\t<\/button>\n\t<\/div>\n\t<div class=\"espigul-house__item__body\">\n\t\t<div class=\"espigul-house__item__body__city\">Tei\u00e0 | REF 6210<\/div>\n\t\t<h2 class=\"espigul-house__item__body__title flex-grow\">\n\t\t\t<a href=\"https:\/\/www.espigul.com\/de\/immobles\/exklusive-freistehende-villa-in-unmittelbarer-naehe-zum-zentrum-von-teia\/\" title=\"Exklusive freistehende Villa in unmittelbarer N\u00e4he zum Zentrum von Tei\u00e0\">Exklusive freistehende Villa in unmittelbarer N\u00e4he zum Zentrum von Tei\u00e0<\/a>\n\t\t<\/h2>\n\t\t<div class=\"espigul-house__item__body__price\">\n\t\t\t1.590.000\u00a0\u20ac\t\t<\/div>\n\t\t<div class=\"espigul-house__item__body__meta\">\n\t\t\t\t\t\t<div class=\"espigul-house__item__body__meta__item\">\n\t\t\t\t<span class=\"espigul-house__item__body__meta__item__label\">Fl\u00e4che<\/span>\n\t\t\t\t<span class=\"espigul-house__item__body__meta__item__value\">\n\t\t\t\t\t533 m<sup>2<\/sup>\t\t\t\t<\/span>\n\t\t\t<\/div>\n\t\t\t\t\t\t<div class=\"espigul-house__item__body__meta__item\">\n\t\t\t\t<span class=\"espigul-house__item__body__meta__item__label\">Schlafzimmer<\/span>\n\t\t\t\t<span class=\"espigul-house__item__body__meta__item__value\">\n\t\t\t\t\t04\t\t\t\t<\/span>\n\t\t\t<\/div>\n\t\t\t\t\t\t<div class=\"espigul-house__item__body__meta__item\">\n\t\t\t\t<span class=\"espigul-house__item__body__meta__item__label\">Badezimmer<\/span>\n\t\t\t\t<span class=\"espigul-house__item__body__meta__item__value\">\n\t\t\t\t\t03\t\t\t\t<\/span>\n\t\t\t<\/div>\n\t\t\t\t\t<\/div>\n\t<\/div>\n<\/div>\n\t\t\t\t\t<\/li>\n\t\t\t\t\t\t\t\t\t\t<li class=\"splide__slide\">\n\t\t\t\t\t<div class=\"espigul-house__item cursor-pointer\" onClick=\"window.location.assign('https:\/\/www.espigul.com\/de\/immobles\/reihenhaus-mit-privatem-pool-im-zentrum-von-premia-de-mar\/');\">\n\t<div class=\"espigul-house__item__gallery espigul-house__item__photo\" x-data=\"{ active : 0, total: 3 }\">\n\t\t\t\t<ul class=\"espigul-house__item__gallery__items\">\n\t\t\t\t\t\t\t<li class=\"espigul-house__item__gallery__items__item\" x-bind:class=\"0 == active ? 'espigul-house__item__gallery__items__item--active': ''\">\n\t\t\t\t\t<img decoding=\"async\" src=\"https:\/\/www.espigul.com\/wp-content\/uploads\/2026\/07\/casa-adosada-con-piscina-privada-en-el-centro-de-premia-de-mar-27311617-1300x866.webp\" alt=\"Reihenhaus mit privatem Pool im Zentrum von Premi\u00e0 de Mar\" loading=\"lazy\" width=\"100%\" height=\"auto\">\n\t\t\t\t<\/li>\n\t\t\t\t\t\t\t<li class=\"espigul-house__item__gallery__items__item\" x-bind:class=\"1 == active ? 'espigul-house__item__gallery__items__item--active': ''\">\n\t\t\t\t\t<img decoding=\"async\" src=\"https:\/\/www.espigul.com\/wp-content\/uploads\/2026\/07\/casa-adosada-con-piscina-privada-en-el-centro-de-premia-de-mar-27309475-1300x866.webp\" alt=\"Reihenhaus mit privatem Pool im Zentrum von Premi\u00e0 de Mar\" loading=\"lazy\" width=\"100%\" height=\"auto\">\n\t\t\t\t<\/li>\n\t\t\t\t\t\t\t<li class=\"espigul-house__item__gallery__items__item\" x-bind:class=\"2 == active ? 'espigul-house__item__gallery__items__item--active': ''\">\n\t\t\t\t\t<img decoding=\"async\" src=\"https:\/\/www.espigul.com\/wp-content\/uploads\/2026\/07\/casa-adosada-con-piscina-privada-en-el-centro-de-premia-de-mar-27312554-1300x872.webp\" alt=\"Reihenhaus mit privatem Pool im Zentrum von Premi\u00e0 de Mar\" loading=\"lazy\" width=\"100%\" height=\"auto\">\n\t\t\t\t<\/li>\n\t\t\t\t\t<\/ul>\n\t\t<ul class=\"espigul-house__item__gallery__dots\">\n\t\t\t\t\t\t\t<li class=\"espigul-house__item__gallery__dots__item\" x-bind:class=\"0 == active ? 'espigul-house__item__gallery__dots__item--active': ''\">\n\t\t\t\t<\/li>\n\t\t\t\t\t\t\t<li class=\"espigul-house__item__gallery__dots__item\" x-bind:class=\"1 == active ? 'espigul-house__item__gallery__dots__item--active': ''\">\n\t\t\t\t<\/li>\n\t\t\t\t\t\t\t<li class=\"espigul-house__item__gallery__dots__item\" x-bind:class=\"2 == active ? 'espigul-house__item__gallery__dots__item--active': ''\">\n\t\t\t\t<\/li>\n\t\t\t\t\t<\/ul>\n\t\t<button class=\"espigul-house__item__gallery__arrow espigul-house__item__gallery__arrow--left\" aria-label=\"Previous photo\" @click.stop=\"active === 0 ? active = total - 1 : active--\">\n\t\t\t<svg xmlns=\"http:\/\/www.w3.org\/2000\/svg\" viewBox=\"0 0 40 40\" width=\"40\" height=\"40\" focusable=\"false\"><path d=\"m15.5 0.932-4.3 4.38 14.5 14.6-14.5 14.5 4.3 4.4 14.6-14.6 4.4-4.3-4.4-4.4-14.6-14.6z\"><\/path><\/svg>\n\t\t<\/button>\n\t\t<button class=\"espigul-house__item__gallery__arrow espigul-house__item__gallery__arrow--right\" aria-label=\"Next photo\" @click.stop=\"active === total - 1 ? active = 0 : active++\">\n\t\t\t<svg xmlns=\"http:\/\/www.w3.org\/2000\/svg\" viewBox=\"0 0 40 40\" width=\"40\" height=\"40\" focusable=\"false\"><path d=\"m15.5 0.932-4.3 4.38 14.5 14.6-14.5 14.5 4.3 4.4 14.6-14.6 4.4-4.3-4.4-4.4-14.6-14.6z\"><\/path><\/svg>\n\t\t<\/button>\n\t<\/div>\n\t<div class=\"espigul-house__item__body\">\n\t\t<div class=\"espigul-house__item__body__city\">Maresme | REF 5957<\/div>\n\t\t<h2 class=\"espigul-house__item__body__title flex-grow\">\n\t\t\t<a href=\"https:\/\/www.espigul.com\/de\/immobles\/reihenhaus-mit-privatem-pool-im-zentrum-von-premia-de-mar\/\" title=\"Reihenhaus mit privatem Pool im Zentrum von Premi\u00e0 de Mar\">Reihenhaus mit privatem Pool im Zentrum von Premi\u00e0 de Mar<\/a>\n\t\t<\/h2>\n\t\t<div class=\"espigul-house__item__body__price\">\n\t\t\t620.000\u00a0\u20ac\t\t<\/div>\n\t\t<div class=\"espigul-house__item__body__meta\">\n\t\t\t\t\t\t<div class=\"espigul-house__item__body__meta__item\">\n\t\t\t\t<span class=\"espigul-house__item__body__meta__item__label\">Fl\u00e4che<\/span>\n\t\t\t\t<span class=\"espigul-house__item__body__meta__item__value\">\n\t\t\t\t\t251 m<sup>2<\/sup>\t\t\t\t<\/span>\n\t\t\t<\/div>\n\t\t\t\t\t\t<div class=\"espigul-house__item__body__meta__item\">\n\t\t\t\t<span class=\"espigul-house__item__body__meta__item__label\">Schlafzimmer<\/span>\n\t\t\t\t<span class=\"espigul-house__item__body__meta__item__value\">\n\t\t\t\t\t04\t\t\t\t<\/span>\n\t\t\t<\/div>\n\t\t\t\t\t\t<div class=\"espigul-house__item__body__meta__item\">\n\t\t\t\t<span class=\"espigul-house__item__body__meta__item__label\">Badezimmer<\/span>\n\t\t\t\t<span class=\"espigul-house__item__body__meta__item__value\">\n\t\t\t\t\t02\t\t\t\t<\/span>\n\t\t\t<\/div>\n\t\t\t\t\t<\/div>\n\t<\/div>\n<\/div>\n\t\t\t\t\t<\/li>\n\t\t\t\t\t\t\t\t<\/ul>\n\t\t<\/div>\n\t<\/div>\n<\/div>\n<script>\n\tdocument.addEventListener( 'DOMContentLoaded', function() {\n\t\tvar main = new Splide( '#carousel-2543157', {\n\t\t\tfixedWidth: '90vw',\n\t\t\tgap: '0.5rem',\n\t\t\tpagination: false,\n\t\t\tarrows: true,\n\t\t\tpadding: '1rem',\n\t\t\tmediaQuery: 'min',\n\t\t\tbreakpoints: {\n\t\t\t\t720: {\n\t\t\t\t\tfixedWidth: null,\n\t\t\t\t\tperPage: 3,\n\t\t\t\t\tarrows: true,\n\t\t\t\t},\n\t\t\t\t1024: {\n\t\t\t\t\tperPage: 4\n\t\t\t\t},\n\t\t}\n\t\t} );\n\t\tmain.mount();\n\t} );\n<\/script>\n<\/div><\/div>\n","protected":false},"excerpt":{"rendered":"<p>RAMBLA \u00c0NGEL GUIMER\u00c0 4408328 ALELLA IMMOBILIEN MARESME +34 972 220 110MARESME@ESPIGUL.COM Wir f\u00f6rdern Projekte, wir k\u00fcmmern uns um Menschen. Esp\u00edgul ist die f\u00fchrende Immobilienagentur in Maresme. Wir sind Spezialisten f\u00fcr den Kauf, Verkauf und die Vermietung von Immobilien in Maresme, einer der attraktivsten Gegenden der katalanischen K\u00fcste. Mit unserer umfassenden Erfahrung in der Branche und&#8230;<\/p>\n","protected":false},"author":9,"featured_media":0,"parent":0,"menu_order":0,"comment_status":"closed","ping_status":"closed","template":"","meta":{"_acf_changed":false,"_uag_custom_page_level_css":"","footnotes":""},"class_list":["post-480027","page","type-page","status-publish","hentry"],"acf":[],"yoast_head":"<!-- This site is optimized with the Yoast SEO plugin v28.4 - https:\/\/yoast.com\/product\/yoast-seo-wordpress\/ -->\n<title>Immobilien Maresme - Esp\u00edgul<\/title>\n<meta name=\"robots\" content=\"index, follow, max-snippet:-1, max-image-preview:large, max-video-preview:-1\" \/>\n<link rel=\"canonical\" href=\"https:\/\/www.espigul.com\/de\/immobilien-maresme-2\/\" \/>\n<meta property=\"og:locale\" content=\"de_DE\" \/>\n<meta property=\"og:type\" content=\"article\" \/>\n<meta property=\"og:title\" content=\"Immobilien Maresme - Esp\u00edgul\" \/>\n<meta property=\"og:description\" content=\"RAMBLA \u00c0NGEL GUIMER\u00c0 4408328 ALELLA IMMOBILIEN MARESME +34 972 220 110MARESME@ESPIGUL.COM Wir f\u00f6rdern Projekte, wir k\u00fcmmern uns um Menschen. Esp\u00edgul ist die f\u00fchrende Immobilienagentur in Maresme. Wir sind Spezialisten f\u00fcr den Kauf, Verkauf und die Vermietung von Immobilien in Maresme, einer der attraktivsten Gegenden der katalanischen K\u00fcste. Mit unserer umfassenden Erfahrung in der Branche und...\" \/>\n<meta property=\"og:url\" content=\"https:\/\/www.espigul.com\/de\/immobilien-maresme-2\/\" \/>\n<meta property=\"og:site_name\" content=\"Esp\u00edgul\" \/>\n<meta property=\"article:modified_time\" content=\"2026-09-03T11:57:44+00:00\" \/>\n<meta property=\"og:image\" content=\"https:\/\/www.espigul.com\/wp-content\/uploads\/2026\/09\/maresme-02.jpg\" \/>\n\t<meta property=\"og:image:width\" content=\"320\" \/>\n\t<meta property=\"og:image:height\" content=\"334\" \/>\n\t<meta property=\"og:image:type\" content=\"image\/jpeg\" \/>\n<meta name=\"twitter:card\" content=\"summary_large_image\" \/>\n<meta name=\"twitter:label1\" content=\"Gesch\u00e4tzte Lesezeit\" \/>\n\t<meta name=\"twitter:data1\" content=\"2\u00a0Minuten\" \/>\n<script type=\"application\/ld+json\" class=\"yoast-schema-graph\">{\"@context\":\"https:\\\/\\\/schema.org\",\"@graph\":[{\"@type\":\"WebPage\",\"@id\":\"https:\\\/\\\/www.espigul.com\\\/de\\\/immobilien-maresme-2\\\/\",\"url\":\"https:\\\/\\\/www.espigul.com\\\/de\\\/immobilien-maresme-2\\\/\",\"name\":\"Immobilien Maresme - Esp\u00edgul\",\"isPartOf\":{\"@id\":\"https:\\\/\\\/www.espigul.com\\\/de\\\/#website\"},\"primaryImageOfPage\":{\"@id\":\"https:\\\/\\\/www.espigul.com\\\/de\\\/immobilien-maresme-2\\\/#primaryimage\"},\"image\":{\"@id\":\"https:\\\/\\\/www.espigul.com\\\/de\\\/immobilien-maresme-2\\\/#primaryimage\"},\"thumbnailUrl\":\"https:\\\/\\\/www.espigul.com\\\/wp-content\\\/uploads\\\/2026\\\/09\\\/maresme-02.jpg\",\"datePublished\":\"2026-09-03T09:59:39+00:00\",\"dateModified\":\"2026-09-03T11:57:44+00:00\",\"breadcrumb\":{\"@id\":\"https:\\\/\\\/www.espigul.com\\\/de\\\/immobilien-maresme-2\\\/#breadcrumb\"},\"inLanguage\":\"de\",\"potentialAction\":[{\"@type\":\"ReadAction\",\"target\":[\"https:\\\/\\\/www.espigul.com\\\/de\\\/immobilien-maresme-2\\\/\"]}]},{\"@type\":\"ImageObject\",\"inLanguage\":\"de\",\"@id\":\"https:\\\/\\\/www.espigul.com\\\/de\\\/immobilien-maresme-2\\\/#primaryimage\",\"url\":\"https:\\\/\\\/www.espigul.com\\\/wp-content\\\/uploads\\\/2026\\\/09\\\/maresme-02.jpg\",\"contentUrl\":\"https:\\\/\\\/www.espigul.com\\\/wp-content\\\/uploads\\\/2026\\\/09\\\/maresme-02.jpg\"},{\"@type\":\"BreadcrumbList\",\"@id\":\"https:\\\/\\\/www.espigul.com\\\/de\\\/immobilien-maresme-2\\\/#breadcrumb\",\"itemListElement\":[{\"@type\":\"ListItem\",\"position\":1,\"name\":\"Inici\",\"item\":\"https:\\\/\\\/www.espigul.com\\\/de\\\/startseite-2\\\/\"},{\"@type\":\"ListItem\",\"position\":2,\"name\":\"Immobilien Maresme\"}]},{\"@type\":\"WebSite\",\"@id\":\"https:\\\/\\\/www.espigul.com\\\/de\\\/#website\",\"url\":\"https:\\\/\\\/www.espigul.com\\\/de\\\/\",\"name\":\"Esp\u00edgul\",\"description\":\"La immobili\u00e0ria l\u00edder de Girona\",\"publisher\":{\"@id\":\"https:\\\/\\\/www.espigul.com\\\/de\\\/#organization\"},\"potentialAction\":[{\"@type\":\"SearchAction\",\"target\":{\"@type\":\"EntryPoint\",\"urlTemplate\":\"https:\\\/\\\/www.espigul.com\\\/de\\\/?s={search_term_string}\"},\"query-input\":{\"@type\":\"PropertyValueSpecification\",\"valueRequired\":true,\"valueName\":\"search_term_string\"}}],\"inLanguage\":\"de\"},{\"@type\":\"Organization\",\"@id\":\"https:\\\/\\\/www.espigul.com\\\/de\\\/#organization\",\"name\":\"Esp\u00edgul\",\"url\":\"https:\\\/\\\/www.espigul.com\\\/de\\\/\",\"logo\":{\"@type\":\"ImageObject\",\"inLanguage\":\"de\",\"@id\":\"https:\\\/\\\/www.espigul.com\\\/de\\\/#\\\/schema\\\/logo\\\/image\\\/\",\"url\":\"https:\\\/\\\/www.espigul.com\\\/wp-content\\\/uploads\\\/2023\\\/08\\\/espigul-block.png\",\"contentUrl\":\"https:\\\/\\\/www.espigul.com\\\/wp-content\\\/uploads\\\/2023\\\/08\\\/espigul-block.png\",\"width\":384,\"height\":240,\"caption\":\"Esp\u00edgul\"},\"image\":{\"@id\":\"https:\\\/\\\/www.espigul.com\\\/de\\\/#\\\/schema\\\/logo\\\/image\\\/\"},\"sameAs\":[\"https:\\\/\\\/www.instagram.com\\\/immoespigul\\\/\",\"https:\\\/\\\/www.youtube.com\\\/channel\\\/UCYyD-WWfbCFpCXau4SQOGKQ\"]}]}<\/script>\n<!-- \/ Yoast SEO plugin. -->","yoast_head_json":{"title":"Immobilien Maresme - Esp\u00edgul","robots":{"index":"index","follow":"follow","max-snippet":"max-snippet:-1","max-image-preview":"max-image-preview:large","max-video-preview":"max-video-preview:-1"},"canonical":"https:\/\/www.espigul.com\/de\/immobilien-maresme-2\/","og_locale":"de_DE","og_type":"article","og_title":"Immobilien Maresme - Esp\u00edgul","og_description":"RAMBLA \u00c0NGEL GUIMER\u00c0 4408328 ALELLA IMMOBILIEN MARESME +34 972 220 110MARESME@ESPIGUL.COM Wir f\u00f6rdern Projekte, wir k\u00fcmmern uns um Menschen. Esp\u00edgul ist die f\u00fchrende Immobilienagentur in Maresme. Wir sind Spezialisten f\u00fcr den Kauf, Verkauf und die Vermietung von Immobilien in Maresme, einer der attraktivsten Gegenden der katalanischen K\u00fcste. Mit unserer umfassenden Erfahrung in der Branche und...","og_url":"https:\/\/www.espigul.com\/de\/immobilien-maresme-2\/","og_site_name":"Esp\u00edgul","article_modified_time":"2026-09-03T11:57:44+00:00","og_image":[{"width":320,"height":334,"url":"https:\/\/www.espigul.com\/wp-content\/uploads\/2026\/09\/maresme-02.jpg","type":"image\/jpeg"}],"twitter_card":"summary_large_image","twitter_misc":{"Gesch\u00e4tzte Lesezeit":"2\u00a0Minuten"},"schema":{"@context":"https:\/\/schema.org","@graph":[{"@type":"WebPage","@id":"https:\/\/www.espigul.com\/de\/immobilien-maresme-2\/","url":"https:\/\/www.espigul.com\/de\/immobilien-maresme-2\/","name":"Immobilien Maresme - Esp\u00edgul","isPartOf":{"@id":"https:\/\/www.espigul.com\/de\/#website"},"primaryImageOfPage":{"@id":"https:\/\/www.espigul.com\/de\/immobilien-maresme-2\/#primaryimage"},"image":{"@id":"https:\/\/www.espigul.com\/de\/immobilien-maresme-2\/#primaryimage"},"thumbnailUrl":"https:\/\/www.espigul.com\/wp-content\/uploads\/2026\/09\/maresme-02.jpg","datePublished":"2026-09-03T09:59:39+00:00","dateModified":"2026-09-03T11:57:44+00:00","breadcrumb":{"@id":"https:\/\/www.espigul.com\/de\/immobilien-maresme-2\/#breadcrumb"},"inLanguage":"de","potentialAction":[{"@type":"ReadAction","target":["https:\/\/www.espigul.com\/de\/immobilien-maresme-2\/"]}]},{"@type":"ImageObject","inLanguage":"de","@id":"https:\/\/www.espigul.com\/de\/immobilien-maresme-2\/#primaryimage","url":"https:\/\/www.espigul.com\/wp-content\/uploads\/2026\/09\/maresme-02.jpg","contentUrl":"https:\/\/www.espigul.com\/wp-content\/uploads\/2026\/09\/maresme-02.jpg"},{"@type":"BreadcrumbList","@id":"https:\/\/www.espigul.com\/de\/immobilien-maresme-2\/#breadcrumb","itemListElement":[{"@type":"ListItem","position":1,"name":"Inici","item":"https:\/\/www.espigul.com\/de\/startseite-2\/"},{"@type":"ListItem","position":2,"name":"Immobilien Maresme"}]},{"@type":"WebSite","@id":"https:\/\/www.espigul.com\/de\/#website","url":"https:\/\/www.espigul.com\/de\/","name":"Esp\u00edgul","description":"La immobili\u00e0ria l\u00edder de Girona","publisher":{"@id":"https:\/\/www.espigul.com\/de\/#organization"},"potentialAction":[{"@type":"SearchAction","target":{"@type":"EntryPoint","urlTemplate":"https:\/\/www.espigul.com\/de\/?s={search_term_string}"},"query-input":{"@type":"PropertyValueSpecification","valueRequired":true,"valueName":"search_term_string"}}],"inLanguage":"de"},{"@type":"Organization","@id":"https:\/\/www.espigul.com\/de\/#organization","name":"Esp\u00edgul","url":"https:\/\/www.espigul.com\/de\/","logo":{"@type":"ImageObject","inLanguage":"de","@id":"https:\/\/www.espigul.com\/de\/#\/schema\/logo\/image\/","url":"https:\/\/www.espigul.com\/wp-content\/uploads\/2023\/08\/espigul-block.png","contentUrl":"https:\/\/www.espigul.com\/wp-content\/uploads\/2023\/08\/espigul-block.png","width":384,"height":240,"caption":"Esp\u00edgul"},"image":{"@id":"https:\/\/www.espigul.com\/de\/#\/schema\/logo\/image\/"},"sameAs":["https:\/\/www.instagram.com\/immoespigul\/","https:\/\/www.youtube.com\/channel\/UCYyD-WWfbCFpCXau4SQOGKQ"]}]}},"uagb_featured_image_src":{"full":false,"thumbnail":false,"medium":false,"medium_large":false,"large":false,"1536x1536":false,"2048x2048":false,"gform-image-choice-sm":false,"gform-image-choice-md":false,"gform-image-choice-lg":false},"uagb_author_info":{"display_name":"Joaquin Zamora","author_link":"https:\/\/www.espigul.com\/de\/author\/joaquin-zamora\/"},"uagb_comment_info":0,"uagb_excerpt":"RAMBLA \u00c0NGEL GUIMER\u00c0 4408328 ALELLA IMMOBILIEN MARESME +34 972 220 110MARESME@ESPIGUL.COM Wir f\u00f6rdern Projekte, wir k\u00fcmmern uns um Menschen. Esp\u00edgul ist die f\u00fchrende Immobilienagentur in Maresme. Wir sind Spezialisten f\u00fcr den Kauf, Verkauf und die Vermietung von Immobilien in Maresme, einer der attraktivsten Gegenden der katalanischen K\u00fcste. Mit unserer umfassenden Erfahrung in der Branche und...","_links":{"self":[{"href":"https:\/\/www.espigul.com\/de\/wp-json\/wp\/v2\/pages\/480027","targetHints":{"allow":["GET"]}}],"collection":[{"href":"https:\/\/www.espigul.com\/de\/wp-json\/wp\/v2\/pages"}],"about":[{"href":"https:\/\/www.espigul.com\/de\/wp-json\/wp\/v2\/types\/page"}],"author":[{"embeddable":true,"href":"https:\/\/www.espigul.com\/de\/wp-json\/wp\/v2\/users\/9"}],"replies":[{"embeddable":true,"href":"https:\/\/www.espigul.com\/de\/wp-json\/wp\/v2\/comments?post=480027"}],"version-history":[{"count":2,"href":"https:\/\/www.espigul.com\/de\/wp-json\/wp\/v2\/pages\/480027\/revisions"}],"predecessor-version":[{"id":480052,"href":"https:\/\/www.espigul.com\/de\/wp-json\/wp\/v2\/pages\/480027\/revisions\/480052"}],"wp:attachment":[{"href":"https:\/\/www.espigul.com\/de\/wp-json\/wp\/v2\/media?parent=480027"}],"curies":[{"name":"wp","href":"https:\/\/api.w.org\/{rel}","templated":true}]}}