{"id":479635,"date":"2026-09-03T10:56:56","date_gmt":"2026-09-03T08:56:56","guid":{"rendered":"https:\/\/www.espigul.com\/verkaufen-2\/"},"modified":"2026-09-03T13:53:03","modified_gmt":"2026-09-03T11:53:03","slug":"verkaufen-2","status":"publish","type":"page","link":"https:\/\/www.espigul.com\/de\/verkaufen-2\/","title":{"rendered":"Verkaufen"},"content":{"rendered":"\n<div class=\"wp-block-uagb-container uagb-block-2d1483d0 alignfull uagb-is-root-container\"><div class=\"uagb-container-inner-blocks-wrap\"><section class=\"hero-section hero-section--equal align wp-block-acf-hero\">\n\t<div class=\"hero__section hero__section--left\">\n\t\t\t\t\t<img decoding=\"async\" src=\"https:\/\/www.espigul.com\/wp-content\/uploads\/2026\/09\/vender-01.jpg\" alt=\"\">\n\t\t\t\t\t\t<\/div>\n\t<div class=\"hero__section hero__section--right hero__section--right--image_top\">\n\t\t\t\t\t<div class=\"hero__section__main\">\n\t\t\t\t\t\t\t\t\t\t\t\t\t<h1 class=\"hero__title\">Von \u201eZu verkaufen\u201c zu \u201eVerkauft\u201c \u2013 schneller als Sie es sich vorstellen.<\/h1>\n\t\t\t\t\t\t\t<\/div>\n\t\t\t\t\t\t\t<div class=\"hero__subimage\">\n\t\t\t\t<figure>\n\t\t\t\t\t<img decoding=\"async\" src=\"https:\/\/www.espigul.com\/wp-content\/uploads\/2026\/09\/vender-02.jpg\" alt=\"\">\n\t\t\t\t\t\t\t\t\t<\/figure>\n\t\t\t<\/div>\n\t\t\t\t\t\t\t<div class=\"hero__subtitle\"><p>Esp\u00edgul ist ein Bauunternehmen, Bautr\u00e4ger und Immobilienmakler, spezialisiert auf den Kauf, Verkauf und die Vermietung von Immobilien.<\/p>\n<p>Unser Team aus erfahrenen Immobilienberatern arbeitet daran, einen pers\u00f6nlichen, transparenten und ergebnisorientierten Service zu bieten.<\/p>\n<p>Die Erfahrung auf dem lokalen Immobilienmarkt erm\u00f6glicht es uns, jeden Kunden dabei zu unterst\u00fctzen, sichere Entscheidungen zu treffen, sei es beim Verkauf einer Immobilie, dem Kauf eines Objekts oder einer erfolgreichen Investition.<\/p>\n<\/div>\n\t\t\t<\/div>\n<\/section>\n    <\/div><\/div>\n\n<div class=\"wp-block-uagb-container uagb-block-760251d6 alignfull uagb-is-root-container\"><div class=\"uagb-container-inner-blocks-wrap\">\n<div class=\"wp-block-uagb-container uagb-block-049415ea\">\n<p class=\"has-text-align-center wp-block-paragraph\">Esp\u00edgul Real Estate Group<\/p>\n\n\n\n<h2 class=\"wp-block-heading has-text-align-center has-4-x-large-font-size\">Wir verkaufen Ihre Immobilie mit einer durchdachten Strategie von Anfang bis Ende<\/h2>\n<\/div>\n\n\n\n<div class=\"wp-block-uagb-container uagb-block-b5b4a567\">\n<figure class=\"wp-block-image aligncenter size-full\"><img decoding=\"async\" src=\"https:\/\/staging.espigul.com\/wp-content\/uploads\/2026\/08\/vender-1.jpg\" alt=\"\" class=\"wp-image-378217\"\/><figcaption class=\"wp-element-caption\">GEGR. 1989<\/figcaption><\/figure>\n<\/div>\n\n\n\n<div class=\"wp-block-uagb-container uagb-block-63c58c49\">\n<p class=\"has-text-align-center has-custom-css has-seasons-font-family has-x-large-font-size wp-custom-css-85745d36 wp-block-paragraph\">Bei Esp\u00edgul begleiten wir Sie w\u00e4hrend des gesamten Verkaufsprozesses mit einer durchdachten Strategie, effektiver Vermarktung und pers\u00f6nlicher, professioneller Beratung.<\/p>\n<\/div>\n<\/div><\/div>\n\n<div class=\"wp-block-uagb-container uagb-block-bef51601 alignfull uagb-is-root-container\"><div class=\"uagb-container-inner-blocks-wrap\">    <div>\n                <div class=\"proposta-grid proposta__item\">\n                            <div class=\"proposta__item__image\">\n                    <img decoding=\"async\" class=\"proposta-image\" src=\"https:\/\/www.espigul.com\/wp-content\/uploads\/2026\/09\/proposta-vender-1.jpg\" alt=\"\"\/>\n                <\/div>\n                        <div class=\"proposta__item__counter\">\n                <p>01<\/p>\n            <\/div>\n            <div class=\"proposta__item__title\">\n                                    <h2>Bewertung und Vermarktungsstrategie<\/h2>\n                            <\/div>\n            <div class=\"proposta__item__subtitle\">\n                                    <p>Wir analysieren Ihre Immobilie und den Markt, um die beste Positionierung und eine auf ihre Einzigartigkeit zugeschnittene Verkaufsstrategie zu definieren.<\/p>\n                            <\/div>\n                    <\/div>\n                <div class=\"proposta-grid proposta__item\">\n                            <div class=\"proposta__item__image\">\n                    <img decoding=\"async\" class=\"proposta-image\" src=\"https:\/\/www.espigul.com\/wp-content\/uploads\/2026\/09\/proposta-vender-2.jpg\" alt=\"\"\/>\n                <\/div>\n                        <div class=\"proposta__item__counter\">\n                <p>02<\/p>\n            <\/div>\n            <div class=\"proposta__item__title\">\n                                    <h2>Vorbereitung und kommerzielle Produktion<\/h2>\n                            <\/div>\n            <div class=\"proposta__item__subtitle\">\n                                    <p>Wir bereiten jedes Detail vor und erstellen visuelles und kommerzielles Material, das den gesamten Wert der Immobilie vermitteln kann.<\/p>\n                            <\/div>\n                    <\/div>\n                <div class=\"proposta-grid proposta__item\">\n                            <div class=\"proposta__item__image\">\n                    <img decoding=\"async\" class=\"proposta-image\" src=\"https:\/\/www.espigul.com\/wp-content\/uploads\/2026\/09\/proposta-vender-3.jpg\" alt=\"\"\/>\n                <\/div>\n                        <div class=\"proposta__item__counter\">\n                <p>03<\/p>\n            <\/div>\n            <div class=\"proposta__item__title\">\n                                    <h2>Vermarktung und K\u00e4ufermanagement<\/h2>\n                            <\/div>\n            <div class=\"proposta__item__subtitle\">\n                                    <p>Wir pr\u00e4sentieren die Immobilie qualifizierten K\u00e4ufern und verwalten Besichtigungen mit Sorgfalt, Diskretion und Effizienz.<\/p>\n                            <\/div>\n                    <\/div>\n                <div class=\"proposta-grid proposta__item\">\n                            <div class=\"proposta__item__image\">\n                    <img decoding=\"async\" class=\"proposta-image\" src=\"https:\/\/www.espigul.com\/wp-content\/uploads\/2026\/09\/proposta-vender-4.jpg\" alt=\"\"\/>\n                <\/div>\n                        <div class=\"proposta__item__counter\">\n                <p>04<\/p>\n            <\/div>\n            <div class=\"proposta__item__title\">\n                                    <h2>Verhandlung und Abschluss der Transaktion<\/h2>\n                            <\/div>\n            <div class=\"proposta__item__subtitle\">\n                                    <p>Wir begleiten Sie w\u00e4hrend der gesamten Verhandlung und koordinieren den Prozess bis zur notariellen Beurkundung mit absoluter Sicherheit und Ruhe.<\/p>\n                            <\/div>\n                    <\/div>\n            <\/div>\n    <\/div><\/div>\n\n<div class=\"wp-block-uagb-container uagb-layout-grid uagb-block-c18ca687 alignfull uagb-is-root-container\"><div class=\"uagb-container-inner-blocks-wrap\">\n<div class=\"wp-block-uagb-container uagb-block-44b943d5\">\n<figure class=\"wp-block-image size-full has-custom-css wp-custom-css-36d2cc4d\"><img loading=\"lazy\" decoding=\"async\" width=\"901\" height=\"926\" src=\"https:\/\/www.espigul.com\/wp-content\/uploads\/2026\/09\/vender-04.jpg\" alt=\"\" class=\"wp-image-477780\" srcset=\"https:\/\/www.espigul.com\/wp-content\/uploads\/2026\/09\/vender-04.jpg 901w, https:\/\/www.espigul.com\/wp-content\/uploads\/2026\/09\/vender-04-292x300.jpg 292w, https:\/\/www.espigul.com\/wp-content\/uploads\/2026\/09\/vender-04-768x789.jpg 768w\" sizes=\"auto, (max-width: 901px) 100vw, 901px\" \/><\/figure>\n<\/div>\n\n\n\n<div class=\"wp-block-uagb-container uagb-block-deec8124\">\n<p class=\"has-text-align-center has-small-font-size wp-block-paragraph\" style=\"margin-top:0;margin-bottom:0;text-transform:uppercase\">Marketing<\/p>\n\n\n\n<div class=\"wp-block-uagb-container uagb-block-704d5049\">\n<h2 class=\"wp-block-heading has-text-align-center has-2-x-large-font-size\">Durch Marketing schaffen wir eine Verbindung zu jenen Menschen, die einzigartige R\u00e4ume suchen, um au\u00dfergew\u00f6hnliche Momente zu erleben.<\/h2>\n<\/div>\n\n\n\n<figure class=\"wp-block-image aligncenter size-full\" style=\"margin-top:0;margin-bottom:var(--wp--preset--spacing--80)\"><img loading=\"lazy\" decoding=\"async\" width=\"486\" height=\"358\" src=\"https:\/\/www.espigul.com\/wp-content\/uploads\/2026\/09\/vender-05.jpg\" alt=\"\" class=\"wp-image-477781\" srcset=\"https:\/\/www.espigul.com\/wp-content\/uploads\/2026\/09\/vender-05.jpg 486w, https:\/\/www.espigul.com\/wp-content\/uploads\/2026\/09\/vender-05-400x295.jpg 400w\" sizes=\"auto, (max-width: 486px) 100vw, 486px\" \/><\/figure>\n\n\n\n<p class=\"has-text-align-center wp-block-paragraph\">Den Wert \u00fcber die Immobilie <br\/>hinaus vermitteln<\/p>\n<\/div>\n<\/div><\/div>\n\n<div class=\"wp-block-uagb-container uagb-block-6b4e19e1 alignfull uagb-is-root-container\"><div class=\"uagb-container-inner-blocks-wrap\">\n<div class=\"wp-block-uagb-container uagb-block-01c71d9e\">\n<h2 class=\"wp-block-heading has-3-x-large-font-size\">Ein Marketingteam, das sich der Maximierung des Wertes Ihrer Immobilie widmet<\/h2>\n<\/div>\n\n\n\n<div class=\"wp-block-uagb-container uagb-block-b5fcbd91\"><\/div>\n<\/div><\/div>\n\n<div class=\"wp-block-uagb-container uagb-layout-grid uagb-block-9c0a354d alignfull uagb-is-root-container\"><div class=\"uagb-container-inner-blocks-wrap\">\n<div class=\"wp-block-uagb-container uagb-block-bb5f0743\">\n<figure class=\"wp-block-image size-full\"><img loading=\"lazy\" decoding=\"async\" width=\"815\" height=\"604\" src=\"https:\/\/www.espigul.com\/wp-content\/uploads\/2026\/09\/vender-06.jpg\" alt=\"\" class=\"wp-image-477782\" srcset=\"https:\/\/www.espigul.com\/wp-content\/uploads\/2026\/09\/vender-06.jpg 815w, https:\/\/www.espigul.com\/wp-content\/uploads\/2026\/09\/vender-06-400x296.jpg 400w, https:\/\/www.espigul.com\/wp-content\/uploads\/2026\/09\/vender-06-768x569.jpg 768w\" sizes=\"auto, (max-width: 815px) 100vw, 815px\" \/><\/figure>\n<\/div>\n\n\n\n<div class=\"wp-block-uagb-container uagb-block-f8310860\">\n<p class=\"has-small-font-size wp-block-paragraph\">ESP\u00cdGUL REAL ESTATE GROUP<\/p>\n\n\n\n<p class=\"has-seasons-font-family wp-block-paragraph\">Bei Esp\u00edgul Real Estate beschr\u00e4nken wir uns nicht darauf, Immobilien auf Immobilienportalen zu ver\u00f6ffentlichen. Wir verf\u00fcgen \u00fcber ein spezialisiertes Marketingteam, das ma\u00dfgeschneiderte Strategien f\u00fcr jede Immobilie entwickelt, um sie beim richtigen K\u00e4ufer zu positionieren und ihren Wert auf dem Markt zu maximieren. Wir analysieren jede Immobilie strategisch und entwerfen einen spezifischen Marketingplan, der Kreativit\u00e4t, Technologie und Daten kombiniert, um die bestm\u00f6gliche Sichtbarkeit zu erzielen.  <\/p>\n\n\n\n<p class=\"has-seasons-font-family wp-block-paragraph\">Wir nutzen fortschrittliche Tools und k\u00fcnstliche Intelligenz, um die Vermarktung jedes Objekts zu optimieren. Dank Automatisierung und Datenanalyse k\u00f6nnen wir potenzielle K\u00e4uferprofile identifizieren, die Verbreitung von Anzeigen optimieren und Kampagnen in Echtzeit anpassen, um diejenigen zu erreichen, die wirklich eine Immobilie wie Ihre suchen. Dies erm\u00f6glicht es uns, Verkaufsprozesse zu beschleunigen, reale Chancen zu priorisieren und datenbasierte Entscheidungen zu treffen, wodurch die Wirkung jeder Marketingaktion maximiert wird.  <\/p>\n<\/div>\n\n\n\n<div class=\"wp-block-uagb-container uagb-block-9698a9da\">\n<figure class=\"wp-block-image alignright size-full is-resized\"><img loading=\"lazy\" decoding=\"async\" width=\"659\" height=\"751\" src=\"https:\/\/www.espigul.com\/wp-content\/uploads\/2026\/09\/vender-07.jpg\" alt=\"\" class=\"wp-image-477783\" style=\"width:321px\" srcset=\"https:\/\/www.espigul.com\/wp-content\/uploads\/2026\/09\/vender-07.jpg 659w, https:\/\/www.espigul.com\/wp-content\/uploads\/2026\/09\/vender-07-263x300.jpg 263w\" sizes=\"auto, (max-width: 659px) 100vw, 659px\" \/><\/figure>\n<\/div>\n<\/div><\/div>\n\n<div class=\"wp-block-uagb-container uagb-layout-grid uagb-block-b4775ceb alignfull uagb-is-root-container\"><div class=\"uagb-container-inner-blocks-wrap\">\n<div class=\"wp-block-uagb-container uagb-block-7f1e8019\">\n<figure class=\"wp-block-image size-full\"><img loading=\"lazy\" decoding=\"async\" width=\"321\" height=\"399\" src=\"https:\/\/www.espigul.com\/wp-content\/uploads\/2026\/09\/vender-08.jpg\" alt=\"\" class=\"wp-image-477784\" srcset=\"https:\/\/www.espigul.com\/wp-content\/uploads\/2026\/09\/vender-08.jpg 321w, https:\/\/www.espigul.com\/wp-content\/uploads\/2026\/09\/vender-08-241x300.jpg 241w\" sizes=\"auto, (max-width: 321px) 100vw, 321px\" \/><\/figure>\n<\/div>\n\n\n\n<div class=\"wp-block-uagb-container uagb-block-886294ae\"><\/div>\n\n\n\n<div class=\"wp-block-uagb-container uagb-block-6e4fa4da\"><\/div>\n\n\n\n<div class=\"wp-block-uagb-container uagb-block-9c855cfd\"><\/div>\n<\/div><\/div>\n\n<div class=\"wp-block-uagb-container uagb-block-c2c219bd alignfull uagb-is-root-container\"><div class=\"uagb-container-inner-blocks-wrap\">\n<div class=\"wp-block-uagb-container uagb-block-c55d4507\">\n<p class=\"has-text-align-center has-small-font-size wp-block-paragraph\" style=\"text-transform:uppercase\">Reportagen<\/p>\n\n\n\n<h2 class=\"wp-block-heading has-text-align-center\">Pioniere in technologischer Innovation, mit einem hochspezialisierten eigenen Fototeam, das Qualit\u00e4t, Kreativit\u00e4t und Kontrolle bei jedem Projekt garantiert.<\/h2>\n<\/div>\n\n\n<div class=\"publicacions publicacions-masonry\">\n    <div class=\"publicacions-masonry__item publicacions-masonry__item--1\">\n    <div class=\"js-player\">\n        <iframe loading=\"lazy\" title=\"Vivienda en el coraz\u00f3n del Quadrat d&amp;apos;Or de la Dreta de l&amp;apos;Eixample\" width=\"563\" height=\"1000\" src=\"https:\/\/www.youtube.com\/embed\/n5v4o5hNlzY?feature=oembed\" frameborder=\"0\" allow=\"accelerometer; autoplay; clipboard-write; encrypted-media; gyroscope; picture-in-picture; web-share\" referrerpolicy=\"strict-origin-when-cross-origin\" allowfullscreen><\/iframe>    <\/div>\n<\/div>\n<div class=\"publicacions-masonry__item publicacions-masonry__item--2\">\n    <div class=\"js-player\">\n        <iframe loading=\"lazy\" title=\"En Sant Andreu de Llavaneres, el conjunto residencial m\u00e1s exclusivo de la costa.\" width=\"563\" height=\"1000\" src=\"https:\/\/www.youtube.com\/embed\/Ui5bNMCm8tA?feature=oembed\" frameborder=\"0\" allow=\"accelerometer; autoplay; clipboard-write; encrypted-media; gyroscope; picture-in-picture; web-share\" referrerpolicy=\"strict-origin-when-cross-origin\" allowfullscreen><\/iframe>    <\/div>\n<\/div>\n<div class=\"publicacions-masonry__item publicacions-masonry__item--3\">\n    <div class=\"js-player\">\n        <iframe loading=\"lazy\" title=\"Vivienda en planta alta en la Antiga Esquerra de l&amp;apos;Eixample\" width=\"563\" height=\"1000\" src=\"https:\/\/www.youtube.com\/embed\/nIkOpBfCjgg?feature=oembed\" frameborder=\"0\" allow=\"accelerometer; autoplay; clipboard-write; encrypted-media; gyroscope; picture-in-picture; web-share\" referrerpolicy=\"strict-origin-when-cross-origin\" allowfullscreen><\/iframe>    <\/div>\n<\/div>\n<div class=\"publicacions-masonry__item publicacions-masonry__item--4\">\n    <div class=\"js-player\">\n        <iframe loading=\"lazy\" title=\"Habitatge a Tei\u00e0 per a qui busca privacitat, amplitud i una manera de viure connectada amb l&amp;apos;entorn\" width=\"563\" height=\"1000\" src=\"https:\/\/www.youtube.com\/embed\/dWaJZwWwM1o?feature=oembed\" frameborder=\"0\" allow=\"accelerometer; autoplay; clipboard-write; encrypted-media; gyroscope; picture-in-picture; web-share\" referrerpolicy=\"strict-origin-when-cross-origin\" allowfullscreen><\/iframe>    <\/div>\n<\/div>\n<div class=\"publicacions-masonry__item publicacions-masonry__item--5\">\n    <div class=\"js-player\">\n        <iframe loading=\"lazy\" title=\"Piso de obra nueva con vistas al mar y a la monta\u00f1a, en Sant Andreu de Llavaneres.\" width=\"563\" height=\"1000\" src=\"https:\/\/www.youtube.com\/embed\/popwivVj7Qs?feature=oembed\" frameborder=\"0\" allow=\"accelerometer; autoplay; clipboard-write; encrypted-media; gyroscope; picture-in-picture; web-share\" referrerpolicy=\"strict-origin-when-cross-origin\" allowfullscreen><\/iframe>    <\/div>\n<\/div>\n<div class=\"publicacions-masonry__item publicacions-masonry__item--6\">\n    <div class=\"js-player\">\n        <iframe loading=\"lazy\" title=\"Una de les cases m\u00e9s emblem\u00e0tiques de Sant Cugat\" width=\"563\" height=\"1000\" src=\"https:\/\/www.youtube.com\/embed\/b6DCusNRWPE?feature=oembed\" frameborder=\"0\" allow=\"accelerometer; autoplay; clipboard-write; encrypted-media; gyroscope; picture-in-picture; web-share\" referrerpolicy=\"strict-origin-when-cross-origin\" allowfullscreen><\/iframe>    <\/div>\n<\/div>\n<div class=\"publicacions-masonry__item publicacions-masonry__item--7\">\n    <div class=\"js-player\">\n        <iframe loading=\"lazy\" title=\"\u00c1tico excepcional de 256 m\u00b2, completamente reformado, en Passeig de Gr\u00e0cia\" width=\"563\" height=\"1000\" src=\"https:\/\/www.youtube.com\/embed\/B6y0Oo4KXe0?feature=oembed\" frameborder=\"0\" allow=\"accelerometer; autoplay; clipboard-write; encrypted-media; gyroscope; picture-in-picture; web-share\" referrerpolicy=\"strict-origin-when-cross-origin\" allowfullscreen><\/iframe>    <\/div>\n<\/div>\n<\/div>\n\n<script>\n    document.addEventListener('DOMContentLoaded', () => {\n        if (typeof Swiper !== 'undefined') {\n            document.querySelectorAll('.publicacions-slider.swiper').forEach((el) => {\n                new Swiper(el, {\n                    slidesPerView: 1.25,\n                    spaceBetween: 16,\n                    grabCursor: true,\n                    freeMode: {\n                        enabled: true,\n                    },\n                    allowTouchMove: true,\n                    simulateTouch: true,\n                    mousewheel: false,\n                    breakpoints: {\n                        768: {\n                            slidesPerView: 2\n                        },\n                        1024: {\n                            slidesPerView: 3\n                        }\n                    }\n                });\n            });\n        }\n\n        if (typeof Plyr !== 'undefined') {\n            Plyr.setup('.js-player', {\n                controls: ['play'],\n                youtube: {\n                    controls: 0,\n                    modestbranding: 1,\n                    rel: 0,\n                    showinfo: 0,\n                    iv_load_policy: 3,\n                }\n            });\n        }\n\n        document.querySelectorAll('.plyr__video-wrapper').forEach((wrapper) => {\n            wrapper.addEventListener('click', (e) => {\n                e.stopPropagation();\n                e.preventDefault();\n            });\n        });\n    });\n<\/script>\n<\/div><\/div>\n\n<div class=\"wp-block-uagb-container uagb-block-4c2b176e alignfull uagb-is-root-container\"><div class=\"uagb-container-inner-blocks-wrap\">\n<div class=\"wp-block-uagb-container uagb-block-2f6a57fe\"><\/div>\n\n\n\n<div class=\"wp-block-uagb-container uagb-block-25159ba8\">\n<div class=\"wp-block-uagb-container uagb-block-13e01428\">\n<h2 class=\"wp-block-heading has-4-x-large-font-size\">Bei Esp\u00edgul achten wir auf jedes Detail, um nicht nur zu vermitteln, wie eine Immobilie ist, sondern wie sie sich anf\u00fchlt.<\/h2>\n<\/div>\n\n\n\n<div class=\"wp-block-uagb-container uagb-layout-grid uagb-block-0cbbe019\">\n<div class=\"wp-block-uagb-container uagb-block-a0b021af\">\n<p class=\"has-seasons-font-family wp-block-paragraph\">Um die Sichtbarkeit aller Immobilien zu verbessern, sie attraktiver zu gestalten und qualifizierte K\u00e4ufer besser anzusprechen, verf\u00fcgen wir \u00fcber ein internes audiovisuelles Team, das auf Immobilienfotografie und -video spezialisiert ist. Wir kombinieren professionelle Fotografie, Video und fortschrittliche Bildbearbeitung, um hochwertige Reportagen zu erstellen. <\/p>\n\n\n\n<p class=\"has-seasons-font-family wp-block-paragraph\">Wir integrieren Technologie und k\u00fcnstliche Intelligenz in unsere Prozesse, um die Pr\u00e4sentation jeder Immobilie zu optimieren und ihre Wirkung auf Immobilienportalen zu erh\u00f6hen. Wir integrieren Technologie und k\u00fcnstliche Intelligenz in unsere Prozesse, um die Pr\u00e4sentation jeder Immobilie zu optimieren und ihre Wirkung auf Immobilienportalen zu erh\u00f6hen. <\/p>\n<\/div>\n\n\n\n<div class=\"wp-block-uagb-container uagb-block-c229a494\">\n<p class=\"has-seasons-font-family wp-block-paragraph\">Durch sorgf\u00e4ltige und segmentierte Kommunikation machen wir die Neuheiten unserer Website, einschlie\u00dflich Ihrer Immobilie, sichtbar, mittels Stories, Videos und Beitr\u00e4gen auf dem Unternehmensprofil sowie auf unseren Satellitenkonten, die nach Immobiliengebiet und Esp\u00edgul-B\u00fcro (Girona, integriert in das Hauptkonto, Costa Brava, Barcelona, Pyren\u00e4en und Madrid) differenziert sind, wodurch ihre Reichweite und Positionierung auf dem High-End-Immobilienmarkt maximiert wird.<\/p>\n\n\n\n<p class=\"has-seasons-font-family wp-block-paragraph\">Unsere monatlichen Besuche erreichen durchschnittlich 289,3 Tausend Aufrufe, eine Reichweite, die unsere digitale Sichtbarkeit festigt und die Vermarktung jeder Immobilie st\u00e4rkt, wodurch eine optimale Pr\u00e4senz vor einem sorgf\u00e4ltig ausgew\u00e4hlten Publikum gew\u00e4hrleistet wird.<\/p>\n<\/div>\n<\/div>\n<\/div>\n<\/div><\/div>\n","protected":false},"excerpt":{"rendered":"<p>Esp\u00edgul Real Estate Group Wir verkaufen Ihre Immobilie mit einer durchdachten Strategie von Anfang bis Ende Bei Esp\u00edgul begleiten wir Sie w\u00e4hrend des gesamten Verkaufsprozesses mit einer durchdachten Strategie, effektiver Vermarktung und pers\u00f6nlicher, professioneller Beratung. Marketing Durch Marketing schaffen wir eine Verbindung zu jenen Menschen, die einzigartige R\u00e4ume suchen, um au\u00dfergew\u00f6hnliche Momente zu erleben. Den&#8230;<\/p>\n","protected":false},"author":2,"featured_media":0,"parent":0,"menu_order":0,"comment_status":"closed","ping_status":"closed","template":"","meta":{"_acf_changed":false,"_uag_custom_page_level_css":"","footnotes":""},"class_list":["post-479635","page","type-page","status-publish","hentry"],"acf":[],"yoast_head":"<!-- This site is optimized with the Yoast SEO plugin v28.4 - https:\/\/yoast.com\/product\/yoast-seo-wordpress\/ -->\n<title>Verkaufen - Esp\u00edgul<\/title>\n<meta name=\"robots\" content=\"index, follow, max-snippet:-1, max-image-preview:large, max-video-preview:-1\" \/>\n<link rel=\"canonical\" href=\"https:\/\/www.espigul.com\/de\/verkaufen-2\/\" \/>\n<meta property=\"og:locale\" content=\"de_DE\" \/>\n<meta property=\"og:type\" content=\"article\" \/>\n<meta property=\"og:title\" content=\"Verkaufen - Esp\u00edgul\" \/>\n<meta property=\"og:description\" content=\"Esp\u00edgul Real Estate Group Wir verkaufen Ihre Immobilie mit einer durchdachten Strategie von Anfang bis Ende Bei Esp\u00edgul begleiten wir Sie w\u00e4hrend des gesamten Verkaufsprozesses mit einer durchdachten Strategie, effektiver Vermarktung und pers\u00f6nlicher, professioneller Beratung. Marketing Durch Marketing schaffen wir eine Verbindung zu jenen Menschen, die einzigartige R\u00e4ume suchen, um au\u00dfergew\u00f6hnliche Momente zu erleben. Den...\" \/>\n<meta property=\"og:url\" content=\"https:\/\/www.espigul.com\/de\/verkaufen-2\/\" \/>\n<meta property=\"og:site_name\" content=\"Esp\u00edgul\" \/>\n<meta property=\"article:modified_time\" content=\"2026-09-03T11:53:03+00:00\" \/>\n<meta property=\"og:image\" content=\"https:\/\/staging.espigul.com\/wp-content\/uploads\/2026\/08\/vender-1.jpg\" \/>\n<meta name=\"twitter:card\" content=\"summary_large_image\" \/>\n<meta name=\"twitter:label1\" content=\"Gesch\u00e4tzte Lesezeit\" \/>\n\t<meta name=\"twitter:data1\" content=\"2\u00a0Minuten\" \/>\n<script type=\"application\/ld+json\" class=\"yoast-schema-graph\">{\"@context\":\"https:\\\/\\\/schema.org\",\"@graph\":[{\"@type\":\"WebPage\",\"@id\":\"https:\\\/\\\/www.espigul.com\\\/de\\\/verkaufen-2\\\/\",\"url\":\"https:\\\/\\\/www.espigul.com\\\/de\\\/verkaufen-2\\\/\",\"name\":\"Verkaufen - Esp\u00edgul\",\"isPartOf\":{\"@id\":\"https:\\\/\\\/www.espigul.com\\\/de\\\/#website\"},\"primaryImageOfPage\":{\"@id\":\"https:\\\/\\\/www.espigul.com\\\/de\\\/verkaufen-2\\\/#primaryimage\"},\"image\":{\"@id\":\"https:\\\/\\\/www.espigul.com\\\/de\\\/verkaufen-2\\\/#primaryimage\"},\"thumbnailUrl\":\"https:\\\/\\\/staging.espigul.com\\\/wp-content\\\/uploads\\\/2026\\\/08\\\/vender-1.jpg\",\"datePublished\":\"2026-09-03T08:56:56+00:00\",\"dateModified\":\"2026-09-03T11:53:03+00:00\",\"breadcrumb\":{\"@id\":\"https:\\\/\\\/www.espigul.com\\\/de\\\/verkaufen-2\\\/#breadcrumb\"},\"inLanguage\":\"de\",\"potentialAction\":[{\"@type\":\"ReadAction\",\"target\":[\"https:\\\/\\\/www.espigul.com\\\/de\\\/verkaufen-2\\\/\"]}]},{\"@type\":\"ImageObject\",\"inLanguage\":\"de\",\"@id\":\"https:\\\/\\\/www.espigul.com\\\/de\\\/verkaufen-2\\\/#primaryimage\",\"url\":\"https:\\\/\\\/staging.espigul.com\\\/wp-content\\\/uploads\\\/2026\\\/08\\\/vender-1.jpg\",\"contentUrl\":\"https:\\\/\\\/staging.espigul.com\\\/wp-content\\\/uploads\\\/2026\\\/08\\\/vender-1.jpg\"},{\"@type\":\"BreadcrumbList\",\"@id\":\"https:\\\/\\\/www.espigul.com\\\/de\\\/verkaufen-2\\\/#breadcrumb\",\"itemListElement\":[{\"@type\":\"ListItem\",\"position\":1,\"name\":\"Inici\",\"item\":\"https:\\\/\\\/www.espigul.com\\\/de\\\/startseite-2\\\/\"},{\"@type\":\"ListItem\",\"position\":2,\"name\":\"Verkaufen\"}]},{\"@type\":\"WebSite\",\"@id\":\"https:\\\/\\\/www.espigul.com\\\/de\\\/#website\",\"url\":\"https:\\\/\\\/www.espigul.com\\\/de\\\/\",\"name\":\"Esp\u00edgul\",\"description\":\"La immobili\u00e0ria l\u00edder de Girona\",\"publisher\":{\"@id\":\"https:\\\/\\\/www.espigul.com\\\/de\\\/#organization\"},\"potentialAction\":[{\"@type\":\"SearchAction\",\"target\":{\"@type\":\"EntryPoint\",\"urlTemplate\":\"https:\\\/\\\/www.espigul.com\\\/de\\\/?s={search_term_string}\"},\"query-input\":{\"@type\":\"PropertyValueSpecification\",\"valueRequired\":true,\"valueName\":\"search_term_string\"}}],\"inLanguage\":\"de\"},{\"@type\":\"Organization\",\"@id\":\"https:\\\/\\\/www.espigul.com\\\/de\\\/#organization\",\"name\":\"Esp\u00edgul\",\"url\":\"https:\\\/\\\/www.espigul.com\\\/de\\\/\",\"logo\":{\"@type\":\"ImageObject\",\"inLanguage\":\"de\",\"@id\":\"https:\\\/\\\/www.espigul.com\\\/de\\\/#\\\/schema\\\/logo\\\/image\\\/\",\"url\":\"https:\\\/\\\/www.espigul.com\\\/wp-content\\\/uploads\\\/2023\\\/08\\\/espigul-block.png\",\"contentUrl\":\"https:\\\/\\\/www.espigul.com\\\/wp-content\\\/uploads\\\/2023\\\/08\\\/espigul-block.png\",\"width\":384,\"height\":240,\"caption\":\"Esp\u00edgul\"},\"image\":{\"@id\":\"https:\\\/\\\/www.espigul.com\\\/de\\\/#\\\/schema\\\/logo\\\/image\\\/\"},\"sameAs\":[\"https:\\\/\\\/www.instagram.com\\\/immoespigul\\\/\",\"https:\\\/\\\/www.youtube.com\\\/channel\\\/UCYyD-WWfbCFpCXau4SQOGKQ\"]}]}<\/script>\n<!-- \/ Yoast SEO plugin. -->","yoast_head_json":{"title":"Verkaufen - Esp\u00edgul","robots":{"index":"index","follow":"follow","max-snippet":"max-snippet:-1","max-image-preview":"max-image-preview:large","max-video-preview":"max-video-preview:-1"},"canonical":"https:\/\/www.espigul.com\/de\/verkaufen-2\/","og_locale":"de_DE","og_type":"article","og_title":"Verkaufen - Esp\u00edgul","og_description":"Esp\u00edgul Real Estate Group Wir verkaufen Ihre Immobilie mit einer durchdachten Strategie von Anfang bis Ende Bei Esp\u00edgul begleiten wir Sie w\u00e4hrend des gesamten Verkaufsprozesses mit einer durchdachten Strategie, effektiver Vermarktung und pers\u00f6nlicher, professioneller Beratung. Marketing Durch Marketing schaffen wir eine Verbindung zu jenen Menschen, die einzigartige R\u00e4ume suchen, um au\u00dfergew\u00f6hnliche Momente zu erleben. Den...","og_url":"https:\/\/www.espigul.com\/de\/verkaufen-2\/","og_site_name":"Esp\u00edgul","article_modified_time":"2026-09-03T11:53:03+00:00","og_image":[{"url":"https:\/\/staging.espigul.com\/wp-content\/uploads\/2026\/08\/vender-1.jpg","type":"","width":"","height":""}],"twitter_card":"summary_large_image","twitter_misc":{"Gesch\u00e4tzte Lesezeit":"2\u00a0Minuten"},"schema":{"@context":"https:\/\/schema.org","@graph":[{"@type":"WebPage","@id":"https:\/\/www.espigul.com\/de\/verkaufen-2\/","url":"https:\/\/www.espigul.com\/de\/verkaufen-2\/","name":"Verkaufen - Esp\u00edgul","isPartOf":{"@id":"https:\/\/www.espigul.com\/de\/#website"},"primaryImageOfPage":{"@id":"https:\/\/www.espigul.com\/de\/verkaufen-2\/#primaryimage"},"image":{"@id":"https:\/\/www.espigul.com\/de\/verkaufen-2\/#primaryimage"},"thumbnailUrl":"https:\/\/staging.espigul.com\/wp-content\/uploads\/2026\/08\/vender-1.jpg","datePublished":"2026-09-03T08:56:56+00:00","dateModified":"2026-09-03T11:53:03+00:00","breadcrumb":{"@id":"https:\/\/www.espigul.com\/de\/verkaufen-2\/#breadcrumb"},"inLanguage":"de","potentialAction":[{"@type":"ReadAction","target":["https:\/\/www.espigul.com\/de\/verkaufen-2\/"]}]},{"@type":"ImageObject","inLanguage":"de","@id":"https:\/\/www.espigul.com\/de\/verkaufen-2\/#primaryimage","url":"https:\/\/staging.espigul.com\/wp-content\/uploads\/2026\/08\/vender-1.jpg","contentUrl":"https:\/\/staging.espigul.com\/wp-content\/uploads\/2026\/08\/vender-1.jpg"},{"@type":"BreadcrumbList","@id":"https:\/\/www.espigul.com\/de\/verkaufen-2\/#breadcrumb","itemListElement":[{"@type":"ListItem","position":1,"name":"Inici","item":"https:\/\/www.espigul.com\/de\/startseite-2\/"},{"@type":"ListItem","position":2,"name":"Verkaufen"}]},{"@type":"WebSite","@id":"https:\/\/www.espigul.com\/de\/#website","url":"https:\/\/www.espigul.com\/de\/","name":"Esp\u00edgul","description":"La immobili\u00e0ria l\u00edder de Girona","publisher":{"@id":"https:\/\/www.espigul.com\/de\/#organization"},"potentialAction":[{"@type":"SearchAction","target":{"@type":"EntryPoint","urlTemplate":"https:\/\/www.espigul.com\/de\/?s={search_term_string}"},"query-input":{"@type":"PropertyValueSpecification","valueRequired":true,"valueName":"search_term_string"}}],"inLanguage":"de"},{"@type":"Organization","@id":"https:\/\/www.espigul.com\/de\/#organization","name":"Esp\u00edgul","url":"https:\/\/www.espigul.com\/de\/","logo":{"@type":"ImageObject","inLanguage":"de","@id":"https:\/\/www.espigul.com\/de\/#\/schema\/logo\/image\/","url":"https:\/\/www.espigul.com\/wp-content\/uploads\/2023\/08\/espigul-block.png","contentUrl":"https:\/\/www.espigul.com\/wp-content\/uploads\/2023\/08\/espigul-block.png","width":384,"height":240,"caption":"Esp\u00edgul"},"image":{"@id":"https:\/\/www.espigul.com\/de\/#\/schema\/logo\/image\/"},"sameAs":["https:\/\/www.instagram.com\/immoespigul\/","https:\/\/www.youtube.com\/channel\/UCYyD-WWfbCFpCXau4SQOGKQ"]}]}},"uagb_featured_image_src":{"full":false,"thumbnail":false,"medium":false,"medium_large":false,"large":false,"1536x1536":false,"2048x2048":false,"gform-image-choice-sm":false,"gform-image-choice-md":false,"gform-image-choice-lg":false},"uagb_author_info":{"display_name":"Anna Ramon","author_link":"https:\/\/www.espigul.com\/de\/author\/anna-ramon\/"},"uagb_comment_info":0,"uagb_excerpt":"Esp\u00edgul Real Estate Group Wir verkaufen Ihre Immobilie mit einer durchdachten Strategie von Anfang bis Ende Bei Esp\u00edgul begleiten wir Sie w\u00e4hrend des gesamten Verkaufsprozesses mit einer durchdachten Strategie, effektiver Vermarktung und pers\u00f6nlicher, professioneller Beratung. Marketing Durch Marketing schaffen wir eine Verbindung zu jenen Menschen, die einzigartige R\u00e4ume suchen, um au\u00dfergew\u00f6hnliche Momente zu erleben. Den...","_links":{"self":[{"href":"https:\/\/www.espigul.com\/de\/wp-json\/wp\/v2\/pages\/479635","targetHints":{"allow":["GET"]}}],"collection":[{"href":"https:\/\/www.espigul.com\/de\/wp-json\/wp\/v2\/pages"}],"about":[{"href":"https:\/\/www.espigul.com\/de\/wp-json\/wp\/v2\/types\/page"}],"author":[{"embeddable":true,"href":"https:\/\/www.espigul.com\/de\/wp-json\/wp\/v2\/users\/2"}],"replies":[{"embeddable":true,"href":"https:\/\/www.espigul.com\/de\/wp-json\/wp\/v2\/comments?post=479635"}],"version-history":[{"count":2,"href":"https:\/\/www.espigul.com\/de\/wp-json\/wp\/v2\/pages\/479635\/revisions"}],"predecessor-version":[{"id":479646,"href":"https:\/\/www.espigul.com\/de\/wp-json\/wp\/v2\/pages\/479635\/revisions\/479646"}],"wp:attachment":[{"href":"https:\/\/www.espigul.com\/de\/wp-json\/wp\/v2\/media?parent=479635"}],"curies":[{"name":"wp","href":"https:\/\/api.w.org\/{rel}","templated":true}]}}