{"id":479325,"date":"2023-06-05T18:37:00","date_gmt":"2023-06-05T16:37:00","guid":{"rendered":"https:\/\/www.espigul.com\/startseite-2\/"},"modified":"2026-09-03T13:44:32","modified_gmt":"2026-09-03T11:44:32","slug":"startseite-2","status":"publish","type":"page","link":"https:\/\/www.espigul.com\/de\/","title":{"rendered":"Startseite"},"content":{"rendered":"\n<div id=\"page-header-slider\" class=\"wp-block-uagb-container uagb-block-848ab1fc alignfull uagb-is-root-container\"><div class=\"uagb-container-inner-blocks-wrap\">\n<div class=\"wp-block-uagb-container uagb-block-a6bdbd1d\">\n<div class=\"wp-block-group is-layout-constrained wp-block-group-is-layout-constrained\" style=\"padding-bottom:var(--wp--preset--spacing--80)\">\n<div data-auria-omni=\"\" data-client-id=\"cmlpbkfrn0001jhcgmw6up6o8\" data-widget-key=\"wk_XfI2dqSvMOAxmf5m7GyE3QWl-qujbnoV9vsGLYOLmn0\" data-skin=\"lavanda\" data-api-url=\"https:\/\/app.auria.systems\"><\/div>\n<script nowprocket=\"\" data-no-optimize=\"1\" data-noptimize=\"1\" data-no-minify=\"1\" src=\"https:\/\/app.auria.systems\/omni-embed.js?v=1.7.32\" async=\"\"><\/script>\n<\/div>\n<\/div>\n\n\n\n<p class=\"has-text-align-center has-white-color has-text-color has-link-color has-seasons-font-family has-small-font-size wp-elements-1 wp-block-paragraph\">GEGR. 1989<\/p>\n<\/div><\/div>\n\n<div class=\"wp-block-uagb-container uagb-block-74774e6a alignfull uagb-is-root-container\"><div class=\"uagb-container-inner-blocks-wrap\">\n<div class=\"wp-block-uagb-container uagb-block-bf4836d5\">\n<h2 class=\"wp-block-heading has-text-align-center\" style=\"margin-bottom:0\">Wir haben Ihr zuk\u00fcnftiges Zuhause<\/h2>\n\n\n\n<p class=\"has-text-align-center has-seasons-font-family has-large-font-size wp-block-paragraph\">In unseren Niederlassungen finden Sie ein Team professioneller Berater, die Ihnen gerne dabei helfen, ein neues Zuhause zu finden<\/p>\n<\/div>\n<\/div><\/div>\n\n<div data-aos= \"fade-up\" data-aos-duration=\"400\" data-aos-delay=\"0\" data-aos-easing=\"ease\" data-aos-once=\"true\" class=\"wp-block-uagb-container uagb-layout-flex uagb-block-7eaefa3e alignfull uagb-is-root-container\"><div class=\"uagb-container-inner-blocks-wrap\"><div class=\"wp-block-utrans-featured-zones\">\n\t<div class=\"wp-block-utrans-featured-zones__item\">\n\t\t<a href=\"https:\/\/staging.espigul.com\/propiedades\/?zone=barcelona\" target=\"\" class=\"wp-block-utrans-featured-zones__item__link\">\n\t\t\t\t\t\t\t<img decoding=\"async\" src=\"https:\/\/www.espigul.com\/wp-content\/uploads\/2026\/09\/casa-barcelona.jpg\" alt=\"Barcelona\" class=\"wp-block-utrans-featured-zones__item__image\" \/>\n\t\t\t\t\t\t<div class=\"wp-block-utrans-featured-zones__item__content\">\n\t\t\t\t<h3 class=\"wp-block-utrans-featured-zones__item__title\">Barcelona<\/h3>\n\t\t\t\t\t\t\t\t\t<p class=\"wp-block-utrans-featured-zones__item__description\">41.38879\u00ba N, 2.15899\u00ba E<\/p>\n\t\t\t\t\t\t\t<\/div>\n\t\t<\/a>\n\t<\/div>\n\t\t<div class=\"wp-block-utrans-featured-zones__item\">\n\t\t<a href=\"https:\/\/www.espigul.com\/de\/verkauf\/?zone=madrid\" target=\"\" class=\"wp-block-utrans-featured-zones__item__link\">\n\t\t\t\t\t\t\t<img decoding=\"async\" src=\"https:\/\/www.espigul.com\/wp-content\/uploads\/2026\/09\/casa-madrid.jpg\" alt=\"Madrid\" class=\"wp-block-utrans-featured-zones__item__image\" \/>\n\t\t\t\t\t\t<div class=\"wp-block-utrans-featured-zones__item__content\">\n\t\t\t\t<h3 class=\"wp-block-utrans-featured-zones__item__title\">Madrid<\/h3>\n\t\t\t\t\t\t\t\t\t<p class=\"wp-block-utrans-featured-zones__item__description\">40.416775\u00ba N, -3.703790\u00ba W<\/p>\n\t\t\t\t\t\t\t<\/div>\n\t\t<\/a>\n\t<\/div>\n\t\t<div class=\"wp-block-utrans-featured-zones__item\">\n\t\t<a href=\"https:\/\/www.espigul.com\/de\/verkauf\/?zone=girona\" target=\"\" class=\"wp-block-utrans-featured-zones__item__link\">\n\t\t\t\t\t\t\t<img decoding=\"async\" src=\"https:\/\/www.espigul.com\/wp-content\/uploads\/2026\/09\/casa-girona.jpg\" alt=\"Girona\" class=\"wp-block-utrans-featured-zones__item__image\" \/>\n\t\t\t\t\t\t<div class=\"wp-block-utrans-featured-zones__item__content\">\n\t\t\t\t<h3 class=\"wp-block-utrans-featured-zones__item__title\">Girona<\/h3>\n\t\t\t\t\t\t\t\t\t<p class=\"wp-block-utrans-featured-zones__item__description\">40.416775\u00ba N, \u22123.703790\u00ba W<\/p>\n\t\t\t\t\t\t\t<\/div>\n\t\t<\/a>\n\t<\/div>\n\t\t<div class=\"wp-block-utrans-featured-zones__item\">\n\t\t<a href=\"https:\/\/www.espigul.com\/de\/verkauf\/?zone=costa-brava\" target=\"\" class=\"wp-block-utrans-featured-zones__item__link\">\n\t\t\t\t\t\t\t<img decoding=\"async\" src=\"https:\/\/www.espigul.com\/wp-content\/uploads\/2026\/09\/casa-costa-brava.jpg\" alt=\"Costa Brava\" class=\"wp-block-utrans-featured-zones__item__image\" \/>\n\t\t\t\t\t\t<div class=\"wp-block-utrans-featured-zones__item__content\">\n\t\t\t\t<h3 class=\"wp-block-utrans-featured-zones__item__title\">Costa Brava<\/h3>\n\t\t\t\t\t\t\t\t\t<p class=\"wp-block-utrans-featured-zones__item__description\">41.5167\u00ba N, 2.3000\u00ba W<\/p>\n\t\t\t\t\t\t\t<\/div>\n\t\t<\/a>\n\t<\/div>\n\t\t<div class=\"wp-block-utrans-featured-zones__item\">\n\t\t<a href=\"https:\/\/www.espigul.com\/de\/verkauf\/?zone=maresme\" target=\"\" class=\"wp-block-utrans-featured-zones__item__link\">\n\t\t\t\t\t\t\t<img decoding=\"async\" src=\"https:\/\/www.espigul.com\/wp-content\/uploads\/2026\/09\/casa-maresme.jpg\" alt=\"Maresme\" class=\"wp-block-utrans-featured-zones__item__image\" \/>\n\t\t\t\t\t\t<div class=\"wp-block-utrans-featured-zones__item__content\">\n\t\t\t\t<h3 class=\"wp-block-utrans-featured-zones__item__title\">Maresme<\/h3>\n\t\t\t\t\t\t\t\t\t<p class=\"wp-block-utrans-featured-zones__item__description\">42.0228\u00ba N, 3.2245\u00ba E<\/p>\n\t\t\t\t\t\t\t<\/div>\n\t\t<\/a>\n\t<\/div>\n\t\t<div class=\"wp-block-utrans-featured-zones__item\">\n\t\t<a href=\"https:\/\/www.espigul.com\/de\/verkauf\/?zone=sant-cugat\" target=\"\" class=\"wp-block-utrans-featured-zones__item__link\">\n\t\t\t\t\t\t\t<img decoding=\"async\" src=\"https:\/\/www.espigul.com\/wp-content\/uploads\/2026\/09\/casa-sant-cugat.jpg\" alt=\"Sant Cugat\" class=\"wp-block-utrans-featured-zones__item__image\" \/>\n\t\t\t\t\t\t<div class=\"wp-block-utrans-featured-zones__item__content\">\n\t\t\t\t<h3 class=\"wp-block-utrans-featured-zones__item__title\">Sant Cugat<\/h3>\n\t\t\t\t\t\t\t\t\t<p class=\"wp-block-utrans-featured-zones__item__description\">41.4706\u00ba N, 2.08611\u00ba E<\/p>\n\t\t\t\t\t\t\t<\/div>\n\t\t<\/a>\n\t<\/div>\n\t\t<div class=\"wp-block-utrans-featured-zones__item\">\n\t\t<a href=\"https:\/\/www.espigul.com\/de\/verkauf\/?zone=cerdanya\" target=\"\" class=\"wp-block-utrans-featured-zones__item__link\">\n\t\t\t\t\t\t\t<img decoding=\"async\" src=\"https:\/\/www.espigul.com\/wp-content\/uploads\/2026\/09\/casa-cerdanya.jpg\" alt=\"Cerdanya\" class=\"wp-block-utrans-featured-zones__item__image\" \/>\n\t\t\t\t\t\t<div class=\"wp-block-utrans-featured-zones__item__content\">\n\t\t\t\t<h3 class=\"wp-block-utrans-featured-zones__item__title\">Cerdanya<\/h3>\n\t\t\t\t\t\t\t\t\t<p class=\"wp-block-utrans-featured-zones__item__description\">40.416775\u00b0 N, \u22123.703790\u00b0 E<\/p>\n\t\t\t\t\t\t\t<\/div>\n\t\t<\/a>\n\t<\/div>\n\t\t<div class=\"wp-block-utrans-featured-zones__item\">\n\t\t<a href=\"https:\/\/www.espigul.com\/de\/verkauf\/?zone=andorra\" target=\"\" class=\"wp-block-utrans-featured-zones__item__link\">\n\t\t\t\t\t\t\t<img decoding=\"async\" src=\"https:\/\/www.espigul.com\/wp-content\/uploads\/2026\/09\/casa-andorra.jpg\" alt=\"Andorra\" class=\"wp-block-utrans-featured-zones__item__image\" \/>\n\t\t\t\t\t\t<div class=\"wp-block-utrans-featured-zones__item__content\">\n\t\t\t\t<h3 class=\"wp-block-utrans-featured-zones__item__title\">Andorra<\/h3>\n\t\t\t\t\t\t\t\t\t<p class=\"wp-block-utrans-featured-zones__item__description\">42.5758300\u00ba N, 1.6696\u00ba W<\/p>\n\t\t\t\t\t\t\t<\/div>\n\t\t<\/a>\n\t<\/div>\n\t<\/div><\/div><\/div>\n\n<div class=\"wp-block-uagb-container container-content-small uagb-layout-grid uagb-block-db56119a alignfull uagb-is-root-container\"><div class=\"uagb-container-inner-blocks-wrap\">\n<div class=\"wp-block-uagb-container uagb-block-59b6c547\">\n<p class=\"has-medium-font-size wp-block-paragraph\" style=\"text-transform:uppercase\">Warum Esp\u00edgul?<\/p>\n\n\n\n<div class=\"wp-block-group is-layout-constrained wp-block-group-is-layout-constrained\">\n<h2 class=\"wp-block-heading has-white-color has-text-color\">Finden Sie Ihr neues Zuhause mit Esp\u00edgul Real Estate Group<\/h2>\n\n\n\n<p class=\"has-white-color has-text-color wp-block-paragraph\">Bei Esp\u00edgul w\u00e4hlen wir sorgf\u00e4ltig ein umfangreiches Portfolio an Immobilien aus, um Ihnen Gelegenheiten zu bieten, die sich Ihren Bed\u00fcrfnissen und Ihrem Lebensprojekt anpassen. Ob eine Wohnung, ein Neubauhaus, ein Gesch\u00e4ftslokal oder ein Mietparkplatz \u2013 wir stellen Ihnen die ideale Option zur Verf\u00fcgung. <\/p>\n\n\n\n<p class=\"has-white-color has-text-color wp-block-paragraph\">Was Sie suchen, haben wir. Und sollte es nicht auf unserer Website sein, hilft Ihnen unser Beraterteam gerne dabei, die perfekte Immobilie f\u00fcr Sie zu finden. <\/p>\n<\/div>\n\n\n<div class=\"wp-block-espigul-button\">\n\t<a\n\t\thref=\"https:\/\/www.espigul.com\/es\/nosotros\/\"\n\t\tclass=\"wp-block-espigul-button__link\"\n\t\t\t>\n\t\t\t\t\t<span class=\"wp-block-espigul-button__text\">M\u00e1s sobre nosotros<\/span>\n\t\t\t\t\t\t\t<span class=\"wp-block-espigul-button__icon\">\n\t\t\t\t\t<svg viewBox=\"0 0 24 24\" class=\"icon icon--arrow-diagonal \" xmlns=http:\/\/www.w3.org\/2000\/svg role=\"img\" >\n\t\t<use xlink:href=\"https:\/\/www.espigul.com\/wp-content\/themes\/espigul\/static\/images\/icons.svg#arrow-diagonal\"><\/use>\n\t<\/svg>\n\t\t\t\t<\/span>\n\t\t\t<\/a>\n<\/div>\n<\/div>\n\n\n\n<div class=\"wp-block-uagb-container uag-hide-mob uagb-layout-grid uagb-block-1c66f152\">\n<figure class=\"wp-block-image size-full wp-block-image--caption-offset\"><img loading=\"lazy\" decoding=\"async\" width=\"561\" height=\"755\" src=\"https:\/\/www.espigul.com\/wp-content\/uploads\/2026\/09\/cadires.jpg\" alt=\"\" class=\"wp-image-477709\" srcset=\"https:\/\/www.espigul.com\/wp-content\/uploads\/2026\/09\/cadires.jpg 561w, https:\/\/www.espigul.com\/wp-content\/uploads\/2026\/09\/cadires-223x300.jpg 223w\" sizes=\"auto, (max-width: 561px) 100vw, 561px\" \/><figcaption class=\"wp-element-caption\">B\u00fcro Alella<\/figcaption><\/figure>\n\n\n\n<figure class=\"wp-block-image size-full\"><img loading=\"lazy\" decoding=\"async\" width=\"376\" height=\"251\" src=\"https:\/\/www.espigul.com\/wp-content\/uploads\/2026\/09\/equip-sant-cugat.jpg\" alt=\"\" class=\"wp-image-477711\"\/><figcaption class=\"wp-element-caption\">Team Sant Cugat<\/figcaption><\/figure>\n<\/div>\n<\/div><\/div>\n\n<div class=\"wp-block-uagb-container uagb-block-4468dd5b alignfull uagb-is-root-container\"><div class=\"uagb-container-inner-blocks-wrap\">\n<div class=\"wp-block-uagb-container uagb-block-31037d45\">\n<h2 class=\"wp-block-heading has-text-align-center\" style=\"margin-bottom:0\">Herausragende Immobilien zum Verkauf<\/h2>\n\n\n\n<p class=\"has-text-align-center has-seasons-font-family has-large-font-size wp-block-paragraph\">Entdecken Sie eine exklusive Auswahl an Immobilien, sorgf\u00e4ltig ausgew\u00e4hlt nach Lage, Design und Potenzial. Unser Team begleitet Sie bei jedem Schritt, um Ihnen zu helfen, das perfekte Zuhause zu finden. <\/p>\n<\/div>\n\n\n<div class=\"espigul-slider wp-block-espigul-espigul-slider\">\n\t<div id=\"carousel-2590785\" class=\"splide\">\n\t\t<div class=\"splide__arrows\">\n\t\t\t<button class=\"splide__arrow splide__arrow--prev\">\n\t\t\t\t\t<svg viewBox=\"0 0 24 24\" class=\"icon icon--carousel-arrow-right w-4 h-4\" xmlns=http:\/\/www.w3.org\/2000\/svg role=\"img\" >\n\t\t<use xlink:href=\"https:\/\/www.espigul.com\/wp-content\/themes\/espigul\/static\/images\/icons.svg#carousel-arrow-right\"><\/use>\n\t<\/svg>\n\t\t\t\t<\/button>\n\t\t\t<button class=\"splide__arrow splide__arrow--next\">\n\t\t\t\t\t<svg viewBox=\"0 0 24 24\" class=\"icon icon--carousel-arrow-right w-4 h-4\" xmlns=http:\/\/www.w3.org\/2000\/svg role=\"img\" >\n\t\t<use xlink:href=\"https:\/\/www.espigul.com\/wp-content\/themes\/espigul\/static\/images\/icons.svg#carousel-arrow-right\"><\/use>\n\t<\/svg>\n\t\t\t\t<\/button>\n\t\t<\/div>\n\t\t<div class=\"splide__track\">\n\t\t\t<ul class=\"splide__list\">\n\t\t\t\t\t\t\t\t<li class=\"splide__slide\">\n\t\t\t\t\t<div class=\"espigul-house__item cursor-pointer\" onClick=\"window.location.assign('https:\/\/www.espigul.com\/de\/immobles\/grosszuegiges-renovierungsbeduerftiges-haus-mit-6-zimmern-und-meerblick-in-vilassar-de-dalt\/');\">\n\t<div class=\"espigul-house__item__gallery espigul-house__item__photo\" x-data=\"{ active : 0, total: 3 }\">\n\t\t\t\t<ul class=\"espigul-house__item__gallery__items\">\n\t\t\t\t\t\t\t<li class=\"espigul-house__item__gallery__items__item\" x-bind:class=\"0 == active ? 'espigul-house__item__gallery__items__item--active': ''\">\n\t\t\t\t\t<img decoding=\"async\" src=\"https:\/\/www.espigul.com\/wp-content\/uploads\/2026\/09\/amplia-casa-a-reformar-de-6-habitaciones-con-vistas-al-mar-en-vilassar-de-dalt-28210683-1300x866.webp\" alt=\"Gro\u00dfz\u00fcgiges renovierungsbed\u00fcrftiges Haus mit 6 Zimmern und Meerblick in Vilassar de Dalt\" loading=\"lazy\" width=\"100%\" height=\"auto\">\n\t\t\t\t<\/li>\n\t\t\t\t\t\t\t<li class=\"espigul-house__item__gallery__items__item\" x-bind:class=\"1 == active ? 'espigul-house__item__gallery__items__item--active': ''\">\n\t\t\t\t\t<img decoding=\"async\" src=\"https:\/\/www.espigul.com\/wp-content\/uploads\/2026\/09\/amplia-casa-a-reformar-de-6-habitaciones-con-vistas-al-mar-en-vilassar-de-dalt-28209159-1300x866.webp\" alt=\"Gro\u00dfz\u00fcgiges renovierungsbed\u00fcrftiges Haus mit 6 Zimmern und Meerblick in Vilassar de Dalt\" loading=\"lazy\" width=\"100%\" height=\"auto\">\n\t\t\t\t<\/li>\n\t\t\t\t\t\t\t<li class=\"espigul-house__item__gallery__items__item\" x-bind:class=\"2 == active ? 'espigul-house__item__gallery__items__item--active': ''\">\n\t\t\t\t\t<img decoding=\"async\" src=\"https:\/\/www.espigul.com\/wp-content\/uploads\/2026\/09\/amplia-casa-a-reformar-de-6-habitaciones-con-vistas-al-mar-en-vilassar-de-dalt-28210684-1300x866.webp\" alt=\"Gro\u00dfz\u00fcgiges renovierungsbed\u00fcrftiges Haus mit 6 Zimmern und Meerblick in Vilassar de Dalt\" loading=\"lazy\" width=\"100%\" height=\"auto\">\n\t\t\t\t<\/li>\n\t\t\t\t\t<\/ul>\n\t\t<ul class=\"espigul-house__item__gallery__dots\">\n\t\t\t\t\t\t\t<li class=\"espigul-house__item__gallery__dots__item\" x-bind:class=\"0 == active ? 'espigul-house__item__gallery__dots__item--active': ''\">\n\t\t\t\t<\/li>\n\t\t\t\t\t\t\t<li class=\"espigul-house__item__gallery__dots__item\" x-bind:class=\"1 == active ? 'espigul-house__item__gallery__dots__item--active': ''\">\n\t\t\t\t<\/li>\n\t\t\t\t\t\t\t<li class=\"espigul-house__item__gallery__dots__item\" x-bind:class=\"2 == active ? 'espigul-house__item__gallery__dots__item--active': ''\">\n\t\t\t\t<\/li>\n\t\t\t\t\t<\/ul>\n\t\t<button class=\"espigul-house__item__gallery__arrow espigul-house__item__gallery__arrow--left\" aria-label=\"Previous photo\" @click.stop=\"active === 0 ? active = total - 1 : active--\">\n\t\t\t<svg xmlns=\"http:\/\/www.w3.org\/2000\/svg\" viewBox=\"0 0 40 40\" width=\"40\" height=\"40\" focusable=\"false\"><path d=\"m15.5 0.932-4.3 4.38 14.5 14.6-14.5 14.5 4.3 4.4 14.6-14.6 4.4-4.3-4.4-4.4-14.6-14.6z\"><\/path><\/svg>\n\t\t<\/button>\n\t\t<button class=\"espigul-house__item__gallery__arrow espigul-house__item__gallery__arrow--right\" aria-label=\"Next photo\" @click.stop=\"active === total - 1 ? active = 0 : active++\">\n\t\t\t<svg xmlns=\"http:\/\/www.w3.org\/2000\/svg\" viewBox=\"0 0 40 40\" width=\"40\" height=\"40\" focusable=\"false\"><path d=\"m15.5 0.932-4.3 4.38 14.5 14.6-14.5 14.5 4.3 4.4 14.6-14.6 4.4-4.3-4.4-4.4-14.6-14.6z\"><\/path><\/svg>\n\t\t<\/button>\n\t<\/div>\n\t<div class=\"espigul-house__item__body\">\n\t\t<div class=\"espigul-house__item__body__city\">Maresme | REF 6486<\/div>\n\t\t<h2 class=\"espigul-house__item__body__title flex-grow\">\n\t\t\t<a href=\"https:\/\/www.espigul.com\/de\/immobles\/grosszuegiges-renovierungsbeduerftiges-haus-mit-6-zimmern-und-meerblick-in-vilassar-de-dalt\/\" title=\"Gro\u00dfz\u00fcgiges renovierungsbed\u00fcrftiges Haus mit 6 Zimmern und Meerblick in Vilassar de Dalt\">Gro\u00dfz\u00fcgiges renovierungsbed\u00fcrftiges Haus mit 6 Zimmern und Meerblick in Vilassar de Dalt<\/a>\n\t\t<\/h2>\n\t\t<div class=\"espigul-house__item__body__price\">\n\t\t\t880.000\u00a0\u20ac\t\t<\/div>\n\t\t<div class=\"espigul-house__item__body__meta\">\n\t\t\t\t\t\t<div class=\"espigul-house__item__body__meta__item\">\n\t\t\t\t<span class=\"espigul-house__item__body__meta__item__label\">Fl\u00e4che<\/span>\n\t\t\t\t<span class=\"espigul-house__item__body__meta__item__value\">\n\t\t\t\t\t296 m<sup>2<\/sup>\t\t\t\t<\/span>\n\t\t\t<\/div>\n\t\t\t\t\t\t<div class=\"espigul-house__item__body__meta__item\">\n\t\t\t\t<span class=\"espigul-house__item__body__meta__item__label\">Schlafzimmer<\/span>\n\t\t\t\t<span class=\"espigul-house__item__body__meta__item__value\">\n\t\t\t\t\t06\t\t\t\t<\/span>\n\t\t\t<\/div>\n\t\t\t\t\t\t<div class=\"espigul-house__item__body__meta__item\">\n\t\t\t\t<span class=\"espigul-house__item__body__meta__item__label\">Badezimmer<\/span>\n\t\t\t\t<span class=\"espigul-house__item__body__meta__item__value\">\n\t\t\t\t\t03\t\t\t\t<\/span>\n\t\t\t<\/div>\n\t\t\t\t\t<\/div>\n\t<\/div>\n<\/div>\n\t\t\t\t\t<\/li>\n\t\t\t\t\t\t\t\t\t\t<li class=\"splide__slide\">\n\t\t\t\t\t<div class=\"espigul-house__item cursor-pointer\" onClick=\"window.location.assign('https:\/\/www.espigul.com\/de\/immobles\/erdgeschosswohnung-mit-terrasse-und-garage-in-lista\/');\">\n\t<div class=\"espigul-house__item__gallery espigul-house__item__photo\" x-data=\"{ active : 0, total: 3 }\">\n\t\t\t\t<ul class=\"espigul-house__item__gallery__items\">\n\t\t\t\t\t\t\t<li class=\"espigul-house__item__gallery__items__item\" x-bind:class=\"0 == active ? 'espigul-house__item__gallery__items__item--active': ''\">\n\t\t\t\t\t<img decoding=\"async\" src=\"https:\/\/www.espigul.com\/wp-content\/uploads\/2026\/09\/vivienda-exterior-en-planta-baja-con-terraza-y-garaje-en-lista-28197281-1300x866.webp\" alt=\"Erdgeschosswohnung mit Terrasse und Garage in Lista\" loading=\"lazy\" width=\"100%\" height=\"auto\">\n\t\t\t\t<\/li>\n\t\t\t\t\t\t\t<li class=\"espigul-house__item__gallery__items__item\" x-bind:class=\"1 == active ? 'espigul-house__item__gallery__items__item--active': ''\">\n\t\t\t\t\t<img decoding=\"async\" src=\"https:\/\/www.espigul.com\/wp-content\/uploads\/2026\/09\/vivienda-exterior-en-planta-baja-con-terraza-y-garaje-en-lista-28197277-1300x866.webp\" alt=\"Erdgeschosswohnung mit Terrasse und Garage in Lista\" loading=\"lazy\" width=\"100%\" height=\"auto\">\n\t\t\t\t<\/li>\n\t\t\t\t\t\t\t<li class=\"espigul-house__item__gallery__items__item\" x-bind:class=\"2 == active ? 'espigul-house__item__gallery__items__item--active': ''\">\n\t\t\t\t\t<img decoding=\"async\" src=\"https:\/\/www.espigul.com\/wp-content\/uploads\/2026\/09\/vivienda-exterior-en-planta-baja-con-terraza-y-garaje-en-lista-28197278-1300x866.webp\" alt=\"Erdgeschosswohnung mit Terrasse und Garage in Lista\" loading=\"lazy\" width=\"100%\" height=\"auto\">\n\t\t\t\t<\/li>\n\t\t\t\t\t<\/ul>\n\t\t<ul class=\"espigul-house__item__gallery__dots\">\n\t\t\t\t\t\t\t<li class=\"espigul-house__item__gallery__dots__item\" x-bind:class=\"0 == active ? 'espigul-house__item__gallery__dots__item--active': ''\">\n\t\t\t\t<\/li>\n\t\t\t\t\t\t\t<li class=\"espigul-house__item__gallery__dots__item\" x-bind:class=\"1 == active ? 'espigul-house__item__gallery__dots__item--active': ''\">\n\t\t\t\t<\/li>\n\t\t\t\t\t\t\t<li class=\"espigul-house__item__gallery__dots__item\" x-bind:class=\"2 == active ? 'espigul-house__item__gallery__dots__item--active': ''\">\n\t\t\t\t<\/li>\n\t\t\t\t\t<\/ul>\n\t\t<button class=\"espigul-house__item__gallery__arrow espigul-house__item__gallery__arrow--left\" aria-label=\"Previous photo\" @click.stop=\"active === 0 ? active = total - 1 : active--\">\n\t\t\t<svg xmlns=\"http:\/\/www.w3.org\/2000\/svg\" viewBox=\"0 0 40 40\" width=\"40\" height=\"40\" focusable=\"false\"><path d=\"m15.5 0.932-4.3 4.38 14.5 14.6-14.5 14.5 4.3 4.4 14.6-14.6 4.4-4.3-4.4-4.4-14.6-14.6z\"><\/path><\/svg>\n\t\t<\/button>\n\t\t<button class=\"espigul-house__item__gallery__arrow espigul-house__item__gallery__arrow--right\" aria-label=\"Next photo\" @click.stop=\"active === total - 1 ? active = 0 : active++\">\n\t\t\t<svg xmlns=\"http:\/\/www.w3.org\/2000\/svg\" viewBox=\"0 0 40 40\" width=\"40\" height=\"40\" focusable=\"false\"><path d=\"m15.5 0.932-4.3 4.38 14.5 14.6-14.5 14.5 4.3 4.4 14.6-14.6 4.4-4.3-4.4-4.4-14.6-14.6z\"><\/path><\/svg>\n\t\t<\/button>\n\t<\/div>\n\t<div class=\"espigul-house__item__body\">\n\t\t<div class=\"espigul-house__item__body__city\">Madrid | REF 6475<\/div>\n\t\t<h2 class=\"espigul-house__item__body__title flex-grow\">\n\t\t\t<a href=\"https:\/\/www.espigul.com\/de\/immobles\/erdgeschosswohnung-mit-terrasse-und-garage-in-lista\/\" title=\"Erdgeschosswohnung mit Terrasse und Garage in Lista\">Erdgeschosswohnung mit Terrasse und Garage in Lista<\/a>\n\t\t<\/h2>\n\t\t<div class=\"espigul-house__item__body__price\">\n\t\t\t2.219.000\u00a0\u20ac\t\t<\/div>\n\t\t<div class=\"espigul-house__item__body__meta\">\n\t\t\t\t\t\t<div class=\"espigul-house__item__body__meta__item\">\n\t\t\t\t<span class=\"espigul-house__item__body__meta__item__label\">Fl\u00e4che<\/span>\n\t\t\t\t<span class=\"espigul-house__item__body__meta__item__value\">\n\t\t\t\t\t162 m<sup>2<\/sup>\t\t\t\t<\/span>\n\t\t\t<\/div>\n\t\t\t\t\t\t<div class=\"espigul-house__item__body__meta__item\">\n\t\t\t\t<span class=\"espigul-house__item__body__meta__item__label\">Schlafzimmer<\/span>\n\t\t\t\t<span class=\"espigul-house__item__body__meta__item__value\">\n\t\t\t\t\t03\t\t\t\t<\/span>\n\t\t\t<\/div>\n\t\t\t\t\t\t<div class=\"espigul-house__item__body__meta__item\">\n\t\t\t\t<span class=\"espigul-house__item__body__meta__item__label\">Badezimmer<\/span>\n\t\t\t\t<span class=\"espigul-house__item__body__meta__item__value\">\n\t\t\t\t\t03\t\t\t\t<\/span>\n\t\t\t<\/div>\n\t\t\t\t\t<\/div>\n\t<\/div>\n<\/div>\n\t\t\t\t\t<\/li>\n\t\t\t\t\t\t\t\t\t\t<li class=\"splide__slide\">\n\t\t\t\t\t<div class=\"espigul-house__item cursor-pointer\" onClick=\"window.location.assign('https:\/\/www.espigul.com\/de\/immobles\/renoviertes-haus-mit-pool-5-schlafzimmern-und-grossem-ebenem-grundstueck-in-sant-andreu-de-llavaneres\/');\">\n\t<div class=\"espigul-house__item__gallery espigul-house__item__photo\" x-data=\"{ active : 0, total: 3 }\">\n\t\t\t\t<div class=\"espigul-house__item__photo__also\">\n\t\t\tMietoption\t\t<\/div>\n\t\t\t\t<ul class=\"espigul-house__item__gallery__items\">\n\t\t\t\t\t\t\t<li class=\"espigul-house__item__gallery__items__item\" x-bind:class=\"0 == active ? 'espigul-house__item__gallery__items__item--active': ''\">\n\t\t\t\t\t<img decoding=\"async\" src=\"https:\/\/www.espigul.com\/wp-content\/uploads\/2026\/08\/casa-reformada-con-piscina-5-dormitorios-y-gran-parcela-plana-en-sant-andreu-de-llavaneres-28178264-1300x866.webp\" alt=\"Renoviertes Haus mit Pool, 5 Schlafzimmern und gro\u00dfem, ebenem Grundst\u00fcck in Sant Andreu de Llavaneres\" loading=\"lazy\" width=\"100%\" height=\"auto\">\n\t\t\t\t<\/li>\n\t\t\t\t\t\t\t<li class=\"espigul-house__item__gallery__items__item\" x-bind:class=\"1 == active ? 'espigul-house__item__gallery__items__item--active': ''\">\n\t\t\t\t\t<img decoding=\"async\" src=\"https:\/\/www.espigul.com\/wp-content\/uploads\/2026\/08\/casa-reformada-con-piscina-5-dormitorios-y-gran-parcela-plana-en-sant-andreu-de-llavaneres-28131552-1300x866.webp\" alt=\"Renoviertes Haus mit Pool, 5 Schlafzimmern und gro\u00dfem, ebenem Grundst\u00fcck in Sant Andreu de Llavaneres\" loading=\"lazy\" width=\"100%\" height=\"auto\">\n\t\t\t\t<\/li>\n\t\t\t\t\t\t\t<li class=\"espigul-house__item__gallery__items__item\" x-bind:class=\"2 == active ? 'espigul-house__item__gallery__items__item--active': ''\">\n\t\t\t\t\t<img decoding=\"async\" src=\"https:\/\/www.espigul.com\/wp-content\/uploads\/2026\/08\/casa-reformada-con-piscina-5-dormitorios-y-gran-parcela-plana-en-sant-andreu-de-llavaneres-28131553-1300x866.webp\" alt=\"Renoviertes Haus mit Pool, 5 Schlafzimmern und gro\u00dfem, ebenem Grundst\u00fcck in Sant Andreu de Llavaneres\" loading=\"lazy\" width=\"100%\" height=\"auto\">\n\t\t\t\t<\/li>\n\t\t\t\t\t<\/ul>\n\t\t<ul class=\"espigul-house__item__gallery__dots\">\n\t\t\t\t\t\t\t<li class=\"espigul-house__item__gallery__dots__item\" x-bind:class=\"0 == active ? 'espigul-house__item__gallery__dots__item--active': ''\">\n\t\t\t\t<\/li>\n\t\t\t\t\t\t\t<li class=\"espigul-house__item__gallery__dots__item\" x-bind:class=\"1 == active ? 'espigul-house__item__gallery__dots__item--active': ''\">\n\t\t\t\t<\/li>\n\t\t\t\t\t\t\t<li class=\"espigul-house__item__gallery__dots__item\" x-bind:class=\"2 == active ? 'espigul-house__item__gallery__dots__item--active': ''\">\n\t\t\t\t<\/li>\n\t\t\t\t\t<\/ul>\n\t\t<button class=\"espigul-house__item__gallery__arrow espigul-house__item__gallery__arrow--left\" aria-label=\"Previous photo\" @click.stop=\"active === 0 ? active = total - 1 : active--\">\n\t\t\t<svg xmlns=\"http:\/\/www.w3.org\/2000\/svg\" viewBox=\"0 0 40 40\" width=\"40\" height=\"40\" focusable=\"false\"><path d=\"m15.5 0.932-4.3 4.38 14.5 14.6-14.5 14.5 4.3 4.4 14.6-14.6 4.4-4.3-4.4-4.4-14.6-14.6z\"><\/path><\/svg>\n\t\t<\/button>\n\t\t<button class=\"espigul-house__item__gallery__arrow espigul-house__item__gallery__arrow--right\" aria-label=\"Next photo\" @click.stop=\"active === total - 1 ? active = 0 : active++\">\n\t\t\t<svg xmlns=\"http:\/\/www.w3.org\/2000\/svg\" viewBox=\"0 0 40 40\" width=\"40\" height=\"40\" focusable=\"false\"><path d=\"m15.5 0.932-4.3 4.38 14.5 14.6-14.5 14.5 4.3 4.4 14.6-14.6 4.4-4.3-4.4-4.4-14.6-14.6z\"><\/path><\/svg>\n\t\t<\/button>\n\t<\/div>\n\t<div class=\"espigul-house__item__body\">\n\t\t<div class=\"espigul-house__item__body__city\">Maresme | REF 6460<\/div>\n\t\t<h2 class=\"espigul-house__item__body__title flex-grow\">\n\t\t\t<a href=\"https:\/\/www.espigul.com\/de\/immobles\/renoviertes-haus-mit-pool-5-schlafzimmern-und-grossem-ebenem-grundstueck-in-sant-andreu-de-llavaneres\/\" title=\"Renoviertes Haus mit Pool, 5 Schlafzimmern und gro\u00dfem, ebenem Grundst\u00fcck in Sant Andreu de Llavaneres\">Renoviertes Haus mit Pool, 5 Schlafzimmern und gro\u00dfem, ebenem Grundst\u00fcck in Sant Andreu de Llavaneres<\/a>\n\t\t<\/h2>\n\t\t<div class=\"espigul-house__item__body__price\">\n\t\t\t1.450.000\u00a0\u20ac\t\t<\/div>\n\t\t<div class=\"espigul-house__item__body__meta\">\n\t\t\t\t\t\t<div class=\"espigul-house__item__body__meta__item\">\n\t\t\t\t<span class=\"espigul-house__item__body__meta__item__label\">Fl\u00e4che<\/span>\n\t\t\t\t<span class=\"espigul-house__item__body__meta__item__value\">\n\t\t\t\t\t338 m<sup>2<\/sup>\t\t\t\t<\/span>\n\t\t\t<\/div>\n\t\t\t\t\t\t<div class=\"espigul-house__item__body__meta__item\">\n\t\t\t\t<span class=\"espigul-house__item__body__meta__item__label\">Schlafzimmer<\/span>\n\t\t\t\t<span class=\"espigul-house__item__body__meta__item__value\">\n\t\t\t\t\t05\t\t\t\t<\/span>\n\t\t\t<\/div>\n\t\t\t\t\t\t<div class=\"espigul-house__item__body__meta__item\">\n\t\t\t\t<span class=\"espigul-house__item__body__meta__item__label\">Badezimmer<\/span>\n\t\t\t\t<span class=\"espigul-house__item__body__meta__item__value\">\n\t\t\t\t\t04\t\t\t\t<\/span>\n\t\t\t<\/div>\n\t\t\t\t\t<\/div>\n\t<\/div>\n<\/div>\n\t\t\t\t\t<\/li>\n\t\t\t\t\t\t\t\t\t\t<li class=\"splide__slide\">\n\t\t\t\t\t<div class=\"espigul-house__item cursor-pointer\" onClick=\"window.location.assign('https:\/\/www.espigul.com\/de\/immobles\/haus-zum-verkauf-im-zentrum-von-bellaterra\/');\">\n\t<div class=\"espigul-house__item__gallery espigul-house__item__photo\" x-data=\"{ active : 0, total: 3 }\">\n\t\t\t\t<ul class=\"espigul-house__item__gallery__items\">\n\t\t\t\t\t\t\t<li class=\"espigul-house__item__gallery__items__item\" x-bind:class=\"0 == active ? 'espigul-house__item__gallery__items__item--active': ''\">\n\t\t\t\t\t<img decoding=\"async\" src=\"https:\/\/www.espigul.com\/wp-content\/uploads\/2026\/08\/casa-en-venta-en-el-centro-de-bellaterra-28102145-1300x867.webp\" alt=\"Haus zum Verkauf im Zentrum von Bellaterra\" loading=\"lazy\" width=\"100%\" height=\"auto\">\n\t\t\t\t<\/li>\n\t\t\t\t\t\t\t<li class=\"espigul-house__item__gallery__items__item\" x-bind:class=\"1 == active ? 'espigul-house__item__gallery__items__item--active': ''\">\n\t\t\t\t\t<img decoding=\"async\" src=\"https:\/\/www.espigul.com\/wp-content\/uploads\/2026\/08\/casa-en-venta-en-el-centro-de-bellaterra-28102143-1300x867.webp\" alt=\"Haus zum Verkauf im Zentrum von Bellaterra\" loading=\"lazy\" width=\"100%\" height=\"auto\">\n\t\t\t\t<\/li>\n\t\t\t\t\t\t\t<li class=\"espigul-house__item__gallery__items__item\" x-bind:class=\"2 == active ? 'espigul-house__item__gallery__items__item--active': ''\">\n\t\t\t\t\t<img decoding=\"async\" src=\"https:\/\/www.espigul.com\/wp-content\/uploads\/2026\/08\/casa-en-venta-en-el-centro-de-bellaterra-28102139-1300x867.webp\" alt=\"Haus zum Verkauf im Zentrum von Bellaterra\" loading=\"lazy\" width=\"100%\" height=\"auto\">\n\t\t\t\t<\/li>\n\t\t\t\t\t<\/ul>\n\t\t<ul class=\"espigul-house__item__gallery__dots\">\n\t\t\t\t\t\t\t<li class=\"espigul-house__item__gallery__dots__item\" x-bind:class=\"0 == active ? 'espigul-house__item__gallery__dots__item--active': ''\">\n\t\t\t\t<\/li>\n\t\t\t\t\t\t\t<li class=\"espigul-house__item__gallery__dots__item\" x-bind:class=\"1 == active ? 'espigul-house__item__gallery__dots__item--active': ''\">\n\t\t\t\t<\/li>\n\t\t\t\t\t\t\t<li class=\"espigul-house__item__gallery__dots__item\" x-bind:class=\"2 == active ? 'espigul-house__item__gallery__dots__item--active': ''\">\n\t\t\t\t<\/li>\n\t\t\t\t\t<\/ul>\n\t\t<button class=\"espigul-house__item__gallery__arrow espigul-house__item__gallery__arrow--left\" aria-label=\"Previous photo\" @click.stop=\"active === 0 ? active = total - 1 : active--\">\n\t\t\t<svg xmlns=\"http:\/\/www.w3.org\/2000\/svg\" viewBox=\"0 0 40 40\" width=\"40\" height=\"40\" focusable=\"false\"><path d=\"m15.5 0.932-4.3 4.38 14.5 14.6-14.5 14.5 4.3 4.4 14.6-14.6 4.4-4.3-4.4-4.4-14.6-14.6z\"><\/path><\/svg>\n\t\t<\/button>\n\t\t<button class=\"espigul-house__item__gallery__arrow espigul-house__item__gallery__arrow--right\" aria-label=\"Next photo\" @click.stop=\"active === total - 1 ? active = 0 : active++\">\n\t\t\t<svg xmlns=\"http:\/\/www.w3.org\/2000\/svg\" viewBox=\"0 0 40 40\" width=\"40\" height=\"40\" focusable=\"false\"><path d=\"m15.5 0.932-4.3 4.38 14.5 14.6-14.5 14.5 4.3 4.4 14.6-14.6 4.4-4.3-4.4-4.4-14.6-14.6z\"><\/path><\/svg>\n\t\t<\/button>\n\t<\/div>\n\t<div class=\"espigul-house__item__body\">\n\t\t<div class=\"espigul-house__item__body__city\">Cerdanyola del Vall\u00e8s | REF 6361<\/div>\n\t\t<h2 class=\"espigul-house__item__body__title flex-grow\">\n\t\t\t<a href=\"https:\/\/www.espigul.com\/de\/immobles\/haus-zum-verkauf-im-zentrum-von-bellaterra\/\" title=\"Haus zum Verkauf im Zentrum von Bellaterra\">Haus zum Verkauf im Zentrum von Bellaterra<\/a>\n\t\t<\/h2>\n\t\t<div class=\"espigul-house__item__body__price\">\n\t\t\t880.000\u00a0\u20ac\t\t<\/div>\n\t\t<div class=\"espigul-house__item__body__meta\">\n\t\t\t\t\t\t<div class=\"espigul-house__item__body__meta__item\">\n\t\t\t\t<span class=\"espigul-house__item__body__meta__item__label\">Fl\u00e4che<\/span>\n\t\t\t\t<span class=\"espigul-house__item__body__meta__item__value\">\n\t\t\t\t\t184 m<sup>2<\/sup>\t\t\t\t<\/span>\n\t\t\t<\/div>\n\t\t\t\t\t\t<div class=\"espigul-house__item__body__meta__item\">\n\t\t\t\t<span class=\"espigul-house__item__body__meta__item__label\">Schlafzimmer<\/span>\n\t\t\t\t<span class=\"espigul-house__item__body__meta__item__value\">\n\t\t\t\t\t05\t\t\t\t<\/span>\n\t\t\t<\/div>\n\t\t\t\t\t\t<div class=\"espigul-house__item__body__meta__item\">\n\t\t\t\t<span class=\"espigul-house__item__body__meta__item__label\">Badezimmer<\/span>\n\t\t\t\t<span class=\"espigul-house__item__body__meta__item__value\">\n\t\t\t\t\t03\t\t\t\t<\/span>\n\t\t\t<\/div>\n\t\t\t\t\t<\/div>\n\t<\/div>\n<\/div>\n\t\t\t\t\t<\/li>\n\t\t\t\t\t\t\t\t\t\t<li class=\"splide__slide\">\n\t\t\t\t\t<div class=\"espigul-house__item cursor-pointer\" onClick=\"window.location.assign('https:\/\/www.espigul.com\/de\/immobles\/helle-nach-aussen-gelegene-renovierte-und-moeblierte-wohnung-zum-verkauf-in-ibiza-retiro\/');\">\n\t<div class=\"espigul-house__item__gallery espigul-house__item__photo\" x-data=\"{ active : 0, total: 3 }\">\n\t\t\t\t<ul class=\"espigul-house__item__gallery__items\">\n\t\t\t\t\t\t\t<li class=\"espigul-house__item__gallery__items__item\" x-bind:class=\"0 == active ? 'espigul-house__item__gallery__items__item--active': ''\">\n\t\t\t\t\t<img decoding=\"async\" src=\"https:\/\/www.espigul.com\/wp-content\/uploads\/2026\/08\/piso-en-venta-exterior-reformado-y-amueblado-en-ibiza-retiro-28103579-1300x731.webp\" alt=\"Helle, nach au\u00dfen gelegene, renovierte und m\u00f6blierte Wohnung zum Verkauf in Ibiza, Retiro\" loading=\"lazy\" width=\"100%\" height=\"auto\">\n\t\t\t\t<\/li>\n\t\t\t\t\t\t\t<li class=\"espigul-house__item__gallery__items__item\" x-bind:class=\"1 == active ? 'espigul-house__item__gallery__items__item--active': ''\">\n\t\t\t\t\t<img decoding=\"async\" src=\"https:\/\/www.espigul.com\/wp-content\/uploads\/2026\/08\/piso-en-venta-exterior-reformado-y-amueblado-en-ibiza-retiro-28103571-1300x731.webp\" alt=\"Helle, nach au\u00dfen gelegene, renovierte und m\u00f6blierte Wohnung zum Verkauf in Ibiza, Retiro\" loading=\"lazy\" width=\"100%\" height=\"auto\">\n\t\t\t\t<\/li>\n\t\t\t\t\t\t\t<li class=\"espigul-house__item__gallery__items__item\" x-bind:class=\"2 == active ? 'espigul-house__item__gallery__items__item--active': ''\">\n\t\t\t\t\t<img decoding=\"async\" src=\"https:\/\/www.espigul.com\/wp-content\/uploads\/2026\/08\/piso-en-venta-exterior-reformado-y-amueblado-en-ibiza-retiro-28103583-1300x731.webp\" alt=\"Helle, nach au\u00dfen gelegene, renovierte und m\u00f6blierte Wohnung zum Verkauf in Ibiza, Retiro\" loading=\"lazy\" width=\"100%\" height=\"auto\">\n\t\t\t\t<\/li>\n\t\t\t\t\t<\/ul>\n\t\t<ul class=\"espigul-house__item__gallery__dots\">\n\t\t\t\t\t\t\t<li class=\"espigul-house__item__gallery__dots__item\" x-bind:class=\"0 == active ? 'espigul-house__item__gallery__dots__item--active': ''\">\n\t\t\t\t<\/li>\n\t\t\t\t\t\t\t<li class=\"espigul-house__item__gallery__dots__item\" x-bind:class=\"1 == active ? 'espigul-house__item__gallery__dots__item--active': ''\">\n\t\t\t\t<\/li>\n\t\t\t\t\t\t\t<li class=\"espigul-house__item__gallery__dots__item\" x-bind:class=\"2 == active ? 'espigul-house__item__gallery__dots__item--active': ''\">\n\t\t\t\t<\/li>\n\t\t\t\t\t<\/ul>\n\t\t<button class=\"espigul-house__item__gallery__arrow espigul-house__item__gallery__arrow--left\" aria-label=\"Previous photo\" @click.stop=\"active === 0 ? active = total - 1 : active--\">\n\t\t\t<svg xmlns=\"http:\/\/www.w3.org\/2000\/svg\" viewBox=\"0 0 40 40\" width=\"40\" height=\"40\" focusable=\"false\"><path d=\"m15.5 0.932-4.3 4.38 14.5 14.6-14.5 14.5 4.3 4.4 14.6-14.6 4.4-4.3-4.4-4.4-14.6-14.6z\"><\/path><\/svg>\n\t\t<\/button>\n\t\t<button class=\"espigul-house__item__gallery__arrow espigul-house__item__gallery__arrow--right\" aria-label=\"Next photo\" @click.stop=\"active === total - 1 ? active = 0 : active++\">\n\t\t\t<svg xmlns=\"http:\/\/www.w3.org\/2000\/svg\" viewBox=\"0 0 40 40\" width=\"40\" height=\"40\" focusable=\"false\"><path d=\"m15.5 0.932-4.3 4.38 14.5 14.6-14.5 14.5 4.3 4.4 14.6-14.6 4.4-4.3-4.4-4.4-14.6-14.6z\"><\/path><\/svg>\n\t\t<\/button>\n\t<\/div>\n\t<div class=\"espigul-house__item__body\">\n\t\t<div class=\"espigul-house__item__body__city\">Madrid | REF 6453<\/div>\n\t\t<h2 class=\"espigul-house__item__body__title flex-grow\">\n\t\t\t<a href=\"https:\/\/www.espigul.com\/de\/immobles\/helle-nach-aussen-gelegene-renovierte-und-moeblierte-wohnung-zum-verkauf-in-ibiza-retiro\/\" title=\"Helle, nach au\u00dfen gelegene, renovierte und m\u00f6blierte Wohnung zum Verkauf in Ibiza, Retiro\">Helle, nach au\u00dfen gelegene, renovierte und m\u00f6blierte Wohnung zum Verkauf in Ibiza, Retiro<\/a>\n\t\t<\/h2>\n\t\t<div class=\"espigul-house__item__body__price\">\n\t\t\t2.100.000\u00a0\u20ac\t\t<\/div>\n\t\t<div class=\"espigul-house__item__body__meta\">\n\t\t\t\t\t\t<div class=\"espigul-house__item__body__meta__item\">\n\t\t\t\t<span class=\"espigul-house__item__body__meta__item__label\">Fl\u00e4che<\/span>\n\t\t\t\t<span class=\"espigul-house__item__body__meta__item__value\">\n\t\t\t\t\t138 m<sup>2<\/sup>\t\t\t\t<\/span>\n\t\t\t<\/div>\n\t\t\t\t\t\t<div class=\"espigul-house__item__body__meta__item\">\n\t\t\t\t<span class=\"espigul-house__item__body__meta__item__label\">Schlafzimmer<\/span>\n\t\t\t\t<span class=\"espigul-house__item__body__meta__item__value\">\n\t\t\t\t\t03\t\t\t\t<\/span>\n\t\t\t<\/div>\n\t\t\t\t\t\t<div class=\"espigul-house__item__body__meta__item\">\n\t\t\t\t<span class=\"espigul-house__item__body__meta__item__label\">Badezimmer<\/span>\n\t\t\t\t<span class=\"espigul-house__item__body__meta__item__value\">\n\t\t\t\t\t04\t\t\t\t<\/span>\n\t\t\t<\/div>\n\t\t\t\t\t<\/div>\n\t<\/div>\n<\/div>\n\t\t\t\t\t<\/li>\n\t\t\t\t\t\t\t\t\t\t<li class=\"splide__slide\">\n\t\t\t\t\t<div class=\"espigul-house__item cursor-pointer\" onClick=\"window.location.assign('https:\/\/www.espigul.com\/de\/immobles\/renovierte-aussenwohnung-zum-verkauf-auf-ibiza\/');\">\n\t<div class=\"espigul-house__item__gallery espigul-house__item__photo\" x-data=\"{ active : 0, total: 3 }\">\n\t\t\t\t<ul class=\"espigul-house__item__gallery__items\">\n\t\t\t\t\t\t\t<li class=\"espigul-house__item__gallery__items__item\" x-bind:class=\"0 == active ? 'espigul-house__item__gallery__items__item--active': ''\">\n\t\t\t\t\t<img decoding=\"async\" src=\"https:\/\/www.espigul.com\/wp-content\/uploads\/2026\/08\/piso-en-venta-exterior-reformado-en-ibiza-28103525-1300x731.webp\" alt=\"Renovierte Au\u00dfenwohnung zum Verkauf in Ibiza, Retiro\" loading=\"lazy\" width=\"100%\" height=\"auto\">\n\t\t\t\t<\/li>\n\t\t\t\t\t\t\t<li class=\"espigul-house__item__gallery__items__item\" x-bind:class=\"1 == active ? 'espigul-house__item__gallery__items__item--active': ''\">\n\t\t\t\t\t<img decoding=\"async\" src=\"https:\/\/www.espigul.com\/wp-content\/uploads\/2026\/08\/piso-en-venta-exterior-reformado-en-ibiza-28103531-1300x731.webp\" alt=\"Renovierte Au\u00dfenwohnung zum Verkauf in Ibiza, Retiro\" loading=\"lazy\" width=\"100%\" height=\"auto\">\n\t\t\t\t<\/li>\n\t\t\t\t\t\t\t<li class=\"espigul-house__item__gallery__items__item\" x-bind:class=\"2 == active ? 'espigul-house__item__gallery__items__item--active': ''\">\n\t\t\t\t\t<img decoding=\"async\" src=\"https:\/\/www.espigul.com\/wp-content\/uploads\/2026\/08\/piso-en-venta-exterior-reformado-en-ibiza-28103529-1300x731.webp\" alt=\"Renovierte Au\u00dfenwohnung zum Verkauf in Ibiza, Retiro\" loading=\"lazy\" width=\"100%\" height=\"auto\">\n\t\t\t\t<\/li>\n\t\t\t\t\t<\/ul>\n\t\t<ul class=\"espigul-house__item__gallery__dots\">\n\t\t\t\t\t\t\t<li class=\"espigul-house__item__gallery__dots__item\" x-bind:class=\"0 == active ? 'espigul-house__item__gallery__dots__item--active': ''\">\n\t\t\t\t<\/li>\n\t\t\t\t\t\t\t<li class=\"espigul-house__item__gallery__dots__item\" x-bind:class=\"1 == active ? 'espigul-house__item__gallery__dots__item--active': ''\">\n\t\t\t\t<\/li>\n\t\t\t\t\t\t\t<li class=\"espigul-house__item__gallery__dots__item\" x-bind:class=\"2 == active ? 'espigul-house__item__gallery__dots__item--active': ''\">\n\t\t\t\t<\/li>\n\t\t\t\t\t<\/ul>\n\t\t<button class=\"espigul-house__item__gallery__arrow espigul-house__item__gallery__arrow--left\" aria-label=\"Previous photo\" @click.stop=\"active === 0 ? active = total - 1 : active--\">\n\t\t\t<svg xmlns=\"http:\/\/www.w3.org\/2000\/svg\" viewBox=\"0 0 40 40\" width=\"40\" height=\"40\" focusable=\"false\"><path d=\"m15.5 0.932-4.3 4.38 14.5 14.6-14.5 14.5 4.3 4.4 14.6-14.6 4.4-4.3-4.4-4.4-14.6-14.6z\"><\/path><\/svg>\n\t\t<\/button>\n\t\t<button class=\"espigul-house__item__gallery__arrow espigul-house__item__gallery__arrow--right\" aria-label=\"Next photo\" @click.stop=\"active === total - 1 ? active = 0 : active++\">\n\t\t\t<svg xmlns=\"http:\/\/www.w3.org\/2000\/svg\" viewBox=\"0 0 40 40\" width=\"40\" height=\"40\" focusable=\"false\"><path d=\"m15.5 0.932-4.3 4.38 14.5 14.6-14.5 14.5 4.3 4.4 14.6-14.6 4.4-4.3-4.4-4.4-14.6-14.6z\"><\/path><\/svg>\n\t\t<\/button>\n\t<\/div>\n\t<div class=\"espigul-house__item__body\">\n\t\t<div class=\"espigul-house__item__body__city\">Madrid | REF 6452<\/div>\n\t\t<h2 class=\"espigul-house__item__body__title flex-grow\">\n\t\t\t<a href=\"https:\/\/www.espigul.com\/de\/immobles\/renovierte-aussenwohnung-zum-verkauf-auf-ibiza\/\" title=\"Renovierte Au\u00dfenwohnung zum Verkauf in Ibiza, Retiro\">Renovierte Au\u00dfenwohnung zum Verkauf in Ibiza, Retiro<\/a>\n\t\t<\/h2>\n\t\t<div class=\"espigul-house__item__body__price\">\n\t\t\t2.800.000\u00a0\u20ac\t\t<\/div>\n\t\t<div class=\"espigul-house__item__body__meta\">\n\t\t\t\t\t\t<div class=\"espigul-house__item__body__meta__item\">\n\t\t\t\t<span class=\"espigul-house__item__body__meta__item__label\">Fl\u00e4che<\/span>\n\t\t\t\t<span class=\"espigul-house__item__body__meta__item__value\">\n\t\t\t\t\t189 m<sup>2<\/sup>\t\t\t\t<\/span>\n\t\t\t<\/div>\n\t\t\t\t\t\t<div class=\"espigul-house__item__body__meta__item\">\n\t\t\t\t<span class=\"espigul-house__item__body__meta__item__label\">Schlafzimmer<\/span>\n\t\t\t\t<span class=\"espigul-house__item__body__meta__item__value\">\n\t\t\t\t\t04\t\t\t\t<\/span>\n\t\t\t<\/div>\n\t\t\t\t\t\t<div class=\"espigul-house__item__body__meta__item\">\n\t\t\t\t<span class=\"espigul-house__item__body__meta__item__label\">Badezimmer<\/span>\n\t\t\t\t<span class=\"espigul-house__item__body__meta__item__value\">\n\t\t\t\t\t04\t\t\t\t<\/span>\n\t\t\t<\/div>\n\t\t\t\t\t<\/div>\n\t<\/div>\n<\/div>\n\t\t\t\t\t<\/li>\n\t\t\t\t\t\t\t\t\t\t<li class=\"splide__slide\">\n\t\t\t\t\t<div class=\"espigul-house__item cursor-pointer\" onClick=\"window.location.assign('https:\/\/www.espigul.com\/de\/immobles\/wohnung-zum-verkauf-am-paseo-de-la-habana\/');\">\n\t<div class=\"espigul-house__item__gallery espigul-house__item__photo\" x-data=\"{ active : 0, total: 3 }\">\n\t\t\t\t<ul class=\"espigul-house__item__gallery__items\">\n\t\t\t\t\t\t\t<li class=\"espigul-house__item__gallery__items__item\" x-bind:class=\"0 == active ? 'espigul-house__item__gallery__items__item--active': ''\">\n\t\t\t\t\t<img decoding=\"async\" src=\"https:\/\/www.espigul.com\/wp-content\/uploads\/2026\/08\/piso-en-venta-en-paseo-de-la-habana-28058127-1300x866.webp\" alt=\"Wohnung zum Verkauf am Paseo de la Habana\" loading=\"lazy\" width=\"100%\" height=\"auto\">\n\t\t\t\t<\/li>\n\t\t\t\t\t\t\t<li class=\"espigul-house__item__gallery__items__item\" x-bind:class=\"1 == active ? 'espigul-house__item__gallery__items__item--active': ''\">\n\t\t\t\t\t<img decoding=\"async\" src=\"https:\/\/www.espigul.com\/wp-content\/uploads\/2026\/08\/piso-en-venta-en-paseo-de-la-habana-28058121-1300x866.webp\" alt=\"Wohnung zum Verkauf am Paseo de la Habana\" loading=\"lazy\" width=\"100%\" height=\"auto\">\n\t\t\t\t<\/li>\n\t\t\t\t\t\t\t<li class=\"espigul-house__item__gallery__items__item\" x-bind:class=\"2 == active ? 'espigul-house__item__gallery__items__item--active': ''\">\n\t\t\t\t\t<img decoding=\"async\" src=\"https:\/\/www.espigul.com\/wp-content\/uploads\/2026\/08\/piso-en-venta-en-paseo-de-la-habana-28058135-682x1024.webp\" alt=\"Wohnung zum Verkauf am Paseo de la Habana\" loading=\"lazy\" width=\"100%\" height=\"auto\">\n\t\t\t\t<\/li>\n\t\t\t\t\t<\/ul>\n\t\t<ul class=\"espigul-house__item__gallery__dots\">\n\t\t\t\t\t\t\t<li class=\"espigul-house__item__gallery__dots__item\" x-bind:class=\"0 == active ? 'espigul-house__item__gallery__dots__item--active': ''\">\n\t\t\t\t<\/li>\n\t\t\t\t\t\t\t<li class=\"espigul-house__item__gallery__dots__item\" x-bind:class=\"1 == active ? 'espigul-house__item__gallery__dots__item--active': ''\">\n\t\t\t\t<\/li>\n\t\t\t\t\t\t\t<li class=\"espigul-house__item__gallery__dots__item\" x-bind:class=\"2 == active ? 'espigul-house__item__gallery__dots__item--active': ''\">\n\t\t\t\t<\/li>\n\t\t\t\t\t<\/ul>\n\t\t<button class=\"espigul-house__item__gallery__arrow espigul-house__item__gallery__arrow--left\" aria-label=\"Previous photo\" @click.stop=\"active === 0 ? active = total - 1 : active--\">\n\t\t\t<svg xmlns=\"http:\/\/www.w3.org\/2000\/svg\" viewBox=\"0 0 40 40\" width=\"40\" height=\"40\" focusable=\"false\"><path d=\"m15.5 0.932-4.3 4.38 14.5 14.6-14.5 14.5 4.3 4.4 14.6-14.6 4.4-4.3-4.4-4.4-14.6-14.6z\"><\/path><\/svg>\n\t\t<\/button>\n\t\t<button class=\"espigul-house__item__gallery__arrow espigul-house__item__gallery__arrow--right\" aria-label=\"Next photo\" @click.stop=\"active === total - 1 ? active = 0 : active++\">\n\t\t\t<svg xmlns=\"http:\/\/www.w3.org\/2000\/svg\" viewBox=\"0 0 40 40\" width=\"40\" height=\"40\" focusable=\"false\"><path d=\"m15.5 0.932-4.3 4.38 14.5 14.6-14.5 14.5 4.3 4.4 14.6-14.6 4.4-4.3-4.4-4.4-14.6-14.6z\"><\/path><\/svg>\n\t\t<\/button>\n\t<\/div>\n\t<div class=\"espigul-house__item__body\">\n\t\t<div class=\"espigul-house__item__body__city\">Madrid | REF 6443<\/div>\n\t\t<h2 class=\"espigul-house__item__body__title flex-grow\">\n\t\t\t<a href=\"https:\/\/www.espigul.com\/de\/immobles\/wohnung-zum-verkauf-am-paseo-de-la-habana\/\" title=\"Wohnung zum Verkauf am Paseo de la Habana\">Wohnung zum Verkauf am Paseo de la Habana<\/a>\n\t\t<\/h2>\n\t\t<div class=\"espigul-house__item__body__price\">\n\t\t\t1.140.000\u00a0\u20ac\t\t<\/div>\n\t\t<div class=\"espigul-house__item__body__meta\">\n\t\t\t\t\t\t<div class=\"espigul-house__item__body__meta__item\">\n\t\t\t\t<span class=\"espigul-house__item__body__meta__item__label\">Fl\u00e4che<\/span>\n\t\t\t\t<span class=\"espigul-house__item__body__meta__item__value\">\n\t\t\t\t\t95 m<sup>2<\/sup>\t\t\t\t<\/span>\n\t\t\t<\/div>\n\t\t\t\t\t\t<div class=\"espigul-house__item__body__meta__item\">\n\t\t\t\t<span class=\"espigul-house__item__body__meta__item__label\">Schlafzimmer<\/span>\n\t\t\t\t<span class=\"espigul-house__item__body__meta__item__value\">\n\t\t\t\t\t03\t\t\t\t<\/span>\n\t\t\t<\/div>\n\t\t\t\t\t\t<div class=\"espigul-house__item__body__meta__item\">\n\t\t\t\t<span class=\"espigul-house__item__body__meta__item__label\">Badezimmer<\/span>\n\t\t\t\t<span class=\"espigul-house__item__body__meta__item__value\">\n\t\t\t\t\t02\t\t\t\t<\/span>\n\t\t\t<\/div>\n\t\t\t\t\t<\/div>\n\t<\/div>\n<\/div>\n\t\t\t\t\t<\/li>\n\t\t\t\t\t\t\t\t\t\t<li class=\"splide__slide\">\n\t\t\t\t\t<div class=\"espigul-house__item cursor-pointer\" onClick=\"window.location.assign('https:\/\/www.espigul.com\/de\/immobles\/fuenfte-etage-mit-direktem-blick-auf-can-batllo-und-100-offen-gestaltetem-grundriss-zum-renovieren-in-la-bordeta\/');\">\n\t<div class=\"espigul-house__item__gallery espigul-house__item__photo\" x-data=\"{ active : 0, total: 3 }\">\n\t\t\t\t<ul class=\"espigul-house__item__gallery__items\">\n\t\t\t\t\t\t\t<li class=\"espigul-house__item__gallery__items__item\" x-bind:class=\"0 == active ? 'espigul-house__item__gallery__items__item--active': ''\">\n\t\t\t\t\t<img decoding=\"async\" src=\"https:\/\/www.espigul.com\/wp-content\/uploads\/2026\/08\/quinta-planta-con-vistas-directas-a-can-batllo-y-100-diafano-para-reformar-en-la-bordeta-28019032-1300x865.webp\" alt=\"F\u00fcnfte Etage mit direktem Blick auf Can Batll\u00f3 und 100 % offen gestaltetem Grundriss zum Renovieren in La Bordeta\" loading=\"lazy\" width=\"100%\" height=\"auto\">\n\t\t\t\t<\/li>\n\t\t\t\t\t\t\t<li class=\"espigul-house__item__gallery__items__item\" x-bind:class=\"1 == active ? 'espigul-house__item__gallery__items__item--active': ''\">\n\t\t\t\t\t<img decoding=\"async\" src=\"https:\/\/www.espigul.com\/wp-content\/uploads\/2026\/08\/quinta-planta-con-vistas-directas-a-can-batllo-y-100-diafano-para-reformar-en-la-bordeta-28019008-1300x866.webp\" alt=\"F\u00fcnfte Etage mit direktem Blick auf Can Batll\u00f3 und 100 % offen gestaltetem Grundriss zum Renovieren in La Bordeta\" loading=\"lazy\" width=\"100%\" height=\"auto\">\n\t\t\t\t<\/li>\n\t\t\t\t\t\t\t<li class=\"espigul-house__item__gallery__items__item\" x-bind:class=\"2 == active ? 'espigul-house__item__gallery__items__item--active': ''\">\n\t\t\t\t\t<img decoding=\"async\" src=\"https:\/\/www.espigul.com\/wp-content\/uploads\/2026\/08\/quinta-planta-con-vistas-directas-a-can-batllo-y-100-diafano-para-reformar-en-la-bordeta-28019009-1300x866.webp\" alt=\"F\u00fcnfte Etage mit direktem Blick auf Can Batll\u00f3 und 100 % offen gestaltetem Grundriss zum Renovieren in La Bordeta\" loading=\"lazy\" width=\"100%\" height=\"auto\">\n\t\t\t\t<\/li>\n\t\t\t\t\t<\/ul>\n\t\t<ul class=\"espigul-house__item__gallery__dots\">\n\t\t\t\t\t\t\t<li class=\"espigul-house__item__gallery__dots__item\" x-bind:class=\"0 == active ? 'espigul-house__item__gallery__dots__item--active': ''\">\n\t\t\t\t<\/li>\n\t\t\t\t\t\t\t<li class=\"espigul-house__item__gallery__dots__item\" x-bind:class=\"1 == active ? 'espigul-house__item__gallery__dots__item--active': ''\">\n\t\t\t\t<\/li>\n\t\t\t\t\t\t\t<li class=\"espigul-house__item__gallery__dots__item\" x-bind:class=\"2 == active ? 'espigul-house__item__gallery__dots__item--active': ''\">\n\t\t\t\t<\/li>\n\t\t\t\t\t<\/ul>\n\t\t<button class=\"espigul-house__item__gallery__arrow espigul-house__item__gallery__arrow--left\" aria-label=\"Previous photo\" @click.stop=\"active === 0 ? active = total - 1 : active--\">\n\t\t\t<svg xmlns=\"http:\/\/www.w3.org\/2000\/svg\" viewBox=\"0 0 40 40\" width=\"40\" height=\"40\" focusable=\"false\"><path d=\"m15.5 0.932-4.3 4.38 14.5 14.6-14.5 14.5 4.3 4.4 14.6-14.6 4.4-4.3-4.4-4.4-14.6-14.6z\"><\/path><\/svg>\n\t\t<\/button>\n\t\t<button class=\"espigul-house__item__gallery__arrow espigul-house__item__gallery__arrow--right\" aria-label=\"Next photo\" @click.stop=\"active === total - 1 ? active = 0 : active++\">\n\t\t\t<svg xmlns=\"http:\/\/www.w3.org\/2000\/svg\" viewBox=\"0 0 40 40\" width=\"40\" height=\"40\" focusable=\"false\"><path d=\"m15.5 0.932-4.3 4.38 14.5 14.6-14.5 14.5 4.3 4.4 14.6-14.6 4.4-4.3-4.4-4.4-14.6-14.6z\"><\/path><\/svg>\n\t\t<\/button>\n\t<\/div>\n\t<div class=\"espigul-house__item__body\">\n\t\t<div class=\"espigul-house__item__body__city\">Barcelona | REF 6329<\/div>\n\t\t<h2 class=\"espigul-house__item__body__title flex-grow\">\n\t\t\t<a href=\"https:\/\/www.espigul.com\/de\/immobles\/fuenfte-etage-mit-direktem-blick-auf-can-batllo-und-100-offen-gestaltetem-grundriss-zum-renovieren-in-la-bordeta\/\" title=\"F\u00fcnfte Etage mit direktem Blick auf Can Batll\u00f3 und 100 % offen gestaltetem Grundriss zum Renovieren in La Bordeta\">F\u00fcnfte Etage mit direktem Blick auf Can Batll\u00f3 und 100 % offen gestaltetem Grundriss zum Renovieren in La Bordeta<\/a>\n\t\t<\/h2>\n\t\t<div class=\"espigul-house__item__body__price\">\n\t\t\t340.000\u00a0\u20ac\t\t<\/div>\n\t\t<div class=\"espigul-house__item__body__meta\">\n\t\t\t\t\t\t<div class=\"espigul-house__item__body__meta__item\">\n\t\t\t\t<span class=\"espigul-house__item__body__meta__item__label\">Fl\u00e4che<\/span>\n\t\t\t\t<span class=\"espigul-house__item__body__meta__item__value\">\n\t\t\t\t\t72 m<sup>2<\/sup>\t\t\t\t<\/span>\n\t\t\t<\/div>\n\t\t\t\t\t\t<div class=\"espigul-house__item__body__meta__item\">\n\t\t\t\t<span class=\"espigul-house__item__body__meta__item__label\">Schlafzimmer<\/span>\n\t\t\t\t<span class=\"espigul-house__item__body__meta__item__value\">\n\t\t\t\t\t03\t\t\t\t<\/span>\n\t\t\t<\/div>\n\t\t\t\t\t\t<div class=\"espigul-house__item__body__meta__item\">\n\t\t\t\t<span class=\"espigul-house__item__body__meta__item__label\">Badezimmer<\/span>\n\t\t\t\t<span class=\"espigul-house__item__body__meta__item__value\">\n\t\t\t\t\t01\t\t\t\t<\/span>\n\t\t\t<\/div>\n\t\t\t\t\t<\/div>\n\t<\/div>\n<\/div>\n\t\t\t\t\t<\/li>\n\t\t\t\t\t\t\t\t\t\t<li class=\"splide__slide\">\n\t\t\t\t\t<div class=\"espigul-house__item cursor-pointer\" onClick=\"window.location.assign('https:\/\/www.espigul.com\/de\/immobles\/neubau-chalet-zum-verkauf-in-matadepera\/');\">\n\t<div class=\"espigul-house__item__gallery espigul-house__item__photo\" x-data=\"{ active : 0, total: 3 }\">\n\t\t\t\t<ul class=\"espigul-house__item__gallery__items\">\n\t\t\t\t\t\t\t<li class=\"espigul-house__item__gallery__items__item\" x-bind:class=\"0 == active ? 'espigul-house__item__gallery__items__item--active': ''\">\n\t\t\t\t\t<img decoding=\"async\" src=\"https:\/\/www.espigul.com\/wp-content\/uploads\/2026\/08\/chalet-de-obra-nueva-en-venta-en-matadepera-27949190-1300x866.webp\" alt=\"Neubau-Chalet zum Verkauf in Matadepera\" loading=\"lazy\" width=\"100%\" height=\"auto\">\n\t\t\t\t<\/li>\n\t\t\t\t\t\t\t<li class=\"espigul-house__item__gallery__items__item\" x-bind:class=\"1 == active ? 'espigul-house__item__gallery__items__item--active': ''\">\n\t\t\t\t\t<img decoding=\"async\" src=\"https:\/\/www.espigul.com\/wp-content\/uploads\/2026\/08\/chalet-de-obra-nueva-en-venta-en-matadepera-27949197-1300x866.webp\" alt=\"Neubau-Chalet zum Verkauf in Matadepera\" loading=\"lazy\" width=\"100%\" height=\"auto\">\n\t\t\t\t<\/li>\n\t\t\t\t\t\t\t<li class=\"espigul-house__item__gallery__items__item\" x-bind:class=\"2 == active ? 'espigul-house__item__gallery__items__item--active': ''\">\n\t\t\t\t\t<img decoding=\"async\" src=\"https:\/\/www.espigul.com\/wp-content\/uploads\/2026\/08\/chalet-de-obra-nueva-en-venta-en-matadepera-27949218-1300x866.webp\" alt=\"Neubau-Chalet zum Verkauf in Matadepera\" loading=\"lazy\" width=\"100%\" height=\"auto\">\n\t\t\t\t<\/li>\n\t\t\t\t\t<\/ul>\n\t\t<ul class=\"espigul-house__item__gallery__dots\">\n\t\t\t\t\t\t\t<li class=\"espigul-house__item__gallery__dots__item\" x-bind:class=\"0 == active ? 'espigul-house__item__gallery__dots__item--active': ''\">\n\t\t\t\t<\/li>\n\t\t\t\t\t\t\t<li class=\"espigul-house__item__gallery__dots__item\" x-bind:class=\"1 == active ? 'espigul-house__item__gallery__dots__item--active': ''\">\n\t\t\t\t<\/li>\n\t\t\t\t\t\t\t<li class=\"espigul-house__item__gallery__dots__item\" x-bind:class=\"2 == active ? 'espigul-house__item__gallery__dots__item--active': ''\">\n\t\t\t\t<\/li>\n\t\t\t\t\t<\/ul>\n\t\t<button class=\"espigul-house__item__gallery__arrow espigul-house__item__gallery__arrow--left\" aria-label=\"Previous photo\" @click.stop=\"active === 0 ? active = total - 1 : active--\">\n\t\t\t<svg xmlns=\"http:\/\/www.w3.org\/2000\/svg\" viewBox=\"0 0 40 40\" width=\"40\" height=\"40\" focusable=\"false\"><path d=\"m15.5 0.932-4.3 4.38 14.5 14.6-14.5 14.5 4.3 4.4 14.6-14.6 4.4-4.3-4.4-4.4-14.6-14.6z\"><\/path><\/svg>\n\t\t<\/button>\n\t\t<button class=\"espigul-house__item__gallery__arrow espigul-house__item__gallery__arrow--right\" aria-label=\"Next photo\" @click.stop=\"active === total - 1 ? active = 0 : active++\">\n\t\t\t<svg xmlns=\"http:\/\/www.w3.org\/2000\/svg\" viewBox=\"0 0 40 40\" width=\"40\" height=\"40\" focusable=\"false\"><path d=\"m15.5 0.932-4.3 4.38 14.5 14.6-14.5 14.5 4.3 4.4 14.6-14.6 4.4-4.3-4.4-4.4-14.6-14.6z\"><\/path><\/svg>\n\t\t<\/button>\n\t<\/div>\n\t<div class=\"espigul-house__item__body\">\n\t\t<div class=\"espigul-house__item__body__city\">Barcelona | REF 6341<\/div>\n\t\t<h2 class=\"espigul-house__item__body__title flex-grow\">\n\t\t\t<a href=\"https:\/\/www.espigul.com\/de\/immobles\/neubau-chalet-zum-verkauf-in-matadepera\/\" title=\"Neubau-Chalet zum Verkauf in Matadepera\">Neubau-Chalet zum Verkauf in Matadepera<\/a>\n\t\t<\/h2>\n\t\t<div class=\"espigul-house__item__body__price\">\n\t\t\t1.585.000\u00a0\u20ac\t\t<\/div>\n\t\t<div class=\"espigul-house__item__body__meta\">\n\t\t\t\t\t\t<div class=\"espigul-house__item__body__meta__item\">\n\t\t\t\t<span class=\"espigul-house__item__body__meta__item__label\">Fl\u00e4che<\/span>\n\t\t\t\t<span class=\"espigul-house__item__body__meta__item__value\">\n\t\t\t\t\t348 m<sup>2<\/sup>\t\t\t\t<\/span>\n\t\t\t<\/div>\n\t\t\t\t\t\t<div class=\"espigul-house__item__body__meta__item\">\n\t\t\t\t<span class=\"espigul-house__item__body__meta__item__label\">Schlafzimmer<\/span>\n\t\t\t\t<span class=\"espigul-house__item__body__meta__item__value\">\n\t\t\t\t\t05\t\t\t\t<\/span>\n\t\t\t<\/div>\n\t\t\t\t\t\t<div class=\"espigul-house__item__body__meta__item\">\n\t\t\t\t<span class=\"espigul-house__item__body__meta__item__label\">Badezimmer<\/span>\n\t\t\t\t<span class=\"espigul-house__item__body__meta__item__value\">\n\t\t\t\t\t04\t\t\t\t<\/span>\n\t\t\t<\/div>\n\t\t\t\t\t<\/div>\n\t<\/div>\n<\/div>\n\t\t\t\t\t<\/li>\n\t\t\t\t\t\t\t\t\t\t<li class=\"splide__slide\">\n\t\t\t\t\t<div class=\"espigul-house__item cursor-pointer\" onClick=\"window.location.assign('https:\/\/www.espigul.com\/de\/immobles\/exklusive-renovierte-immobilie-in-collserola-design-bergblick-und-absolute-ruhe\/');\">\n\t<div class=\"espigul-house__item__gallery espigul-house__item__photo\" x-data=\"{ active : 0, total: 3 }\">\n\t\t\t\t<ul class=\"espigul-house__item__gallery__items\">\n\t\t\t\t\t\t\t<li class=\"espigul-house__item__gallery__items__item\" x-bind:class=\"0 == active ? 'espigul-house__item__gallery__items__item--active': ''\">\n\t\t\t\t\t<img decoding=\"async\" src=\"https:\/\/www.espigul.com\/wp-content\/uploads\/2026\/08\/exclusiva-propiedad-reformada-en-collserola-diseno-vistas-a-la-montana-y-maxima-tranquilidad-27997735-1300x866.webp\" alt=\"Exklusive renovierte Immobilie in Collserola: Design, Bergblick und absolute Ruhe\" loading=\"lazy\" width=\"100%\" height=\"auto\">\n\t\t\t\t<\/li>\n\t\t\t\t\t\t\t<li class=\"espigul-house__item__gallery__items__item\" x-bind:class=\"1 == active ? 'espigul-house__item__gallery__items__item--active': ''\">\n\t\t\t\t\t<img decoding=\"async\" src=\"https:\/\/www.espigul.com\/wp-content\/uploads\/2026\/08\/exclusiva-propiedad-reformada-en-collserola-diseno-vistas-a-la-montana-y-maxima-tranquilidad-27997741-1300x866.webp\" alt=\"Exklusive renovierte Immobilie in Collserola: Design, Bergblick und absolute Ruhe\" loading=\"lazy\" width=\"100%\" height=\"auto\">\n\t\t\t\t<\/li>\n\t\t\t\t\t\t\t<li class=\"espigul-house__item__gallery__items__item\" x-bind:class=\"2 == active ? 'espigul-house__item__gallery__items__item--active': ''\">\n\t\t\t\t\t<img decoding=\"async\" src=\"https:\/\/www.espigul.com\/wp-content\/uploads\/2026\/08\/exclusiva-propiedad-reformada-en-collserola-diseno-vistas-a-la-montana-y-maxima-tranquilidad-27997739-1300x866.webp\" alt=\"Exklusive renovierte Immobilie in Collserola: Design, Bergblick und absolute Ruhe\" loading=\"lazy\" width=\"100%\" height=\"auto\">\n\t\t\t\t<\/li>\n\t\t\t\t\t<\/ul>\n\t\t<ul class=\"espigul-house__item__gallery__dots\">\n\t\t\t\t\t\t\t<li class=\"espigul-house__item__gallery__dots__item\" x-bind:class=\"0 == active ? 'espigul-house__item__gallery__dots__item--active': ''\">\n\t\t\t\t<\/li>\n\t\t\t\t\t\t\t<li class=\"espigul-house__item__gallery__dots__item\" x-bind:class=\"1 == active ? 'espigul-house__item__gallery__dots__item--active': ''\">\n\t\t\t\t<\/li>\n\t\t\t\t\t\t\t<li class=\"espigul-house__item__gallery__dots__item\" x-bind:class=\"2 == active ? 'espigul-house__item__gallery__dots__item--active': ''\">\n\t\t\t\t<\/li>\n\t\t\t\t\t<\/ul>\n\t\t<button class=\"espigul-house__item__gallery__arrow espigul-house__item__gallery__arrow--left\" aria-label=\"Previous photo\" @click.stop=\"active === 0 ? active = total - 1 : active--\">\n\t\t\t<svg xmlns=\"http:\/\/www.w3.org\/2000\/svg\" viewBox=\"0 0 40 40\" width=\"40\" height=\"40\" focusable=\"false\"><path d=\"m15.5 0.932-4.3 4.38 14.5 14.6-14.5 14.5 4.3 4.4 14.6-14.6 4.4-4.3-4.4-4.4-14.6-14.6z\"><\/path><\/svg>\n\t\t<\/button>\n\t\t<button class=\"espigul-house__item__gallery__arrow espigul-house__item__gallery__arrow--right\" aria-label=\"Next photo\" @click.stop=\"active === total - 1 ? active = 0 : active++\">\n\t\t\t<svg xmlns=\"http:\/\/www.w3.org\/2000\/svg\" viewBox=\"0 0 40 40\" width=\"40\" height=\"40\" focusable=\"false\"><path d=\"m15.5 0.932-4.3 4.38 14.5 14.6-14.5 14.5 4.3 4.4 14.6-14.6 4.4-4.3-4.4-4.4-14.6-14.6z\"><\/path><\/svg>\n\t\t<\/button>\n\t<\/div>\n\t<div class=\"espigul-house__item__body\">\n\t\t<div class=\"espigul-house__item__body__city\">Barcelona | REF 6333<\/div>\n\t\t<h2 class=\"espigul-house__item__body__title flex-grow\">\n\t\t\t<a href=\"https:\/\/www.espigul.com\/de\/immobles\/exklusive-renovierte-immobilie-in-collserola-design-bergblick-und-absolute-ruhe\/\" title=\"Exklusive renovierte Immobilie in Collserola: Design, Bergblick und absolute Ruhe\">Exklusive renovierte Immobilie in Collserola: Design, Bergblick und absolute Ruhe<\/a>\n\t\t<\/h2>\n\t\t<div class=\"espigul-house__item__body__price\">\n\t\t\t890.000\u00a0\u20ac\t\t<\/div>\n\t\t<div class=\"espigul-house__item__body__meta\">\n\t\t\t\t\t\t<div class=\"espigul-house__item__body__meta__item\">\n\t\t\t\t<span class=\"espigul-house__item__body__meta__item__label\">Fl\u00e4che<\/span>\n\t\t\t\t<span class=\"espigul-house__item__body__meta__item__value\">\n\t\t\t\t\t206 m<sup>2<\/sup>\t\t\t\t<\/span>\n\t\t\t<\/div>\n\t\t\t\t\t\t<div class=\"espigul-house__item__body__meta__item\">\n\t\t\t\t<span class=\"espigul-house__item__body__meta__item__label\">Schlafzimmer<\/span>\n\t\t\t\t<span class=\"espigul-house__item__body__meta__item__value\">\n\t\t\t\t\t04\t\t\t\t<\/span>\n\t\t\t<\/div>\n\t\t\t\t\t\t<div class=\"espigul-house__item__body__meta__item\">\n\t\t\t\t<span class=\"espigul-house__item__body__meta__item__label\">Badezimmer<\/span>\n\t\t\t\t<span class=\"espigul-house__item__body__meta__item__value\">\n\t\t\t\t\t04\t\t\t\t<\/span>\n\t\t\t<\/div>\n\t\t\t\t\t<\/div>\n\t<\/div>\n<\/div>\n\t\t\t\t\t<\/li>\n\t\t\t\t\t\t\t\t\t\t<li class=\"splide__slide\">\n\t\t\t\t\t<div class=\"espigul-house__item cursor-pointer\" onClick=\"window.location.assign('https:\/\/www.espigul.com\/de\/immobles\/mediterranes-haus-mit-meerblick-und-beheiztem-pool-in-sant-andreu-de-llavaneres\/');\">\n\t<div class=\"espigul-house__item__gallery espigul-house__item__photo\" x-data=\"{ active : 0, total: 3 }\">\n\t\t\t\t<ul class=\"espigul-house__item__gallery__items\">\n\t\t\t\t\t\t\t<li class=\"espigul-house__item__gallery__items__item\" x-bind:class=\"0 == active ? 'espigul-house__item__gallery__items__item--active': ''\">\n\t\t\t\t\t<img decoding=\"async\" src=\"https:\/\/www.espigul.com\/wp-content\/uploads\/2026\/08\/casa-de-estilo-mediterraneo-con-vistas-al-mar-y-piscina-climatizada-en-sant-andreu-de-llavaneres-27979260-1300x866.webp\" alt=\"Mediterranes Haus mit Meerblick und beheiztem Pool in Sant Andreu de Llavaneres\" loading=\"lazy\" width=\"100%\" height=\"auto\">\n\t\t\t\t<\/li>\n\t\t\t\t\t\t\t<li class=\"espigul-house__item__gallery__items__item\" x-bind:class=\"1 == active ? 'espigul-house__item__gallery__items__item--active': ''\">\n\t\t\t\t\t<img decoding=\"async\" src=\"https:\/\/www.espigul.com\/wp-content\/uploads\/2026\/08\/casa-de-estilo-mediterraneo-con-vistas-al-mar-y-piscina-climatizada-en-sant-andreu-de-llavaneres-27979305-1300x866.webp\" alt=\"Mediterranes Haus mit Meerblick und beheiztem Pool in Sant Andreu de Llavaneres\" loading=\"lazy\" width=\"100%\" height=\"auto\">\n\t\t\t\t<\/li>\n\t\t\t\t\t\t\t<li class=\"espigul-house__item__gallery__items__item\" x-bind:class=\"2 == active ? 'espigul-house__item__gallery__items__item--active': ''\">\n\t\t\t\t\t<img decoding=\"async\" src=\"https:\/\/www.espigul.com\/wp-content\/uploads\/2026\/08\/casa-de-estilo-mediterraneo-con-vistas-al-mar-y-piscina-climatizada-en-sant-andreu-de-llavaneres-27979310-1300x866.webp\" alt=\"Mediterranes Haus mit Meerblick und beheiztem Pool in Sant Andreu de Llavaneres\" loading=\"lazy\" width=\"100%\" height=\"auto\">\n\t\t\t\t<\/li>\n\t\t\t\t\t<\/ul>\n\t\t<ul class=\"espigul-house__item__gallery__dots\">\n\t\t\t\t\t\t\t<li class=\"espigul-house__item__gallery__dots__item\" x-bind:class=\"0 == active ? 'espigul-house__item__gallery__dots__item--active': ''\">\n\t\t\t\t<\/li>\n\t\t\t\t\t\t\t<li class=\"espigul-house__item__gallery__dots__item\" x-bind:class=\"1 == active ? 'espigul-house__item__gallery__dots__item--active': ''\">\n\t\t\t\t<\/li>\n\t\t\t\t\t\t\t<li class=\"espigul-house__item__gallery__dots__item\" x-bind:class=\"2 == active ? 'espigul-house__item__gallery__dots__item--active': ''\">\n\t\t\t\t<\/li>\n\t\t\t\t\t<\/ul>\n\t\t<button class=\"espigul-house__item__gallery__arrow espigul-house__item__gallery__arrow--left\" aria-label=\"Previous photo\" @click.stop=\"active === 0 ? active = total - 1 : active--\">\n\t\t\t<svg xmlns=\"http:\/\/www.w3.org\/2000\/svg\" viewBox=\"0 0 40 40\" width=\"40\" height=\"40\" focusable=\"false\"><path d=\"m15.5 0.932-4.3 4.38 14.5 14.6-14.5 14.5 4.3 4.4 14.6-14.6 4.4-4.3-4.4-4.4-14.6-14.6z\"><\/path><\/svg>\n\t\t<\/button>\n\t\t<button class=\"espigul-house__item__gallery__arrow espigul-house__item__gallery__arrow--right\" aria-label=\"Next photo\" @click.stop=\"active === total - 1 ? active = 0 : active++\">\n\t\t\t<svg xmlns=\"http:\/\/www.w3.org\/2000\/svg\" viewBox=\"0 0 40 40\" width=\"40\" height=\"40\" focusable=\"false\"><path d=\"m15.5 0.932-4.3 4.38 14.5 14.6-14.5 14.5 4.3 4.4 14.6-14.6 4.4-4.3-4.4-4.4-14.6-14.6z\"><\/path><\/svg>\n\t\t<\/button>\n\t<\/div>\n\t<div class=\"espigul-house__item__body\">\n\t\t<div class=\"espigul-house__item__body__city\">Maresme | REF 6435<\/div>\n\t\t<h2 class=\"espigul-house__item__body__title flex-grow\">\n\t\t\t<a href=\"https:\/\/www.espigul.com\/de\/immobles\/mediterranes-haus-mit-meerblick-und-beheiztem-pool-in-sant-andreu-de-llavaneres\/\" title=\"Mediterranes Haus mit Meerblick und beheiztem Pool in Sant Andreu de Llavaneres\">Mediterranes Haus mit Meerblick und beheiztem Pool in Sant Andreu de Llavaneres<\/a>\n\t\t<\/h2>\n\t\t<div class=\"espigul-house__item__body__price\">\n\t\t\t970.000\u00a0\u20ac\t\t<\/div>\n\t\t<div class=\"espigul-house__item__body__meta\">\n\t\t\t\t\t\t<div class=\"espigul-house__item__body__meta__item\">\n\t\t\t\t<span class=\"espigul-house__item__body__meta__item__label\">Fl\u00e4che<\/span>\n\t\t\t\t<span class=\"espigul-house__item__body__meta__item__value\">\n\t\t\t\t\t330 m<sup>2<\/sup>\t\t\t\t<\/span>\n\t\t\t<\/div>\n\t\t\t\t\t\t<div class=\"espigul-house__item__body__meta__item\">\n\t\t\t\t<span class=\"espigul-house__item__body__meta__item__label\">Schlafzimmer<\/span>\n\t\t\t\t<span class=\"espigul-house__item__body__meta__item__value\">\n\t\t\t\t\t06\t\t\t\t<\/span>\n\t\t\t<\/div>\n\t\t\t\t\t\t<div class=\"espigul-house__item__body__meta__item\">\n\t\t\t\t<span class=\"espigul-house__item__body__meta__item__label\">Badezimmer<\/span>\n\t\t\t\t<span class=\"espigul-house__item__body__meta__item__value\">\n\t\t\t\t\t04\t\t\t\t<\/span>\n\t\t\t<\/div>\n\t\t\t\t\t<\/div>\n\t<\/div>\n<\/div>\n\t\t\t\t\t<\/li>\n\t\t\t\t\t\t\t\t\t\t<li class=\"splide__slide\">\n\t\t\t\t\t<div class=\"espigul-house__item cursor-pointer\" onClick=\"window.location.assign('https:\/\/www.espigul.com\/de\/immobles\/exklusive-wohnung-direkt-am-meer-in-einem-gebaeude-von-ricardo-bofill\/');\">\n\t<div class=\"espigul-house__item__gallery espigul-house__item__photo\" x-data=\"{ active : 0, total: 3 }\">\n\t\t\t\t<ul class=\"espigul-house__item__gallery__items\">\n\t\t\t\t\t\t\t<li class=\"espigul-house__item__gallery__items__item\" x-bind:class=\"0 == active ? 'espigul-house__item__gallery__items__item--active': ''\">\n\t\t\t\t\t<img decoding=\"async\" src=\"https:\/\/www.espigul.com\/wp-content\/uploads\/2026\/08\/exclusiva-vivienda-frente-al-mar-en-edificio-de-ricardo-bofill-27962113-1300x866.webp\" alt=\"Exklusive Wohnung direkt am Meer in einem Geb\u00e4ude von Ricardo Bofill\" loading=\"lazy\" width=\"100%\" height=\"auto\">\n\t\t\t\t<\/li>\n\t\t\t\t\t\t\t<li class=\"espigul-house__item__gallery__items__item\" x-bind:class=\"1 == active ? 'espigul-house__item__gallery__items__item--active': ''\">\n\t\t\t\t\t<img decoding=\"async\" src=\"https:\/\/www.espigul.com\/wp-content\/uploads\/2026\/08\/exclusiva-vivienda-frente-al-mar-en-edificio-de-ricardo-bofill-27962112-1300x866.webp\" alt=\"Exklusive Wohnung direkt am Meer in einem Geb\u00e4ude von Ricardo Bofill\" loading=\"lazy\" width=\"100%\" height=\"auto\">\n\t\t\t\t<\/li>\n\t\t\t\t\t\t\t<li class=\"espigul-house__item__gallery__items__item\" x-bind:class=\"2 == active ? 'espigul-house__item__gallery__items__item--active': ''\">\n\t\t\t\t\t<img decoding=\"async\" src=\"https:\/\/www.espigul.com\/wp-content\/uploads\/2026\/08\/exclusiva-vivienda-frente-al-mar-en-edificio-de-ricardo-bofill-27962114-1300x866.webp\" alt=\"Exklusive Wohnung direkt am Meer in einem Geb\u00e4ude von Ricardo Bofill\" loading=\"lazy\" width=\"100%\" height=\"auto\">\n\t\t\t\t<\/li>\n\t\t\t\t\t<\/ul>\n\t\t<ul class=\"espigul-house__item__gallery__dots\">\n\t\t\t\t\t\t\t<li class=\"espigul-house__item__gallery__dots__item\" x-bind:class=\"0 == active ? 'espigul-house__item__gallery__dots__item--active': ''\">\n\t\t\t\t<\/li>\n\t\t\t\t\t\t\t<li class=\"espigul-house__item__gallery__dots__item\" x-bind:class=\"1 == active ? 'espigul-house__item__gallery__dots__item--active': ''\">\n\t\t\t\t<\/li>\n\t\t\t\t\t\t\t<li class=\"espigul-house__item__gallery__dots__item\" x-bind:class=\"2 == active ? 'espigul-house__item__gallery__dots__item--active': ''\">\n\t\t\t\t<\/li>\n\t\t\t\t\t<\/ul>\n\t\t<button class=\"espigul-house__item__gallery__arrow espigul-house__item__gallery__arrow--left\" aria-label=\"Previous photo\" @click.stop=\"active === 0 ? active = total - 1 : active--\">\n\t\t\t<svg xmlns=\"http:\/\/www.w3.org\/2000\/svg\" viewBox=\"0 0 40 40\" width=\"40\" height=\"40\" focusable=\"false\"><path d=\"m15.5 0.932-4.3 4.38 14.5 14.6-14.5 14.5 4.3 4.4 14.6-14.6 4.4-4.3-4.4-4.4-14.6-14.6z\"><\/path><\/svg>\n\t\t<\/button>\n\t\t<button class=\"espigul-house__item__gallery__arrow espigul-house__item__gallery__arrow--right\" aria-label=\"Next photo\" @click.stop=\"active === total - 1 ? active = 0 : active++\">\n\t\t\t<svg xmlns=\"http:\/\/www.w3.org\/2000\/svg\" viewBox=\"0 0 40 40\" width=\"40\" height=\"40\" focusable=\"false\"><path d=\"m15.5 0.932-4.3 4.38 14.5 14.6-14.5 14.5 4.3 4.4 14.6-14.6 4.4-4.3-4.4-4.4-14.6-14.6z\"><\/path><\/svg>\n\t\t<\/button>\n\t<\/div>\n\t<div class=\"espigul-house__item__body\">\n\t\t<div class=\"espigul-house__item__body__city\">Barcelona | REF 4953<\/div>\n\t\t<h2 class=\"espigul-house__item__body__title flex-grow\">\n\t\t\t<a href=\"https:\/\/www.espigul.com\/de\/immobles\/exklusive-wohnung-direkt-am-meer-in-einem-gebaeude-von-ricardo-bofill\/\" title=\"Exklusive Wohnung direkt am Meer in einem Geb\u00e4ude von Ricardo Bofill\">Exklusive Wohnung direkt am Meer in einem Geb\u00e4ude von Ricardo Bofill<\/a>\n\t\t<\/h2>\n\t\t<div class=\"espigul-house__item__body__price\">\n\t\t\t1.050.000\u00a0\u20ac\t\t<\/div>\n\t\t<div class=\"espigul-house__item__body__meta\">\n\t\t\t\t\t\t<div class=\"espigul-house__item__body__meta__item\">\n\t\t\t\t<span class=\"espigul-house__item__body__meta__item__label\">Fl\u00e4che<\/span>\n\t\t\t\t<span class=\"espigul-house__item__body__meta__item__value\">\n\t\t\t\t\t144 m<sup>2<\/sup>\t\t\t\t<\/span>\n\t\t\t<\/div>\n\t\t\t\t\t\t<div class=\"espigul-house__item__body__meta__item\">\n\t\t\t\t<span class=\"espigul-house__item__body__meta__item__label\">Schlafzimmer<\/span>\n\t\t\t\t<span class=\"espigul-house__item__body__meta__item__value\">\n\t\t\t\t\t03\t\t\t\t<\/span>\n\t\t\t<\/div>\n\t\t\t\t\t\t<div class=\"espigul-house__item__body__meta__item\">\n\t\t\t\t<span class=\"espigul-house__item__body__meta__item__label\">Badezimmer<\/span>\n\t\t\t\t<span class=\"espigul-house__item__body__meta__item__value\">\n\t\t\t\t\t03\t\t\t\t<\/span>\n\t\t\t<\/div>\n\t\t\t\t\t<\/div>\n\t<\/div>\n<\/div>\n\t\t\t\t\t<\/li>\n\t\t\t\t\t\t\t\t<\/ul>\n\t\t<\/div>\n\t<\/div>\n<\/div>\n<script>\n\tdocument.addEventListener( 'DOMContentLoaded', function() {\n\t\tvar main = new Splide( '#carousel-2590785', {\n\t\t\tfixedWidth: '90vw',\n\t\t\tgap: '0.5rem',\n\t\t\tpagination: false,\n\t\t\tarrows: true,\n\t\t\tpadding: '1rem',\n\t\t\tmediaQuery: 'min',\n\t\t\tbreakpoints: {\n\t\t\t\t720: {\n\t\t\t\t\tfixedWidth: null,\n\t\t\t\t\tperPage: 3,\n\t\t\t\t\tarrows: true,\n\t\t\t\t},\n\t\t\t\t1024: {\n\t\t\t\t\tperPage: 4\n\t\t\t\t},\n\t\t}\n\t\t} );\n\t\tmain.mount();\n\t} );\n<\/script>\n<\/div><\/div>\n\n<div class=\"wp-block-uagb-container container-content-small uagb-layout-grid uagb-block-e8b3830e alignfull uagb-is-root-container\"><div class=\"uagb-container-inner-blocks-wrap\">\n<div class=\"wp-block-uagb-container uagb-block-eae8297c\">\n<div class=\"wp-block-group is-layout-constrained wp-block-group-is-layout-constrained\">\n<h2 class=\"wp-block-heading has-white-color has-text-color\">Wir bauen Zukunft, wir achten auf jedes Detail.<\/h2>\n\n\n\n<p class=\"has-white-color has-text-color wp-block-paragraph\">Hinter jedem Projekt steckt viel mehr als nur ein Ergebnis. In diesen Reels zeigen wir den Prozess, die Absicht und die Sorgfalt in jedem Detail, wo jede Entscheidung Teil von etwas Gr\u00f6\u00dferem ist: mit Sinn und Pr\u00e4zision zu bauen. <\/p>\n<\/div>\n\n\n<div class=\"wp-block-espigul-button\">\n\t<a\n\t\thref=\"https:\/\/www.instagram.com\/immoespigul\/\"\n\t\tclass=\"wp-block-espigul-button__link\"\n\t\ttarget=\"_blank\" rel=\"noopener noreferrer\"\t>\n\t\t\t\t\t<span class=\"wp-block-espigul-button__text\">Ver m\u00e1s reels<\/span>\n\t\t\t\t\t\t\t<span class=\"wp-block-espigul-button__icon\">\n\t\t\t\t\t<svg viewBox=\"0 0 24 24\" class=\"icon icon--arrow-diagonal \" xmlns=http:\/\/www.w3.org\/2000\/svg role=\"img\" >\n\t\t<use xlink:href=\"https:\/\/www.espigul.com\/wp-content\/themes\/espigul\/static\/images\/icons.svg#arrow-diagonal\"><\/use>\n\t<\/svg>\n\t\t\t\t<\/span>\n\t\t\t<\/a>\n<\/div>\n<\/div>\n\n\n\n<div class=\"wp-block-uagb-container uagb-layout-flex uagb-block-741747d3\"><div class=\"publicacions-slider-padding\">\n    <div class=\"swiper publicacions publicacions-slider\">\n        <div class=\"swiper-wrapper\">\n            <div class=\"swiper-slide\">\n    <div class=\"js-player\">\n        <iframe loading=\"lazy\" title=\"Casa de dise\u00f1o en Vallromanes\" width=\"563\" height=\"1000\" src=\"https:\/\/www.youtube.com\/embed\/NpZhXQsej5w?feature=oembed\" frameborder=\"0\" allow=\"accelerometer; autoplay; clipboard-write; encrypted-media; gyroscope; picture-in-picture; web-share\" referrerpolicy=\"strict-origin-when-cross-origin\" allowfullscreen><\/iframe>    <\/div>\n<\/div>\n<div class=\"swiper-slide\">\n    <div class=\"js-player\">\n        <iframe loading=\"lazy\" title=\"Joya modernista en el coraz\u00f3n del Quadrat d&amp;apos;Or\" width=\"563\" height=\"1000\" src=\"https:\/\/www.youtube.com\/embed\/4aAHNhb-TWw?feature=oembed\" frameborder=\"0\" allow=\"accelerometer; autoplay; clipboard-write; encrypted-media; gyroscope; picture-in-picture; web-share\" referrerpolicy=\"strict-origin-when-cross-origin\" allowfullscreen><\/iframe>    <\/div>\n<\/div>\n<div class=\"swiper-slide\">\n    <div class=\"js-player\">\n        <iframe loading=\"lazy\" title=\"Pis de 4 habitacions, terrassa i zona comunit\u00e0ria davant del Parc de la Pollancreda, Sant Cugat\" width=\"563\" height=\"1000\" src=\"https:\/\/www.youtube.com\/embed\/OfBJhF14iQA?feature=oembed\" frameborder=\"0\" allow=\"accelerometer; autoplay; clipboard-write; encrypted-media; gyroscope; picture-in-picture; web-share\" referrerpolicy=\"strict-origin-when-cross-origin\" allowfullscreen><\/iframe>    <\/div>\n<\/div>\n<div class=\"swiper-slide\">\n    <div class=\"js-player\">\n        <iframe loading=\"lazy\" title=\"Piso reformado en Passeig Sant Joan\" width=\"563\" height=\"1000\" src=\"https:\/\/www.youtube.com\/embed\/-i67rBQCHME?feature=oembed\" frameborder=\"0\" allow=\"accelerometer; autoplay; clipboard-write; encrypted-media; gyroscope; picture-in-picture; web-share\" referrerpolicy=\"strict-origin-when-cross-origin\" allowfullscreen><\/iframe>    <\/div>\n<\/div>\n        <\/div>\n    <\/div>\n<\/div>\n\n<script>\n    document.addEventListener('DOMContentLoaded', () => {\n        if (typeof Swiper !== 'undefined') {\n            document.querySelectorAll('.publicacions-slider.swiper').forEach((el) => {\n                new Swiper(el, {\n                    slidesPerView: 1.25,\n                    spaceBetween: 16,\n                    grabCursor: true,\n                    freeMode: {\n                        enabled: true,\n                    },\n                    allowTouchMove: true,\n                    simulateTouch: true,\n                    mousewheel: false,\n                    breakpoints: {\n                        768: {\n                            slidesPerView: 2\n                        },\n                        1024: {\n                            slidesPerView: 3\n                        }\n                    }\n                });\n            });\n        }\n\n        if (typeof Plyr !== 'undefined') {\n            Plyr.setup('.js-player', {\n                controls: ['play'],\n                youtube: {\n                    controls: 0,\n                    modestbranding: 1,\n                    rel: 0,\n                    showinfo: 0,\n                    iv_load_policy: 3,\n                }\n            });\n        }\n\n        document.querySelectorAll('.plyr__video-wrapper').forEach((wrapper) => {\n            wrapper.addEventListener('click', (e) => {\n                e.stopPropagation();\n                e.preventDefault();\n            });\n        });\n    });\n<\/script>\n<\/div>\n<\/div><\/div>\n\n<div class=\"wp-block-uagb-container uagb-block-5abf679f alignfull uagb-is-root-container\"><div class=\"uagb-container-inner-blocks-wrap\">\n<div class=\"wp-block-uagb-container uagb-block-feb3845e\">\n<h2 class=\"wp-block-heading has-text-align-center\" style=\"margin-top:0;margin-bottom:0\">Alle unsere Dienstleistungen<\/h2>\n\n\n\n<p class=\"has-text-align-center has-seasons-font-family has-large-font-size wp-block-paragraph\">ESP\u00cdGUL ist mehr als eine Immobilienagentur: Wir sind ein Unternehmen, das alle notwendigen Prozesse und Dienstleistungen umfasst, um sicherzustellen, dass Ihre Erfahrung bei der Zusammenarbeit mit uns perfekt ist.<\/p>\n<\/div>\n<\/div><\/div>\n\n<div class=\"wp-block-uagb-container uagb-block-266ab1a8 alignfull uagb-is-root-container\"><div class=\"uagb-container-inner-blocks-wrap\"><a\n\thref=\"https:\/\/www.espigul.com\/de\/verkauf\/\"\n\ttarget=\"\"\n\tclass=\"wp-block-acf-service\"\n\tstyle=\"background-image: url('https:\/\/www.espigul.com\/wp-content\/uploads\/2026\/09\/home-finestres.jpg');\">\n\t<div class=\"wp-block-acf-service__overlay\">\n\t\t\t\t\t<h3 class=\"wp-block-acf-service__title\">SERVICIOS INMOBILIARIOS<\/h3>\n\t\t\t\t\t\t\t<div class=\"wp-block-acf-service__description\">PERS\u00d6NLICHE BERATUNG, MARKTKENNTNISSE UND EINE PERS\u00d6NLICHE BETREUUNG, UM DIE IDEALE IMMOBILIE ZU FINDEN<\/div>\n\t\t\t<\/div>\n<\/a>\n\n\n<a\n\thref=\"https:\/\/www.espigul.com\/es\/obra-nueva\/\"\n\ttarget=\"\"\n\tclass=\"wp-block-acf-service\"\n\tstyle=\"background-image: url('https:\/\/www.espigul.com\/wp-content\/uploads\/2026\/09\/home-escales.jpg');\">\n\t<div class=\"wp-block-acf-service__overlay\">\n\t\t\t\t\t<h3 class=\"wp-block-acf-service__title\">Obra nueva<\/h3>\n\t\t\t\t\t\t\t<div class=\"wp-block-acf-service__description\">ZEITGEN\u00d6SSISCHES DESIGN, EFFIZIENZ UND R\u00c4UME, DIE DARAUF AUSGELEGT SIND, KOMFORT, FUNKTIONALIT\u00c4T\r\nUND LEBENSQUALIT\u00c4T ZU BIETEN<\/div>\n\t\t\t<\/div>\n<\/a>\n\n\n<a\n\thref=\"https:\/\/www.espigul.com\/es\/constructora\/\"\n\ttarget=\"\"\n\tclass=\"wp-block-acf-service\"\n\tstyle=\"background-image: url('https:\/\/www.espigul.com\/wp-content\/uploads\/2026\/09\/home-maons.jpg');\">\n\t<div class=\"wp-block-acf-service__overlay\">\n\t\t\t\t\t<h3 class=\"wp-block-acf-service__title\">Bauunternehmen<\/h3>\n\t\t\t\t\t\t\t<div class=\"wp-block-acf-service__description\">DIE BESTEN MATERIALIEN, DIE NEUESTEN BAUSYSTEME UND DIE SORGFALT F\u00dcR DAS ENDG\u00dcLTIGE FINISH<\/div>\n\t\t\t<\/div>\n<\/a>\n<\/div><\/div>\n\n<div class=\"wp-block-uagb-container uagb-block-2733a78d alignfull uagb-is-root-container\"><div class=\"uagb-container-inner-blocks-wrap\">\n<div class=\"wp-block-uagb-container uagb-block-c54df9a8\">\n<h2 class=\"wp-block-heading has-text-align-center\" style=\"margin-top:0;margin-bottom:0\">Neueste Nachrichten aus dem Immobiliensektor<\/h2>\n\n\n\n<p class=\"has-text-align-center has-seasons-font-family has-large-font-size wp-block-paragraph\">Bleiben Sie auf dem Laufenden \u00fcber Neuigkeiten, Ver\u00e4nderungen und Trends, die den Immobiliensektor pr\u00e4gen. Alle Nachrichten zusammengestellt, damit Sie nichts verpassen. <\/p>\n<\/div>\n\n\n<div class=\"espigul-slider wp-block-espigul-espigul-posts\">\n\t<div id=\"carousel-7514464\" class=\"splide\">\n\t\t<div class=\"splide__arrows\">\n\t\t\t<button class=\"splide__arrow splide__arrow--prev\">\n\t\t\t\t\t<svg viewBox=\"0 0 24 24\" class=\"icon icon--carousel-arrow-right w-4 h-4\" xmlns=http:\/\/www.w3.org\/2000\/svg role=\"img\" >\n\t\t<use xlink:href=\"https:\/\/www.espigul.com\/wp-content\/themes\/espigul\/static\/images\/icons.svg#carousel-arrow-right\"><\/use>\n\t<\/svg>\n\t\t\t\t<\/button>\n\t\t\t<button class=\"splide__arrow splide__arrow--next\">\n\t\t\t\t\t<svg viewBox=\"0 0 24 24\" class=\"icon icon--carousel-arrow-right w-4 h-4\" xmlns=http:\/\/www.w3.org\/2000\/svg role=\"img\" >\n\t\t<use xlink:href=\"https:\/\/www.espigul.com\/wp-content\/themes\/espigul\/static\/images\/icons.svg#carousel-arrow-right\"><\/use>\n\t<\/svg>\n\t\t\t\t<\/button>\n\t\t<\/div>\n\t\t<div class=\"splide__track\">\n\t\t\t<ul class=\"splide__list\">\n\t\t\t\t\t\t\t\t<li class=\"splide__slide\">\n\t\t\t\t\t<article class=\"loop post-164168 post type-post status-publish format-standard has-post-thumbnail hentry category-nicht-kategorisiert\" onClick=\"window.location.assign('https:\/\/www.espigul.com\/de\/codigo-registral-unico-was-ist-das-und-wie-findet-man-es\/');\">\n\t<span class=\"loop__date uppercase\">27. August 2026<\/span>\n\t<div class=\"loop__thumbnail mb-4 cursor-pointer bg-gray-700\">\n\t\t\t\t\t<img loading=\"lazy\" decoding=\"async\" width=\"840\" height=\"472\" src=\"https:\/\/www.espigul.com\/wp-content\/uploads\/2025\/08\/codigo-registral-unico.jpg\" class=\" wp-post-image\" alt=\"Einheitlicher Registercode\" srcset=\"https:\/\/www.espigul.com\/wp-content\/uploads\/2025\/08\/codigo-registral-unico.jpg 840w, https:\/\/www.espigul.com\/wp-content\/uploads\/2025\/08\/codigo-registral-unico-400x225.jpg 400w, https:\/\/www.espigul.com\/wp-content\/uploads\/2025\/08\/codigo-registral-unico-768x432.jpg 768w\" sizes=\"auto, (max-width: 840px) 100vw, 840px\" \/>\t\t\t<\/div>\n\t<div class=\"loop__body\">\n\t\t\t\t<h2 class=\"loop__title text-xl\">\n\t\t\t<a href=\"https:\/\/www.espigul.com\/de\/codigo-registral-unico-was-ist-das-und-wie-findet-man-es\/\" title=\"C\u00f3digo Registral \u00danico: Was ist das und wie findet man es?\">C\u00f3digo Registral \u00danico: Was ist das und wie findet man es?<\/a>\n\t\t<\/h2>\n\t\t<p>Wenn Sie eine Immobilie kaufen, verkaufen oder Verfahren im Zusammenhang mit einer Wohnung durchf\u00fchren m\u00f6chten, werden Sie h\u00e4ufig auf verschiedene Kennungen der Immobilie sto\u00dfen. Eine davon ist der C\u00f3digo Registral \u00danico (CRU), ein Code, der es erm\u00f6glicht, ein Grundst\u00fcck im Grundbuch eindeutig zu identifizieren. Zu wissen, was der CRU ist, wozu er dient und wie&#8230;<\/p>\n\t<\/div>\n<\/article>\n\t\t\t\t\t<\/li>\n\t\t\t\t\t\t\t\t\t\t<li class=\"splide__slide\">\n\t\t\t\t\t<article class=\"loop post-185007 post type-post status-publish format-standard has-post-thumbnail hentry category-nicht-kategorisiert\" onClick=\"window.location.assign('https:\/\/www.espigul.com\/de\/wie-haelt-man-das-haus-im-sommer-kuehl\/');\">\n\t<span class=\"loop__date uppercase\">29. Juli 2026<\/span>\n\t<div class=\"loop__thumbnail mb-4 cursor-pointer bg-gray-700\">\n\t\t\t\t\t<img loading=\"lazy\" decoding=\"async\" width=\"840\" height=\"472\" src=\"https:\/\/www.espigul.com\/wp-content\/uploads\/2024\/06\/como-mantener-la-casa-fresca.jpg\" class=\" wp-post-image\" alt=\"Como mantener la casa fresca\" srcset=\"https:\/\/www.espigul.com\/wp-content\/uploads\/2024\/06\/como-mantener-la-casa-fresca.jpg 840w, https:\/\/www.espigul.com\/wp-content\/uploads\/2024\/06\/como-mantener-la-casa-fresca-400x225.jpg 400w, https:\/\/www.espigul.com\/wp-content\/uploads\/2024\/06\/como-mantener-la-casa-fresca-768x432.jpg 768w\" sizes=\"auto, (max-width: 840px) 100vw, 840px\" \/>\t\t\t<\/div>\n\t<div class=\"loop__body\">\n\t\t\t\t<h2 class=\"loop__title text-xl\">\n\t\t\t<a href=\"https:\/\/www.espigul.com\/de\/wie-haelt-man-das-haus-im-sommer-kuehl\/\" title=\"Wie h\u00e4lt man das Haus im Sommer k\u00fchl?\">Wie h\u00e4lt man das Haus im Sommer k\u00fchl?<\/a>\n\t\t<\/h2>\n\t\t<p>Wenn der Sommer kommt, k\u00f6nnen hohe Temperaturen unser Zuhause in einen echten Ofen verwandeln und unser Wohlbefinden beeintr\u00e4chtigen. Eine angenehme Temperatur im Haus zu halten, ist wichtig, um sich wohlzuf\u00fchlen, aber es ist nicht immer notwendig, auf eine Klimaanlage zur\u00fcckzugreifen, die die Stromrechnung in die H\u00f6he treiben kann. In diesem Beitrag werden wir verschiedene Tipps&#8230;<\/p>\n\t<\/div>\n<\/article>\n\t\t\t\t\t<\/li>\n\t\t\t\t\t\t\t\t\t\t<li class=\"splide__slide\">\n\t\t\t\t\t<article class=\"loop post-186870 post type-post status-publish format-standard has-post-thumbnail hentry category-nicht-kategorisiert\" onClick=\"window.location.assign('https:\/\/www.espigul.com\/de\/wie-kann-man-in-wohnraum-investieren\/');\">\n\t<span class=\"loop__date uppercase\">25. Juni 2026<\/span>\n\t<div class=\"loop__thumbnail mb-4 cursor-pointer bg-gray-700\">\n\t\t\t\t\t<img loading=\"lazy\" decoding=\"async\" width=\"840\" height=\"472\" src=\"https:\/\/www.espigul.com\/wp-content\/uploads\/2024\/04\/inversion-viviendas.jpg\" class=\" wp-post-image\" alt=\"c\u00f3mo invertir en viviendas\" srcset=\"https:\/\/www.espigul.com\/wp-content\/uploads\/2024\/04\/inversion-viviendas.jpg 840w, https:\/\/www.espigul.com\/wp-content\/uploads\/2024\/04\/inversion-viviendas-400x225.jpg 400w, https:\/\/www.espigul.com\/wp-content\/uploads\/2024\/04\/inversion-viviendas-768x432.jpg 768w\" sizes=\"auto, (max-width: 840px) 100vw, 840px\" \/>\t\t\t<\/div>\n\t<div class=\"loop__body\">\n\t\t\t\t<h2 class=\"loop__title text-xl\">\n\t\t\t<a href=\"https:\/\/www.espigul.com\/de\/wie-kann-man-in-wohnraum-investieren\/\" title=\"Wie kann man in Wohnraum investieren?\">Wie kann man in Wohnraum investieren?<\/a>\n\t\t<\/h2>\n\t\t<p>Die Investition in Immobilien kann eine der wichtigsten und rentabelsten Entscheidungen sein, die man treffen kann. Diese Option mag zwar anfangs schwierig erscheinen, aber mit der richtigen Anleitung und einer gut durchdachten Strategie kann sie sich zu einer wichtigen langfristigen Einnahmequelle entwickeln. Im Folgenden werden wir untersuchen, wie man in Wohnraum investiert, praktische Tipps zur&#8230;<\/p>\n\t<\/div>\n<\/article>\n\t\t\t\t\t<\/li>\n\t\t\t\t\t\t\t\t\t\t<li class=\"splide__slide\">\n\t\t\t\t\t<article class=\"loop post-186857 post type-post status-publish format-standard has-post-thumbnail hentry category-nicht-kategorisiert\" onClick=\"window.location.assign('https:\/\/www.espigul.com\/de\/ist-es-eine-gute-idee-vom-plan-zu-kaufen\/');\">\n\t<span class=\"loop__date uppercase\">28. Mai 2026<\/span>\n\t<div class=\"loop__thumbnail mb-4 cursor-pointer bg-gray-700\">\n\t\t\t\t\t<img loading=\"lazy\" decoding=\"async\" width=\"840\" height=\"472\" src=\"https:\/\/www.espigul.com\/wp-content\/uploads\/2024\/04\/comprar-sobre-pla.jpg\" class=\" wp-post-image\" alt=\"comprar sobre plano\" srcset=\"https:\/\/www.espigul.com\/wp-content\/uploads\/2024\/04\/comprar-sobre-pla.jpg 840w, https:\/\/www.espigul.com\/wp-content\/uploads\/2024\/04\/comprar-sobre-pla-400x225.jpg 400w, https:\/\/www.espigul.com\/wp-content\/uploads\/2024\/04\/comprar-sobre-pla-768x432.jpg 768w\" sizes=\"auto, (max-width: 840px) 100vw, 840px\" \/>\t\t\t<\/div>\n\t<div class=\"loop__body\">\n\t\t\t\t<h2 class=\"loop__title text-xl\">\n\t\t\t<a href=\"https:\/\/www.espigul.com\/de\/ist-es-eine-gute-idee-vom-plan-zu-kaufen\/\" title=\"Ist es eine gute Idee, vom Plan zu kaufen?\">Ist es eine gute Idee, vom Plan zu kaufen?<\/a>\n\t\t<\/h2>\n\t\t<p>Eine Wohnung vom Plan zu kaufen bedeutet, eine Immobilie zu erwerben, bevor sie gebaut wurde, und sich dabei nur auf das architektonische Projekt und die Versprechungen des Bautr\u00e4gers zu verlassen. Diese Art des Erwerbs mag auf den ersten Blick riskant erscheinen, bietet aber eine Reihe von Vorteilen sowohl f\u00fcr K\u00e4ufer als auch f\u00fcr Bautr\u00e4ger. Im&#8230;<\/p>\n\t<\/div>\n<\/article>\n\t\t\t\t\t<\/li>\n\t\t\t\t\t\t\t\t\t\t<li class=\"splide__slide\">\n\t\t\t\t\t<article class=\"loop post-186918 post type-post status-publish format-standard has-post-thumbnail hentry category-nicht-kategorisiert\" onClick=\"window.location.assign('https:\/\/www.espigul.com\/de\/dekorationstrends-2024-die-7-wichtigsten-farben\/');\">\n\t<span class=\"loop__date uppercase\">23. April 2026<\/span>\n\t<div class=\"loop__thumbnail mb-4 cursor-pointer bg-gray-700\">\n\t\t\t\t\t<img loading=\"lazy\" decoding=\"async\" width=\"840\" height=\"472\" src=\"https:\/\/www.espigul.com\/wp-content\/uploads\/2024\/01\/tendencies-decoracio-2024.png\" class=\" wp-post-image\" alt=\"tend\u00e8ncies decoraci\u00f3 2024\" srcset=\"https:\/\/www.espigul.com\/wp-content\/uploads\/2024\/01\/tendencies-decoracio-2024.png 840w, https:\/\/www.espigul.com\/wp-content\/uploads\/2024\/01\/tendencies-decoracio-2024-400x225.png 400w, https:\/\/www.espigul.com\/wp-content\/uploads\/2024\/01\/tendencies-decoracio-2024-768x432.png 768w\" sizes=\"auto, (max-width: 840px) 100vw, 840px\" \/>\t\t\t<\/div>\n\t<div class=\"loop__body\">\n\t\t\t\t<h2 class=\"loop__title text-xl\">\n\t\t\t<a href=\"https:\/\/www.espigul.com\/de\/dekorationstrends-2024-die-7-wichtigsten-farben\/\" title=\"Dekorationstrends 2024: Die 7 wichtigsten Farben\">Dekorationstrends 2024: Die 7 wichtigsten Farben<\/a>\n\t\t<\/h2>\n\t\t<p>Das Jahr 2024 bringt uns eine aufregende Farbpalette, um unsere Wohnungen neu zu beleben und zu verwandeln. Und heute m\u00f6chte unser Expertenteam f\u00fcr Dekoration und Innenarchitektur von Esp\u00edgul die Dekorationstrends 2024 und die Farben, die Ihr Zuhause unbedingt haben muss, mit Ihnen teilen. Entdecken Sie die herausragendsten Dekorationstrends und erwecken Sie Ihre R\u00e4ume mit diesen&#8230;<\/p>\n\t<\/div>\n<\/article>\n\t\t\t\t\t<\/li>\n\t\t\t\t\t\t\t\t\t\t<li class=\"splide__slide\">\n\t\t\t\t\t<article class=\"loop post-184962 post type-post status-publish format-standard has-post-thumbnail hentry category-nicht-kategorisiert\" onClick=\"window.location.assign('https:\/\/www.espigul.com\/de\/was-ist-beim-kauf-eines-hauses-zu-beachten\/');\">\n\t<span class=\"loop__date uppercase\">26. M\u00e4rz 2026<\/span>\n\t<div class=\"loop__thumbnail mb-4 cursor-pointer bg-gray-700\">\n\t\t\t\t\t<img loading=\"lazy\" decoding=\"async\" width=\"840\" height=\"472\" src=\"https:\/\/www.espigul.com\/wp-content\/uploads\/2024\/10\/que-tener-en-cuenta-al-comprar-una-casa.jpg\" class=\" wp-post-image\" alt=\"que tener en cuenta al comprar una casa\" srcset=\"https:\/\/www.espigul.com\/wp-content\/uploads\/2024\/10\/que-tener-en-cuenta-al-comprar-una-casa.jpg 840w, https:\/\/www.espigul.com\/wp-content\/uploads\/2024\/10\/que-tener-en-cuenta-al-comprar-una-casa-400x225.jpg 400w, https:\/\/www.espigul.com\/wp-content\/uploads\/2024\/10\/que-tener-en-cuenta-al-comprar-una-casa-768x432.jpg 768w\" sizes=\"auto, (max-width: 840px) 100vw, 840px\" \/>\t\t\t<\/div>\n\t<div class=\"loop__body\">\n\t\t\t\t<h2 class=\"loop__title text-xl\">\n\t\t\t<a href=\"https:\/\/www.espigul.com\/de\/was-ist-beim-kauf-eines-hauses-zu-beachten\/\" title=\"Was ist beim Kauf eines Hauses zu beachten?\">Was ist beim Kauf eines Hauses zu beachten?<\/a>\n\t\t<\/h2>\n\t\t<p>Ein Haus zu kaufen ist eine der wichtigsten Entscheidungen im Leben eines jeden Menschen. Um sicherzustellen, dass dies korrekt erfolgt, ist es wichtig, verschiedene Aspekte zu ber\u00fccksichtigen, von den notwendigen Ersparnissen bis hin zu den Steuern, die beim Kauf eines Hauses gezahlt werden. In diesem Beitrag werden wir \u00fcber die Schl\u00fcsselelemente sprechen, um sicherzustellen, dass&#8230;<\/p>\n\t<\/div>\n<\/article>\n\t\t\t\t\t<\/li>\n\t\t\t\t\t\t\t\t\t\t<li class=\"splide__slide\">\n\t\t\t\t\t<article class=\"loop post-186835 post type-post status-publish format-standard has-post-thumbnail hentry category-nicht-kategorisiert\" onClick=\"window.location.assign('https:\/\/www.espigul.com\/de\/was-ist-home-staging\/');\">\n\t<span class=\"loop__date uppercase\">19. Februar 2026<\/span>\n\t<div class=\"loop__thumbnail mb-4 cursor-pointer bg-gray-700\">\n\t\t\t\t\t<img loading=\"lazy\" decoding=\"async\" width=\"840\" height=\"472\" src=\"https:\/\/www.espigul.com\/wp-content\/uploads\/2023\/06\/1308.jpg\" class=\" wp-post-image\" alt=\"\" \/>\t\t\t<\/div>\n\t<div class=\"loop__body\">\n\t\t\t\t<h2 class=\"loop__title text-xl\">\n\t\t\t<a href=\"https:\/\/www.espigul.com\/de\/was-ist-home-staging\/\" title=\"Was ist Home Staging?\">Was ist Home Staging?<\/a>\n\t\t<\/h2>\n\t\t<p>Das Home Staging ist eine Marketingtechnik im Immobilienbereich, die darauf abzielt, die besten Eigenschaften einer zum Verkauf oder zur Miete stehenden Immobilie hervorzuheben und ihr Aussehen zu verbessern, um mehr potenzielle K\u00e4ufer anzuziehen. Durch die Entpersonalisierung, Ordnung und Optimierung des Raums erm\u00f6glicht diese Technik es jeder Person, sich vorzustellen, in der Immobilie zu leben, was&#8230;<\/p>\n\t<\/div>\n<\/article>\n\t\t\t\t\t<\/li>\n\t\t\t\t\t\t\t\t\t\t<li class=\"splide__slide\">\n\t\t\t\t\t<article class=\"loop post-186233 post type-post status-publish format-standard has-post-thumbnail hentry category-nicht-kategorisiert\" onClick=\"window.location.assign('https:\/\/www.espigul.com\/de\/was-ist-der-unterschied-zwischen-vermieter-und-mieter\/');\">\n\t<span class=\"loop__date uppercase\">15. Januar 2026<\/span>\n\t<div class=\"loop__thumbnail mb-4 cursor-pointer bg-gray-700\">\n\t\t\t\t\t<img loading=\"lazy\" decoding=\"async\" width=\"840\" height=\"472\" src=\"https:\/\/www.espigul.com\/wp-content\/uploads\/2024\/03\/diferencia-arrendador-arrendatari.jpg\" class=\" wp-post-image\" alt=\"diferencia entre arrendador y arrendatario\" srcset=\"https:\/\/www.espigul.com\/wp-content\/uploads\/2024\/03\/diferencia-arrendador-arrendatari.jpg 840w, https:\/\/www.espigul.com\/wp-content\/uploads\/2024\/03\/diferencia-arrendador-arrendatari-400x225.jpg 400w, https:\/\/www.espigul.com\/wp-content\/uploads\/2024\/03\/diferencia-arrendador-arrendatari-768x432.jpg 768w\" sizes=\"auto, (max-width: 840px) 100vw, 840px\" \/>\t\t\t<\/div>\n\t<div class=\"loop__body\">\n\t\t\t\t<h2 class=\"loop__title text-xl\">\n\t\t\t<a href=\"https:\/\/www.espigul.com\/de\/was-ist-der-unterschied-zwischen-vermieter-und-mieter\/\" title=\"Was ist der Unterschied zwischen Vermieter und Mieter?\">Was ist der Unterschied zwischen Vermieter und Mieter?<\/a>\n\t\t<\/h2>\n\t\t<p>Wenn Sie im Begriff sind, eine Wohnung zu mieten oder eine Immobilie zu vermieten, ist es wichtig, dass Sie sich dar\u00fcber im Klaren sind, wer wer im Vertrag ist. Der Unterschied zwischen Vermieter und Mieter mag einfach erscheinen, wird aber manchmal verwechselt. In diesem Beitrag erkl\u00e4ren wir Ihnen klar und praxisnah, welche Rolle jeder Einzelne&#8230;<\/p>\n\t<\/div>\n<\/article>\n\t\t\t\t\t<\/li>\n\t\t\t\t\t\t\t\t\t\t<li class=\"splide__slide\">\n\t\t\t\t\t<article class=\"loop post-392072 post type-post status-publish format-standard has-post-thumbnail hentry category-nicht-kategorisiert\" onClick=\"window.location.assign('https:\/\/www.espigul.com\/de\/was-sind-immobilien-ohne-besitz\/');\">\n\t<span class=\"loop__date uppercase\">31. Dezember 2025<\/span>\n\t<div class=\"loop__thumbnail mb-4 cursor-pointer bg-gray-700\">\n\t\t\t\t\t<img loading=\"lazy\" decoding=\"async\" width=\"840\" height=\"472\" src=\"https:\/\/www.espigul.com\/wp-content\/uploads\/2025\/12\/inmuebles-sin-posesion.jpg\" class=\" wp-post-image\" alt=\"Was sind Immobilien ohne Besitz\" srcset=\"https:\/\/www.espigul.com\/wp-content\/uploads\/2025\/12\/inmuebles-sin-posesion.jpg 840w, https:\/\/www.espigul.com\/wp-content\/uploads\/2025\/12\/inmuebles-sin-posesion-400x225.jpg 400w, https:\/\/www.espigul.com\/wp-content\/uploads\/2025\/12\/inmuebles-sin-posesion-768x432.jpg 768w\" sizes=\"auto, (max-width: 840px) 100vw, 840px\" \/>\t\t\t<\/div>\n\t<div class=\"loop__body\">\n\t\t\t\t<h2 class=\"loop__title text-xl\">\n\t\t\t<a href=\"https:\/\/www.espigul.com\/de\/was-sind-immobilien-ohne-besitz\/\" title=\"Was sind Immobilien ohne Besitz?\">Was sind Immobilien ohne Besitz?<\/a>\n\t\t<\/h2>\n\t\t<p>Auf dem Immobilienmarkt gibt es Begriffe, die Zweifel aufwerfen k\u00f6nnen, insbesondere wenn sie nicht zu den g\u00e4ngigsten Transaktionen geh\u00f6ren. Einer davon ist die Immobilie ohne Besitz, eine Art von Eigentum, die aufgrund ihres Preises attraktiv erscheinen mag, aber eine Reihe von Besonderheiten mit sich bringt, die man sehr gut verstehen sollte, bevor man eine Entscheidung&#8230;<\/p>\n\t<\/div>\n<\/article>\n\t\t\t\t\t<\/li>\n\t\t\t\t\t\t\t\t\t\t<li class=\"splide__slide\">\n\t\t\t\t\t<article class=\"loop post-392051 post type-post status-publish format-standard has-post-thumbnail hentry category-nicht-kategorisiert\" onClick=\"window.location.assign('https:\/\/www.espigul.com\/de\/rechte-und-pflichten-eines-buergen\/');\">\n\t<span class=\"loop__date uppercase\">25. Dezember 2025<\/span>\n\t<div class=\"loop__thumbnail mb-4 cursor-pointer bg-gray-700\">\n\t\t\t\t\t<img loading=\"lazy\" decoding=\"async\" width=\"840\" height=\"472\" src=\"https:\/\/www.espigul.com\/wp-content\/uploads\/2025\/12\/derechos-obligaciones-aval.jpg\" class=\" wp-post-image\" alt=\"Rechte und Pflichten eines B\u00fcrgen\" srcset=\"https:\/\/www.espigul.com\/wp-content\/uploads\/2025\/12\/derechos-obligaciones-aval.jpg 840w, https:\/\/www.espigul.com\/wp-content\/uploads\/2025\/12\/derechos-obligaciones-aval-400x225.jpg 400w, https:\/\/www.espigul.com\/wp-content\/uploads\/2025\/12\/derechos-obligaciones-aval-768x432.jpg 768w\" sizes=\"auto, (max-width: 840px) 100vw, 840px\" \/>\t\t\t<\/div>\n\t<div class=\"loop__body\">\n\t\t\t\t<h2 class=\"loop__title text-xl\">\n\t\t\t<a href=\"https:\/\/www.espigul.com\/de\/rechte-und-pflichten-eines-buergen\/\" title=\"Rechte und Pflichten eines B\u00fcrgen\">Rechte und Pflichten eines B\u00fcrgen<\/a>\n\t\t<\/h2>\n\t\t<p>Wenn es um den Kauf einer Immobilie oder um die Beschaffung von Finanzierung geht, taucht die B\u00fcrgschaft h\u00e4ufiger auf, als es scheint. Dennoch ist nicht immer klar, was es bedeutet, diese Rolle zu \u00fcbernehmen, und welche Rechte und Pflichten der B\u00fcrge genau hat. Wenn Sie gebeten wurden, B\u00fcrge zu sein, oder diese M\u00f6glichkeit in Betracht&#8230;<\/p>\n\t<\/div>\n<\/article>\n\t\t\t\t\t<\/li>\n\t\t\t\t\t\t\t\t\t\t<li class=\"splide__slide\">\n\t\t\t\t\t<article class=\"loop post-336926 post type-post status-publish format-standard has-post-thumbnail hentry category-nicht-kategorisiert\" onClick=\"window.location.assign('https:\/\/www.espigul.com\/de\/die-regulierung-der-saisonmiete-ein-teilweiser-flickenteppich-fuer-ein-strukturelles-problem\/');\">\n\t<span class=\"loop__date uppercase\">19. Dezember 2025<\/span>\n\t<div class=\"loop__thumbnail mb-4 cursor-pointer bg-gray-700\">\n\t\t\t\t\t<img loading=\"lazy\" decoding=\"async\" width=\"840\" height=\"472\" src=\"https:\/\/www.espigul.com\/wp-content\/uploads\/2025\/12\/Disseny-sense-titol.png\" class=\" wp-post-image\" alt=\"\" srcset=\"https:\/\/www.espigul.com\/wp-content\/uploads\/2025\/12\/Disseny-sense-titol.png 840w, https:\/\/www.espigul.com\/wp-content\/uploads\/2025\/12\/Disseny-sense-titol-400x225.png 400w, https:\/\/www.espigul.com\/wp-content\/uploads\/2025\/12\/Disseny-sense-titol-768x432.png 768w\" sizes=\"auto, (max-width: 840px) 100vw, 840px\" \/>\t\t\t<\/div>\n\t<div class=\"loop__body\">\n\t\t\t\t<h2 class=\"loop__title text-xl\">\n\t\t\t<a href=\"https:\/\/www.espigul.com\/de\/die-regulierung-der-saisonmiete-ein-teilweiser-flickenteppich-fuer-ein-strukturelles-problem\/\" title=\"Die Regulierung der Saisonmiete: Ein teilweiser Flickenteppich f\u00fcr ein strukturelles Problem\">Die Regulierung der Saisonmiete: Ein teilweiser Flickenteppich f\u00fcr ein strukturelles Problem<\/a>\n\t\t<\/h2>\n\t\t<p>Girona, 19. Dezember 2025Xevi Vila Die j\u00fcngste Regulierung von Saisonmiet- und Zimmervertr\u00e4gen in Katalonien wurde mit dem erkl\u00e4rten Ziel ins Leben gerufen, bestimmte Praktiken einzud\u00e4mmen, die nach Ansicht des Gesetzgebers den Wohnungsmietmarkt verf\u00e4lschen. Aus einer rein immobilienwirtschaftlichen Analyse wirft diese neue Verordnung jedoch erhebliche Zweifel an ihrer tats\u00e4chlichen Wirksamkeit und vor allem an den Folgen&#8230;<\/p>\n\t<\/div>\n<\/article>\n\t\t\t\t\t<\/li>\n\t\t\t\t\t\t\t\t\t\t<li class=\"splide__slide\">\n\t\t\t\t\t<article class=\"loop post-186926 post type-post status-publish format-standard has-post-thumbnail hentry category-nicht-kategorisiert\" onClick=\"window.location.assign('https:\/\/www.espigul.com\/de\/die-bedeutung-den-unterschied-zwischen-nutz-und-bauflaeche-zu-kennen\/');\">\n\t<span class=\"loop__date uppercase\">18. Dezember 2025<\/span>\n\t<div class=\"loop__thumbnail mb-4 cursor-pointer bg-gray-700\">\n\t\t\t\t\t<img loading=\"lazy\" decoding=\"async\" width=\"840\" height=\"472\" src=\"https:\/\/www.espigul.com\/wp-content\/uploads\/2023\/10\/metres-utils-construits.png\" class=\" wp-post-image\" alt=\"metres-utils-construits\" srcset=\"https:\/\/www.espigul.com\/wp-content\/uploads\/2023\/10\/metres-utils-construits.png 840w, https:\/\/www.espigul.com\/wp-content\/uploads\/2023\/10\/metres-utils-construits-400x225.png 400w, https:\/\/www.espigul.com\/wp-content\/uploads\/2023\/10\/metres-utils-construits-768x432.png 768w\" sizes=\"auto, (max-width: 840px) 100vw, 840px\" \/>\t\t\t<\/div>\n\t<div class=\"loop__body\">\n\t\t\t\t<h2 class=\"loop__title text-xl\">\n\t\t\t<a href=\"https:\/\/www.espigul.com\/de\/die-bedeutung-den-unterschied-zwischen-nutz-und-bauflaeche-zu-kennen\/\" title=\"Die Bedeutung, den Unterschied zwischen Nutz- und Baufl\u00e4che zu kennen\">Die Bedeutung, den Unterschied zwischen Nutz- und Baufl\u00e4che zu kennen<\/a>\n\t\t<\/h2>\n\t\t<p>Wenn Sie hier sind, dann deshalb, weil Sie sich auf ein aufregendes Abenteuer einlassen: den Kauf eines Hauses oder einer Wohnung. Einer der wichtigsten Aspekte, bevor Sie das Haus oder die Wohnung Ihrer Tr\u00e4ume ausw\u00e4hlen, ist das Verst\u00e4ndnis des Unterschieds zwischen Nutz- und Baufl\u00e4che. Keine Sorge, wir sind hier, um alle Ihre Fragen mit dem&#8230;<\/p>\n\t<\/div>\n<\/article>\n\t\t\t\t\t<\/li>\n\t\t\t\t\t\t\t\t<\/ul>\n\t\t<\/div>\n\t<\/div>\n<\/div>\n<script>\n\tdocument.addEventListener( 'DOMContentLoaded', function() {\n\t\tvar main = new Splide( '#carousel-7514464', {\n\t\t\tfixedWidth: '70vw',\n\t\t\tgap: '2rem',\n\t\t\tpagination: false,\n\t\t\tarrows: false,\n\t\t\tpadding: '1rem',\n\t\t\tmediaQuery: 'min',\n\t\t\tbreakpoints: {\n\t\t\t\t720: {\n\t\t\t\t\tfixedWidth: null,\n\t\t\t\t\tperPage: 3,\n\t\t\t\t\tarrows: true,\n\t\t\t\t},\n\t\t\t\t1024: {\n\t\t\t\t\tfixedWidth: null,\n\t\t\t\t\tperPage: 4,\n\t\t\t\t}\n\t\t\t}\n\t\t} );\n\t\tmain.mount();\n\t} );\n<\/script>\n<\/div><\/div>\n\n<div class=\"wp-block-uagb-container uagb-block-91819fb0 alignfull uagb-is-root-container\"><div class=\"uagb-container-inner-blocks-wrap\">\n<div class=\"wp-block-uagb-container uagb-block-23c394cd\">\n<h2 class=\"wp-block-heading has-text-align-center\" style=\"margin-top:0;margin-bottom:0\">Herausragende Nachrichten aus dem Immobiliensektor<\/h2>\n\n\n\n<p class=\"has-text-align-center has-seasons-font-family has-large-font-size wp-block-paragraph\">Ein Raum, der dazu gedacht ist, Sie informiert zu halten: Nachrichten, Ratschl\u00e4ge und relevante Informationen. Ein Treffpunkt, um unseren Sektor besser zu verstehen und Ressourcen von Interesse zu finden. <\/p>\n<\/div>\n\n\n<div class=\"espigul-slider wp-block-espigul-espigul-posts\">\n\t<div id=\"carousel-360251\" class=\"splide\">\n\t\t<div class=\"splide__arrows\">\n\t\t\t<button class=\"splide__arrow splide__arrow--prev\">\n\t\t\t\t\t<svg viewBox=\"0 0 24 24\" class=\"icon icon--carousel-arrow-right w-4 h-4\" xmlns=http:\/\/www.w3.org\/2000\/svg role=\"img\" >\n\t\t<use xlink:href=\"https:\/\/www.espigul.com\/wp-content\/themes\/espigul\/static\/images\/icons.svg#carousel-arrow-right\"><\/use>\n\t<\/svg>\n\t\t\t\t<\/button>\n\t\t\t<button class=\"splide__arrow splide__arrow--next\">\n\t\t\t\t\t<svg viewBox=\"0 0 24 24\" class=\"icon icon--carousel-arrow-right w-4 h-4\" xmlns=http:\/\/www.w3.org\/2000\/svg role=\"img\" >\n\t\t<use xlink:href=\"https:\/\/www.espigul.com\/wp-content\/themes\/espigul\/static\/images\/icons.svg#carousel-arrow-right\"><\/use>\n\t<\/svg>\n\t\t\t\t<\/button>\n\t\t<\/div>\n\t\t<div class=\"splide__track\">\n\t\t\t<ul class=\"splide__list\">\n\t\t\t\t\t\t<\/ul>\n\t\t<\/div>\n\t<\/div>\n<\/div>\n<script>\n\tdocument.addEventListener( 'DOMContentLoaded', function() {\n\t\tvar main = new Splide( '#carousel-360251', {\n\t\t\tfixedWidth: '70vw',\n\t\t\tgap: '2rem',\n\t\t\tpagination: false,\n\t\t\tarrows: false,\n\t\t\tpadding: '1rem',\n\t\t\tmediaQuery: 'min',\n\t\t\tbreakpoints: {\n\t\t\t\t720: {\n\t\t\t\t\tfixedWidth: null,\n\t\t\t\t\tperPage: 3,\n\t\t\t\t\tarrows: true,\n\t\t\t\t},\n\t\t\t\t1024: {\n\t\t\t\t\tfixedWidth: null,\n\t\t\t\t\tperPage: 4,\n\t\t\t\t}\n\t\t\t}\n\t\t} );\n\t\tmain.mount();\n\t} );\n<\/script>\n<\/div><\/div>\n\n<div class=\"wp-block-uagb-container container-content-small uagb-block-1e3fa505 alignfull uagb-is-root-container\"><div class=\"uagb-container-inner-blocks-wrap\">\n<div class=\"wp-block-uagb-container uagb-block-00c8c063\">\n<h2 class=\"wp-block-heading has-text-align-center\" style=\"margin-bottom:0\">Erfahrungsberichte<\/h2>\n\n\n\n<p class=\"has-text-align-center wp-block-paragraph\">Was wirklich den Unterschied ausmacht, ist die Meinung, die unsere Kunden und Lieferanten \u00fcber die geleistete Arbeit abgeben k\u00f6nnen. Deshalb hinterlassen wir Ihnen die Meinungen der folgenden Erfahrungsberichte. <\/p>\n<\/div>\n\n\n\t\t\n\t<div id=\"testimonials-8175415\" class=\"espigul-testimonials splide\">\n\t\t<div class=\"splide__arrows\">\n\t\t\t<button class=\"splide__arrow splide__arrow--prev\">\n\t\t\t\t\t<svg viewBox=\"0 0 24 24\" class=\"icon icon--carousel-arrow-right w-4 h-4\" xmlns=http:\/\/www.w3.org\/2000\/svg role=\"img\" >\n\t\t<use xlink:href=\"https:\/\/www.espigul.com\/wp-content\/themes\/espigul\/static\/images\/icons.svg#carousel-arrow-right\"><\/use>\n\t<\/svg>\n\t\t\t\t<\/button>\n\t\t\t<button class=\"splide__arrow splide__arrow--next\">\n\t\t\t\t\t<svg viewBox=\"0 0 24 24\" class=\"icon icon--carousel-arrow-right w-4 h-4\" xmlns=http:\/\/www.w3.org\/2000\/svg role=\"img\" >\n\t\t<use xlink:href=\"https:\/\/www.espigul.com\/wp-content\/themes\/espigul\/static\/images\/icons.svg#carousel-arrow-right\"><\/use>\n\t<\/svg>\n\t\t\t\t<\/button>\n\t\t<\/div>\n\t\t<div class=\"splide__track\">\n\t\t\t<ul class=\"splide__list\">\n\t\t\t\t\t<li class=\"splide__slide\">\n\t\t\t\t<div class=\"testimonial\">\n\t\t\t\t\t<img decoding=\"async\" src=\"https:\/\/www.espigul.com\/wp-content\/themes\/espigul\/static\/images\/5-stars.svg\" alt=\"5 stars\" loading=\"lazy\">\n\t\t\t\t\t<p class=\"testimonial__title\">Beratung auf h\u00f6chstem Niveau<\/p>\n\t\t\t\t\t<div>\n\t\t\t\t\t\t<p class=\"testimonial__item\">Inma | Client particular<\/p>\n\t\t\t\t\t<\/div>\n\t\t\t\t\t<div class=\"testimonial__description\">Sehr guter Service. Ein Bauunternehmen mit jahrelanger Erfahrung, und das ist ein Mehrwert. Direktk\u00e4ufe ihrer Produkte, da es sich um ein Bauunternehmen handelt, und mit der M\u00f6glichkeit, Ausstattungen nach Kundenwunsch zu \u00e4ndern, obwohl ihre Ausstattungen sehr aktuell und modern sind. Sie bieten eine breite Palette von H\u00e4usern und Wohnungen an verschiedenen Orten in der Stadt Girona und Umgebung.   <\/div>\n\t\t\t\t<\/div>\n\t\t\t<\/li>\n\t\t\t\t\t\t<li class=\"splide__slide\">\n\t\t\t\t<div class=\"testimonial\">\n\t\t\t\t\t<img decoding=\"async\" src=\"https:\/\/www.espigul.com\/wp-content\/themes\/espigul\/static\/images\/5-stars.svg\" alt=\"5 stars\" loading=\"lazy\">\n\t\t\t\t\t<p class=\"testimonial__title\">Ein Bauunternehmen, dem Sie mit geschlossenen Augen vertrauen k\u00f6nnen <\/p>\n\t\t\t\t\t<div>\n\t\t\t\t\t\t<p class=\"testimonial__item\">Can Guin\u00f3  | Turisme Rural<\/p>\n\t\t\t\t\t<\/div>\n\t\t\t\t\t<div class=\"testimonial__description\">Eines der Bauunternehmen, denen Sie mit geschlossenen Augen vertrauen k\u00f6nnen. Jahrelange Erfahrung sprechen f\u00fcr dieses Familienunternehmen mit umfassender Produktkenntnis, das Sie jederzeit dar\u00fcber ber\u00e4t, welchen Schritt Sie beim Kauf eines Hauses oder bei der Durchf\u00fchrung einer Sanierung gehen sollten, ohne mehr Geld als n\u00f6tig ausgeben zu m\u00fcssen. Es ist eine richtige Entscheidung, der Immobilienagentur Espigul die umfassende Sanierung Ihres Gesch\u00e4ftslokals in der Stadt Girona anzuvertrauen. Ihre ganzheitliche Verwaltung und die Ruhe, die sie Ihnen vermitteln, sind Garantien daf\u00fcr, dass das Projekt effizient und professionell durchgef\u00fchrt wird. Viel Erfolg bei der Sanierung!    <\/div>\n\t\t\t\t<\/div>\n\t\t\t<\/li>\n\t\t\t\t\t\t<li class=\"splide__slide\">\n\t\t\t\t<div class=\"testimonial\">\n\t\t\t\t\t<img decoding=\"async\" src=\"https:\/\/www.espigul.com\/wp-content\/themes\/espigul\/static\/images\/5-stars.svg\" alt=\"5 stars\" loading=\"lazy\">\n\t\t\t\t\t<p class=\"testimonial__title\"><\/p>\n\t\t\t\t\t<div>\n\t\t\t\t\t\t<p class=\"testimonial__item\">Tom\u00e1s  | Client particular<\/p>\n\t\t\t\t\t<\/div>\n\t\t\t\t\t<div class=\"testimonial__description\">Ich bin mit dem Unternehmen zufrieden, weil es eine gute Qualit\u00e4t der Ausstattungen in seinen Materialien hat, einen guten Verkaufsservice und eine gute Behandlung. Es hat auch gute Arbeiter, um seine Bauten durchzuf\u00fchren. <\/div>\n\t\t\t\t<\/div>\n\t\t\t<\/li>\n\t\t\t\t\t\t<li class=\"splide__slide\">\n\t\t\t\t<div class=\"testimonial\">\n\t\t\t\t\t<img decoding=\"async\" src=\"https:\/\/www.espigul.com\/wp-content\/themes\/espigul\/static\/images\/5-stars.svg\" alt=\"5 stars\" loading=\"lazy\">\n\t\t\t\t\t<p class=\"testimonial__title\">Ein professionelles Unternehmen mit sehr pers\u00f6nlicher Betreuung<\/p>\n\t\t\t\t\t<div>\n\t\t\t\t\t\t<p class=\"testimonial__item\">David | Client particular<\/p>\n\t\t\t\t\t<\/div>\n\t\t\t\t\t<div class=\"testimonial__description\">Ein Unternehmen mit viel Erfahrung und Seriosit\u00e4t. Mit einem guten Team von Mitarbeitern. Sehr gute Ausstattungen, man merkt ihnen die Erfahrung in diesem Markt an.  <\/div>\n\t\t\t\t<\/div>\n\t\t\t<\/li>\n\t\t\t\t\t\t<li class=\"splide__slide\">\n\t\t\t\t<div class=\"testimonial\">\n\t\t\t\t\t<img decoding=\"async\" src=\"https:\/\/www.espigul.com\/wp-content\/themes\/espigul\/static\/images\/5-stars.svg\" alt=\"5 stars\" loading=\"lazy\">\n\t\t\t\t\t<p class=\"testimonial__title\">Ein professionelles Unternehmen mit sehr pers\u00f6nlicher Betreuung<\/p>\n\t\t\t\t\t<div>\n\t\t\t\t\t\t<p class=\"testimonial__item\">Jordi | Client particular<\/p>\n\t\t\t\t\t<\/div>\n\t\t\t\t\t<div class=\"testimonial__description\">Disposa d&#039;un equip professional amb molts anys d&#039;experi\u00e8ncia en el sector. El tracte amb el client \u00e9s molt proper. Recomanable!  <\/div>\n\t\t\t\t<\/div>\n\t\t\t<\/li>\n\t\t\t\t\t\t<li class=\"splide__slide\">\n\t\t\t\t<div class=\"testimonial\">\n\t\t\t\t\t<img decoding=\"async\" src=\"https:\/\/www.espigul.com\/wp-content\/themes\/espigul\/static\/images\/5-stars.svg\" alt=\"5 stars\" loading=\"lazy\">\n\t\t\t\t\t<p class=\"testimonial__title\"><\/p>\n\t\t\t\t\t<div>\n\t\t\t\t\t\t<p class=\"testimonial__item\">Tabiques Costa Brava | Empresa<\/p>\n\t\t\t\t\t<\/div>\n\t\t\t\t\t<div class=\"testimonial__description\">Als Lieferant von Esp\u00edgul k\u00f6nnen wir sagen, dass sie ein effizientes, effektives, produktives und sehr professionelles Unternehmen sind. Vielen Dank, dass Sie uns die Zusammenarbeit mit Ihnen erm\u00f6glichen. <\/div>\n\t\t\t\t<\/div>\n\t\t\t<\/li>\n\t\t\t\t\t<\/ul>\n\t\t<\/div>\n\t\t<\/div>\n\t\t<script>\n\t\t\tdocument.addEventListener( 'DOMContentLoaded', function() {\n\t\t\t\tvar main = new Splide( '#testimonials-8175415', {\n\t\t\t\t\tfixedWidth: '70vw',\n\t\t\t\t\tgap: '1rem',\n\t\t\t\t\ttype: 'loop',\n\t\t\t\t\tpagination: false,\n\t\t\t\t\tarrows: false,\n\t\t\t\t\tpadding: '1rem',\n\t\t\t\t\tmediaQuery: 'min',\n\t\t\t\t\tbreakpoints: {\n\t\t\t\t\t\t720: {\n\t\t\t\t\t\t\tfixedWidth: null,\n\t\t\t\t\t\t\tperPage: 3,\n\t\t\t\t\t\t\tarrows: true,\n\t\t\t\t\t\t},\n\t\t\t\t}\n\t\t\t\t} );\n\t\t\t\tmain.mount();\n\t\t\t} );\n\t\t<\/script>\n\t\t<\/div><\/div>\n","protected":false},"excerpt":{"rendered":"<p>GEGR. 1989 Wir haben Ihr zuk\u00fcnftiges Zuhause In unseren Niederlassungen finden Sie ein Team professioneller Berater, die Ihnen gerne dabei helfen, ein neues Zuhause zu finden Warum Esp\u00edgul? Finden Sie Ihr neues Zuhause mit Esp\u00edgul Real Estate Group Bei Esp\u00edgul w\u00e4hlen wir sorgf\u00e4ltig ein umfangreiches Portfolio an Immobilien aus, um Ihnen Gelegenheiten zu bieten, die&#8230;<\/p>\n","protected":false},"author":1,"featured_media":479333,"parent":0,"menu_order":0,"comment_status":"closed","ping_status":"closed","template":"","meta":{"_acf_changed":false,"_uag_custom_page_level_css":"","footnotes":""},"class_list":["post-479325","page","type-page","status-publish","has-post-thumbnail","hentry"],"acf":[],"yoast_head":"<!-- This site is optimized with the Yoast SEO plugin v28.4 - https:\/\/yoast.com\/product\/yoast-seo-wordpress\/ -->\n<title>Immobilienagentur Esp\u00edgul - Exklusive H\u00e4user und Wohnungen<\/title>\n<meta name=\"description\" content=\"Immobilienagentur Esp\u00edgul, Spezialisten f\u00fcr den Kauf und Verkauf exklusiver Immobilien, Bau, Renovierungen und Innenarchitektur.\" \/>\n<meta name=\"robots\" content=\"index, follow, max-snippet:-1, max-image-preview:large, max-video-preview:-1\" \/>\n<link rel=\"canonical\" href=\"https:\/\/www.espigul.com\/de\/\" \/>\n<meta property=\"og:locale\" content=\"de_DE\" \/>\n<meta property=\"og:type\" content=\"article\" \/>\n<meta property=\"og:title\" content=\"Immobilienagentur Esp\u00edgul - Exklusive H\u00e4user und Wohnungen\" \/>\n<meta property=\"og:description\" content=\"Immobilienagentur Esp\u00edgul, Spezialisten f\u00fcr den Kauf und Verkauf exklusiver Immobilien, Bau, Renovierungen und Innenarchitektur.\" \/>\n<meta property=\"og:url\" content=\"https:\/\/www.espigul.com\/de\/\" \/>\n<meta property=\"og:site_name\" content=\"Esp\u00edgul\" \/>\n<meta property=\"article:modified_time\" content=\"2026-09-03T11:44:32+00:00\" \/>\n<meta property=\"og:image\" content=\"https:\/\/www.espigul.com\/wp-content\/uploads\/2026\/07\/espigul_costabrava-scaled.jpeg\" \/>\n\t<meta property=\"og:image:width\" content=\"1920\" \/>\n\t<meta property=\"og:image:height\" content=\"2560\" \/>\n\t<meta property=\"og:image:type\" content=\"image\/jpeg\" \/>\n<meta name=\"twitter:card\" content=\"summary_large_image\" \/>\n<meta name=\"twitter:label1\" content=\"Gesch\u00e4tzte Lesezeit\" \/>\n\t<meta name=\"twitter:data1\" content=\"2\u00a0Minuten\" \/>\n<script type=\"application\/ld+json\" class=\"yoast-schema-graph\">{\"@context\":\"https:\\\/\\\/schema.org\",\"@graph\":[{\"@type\":\"WebPage\",\"@id\":\"https:\\\/\\\/www.espigul.com\\\/de\\\/\",\"url\":\"https:\\\/\\\/www.espigul.com\\\/de\\\/\",\"name\":\"Immobilienagentur Esp\u00edgul - Exklusive H\u00e4user und Wohnungen\",\"isPartOf\":{\"@id\":\"https:\\\/\\\/www.espigul.com\\\/de\\\/#website\"},\"primaryImageOfPage\":{\"@id\":\"https:\\\/\\\/www.espigul.com\\\/de\\\/#primaryimage\"},\"image\":{\"@id\":\"https:\\\/\\\/www.espigul.com\\\/de\\\/#primaryimage\"},\"thumbnailUrl\":\"https:\\\/\\\/www.espigul.com\\\/wp-content\\\/uploads\\\/2026\\\/07\\\/espigul_costabrava-scaled.jpeg\",\"datePublished\":\"2023-06-05T16:37:00+00:00\",\"dateModified\":\"2026-09-03T11:44:32+00:00\",\"description\":\"Immobilienagentur Esp\u00edgul, Spezialisten f\u00fcr den Kauf und Verkauf exklusiver Immobilien, Bau, Renovierungen und Innenarchitektur.\",\"breadcrumb\":{\"@id\":\"https:\\\/\\\/www.espigul.com\\\/de\\\/#breadcrumb\"},\"inLanguage\":\"de\",\"potentialAction\":[{\"@type\":\"ReadAction\",\"target\":[\"https:\\\/\\\/www.espigul.com\\\/de\\\/\"]}]},{\"@type\":\"ImageObject\",\"inLanguage\":\"de\",\"@id\":\"https:\\\/\\\/www.espigul.com\\\/de\\\/#primaryimage\",\"url\":\"https:\\\/\\\/www.espigul.com\\\/wp-content\\\/uploads\\\/2026\\\/07\\\/espigul_costabrava-scaled.jpeg\",\"contentUrl\":\"https:\\\/\\\/www.espigul.com\\\/wp-content\\\/uploads\\\/2026\\\/07\\\/espigul_costabrava-scaled.jpeg\",\"width\":1920,\"height\":2560},{\"@type\":\"BreadcrumbList\",\"@id\":\"https:\\\/\\\/www.espigul.com\\\/de\\\/#breadcrumb\",\"itemListElement\":[{\"@type\":\"ListItem\",\"position\":1,\"name\":\"Inici\",\"item\":\"https:\\\/\\\/www.espigul.com\\\/de\\\/startseite-2\\\/\"},{\"@type\":\"ListItem\",\"position\":2,\"name\":\"Startseite\"}]},{\"@type\":\"WebSite\",\"@id\":\"https:\\\/\\\/www.espigul.com\\\/de\\\/#website\",\"url\":\"https:\\\/\\\/www.espigul.com\\\/de\\\/\",\"name\":\"Esp\u00edgul\",\"description\":\"La immobili\u00e0ria l\u00edder de Girona\",\"publisher\":{\"@id\":\"https:\\\/\\\/www.espigul.com\\\/de\\\/#organization\"},\"potentialAction\":[{\"@type\":\"SearchAction\",\"target\":{\"@type\":\"EntryPoint\",\"urlTemplate\":\"https:\\\/\\\/www.espigul.com\\\/de\\\/?s={search_term_string}\"},\"query-input\":{\"@type\":\"PropertyValueSpecification\",\"valueRequired\":true,\"valueName\":\"search_term_string\"}}],\"inLanguage\":\"de\"},{\"@type\":\"Organization\",\"@id\":\"https:\\\/\\\/www.espigul.com\\\/de\\\/#organization\",\"name\":\"Esp\u00edgul\",\"url\":\"https:\\\/\\\/www.espigul.com\\\/de\\\/\",\"logo\":{\"@type\":\"ImageObject\",\"inLanguage\":\"de\",\"@id\":\"https:\\\/\\\/www.espigul.com\\\/de\\\/#\\\/schema\\\/logo\\\/image\\\/\",\"url\":\"https:\\\/\\\/www.espigul.com\\\/wp-content\\\/uploads\\\/2023\\\/08\\\/espigul-block.png\",\"contentUrl\":\"https:\\\/\\\/www.espigul.com\\\/wp-content\\\/uploads\\\/2023\\\/08\\\/espigul-block.png\",\"width\":384,\"height\":240,\"caption\":\"Esp\u00edgul\"},\"image\":{\"@id\":\"https:\\\/\\\/www.espigul.com\\\/de\\\/#\\\/schema\\\/logo\\\/image\\\/\"},\"sameAs\":[\"https:\\\/\\\/www.instagram.com\\\/immoespigul\\\/\",\"https:\\\/\\\/www.youtube.com\\\/channel\\\/UCYyD-WWfbCFpCXau4SQOGKQ\"]}]}<\/script>\n<!-- \/ Yoast SEO plugin. -->","yoast_head_json":{"title":"Immobilienagentur Esp\u00edgul - Exklusive H\u00e4user und Wohnungen","description":"Immobilienagentur Esp\u00edgul, Spezialisten f\u00fcr den Kauf und Verkauf exklusiver Immobilien, Bau, Renovierungen und Innenarchitektur.","robots":{"index":"index","follow":"follow","max-snippet":"max-snippet:-1","max-image-preview":"max-image-preview:large","max-video-preview":"max-video-preview:-1"},"canonical":"https:\/\/www.espigul.com\/de\/","og_locale":"de_DE","og_type":"article","og_title":"Immobilienagentur Esp\u00edgul - Exklusive H\u00e4user und Wohnungen","og_description":"Immobilienagentur Esp\u00edgul, Spezialisten f\u00fcr den Kauf und Verkauf exklusiver Immobilien, Bau, Renovierungen und Innenarchitektur.","og_url":"https:\/\/www.espigul.com\/de\/","og_site_name":"Esp\u00edgul","article_modified_time":"2026-09-03T11:44:32+00:00","og_image":[{"width":1920,"height":2560,"url":"https:\/\/www.espigul.com\/wp-content\/uploads\/2026\/07\/espigul_costabrava-scaled.jpeg","type":"image\/jpeg"}],"twitter_card":"summary_large_image","twitter_misc":{"Gesch\u00e4tzte Lesezeit":"2\u00a0Minuten"},"schema":{"@context":"https:\/\/schema.org","@graph":[{"@type":"WebPage","@id":"https:\/\/www.espigul.com\/de\/","url":"https:\/\/www.espigul.com\/de\/","name":"Immobilienagentur Esp\u00edgul - Exklusive H\u00e4user und Wohnungen","isPartOf":{"@id":"https:\/\/www.espigul.com\/de\/#website"},"primaryImageOfPage":{"@id":"https:\/\/www.espigul.com\/de\/#primaryimage"},"image":{"@id":"https:\/\/www.espigul.com\/de\/#primaryimage"},"thumbnailUrl":"https:\/\/www.espigul.com\/wp-content\/uploads\/2026\/07\/espigul_costabrava-scaled.jpeg","datePublished":"2023-06-05T16:37:00+00:00","dateModified":"2026-09-03T11:44:32+00:00","description":"Immobilienagentur Esp\u00edgul, Spezialisten f\u00fcr den Kauf und Verkauf exklusiver Immobilien, Bau, Renovierungen und Innenarchitektur.","breadcrumb":{"@id":"https:\/\/www.espigul.com\/de\/#breadcrumb"},"inLanguage":"de","potentialAction":[{"@type":"ReadAction","target":["https:\/\/www.espigul.com\/de\/"]}]},{"@type":"ImageObject","inLanguage":"de","@id":"https:\/\/www.espigul.com\/de\/#primaryimage","url":"https:\/\/www.espigul.com\/wp-content\/uploads\/2026\/07\/espigul_costabrava-scaled.jpeg","contentUrl":"https:\/\/www.espigul.com\/wp-content\/uploads\/2026\/07\/espigul_costabrava-scaled.jpeg","width":1920,"height":2560},{"@type":"BreadcrumbList","@id":"https:\/\/www.espigul.com\/de\/#breadcrumb","itemListElement":[{"@type":"ListItem","position":1,"name":"Inici","item":"https:\/\/www.espigul.com\/de\/startseite-2\/"},{"@type":"ListItem","position":2,"name":"Startseite"}]},{"@type":"WebSite","@id":"https:\/\/www.espigul.com\/de\/#website","url":"https:\/\/www.espigul.com\/de\/","name":"Esp\u00edgul","description":"La immobili\u00e0ria l\u00edder de Girona","publisher":{"@id":"https:\/\/www.espigul.com\/de\/#organization"},"potentialAction":[{"@type":"SearchAction","target":{"@type":"EntryPoint","urlTemplate":"https:\/\/www.espigul.com\/de\/?s={search_term_string}"},"query-input":{"@type":"PropertyValueSpecification","valueRequired":true,"valueName":"search_term_string"}}],"inLanguage":"de"},{"@type":"Organization","@id":"https:\/\/www.espigul.com\/de\/#organization","name":"Esp\u00edgul","url":"https:\/\/www.espigul.com\/de\/","logo":{"@type":"ImageObject","inLanguage":"de","@id":"https:\/\/www.espigul.com\/de\/#\/schema\/logo\/image\/","url":"https:\/\/www.espigul.com\/wp-content\/uploads\/2023\/08\/espigul-block.png","contentUrl":"https:\/\/www.espigul.com\/wp-content\/uploads\/2023\/08\/espigul-block.png","width":384,"height":240,"caption":"Esp\u00edgul"},"image":{"@id":"https:\/\/www.espigul.com\/de\/#\/schema\/logo\/image\/"},"sameAs":["https:\/\/www.instagram.com\/immoespigul\/","https:\/\/www.youtube.com\/channel\/UCYyD-WWfbCFpCXau4SQOGKQ"]}]}},"uagb_featured_image_src":{"full":["https:\/\/www.espigul.com\/wp-content\/uploads\/2026\/07\/espigul_costabrava-scaled.jpeg",1920,2560,false],"thumbnail":["https:\/\/www.espigul.com\/wp-content\/uploads\/2026\/07\/espigul_costabrava-150x150.jpeg",150,150,true],"medium":["https:\/\/www.espigul.com\/wp-content\/uploads\/2026\/07\/espigul_costabrava-225x300.jpeg",225,300,true],"medium_large":["https:\/\/www.espigul.com\/wp-content\/uploads\/2026\/07\/espigul_costabrava-768x1024.jpeg",768,1024,true],"large":["https:\/\/www.espigul.com\/wp-content\/uploads\/2026\/07\/espigul_costabrava-768x1024.jpeg",768,1024,true],"1536x1536":["https:\/\/www.espigul.com\/wp-content\/uploads\/2026\/07\/espigul_costabrava-1152x1536.jpeg",1152,1536,true],"2048x2048":["https:\/\/www.espigul.com\/wp-content\/uploads\/2026\/07\/espigul_costabrava-1536x2048.jpeg",1536,2048,true],"gform-image-choice-sm":["https:\/\/www.espigul.com\/wp-content\/uploads\/2026\/07\/espigul_costabrava-scaled.jpeg",225,300,false],"gform-image-choice-md":["https:\/\/www.espigul.com\/wp-content\/uploads\/2026\/07\/espigul_costabrava-scaled.jpeg",300,400,false],"gform-image-choice-lg":["https:\/\/www.espigul.com\/wp-content\/uploads\/2026\/07\/espigul_costabrava-scaled.jpeg",450,600,false]},"uagb_author_info":{"display_name":"Pol","author_link":"https:\/\/www.espigul.com\/de\/author\/pol\/"},"uagb_comment_info":0,"uagb_excerpt":"GEGR. 1989 Wir haben Ihr zuk\u00fcnftiges Zuhause In unseren Niederlassungen finden Sie ein Team professioneller Berater, die Ihnen gerne dabei helfen, ein neues Zuhause zu finden Warum Esp\u00edgul? Finden Sie Ihr neues Zuhause mit Esp\u00edgul Real Estate Group Bei Esp\u00edgul w\u00e4hlen wir sorgf\u00e4ltig ein umfangreiches Portfolio an Immobilien aus, um Ihnen Gelegenheiten zu bieten, die...","_links":{"self":[{"href":"https:\/\/www.espigul.com\/de\/wp-json\/wp\/v2\/pages\/479325","targetHints":{"allow":["GET"]}}],"collection":[{"href":"https:\/\/www.espigul.com\/de\/wp-json\/wp\/v2\/pages"}],"about":[{"href":"https:\/\/www.espigul.com\/de\/wp-json\/wp\/v2\/types\/page"}],"author":[{"embeddable":true,"href":"https:\/\/www.espigul.com\/de\/wp-json\/wp\/v2\/users\/1"}],"replies":[{"embeddable":true,"href":"https:\/\/www.espigul.com\/de\/wp-json\/wp\/v2\/comments?post=479325"}],"version-history":[{"count":2,"href":"https:\/\/www.espigul.com\/de\/wp-json\/wp\/v2\/pages\/479325\/revisions"}],"predecessor-version":[{"id":479347,"href":"https:\/\/www.espigul.com\/de\/wp-json\/wp\/v2\/pages\/479325\/revisions\/479347"}],"wp:featuredmedia":[{"embeddable":true,"href":"https:\/\/www.espigul.com\/de\/wp-json\/wp\/v2\/media\/479333"}],"wp:attachment":[{"href":"https:\/\/www.espigul.com\/de\/wp-json\/wp\/v2\/media?parent=479325"}],"curies":[{"name":"wp","href":"https:\/\/api.w.org\/{rel}","templated":true}]}}