{"id":164489,"date":"2024-03-21T11:31:38","date_gmt":"2024-03-21T09:31:38","guid":{"rendered":"https:\/\/www.espigul.com\/wohnungen-vilablareix\/"},"modified":"2025-12-16T11:31:31","modified_gmt":"2025-12-16T09:31:31","slug":"wohnungen-vilablareix","status":"publish","type":"page","link":"https:\/\/www.espigul.com\/de\/wohnungen-vilablareix\/","title":{"rendered":"Wohnungen Vilablareix"},"content":{"rendered":"\n<div class=\"wp-block-uagb-container uagb-block-26595532 alignfull uagb-is-root-container\"><div class=\"uagb-container-inner-blocks-wrap\">\n<h1 class=\"wp-block-heading has-text-align-center has-white-color has-text-color has-link-color wp-elements-a9bf2ea9684bc6b1483568c483227ab1\">WOHNUNGEN IN VILABLAREIX<\/h1>\n<\/div><\/div>\n\n\n\n<div class=\"wp-block-uagb-container uagb-block-347e852b alignwide uagb-is-root-container\">\n<div class=\"wp-block-uagb-container uagb-block-da6996b3\">\n<p class=\"has-text-align-center has-medium-font-size\">Bei Esp\u00edgul helfen wir Ihnen, <strong>Wohnungen in Vilablareix<\/strong> zu finden. Wir sind Spezialisten im Immobiliensektor in den Regionen Gironas und bieten Ihnen einen pers\u00f6nlichen Service, um Ihr zuk\u00fcnftiges Zuhause zu finden oder eine erfolgreiche Immobilieninvestition in dieser Gemeinde des Giron\u00e8s zu t\u00e4tigen. <\/p>\n<\/div>\n\n\n\n<div class=\"wp-block-uagb-container uagb-block-e10f2f60 alignfull uagb-is-root-container\"><div class=\"uagb-container-inner-blocks-wrap\">\n<div class=\"wp-block-uagb-advanced-heading uagb-block-532832d4\"><h2 class=\"uagb-heading-text\">Ausgew\u00e4hlte Wohnungen in Vilablareix<\/h2><\/div>\n\n\n<div class=\"espigul-slider wp-block-espigul-espigul-slider\">\n\t<div id=\"carousel-4905159\" class=\"splide\">\n\t\t<div class=\"splide__track\">\n\t\t\t<ul class=\"splide__list\">\n\t\t\t\t\t\t\t\t<li class=\"splide__slide\">\n\t\t\t\t\t<div class=\"espigul-house__item cursor-pointer\" onClick=\"window.location.assign('https:\/\/www.espigul.com\/de\/immobles\/3-zimmer-erdgeschosswohnung-in-vilablareix\/');\">\n\t<div class=\"espigul-house__item__gallery espigul-house__item__photo\" x-data=\"{ active : 0, total: 3 }\">\n\t\t\t\t<ul class=\"espigul-house__item__gallery__items\">\n\t\t\t\t\t\t\t<li class=\"espigul-house__item__gallery__items__item\" x-bind:class=\"0 == active ? 'espigul-house__item__gallery__items__item--active': ''\">\n\t\t\t\t\t<img decoding=\"async\" src=\"https:\/\/www.espigul.com\/wp-content\/uploads\/2026\/04\/planta-baja-de-3-habitaciones-en-vilablareix-25368815-1300x867.webp\" alt=\"3-Zimmer-Erdgeschosswohnung in Vilablareix\" loading=\"lazy\" width=\"100%\" height=\"auto\">\n\t\t\t\t<\/li>\n\t\t\t\t\t\t\t<li class=\"espigul-house__item__gallery__items__item\" x-bind:class=\"1 == active ? 'espigul-house__item__gallery__items__item--active': ''\">\n\t\t\t\t\t<img decoding=\"async\" src=\"https:\/\/www.espigul.com\/wp-content\/uploads\/2026\/04\/planta-baja-de-3-habitaciones-en-vilablareix-25368812-1300x867.webp\" alt=\"3-Zimmer-Erdgeschosswohnung in Vilablareix\" loading=\"lazy\" width=\"100%\" height=\"auto\">\n\t\t\t\t<\/li>\n\t\t\t\t\t\t\t<li class=\"espigul-house__item__gallery__items__item\" x-bind:class=\"2 == active ? 'espigul-house__item__gallery__items__item--active': ''\">\n\t\t\t\t\t<img decoding=\"async\" src=\"https:\/\/www.espigul.com\/wp-content\/uploads\/2026\/04\/planta-baja-de-3-habitaciones-en-vilablareix-25368813-1300x867.webp\" alt=\"3-Zimmer-Erdgeschosswohnung in Vilablareix\" loading=\"lazy\" width=\"100%\" height=\"auto\">\n\t\t\t\t<\/li>\n\t\t\t\t\t<\/ul>\n\t\t<ul class=\"espigul-house__item__gallery__dots\">\n\t\t\t\t\t\t\t<li class=\"espigul-house__item__gallery__dots__item\" x-bind:class=\"0 == active ? 'espigul-house__item__gallery__dots__item--active': ''\">\n\t\t\t\t<\/li>\n\t\t\t\t\t\t\t<li class=\"espigul-house__item__gallery__dots__item\" x-bind:class=\"1 == active ? 'espigul-house__item__gallery__dots__item--active': ''\">\n\t\t\t\t<\/li>\n\t\t\t\t\t\t\t<li class=\"espigul-house__item__gallery__dots__item\" x-bind:class=\"2 == active ? 'espigul-house__item__gallery__dots__item--active': ''\">\n\t\t\t\t<\/li>\n\t\t\t\t\t<\/ul>\n\t\t<button class=\"espigul-house__item__gallery__arrow espigul-house__item__gallery__arrow--left\" aria-label=\"Previous photo\" @click.stop=\"active === 0 ? active = total - 1 : active--\">\n\t\t\t<svg xmlns=\"http:\/\/www.w3.org\/2000\/svg\" viewBox=\"0 0 40 40\" width=\"40\" height=\"40\" focusable=\"false\"><path d=\"m15.5 0.932-4.3 4.38 14.5 14.6-14.5 14.5 4.3 4.4 14.6-14.6 4.4-4.3-4.4-4.4-14.6-14.6z\"><\/path><\/svg>\n\t\t<\/button>\n\t\t<button class=\"espigul-house__item__gallery__arrow espigul-house__item__gallery__arrow--right\" aria-label=\"Next photo\" @click.stop=\"active === total - 1 ? active = 0 : active++\">\n\t\t\t<svg xmlns=\"http:\/\/www.w3.org\/2000\/svg\" viewBox=\"0 0 40 40\" width=\"40\" height=\"40\" focusable=\"false\"><path d=\"m15.5 0.932-4.3 4.38 14.5 14.6-14.5 14.5 4.3 4.4 14.6-14.6 4.4-4.3-4.4-4.4-14.6-14.6z\"><\/path><\/svg>\n\t\t<\/button>\n\t\t<div class=\"espigul-house__item__photo__overlay\">\n\t\t\t<div class=\"espigul-house__item__photo__price\">\n\t\t\t\t440.000\u00a0\u20ac\t\t\t<\/div>\n\t\t<\/div>\n\t<\/div>\n\t<div class=\"espigul-house__item__body\">\n\t\t<div class=\"espigul-house__item__body__city\">Girona<\/div>\n\t\t<h2 class=\"espigul-house__item__body__title flex-grow\">\n\t\t\t<a href=\"https:\/\/www.espigul.com\/de\/immobles\/3-zimmer-erdgeschosswohnung-in-vilablareix\/\" title=\"3-Zimmer-Erdgeschosswohnung in Vilablareix\">3-Zimmer-Erdgeschosswohnung in Vilablareix<\/a>\n\t\t<\/h2>\n\t\t<div class=\"espigul-house__item__body__meta\">\n\t\t\t\t\t\t<div class=\"espigul-house__item__body__meta__item\">\n\t\t\t\t<span class=\"espigul-house__item__body__meta__item__label\">Fl\u00e4che<\/span>\n\t\t\t\t<span class=\"espigul-house__item__body__meta__item__value\">\n\t\t\t\t\t107 m<sup>2<\/sup>\t\t\t\t<\/span>\n\t\t\t<\/div>\n\t\t\t\t\t\t<div class=\"espigul-house__item__body__meta__item\">\n\t\t\t\t<span class=\"espigul-house__item__body__meta__item__label\">Schlafzimmer<\/span>\n\t\t\t\t<span class=\"espigul-house__item__body__meta__item__value\">\n\t\t\t\t\t3\t\t\t\t<\/span>\n\t\t\t<\/div>\n\t\t\t\t\t\t<div class=\"espigul-house__item__body__meta__item\">\n\t\t\t\t<span class=\"espigul-house__item__body__meta__item__label\">Badezimmer<\/span>\n\t\t\t\t<span class=\"espigul-house__item__body__meta__item__value\">\n\t\t\t\t\t2\t\t\t\t<\/span>\n\t\t\t<\/div>\n\t\t\t\t\t<\/div>\n\t<\/div>\n<\/div>\n\t\t\t\t\t<\/li>\n\t\t\t\t\t\t\t\t\t\t<li class=\"splide__slide\">\n\t\t\t\t\t<div class=\"espigul-house__item cursor-pointer\" onClick=\"window.location.assign('https:\/\/www.espigul.com\/de\/immobles\/erstbezug-erdgeschosswohnung-mit-3-schlafzimmern-terrasses-de-vilablareix\/');\">\n\t<div class=\"espigul-house__item__gallery espigul-house__item__photo\" x-data=\"{ active : 0, total: 3 }\">\n\t\t\t\t<ul class=\"espigul-house__item__gallery__items\">\n\t\t\t\t\t\t\t<li class=\"espigul-house__item__gallery__items__item\" x-bind:class=\"0 == active ? 'espigul-house__item__gallery__items__item--active': ''\">\n\t\t\t\t\t<img decoding=\"async\" src=\"https:\/\/www.espigul.com\/wp-content\/uploads\/2026\/03\/estrena-planta-baja-de-3-habitaciones-terrasses-de-vilablareix-17178008-1300x867.webp\" alt=\"Erstbezug: Erdgeschosswohnung mit 3 Schlafzimmern \u2013 Terrasses de Vilablareix\" loading=\"lazy\" width=\"100%\" height=\"auto\">\n\t\t\t\t<\/li>\n\t\t\t\t\t\t\t<li class=\"espigul-house__item__gallery__items__item\" x-bind:class=\"1 == active ? 'espigul-house__item__gallery__items__item--active': ''\">\n\t\t\t\t\t<img decoding=\"async\" src=\"https:\/\/www.espigul.com\/wp-content\/uploads\/2026\/03\/estrena-planta-baja-de-3-habitaciones-terrasses-de-vilablareix-17177991-1300x867.webp\" alt=\"Erstbezug: Erdgeschosswohnung mit 3 Schlafzimmern \u2013 Terrasses de Vilablareix\" loading=\"lazy\" width=\"100%\" height=\"auto\">\n\t\t\t\t<\/li>\n\t\t\t\t\t\t\t<li class=\"espigul-house__item__gallery__items__item\" x-bind:class=\"2 == active ? 'espigul-house__item__gallery__items__item--active': ''\">\n\t\t\t\t\t<img decoding=\"async\" src=\"https:\/\/www.espigul.com\/wp-content\/uploads\/2026\/03\/estrena-planta-baja-de-3-habitaciones-terrasses-de-vilablareix-17177988-1300x867.webp\" alt=\"Erstbezug: Erdgeschosswohnung mit 3 Schlafzimmern \u2013 Terrasses de Vilablareix\" loading=\"lazy\" width=\"100%\" height=\"auto\">\n\t\t\t\t<\/li>\n\t\t\t\t\t<\/ul>\n\t\t<ul class=\"espigul-house__item__gallery__dots\">\n\t\t\t\t\t\t\t<li class=\"espigul-house__item__gallery__dots__item\" x-bind:class=\"0 == active ? 'espigul-house__item__gallery__dots__item--active': ''\">\n\t\t\t\t<\/li>\n\t\t\t\t\t\t\t<li class=\"espigul-house__item__gallery__dots__item\" x-bind:class=\"1 == active ? 'espigul-house__item__gallery__dots__item--active': ''\">\n\t\t\t\t<\/li>\n\t\t\t\t\t\t\t<li class=\"espigul-house__item__gallery__dots__item\" x-bind:class=\"2 == active ? 'espigul-house__item__gallery__dots__item--active': ''\">\n\t\t\t\t<\/li>\n\t\t\t\t\t<\/ul>\n\t\t<button class=\"espigul-house__item__gallery__arrow espigul-house__item__gallery__arrow--left\" aria-label=\"Previous photo\" @click.stop=\"active === 0 ? active = total - 1 : active--\">\n\t\t\t<svg xmlns=\"http:\/\/www.w3.org\/2000\/svg\" viewBox=\"0 0 40 40\" width=\"40\" height=\"40\" focusable=\"false\"><path d=\"m15.5 0.932-4.3 4.38 14.5 14.6-14.5 14.5 4.3 4.4 14.6-14.6 4.4-4.3-4.4-4.4-14.6-14.6z\"><\/path><\/svg>\n\t\t<\/button>\n\t\t<button class=\"espigul-house__item__gallery__arrow espigul-house__item__gallery__arrow--right\" aria-label=\"Next photo\" @click.stop=\"active === total - 1 ? active = 0 : active++\">\n\t\t\t<svg xmlns=\"http:\/\/www.w3.org\/2000\/svg\" viewBox=\"0 0 40 40\" width=\"40\" height=\"40\" focusable=\"false\"><path d=\"m15.5 0.932-4.3 4.38 14.5 14.6-14.5 14.5 4.3 4.4 14.6-14.6 4.4-4.3-4.4-4.4-14.6-14.6z\"><\/path><\/svg>\n\t\t<\/button>\n\t\t<div class=\"espigul-house__item__photo__overlay\">\n\t\t\t<div class=\"espigul-house__item__photo__price\">\n\t\t\t\t420.000\u00a0\u20ac\t\t\t<\/div>\n\t\t<\/div>\n\t<\/div>\n\t<div class=\"espigul-house__item__body\">\n\t\t<div class=\"espigul-house__item__body__city\">Girona<\/div>\n\t\t<h2 class=\"espigul-house__item__body__title flex-grow\">\n\t\t\t<a href=\"https:\/\/www.espigul.com\/de\/immobles\/erstbezug-erdgeschosswohnung-mit-3-schlafzimmern-terrasses-de-vilablareix\/\" title=\"Erstbezug: Erdgeschosswohnung mit 3 Schlafzimmern \u2013 Terrasses de Vilablareix\">Erstbezug: Erdgeschosswohnung mit 3 Schlafzimmern \u2013 Terrasses de Vilablareix<\/a>\n\t\t<\/h2>\n\t\t<div class=\"espigul-house__item__body__meta\">\n\t\t\t\t\t\t<div class=\"espigul-house__item__body__meta__item\">\n\t\t\t\t<span class=\"espigul-house__item__body__meta__item__label\">Fl\u00e4che<\/span>\n\t\t\t\t<span class=\"espigul-house__item__body__meta__item__value\">\n\t\t\t\t\t93 m<sup>2<\/sup>\t\t\t\t<\/span>\n\t\t\t<\/div>\n\t\t\t\t\t\t<div class=\"espigul-house__item__body__meta__item\">\n\t\t\t\t<span class=\"espigul-house__item__body__meta__item__label\">Schlafzimmer<\/span>\n\t\t\t\t<span class=\"espigul-house__item__body__meta__item__value\">\n\t\t\t\t\t3\t\t\t\t<\/span>\n\t\t\t<\/div>\n\t\t\t\t\t\t<div class=\"espigul-house__item__body__meta__item\">\n\t\t\t\t<span class=\"espigul-house__item__body__meta__item__label\">Badezimmer<\/span>\n\t\t\t\t<span class=\"espigul-house__item__body__meta__item__value\">\n\t\t\t\t\t2\t\t\t\t<\/span>\n\t\t\t<\/div>\n\t\t\t\t\t<\/div>\n\t<\/div>\n<\/div>\n\t\t\t\t\t<\/li>\n\t\t\t\t\t\t\t\t<\/ul>\n\t\t<\/div>\n\t<\/div>\n<\/div>\n<script>\n\tdocument.addEventListener( 'DOMContentLoaded', function() {\n\t\tvar main = new Splide( '#carousel-4905159', {\n\t\t\tfixedWidth: '70vw',\n\t\t\tgap: '2rem',\n\t\t\tpagination: false,\n\t\t\tarrows: false,\n\t\t\tpadding: '1rem',\n\t\t\tmediaQuery: 'min',\n\t\t\tbreakpoints: {\n\t\t\t\t720: {\n\t\t\t\t\tfixedWidth: null,\n\t\t\t\t\tperPage: 3,\n\t\t\t\t\tarrows: true,\n\t\t\t\t},\n\t\t}\n\t\t} );\n\t\tmain.mount();\n\t} );\n<\/script>\n<\/div><\/div>\n<\/div>\n\n\n\n<div class=\"wp-block-uagb-container bg-bezier-50 uagb-block-168a8574 alignfull uagb-is-root-container\"><div class=\"uagb-container-inner-blocks-wrap\">\n<div class=\"wp-block-uagb-container uagb-block-e8291b2b\">\n<div class=\"wp-block-group is-layout-constrained wp-container-core-group-is-layout-93ab80c1 wp-block-group-is-layout-constrained\" style=\"padding-top:0;padding-right:var(--wp--preset--spacing--80);padding-bottom:0;padding-left:0\">\n<h2 class=\"wp-block-heading has-white-color has-text-color\">Wohnungen zum Verkauf in Vilablareix<\/h2>\n\n\n\n<p class=\"has-white-color has-text-color\">In unserem Immobilienportfolio finden Sie eine gro\u00dfe Auswahl an <strong>Wohnungen zum Verkauf in Vilablareix<\/strong>. Wir verf\u00fcgen \u00fcber Optionen f\u00fcr Neubau oder Gebrauchtimmobilien, die sich sowohl an Ihr Budget als auch an Ihre spezifischen Bed\u00fcrfnisse anpassen lassen. <\/p>\n\n\n\n<p class=\"has-white-color has-text-color\">Bei uns finden Sie die <strong>Wohnung in Vilablareix<\/strong>, die all Ihre Erwartungen erf\u00fcllt. Von Wohnungen mit Parkplatz, attraktiven Gemeinschaftsbereichen, Terrasse, guter Ausrichtung und guter Anbindung an die Stadt Girona. Wir helfen Ihnen, Ihre Immobilienerwartungen zu erf\u00fcllen!   <\/p>\n<\/div>\n<\/div>\n\n\n\n<div class=\"wp-block-uagb-container uagb-block-fb5049af\"><\/div>\n<\/div><\/div>\n\n\n\n<div class=\"wp-block-uagb-container uagb-block-9e1cedfc alignwide uagb-is-root-container\">\n<div class=\"wp-block-uagb-container uagb-block-223031ab\">\n<div class=\"wp-block-columns is-layout-flex wp-container-core-columns-is-layout-28f84493 wp-block-columns-is-layout-flex\">\n<div class=\"wp-block-column is-layout-flow wp-block-column-is-layout-flow\">\n<figure class=\"wp-block-image aligncenter size-full is-resized\"><img decoding=\"async\" src=\"https:\/\/www.espigul.com\/wp-content\/uploads\/2025\/12\/ESPIGUL_Logo-Black-1.png\" alt=\"\" class=\"wp-image-335170\" style=\"aspect-ratio:4.036514522821577;width:250px;height:auto\"\/><\/figure>\n\n\n\n<p class=\"has-text-align-center has-medium-font-size\">Bei uns finden Sie die besten Optionen f\u00fcr <strong>Wohnungen zum Verkauf, zur Miete, Gebrauchtimmobilien oder Neubauwohnungen in Vilablareix<\/strong>. Wir verf\u00fcgen \u00fcber eine Vielzahl von Alternativen, die sich an Ihre Pl\u00e4ne und Vorlieben anpassen. <\/p>\n<\/div>\n<\/div>\n<\/div>\n<\/div>\n\n\n\n<div class=\"wp-block-uagb-container bg-bezier-50--right uagb-block-58fb33fb alignfull uagb-is-root-container\"><div class=\"uagb-container-inner-blocks-wrap\">\n<div class=\"wp-block-uagb-container uagb-block-4889659d alignfull uagb-is-root-container\"><div class=\"uagb-container-inner-blocks-wrap\"><\/div><\/div>\n\n\n\n<div class=\"wp-block-uagb-container uagb-block-68e4dbd5\">\n<div class=\"wp-block-group is-layout-constrained wp-container-core-group-is-layout-76b72ade wp-block-group-is-layout-constrained\" style=\"padding-top:0;padding-right:0;padding-bottom:0;padding-left:0\">\n<h2 class=\"wp-block-heading has-white-color has-text-color\">Mietwohnungen in Vilablareix<\/h2>\n\n\n\n<p>Wenn Sie <strong>Mietwohnungen in Vilablareix<\/strong> suchen, helfen wir Ihnen von unserer Immobilienagentur aus, die beste Alternative zu finden, damit Sie einen neuen Lebensabschnitt in dieser Gemeinde beginnen k\u00f6nnen, die perfekt mit der Stadt Girona und der Costa Brava verbunden ist.<\/p>\n\n\n\n<p>Wir helfen Ihnen, von Einfamilienwohnungen, gem\u00fctlichen Studios, eleganten Penthouses und anderen Optionen in Gebieten wie El Perell\u00f3 oder der Gegend des Flusses G\u00fcell zu finden. Immobilien, ausgestattet mit allem, was Sie f\u00fcr ein komfortables Leben ben\u00f6tigen. <\/p>\n<\/div>\n<\/div>\n<\/div><\/div>\n\n\n\n<div class=\"wp-block-uagb-container uagb-block-4e4202a9 alignfull uagb-is-root-container\"><div class=\"uagb-container-inner-blocks-wrap\">\n<div class=\"wp-block-uagb-container uagb-block-d6dfd534\">\n<div class=\"wp-block-uagb-advanced-heading uagb-block-2655cb54\"><h2 class=\"uagb-heading-text\">Immobilien in Vilablareix<\/h2><\/div>\n\n\n\n<p style=\"margin-top:0;margin-bottom:0;padding-top:0;padding-bottom:0\">Vilablareix ist eine der Gemeinden im Giron\u00e8s, die in den letzten Jahren ein bemerkenswertes Wohnwachstum erlebt hat. Dieser Ort bietet seinen Bewohnern eine breite Palette an kulturellen und bildungsbezogenen Alternativen, mit einer Kindertagesst\u00e4tte und einem Gymnasium mit sehr attraktiven Bildungsprogrammen.  <\/p>\n\n\n\n<p style=\"margin-top:0;margin-bottom:0;padding-top:0;padding-bottom:0\">Dar\u00fcber hinaus ist es einer der katalanischen Standorte mit einem der effizientesten Haus-zu-Haus-M\u00fcllsammelsysteme, wo die Recyclingquote durchschnittlich 90 % betr\u00e4gt.<\/p>\n\n\n\n<p style=\"margin-top:0;margin-right:0;margin-bottom:0;margin-left:0;padding-top:0;padding-bottom:0\">Die N\u00e4he zur AP7 macht Vilablareix zu einem idealen Ort, um sich sowohl nach Norden oder S\u00fcden als auch ins Landesinnere und an die K\u00fcste des katalanischen Gebiets zu bewegen. Dar\u00fcber hinaus liegt es nur 15 Minuten vom Flughafen Girona entfernt. Die N\u00e4he zur Hauptstadt des Giron\u00e8s ist ideal, um Zugang zu anderen Dienstleistungen wie Superm\u00e4rkten und Einkaufszentren zu haben und die Freizeitangebote der Stadt zu genie\u00dfen. Vilablareix ist ein sehr attraktives Dorf f\u00fcr diejenigen, die in einer famili\u00e4ren und ruhigen Umgebung leben m\u00f6chten.   <\/p>\n<\/div>\n\n\n\n<div class=\"wp-block-uagb-container uagb-block-0dca6873\">\n<figure class=\"wp-block-image size-large is-resized\"><img loading=\"lazy\" decoding=\"async\" width=\"1300\" height=\"867\" src=\"https:\/\/www.espigul.com\/wp-content\/uploads\/2023\/12\/sant-cugat-1-1300x867.webp\" alt=\"\" class=\"wp-image-36441\" style=\"width:738px;height:auto\" srcset=\"https:\/\/www.espigul.com\/wp-content\/uploads\/2023\/12\/sant-cugat-1-1300x867.webp 1300w, https:\/\/www.espigul.com\/wp-content\/uploads\/2023\/12\/sant-cugat-1-400x267.webp 400w, https:\/\/www.espigul.com\/wp-content\/uploads\/2023\/12\/sant-cugat-1-768x512.webp 768w, https:\/\/www.espigul.com\/wp-content\/uploads\/2023\/12\/sant-cugat-1-1536x1024.webp 1536w, https:\/\/www.espigul.com\/wp-content\/uploads\/2023\/12\/sant-cugat-1.webp 1800w\" sizes=\"auto, (max-width: 1300px) 100vw, 1300px\" \/><\/figure>\n<\/div>\n<\/div><\/div>\n\n\n\n<div class=\"wp-block-uagb-container uagb-block-a68bdb97 alignwide uagb-is-root-container\">\n<div class=\"wp-block-uagb-container uagb-block-6a6817ed\">\n<p class=\"has-text-align-center has-medium-font-size\">Unser Immobilienberatungsteam ist hier, um Ihnen zu helfen, die Immobilie Ihrer Tr\u00e4ume zu finden.<\/p>\n\n\n\n<p class=\"has-text-align-center has-medium-font-size\">Z\u00f6gern Sie nicht l\u00e4nger, kontaktieren Sie uns noch heute und entdecken Sie eine exklusiv f\u00fcr Sie entworfene Alternative!<\/p>\n<\/div>\n<\/div>\n\n\n\n<div class=\"wp-block-uagb-container uagb-block-24de5ec9 alignfull uagb-is-root-container\"><div class=\"uagb-container-inner-blocks-wrap\">\n<div class=\"wp-block-uagb-container uagb-block-e8496523\">\n<div class=\"wp-block-uagb-advanced-heading uagb-block-a718f958\"><h2 class=\"uagb-heading-text\">Kontaktieren Sie uns<\/h2><\/div>\n\n\n\n<div class=\"wp-block-contact-form-7-contact-form-selector\">\n<div class=\"wpcf7 no-js\" id=\"wpcf7-f164507-o1\" lang=\"de-DE\" dir=\"ltr\" data-wpcf7-id=\"164507\">\n<div class=\"screen-reader-response\"><p role=\"status\" aria-live=\"polite\" aria-atomic=\"true\"><\/p> <ul><\/ul><\/div>\n<form action=\"\/de\/wp-json\/wp\/v2\/pages\/164489#wpcf7-f164507-o1\" method=\"post\" class=\"wpcf7-form init\" aria-label=\"Kontaktformular\" novalidate=\"novalidate\" data-status=\"init\">\n<fieldset class=\"hidden-fields-container\"><input type=\"hidden\" name=\"_wpcf7\" value=\"164507\" \/><input type=\"hidden\" name=\"_wpcf7_version\" value=\"6.1.5\" \/><input type=\"hidden\" name=\"_wpcf7_locale\" value=\"de_DE\" \/><input type=\"hidden\" name=\"_wpcf7_unit_tag\" value=\"wpcf7-f164507-o1\" \/><input type=\"hidden\" name=\"_wpcf7_container_post\" value=\"0\" \/><input type=\"hidden\" name=\"_wpcf7_posted_data_hash\" value=\"\" \/><input type=\"hidden\" name=\"_wpcf7_recaptcha_response\" value=\"\" \/>\n<\/fieldset>\n<h3>Kontaktformular<\/h3>\n<div class=\"contact-form__cols contact-form__cols--2\">\n<div class=\"contact-form__cols__col\">\n<label> <span class=\"contact-form-required\">Vollst\u00e4ndiger Name<\/span>\n    <span class=\"wpcf7-form-control-wrap\" data-name=\"your-name\"><input size=\"40\" maxlength=\"400\" class=\"wpcf7-form-control wpcf7-text\" autocomplete=\"name\" aria-invalid=\"false\" value=\"\" type=\"text\" name=\"your-name\" \/><\/span> <\/label>\n<\/div> \n<div class=\"contact-form__cols__col\">\n<label> Immobilientyp<\/span>\n     <span class=\"wpcf7-form-control-wrap\" data-name=\"your-type\"><select class=\"wpcf7-form-control wpcf7-select\" aria-invalid=\"false\" name=\"your-type\"><option value=\"Wohnung\">Wohnung<\/option><option value=\"Haus\">Haus<\/option><option value=\"Gewerbeobjekt\">Gewerbeobjekt<\/option><option value=\"Garage\">Garage<\/option><\/select><\/span> <\/label>\n<\/div> \n<\/div>\n\n<div class=\"contact-form__cols contact-form__cols--2\">\n\n<div class=\"contact-form__cols__col\"> <label> \n<span class=\"contact-form-required\">E-Mail-Adresse<\/span>\n    <span class=\"wpcf7-form-control-wrap\" data-name=\"your-email\"><input size=\"40\" maxlength=\"400\" class=\"wpcf7-form-control wpcf7-email wpcf7-validates-as-required wpcf7-text wpcf7-validates-as-email\" autocomplete=\"email\" aria-required=\"true\" aria-invalid=\"false\" value=\"\" type=\"email\" name=\"your-email\" \/><\/span> <\/label>\n<\/div>\n<div class=\"contact-form__cols__col\">\n<label>Vorgang<\/span>\n<span class=\"wpcf7-form-control-wrap\" data-name=\"your-operation\"><select class=\"wpcf7-form-control wpcf7-select\" aria-invalid=\"false\" name=\"your-operation\"><option value=\"Verkauf\">Verkauf<\/option><option value=\"Miete\">Miete<\/option><\/select><\/span> <\/label>\n<\/div> \n<\/div>\n<div class=\"contact-form__cols contact-form__cols--2\">\n<div class=\"contact-form__cols__col\">\n<label> <span class=\"contact-form-required\">Telefon\n<\/div> \n<div class=\"contact-form__cols__col\">\n<label> Maximalpreis\n     <span class=\"wpcf7-form-control-wrap\" data-name=\"your-price\"><input size=\"40\" maxlength=\"400\" class=\"wpcf7-form-control wpcf7-text\" aria-invalid=\"false\" value=\"\" type=\"text\" name=\"your-price\" \/><\/span> <\/label>\n<\/div> \n<\/label><\/div>\n<div class=\"contact-form__cols contact-form__cols--2\">\n<div class=\"contact-form__cols__col\">\n<label> Ort\n    <span class=\"wpcf7-form-control-wrap\" data-name=\"your-location\"><input size=\"40\" maxlength=\"400\" class=\"wpcf7-form-control wpcf7-text\" aria-invalid=\"false\" value=\"\" type=\"text\" name=\"your-location\" \/><\/span> <\/label>\n<\/div> \n<div class=\"contact-form__cols__col\">\n<label> Gebiet\n     <span class=\"wpcf7-form-control-wrap\" data-name=\"your-zone\"><input size=\"40\" maxlength=\"400\" class=\"wpcf7-form-control wpcf7-text\" aria-invalid=\"false\" value=\"\" type=\"text\" name=\"your-zone\" \/><\/span> <\/label>\n<\/div> \n<\/div>\n\n\n\n\n\n<label> <span class=\"contact-form-required\">Nachricht<\/span>\n    <span class=\"wpcf7-form-control-wrap\" data-name=\"your-message\"><textarea cols=\"40\" rows=\"10\" maxlength=\"2000\" class=\"wpcf7-form-control wpcf7-textarea\" aria-invalid=\"false\" name=\"your-message\"><\/textarea><\/span> <\/label>\n<label class=\"contact-form__checkbox\"> <span class=\"wpcf7-form-control-wrap\" data-name=\"acceptance-\"><span class=\"wpcf7-form-control wpcf7-acceptance\"><span class=\"wpcf7-list-item\"><input type=\"checkbox\" name=\"acceptance-\" value=\"1\" aria-invalid=\"false\" \/><\/span><\/span><\/span> <span class=\"contact-form-required\">Ich habe die rechtlichen Bedingungen und die Datenschutzbestimmungen gelesen und akzeptiere sie.<\/span>\n<\/label>\n\n\n\n\n<input class=\"wpcf7-form-control wpcf7-submit has-spinner\" type=\"submit\" value=\"Envia\" \/><div class=\"wpcf7-response-output\" aria-hidden=\"true\"><\/div>\n<\/form>\n<\/div>\n<\/div>\n<\/div>\n<\/div><\/div>\n","protected":false},"excerpt":{"rendered":"<p>WOHNUNGEN IN VILABLAREIX Bei Esp\u00edgul helfen wir Ihnen, Wohnungen in Vilablareix zu finden. Wir sind Spezialisten im Immobiliensektor in den Regionen Gironas und bieten Ihnen einen pers\u00f6nlichen Service, um Ihr zuk\u00fcnftiges Zuhause zu finden oder eine erfolgreiche Immobilieninvestition in dieser Gemeinde des Giron\u00e8s zu t\u00e4tigen. Ausgew\u00e4hlte Wohnungen in Vilablareix Wohnungen zum Verkauf in Vilablareix In&#8230;<\/p>\n","protected":false},"author":2,"featured_media":164490,"parent":0,"menu_order":0,"comment_status":"closed","ping_status":"closed","template":"","meta":{"_acf_changed":false,"_uag_custom_page_level_css":"","footnotes":""},"class_list":["post-164489","page","type-page","status-publish","has-post-thumbnail","hentry"],"acf":[],"yoast_head":"<!-- This site is optimized with the Yoast SEO plugin v27.4 - https:\/\/yoast.com\/product\/yoast-seo-wordpress\/ -->\n<title>Wohnungen Vilablareix - Esp\u00edgul<\/title>\n<meta name=\"description\" content=\"Suchen Sie Wohnungen in Vilablareix? Entdecken Sie unser Immobilienangebot und finden Sie die besten Miet- oder Kaufwohnungen in Vilablareix.\" \/>\n<meta name=\"robots\" content=\"index, follow, max-snippet:-1, max-image-preview:large, max-video-preview:-1\" \/>\n<link rel=\"canonical\" href=\"https:\/\/www.espigul.com\/de\/wohnungen-vilablareix\/\" \/>\n<meta property=\"og:locale\" content=\"de_DE\" \/>\n<meta property=\"og:type\" content=\"article\" \/>\n<meta property=\"og:title\" content=\"Wohnungen Vilablareix - Esp\u00edgul\" \/>\n<meta property=\"og:description\" content=\"Suchen Sie Wohnungen in Vilablareix? Entdecken Sie unser Immobilienangebot und finden Sie die besten Miet- oder Kaufwohnungen in Vilablareix.\" \/>\n<meta property=\"og:url\" content=\"https:\/\/www.espigul.com\/de\/wohnungen-vilablareix\/\" \/>\n<meta property=\"og:site_name\" content=\"Esp\u00edgul\" \/>\n<meta property=\"article:modified_time\" content=\"2025-12-16T09:31:31+00:00\" \/>\n<meta property=\"og:image\" content=\"https:\/\/www.espigul.com\/wp-content\/uploads\/2023\/07\/vilablareix8.jpg\" \/>\n\t<meta property=\"og:image:width\" content=\"1152\" \/>\n\t<meta property=\"og:image:height\" content=\"535\" \/>\n\t<meta property=\"og:image:type\" content=\"image\/jpeg\" \/>\n<meta name=\"twitter:card\" content=\"summary_large_image\" \/>\n<meta name=\"twitter:label1\" content=\"Gesch\u00e4tzte Lesezeit\" \/>\n\t<meta name=\"twitter:data1\" content=\"3\u00a0Minuten\" \/>\n<script type=\"application\/ld+json\" class=\"yoast-schema-graph\">{\"@context\":\"https:\\\/\\\/schema.org\",\"@graph\":[{\"@type\":\"WebPage\",\"@id\":\"https:\\\/\\\/www.espigul.com\\\/de\\\/wohnungen-vilablareix\\\/\",\"url\":\"https:\\\/\\\/www.espigul.com\\\/de\\\/wohnungen-vilablareix\\\/\",\"name\":\"Wohnungen Vilablareix - Esp\u00edgul\",\"isPartOf\":{\"@id\":\"https:\\\/\\\/www.espigul.com\\\/de\\\/#website\"},\"primaryImageOfPage\":{\"@id\":\"https:\\\/\\\/www.espigul.com\\\/de\\\/wohnungen-vilablareix\\\/#primaryimage\"},\"image\":{\"@id\":\"https:\\\/\\\/www.espigul.com\\\/de\\\/wohnungen-vilablareix\\\/#primaryimage\"},\"thumbnailUrl\":\"https:\\\/\\\/www.espigul.com\\\/wp-content\\\/uploads\\\/2023\\\/07\\\/vilablareix8.jpg\",\"datePublished\":\"2024-03-21T09:31:38+00:00\",\"dateModified\":\"2025-12-16T09:31:31+00:00\",\"description\":\"Suchen Sie Wohnungen in Vilablareix? Entdecken Sie unser Immobilienangebot und finden Sie die besten Miet- oder Kaufwohnungen in Vilablareix.\",\"breadcrumb\":{\"@id\":\"https:\\\/\\\/www.espigul.com\\\/de\\\/wohnungen-vilablareix\\\/#breadcrumb\"},\"inLanguage\":\"de\",\"potentialAction\":[{\"@type\":\"ReadAction\",\"target\":[\"https:\\\/\\\/www.espigul.com\\\/de\\\/wohnungen-vilablareix\\\/\"]}]},{\"@type\":\"ImageObject\",\"inLanguage\":\"de\",\"@id\":\"https:\\\/\\\/www.espigul.com\\\/de\\\/wohnungen-vilablareix\\\/#primaryimage\",\"url\":\"https:\\\/\\\/www.espigul.com\\\/wp-content\\\/uploads\\\/2023\\\/07\\\/vilablareix8.jpg\",\"contentUrl\":\"https:\\\/\\\/www.espigul.com\\\/wp-content\\\/uploads\\\/2023\\\/07\\\/vilablareix8.jpg\",\"width\":1152,\"height\":535},{\"@type\":\"BreadcrumbList\",\"@id\":\"https:\\\/\\\/www.espigul.com\\\/de\\\/wohnungen-vilablareix\\\/#breadcrumb\",\"itemListElement\":[{\"@type\":\"ListItem\",\"position\":1,\"name\":\"Inici\",\"item\":\"https:\\\/\\\/www.espigul.com\\\/de\\\/\"},{\"@type\":\"ListItem\",\"position\":2,\"name\":\"Wohnungen Vilablareix\"}]},{\"@type\":\"WebSite\",\"@id\":\"https:\\\/\\\/www.espigul.com\\\/de\\\/#website\",\"url\":\"https:\\\/\\\/www.espigul.com\\\/de\\\/\",\"name\":\"Esp\u00edgul\",\"description\":\"La immobili\u00e0ria l\u00edder de Girona\",\"publisher\":{\"@id\":\"https:\\\/\\\/www.espigul.com\\\/de\\\/#organization\"},\"potentialAction\":[{\"@type\":\"SearchAction\",\"target\":{\"@type\":\"EntryPoint\",\"urlTemplate\":\"https:\\\/\\\/www.espigul.com\\\/de\\\/?s={search_term_string}\"},\"query-input\":{\"@type\":\"PropertyValueSpecification\",\"valueRequired\":true,\"valueName\":\"search_term_string\"}}],\"inLanguage\":\"de\"},{\"@type\":\"Organization\",\"@id\":\"https:\\\/\\\/www.espigul.com\\\/de\\\/#organization\",\"name\":\"Esp\u00edgul\",\"url\":\"https:\\\/\\\/www.espigul.com\\\/de\\\/\",\"logo\":{\"@type\":\"ImageObject\",\"inLanguage\":\"de\",\"@id\":\"https:\\\/\\\/www.espigul.com\\\/de\\\/#\\\/schema\\\/logo\\\/image\\\/\",\"url\":\"https:\\\/\\\/www.espigul.com\\\/wp-content\\\/uploads\\\/2023\\\/08\\\/espigul-block.png\",\"contentUrl\":\"https:\\\/\\\/www.espigul.com\\\/wp-content\\\/uploads\\\/2023\\\/08\\\/espigul-block.png\",\"width\":384,\"height\":240,\"caption\":\"Esp\u00edgul\"},\"image\":{\"@id\":\"https:\\\/\\\/www.espigul.com\\\/de\\\/#\\\/schema\\\/logo\\\/image\\\/\"},\"sameAs\":[\"https:\\\/\\\/www.instagram.com\\\/immoespigul\\\/\",\"https:\\\/\\\/www.youtube.com\\\/channel\\\/UCYyD-WWfbCFpCXau4SQOGKQ\"]}]}<\/script>\n<!-- \/ Yoast SEO plugin. -->","yoast_head_json":{"title":"Wohnungen Vilablareix - Esp\u00edgul","description":"Suchen Sie Wohnungen in Vilablareix? Entdecken Sie unser Immobilienangebot und finden Sie die besten Miet- oder Kaufwohnungen in Vilablareix.","robots":{"index":"index","follow":"follow","max-snippet":"max-snippet:-1","max-image-preview":"max-image-preview:large","max-video-preview":"max-video-preview:-1"},"canonical":"https:\/\/www.espigul.com\/de\/wohnungen-vilablareix\/","og_locale":"de_DE","og_type":"article","og_title":"Wohnungen Vilablareix - Esp\u00edgul","og_description":"Suchen Sie Wohnungen in Vilablareix? Entdecken Sie unser Immobilienangebot und finden Sie die besten Miet- oder Kaufwohnungen in Vilablareix.","og_url":"https:\/\/www.espigul.com\/de\/wohnungen-vilablareix\/","og_site_name":"Esp\u00edgul","article_modified_time":"2025-12-16T09:31:31+00:00","og_image":[{"width":1152,"height":535,"url":"https:\/\/www.espigul.com\/wp-content\/uploads\/2023\/07\/vilablareix8.jpg","type":"image\/jpeg"}],"twitter_card":"summary_large_image","twitter_misc":{"Gesch\u00e4tzte Lesezeit":"3\u00a0Minuten"},"schema":{"@context":"https:\/\/schema.org","@graph":[{"@type":"WebPage","@id":"https:\/\/www.espigul.com\/de\/wohnungen-vilablareix\/","url":"https:\/\/www.espigul.com\/de\/wohnungen-vilablareix\/","name":"Wohnungen Vilablareix - Esp\u00edgul","isPartOf":{"@id":"https:\/\/www.espigul.com\/de\/#website"},"primaryImageOfPage":{"@id":"https:\/\/www.espigul.com\/de\/wohnungen-vilablareix\/#primaryimage"},"image":{"@id":"https:\/\/www.espigul.com\/de\/wohnungen-vilablareix\/#primaryimage"},"thumbnailUrl":"https:\/\/www.espigul.com\/wp-content\/uploads\/2023\/07\/vilablareix8.jpg","datePublished":"2024-03-21T09:31:38+00:00","dateModified":"2025-12-16T09:31:31+00:00","description":"Suchen Sie Wohnungen in Vilablareix? Entdecken Sie unser Immobilienangebot und finden Sie die besten Miet- oder Kaufwohnungen in Vilablareix.","breadcrumb":{"@id":"https:\/\/www.espigul.com\/de\/wohnungen-vilablareix\/#breadcrumb"},"inLanguage":"de","potentialAction":[{"@type":"ReadAction","target":["https:\/\/www.espigul.com\/de\/wohnungen-vilablareix\/"]}]},{"@type":"ImageObject","inLanguage":"de","@id":"https:\/\/www.espigul.com\/de\/wohnungen-vilablareix\/#primaryimage","url":"https:\/\/www.espigul.com\/wp-content\/uploads\/2023\/07\/vilablareix8.jpg","contentUrl":"https:\/\/www.espigul.com\/wp-content\/uploads\/2023\/07\/vilablareix8.jpg","width":1152,"height":535},{"@type":"BreadcrumbList","@id":"https:\/\/www.espigul.com\/de\/wohnungen-vilablareix\/#breadcrumb","itemListElement":[{"@type":"ListItem","position":1,"name":"Inici","item":"https:\/\/www.espigul.com\/de\/"},{"@type":"ListItem","position":2,"name":"Wohnungen Vilablareix"}]},{"@type":"WebSite","@id":"https:\/\/www.espigul.com\/de\/#website","url":"https:\/\/www.espigul.com\/de\/","name":"Esp\u00edgul","description":"La immobili\u00e0ria l\u00edder de Girona","publisher":{"@id":"https:\/\/www.espigul.com\/de\/#organization"},"potentialAction":[{"@type":"SearchAction","target":{"@type":"EntryPoint","urlTemplate":"https:\/\/www.espigul.com\/de\/?s={search_term_string}"},"query-input":{"@type":"PropertyValueSpecification","valueRequired":true,"valueName":"search_term_string"}}],"inLanguage":"de"},{"@type":"Organization","@id":"https:\/\/www.espigul.com\/de\/#organization","name":"Esp\u00edgul","url":"https:\/\/www.espigul.com\/de\/","logo":{"@type":"ImageObject","inLanguage":"de","@id":"https:\/\/www.espigul.com\/de\/#\/schema\/logo\/image\/","url":"https:\/\/www.espigul.com\/wp-content\/uploads\/2023\/08\/espigul-block.png","contentUrl":"https:\/\/www.espigul.com\/wp-content\/uploads\/2023\/08\/espigul-block.png","width":384,"height":240,"caption":"Esp\u00edgul"},"image":{"@id":"https:\/\/www.espigul.com\/de\/#\/schema\/logo\/image\/"},"sameAs":["https:\/\/www.instagram.com\/immoespigul\/","https:\/\/www.youtube.com\/channel\/UCYyD-WWfbCFpCXau4SQOGKQ"]}]}},"uagb_featured_image_src":{"full":["https:\/\/www.espigul.com\/wp-content\/uploads\/2023\/07\/vilablareix8.jpg",1152,535,false],"thumbnail":["https:\/\/www.espigul.com\/wp-content\/uploads\/2023\/07\/vilablareix8-150x150.jpg",150,150,true],"medium":["https:\/\/www.espigul.com\/wp-content\/uploads\/2023\/07\/vilablareix8-400x186.jpg",400,186,true],"medium_large":["https:\/\/www.espigul.com\/wp-content\/uploads\/2023\/07\/vilablareix8-768x357.jpg",768,357,true],"large":["https:\/\/www.espigul.com\/wp-content\/uploads\/2023\/07\/vilablareix8.jpg",960,446,false],"1536x1536":["https:\/\/www.espigul.com\/wp-content\/uploads\/2023\/07\/vilablareix8.jpg",1152,535,false],"2048x2048":["https:\/\/www.espigul.com\/wp-content\/uploads\/2023\/07\/vilablareix8.jpg",1152,535,false],"gform-image-choice-sm":["https:\/\/www.espigul.com\/wp-content\/uploads\/2023\/07\/vilablareix8.jpg",300,139,false],"gform-image-choice-md":["https:\/\/www.espigul.com\/wp-content\/uploads\/2023\/07\/vilablareix8.jpg",400,186,false],"gform-image-choice-lg":["https:\/\/www.espigul.com\/wp-content\/uploads\/2023\/07\/vilablareix8.jpg",600,279,false]},"uagb_author_info":{"display_name":"Anna Ramon","author_link":"https:\/\/www.espigul.com\/de\/author\/anna-ramon\/"},"uagb_comment_info":0,"uagb_excerpt":"WOHNUNGEN IN VILABLAREIX Bei Esp\u00edgul helfen wir Ihnen, Wohnungen in Vilablareix zu finden. Wir sind Spezialisten im Immobiliensektor in den Regionen Gironas und bieten Ihnen einen pers\u00f6nlichen Service, um Ihr zuk\u00fcnftiges Zuhause zu finden oder eine erfolgreiche Immobilieninvestition in dieser Gemeinde des Giron\u00e8s zu t\u00e4tigen. Ausgew\u00e4hlte Wohnungen in Vilablareix Wohnungen zum Verkauf in Vilablareix In...","_links":{"self":[{"href":"https:\/\/www.espigul.com\/de\/wp-json\/wp\/v2\/pages\/164489","targetHints":{"allow":["GET"]}}],"collection":[{"href":"https:\/\/www.espigul.com\/de\/wp-json\/wp\/v2\/pages"}],"about":[{"href":"https:\/\/www.espigul.com\/de\/wp-json\/wp\/v2\/types\/page"}],"author":[{"embeddable":true,"href":"https:\/\/www.espigul.com\/de\/wp-json\/wp\/v2\/users\/2"}],"replies":[{"embeddable":true,"href":"https:\/\/www.espigul.com\/de\/wp-json\/wp\/v2\/comments?post=164489"}],"version-history":[{"count":2,"href":"https:\/\/www.espigul.com\/de\/wp-json\/wp\/v2\/pages\/164489\/revisions"}],"predecessor-version":[{"id":335188,"href":"https:\/\/www.espigul.com\/de\/wp-json\/wp\/v2\/pages\/164489\/revisions\/335188"}],"wp:featuredmedia":[{"embeddable":true,"href":"https:\/\/www.espigul.com\/de\/wp-json\/wp\/v2\/media\/164490"}],"wp:attachment":[{"href":"https:\/\/www.espigul.com\/de\/wp-json\/wp\/v2\/media?parent=164489"}],"curies":[{"name":"wp","href":"https:\/\/api.w.org\/{rel}","templated":true}]}}