{"id":164282,"date":"2024-03-04T11:09:31","date_gmt":"2024-03-04T09:09:31","guid":{"rendered":"https:\/\/www.espigul.com\/wohnungen-platja-daro\/"},"modified":"2025-12-16T11:16:41","modified_gmt":"2025-12-16T09:16:41","slug":"wohnungen-platja-daro","status":"publish","type":"page","link":"https:\/\/www.espigul.com\/de\/wohnungen-platja-daro\/","title":{"rendered":"Wohnungen Platja d\u2019Aro"},"content":{"rendered":"\n<div class=\"wp-block-uagb-container uagb-block-26595532 alignfull uagb-is-root-container\"><div class=\"uagb-container-inner-blocks-wrap\">\n<h1 class=\"wp-block-heading has-text-align-center has-white-color has-text-color has-link-color wp-elements-9db4794e42220dcc2984e18cd38a1a8f\">WOHNUNGEN PLATJA D&#8217;ARO<\/h1>\n<\/div><\/div>\n\n\n\n<div class=\"wp-block-uagb-container uagb-block-a68bdb97 alignwide uagb-is-root-container\">\n<div class=\"wp-block-uagb-container uagb-block-6a6817ed\">\n<p class=\"has-text-align-center has-medium-font-size\">Suchen Sie das beste Angebot an <strong>Wohnungen in Platja d\u2019Aro<\/strong>? Entdecken Sie die gro\u00dfe Auswahl an Immobilien, die wir in diesem privilegierten Ort an der Costa Brava haben!  <\/p>\n\n\n\n<p class=\"has-text-align-center has-medium-font-size\">Wohnungen und Apartments mit einer gro\u00dfen Vielfalt an sehr attraktiven Eigenschaften, um Ihre n\u00e4chste Investition zu einem sehr wertvollen Gesch\u00e4ft zu machen.<\/p>\n<\/div>\n\n\n\n<div class=\"wp-block-uagb-container uagb-block-e10f2f60 alignfull uagb-is-root-container\"><div class=\"uagb-container-inner-blocks-wrap\">\n<div class=\"wp-block-uagb-advanced-heading uagb-block-532832d4\"><h2 class=\"uagb-heading-text\">Ausgew\u00e4hlte Wohnungen in Platja d&#8217;Aro<\/h2><\/div>\n\n\n<div class=\"espigul-slider wp-block-espigul-espigul-slider\">\n\t<div id=\"carousel-6451465\" class=\"splide\">\n\t\t<div class=\"splide__track\">\n\t\t\t<ul class=\"splide__list\">\n\t\t\t\t\t\t<\/ul>\n\t\t<\/div>\n\t<\/div>\n<\/div>\n<script>\n\tdocument.addEventListener( 'DOMContentLoaded', function() {\n\t\tvar main = new Splide( '#carousel-6451465', {\n\t\t\tfixedWidth: '70vw',\n\t\t\tgap: '2rem',\n\t\t\tpagination: false,\n\t\t\tarrows: false,\n\t\t\tpadding: '1rem',\n\t\t\tmediaQuery: 'min',\n\t\t\tbreakpoints: {\n\t\t\t\t720: {\n\t\t\t\t\tfixedWidth: null,\n\t\t\t\t\tperPage: 3,\n\t\t\t\t\tarrows: true,\n\t\t\t\t},\n\t\t}\n\t\t} );\n\t\tmain.mount();\n\t} );\n<\/script>\n<\/div><\/div>\n<\/div>\n\n\n\n<div class=\"wp-block-uagb-container bg-bezier-50 uagb-block-168a8574 alignfull uagb-is-root-container\"><div class=\"uagb-container-inner-blocks-wrap\">\n<div class=\"wp-block-uagb-container uagb-block-e8291b2b\">\n<div class=\"wp-block-group is-layout-constrained wp-container-core-group-is-layout-93ab80c1 wp-block-group-is-layout-constrained\" style=\"padding-top:0;padding-right:var(--wp--preset--spacing--80);padding-bottom:0;padding-left:0\">\n<h2 class=\"wp-block-heading has-white-color has-text-color\">Wohnungsverkauf in Platja d\u2019Aro<\/h2>\n\n\n\n<p class=\"has-white-color has-text-color\">Platja d\u2019Aro ist einer der bekanntesten Orte an der Costa Brava, dank seiner Str\u00e4nde und des gro\u00dfen Angebots an Freizeitaktivit\u00e4ten, die dazu einladen, eine entspannte Atmosph\u00e4re zu genie\u00dfen. <\/p>\n\n\n\n<p class=\"has-white-color has-text-color\">Es ist eine Gemeinde, die sich durch ihre N\u00e4he zu den St\u00e4dten Barcelona und Girona auszeichnet, etwas mehr als eine Stunde von der franz\u00f6sischen Grenze entfernt. Platja d\u2019Aro ist der perfekte Ort, sowohl um mit der Familie zu leben als auch um in einen Zweitwohnsitz zu investieren, um die angenehmen Sommer an der Mittelmeerk\u00fcste zu genie\u00dfen. <\/p>\n<\/div>\n<\/div>\n\n\n\n<div class=\"wp-block-uagb-container uagb-block-fb5049af\"><\/div>\n<\/div><\/div>\n\n\n\n<div class=\"wp-block-uagb-container uagb-block-0bd962e7 alignwide uagb-is-root-container\">\n<div class=\"wp-block-uagb-container uagb-block-da137785\">\n<p class=\"has-text-align-center has-medium-font-size\">Finden Sie Ihre n\u00e4chste Immobilie in Platja d\u2019Aro mit Esp\u00edgul. In unserem Immobilienportfolio finden Sie Wohnungen zum Verkauf in Platja d\u2019Aro in erster Meereslinie mit modernen und ger\u00e4umigen Einrichtungen, Wohnungen mit verschiedenen Zimmern, Immobilien mit inklusivem Parkplatz und Gemeinschaftsbereichen, Wohnungen mit Pool in Platja d\u2019Aro&#8230;  <\/p>\n\n\n\n<p class=\"has-text-align-center has-medium-font-size\">Z\u00f6gern Sie nicht l\u00e4nger und werfen Sie einen Blick auf unseren Katalog von Wohnungen, H\u00e4usern und Apartments zum Verkauf in Platja d\u2019Aro!<\/p>\n<\/div>\n<\/div>\n\n\n\n<div class=\"wp-block-uagb-container bg-bezier-50--right uagb-block-58fb33fb alignfull uagb-is-root-container\"><div class=\"uagb-container-inner-blocks-wrap\">\n<div class=\"wp-block-uagb-container uagb-block-4889659d alignfull uagb-is-root-container\"><div class=\"uagb-container-inner-blocks-wrap\"><\/div><\/div>\n\n\n\n<div class=\"wp-block-uagb-container uagb-block-68e4dbd5\">\n<div class=\"wp-block-group is-layout-constrained wp-container-core-group-is-layout-76b72ade wp-block-group-is-layout-constrained\" style=\"padding-top:0;padding-right:0;padding-bottom:0;padding-left:0\">\n<h2 class=\"wp-block-heading has-white-color has-text-color\">Wohnungen, H\u00e4user und Apartments zum Verkauf in Platja d\u2019Aro<\/h2>\n\n\n\n<p>In eine Immobilie in diesem K\u00fcstenort zu investieren, erm\u00f6glicht es Ihnen, alle Vorteile des Lebens in der N\u00e4he eines Touristengebiets zu genie\u00dfen, mit einer breiten Palette von Dienstleistungen wie Bildungseinrichtungen, Superm\u00e4rkten, Freizeiteinrichtungen und einem exquisiten internationalen gastronomischen Angebot. <\/p>\n\n\n\n<p>Gekennzeichnet durch seine angenehme Atmosph\u00e4re und gutes Wetter, k\u00f6nnen Sie w\u00e4hrend der Sommersaison auch Str\u00e4nde und Buchten mit kristallklarem Wasser und Stra\u00dfen voller Leben und Unterhaltung genie\u00dfen.<\/p>\n<\/div>\n<\/div>\n<\/div><\/div>\n\n\n\n<div class=\"wp-block-uagb-container uagb-block-9e1cedfc alignwide uagb-is-root-container\">\n<div class=\"wp-block-uagb-container uagb-block-223031ab\">\n<div class=\"wp-block-columns is-layout-flex wp-container-core-columns-is-layout-28f84493 wp-block-columns-is-layout-flex\">\n<div class=\"wp-block-column is-layout-flow wp-block-column-is-layout-flow\">\n<figure class=\"wp-block-image aligncenter size-full is-resized\"><img decoding=\"async\" src=\"https:\/\/www.espigul.com\/wp-content\/uploads\/2025\/12\/ESPIGUL_Logo-Black-1.png\" alt=\"\" class=\"wp-image-335170\" style=\"aspect-ratio:4.036514522821577;width:202px;height:auto\"\/><\/figure>\n\n\n\n<div class=\"wp-block-uagb-advanced-heading uagb-block-23f567ef\"><h2 class=\"uagb-heading-text\">Wohnung kaufen in Platja d\u2019Aro<\/h2><\/div>\n\n\n\n<p class=\"has-text-align-center has-medium-font-size\">Finden Sie mit Hilfe unserer Immobilienagentur Ihr zuk\u00fcnftiges Zuhause in Platja d&#8217;Aro, sei es Neubau oder aus zweiter Hand, einfach und sicher. <\/p>\n\n\n\n<p class=\"has-text-align-center has-medium-font-size\">Unser Beratungsteam wird Sie durch alle Schritte des Prozesses f\u00fchren, damit Sie die Immobilie in Platja d\u2019Aro finden, die am besten zu Ihren Bed\u00fcrfnissen passt.<\/p>\n<\/div>\n<\/div>\n<\/div>\n<\/div>\n\n\n\n<div class=\"wp-block-uagb-container uagb-block-24de5ec9 alignfull uagb-is-root-container\"><div class=\"uagb-container-inner-blocks-wrap\">\n<div class=\"wp-block-uagb-container uagb-block-e8496523\">\n<div class=\"wp-block-uagb-advanced-heading uagb-block-a718f958\"><h2 class=\"uagb-heading-text\">Kontaktieren Sie uns<\/h2><\/div>\n\n\n\n<div class=\"wp-block-contact-form-7-contact-form-selector\">\n<div class=\"wpcf7 no-js\" id=\"wpcf7-f164507-o1\" lang=\"de-DE\" dir=\"ltr\" data-wpcf7-id=\"164507\">\n<div class=\"screen-reader-response\"><p role=\"status\" aria-live=\"polite\" aria-atomic=\"true\"><\/p> <ul><\/ul><\/div>\n<form action=\"\/de\/wp-json\/wp\/v2\/pages\/164282#wpcf7-f164507-o1\" method=\"post\" class=\"wpcf7-form init\" aria-label=\"Kontaktformular\" novalidate=\"novalidate\" data-status=\"init\">\n<fieldset class=\"hidden-fields-container\"><input type=\"hidden\" name=\"_wpcf7\" value=\"164507\" \/><input type=\"hidden\" name=\"_wpcf7_version\" value=\"6.1.5\" \/><input type=\"hidden\" name=\"_wpcf7_locale\" value=\"de_DE\" \/><input type=\"hidden\" name=\"_wpcf7_unit_tag\" value=\"wpcf7-f164507-o1\" \/><input type=\"hidden\" name=\"_wpcf7_container_post\" value=\"0\" \/><input type=\"hidden\" name=\"_wpcf7_posted_data_hash\" value=\"\" \/><input type=\"hidden\" name=\"_wpcf7_recaptcha_response\" value=\"\" \/>\n<\/fieldset>\n<h3>Kontaktformular<\/h3>\n<div class=\"contact-form__cols contact-form__cols--2\">\n<div class=\"contact-form__cols__col\">\n<label> <span class=\"contact-form-required\">Vollst\u00e4ndiger Name<\/span>\n    <span class=\"wpcf7-form-control-wrap\" data-name=\"your-name\"><input size=\"40\" maxlength=\"400\" class=\"wpcf7-form-control wpcf7-text\" autocomplete=\"name\" aria-invalid=\"false\" value=\"\" type=\"text\" name=\"your-name\" \/><\/span> <\/label>\n<\/div> \n<div class=\"contact-form__cols__col\">\n<label> Immobilientyp<\/span>\n     <span class=\"wpcf7-form-control-wrap\" data-name=\"your-type\"><select class=\"wpcf7-form-control wpcf7-select\" aria-invalid=\"false\" name=\"your-type\"><option value=\"Wohnung\">Wohnung<\/option><option value=\"Haus\">Haus<\/option><option value=\"Gewerbeobjekt\">Gewerbeobjekt<\/option><option value=\"Garage\">Garage<\/option><\/select><\/span> <\/label>\n<\/div> \n<\/div>\n\n<div class=\"contact-form__cols contact-form__cols--2\">\n\n<div class=\"contact-form__cols__col\"> <label> \n<span class=\"contact-form-required\">E-Mail-Adresse<\/span>\n    <span class=\"wpcf7-form-control-wrap\" data-name=\"your-email\"><input size=\"40\" maxlength=\"400\" class=\"wpcf7-form-control wpcf7-email wpcf7-validates-as-required wpcf7-text wpcf7-validates-as-email\" autocomplete=\"email\" aria-required=\"true\" aria-invalid=\"false\" value=\"\" type=\"email\" name=\"your-email\" \/><\/span> <\/label>\n<\/div>\n<div class=\"contact-form__cols__col\">\n<label>Vorgang<\/span>\n<span class=\"wpcf7-form-control-wrap\" data-name=\"your-operation\"><select class=\"wpcf7-form-control wpcf7-select\" aria-invalid=\"false\" name=\"your-operation\"><option value=\"Verkauf\">Verkauf<\/option><option value=\"Miete\">Miete<\/option><\/select><\/span> <\/label>\n<\/div> \n<\/div>\n<div class=\"contact-form__cols contact-form__cols--2\">\n<div class=\"contact-form__cols__col\">\n<label> <span class=\"contact-form-required\">Telefon\n<\/div> \n<div class=\"contact-form__cols__col\">\n<label> Maximalpreis\n     <span class=\"wpcf7-form-control-wrap\" data-name=\"your-price\"><input size=\"40\" maxlength=\"400\" class=\"wpcf7-form-control wpcf7-text\" aria-invalid=\"false\" value=\"\" type=\"text\" name=\"your-price\" \/><\/span> <\/label>\n<\/div> \n<\/label><\/div>\n<div class=\"contact-form__cols contact-form__cols--2\">\n<div class=\"contact-form__cols__col\">\n<label> Ort\n    <span class=\"wpcf7-form-control-wrap\" data-name=\"your-location\"><input size=\"40\" maxlength=\"400\" class=\"wpcf7-form-control wpcf7-text\" aria-invalid=\"false\" value=\"\" type=\"text\" name=\"your-location\" \/><\/span> <\/label>\n<\/div> \n<div class=\"contact-form__cols__col\">\n<label> Gebiet\n     <span class=\"wpcf7-form-control-wrap\" data-name=\"your-zone\"><input size=\"40\" maxlength=\"400\" class=\"wpcf7-form-control wpcf7-text\" aria-invalid=\"false\" value=\"\" type=\"text\" name=\"your-zone\" \/><\/span> <\/label>\n<\/div> \n<\/div>\n\n\n\n\n\n<label> <span class=\"contact-form-required\">Nachricht<\/span>\n    <span class=\"wpcf7-form-control-wrap\" data-name=\"your-message\"><textarea cols=\"40\" rows=\"10\" maxlength=\"2000\" class=\"wpcf7-form-control wpcf7-textarea\" aria-invalid=\"false\" name=\"your-message\"><\/textarea><\/span> <\/label>\n<label class=\"contact-form__checkbox\"> <span class=\"wpcf7-form-control-wrap\" data-name=\"acceptance-\"><span class=\"wpcf7-form-control wpcf7-acceptance\"><span class=\"wpcf7-list-item\"><input type=\"checkbox\" name=\"acceptance-\" value=\"1\" aria-invalid=\"false\" \/><\/span><\/span><\/span> <span class=\"contact-form-required\">Ich habe die rechtlichen Bedingungen und die Datenschutzbestimmungen gelesen und akzeptiere sie.<\/span>\n<\/label>\n\n\n\n\n<input class=\"wpcf7-form-control wpcf7-submit has-spinner\" type=\"submit\" value=\"Envia\" \/><div class=\"wpcf7-response-output\" aria-hidden=\"true\"><\/div>\n<\/form>\n<\/div>\n<\/div>\n<\/div>\n<\/div><\/div>\n","protected":false},"excerpt":{"rendered":"<p>WOHNUNGEN PLATJA D&#8217;ARO Suchen Sie das beste Angebot an Wohnungen in Platja d\u2019Aro? Entdecken Sie die gro\u00dfe Auswahl an Immobilien, die wir in diesem privilegierten Ort an der Costa Brava haben! Wohnungen und Apartments mit einer gro\u00dfen Vielfalt an sehr attraktiven Eigenschaften, um Ihre n\u00e4chste Investition zu einem sehr wertvollen Gesch\u00e4ft zu machen. Ausgew\u00e4hlte Wohnungen&#8230;<\/p>\n","protected":false},"author":2,"featured_media":164284,"parent":0,"menu_order":0,"comment_status":"closed","ping_status":"closed","template":"","meta":{"_acf_changed":false,"_uag_custom_page_level_css":"","footnotes":""},"class_list":["post-164282","page","type-page","status-publish","has-post-thumbnail","hentry"],"acf":[],"yoast_head":"<!-- This site is optimized with the Yoast SEO plugin v27.5 - https:\/\/yoast.com\/product\/yoast-seo-wordpress\/ -->\n<title>Wohnungen Platja d\u2019Aro - Esp\u00edgul<\/title>\n<meta name=\"description\" content=\"Suchen Sie das beste Angebot an Wohnungen in Platja d\u2019Aro zum Verkauf? Entdecken Sie die gro\u00dfe Auswahl an Immobilien zum Verkauf in Platja d\u2019Aro bei Esp\u00edgul.\" \/>\n<meta name=\"robots\" content=\"index, follow, max-snippet:-1, max-image-preview:large, max-video-preview:-1\" \/>\n<link rel=\"canonical\" href=\"https:\/\/www.espigul.com\/de\/wohnungen-platja-daro\/\" \/>\n<meta property=\"og:locale\" content=\"de_DE\" \/>\n<meta property=\"og:type\" content=\"article\" \/>\n<meta property=\"og:title\" content=\"Wohnungen Platja d\u2019Aro - Esp\u00edgul\" \/>\n<meta property=\"og:description\" content=\"Suchen Sie das beste Angebot an Wohnungen in Platja d\u2019Aro zum Verkauf? Entdecken Sie die gro\u00dfe Auswahl an Immobilien zum Verkauf in Platja d\u2019Aro bei Esp\u00edgul.\" \/>\n<meta property=\"og:url\" content=\"https:\/\/www.espigul.com\/de\/wohnungen-platja-daro\/\" \/>\n<meta property=\"og:site_name\" content=\"Esp\u00edgul\" \/>\n<meta property=\"article:modified_time\" content=\"2025-12-16T09:16:41+00:00\" \/>\n<meta property=\"og:image\" content=\"https:\/\/www.espigul.com\/wp-content\/uploads\/2023\/10\/pda-scaled.jpg\" \/>\n\t<meta property=\"og:image:width\" content=\"2560\" \/>\n\t<meta property=\"og:image:height\" content=\"1730\" \/>\n\t<meta property=\"og:image:type\" content=\"image\/jpeg\" \/>\n<meta name=\"twitter:card\" content=\"summary_large_image\" \/>\n<meta name=\"twitter:label1\" content=\"Gesch\u00e4tzte Lesezeit\" \/>\n\t<meta name=\"twitter:data1\" content=\"3\u00a0Minuten\" \/>\n<script type=\"application\/ld+json\" class=\"yoast-schema-graph\">{\"@context\":\"https:\\\/\\\/schema.org\",\"@graph\":[{\"@type\":\"WebPage\",\"@id\":\"https:\\\/\\\/www.espigul.com\\\/de\\\/wohnungen-platja-daro\\\/\",\"url\":\"https:\\\/\\\/www.espigul.com\\\/de\\\/wohnungen-platja-daro\\\/\",\"name\":\"Wohnungen Platja d\u2019Aro - Esp\u00edgul\",\"isPartOf\":{\"@id\":\"https:\\\/\\\/www.espigul.com\\\/de\\\/#website\"},\"primaryImageOfPage\":{\"@id\":\"https:\\\/\\\/www.espigul.com\\\/de\\\/wohnungen-platja-daro\\\/#primaryimage\"},\"image\":{\"@id\":\"https:\\\/\\\/www.espigul.com\\\/de\\\/wohnungen-platja-daro\\\/#primaryimage\"},\"thumbnailUrl\":\"https:\\\/\\\/www.espigul.com\\\/wp-content\\\/uploads\\\/2023\\\/10\\\/pda-scaled.jpg\",\"datePublished\":\"2024-03-04T09:09:31+00:00\",\"dateModified\":\"2025-12-16T09:16:41+00:00\",\"description\":\"Suchen Sie das beste Angebot an Wohnungen in Platja d\u2019Aro zum Verkauf? Entdecken Sie die gro\u00dfe Auswahl an Immobilien zum Verkauf in Platja d\u2019Aro bei Esp\u00edgul.\",\"breadcrumb\":{\"@id\":\"https:\\\/\\\/www.espigul.com\\\/de\\\/wohnungen-platja-daro\\\/#breadcrumb\"},\"inLanguage\":\"de\",\"potentialAction\":[{\"@type\":\"ReadAction\",\"target\":[\"https:\\\/\\\/www.espigul.com\\\/de\\\/wohnungen-platja-daro\\\/\"]}]},{\"@type\":\"ImageObject\",\"inLanguage\":\"de\",\"@id\":\"https:\\\/\\\/www.espigul.com\\\/de\\\/wohnungen-platja-daro\\\/#primaryimage\",\"url\":\"https:\\\/\\\/www.espigul.com\\\/wp-content\\\/uploads\\\/2023\\\/10\\\/pda-scaled.jpg\",\"contentUrl\":\"https:\\\/\\\/www.espigul.com\\\/wp-content\\\/uploads\\\/2023\\\/10\\\/pda-scaled.jpg\",\"width\":2560,\"height\":1730,\"caption\":\"pisos platja d'aro\"},{\"@type\":\"BreadcrumbList\",\"@id\":\"https:\\\/\\\/www.espigul.com\\\/de\\\/wohnungen-platja-daro\\\/#breadcrumb\",\"itemListElement\":[{\"@type\":\"ListItem\",\"position\":1,\"name\":\"Inici\",\"item\":\"https:\\\/\\\/www.espigul.com\\\/de\\\/\"},{\"@type\":\"ListItem\",\"position\":2,\"name\":\"Wohnungen Platja d\u2019Aro\"}]},{\"@type\":\"WebSite\",\"@id\":\"https:\\\/\\\/www.espigul.com\\\/de\\\/#website\",\"url\":\"https:\\\/\\\/www.espigul.com\\\/de\\\/\",\"name\":\"Esp\u00edgul\",\"description\":\"La immobili\u00e0ria l\u00edder de Girona\",\"publisher\":{\"@id\":\"https:\\\/\\\/www.espigul.com\\\/de\\\/#organization\"},\"potentialAction\":[{\"@type\":\"SearchAction\",\"target\":{\"@type\":\"EntryPoint\",\"urlTemplate\":\"https:\\\/\\\/www.espigul.com\\\/de\\\/?s={search_term_string}\"},\"query-input\":{\"@type\":\"PropertyValueSpecification\",\"valueRequired\":true,\"valueName\":\"search_term_string\"}}],\"inLanguage\":\"de\"},{\"@type\":\"Organization\",\"@id\":\"https:\\\/\\\/www.espigul.com\\\/de\\\/#organization\",\"name\":\"Esp\u00edgul\",\"url\":\"https:\\\/\\\/www.espigul.com\\\/de\\\/\",\"logo\":{\"@type\":\"ImageObject\",\"inLanguage\":\"de\",\"@id\":\"https:\\\/\\\/www.espigul.com\\\/de\\\/#\\\/schema\\\/logo\\\/image\\\/\",\"url\":\"https:\\\/\\\/www.espigul.com\\\/wp-content\\\/uploads\\\/2023\\\/08\\\/espigul-block.png\",\"contentUrl\":\"https:\\\/\\\/www.espigul.com\\\/wp-content\\\/uploads\\\/2023\\\/08\\\/espigul-block.png\",\"width\":384,\"height\":240,\"caption\":\"Esp\u00edgul\"},\"image\":{\"@id\":\"https:\\\/\\\/www.espigul.com\\\/de\\\/#\\\/schema\\\/logo\\\/image\\\/\"},\"sameAs\":[\"https:\\\/\\\/www.instagram.com\\\/immoespigul\\\/\",\"https:\\\/\\\/www.youtube.com\\\/channel\\\/UCYyD-WWfbCFpCXau4SQOGKQ\"]}]}<\/script>\n<!-- \/ Yoast SEO plugin. -->","yoast_head_json":{"title":"Wohnungen Platja d\u2019Aro - Esp\u00edgul","description":"Suchen Sie das beste Angebot an Wohnungen in Platja d\u2019Aro zum Verkauf? Entdecken Sie die gro\u00dfe Auswahl an Immobilien zum Verkauf in Platja d\u2019Aro bei Esp\u00edgul.","robots":{"index":"index","follow":"follow","max-snippet":"max-snippet:-1","max-image-preview":"max-image-preview:large","max-video-preview":"max-video-preview:-1"},"canonical":"https:\/\/www.espigul.com\/de\/wohnungen-platja-daro\/","og_locale":"de_DE","og_type":"article","og_title":"Wohnungen Platja d\u2019Aro - Esp\u00edgul","og_description":"Suchen Sie das beste Angebot an Wohnungen in Platja d\u2019Aro zum Verkauf? Entdecken Sie die gro\u00dfe Auswahl an Immobilien zum Verkauf in Platja d\u2019Aro bei Esp\u00edgul.","og_url":"https:\/\/www.espigul.com\/de\/wohnungen-platja-daro\/","og_site_name":"Esp\u00edgul","article_modified_time":"2025-12-16T09:16:41+00:00","og_image":[{"width":2560,"height":1730,"url":"https:\/\/www.espigul.com\/wp-content\/uploads\/2023\/10\/pda-scaled.jpg","type":"image\/jpeg"}],"twitter_card":"summary_large_image","twitter_misc":{"Gesch\u00e4tzte Lesezeit":"3\u00a0Minuten"},"schema":{"@context":"https:\/\/schema.org","@graph":[{"@type":"WebPage","@id":"https:\/\/www.espigul.com\/de\/wohnungen-platja-daro\/","url":"https:\/\/www.espigul.com\/de\/wohnungen-platja-daro\/","name":"Wohnungen Platja d\u2019Aro - Esp\u00edgul","isPartOf":{"@id":"https:\/\/www.espigul.com\/de\/#website"},"primaryImageOfPage":{"@id":"https:\/\/www.espigul.com\/de\/wohnungen-platja-daro\/#primaryimage"},"image":{"@id":"https:\/\/www.espigul.com\/de\/wohnungen-platja-daro\/#primaryimage"},"thumbnailUrl":"https:\/\/www.espigul.com\/wp-content\/uploads\/2023\/10\/pda-scaled.jpg","datePublished":"2024-03-04T09:09:31+00:00","dateModified":"2025-12-16T09:16:41+00:00","description":"Suchen Sie das beste Angebot an Wohnungen in Platja d\u2019Aro zum Verkauf? Entdecken Sie die gro\u00dfe Auswahl an Immobilien zum Verkauf in Platja d\u2019Aro bei Esp\u00edgul.","breadcrumb":{"@id":"https:\/\/www.espigul.com\/de\/wohnungen-platja-daro\/#breadcrumb"},"inLanguage":"de","potentialAction":[{"@type":"ReadAction","target":["https:\/\/www.espigul.com\/de\/wohnungen-platja-daro\/"]}]},{"@type":"ImageObject","inLanguage":"de","@id":"https:\/\/www.espigul.com\/de\/wohnungen-platja-daro\/#primaryimage","url":"https:\/\/www.espigul.com\/wp-content\/uploads\/2023\/10\/pda-scaled.jpg","contentUrl":"https:\/\/www.espigul.com\/wp-content\/uploads\/2023\/10\/pda-scaled.jpg","width":2560,"height":1730,"caption":"pisos platja d'aro"},{"@type":"BreadcrumbList","@id":"https:\/\/www.espigul.com\/de\/wohnungen-platja-daro\/#breadcrumb","itemListElement":[{"@type":"ListItem","position":1,"name":"Inici","item":"https:\/\/www.espigul.com\/de\/"},{"@type":"ListItem","position":2,"name":"Wohnungen Platja d\u2019Aro"}]},{"@type":"WebSite","@id":"https:\/\/www.espigul.com\/de\/#website","url":"https:\/\/www.espigul.com\/de\/","name":"Esp\u00edgul","description":"La immobili\u00e0ria l\u00edder de Girona","publisher":{"@id":"https:\/\/www.espigul.com\/de\/#organization"},"potentialAction":[{"@type":"SearchAction","target":{"@type":"EntryPoint","urlTemplate":"https:\/\/www.espigul.com\/de\/?s={search_term_string}"},"query-input":{"@type":"PropertyValueSpecification","valueRequired":true,"valueName":"search_term_string"}}],"inLanguage":"de"},{"@type":"Organization","@id":"https:\/\/www.espigul.com\/de\/#organization","name":"Esp\u00edgul","url":"https:\/\/www.espigul.com\/de\/","logo":{"@type":"ImageObject","inLanguage":"de","@id":"https:\/\/www.espigul.com\/de\/#\/schema\/logo\/image\/","url":"https:\/\/www.espigul.com\/wp-content\/uploads\/2023\/08\/espigul-block.png","contentUrl":"https:\/\/www.espigul.com\/wp-content\/uploads\/2023\/08\/espigul-block.png","width":384,"height":240,"caption":"Esp\u00edgul"},"image":{"@id":"https:\/\/www.espigul.com\/de\/#\/schema\/logo\/image\/"},"sameAs":["https:\/\/www.instagram.com\/immoespigul\/","https:\/\/www.youtube.com\/channel\/UCYyD-WWfbCFpCXau4SQOGKQ"]}]}},"uagb_featured_image_src":{"full":["https:\/\/www.espigul.com\/wp-content\/uploads\/2023\/10\/pda-scaled.jpg",2560,1730,false],"thumbnail":["https:\/\/www.espigul.com\/wp-content\/uploads\/2023\/10\/pda-150x150.jpg",150,150,true],"medium":["https:\/\/www.espigul.com\/wp-content\/uploads\/2023\/10\/pda-400x270.jpg",400,270,true],"medium_large":["https:\/\/www.espigul.com\/wp-content\/uploads\/2023\/10\/pda-768x519.jpg",768,519,true],"large":["https:\/\/www.espigul.com\/wp-content\/uploads\/2023\/10\/pda-1300x879.jpg",960,649,true],"1536x1536":["https:\/\/www.espigul.com\/wp-content\/uploads\/2023\/10\/pda-1536x1038.jpg",1536,1038,true],"2048x2048":["https:\/\/www.espigul.com\/wp-content\/uploads\/2023\/10\/pda-2048x1384.jpg",2048,1384,true],"gform-image-choice-sm":["https:\/\/www.espigul.com\/wp-content\/uploads\/2023\/10\/pda-scaled.jpg",300,203,false],"gform-image-choice-md":["https:\/\/www.espigul.com\/wp-content\/uploads\/2023\/10\/pda-scaled.jpg",400,270,false],"gform-image-choice-lg":["https:\/\/www.espigul.com\/wp-content\/uploads\/2023\/10\/pda-scaled.jpg",600,405,false]},"uagb_author_info":{"display_name":"Anna Ramon","author_link":"https:\/\/www.espigul.com\/de\/author\/anna-ramon\/"},"uagb_comment_info":0,"uagb_excerpt":"WOHNUNGEN PLATJA D&#8217;ARO Suchen Sie das beste Angebot an Wohnungen in Platja d\u2019Aro? Entdecken Sie die gro\u00dfe Auswahl an Immobilien, die wir in diesem privilegierten Ort an der Costa Brava haben! Wohnungen und Apartments mit einer gro\u00dfen Vielfalt an sehr attraktiven Eigenschaften, um Ihre n\u00e4chste Investition zu einem sehr wertvollen Gesch\u00e4ft zu machen. Ausgew\u00e4hlte Wohnungen...","_links":{"self":[{"href":"https:\/\/www.espigul.com\/de\/wp-json\/wp\/v2\/pages\/164282","targetHints":{"allow":["GET"]}}],"collection":[{"href":"https:\/\/www.espigul.com\/de\/wp-json\/wp\/v2\/pages"}],"about":[{"href":"https:\/\/www.espigul.com\/de\/wp-json\/wp\/v2\/types\/page"}],"author":[{"embeddable":true,"href":"https:\/\/www.espigul.com\/de\/wp-json\/wp\/v2\/users\/2"}],"replies":[{"embeddable":true,"href":"https:\/\/www.espigul.com\/de\/wp-json\/wp\/v2\/comments?post=164282"}],"version-history":[{"count":2,"href":"https:\/\/www.espigul.com\/de\/wp-json\/wp\/v2\/pages\/164282\/revisions"}],"predecessor-version":[{"id":335171,"href":"https:\/\/www.espigul.com\/de\/wp-json\/wp\/v2\/pages\/164282\/revisions\/335171"}],"wp:featuredmedia":[{"embeddable":true,"href":"https:\/\/www.espigul.com\/de\/wp-json\/wp\/v2\/media\/164284"}],"wp:attachment":[{"href":"https:\/\/www.espigul.com\/de\/wp-json\/wp\/v2\/media?parent=164282"}],"curies":[{"name":"wp","href":"https:\/\/api.w.org\/{rel}","templated":true}]}}