{"version":"1.0","provider_name":"Esp\u00edgul","provider_url":"https:\/\/www.espigul.com\/de\/","author_name":"Esp\u00edgul","author_url":"https:\/\/www.espigul.com\/de\/","title":"Renovierungsbed\u00fcrftige Wohnung mit Terrasse in der Carrer de Mallorca zu verkaufen - Esp\u00edgul","type":"rich","width":600,"height":338,"html":"<blockquote class=\"wp-embedded-content\" data-secret=\"Nku7VVQhvQ\"><a href=\"https:\/\/www.espigul.com\/de\/immobles\/wohnung-zum-verkauf-in-der-carrer-de-mallorca\/\">Renovierungsbed\u00fcrftige Wohnung mit Terrasse in der Carrer de Mallorca zu verkaufen<\/a><\/blockquote><iframe sandbox=\"allow-scripts\" security=\"restricted\" src=\"https:\/\/www.espigul.com\/de\/immobles\/wohnung-zum-verkauf-in-der-carrer-de-mallorca\/embed\/#?secret=Nku7VVQhvQ\" width=\"600\" height=\"338\" title=\"&#8222;Renovierungsbed\u00fcrftige Wohnung mit Terrasse in der Carrer de Mallorca zu verkaufen&#8220; &#8211; Esp\u00edgul\" data-secret=\"Nku7VVQhvQ\" frameborder=\"0\" marginwidth=\"0\" marginheight=\"0\" scrolling=\"no\" class=\"wp-embedded-content\"><\/iframe><script type=\"text\/javascript\">\n\/* <![CDATA[ *\/\n\/*! This file is auto-generated *\/\n!function(d,l){\"use strict\";l.querySelector&&d.addEventListener&&\"undefined\"!=typeof URL&&(d.wp=d.wp||{},d.wp.receiveEmbedMessage||(d.wp.receiveEmbedMessage=function(e){var t=e.data;if((t||t.secret||t.message||t.value)&&!\/[^a-zA-Z0-9]\/.test(t.secret)){for(var s,r,n,a=l.querySelectorAll('iframe[data-secret=\"'+t.secret+'\"]'),o=l.querySelectorAll('blockquote[data-secret=\"'+t.secret+'\"]'),c=new RegExp(\"^https?:$\",\"i\"),i=0;i<o.length;i++)o[i].style.display=\"none\";for(i=0;i<a.length;i++)s=a[i],e.source===s.contentWindow&&(s.removeAttribute(\"style\"),\"height\"===t.message?(1e3<(r=parseInt(t.value,10))?r=1e3:~~r<200&&(r=200),s.height=r):\"link\"===t.message&&(r=new URL(s.getAttribute(\"src\")),n=new URL(t.value),c.test(n.protocol))&&n.host===r.host&&l.activeElement===s&&(d.top.location.href=t.value))}},d.addEventListener(\"message\",d.wp.receiveEmbedMessage,!1),l.addEventListener(\"DOMContentLoaded\",function(){for(var e,t,s=l.querySelectorAll(\"iframe.wp-embedded-content\"),r=0;r<s.length;r++)(t=(e=s[r]).getAttribute(\"data-secret\"))||(t=Math.random().toString(36).substring(2,12),e.src+=\"#?secret=\"+t,e.setAttribute(\"data-secret\",t)),e.contentWindow.postMessage({message:\"ready\",secret:t},\"*\")},!1)))}(window,document);\n\/\/# sourceURL=https:\/\/www.espigul.com\/wp-includes\/js\/wp-embed.min.js\n\/* ]]> *\/\n<\/script>\n","thumbnail_url":"https:\/\/www.espigul.com\/wp-content\/uploads\/2025\/12\/piso-en-venta-en-carrer-de-mallorca-24191324.webp","thumbnail_width":1600,"thumbnail_height":1067,"description":"Esp\u00edgul Real Estate Group pr\u00e4sentiert eine ausgezeichnete Gelegenheit im Eixample Derecho, neben dem Passeig de Gr\u00e0cia. Renovierungsbed\u00fcrftige Wohnung in einem historischen Geb\u00e4ude aus dem Jahr 1883, das sich derzeit in der Verbesserung befindet. Es bewahrt originale Elemente und bietet eine wertvolle private Terrasse von 26 m\u00b2 zum Innenhof des Blocks. Exklusive Lage, gro\u00dfes Wertsteigerungspotenzial und M\u00f6glichkeiten zur individuellen Gestaltung. Besichtigung mit Esp\u00edgul Real Estate Group."}