{"id":89959,"date":"2024-10-31T11:19:36","date_gmt":"2024-10-31T09:19:36","guid":{"rendered":"https:\/\/www.espigul.com\/?page_id=89959"},"modified":"2024-11-05T10:59:06","modified_gmt":"2024-11-05T08:59:06","slug":"arquitectura-interiorisme","status":"publish","type":"page","link":"https:\/\/www.espigul.com\/ca\/arquitectura-interiorisme\/","title":{"rendered":"Arquitectura i interiorisme"},"content":{"rendered":"\n<div class=\"wp-block-uagb-container uagb-block-f38001a6 alignfull uagb-is-root-container\"><div class=\"uagb-container-inner-blocks-wrap\">\n<div class=\"wp-block-group is-vertical is-content-justification-center is-layout-flex wp-container-core-group-is-layout-ce155fab wp-block-group-is-layout-flex\">\n<div class=\"wp-block-uagb-advanced-heading uagb-block-eaf0bf6d\"><h1 class=\"uagb-heading-text\">Arquitectura i interiorisme<\/h1><\/div>\n\n\n\n<p class=\"has-text-align-center has-white-color has-text-color has-medium-font-size\">Esp\u00edgul no nom\u00e9s \u00e9s una de les ag\u00e8ncies immobili\u00e0ries l\u00edders al territori catal\u00e0, sin\u00f3 que tamb\u00e9 ofereix serveis d&#8217;<strong>arquitectura i interiorisme<\/strong> per a crear espais \u00fanics i funcionals, tant en l\u2019\u00e0mbit residencial com comercial.&nbsp;<\/p>\n\n\n\n<p class=\"has-text-align-center has-white-color has-text-color has-medium-font-size\">El nostre objectiu \u00e9s dissenyar espais que s\u2019adaptin a les necessitats dels nostres clients, tot mantenint una est\u00e8tica avantguardista, moderna i actual. Disposem d&#8217;un equip de professionals que treballen per aportar la millor soluci\u00f3 en cada projecte, aconseguint el perfecte equilibri entre funcionalitat i estil.<\/p>\n<\/div>\n<\/div><\/div>\n\n\n\n<div class=\"wp-block-uagb-container uagb-block-661d04da alignfull uagb-is-root-container\"><div class=\"uagb-container-inner-blocks-wrap\">\n<div class=\"wp-block-columns is-layout-flex wp-container-core-columns-is-layout-28f84493 wp-block-columns-is-layout-flex\">\n<div class=\"wp-block-column is-layout-flow wp-block-column-is-layout-flow\" style=\"padding-top:0;padding-right:0;padding-bottom:0;padding-left:0\">\n<div class=\"wp-block-uagb-container uagb-block-121fd6c0\">\n<div class=\"wp-block-group is-vertical is-layout-flex wp-container-core-group-is-layout-f22afe7f wp-block-group-is-layout-flex\" style=\"padding-top:var(--wp--preset--spacing--30);padding-right:var(--wp--preset--spacing--30);padding-bottom:var(--wp--preset--spacing--30);padding-left:var(--wp--preset--spacing--30)\">\n<div class=\"wp-block-group is-vertical is-layout-flex wp-container-core-group-is-layout-355c4241 wp-block-group-is-layout-flex\" style=\"border-style:none;border-width:0px\">\n<figure class=\"wp-block-image size-large\"><img loading=\"lazy\" decoding=\"async\" width=\"55\" height=\"54\" src=\"https:\/\/www.espigul.com\/\/wp-content\/uploads\/2023\/06\/casa-a-mida.svg\" alt=\"\" class=\"wp-image-12622\"\/><\/figure>\n\n\n\n<h2 class=\"wp-block-heading has-medium-font-size\">Empresa d\u2019arquitectura i interiorisme<\/h2>\n\n\n\n<p>Som una <strong>empresa d\u2019arquitectura i interiorisme<\/strong> amb anys d&#8217;experi\u00e8ncia en el sector, especialitzada en el <strong>disseny d\u2019interiors per a espais residencials<\/strong> i comercials. <\/p>\n\n\n\n<p>Oferim una \u00e0mplia gamma de serveis, que inclouen projectes integrals de <strong>disseny d&#8217;habitatges moderns<\/strong>, sempre buscant solucions innovadores per a cada client. A m\u00e9s, abordem projectes de reformes i decoraci\u00f3, creant tot<strong> tipus d\u2019espais en disseny d\u2019interiors<\/strong> \u00fanics i personalitzats que reflecteixen la personalitat de cada client, amb una gran atenci\u00f3 als detalls.<\/p>\n<\/div>\n<\/div>\n<\/div>\n<\/div>\n\n\n\n<div class=\"wp-block-column is-layout-flow wp-block-column-is-layout-flow\">\n<div class=\"wp-block-uagb-container uagb-block-7e0986dc\">\n<div class=\"wp-block-group is-vertical is-layout-flex wp-container-core-group-is-layout-f22afe7f wp-block-group-is-layout-flex\" style=\"padding-top:var(--wp--preset--spacing--30);padding-right:var(--wp--preset--spacing--30);padding-bottom:var(--wp--preset--spacing--30);padding-left:var(--wp--preset--spacing--30)\">\n<div class=\"wp-block-group is-vertical is-layout-flex wp-container-core-group-is-layout-355c4241 wp-block-group-is-layout-flex\" style=\"border-style:none;border-width:0px\">\n<figure class=\"wp-block-image size-large\"><img loading=\"lazy\" decoding=\"async\" width=\"54\" height=\"54\" src=\"https:\/\/www.espigul.com\/\/wp-content\/uploads\/2023\/06\/construccio.svg\" alt=\"\" class=\"wp-image-12625\"\/><\/figure>\n\n\n\n<h2 class=\"wp-block-heading has-medium-font-size\">Tipus d\u2019espais en disseny d\u2019interiors<\/h2>\n\n\n\n<p>Abordem una gran varietat de projectes d&#8217;interiorisme que s&#8217;adapten als diferents usos i necessitats dels espais:<\/p>\n\n\n\n<div class=\"wp-block-uagb-icon-list uagb-block-6bb0b991\"><div class=\"uagb-icon-list__wrap\">\n<div class=\"wp-block-uagb-icon-list-child uagb-block-b372f599\"><span class=\"uagb-icon-list__source-wrap\"><svg xmlns=\"https:\/\/www.w3.org\/2000\/svg\" viewBox=\"0 0 448 512\"><path d=\"M438.6 105.4C451.1 117.9 451.1 138.1 438.6 150.6L182.6 406.6C170.1 419.1 149.9 419.1 137.4 406.6L9.372 278.6C-3.124 266.1-3.124 245.9 9.372 233.4C21.87 220.9 42.13 220.9 54.63 233.4L159.1 338.7L393.4 105.4C405.9 92.88 426.1 92.88 438.6 105.4H438.6z\"><\/path><\/svg><\/span><span class=\"uagb-icon-list__label\"><strong>Disseny d\u2019espais residencials<\/strong>: Dissenyem i executem projectes a mida per tota mena d\u2019espais residencials com cases, pisos, d\u00faplexs, xalets, masies, etc.<\/span><\/div>\n\n\n\n<div class=\"wp-block-uagb-icon-list-child uagb-block-178faec4\"><span class=\"uagb-icon-list__source-wrap\"><svg xmlns=\"https:\/\/www.w3.org\/2000\/svg\" viewBox=\"0 0 448 512\"><path d=\"M438.6 105.4C451.1 117.9 451.1 138.1 438.6 150.6L182.6 406.6C170.1 419.1 149.9 419.1 137.4 406.6L9.372 278.6C-3.124 266.1-3.124 245.9 9.372 233.4C21.87 220.9 42.13 220.9 54.63 233.4L159.1 338.7L393.4 105.4C405.9 92.88 426.1 92.88 438.6 105.4H438.6z\"><\/path><\/svg><\/span><span class=\"uagb-icon-list__label\"><strong>Disseny d&#8217;espais comercials<\/strong>: Desenvolupem projectes a mida per crear o transformar l\u2019espai en unes instal\u00b7lacions confortables i eficients.<\/span><\/div>\n<\/div><\/div>\n<\/div>\n<\/div>\n<\/div>\n<\/div>\n<\/div>\n<\/div><\/div>\n\n\n\n<div class=\"wp-block-uagb-container uagb-block-20e71101 alignfull uagb-is-root-container\"><div class=\"uagb-container-inner-blocks-wrap\">\n<div class=\"wp-block-uagb-container uagb-block-c9192b7d\">\n<h2 class=\"wp-block-heading has-medium-font-size\">Com treballem el disseny d&#8217;habitatges moderns?<\/h2>\n\n\n\n<p>El <strong>disseny d&#8217;habitatges moderns<\/strong> requereix una planificaci\u00f3 acurada i un estudi detallat de cada element que conforma l\u2019espai. A Esp\u00edgul seguim un proc\u00e9s estructurat per garantir resultats \u00f2ptims:<\/p>\n\n\n\n<div class=\"wp-block-uagb-icon-list uagb-block-8b8f1116\"><div class=\"uagb-icon-list__wrap\">\n<div class=\"wp-block-uagb-icon-list-child uagb-block-8353b4bb\"><span class=\"uagb-icon-list__source-wrap\"><svg xmlns=\"https:\/\/www.w3.org\/2000\/svg\" viewBox=\"0 0 448 512\"><path d=\"M438.6 105.4C451.1 117.9 451.1 138.1 438.6 150.6L182.6 406.6C170.1 419.1 149.9 419.1 137.4 406.6L9.372 278.6C-3.124 266.1-3.124 245.9 9.372 233.4C21.87 220.9 42.13 220.9 54.63 233.4L159.1 338.7L393.4 105.4C405.9 92.88 426.1 92.88 438.6 105.4H438.6z\"><\/path><\/svg><\/span><span class=\"uagb-icon-list__label\"><strong>Estudi previ<\/strong>: Comencem amb un estudi previ del projecte, analitzant la GEO localitzaci\u00f3 de l\u2019obra, l\u2019entorn, i la percepci\u00f3 de les volumetries tant a l&#8217;interior com a l&#8217;exterior de l&#8217;habitatge.<\/span><\/div>\n\n\n\n<div class=\"wp-block-uagb-icon-list-child uagb-block-8fc3d4ce\"><span class=\"uagb-icon-list__source-wrap\"><svg xmlns=\"https:\/\/www.w3.org\/2000\/svg\" viewBox=\"0 0 448 512\"><path d=\"M438.6 105.4C451.1 117.9 451.1 138.1 438.6 150.6L182.6 406.6C170.1 419.1 149.9 419.1 137.4 406.6L9.372 278.6C-3.124 266.1-3.124 245.9 9.372 233.4C21.87 220.9 42.13 220.9 54.63 233.4L159.1 338.7L393.4 105.4C405.9 92.88 426.1 92.88 438.6 105.4H438.6z\"><\/path><\/svg><\/span><span class=\"uagb-icon-list__label\"><strong>Propostes de millora<\/strong>: Un cop fet l&#8217;estudi, presentem propostes i possibles millores per optimitzar el projecte inicial.<\/span><\/div>\n\n\n\n<div class=\"wp-block-uagb-icon-list-child uagb-block-0d91d8b6\"><span class=\"uagb-icon-list__source-wrap\"><svg xmlns=\"https:\/\/www.w3.org\/2000\/svg\" viewBox=\"0 0 448 512\"><path d=\"M438.6 105.4C451.1 117.9 451.1 138.1 438.6 150.6L182.6 406.6C170.1 419.1 149.9 419.1 137.4 406.6L9.372 278.6C-3.124 266.1-3.124 245.9 9.372 233.4C21.87 220.9 42.13 220.9 54.63 233.4L159.1 338.7L393.4 105.4C405.9 92.88 426.1 92.88 438.6 105.4H438.6z\"><\/path><\/svg><\/span><span class=\"uagb-icon-list__label\"><strong>Estudi lum\u00ednic<\/strong>: Realitzem un projecte d\u2019il\u00b7luminaci\u00f3 amb propostes espec\u00edfiques d\u2019aplics i solucions lum\u00edniques per garantir un ambient acollidor i funcional a cada espai.<\/span><\/div>\n\n\n\n<div class=\"wp-block-uagb-icon-list-child uagb-block-7717265b\"><span class=\"uagb-icon-list__source-wrap\"><svg xmlns=\"https:\/\/www.w3.org\/2000\/svg\" viewBox=\"0 0 448 512\"><path d=\"M438.6 105.4C451.1 117.9 451.1 138.1 438.6 150.6L182.6 406.6C170.1 419.1 149.9 419.1 137.4 406.6L9.372 278.6C-3.124 266.1-3.124 245.9 9.372 233.4C21.87 220.9 42.13 220.9 54.63 233.4L159.1 338.7L393.4 105.4C405.9 92.88 426.1 92.88 438.6 105.4H438.6z\"><\/path><\/svg><\/span><span class=\"uagb-icon-list__label\"><strong>Estudi d\u2019acabats<\/strong>: Oferim un estudi detallat dels acabats en paraments horitzontals i verticals, incloent-hi paviments, crom\u00e0tica, control solar i mobiliari per assegurar una harmonia visual i funcional.<\/span><\/div>\n\n\n\n<div class=\"wp-block-uagb-icon-list-child uagb-block-6808f27b\"><span class=\"uagb-icon-list__source-wrap\"><svg xmlns=\"https:\/\/www.w3.org\/2000\/svg\" viewBox=\"0 0 448 512\"><path d=\"M438.6 105.4C451.1 117.9 451.1 138.1 438.6 150.6L182.6 406.6C170.1 419.1 149.9 419.1 137.4 406.6L9.372 278.6C-3.124 266.1-3.124 245.9 9.372 233.4C21.87 220.9 42.13 220.9 54.63 233.4L159.1 338.7L393.4 105.4C405.9 92.88 426.1 92.88 438.6 105.4H438.6z\"><\/path><\/svg><\/span><span class=\"uagb-icon-list__label\"><strong>Disseny de cuines<\/strong>: El nostre equip treballa amb marques de prestigi com Santos i Bulthaup per crear cuines a mida, que combinen est\u00e8tica i practicitat.<\/span><\/div>\n\n\n\n<div class=\"wp-block-uagb-icon-list-child uagb-block-10ed5c04\"><span class=\"uagb-icon-list__source-wrap\"><svg xmlns=\"https:\/\/www.w3.org\/2000\/svg\" viewBox=\"0 0 448 512\"><path d=\"M438.6 105.4C451.1 117.9 451.1 138.1 438.6 150.6L182.6 406.6C170.1 419.1 149.9 419.1 137.4 406.6L9.372 278.6C-3.124 266.1-3.124 245.9 9.372 233.4C21.87 220.9 42.13 220.9 54.63 233.4L159.1 338.7L393.4 105.4C405.9 92.88 426.1 92.88 438.6 105.4H438.6z\"><\/path><\/svg><\/span><span class=\"uagb-icon-list__label\"><strong>Projectes d\u2019exterior<\/strong>: A m\u00e9s de l\u2019interior, tamb\u00e9 ens encarreguem de projectes d\u2019exterior, com ara jardins i piscines, per crear espais d\u2019esbarjo que complementin l&#8217;habitatge.<\/span><\/div>\n<\/div><\/div>\n<\/div>\n\n\n\n<div class=\"wp-block-uagb-container uagb-block-6d3548d8\">\n<figure class=\"wp-block-image size-large\"><img decoding=\"async\" src=\"https:\/\/www.espigul.com\/wp-content\/uploads\/2024\/10\/estrena-piso-de-4-habitaciones-con-terraza-terrazas-de-vilablareix-17915861-1300x867.webp\" alt=\"\" class=\"wp-image-89414\"\/><\/figure>\n<\/div>\n<\/div><\/div>\n\n\n\n<div class=\"wp-block-uagb-container uagb-block-0cb98ca5 alignfull uagb-is-root-container\"><div class=\"uagb-container-inner-blocks-wrap\">\n<div class=\"wp-block-uagb-container uagb-block-5d7aa9aa alignfull uagb-is-root-container\"><div class=\"uagb-container-inner-blocks-wrap\">\n<div class=\"wp-block-columns is-layout-flex wp-container-core-columns-is-layout-28f84493 wp-block-columns-is-layout-flex\">\n<div class=\"wp-block-column is-layout-flow wp-block-column-is-layout-flow\">\n<figure class=\"wp-block-image aligncenter size-full is-resized\"><img loading=\"lazy\" decoding=\"async\" width=\"180\" height=\"180\" src=\"https:\/\/www.espigul.com\/wp-content\/uploads\/2024\/01\/logo.png\" alt=\"\" class=\"wp-image-39091\" style=\"width:76px;height:auto\" srcset=\"https:\/\/www.espigul.com\/wp-content\/uploads\/2024\/01\/logo.png 180w, https:\/\/www.espigul.com\/wp-content\/uploads\/2024\/01\/logo-150x150.png 150w\" sizes=\"auto, (max-width: 180px) 100vw, 180px\" \/><\/figure>\n\n\n\n<p class=\"has-text-align-center has-medium-font-size\">A Esp\u00edgul ens posem a la teva disposici\u00f3 per convertir les teves idees en espais \u00fanics i funcionals. No dubtis a contactar amb nosaltres per qualsevol consulta o projecte, estarem encantats d\u2019ajudar-te a fer realitat la teva visi\u00f3 amb el millor equip d&#8217;arquitectura i interiorisme.<\/p>\n<\/div>\n<\/div>\n<\/div><\/div>\n<\/div><\/div>\n\n\n\n<div class=\"wp-block-uagb-container uagb-block-0e6af326 alignfull uagb-is-root-container\"><div class=\"uagb-container-inner-blocks-wrap\">\n<div id=\"contact\" class=\"wp-block-uagb-container uagb-block-6a499147 alignfull uagb-is-root-container\"><div class=\"uagb-container-inner-blocks-wrap\">\n<div style=\"height:50px\" aria-hidden=\"true\" class=\"wp-block-spacer\"><\/div>\n\n\n\n<div class=\"wp-block-columns is-layout-flex wp-container-core-columns-is-layout-28f84493 wp-block-columns-is-layout-flex\">\n<div class=\"wp-block-column is-layout-flow wp-block-column-is-layout-flow\">\n<div class=\"wp-block-group is-vertical is-layout-flex wp-container-core-group-is-layout-704c001e wp-block-group-is-layout-flex\" style=\"padding-top:0;padding-right:0;padding-bottom:0;padding-left:0\">\n<h2 class=\"wp-block-heading\">Contacte<\/h2>\n\n\n\n<p>Si et trobes en el moment de fer un canvi, no dubtis en contactar amb nosaltres.<\/p>\n\n\n\n<div style=\"height:0px\" aria-hidden=\"true\" class=\"wp-block-spacer wp-container-content-cf2db169\"><\/div>\n\n\n\n<div class=\"wp-block-group is-layout-constrained wp-container-core-group-is-layout-d186453b wp-block-group-is-layout-constrained\" style=\"padding-top:0;padding-right:0;padding-bottom:0;padding-left:0\">\n<div class=\"wp-block-group is-layout-constrained wp-block-group-is-layout-constrained\">\n<div class=\"wp-block-columns is-layout-flex wp-container-core-columns-is-layout-28f84493 wp-block-columns-is-layout-flex\">\n<div class=\"wp-block-column is-layout-flow wp-container-core-column-is-layout-22223934 wp-block-column-is-layout-flow\">\n<div class=\"wp-block-espigul-blocks-contact\"><h6 class=\"wp-block-espigul-blocks-contact__title\">Girona<\/h6><ul class=\"wp-block-espigul-blocks-contact__list\"><li class=\"wp-block-espigul-blocks-contact__list__item\"><svg width=\"16\" height=\"17\" viewBox=\"0 0 16 17\" fill=\"none\" xmlns=\"http:\/\/www.w3.org\/2000\/svg\"><path fill-rule=\"evenodd\" clip-rule=\"evenodd\" d=\"M11.2838 11.8191C12.338 10.1793 13 8.36523 13 6.60986C13 3.84844 10.7614 1.60986 8 1.60986C5.23858 1.60986 3 3.84844 3 6.60986C3 8.36523 3.66199 10.1793 4.71618 11.8191C5.62801 13.2375 6.80323 14.4776 8 15.3831C9.19677 14.4776 10.372 13.2375 11.2838 11.8191ZM8 16.6099C11 14.6099 14 10.6099 14 6.60986C14 3.29615 11.3137 0.609863 8 0.609863C4.68629 0.609863 2 3.29615 2 6.60986C2 10.6099 5 14.6099 8 16.6099Z\" fill=\"currentColor\"><\/path><path fill-rule=\"evenodd\" clip-rule=\"evenodd\" d=\"M8 7.60986C8.55228 7.60986 9 7.16215 9 6.60986C9 6.05758 8.55228 5.60986 8 5.60986C7.44772 5.60986 7 6.05758 7 6.60986C7 7.16215 7.44772 7.60986 8 7.60986ZM8 8.60986C9.10457 8.60986 10 7.71443 10 6.60986C10 5.50529 9.10457 4.60986 8 4.60986C6.89543 4.60986 6 5.50529 6 6.60986C6 7.71443 6.89543 8.60986 8 8.60986Z\" fill=\"currentColor\"><\/path><\/svg><div>Pla\u00e7a Marqu\u00e8s de Camps 3<\/div><\/li><li class=\"wp-block-espigul-blocks-contact__list__item\"><svg width=\"16\" height=\"17\" viewBox=\"0 0 16 17\" fill=\"none\" xmlns=\"http:\/\/www.w3.org\/2000\/svg\"><path fill-rule=\"evenodd\" clip-rule=\"evenodd\" d=\"M1.80766 2.65772C0.929993 3.37721 0.741318 4.64516 1.37148 5.58902L2.56693 7.37958C3.95256 9.45499 5.52478 11.3996 7.264 13.1891L9.64457 15.6385C10.4327 16.4494 11.7106 16.5217 12.5852 15.8048L13.7452 14.8538C14.5995 14.1535 14.7243 12.8934 14.024 12.0391L12.7561 10.4924C12.0558 9.6382 10.7956 9.5134 9.94141 10.2137L9.39886 10.6584C8.21399 9.47982 7.14877 8.18745 6.21849 6.80033L6.77161 6.3469C7.62584 5.64663 7.75065 4.38647 7.05038 3.53224L5.78243 1.98553C5.08217 1.13131 3.822 1.0065 2.96778 1.70677L1.80766 2.65772ZM2.43154 3.43945C1.96034 3.83423 1.86104 4.52135 2.20315 5.03376L3.39861 6.82432C4.75044 8.84911 6.28431 10.7462 7.98111 12.4921L10.3617 14.9415C10.7869 15.3791 11.4759 15.4188 11.9485 15.0336L11.9512 15.0314L13.1113 14.0804C13.5384 13.7303 13.6008 13.1002 13.2507 12.6731L11.9827 11.1264C11.6326 10.6993 11.0025 10.6369 10.5754 10.987L9.33415 12.0045L8.69363 11.3674C7.46209 10.1424 6.3549 8.79909 5.38797 7.35733L4.88199 6.60288L6.13764 5.57354C6.56475 5.22341 6.62716 4.59333 6.27702 4.16622L5.00908 2.6195C4.65895 2.19239 4.02886 2.12999 3.60175 2.48012L2.43154 3.43945Z\" fill=\"currentColor\"><\/path><\/svg><div>972 220 110<\/div><\/li><li class=\"wp-block-espigul-blocks-contact__list__item\"><svg width=\"16\" height=\"17\" viewBox=\"0 0 16 17\" fill=\"none\" xmlns=\"http:\/\/www.w3.org\/2000\/svg\"><path fill-rule=\"evenodd\" clip-rule=\"evenodd\" d=\"M0 3.90234V14.9023H16V3.90234H0ZM1.90215 4.90234L8 10.238L14.0978 4.90234H1.90215ZM15 5.44173L8.32925 11.2786C8.14074 11.4436 7.85926 11.4436 7.67075 11.2786L1 5.44173V13.9023H15V5.44173Z\" fill=\"currentColor\"><\/path><\/svg><a href=\"mailto:hola@espigul.com\">hola@espigul.com<\/a><\/li><\/ul><\/div>\n<\/div>\n\n\n\n<div class=\"wp-block-column is-layout-flow wp-container-core-column-is-layout-22223934 wp-block-column-is-layout-flow\">\n<div class=\"wp-block-espigul-blocks-contact\"><h6 class=\"wp-block-espigul-blocks-contact__title\">Sant Cugat del Vall\u00e8s<\/h6><ul class=\"wp-block-espigul-blocks-contact__list\"><li class=\"wp-block-espigul-blocks-contact__list__item\"><svg width=\"16\" height=\"17\" viewBox=\"0 0 16 17\" fill=\"none\" xmlns=\"http:\/\/www.w3.org\/2000\/svg\"><path fill-rule=\"evenodd\" clip-rule=\"evenodd\" d=\"M11.2838 11.8191C12.338 10.1793 13 8.36523 13 6.60986C13 3.84844 10.7614 1.60986 8 1.60986C5.23858 1.60986 3 3.84844 3 6.60986C3 8.36523 3.66199 10.1793 4.71618 11.8191C5.62801 13.2375 6.80323 14.4776 8 15.3831C9.19677 14.4776 10.372 13.2375 11.2838 11.8191ZM8 16.6099C11 14.6099 14 10.6099 14 6.60986C14 3.29615 11.3137 0.609863 8 0.609863C4.68629 0.609863 2 3.29615 2 6.60986C2 10.6099 5 14.6099 8 16.6099Z\" fill=\"currentColor\"><\/path><path fill-rule=\"evenodd\" clip-rule=\"evenodd\" d=\"M8 7.60986C8.55228 7.60986 9 7.16215 9 6.60986C9 6.05758 8.55228 5.60986 8 5.60986C7.44772 5.60986 7 6.05758 7 6.60986C7 7.16215 7.44772 7.60986 8 7.60986ZM8 8.60986C9.10457 8.60986 10 7.71443 10 6.60986C10 5.50529 9.10457 4.60986 8 4.60986C6.89543 4.60986 6 5.50529 6 6.60986C6 7.71443 6.89543 8.60986 8 8.60986Z\" fill=\"currentColor\"><\/path><\/svg><div>Carrer Francesc Moragas 7<\/div><\/li><li class=\"wp-block-espigul-blocks-contact__list__item\"><svg width=\"16\" height=\"17\" viewBox=\"0 0 16 17\" fill=\"none\" xmlns=\"http:\/\/www.w3.org\/2000\/svg\"><path fill-rule=\"evenodd\" clip-rule=\"evenodd\" d=\"M1.80766 2.65772C0.929993 3.37721 0.741318 4.64516 1.37148 5.58902L2.56693 7.37958C3.95256 9.45499 5.52478 11.3996 7.264 13.1891L9.64457 15.6385C10.4327 16.4494 11.7106 16.5217 12.5852 15.8048L13.7452 14.8538C14.5995 14.1535 14.7243 12.8934 14.024 12.0391L12.7561 10.4924C12.0558 9.6382 10.7956 9.5134 9.94141 10.2137L9.39886 10.6584C8.21399 9.47982 7.14877 8.18745 6.21849 6.80033L6.77161 6.3469C7.62584 5.64663 7.75065 4.38647 7.05038 3.53224L5.78243 1.98553C5.08217 1.13131 3.822 1.0065 2.96778 1.70677L1.80766 2.65772ZM2.43154 3.43945C1.96034 3.83423 1.86104 4.52135 2.20315 5.03376L3.39861 6.82432C4.75044 8.84911 6.28431 10.7462 7.98111 12.4921L10.3617 14.9415C10.7869 15.3791 11.4759 15.4188 11.9485 15.0336L11.9512 15.0314L13.1113 14.0804C13.5384 13.7303 13.6008 13.1002 13.2507 12.6731L11.9827 11.1264C11.6326 10.6993 11.0025 10.6369 10.5754 10.987L9.33415 12.0045L8.69363 11.3674C7.46209 10.1424 6.3549 8.79909 5.38797 7.35733L4.88199 6.60288L6.13764 5.57354C6.56475 5.22341 6.62716 4.59333 6.27702 4.16622L5.00908 2.6195C4.65895 2.19239 4.02886 2.12999 3.60175 2.48012L2.43154 3.43945Z\" fill=\"currentColor\"><\/path><\/svg><div>932 700 782<\/div><\/li><li class=\"wp-block-espigul-blocks-contact__list__item\"><svg width=\"16\" height=\"17\" viewBox=\"0 0 16 17\" fill=\"none\" xmlns=\"http:\/\/www.w3.org\/2000\/svg\"><path fill-rule=\"evenodd\" clip-rule=\"evenodd\" d=\"M0 3.90234V14.9023H16V3.90234H0ZM1.90215 4.90234L8 10.238L14.0978 4.90234H1.90215ZM15 5.44173L8.32925 11.2786C8.14074 11.4436 7.85926 11.4436 7.67075 11.2786L1 5.44173V13.9023H15V5.44173Z\" fill=\"currentColor\"><\/path><\/svg><a href=\"mailto:santcugat@espigul.com\">santcugat@espigul.com<\/a><\/li><\/ul><\/div>\n<\/div>\n<\/div>\n<\/div>\n\n\n\n<div class=\"wp-block-group is-layout-constrained wp-block-group-is-layout-constrained\">\n<div class=\"wp-block-columns is-layout-flex wp-container-core-columns-is-layout-28f84493 wp-block-columns-is-layout-flex\">\n<div class=\"wp-block-column is-layout-flow wp-container-core-column-is-layout-22223934 wp-block-column-is-layout-flow\">\n<div class=\"wp-block-espigul-blocks-contact\"><h6 class=\"wp-block-espigul-blocks-contact__title\">Costa Brava<\/h6><ul class=\"wp-block-espigul-blocks-contact__list\"><li class=\"wp-block-espigul-blocks-contact__list__item\"><svg width=\"16\" height=\"17\" viewBox=\"0 0 16 17\" fill=\"none\" xmlns=\"http:\/\/www.w3.org\/2000\/svg\"><path fill-rule=\"evenodd\" clip-rule=\"evenodd\" d=\"M11.2838 11.8191C12.338 10.1793 13 8.36523 13 6.60986C13 3.84844 10.7614 1.60986 8 1.60986C5.23858 1.60986 3 3.84844 3 6.60986C3 8.36523 3.66199 10.1793 4.71618 11.8191C5.62801 13.2375 6.80323 14.4776 8 15.3831C9.19677 14.4776 10.372 13.2375 11.2838 11.8191ZM8 16.6099C11 14.6099 14 10.6099 14 6.60986C14 3.29615 11.3137 0.609863 8 0.609863C4.68629 0.609863 2 3.29615 2 6.60986C2 10.6099 5 14.6099 8 16.6099Z\" fill=\"currentColor\"><\/path><path fill-rule=\"evenodd\" clip-rule=\"evenodd\" d=\"M8 7.60986C8.55228 7.60986 9 7.16215 9 6.60986C9 6.05758 8.55228 5.60986 8 5.60986C7.44772 5.60986 7 6.05758 7 6.60986C7 7.16215 7.44772 7.60986 8 7.60986ZM8 8.60986C9.10457 8.60986 10 7.71443 10 6.60986C10 5.50529 9.10457 4.60986 8 4.60986C6.89543 4.60986 6 5.50529 6 6.60986C6 7.71443 6.89543 8.60986 8 8.60986Z\" fill=\"currentColor\"><\/path><\/svg><div>Avinguda de la Pau 1<\/div><\/li><li class=\"wp-block-espigul-blocks-contact__list__item\"><svg width=\"16\" height=\"17\" viewBox=\"0 0 16 17\" fill=\"none\" xmlns=\"http:\/\/www.w3.org\/2000\/svg\"><path fill-rule=\"evenodd\" clip-rule=\"evenodd\" d=\"M1.80766 2.65772C0.929993 3.37721 0.741318 4.64516 1.37148 5.58902L2.56693 7.37958C3.95256 9.45499 5.52478 11.3996 7.264 13.1891L9.64457 15.6385C10.4327 16.4494 11.7106 16.5217 12.5852 15.8048L13.7452 14.8538C14.5995 14.1535 14.7243 12.8934 14.024 12.0391L12.7561 10.4924C12.0558 9.6382 10.7956 9.5134 9.94141 10.2137L9.39886 10.6584C8.21399 9.47982 7.14877 8.18745 6.21849 6.80033L6.77161 6.3469C7.62584 5.64663 7.75065 4.38647 7.05038 3.53224L5.78243 1.98553C5.08217 1.13131 3.822 1.0065 2.96778 1.70677L1.80766 2.65772ZM2.43154 3.43945C1.96034 3.83423 1.86104 4.52135 2.20315 5.03376L3.39861 6.82432C4.75044 8.84911 6.28431 10.7462 7.98111 12.4921L10.3617 14.9415C10.7869 15.3791 11.4759 15.4188 11.9485 15.0336L11.9512 15.0314L13.1113 14.0804C13.5384 13.7303 13.6008 13.1002 13.2507 12.6731L11.9827 11.1264C11.6326 10.6993 11.0025 10.6369 10.5754 10.987L9.33415 12.0045L8.69363 11.3674C7.46209 10.1424 6.3549 8.79909 5.38797 7.35733L4.88199 6.60288L6.13764 5.57354C6.56475 5.22341 6.62716 4.59333 6.27702 4.16622L5.00908 2.6195C4.65895 2.19239 4.02886 2.12999 3.60175 2.48012L2.43154 3.43945Z\" fill=\"currentColor\"><\/path><\/svg><div>872 04 65 15<\/div><\/li><li class=\"wp-block-espigul-blocks-contact__list__item\"><svg width=\"16\" height=\"17\" viewBox=\"0 0 16 17\" fill=\"none\" xmlns=\"http:\/\/www.w3.org\/2000\/svg\"><path fill-rule=\"evenodd\" clip-rule=\"evenodd\" d=\"M0 3.90234V14.9023H16V3.90234H0ZM1.90215 4.90234L8 10.238L14.0978 4.90234H1.90215ZM15 5.44173L8.32925 11.2786C8.14074 11.4436 7.85926 11.4436 7.67075 11.2786L1 5.44173V13.9023H15V5.44173Z\" fill=\"currentColor\"><\/path><\/svg><a href=\"mailto:hola@espigul.com\">hola@espigul.com<\/a><\/li><\/ul><\/div>\n<\/div>\n\n\n\n<div class=\"wp-block-column is-layout-flow wp-container-core-column-is-layout-22223934 wp-block-column-is-layout-flow\">\n<div class=\"wp-block-espigul-blocks-contact\"><h6 class=\"wp-block-espigul-blocks-contact__title\">Barcelona<\/h6><ul class=\"wp-block-espigul-blocks-contact__list\"><li class=\"wp-block-espigul-blocks-contact__list__item\"><svg width=\"16\" height=\"17\" viewBox=\"0 0 16 17\" fill=\"none\" xmlns=\"http:\/\/www.w3.org\/2000\/svg\"><path fill-rule=\"evenodd\" clip-rule=\"evenodd\" d=\"M11.2838 11.8191C12.338 10.1793 13 8.36523 13 6.60986C13 3.84844 10.7614 1.60986 8 1.60986C5.23858 1.60986 3 3.84844 3 6.60986C3 8.36523 3.66199 10.1793 4.71618 11.8191C5.62801 13.2375 6.80323 14.4776 8 15.3831C9.19677 14.4776 10.372 13.2375 11.2838 11.8191ZM8 16.6099C11 14.6099 14 10.6099 14 6.60986C14 3.29615 11.3137 0.609863 8 0.609863C4.68629 0.609863 2 3.29615 2 6.60986C2 10.6099 5 14.6099 8 16.6099Z\" fill=\"currentColor\"><\/path><path fill-rule=\"evenodd\" clip-rule=\"evenodd\" d=\"M8 7.60986C8.55228 7.60986 9 7.16215 9 6.60986C9 6.05758 8.55228 5.60986 8 5.60986C7.44772 5.60986 7 6.05758 7 6.60986C7 7.16215 7.44772 7.60986 8 7.60986ZM8 8.60986C9.10457 8.60986 10 7.71443 10 6.60986C10 5.50529 9.10457 4.60986 8 4.60986C6.89543 4.60986 6 5.50529 6 6.60986C6 7.71443 6.89543 8.60986 8 8.60986Z\" fill=\"currentColor\"><\/path><\/svg><div>Carrer Muntaner 438, Local 1<\/div><\/li><li class=\"wp-block-espigul-blocks-contact__list__item\"><svg width=\"16\" height=\"17\" viewBox=\"0 0 16 17\" fill=\"none\" xmlns=\"http:\/\/www.w3.org\/2000\/svg\"><path fill-rule=\"evenodd\" clip-rule=\"evenodd\" d=\"M1.80766 2.65772C0.929993 3.37721 0.741318 4.64516 1.37148 5.58902L2.56693 7.37958C3.95256 9.45499 5.52478 11.3996 7.264 13.1891L9.64457 15.6385C10.4327 16.4494 11.7106 16.5217 12.5852 15.8048L13.7452 14.8538C14.5995 14.1535 14.7243 12.8934 14.024 12.0391L12.7561 10.4924C12.0558 9.6382 10.7956 9.5134 9.94141 10.2137L9.39886 10.6584C8.21399 9.47982 7.14877 8.18745 6.21849 6.80033L6.77161 6.3469C7.62584 5.64663 7.75065 4.38647 7.05038 3.53224L5.78243 1.98553C5.08217 1.13131 3.822 1.0065 2.96778 1.70677L1.80766 2.65772ZM2.43154 3.43945C1.96034 3.83423 1.86104 4.52135 2.20315 5.03376L3.39861 6.82432C4.75044 8.84911 6.28431 10.7462 7.98111 12.4921L10.3617 14.9415C10.7869 15.3791 11.4759 15.4188 11.9485 15.0336L11.9512 15.0314L13.1113 14.0804C13.5384 13.7303 13.6008 13.1002 13.2507 12.6731L11.9827 11.1264C11.6326 10.6993 11.0025 10.6369 10.5754 10.987L9.33415 12.0045L8.69363 11.3674C7.46209 10.1424 6.3549 8.79909 5.38797 7.35733L4.88199 6.60288L6.13764 5.57354C6.56475 5.22341 6.62716 4.59333 6.27702 4.16622L5.00908 2.6195C4.65895 2.19239 4.02886 2.12999 3.60175 2.48012L2.43154 3.43945Z\" fill=\"currentColor\"><\/path><\/svg><div>+34936404560<\/div><\/li><li class=\"wp-block-espigul-blocks-contact__list__item\"><svg width=\"16\" height=\"17\" viewBox=\"0 0 16 17\" fill=\"none\" xmlns=\"http:\/\/www.w3.org\/2000\/svg\"><path fill-rule=\"evenodd\" clip-rule=\"evenodd\" d=\"M0 3.90234V14.9023H16V3.90234H0ZM1.90215 4.90234L8 10.238L14.0978 4.90234H1.90215ZM15 5.44173L8.32925 11.2786C8.14074 11.4436 7.85926 11.4436 7.67075 11.2786L1 5.44173V13.9023H15V5.44173Z\" fill=\"currentColor\"><\/path><\/svg><a href=\"mailto:barcelona@espigul.com\">barcelona@espigul.com<\/a><\/li><\/ul><\/div>\n<\/div>\n<\/div>\n<\/div>\n<\/div>\n<\/div>\n<\/div>\n\n\n\n<div class=\"wp-block-column is-layout-flow wp-block-column-is-layout-flow\" style=\"padding-top:var(--wp--preset--spacing--70);padding-right:var(--wp--preset--spacing--70);padding-bottom:var(--wp--preset--spacing--70);padding-left:var(--wp--preset--spacing--70)\">\n<div class=\"wp-block-contact-form-7-contact-form-selector\">\n<div class=\"wpcf7 no-js\" id=\"wpcf7-f16331-o1\" lang=\"ca\" dir=\"ltr\" data-wpcf7-id=\"16331\">\n<div class=\"screen-reader-response\"><p role=\"status\" aria-live=\"polite\" aria-atomic=\"true\"><\/p> <ul><\/ul><\/div>\n<form action=\"\/ca\/wp-json\/wp\/v2\/pages\/89959#wpcf7-f16331-o1\" method=\"post\" class=\"wpcf7-form init\" aria-label=\"Formulari de contacte\" novalidate=\"novalidate\" data-status=\"init\">\n<fieldset class=\"hidden-fields-container\"><input type=\"hidden\" name=\"_wpcf7\" value=\"16331\" \/><input type=\"hidden\" name=\"_wpcf7_version\" value=\"6.1.5\" \/><input type=\"hidden\" name=\"_wpcf7_locale\" value=\"ca\" \/><input type=\"hidden\" name=\"_wpcf7_unit_tag\" value=\"wpcf7-f16331-o1\" \/><input type=\"hidden\" name=\"_wpcf7_container_post\" value=\"0\" \/><input type=\"hidden\" name=\"_wpcf7_posted_data_hash\" value=\"\" \/><input type=\"hidden\" name=\"_wpcf7_recaptcha_response\" value=\"\" \/>\n<\/fieldset>\n<div class=\"contact-form__cols__col\">\n<label> <span class=\"contact-form-required\">Nom i cognoms<\/span>\n    <span class=\"wpcf7-form-control-wrap\" data-name=\"your-name\"><input size=\"40\" maxlength=\"400\" class=\"wpcf7-form-control wpcf7-text wpcf7-validates-as-required\" autocomplete=\"name\" aria-required=\"true\" aria-invalid=\"false\" value=\"\" type=\"text\" name=\"your-name\" \/><\/span> <\/label>\n<\/div> \n<div class=\"contact-form__cols contact-form__cols--2\">\n<div class=\"contact-form__cols__col\">\n<label> <span class=\"contact-form-required\">E-mail<\/span>\n    <span class=\"wpcf7-form-control-wrap\" data-name=\"your-email\"><input size=\"40\" maxlength=\"400\" class=\"wpcf7-form-control wpcf7-email wpcf7-validates-as-required wpcf7-text wpcf7-validates-as-email\" autocomplete=\"email\" aria-required=\"true\" aria-invalid=\"false\" value=\"\" type=\"email\" name=\"your-email\" \/><\/span> <\/label>\n<\/div>\n<div class=\"contact-form__cols__col\">\n<label> <span class=\"contact-form-required\">Tel\u00e8fon<\/span>\n     <span class=\"wpcf7-form-control-wrap\" data-name=\"your-phone\"><input size=\"40\" maxlength=\"400\" class=\"wpcf7-form-control wpcf7-tel wpcf7-validates-as-required wpcf7-text wpcf7-validates-as-tel\" autocomplete=\"phone\" aria-required=\"true\" aria-invalid=\"false\" value=\"\" type=\"tel\" name=\"your-phone\" \/><\/span> <\/label>\n<\/div> \n\n<\/div>\n\n<div class=\"contact-form__cols contact-form__cols--2\">\n<div class=\"contact-form__cols__col\">\n<label> <span class=\"contact-form-required\">Poblaci\u00f3 on vols construir<\/span>\n     <span class=\"wpcf7-form-control-wrap\" data-name=\"your-town\"><input size=\"40\" maxlength=\"400\" class=\"wpcf7-form-control wpcf7-text wpcf7-validates-as-required\" autocomplete=\"town\" aria-required=\"true\" aria-invalid=\"false\" value=\"\" type=\"text\" name=\"your-town\" \/><\/span> <\/label>\n<\/div> \n<div class=\"contact-form__cols__col\">\n<label><span class=\"contact-form-required\">A quina prov\u00edncia es troba?<\/span>\n<span class=\"wpcf7-form-control-wrap\" data-name=\"place\"><select class=\"wpcf7-form-control wpcf7-select\" aria-invalid=\"false\" name=\"place\"><option value=\"Barcelona\">Barcelona<\/option><option value=\"Girona\">Girona<\/option><option value=\"Costa Brava\">Costa Brava<\/option><option value=\"Andorra\">Andorra<\/option><\/select><\/span> <\/label>\n<\/div> \n<\/div>\n\n\n\n<label> <span class=\"contact-form-required\">Missatge<\/span>\n    <span class=\"wpcf7-form-control-wrap\" data-name=\"your-message\"><textarea cols=\"40\" rows=\"10\" maxlength=\"2000\" class=\"wpcf7-form-control wpcf7-textarea\" aria-invalid=\"false\" name=\"your-message\"><\/textarea><\/span> <\/label>\n\n<label class=\"contact-form__checkbox\"> <span class=\"wpcf7-form-control-wrap\" data-name=\"acceptance-\"><span class=\"wpcf7-form-control wpcf7-acceptance\"><span class=\"wpcf7-list-item\"><input type=\"checkbox\" name=\"acceptance-\" value=\"1\" aria-invalid=\"false\" \/><\/span><\/span><\/span> <span class=\"contact-form-required\">He llegit i accepto les condicions legals i la pol\u00edtica de privacitat.<\/span>\n<\/label>\n\n<input class=\"wpcf7-form-control wpcf7-submit has-spinner\" type=\"submit\" value=\"Envia\" \/><div class=\"wpcf7-response-output\" aria-hidden=\"true\"><\/div>\n<\/form>\n<\/div>\n<\/div>\n<\/div>\n<\/div>\n<\/div><\/div>\n<\/div><\/div>\n","protected":false},"excerpt":{"rendered":"<p>Arquitectura i interiorisme Esp\u00edgul no nom\u00e9s \u00e9s una de les ag\u00e8ncies immobili\u00e0ries l\u00edders al territori catal\u00e0, sin\u00f3 que tamb\u00e9 ofereix serveis d&#8217;arquitectura i interiorisme per a crear espais \u00fanics i funcionals, tant en l\u2019\u00e0mbit residencial com comercial.&nbsp; El nostre objectiu \u00e9s dissenyar espais que s\u2019adaptin a les necessitats dels nostres clients, tot mantenint una est\u00e8tica&#8230;<\/p>\n","protected":false},"author":2,"featured_media":18090,"parent":0,"menu_order":0,"comment_status":"closed","ping_status":"closed","template":"","meta":{"_acf_changed":false,"_uag_custom_page_level_css":"","footnotes":""},"class_list":["post-89959","page","type-page","status-publish","has-post-thumbnail","hentry"],"acf":[],"yoast_head":"<!-- This site is optimized with the Yoast SEO plugin v27.5 - https:\/\/yoast.com\/product\/yoast-seo-wordpress\/ -->\n<title>Arquitectura i interiorisme - Esp\u00edgul<\/title>\n<meta name=\"description\" content=\"Descobreix els serveis d&#039;arquitectura i interiorisme d&#039;Esp\u00edgul per a dissenyar espais residencials i comercials d\u2019avantguarda.\" \/>\n<meta name=\"robots\" content=\"index, follow, max-snippet:-1, max-image-preview:large, max-video-preview:-1\" \/>\n<link rel=\"canonical\" href=\"https:\/\/www.espigul.com\/ca\/arquitectura-interiorisme\/\" \/>\n<meta property=\"og:locale\" content=\"ca_ES\" \/>\n<meta property=\"og:type\" content=\"article\" \/>\n<meta property=\"og:title\" content=\"Arquitectura i interiorisme - Esp\u00edgul\" \/>\n<meta property=\"og:description\" content=\"Descobreix els serveis d&#039;arquitectura i interiorisme d&#039;Esp\u00edgul per a dissenyar espais residencials i comercials d\u2019avantguarda.\" \/>\n<meta property=\"og:url\" content=\"https:\/\/www.espigul.com\/ca\/arquitectura-interiorisme\/\" \/>\n<meta property=\"og:site_name\" content=\"Esp\u00edgul\" \/>\n<meta property=\"article:modified_time\" content=\"2024-11-05T08:59:06+00:00\" \/>\n<meta property=\"og:image\" content=\"https:\/\/www.espigul.com\/wp-content\/uploads\/2023\/07\/pga12.jpg\" \/>\n\t<meta property=\"og:image:width\" content=\"1280\" \/>\n\t<meta property=\"og:image:height\" content=\"854\" \/>\n\t<meta property=\"og:image:type\" content=\"image\/jpeg\" \/>\n<meta name=\"twitter:card\" content=\"summary_large_image\" \/>\n<meta name=\"twitter:label1\" content=\"Temps estimat de lectura\" \/>\n\t<meta name=\"twitter:data1\" content=\"4 minuts\" \/>\n<script type=\"application\/ld+json\" class=\"yoast-schema-graph\">{\"@context\":\"https:\\\/\\\/schema.org\",\"@graph\":[{\"@type\":\"WebPage\",\"@id\":\"https:\\\/\\\/www.espigul.com\\\/ca\\\/arquitectura-interiorisme\\\/\",\"url\":\"https:\\\/\\\/www.espigul.com\\\/ca\\\/arquitectura-interiorisme\\\/\",\"name\":\"Arquitectura i interiorisme - Esp\u00edgul\",\"isPartOf\":{\"@id\":\"https:\\\/\\\/www.espigul.com\\\/ca\\\/#website\"},\"primaryImageOfPage\":{\"@id\":\"https:\\\/\\\/www.espigul.com\\\/ca\\\/arquitectura-interiorisme\\\/#primaryimage\"},\"image\":{\"@id\":\"https:\\\/\\\/www.espigul.com\\\/ca\\\/arquitectura-interiorisme\\\/#primaryimage\"},\"thumbnailUrl\":\"https:\\\/\\\/www.espigul.com\\\/wp-content\\\/uploads\\\/2023\\\/07\\\/pga12.jpg\",\"datePublished\":\"2024-10-31T09:19:36+00:00\",\"dateModified\":\"2024-11-05T08:59:06+00:00\",\"description\":\"Descobreix els serveis d'arquitectura i interiorisme d'Esp\u00edgul per a dissenyar espais residencials i comercials d\u2019avantguarda.\",\"breadcrumb\":{\"@id\":\"https:\\\/\\\/www.espigul.com\\\/ca\\\/arquitectura-interiorisme\\\/#breadcrumb\"},\"inLanguage\":\"ca\",\"potentialAction\":[{\"@type\":\"ReadAction\",\"target\":[\"https:\\\/\\\/www.espigul.com\\\/ca\\\/arquitectura-interiorisme\\\/\"]}]},{\"@type\":\"ImageObject\",\"inLanguage\":\"ca\",\"@id\":\"https:\\\/\\\/www.espigul.com\\\/ca\\\/arquitectura-interiorisme\\\/#primaryimage\",\"url\":\"https:\\\/\\\/www.espigul.com\\\/wp-content\\\/uploads\\\/2023\\\/07\\\/pga12.jpg\",\"contentUrl\":\"https:\\\/\\\/www.espigul.com\\\/wp-content\\\/uploads\\\/2023\\\/07\\\/pga12.jpg\",\"width\":1280,\"height\":854},{\"@type\":\"BreadcrumbList\",\"@id\":\"https:\\\/\\\/www.espigul.com\\\/ca\\\/arquitectura-interiorisme\\\/#breadcrumb\",\"itemListElement\":[{\"@type\":\"ListItem\",\"position\":1,\"name\":\"Inici\",\"item\":\"https:\\\/\\\/www.espigul.com\\\/ca\\\/\"},{\"@type\":\"ListItem\",\"position\":2,\"name\":\"Arquitectura i interiorisme\"}]},{\"@type\":\"WebSite\",\"@id\":\"https:\\\/\\\/www.espigul.com\\\/ca\\\/#website\",\"url\":\"https:\\\/\\\/www.espigul.com\\\/ca\\\/\",\"name\":\"Esp\u00edgul\",\"description\":\"La immobili\u00e0ria l\u00edder de Girona\",\"publisher\":{\"@id\":\"https:\\\/\\\/www.espigul.com\\\/ca\\\/#organization\"},\"potentialAction\":[{\"@type\":\"SearchAction\",\"target\":{\"@type\":\"EntryPoint\",\"urlTemplate\":\"https:\\\/\\\/www.espigul.com\\\/ca\\\/?s={search_term_string}\"},\"query-input\":{\"@type\":\"PropertyValueSpecification\",\"valueRequired\":true,\"valueName\":\"search_term_string\"}}],\"inLanguage\":\"ca\"},{\"@type\":\"Organization\",\"@id\":\"https:\\\/\\\/www.espigul.com\\\/ca\\\/#organization\",\"name\":\"Esp\u00edgul\",\"url\":\"https:\\\/\\\/www.espigul.com\\\/ca\\\/\",\"logo\":{\"@type\":\"ImageObject\",\"inLanguage\":\"ca\",\"@id\":\"https:\\\/\\\/www.espigul.com\\\/ca\\\/#\\\/schema\\\/logo\\\/image\\\/\",\"url\":\"https:\\\/\\\/www.espigul.com\\\/wp-content\\\/uploads\\\/2023\\\/08\\\/espigul-block.png\",\"contentUrl\":\"https:\\\/\\\/www.espigul.com\\\/wp-content\\\/uploads\\\/2023\\\/08\\\/espigul-block.png\",\"width\":384,\"height\":240,\"caption\":\"Esp\u00edgul\"},\"image\":{\"@id\":\"https:\\\/\\\/www.espigul.com\\\/ca\\\/#\\\/schema\\\/logo\\\/image\\\/\"},\"sameAs\":[\"https:\\\/\\\/www.instagram.com\\\/immoespigul\\\/\",\"https:\\\/\\\/www.youtube.com\\\/channel\\\/UCYyD-WWfbCFpCXau4SQOGKQ\"]}]}<\/script>\n<!-- \/ Yoast SEO plugin. -->","yoast_head_json":{"title":"Arquitectura i interiorisme - Esp\u00edgul","description":"Descobreix els serveis d'arquitectura i interiorisme d'Esp\u00edgul per a dissenyar espais residencials i comercials d\u2019avantguarda.","robots":{"index":"index","follow":"follow","max-snippet":"max-snippet:-1","max-image-preview":"max-image-preview:large","max-video-preview":"max-video-preview:-1"},"canonical":"https:\/\/www.espigul.com\/ca\/arquitectura-interiorisme\/","og_locale":"ca_ES","og_type":"article","og_title":"Arquitectura i interiorisme - Esp\u00edgul","og_description":"Descobreix els serveis d'arquitectura i interiorisme d'Esp\u00edgul per a dissenyar espais residencials i comercials d\u2019avantguarda.","og_url":"https:\/\/www.espigul.com\/ca\/arquitectura-interiorisme\/","og_site_name":"Esp\u00edgul","article_modified_time":"2024-11-05T08:59:06+00:00","og_image":[{"width":1280,"height":854,"url":"https:\/\/www.espigul.com\/wp-content\/uploads\/2023\/07\/pga12.jpg","type":"image\/jpeg"}],"twitter_card":"summary_large_image","twitter_misc":{"Temps estimat de lectura":"4 minuts"},"schema":{"@context":"https:\/\/schema.org","@graph":[{"@type":"WebPage","@id":"https:\/\/www.espigul.com\/ca\/arquitectura-interiorisme\/","url":"https:\/\/www.espigul.com\/ca\/arquitectura-interiorisme\/","name":"Arquitectura i interiorisme - Esp\u00edgul","isPartOf":{"@id":"https:\/\/www.espigul.com\/ca\/#website"},"primaryImageOfPage":{"@id":"https:\/\/www.espigul.com\/ca\/arquitectura-interiorisme\/#primaryimage"},"image":{"@id":"https:\/\/www.espigul.com\/ca\/arquitectura-interiorisme\/#primaryimage"},"thumbnailUrl":"https:\/\/www.espigul.com\/wp-content\/uploads\/2023\/07\/pga12.jpg","datePublished":"2024-10-31T09:19:36+00:00","dateModified":"2024-11-05T08:59:06+00:00","description":"Descobreix els serveis d'arquitectura i interiorisme d'Esp\u00edgul per a dissenyar espais residencials i comercials d\u2019avantguarda.","breadcrumb":{"@id":"https:\/\/www.espigul.com\/ca\/arquitectura-interiorisme\/#breadcrumb"},"inLanguage":"ca","potentialAction":[{"@type":"ReadAction","target":["https:\/\/www.espigul.com\/ca\/arquitectura-interiorisme\/"]}]},{"@type":"ImageObject","inLanguage":"ca","@id":"https:\/\/www.espigul.com\/ca\/arquitectura-interiorisme\/#primaryimage","url":"https:\/\/www.espigul.com\/wp-content\/uploads\/2023\/07\/pga12.jpg","contentUrl":"https:\/\/www.espigul.com\/wp-content\/uploads\/2023\/07\/pga12.jpg","width":1280,"height":854},{"@type":"BreadcrumbList","@id":"https:\/\/www.espigul.com\/ca\/arquitectura-interiorisme\/#breadcrumb","itemListElement":[{"@type":"ListItem","position":1,"name":"Inici","item":"https:\/\/www.espigul.com\/ca\/"},{"@type":"ListItem","position":2,"name":"Arquitectura i interiorisme"}]},{"@type":"WebSite","@id":"https:\/\/www.espigul.com\/ca\/#website","url":"https:\/\/www.espigul.com\/ca\/","name":"Esp\u00edgul","description":"La immobili\u00e0ria l\u00edder de Girona","publisher":{"@id":"https:\/\/www.espigul.com\/ca\/#organization"},"potentialAction":[{"@type":"SearchAction","target":{"@type":"EntryPoint","urlTemplate":"https:\/\/www.espigul.com\/ca\/?s={search_term_string}"},"query-input":{"@type":"PropertyValueSpecification","valueRequired":true,"valueName":"search_term_string"}}],"inLanguage":"ca"},{"@type":"Organization","@id":"https:\/\/www.espigul.com\/ca\/#organization","name":"Esp\u00edgul","url":"https:\/\/www.espigul.com\/ca\/","logo":{"@type":"ImageObject","inLanguage":"ca","@id":"https:\/\/www.espigul.com\/ca\/#\/schema\/logo\/image\/","url":"https:\/\/www.espigul.com\/wp-content\/uploads\/2023\/08\/espigul-block.png","contentUrl":"https:\/\/www.espigul.com\/wp-content\/uploads\/2023\/08\/espigul-block.png","width":384,"height":240,"caption":"Esp\u00edgul"},"image":{"@id":"https:\/\/www.espigul.com\/ca\/#\/schema\/logo\/image\/"},"sameAs":["https:\/\/www.instagram.com\/immoespigul\/","https:\/\/www.youtube.com\/channel\/UCYyD-WWfbCFpCXau4SQOGKQ"]}]}},"uagb_featured_image_src":{"full":["https:\/\/www.espigul.com\/wp-content\/uploads\/2023\/07\/pga12.jpg",1280,854,false],"thumbnail":["https:\/\/www.espigul.com\/wp-content\/uploads\/2023\/07\/pga12-150x150.jpg",150,150,true],"medium":["https:\/\/www.espigul.com\/wp-content\/uploads\/2023\/07\/pga12-400x267.jpg",400,267,true],"medium_large":["https:\/\/www.espigul.com\/wp-content\/uploads\/2023\/07\/pga12-768x512.jpg",768,512,true],"large":["https:\/\/www.espigul.com\/wp-content\/uploads\/2023\/07\/pga12.jpg",960,641,false],"1536x1536":["https:\/\/www.espigul.com\/wp-content\/uploads\/2023\/07\/pga12.jpg",1280,854,false],"2048x2048":["https:\/\/www.espigul.com\/wp-content\/uploads\/2023\/07\/pga12.jpg",1280,854,false],"gform-image-choice-sm":["https:\/\/www.espigul.com\/wp-content\/uploads\/2023\/07\/pga12.jpg",300,200,false],"gform-image-choice-md":["https:\/\/www.espigul.com\/wp-content\/uploads\/2023\/07\/pga12.jpg",400,267,false],"gform-image-choice-lg":["https:\/\/www.espigul.com\/wp-content\/uploads\/2023\/07\/pga12.jpg",600,400,false]},"uagb_author_info":{"display_name":"Anna Ramon","author_link":"https:\/\/www.espigul.com\/ca\/author\/anna-ramon\/"},"uagb_comment_info":0,"uagb_excerpt":"Arquitectura i interiorisme Esp\u00edgul no nom\u00e9s \u00e9s una de les ag\u00e8ncies immobili\u00e0ries l\u00edders al territori catal\u00e0, sin\u00f3 que tamb\u00e9 ofereix serveis d&#8217;arquitectura i interiorisme per a crear espais \u00fanics i funcionals, tant en l\u2019\u00e0mbit residencial com comercial.&nbsp; El nostre objectiu \u00e9s dissenyar espais que s\u2019adaptin a les necessitats dels nostres clients, tot mantenint una est\u00e8tica...","_links":{"self":[{"href":"https:\/\/www.espigul.com\/ca\/wp-json\/wp\/v2\/pages\/89959","targetHints":{"allow":["GET"]}}],"collection":[{"href":"https:\/\/www.espigul.com\/ca\/wp-json\/wp\/v2\/pages"}],"about":[{"href":"https:\/\/www.espigul.com\/ca\/wp-json\/wp\/v2\/types\/page"}],"author":[{"embeddable":true,"href":"https:\/\/www.espigul.com\/ca\/wp-json\/wp\/v2\/users\/2"}],"replies":[{"embeddable":true,"href":"https:\/\/www.espigul.com\/ca\/wp-json\/wp\/v2\/comments?post=89959"}],"version-history":[{"count":20,"href":"https:\/\/www.espigul.com\/ca\/wp-json\/wp\/v2\/pages\/89959\/revisions"}],"predecessor-version":[{"id":90314,"href":"https:\/\/www.espigul.com\/ca\/wp-json\/wp\/v2\/pages\/89959\/revisions\/90314"}],"wp:featuredmedia":[{"embeddable":true,"href":"https:\/\/www.espigul.com\/ca\/wp-json\/wp\/v2\/media\/18090"}],"wp:attachment":[{"href":"https:\/\/www.espigul.com\/ca\/wp-json\/wp\/v2\/media?parent=89959"}],"curies":[{"name":"wp","href":"https:\/\/api.w.org\/{rel}","templated":true}]}}