{"id":480273,"date":"2026-09-03T12:30:54","date_gmt":"2026-09-03T10:30:54","guid":{"rendered":"https:\/\/www.espigul.com\/immobiliaria-barcelona-2\/"},"modified":"2026-09-03T13:58:56","modified_gmt":"2026-09-03T11:58:56","slug":"immobiliaria-barcelona-2","status":"publish","type":"page","link":"https:\/\/www.espigul.com\/ca\/immobiliaria-barcelona-2\/","title":{"rendered":"Immobili\u00e0ria Barcelona"},"content":{"rendered":"\n<div class=\"wp-block-uagb-container uagb-block-26595532 alignfull uagb-is-root-container\"><div class=\"uagb-container-inner-blocks-wrap\">\n<div class=\"wp-block-uagb-container uagb-block-f2698641\">\n<div class=\"wp-block-uagb-container uagb-block-dcaf0e14\">\n<p class=\"has-text-align-left has-white-color has-text-color has-link-color has-large-font-size wp-elements-f4f2d3f0fb859d1be2008df0c6d5b8ec wp-block-paragraph\" style=\"padding-top:0px;padding-bottom:0px\">AV. DIAGONAL 520, ENTLO 1<br\/>08006 BARCELONA <\/p>\n<\/div>\n\n\n\n<div class=\"wp-block-uagb-container uagb-block-4206ed9c\">\n<p class=\"has-text-align-center has-white-color has-text-color has-link-color has-large-font-size wp-elements-dd258a3157e7f2a3d8b44a67f4ba94ac wp-block-paragraph\" style=\"margin-right:0rem;margin-left:0rem\">IMMOBILI\u00c0RIA BARCELONA<\/p>\n<\/div>\n\n\n\n<div class=\"wp-block-uagb-container uagb-block-d1e16abf\">\n<p class=\"has-text-align-right has-white-color has-text-color has-link-color has-large-font-size wp-elements-02108564c727bddede5dbb69ff8842e6 wp-block-paragraph\">+34 936 404 560 <br\/>BARCELONA@ESPIGUL.COM<\/p>\n<\/div>\n<\/div>\n<\/div><\/div>\n\n<div class=\"wp-block-uagb-container uagb-layout-grid uagb-block-c1153241 alignfull uagb-is-root-container\"><div class=\"uagb-container-inner-blocks-wrap\">\n<div class=\"wp-block-uagb-container uag-hide-mob uagb-block-cf3b0453\"><\/div>\n\n\n\n<div class=\"wp-block-uagb-container uagb-block-f7b02f1a\">\n<div class=\"wp-block-uagb-container uagb-layout-grid uagb-block-cfae5fa7\">\n<h2 class=\"wp-block-heading has-3-x-large-font-size\">On el futur comen\u00e7a avui.<\/h2>\n\n\n\n<div class=\"wp-block-uagb-container uagb-block-594efdc0 alignfull uagb-is-root-container\"><div class=\"uagb-container-inner-blocks-wrap\"><\/div><\/div>\n\n\n\n<div class=\"wp-block-uagb-container uagb-block-121e435a\">\n<p class=\"has-seasons-font-family wp-block-paragraph\">Amb un alt coneixement del mercat local i una clara orientaci\u00f3 a garantir la satisfacci\u00f3 de cada client, us ajudem en les vostres operacions de compravenda a la ciutat comtal. Tenim pres\u00e8ncia a Barcelona capital i tamb\u00e9 als seus voltants, cosa que ens permet oferir-vos propietats exclusives en ubicacions altament valorades de la zona. Som una de les immobili\u00e0ries l\u00edders del mercat a Barcelona.  <\/p>\n\n\n\n<p class=\"has-seasons-font-family wp-block-paragraph\">Sens dubte, Barcelona \u00e9s una de les ciutats europees m\u00e9s destacades i representa un important centre econ\u00f2mic, industrial i comercial. T\u00e9 una hist\u00f2ria rica i un patrimoni cultural impressionant, fet que tamb\u00e9 la converteix en una de les principals destinacions tur\u00edstiques d\u2019Europa i del m\u00f3n. Tot plegat afavoreix que el mercat immobiliari estigui en creixement i que hi hagi una demanda constant de propietats. Per aix\u00f2, invertir en habitatge a Barcelona \u00e9s una decisi\u00f3 intel\u00b7ligent que pot aportar molts beneficis a curt i llarg termini.   <\/p>\n\n\n\n<p class=\"has-seasons-font-family wp-block-paragraph\">Per als compradors, oferim una selecci\u00f3 de propietats exclusives i d\u2019obra nova que captiven per la seva qualitat i innovaci\u00f3. Des d\u2019apartaments ben equipats fins a cases espectaculars, cada propietat reflecteix el nostre comprom\u00eds amb la feina ben feta i els millors resultats. Us acompanyem a trobar la vostra nova llar, aquella propietat que s\u2019adapti al vostre estil de vida i a les vostres necessitats.  <\/p>\n<\/div>\n\n\n\n<div class=\"wp-block-uagb-container uagb-block-4bde3a05\">\n<p class=\"has-seasons-font-family wp-block-paragraph\">Per als venedors, som el soci ideal per aconseguir una operaci\u00f3 d\u2019\u00e8xit. Amb una extensa xarxa de compradors potencials i una estrat\u00e8gia de m\u00e0rqueting personalitzada, ens encarreguem de posicionar el vostre immoble al capdamunt de tots els cercadors i us garantim una gesti\u00f3 eficient de tot el proc\u00e9s de venda. A Esp\u00edgul, us acompanyem en totes les fases del proc\u00e9s, oferint-vos un assessorament totalment personalitzat i vetllant per aconseguir el m\u00e0xim benefici per a totes les parts.  <\/p>\n\n\n\n<p class=\"has-seasons-font-family wp-block-paragraph\">Comptem amb m\u00e9s de 35 anys d\u2019experi\u00e8ncia en el sector immobiliari i, recentment, hem obert una nova oficina a Barcelona des d\u2019on podem oferir-vos una gesti\u00f3 integral, tant en la compra com en la venda o el lloguer de propietats. Si busqueu una immobili\u00e0ria a Barcelona, a Esp\u00edgul hi trobareu la millor resposta. <\/p>\n\n\n\n<p class=\"has-seasons-font-family wp-block-paragraph\">Esp\u00edgul, a m\u00e9s de ser immobili\u00e0ria a Barcelona, tamb\u00e9 \u00e9s empresa constructora i compta amb una \u00e0mplia cartera d\u2019obra nova d\u2019alta qualitat. Dissenyem habitatges moderns, sostenibles i amb uns acabats immillorables. Sempre aplicant les \u00faltimes tecnologies i des d\u2019una \u00f2ptica eficient, constru\u00efm tota mena de cases, pisos, \u00e0tics, d\u00faplex, pisos amb pla\u00e7a d\u2019aparcament a l\u2019edifici, aix\u00ed com pisos amb terrassa privada i atractives zones comunit\u00e0ries.  <\/p>\n<\/div>\n<\/div>\n<\/div>\n<\/div><\/div>\n\n<div class=\"wp-block-uagb-container uagb-layout-grid uagb-block-6c306a06 alignfull uagb-is-root-container\">\n<figure class=\"wp-block-image size-full is-resized\"><img loading=\"lazy\" decoding=\"async\" width=\"640\" height=\"668\" src=\"https:\/\/www.espigul.com\/wp-content\/uploads\/2026\/09\/barcelona-02.jpg\" alt=\"\" class=\"wp-image-478794\" style=\"width:320px\" srcset=\"https:\/\/www.espigul.com\/wp-content\/uploads\/2026\/09\/barcelona-02.jpg 640w, https:\/\/www.espigul.com\/wp-content\/uploads\/2026\/09\/barcelona-02-287x300.jpg 287w\" sizes=\"auto, (max-width: 640px) 100vw, 640px\" \/><figcaption class=\"wp-element-caption\"> EST. 1989<\/figcaption><\/figure>\n\n\n\n<div class=\"wp-block-uagb-container uag-hide-mob uagb-block-62aaa084\"><\/div>\n\n\n\n<figure class=\"wp-block-image alignleft size-full\" style=\"margin-top:0;margin-right:0;margin-bottom:0;margin-left:0\"><img loading=\"lazy\" decoding=\"async\" width=\"1298\" height=\"668\" src=\"https:\/\/www.espigul.com\/wp-content\/uploads\/2026\/09\/barcelona-03.jpg\" alt=\"\" class=\"wp-image-478795\" srcset=\"https:\/\/www.espigul.com\/wp-content\/uploads\/2026\/09\/barcelona-03.jpg 1298w, https:\/\/www.espigul.com\/wp-content\/uploads\/2026\/09\/barcelona-03-400x206.jpg 400w, https:\/\/www.espigul.com\/wp-content\/uploads\/2026\/09\/barcelona-03-768x395.jpg 768w\" sizes=\"auto, (max-width: 1298px) 100vw, 1298px\" \/><figcaption class=\"wp-element-caption\">GRUP IMMOBILIARI<\/figcaption><\/figure>\n\n\n\n<div class=\"wp-block-uagb-container uag-hide-mob uagb-block-4532ec18\"><\/div>\n\n\n\n<figure class=\"wp-block-image size-full is-resized\"><img loading=\"lazy\" decoding=\"async\" width=\"640\" height=\"670\" src=\"https:\/\/www.espigul.com\/wp-content\/uploads\/2026\/09\/barcelona-04.jpg\" alt=\"\" class=\"wp-image-478798\" style=\"width:320px\" srcset=\"https:\/\/www.espigul.com\/wp-content\/uploads\/2026\/09\/barcelona-04.jpg 640w, https:\/\/www.espigul.com\/wp-content\/uploads\/2026\/09\/barcelona-04-287x300.jpg 287w\" sizes=\"auto, (max-width: 640px) 100vw, 640px\" \/><figcaption class=\"wp-element-caption\">EST. 1989<\/figcaption><\/figure>\n<\/div>\n\n<div class=\"wp-block-uagb-container uagb-block-c04d68c9 alignfull uagb-is-root-container\"><div class=\"uagb-container-inner-blocks-wrap\">    <div>\n                <div class=\"proposta-grid proposta__item\">\n                            <div class=\"proposta__item__image\">\n                    <img decoding=\"async\" class=\"proposta-image\" src=\"https:\/\/www.espigul.com\/wp-content\/uploads\/2026\/09\/proposta-1-2.jpg\" alt=\"\"\/>\n                <\/div>\n                        <div class=\"proposta__item__counter\">\n                <p>01<\/p>\n            <\/div>\n            <div class=\"proposta__item__title\">\n                                    <h2>Experi\u00e8ncia i coneixement local<\/h2>\n                            <\/div>\n            <div class=\"proposta__item__subtitle\">\n                                    <p>M\u00e9s de 35 anys operant en el sector immobiliari ens permeten entendre el mercat amb profunditat i anticipar-nos als seus moviments. Coneixem cada zona, cada tipologia de propietat i cada oportunitat real.  <\/p>\n                            <\/div>\n                    <\/div>\n                <div class=\"proposta-grid proposta__item\">\n                            <div class=\"proposta__item__image\">\n                    <img decoding=\"async\" class=\"proposta-image\" src=\"https:\/\/www.espigul.com\/wp-content\/uploads\/2026\/09\/proposta-2-2.jpg\" alt=\"\"\/>\n                <\/div>\n                        <div class=\"proposta__item__counter\">\n                <p>02<\/p>\n            <\/div>\n            <div class=\"proposta__item__title\">\n                                    <h2>Selecci\u00f3 i valor patrimonial<\/h2>\n                            <\/div>\n            <div class=\"proposta__item__subtitle\">\n                                    <p>Treballem amb una cartera acuradament seleccionada de propietats residencials, comercials i industrials, prioritzant la ubicaci\u00f3, la qualitat i la projecci\u00f3 de valor.<\/p>\n                            <\/div>\n                    <\/div>\n                <div class=\"proposta-grid proposta__item\">\n                            <div class=\"proposta__item__image\">\n                    <img decoding=\"async\" class=\"proposta-image\" src=\"https:\/\/www.espigul.com\/wp-content\/uploads\/2026\/09\/proposta-3-2.jpg\" alt=\"\"\/>\n                <\/div>\n                        <div class=\"proposta__item__counter\">\n                <p>03<\/p>\n            <\/div>\n            <div class=\"proposta__item__title\">\n                                    <h2>Acompanyament estrat\u00e8gic<\/h2>\n                            <\/div>\n            <div class=\"proposta__item__subtitle\">\n                                    <p>Assessorem compradors i propietaris durant tot el proc\u00e9s, amb una gesti\u00f3 rigorosa, discreta i orientada a resultats. Cada operaci\u00f3 es treballa amb precisi\u00f3 i visi\u00f3 a llarg termini. <\/p>\n                            <\/div>\n                    <\/div>\n            <\/div>\n    <\/div><\/div>\n\n<div class=\"wp-block-uagb-container uagb-block-de828a5d alignfull uagb-is-root-container\"><div class=\"uagb-container-inner-blocks-wrap\">\n<div class=\"wp-block-uagb-container uagb-block-b0a5bdcd\">\n<h2 class=\"wp-block-heading\">Immobles destacats a Barcelona<\/h2>\n<\/div>\n\n\n<div class=\"espigul-slider wp-block-espigul-espigul-slider\">\n\t<div id=\"carousel-6051834\" class=\"splide\">\n\t\t<div class=\"splide__arrows\">\n\t\t\t<button class=\"splide__arrow splide__arrow--prev\">\n\t\t\t\t\t<svg viewBox=\"0 0 24 24\" class=\"icon icon--carousel-arrow-right w-4 h-4\" xmlns=http:\/\/www.w3.org\/2000\/svg role=\"img\" >\n\t\t<use xlink:href=\"https:\/\/www.espigul.com\/wp-content\/themes\/espigul\/static\/images\/icons.svg#carousel-arrow-right\"><\/use>\n\t<\/svg>\n\t\t\t\t<\/button>\n\t\t\t<button class=\"splide__arrow splide__arrow--next\">\n\t\t\t\t\t<svg viewBox=\"0 0 24 24\" class=\"icon icon--carousel-arrow-right w-4 h-4\" xmlns=http:\/\/www.w3.org\/2000\/svg role=\"img\" >\n\t\t<use xlink:href=\"https:\/\/www.espigul.com\/wp-content\/themes\/espigul\/static\/images\/icons.svg#carousel-arrow-right\"><\/use>\n\t<\/svg>\n\t\t\t\t<\/button>\n\t\t<\/div>\n\t\t<div class=\"splide__track\">\n\t\t\t<ul class=\"splide__list\">\n\t\t\t\t\t\t\t\t<li class=\"splide__slide\">\n\t\t\t\t\t<div class=\"espigul-house__item cursor-pointer\" onClick=\"window.location.assign('https:\/\/www.espigul.com\/ca\/immobles\/obra-nova-a-carles-marti-i-feced-31\/');\">\n\t<div class=\"espigul-house__item__gallery espigul-house__item__photo\" x-data=\"{ active : 0, total: 3 }\">\n\t\t\t\t<ul class=\"espigul-house__item__gallery__items\">\n\t\t\t\t\t\t\t<li class=\"espigul-house__item__gallery__items__item\" x-bind:class=\"0 == active ? 'espigul-house__item__gallery__items__item--active': ''\">\n\t\t\t\t\t<img decoding=\"async\" src=\"https:\/\/www.espigul.com\/wp-content\/uploads\/2026\/09\/obra-nueva-en-carles-marti-i-feced-28213747-1-1300x975.webp\" alt=\"Obra nova a Carles Mart\u00ed i Feced\" loading=\"lazy\" width=\"100%\" height=\"auto\">\n\t\t\t\t<\/li>\n\t\t\t\t\t\t\t<li class=\"espigul-house__item__gallery__items__item\" x-bind:class=\"1 == active ? 'espigul-house__item__gallery__items__item--active': ''\">\n\t\t\t\t\t<img decoding=\"async\" src=\"https:\/\/www.espigul.com\/wp-content\/uploads\/2026\/09\/obra-nueva-en-carles-marti-i-feced-28213748-1300x972.webp\" alt=\"Obra nova a Carles Mart\u00ed i Feced\" loading=\"lazy\" width=\"100%\" height=\"auto\">\n\t\t\t\t<\/li>\n\t\t\t\t\t\t\t<li class=\"espigul-house__item__gallery__items__item\" x-bind:class=\"2 == active ? 'espigul-house__item__gallery__items__item--active': ''\">\n\t\t\t\t\t<img decoding=\"async\" src=\"https:\/\/www.espigul.com\/wp-content\/uploads\/2026\/09\/obra-nueva-en-carles-marti-i-feced-28213742-1300x975.webp\" alt=\"Obra nova a Carles Mart\u00ed i Feced\" loading=\"lazy\" width=\"100%\" height=\"auto\">\n\t\t\t\t<\/li>\n\t\t\t\t\t<\/ul>\n\t\t<ul class=\"espigul-house__item__gallery__dots\">\n\t\t\t\t\t\t\t<li class=\"espigul-house__item__gallery__dots__item\" x-bind:class=\"0 == active ? 'espigul-house__item__gallery__dots__item--active': ''\">\n\t\t\t\t<\/li>\n\t\t\t\t\t\t\t<li class=\"espigul-house__item__gallery__dots__item\" x-bind:class=\"1 == active ? 'espigul-house__item__gallery__dots__item--active': ''\">\n\t\t\t\t<\/li>\n\t\t\t\t\t\t\t<li class=\"espigul-house__item__gallery__dots__item\" x-bind:class=\"2 == active ? 'espigul-house__item__gallery__dots__item--active': ''\">\n\t\t\t\t<\/li>\n\t\t\t\t\t<\/ul>\n\t\t<button class=\"espigul-house__item__gallery__arrow espigul-house__item__gallery__arrow--left\" aria-label=\"Previous photo\" @click.stop=\"active === 0 ? active = total - 1 : active--\">\n\t\t\t<svg xmlns=\"http:\/\/www.w3.org\/2000\/svg\" viewBox=\"0 0 40 40\" width=\"40\" height=\"40\" focusable=\"false\"><path d=\"m15.5 0.932-4.3 4.38 14.5 14.6-14.5 14.5 4.3 4.4 14.6-14.6 4.4-4.3-4.4-4.4-14.6-14.6z\"><\/path><\/svg>\n\t\t<\/button>\n\t\t<button class=\"espigul-house__item__gallery__arrow espigul-house__item__gallery__arrow--right\" aria-label=\"Next photo\" @click.stop=\"active === total - 1 ? active = 0 : active++\">\n\t\t\t<svg xmlns=\"http:\/\/www.w3.org\/2000\/svg\" viewBox=\"0 0 40 40\" width=\"40\" height=\"40\" focusable=\"false\"><path d=\"m15.5 0.932-4.3 4.38 14.5 14.6-14.5 14.5 4.3 4.4 14.6-14.6 4.4-4.3-4.4-4.4-14.6-14.6z\"><\/path><\/svg>\n\t\t<\/button>\n\t<\/div>\n\t<div class=\"espigul-house__item__body\">\n\t\t<div class=\"espigul-house__item__body__city\">Barcelona | REF 6495<\/div>\n\t\t<h2 class=\"espigul-house__item__body__title flex-grow\">\n\t\t\t<a href=\"https:\/\/www.espigul.com\/ca\/immobles\/obra-nova-a-carles-marti-i-feced-31\/\" title=\"Obra nova a Carles Mart\u00ed i Feced\">Obra nova a Carles Mart\u00ed i Feced<\/a>\n\t\t<\/h2>\n\t\t<div class=\"espigul-house__item__body__price\">\n\t\t\t440.000\u00a0\u20ac\t\t<\/div>\n\t\t<div class=\"espigul-house__item__body__meta\">\n\t\t\t\t\t\t<div class=\"espigul-house__item__body__meta__item\">\n\t\t\t\t<span class=\"espigul-house__item__body__meta__item__label\">Superf\u00edcie<\/span>\n\t\t\t\t<span class=\"espigul-house__item__body__meta__item__value\">\n\t\t\t\t\t82 m<sup>2<\/sup>\t\t\t\t<\/span>\n\t\t\t<\/div>\n\t\t\t\t\t\t<div class=\"espigul-house__item__body__meta__item\">\n\t\t\t\t<span class=\"espigul-house__item__body__meta__item__label\">Habitacions<\/span>\n\t\t\t\t<span class=\"espigul-house__item__body__meta__item__value\">\n\t\t\t\t\t03\t\t\t\t<\/span>\n\t\t\t<\/div>\n\t\t\t\t\t\t<div class=\"espigul-house__item__body__meta__item\">\n\t\t\t\t<span class=\"espigul-house__item__body__meta__item__label\">Banys<\/span>\n\t\t\t\t<span class=\"espigul-house__item__body__meta__item__value\">\n\t\t\t\t\t02\t\t\t\t<\/span>\n\t\t\t<\/div>\n\t\t\t\t\t<\/div>\n\t<\/div>\n<\/div>\n\t\t\t\t\t<\/li>\n\t\t\t\t\t\t\t\t\t\t<li class=\"splide__slide\">\n\t\t\t\t\t<div class=\"espigul-house__item cursor-pointer\" onClick=\"window.location.assign('https:\/\/www.espigul.com\/ca\/immobles\/obra-nova-a-carles-marti-i-feced-31\/');\">\n\t<div class=\"espigul-house__item__gallery espigul-house__item__photo\" x-data=\"{ active : 0, total: 3 }\">\n\t\t\t\t<ul class=\"espigul-house__item__gallery__items\">\n\t\t\t\t\t\t\t<li class=\"espigul-house__item__gallery__items__item\" x-bind:class=\"0 == active ? 'espigul-house__item__gallery__items__item--active': ''\">\n\t\t\t\t\t<img decoding=\"async\" src=\"https:\/\/www.espigul.com\/wp-content\/uploads\/2026\/09\/obra-nueva-en-carles-marti-i-feced-28213773-1-1300x972.webp\" alt=\"Obra nova a Carles Mart\u00ed i Feced\" loading=\"lazy\" width=\"100%\" height=\"auto\">\n\t\t\t\t<\/li>\n\t\t\t\t\t\t\t<li class=\"espigul-house__item__gallery__items__item\" x-bind:class=\"1 == active ? 'espigul-house__item__gallery__items__item--active': ''\">\n\t\t\t\t\t<img decoding=\"async\" src=\"https:\/\/www.espigul.com\/wp-content\/uploads\/2026\/09\/obra-nueva-en-carles-marti-i-feced-28213768-1300x975.webp\" alt=\"Obra nova a Carles Mart\u00ed i Feced\" loading=\"lazy\" width=\"100%\" height=\"auto\">\n\t\t\t\t<\/li>\n\t\t\t\t\t\t\t<li class=\"espigul-house__item__gallery__items__item\" x-bind:class=\"2 == active ? 'espigul-house__item__gallery__items__item--active': ''\">\n\t\t\t\t\t<img decoding=\"async\" src=\"https:\/\/www.espigul.com\/wp-content\/uploads\/2026\/09\/obra-nueva-en-carles-marti-i-feced-28213770-768x1024.webp\" alt=\"Obra nova a Carles Mart\u00ed i Feced\" loading=\"lazy\" width=\"100%\" height=\"auto\">\n\t\t\t\t<\/li>\n\t\t\t\t\t<\/ul>\n\t\t<ul class=\"espigul-house__item__gallery__dots\">\n\t\t\t\t\t\t\t<li class=\"espigul-house__item__gallery__dots__item\" x-bind:class=\"0 == active ? 'espigul-house__item__gallery__dots__item--active': ''\">\n\t\t\t\t<\/li>\n\t\t\t\t\t\t\t<li class=\"espigul-house__item__gallery__dots__item\" x-bind:class=\"1 == active ? 'espigul-house__item__gallery__dots__item--active': ''\">\n\t\t\t\t<\/li>\n\t\t\t\t\t\t\t<li class=\"espigul-house__item__gallery__dots__item\" x-bind:class=\"2 == active ? 'espigul-house__item__gallery__dots__item--active': ''\">\n\t\t\t\t<\/li>\n\t\t\t\t\t<\/ul>\n\t\t<button class=\"espigul-house__item__gallery__arrow espigul-house__item__gallery__arrow--left\" aria-label=\"Previous photo\" @click.stop=\"active === 0 ? active = total - 1 : active--\">\n\t\t\t<svg xmlns=\"http:\/\/www.w3.org\/2000\/svg\" viewBox=\"0 0 40 40\" width=\"40\" height=\"40\" focusable=\"false\"><path d=\"m15.5 0.932-4.3 4.38 14.5 14.6-14.5 14.5 4.3 4.4 14.6-14.6 4.4-4.3-4.4-4.4-14.6-14.6z\"><\/path><\/svg>\n\t\t<\/button>\n\t\t<button class=\"espigul-house__item__gallery__arrow espigul-house__item__gallery__arrow--right\" aria-label=\"Next photo\" @click.stop=\"active === total - 1 ? active = 0 : active++\">\n\t\t\t<svg xmlns=\"http:\/\/www.w3.org\/2000\/svg\" viewBox=\"0 0 40 40\" width=\"40\" height=\"40\" focusable=\"false\"><path d=\"m15.5 0.932-4.3 4.38 14.5 14.6-14.5 14.5 4.3 4.4 14.6-14.6 4.4-4.3-4.4-4.4-14.6-14.6z\"><\/path><\/svg>\n\t\t<\/button>\n\t<\/div>\n\t<div class=\"espigul-house__item__body\">\n\t\t<div class=\"espigul-house__item__body__city\">Barcelona | REF 6496<\/div>\n\t\t<h2 class=\"espigul-house__item__body__title flex-grow\">\n\t\t\t<a href=\"https:\/\/www.espigul.com\/ca\/immobles\/obra-nova-a-carles-marti-i-feced-31\/\" title=\"Obra nova a Carles Mart\u00ed i Feced\">Obra nova a Carles Mart\u00ed i Feced<\/a>\n\t\t<\/h2>\n\t\t<div class=\"espigul-house__item__body__price\">\n\t\t\t560.000\u00a0\u20ac\t\t<\/div>\n\t\t<div class=\"espigul-house__item__body__meta\">\n\t\t\t\t\t\t<div class=\"espigul-house__item__body__meta__item\">\n\t\t\t\t<span class=\"espigul-house__item__body__meta__item__label\">Superf\u00edcie<\/span>\n\t\t\t\t<span class=\"espigul-house__item__body__meta__item__value\">\n\t\t\t\t\t122 m<sup>2<\/sup>\t\t\t\t<\/span>\n\t\t\t<\/div>\n\t\t\t\t\t\t<div class=\"espigul-house__item__body__meta__item\">\n\t\t\t\t<span class=\"espigul-house__item__body__meta__item__label\">Habitacions<\/span>\n\t\t\t\t<span class=\"espigul-house__item__body__meta__item__value\">\n\t\t\t\t\t04\t\t\t\t<\/span>\n\t\t\t<\/div>\n\t\t\t\t\t\t<div class=\"espigul-house__item__body__meta__item\">\n\t\t\t\t<span class=\"espigul-house__item__body__meta__item__label\">Banys<\/span>\n\t\t\t\t<span class=\"espigul-house__item__body__meta__item__value\">\n\t\t\t\t\t02\t\t\t\t<\/span>\n\t\t\t<\/div>\n\t\t\t\t\t<\/div>\n\t<\/div>\n<\/div>\n\t\t\t\t\t<\/li>\n\t\t\t\t\t\t\t\t\t\t<li class=\"splide__slide\">\n\t\t\t\t\t<div class=\"espigul-house__item cursor-pointer\" onClick=\"window.location.assign('https:\/\/www.espigul.com\/ca\/immobles\/obra-nova-a-carles-marti-i-feced-26\/');\">\n\t<div class=\"espigul-house__item__gallery espigul-house__item__photo\" x-data=\"{ active : 0, total: 3 }\">\n\t\t\t\t<ul class=\"espigul-house__item__gallery__items\">\n\t\t\t\t\t\t\t<li class=\"espigul-house__item__gallery__items__item\" x-bind:class=\"0 == active ? 'espigul-house__item__gallery__items__item--active': ''\">\n\t\t\t\t\t<img decoding=\"async\" src=\"https:\/\/www.espigul.com\/wp-content\/uploads\/2026\/09\/obra-nueva-en-carles-marti-i-feced-28214208-1-1300x731.webp\" alt=\"Obra nova a Carles Mart\u00ed i Feced\" loading=\"lazy\" width=\"100%\" height=\"auto\">\n\t\t\t\t<\/li>\n\t\t\t\t\t\t\t<li class=\"espigul-house__item__gallery__items__item\" x-bind:class=\"1 == active ? 'espigul-house__item__gallery__items__item--active': ''\">\n\t\t\t\t\t<img decoding=\"async\" src=\"https:\/\/www.espigul.com\/wp-content\/uploads\/2026\/09\/obra-nueva-en-carles-marti-i-feced-28214205-1-1300x972.webp\" alt=\"Obra nova a Carles Mart\u00ed i Feced\" loading=\"lazy\" width=\"100%\" height=\"auto\">\n\t\t\t\t<\/li>\n\t\t\t\t\t\t\t<li class=\"espigul-house__item__gallery__items__item\" x-bind:class=\"2 == active ? 'espigul-house__item__gallery__items__item--active': ''\">\n\t\t\t\t\t<img decoding=\"async\" src=\"https:\/\/www.espigul.com\/wp-content\/uploads\/2026\/09\/obra-nueva-en-carles-marti-i-feced-28214201-1-768x1024.webp\" alt=\"Obra nova a Carles Mart\u00ed i Feced\" loading=\"lazy\" width=\"100%\" height=\"auto\">\n\t\t\t\t<\/li>\n\t\t\t\t\t<\/ul>\n\t\t<ul class=\"espigul-house__item__gallery__dots\">\n\t\t\t\t\t\t\t<li class=\"espigul-house__item__gallery__dots__item\" x-bind:class=\"0 == active ? 'espigul-house__item__gallery__dots__item--active': ''\">\n\t\t\t\t<\/li>\n\t\t\t\t\t\t\t<li class=\"espigul-house__item__gallery__dots__item\" x-bind:class=\"1 == active ? 'espigul-house__item__gallery__dots__item--active': ''\">\n\t\t\t\t<\/li>\n\t\t\t\t\t\t\t<li class=\"espigul-house__item__gallery__dots__item\" x-bind:class=\"2 == active ? 'espigul-house__item__gallery__dots__item--active': ''\">\n\t\t\t\t<\/li>\n\t\t\t\t\t<\/ul>\n\t\t<button class=\"espigul-house__item__gallery__arrow espigul-house__item__gallery__arrow--left\" aria-label=\"Previous photo\" @click.stop=\"active === 0 ? active = total - 1 : active--\">\n\t\t\t<svg xmlns=\"http:\/\/www.w3.org\/2000\/svg\" viewBox=\"0 0 40 40\" width=\"40\" height=\"40\" focusable=\"false\"><path d=\"m15.5 0.932-4.3 4.38 14.5 14.6-14.5 14.5 4.3 4.4 14.6-14.6 4.4-4.3-4.4-4.4-14.6-14.6z\"><\/path><\/svg>\n\t\t<\/button>\n\t\t<button class=\"espigul-house__item__gallery__arrow espigul-house__item__gallery__arrow--right\" aria-label=\"Next photo\" @click.stop=\"active === total - 1 ? active = 0 : active++\">\n\t\t\t<svg xmlns=\"http:\/\/www.w3.org\/2000\/svg\" viewBox=\"0 0 40 40\" width=\"40\" height=\"40\" focusable=\"false\"><path d=\"m15.5 0.932-4.3 4.38 14.5 14.6-14.5 14.5 4.3 4.4 14.6-14.6 4.4-4.3-4.4-4.4-14.6-14.6z\"><\/path><\/svg>\n\t\t<\/button>\n\t<\/div>\n\t<div class=\"espigul-house__item__body\">\n\t\t<div class=\"espigul-house__item__body__city\">Barcelona | REF 6504<\/div>\n\t\t<h2 class=\"espigul-house__item__body__title flex-grow\">\n\t\t\t<a href=\"https:\/\/www.espigul.com\/ca\/immobles\/obra-nova-a-carles-marti-i-feced-26\/\" title=\"Obra nova a Carles Mart\u00ed i Feced\">Obra nova a Carles Mart\u00ed i Feced<\/a>\n\t\t<\/h2>\n\t\t<div class=\"espigul-house__item__body__price\">\n\t\t\t580.000\u00a0\u20ac\t\t<\/div>\n\t\t<div class=\"espigul-house__item__body__meta\">\n\t\t\t\t\t\t<div class=\"espigul-house__item__body__meta__item\">\n\t\t\t\t<span class=\"espigul-house__item__body__meta__item__label\">Superf\u00edcie<\/span>\n\t\t\t\t<span class=\"espigul-house__item__body__meta__item__value\">\n\t\t\t\t\t122 m<sup>2<\/sup>\t\t\t\t<\/span>\n\t\t\t<\/div>\n\t\t\t\t\t\t<div class=\"espigul-house__item__body__meta__item\">\n\t\t\t\t<span class=\"espigul-house__item__body__meta__item__label\">Habitacions<\/span>\n\t\t\t\t<span class=\"espigul-house__item__body__meta__item__value\">\n\t\t\t\t\t04\t\t\t\t<\/span>\n\t\t\t<\/div>\n\t\t\t\t\t\t<div class=\"espigul-house__item__body__meta__item\">\n\t\t\t\t<span class=\"espigul-house__item__body__meta__item__label\">Banys<\/span>\n\t\t\t\t<span class=\"espigul-house__item__body__meta__item__value\">\n\t\t\t\t\t02\t\t\t\t<\/span>\n\t\t\t<\/div>\n\t\t\t\t\t<\/div>\n\t<\/div>\n<\/div>\n\t\t\t\t\t<\/li>\n\t\t\t\t\t\t\t\t\t\t<li class=\"splide__slide\">\n\t\t\t\t\t<div class=\"espigul-house__item cursor-pointer\" onClick=\"window.location.assign('https:\/\/www.espigul.com\/ca\/immobles\/obra-nova-a-carles-marti-i-feced-22\/');\">\n\t<div class=\"espigul-house__item__gallery espigul-house__item__photo\" x-data=\"{ active : 0, total: 3 }\">\n\t\t\t\t<ul class=\"espigul-house__item__gallery__items\">\n\t\t\t\t\t\t\t<li class=\"espigul-house__item__gallery__items__item\" x-bind:class=\"0 == active ? 'espigul-house__item__gallery__items__item--active': ''\">\n\t\t\t\t\t<img decoding=\"async\" src=\"https:\/\/www.espigul.com\/wp-content\/uploads\/2026\/09\/obra-nueva-en-carles-marti-i-feced-28212440-1300x975.webp\" alt=\"Obra nova a Carles Mart\u00ed i Feced\" loading=\"lazy\" width=\"100%\" height=\"auto\">\n\t\t\t\t<\/li>\n\t\t\t\t\t\t\t<li class=\"espigul-house__item__gallery__items__item\" x-bind:class=\"1 == active ? 'espigul-house__item__gallery__items__item--active': ''\">\n\t\t\t\t\t<img decoding=\"async\" src=\"https:\/\/www.espigul.com\/wp-content\/uploads\/2026\/09\/obra-nueva-en-carles-marti-i-feced-28212442-1300x975.webp\" alt=\"Obra nova a Carles Mart\u00ed i Feced\" loading=\"lazy\" width=\"100%\" height=\"auto\">\n\t\t\t\t<\/li>\n\t\t\t\t\t\t\t<li class=\"espigul-house__item__gallery__items__item\" x-bind:class=\"2 == active ? 'espigul-house__item__gallery__items__item--active': ''\">\n\t\t\t\t\t<img decoding=\"async\" src=\"https:\/\/www.espigul.com\/wp-content\/uploads\/2026\/09\/obra-nueva-en-carles-marti-i-feced-28212439-1300x731.webp\" alt=\"Obra nova a Carles Mart\u00ed i Feced\" loading=\"lazy\" width=\"100%\" height=\"auto\">\n\t\t\t\t<\/li>\n\t\t\t\t\t<\/ul>\n\t\t<ul class=\"espigul-house__item__gallery__dots\">\n\t\t\t\t\t\t\t<li class=\"espigul-house__item__gallery__dots__item\" x-bind:class=\"0 == active ? 'espigul-house__item__gallery__dots__item--active': ''\">\n\t\t\t\t<\/li>\n\t\t\t\t\t\t\t<li class=\"espigul-house__item__gallery__dots__item\" x-bind:class=\"1 == active ? 'espigul-house__item__gallery__dots__item--active': ''\">\n\t\t\t\t<\/li>\n\t\t\t\t\t\t\t<li class=\"espigul-house__item__gallery__dots__item\" x-bind:class=\"2 == active ? 'espigul-house__item__gallery__dots__item--active': ''\">\n\t\t\t\t<\/li>\n\t\t\t\t\t<\/ul>\n\t\t<button class=\"espigul-house__item__gallery__arrow espigul-house__item__gallery__arrow--left\" aria-label=\"Previous photo\" @click.stop=\"active === 0 ? active = total - 1 : active--\">\n\t\t\t<svg xmlns=\"http:\/\/www.w3.org\/2000\/svg\" viewBox=\"0 0 40 40\" width=\"40\" height=\"40\" focusable=\"false\"><path d=\"m15.5 0.932-4.3 4.38 14.5 14.6-14.5 14.5 4.3 4.4 14.6-14.6 4.4-4.3-4.4-4.4-14.6-14.6z\"><\/path><\/svg>\n\t\t<\/button>\n\t\t<button class=\"espigul-house__item__gallery__arrow espigul-house__item__gallery__arrow--right\" aria-label=\"Next photo\" @click.stop=\"active === total - 1 ? active = 0 : active++\">\n\t\t\t<svg xmlns=\"http:\/\/www.w3.org\/2000\/svg\" viewBox=\"0 0 40 40\" width=\"40\" height=\"40\" focusable=\"false\"><path d=\"m15.5 0.932-4.3 4.38 14.5 14.6-14.5 14.5 4.3 4.4 14.6-14.6 4.4-4.3-4.4-4.4-14.6-14.6z\"><\/path><\/svg>\n\t\t<\/button>\n\t<\/div>\n\t<div class=\"espigul-house__item__body\">\n\t\t<div class=\"espigul-house__item__body__city\">Barcelona | REF 6489<\/div>\n\t\t<h2 class=\"espigul-house__item__body__title flex-grow\">\n\t\t\t<a href=\"https:\/\/www.espigul.com\/ca\/immobles\/obra-nova-a-carles-marti-i-feced-22\/\" title=\"Obra nova a Carles Mart\u00ed i Feced\">Obra nova a Carles Mart\u00ed i Feced<\/a>\n\t\t<\/h2>\n\t\t<div class=\"espigul-house__item__body__price\">\n\t\t\t485.000\u00a0\u20ac\t\t<\/div>\n\t\t<div class=\"espigul-house__item__body__meta\">\n\t\t\t\t\t\t<div class=\"espigul-house__item__body__meta__item\">\n\t\t\t\t<span class=\"espigul-house__item__body__meta__item__label\">Superf\u00edcie<\/span>\n\t\t\t\t<span class=\"espigul-house__item__body__meta__item__value\">\n\t\t\t\t\t101 m<sup>2<\/sup>\t\t\t\t<\/span>\n\t\t\t<\/div>\n\t\t\t\t\t\t<div class=\"espigul-house__item__body__meta__item\">\n\t\t\t\t<span class=\"espigul-house__item__body__meta__item__label\">Habitacions<\/span>\n\t\t\t\t<span class=\"espigul-house__item__body__meta__item__value\">\n\t\t\t\t\t03\t\t\t\t<\/span>\n\t\t\t<\/div>\n\t\t\t\t\t\t<div class=\"espigul-house__item__body__meta__item\">\n\t\t\t\t<span class=\"espigul-house__item__body__meta__item__label\">Banys<\/span>\n\t\t\t\t<span class=\"espigul-house__item__body__meta__item__value\">\n\t\t\t\t\t02\t\t\t\t<\/span>\n\t\t\t<\/div>\n\t\t\t\t\t<\/div>\n\t<\/div>\n<\/div>\n\t\t\t\t\t<\/li>\n\t\t\t\t\t\t\t\t\t\t<li class=\"splide__slide\">\n\t\t\t\t\t<div class=\"espigul-house__item cursor-pointer\" onClick=\"window.location.assign('https:\/\/www.espigul.com\/ca\/immobles\/obra-nova-a-carles-marti-i-feced-15\/');\">\n\t<div class=\"espigul-house__item__gallery espigul-house__item__photo\" x-data=\"{ active : 0, total: 3 }\">\n\t\t\t\t<ul class=\"espigul-house__item__gallery__items\">\n\t\t\t\t\t\t\t<li class=\"espigul-house__item__gallery__items__item\" x-bind:class=\"0 == active ? 'espigul-house__item__gallery__items__item--active': ''\">\n\t\t\t\t\t<img decoding=\"async\" src=\"https:\/\/www.espigul.com\/wp-content\/uploads\/2026\/09\/obra-nueva-en-carles-marti-i-feced-28214085-1300x731.webp\" alt=\"Obra nova a Carles Mart\u00ed i Feced\" loading=\"lazy\" width=\"100%\" height=\"auto\">\n\t\t\t\t<\/li>\n\t\t\t\t\t\t\t<li class=\"espigul-house__item__gallery__items__item\" x-bind:class=\"1 == active ? 'espigul-house__item__gallery__items__item--active': ''\">\n\t\t\t\t\t<img decoding=\"async\" src=\"https:\/\/www.espigul.com\/wp-content\/uploads\/2026\/09\/obra-nueva-en-carles-marti-i-feced-28214084.webp\" alt=\"Obra nova a Carles Mart\u00ed i Feced\" loading=\"lazy\" width=\"100%\" height=\"auto\">\n\t\t\t\t<\/li>\n\t\t\t\t\t\t\t<li class=\"espigul-house__item__gallery__items__item\" x-bind:class=\"2 == active ? 'espigul-house__item__gallery__items__item--active': ''\">\n\t\t\t\t\t<img decoding=\"async\" src=\"https:\/\/www.espigul.com\/wp-content\/uploads\/2026\/09\/obra-nueva-en-carles-marti-i-feced-28214082-1300x972.webp\" alt=\"Obra nova a Carles Mart\u00ed i Feced\" loading=\"lazy\" width=\"100%\" height=\"auto\">\n\t\t\t\t<\/li>\n\t\t\t\t\t<\/ul>\n\t\t<ul class=\"espigul-house__item__gallery__dots\">\n\t\t\t\t\t\t\t<li class=\"espigul-house__item__gallery__dots__item\" x-bind:class=\"0 == active ? 'espigul-house__item__gallery__dots__item--active': ''\">\n\t\t\t\t<\/li>\n\t\t\t\t\t\t\t<li class=\"espigul-house__item__gallery__dots__item\" x-bind:class=\"1 == active ? 'espigul-house__item__gallery__dots__item--active': ''\">\n\t\t\t\t<\/li>\n\t\t\t\t\t\t\t<li class=\"espigul-house__item__gallery__dots__item\" x-bind:class=\"2 == active ? 'espigul-house__item__gallery__dots__item--active': ''\">\n\t\t\t\t<\/li>\n\t\t\t\t\t<\/ul>\n\t\t<button class=\"espigul-house__item__gallery__arrow espigul-house__item__gallery__arrow--left\" aria-label=\"Previous photo\" @click.stop=\"active === 0 ? active = total - 1 : active--\">\n\t\t\t<svg xmlns=\"http:\/\/www.w3.org\/2000\/svg\" viewBox=\"0 0 40 40\" width=\"40\" height=\"40\" focusable=\"false\"><path d=\"m15.5 0.932-4.3 4.38 14.5 14.6-14.5 14.5 4.3 4.4 14.6-14.6 4.4-4.3-4.4-4.4-14.6-14.6z\"><\/path><\/svg>\n\t\t<\/button>\n\t\t<button class=\"espigul-house__item__gallery__arrow espigul-house__item__gallery__arrow--right\" aria-label=\"Next photo\" @click.stop=\"active === total - 1 ? active = 0 : active++\">\n\t\t\t<svg xmlns=\"http:\/\/www.w3.org\/2000\/svg\" viewBox=\"0 0 40 40\" width=\"40\" height=\"40\" focusable=\"false\"><path d=\"m15.5 0.932-4.3 4.38 14.5 14.6-14.5 14.5 4.3 4.4 14.6-14.6 4.4-4.3-4.4-4.4-14.6-14.6z\"><\/path><\/svg>\n\t\t<\/button>\n\t<\/div>\n\t<div class=\"espigul-house__item__body\">\n\t\t<div class=\"espigul-house__item__body__city\">Barcelona | REF 6502<\/div>\n\t\t<h2 class=\"espigul-house__item__body__title flex-grow\">\n\t\t\t<a href=\"https:\/\/www.espigul.com\/ca\/immobles\/obra-nova-a-carles-marti-i-feced-15\/\" title=\"Obra nova a Carles Mart\u00ed i Feced\">Obra nova a Carles Mart\u00ed i Feced<\/a>\n\t\t<\/h2>\n\t\t<div class=\"espigul-house__item__body__price\">\n\t\t\t565.000\u00a0\u20ac\t\t<\/div>\n\t\t<div class=\"espigul-house__item__body__meta\">\n\t\t\t\t\t\t<div class=\"espigul-house__item__body__meta__item\">\n\t\t\t\t<span class=\"espigul-house__item__body__meta__item__label\">Superf\u00edcie<\/span>\n\t\t\t\t<span class=\"espigul-house__item__body__meta__item__value\">\n\t\t\t\t\t121 m<sup>2<\/sup>\t\t\t\t<\/span>\n\t\t\t<\/div>\n\t\t\t\t\t\t<div class=\"espigul-house__item__body__meta__item\">\n\t\t\t\t<span class=\"espigul-house__item__body__meta__item__label\">Habitacions<\/span>\n\t\t\t\t<span class=\"espigul-house__item__body__meta__item__value\">\n\t\t\t\t\t04\t\t\t\t<\/span>\n\t\t\t<\/div>\n\t\t\t\t\t\t<div class=\"espigul-house__item__body__meta__item\">\n\t\t\t\t<span class=\"espigul-house__item__body__meta__item__label\">Banys<\/span>\n\t\t\t\t<span class=\"espigul-house__item__body__meta__item__value\">\n\t\t\t\t\t02\t\t\t\t<\/span>\n\t\t\t<\/div>\n\t\t\t\t\t<\/div>\n\t<\/div>\n<\/div>\n\t\t\t\t\t<\/li>\n\t\t\t\t\t\t\t\t\t\t<li class=\"splide__slide\">\n\t\t\t\t\t<div class=\"espigul-house__item cursor-pointer\" onClick=\"window.location.assign('https:\/\/www.espigul.com\/ca\/immobles\/obra-nova-a-carles-marti-i-feced-35\/');\">\n\t<div class=\"espigul-house__item__gallery espigul-house__item__photo\" x-data=\"{ active : 0, total: 3 }\">\n\t\t\t\t<ul class=\"espigul-house__item__gallery__items\">\n\t\t\t\t\t\t\t<li class=\"espigul-house__item__gallery__items__item\" x-bind:class=\"0 == active ? 'espigul-house__item__gallery__items__item--active': ''\">\n\t\t\t\t\t<img decoding=\"async\" src=\"https:\/\/www.espigul.com\/wp-content\/uploads\/2026\/09\/obra-nueva-en-carles-marti-i-feced-28212931-1-1300x731.webp\" alt=\"Obra nova a Carles Marti i Feced\" loading=\"lazy\" width=\"100%\" height=\"auto\">\n\t\t\t\t<\/li>\n\t\t\t\t\t\t\t<li class=\"espigul-house__item__gallery__items__item\" x-bind:class=\"1 == active ? 'espigul-house__item__gallery__items__item--active': ''\">\n\t\t\t\t\t<img decoding=\"async\" src=\"https:\/\/www.espigul.com\/wp-content\/uploads\/2026\/09\/obra-nueva-en-carles-marti-i-feced-28212928-2-1300x972.webp\" alt=\"Obra nova a Carles Marti i Feced\" loading=\"lazy\" width=\"100%\" height=\"auto\">\n\t\t\t\t<\/li>\n\t\t\t\t\t\t\t<li class=\"espigul-house__item__gallery__items__item\" x-bind:class=\"2 == active ? 'espigul-house__item__gallery__items__item--active': ''\">\n\t\t\t\t\t<img decoding=\"async\" src=\"https:\/\/www.espigul.com\/wp-content\/uploads\/2026\/09\/obra-nueva-en-carles-marti-i-feced-28212922-2-1300x975.webp\" alt=\"Obra nova a Carles Marti i Feced\" loading=\"lazy\" width=\"100%\" height=\"auto\">\n\t\t\t\t<\/li>\n\t\t\t\t\t<\/ul>\n\t\t<ul class=\"espigul-house__item__gallery__dots\">\n\t\t\t\t\t\t\t<li class=\"espigul-house__item__gallery__dots__item\" x-bind:class=\"0 == active ? 'espigul-house__item__gallery__dots__item--active': ''\">\n\t\t\t\t<\/li>\n\t\t\t\t\t\t\t<li class=\"espigul-house__item__gallery__dots__item\" x-bind:class=\"1 == active ? 'espigul-house__item__gallery__dots__item--active': ''\">\n\t\t\t\t<\/li>\n\t\t\t\t\t\t\t<li class=\"espigul-house__item__gallery__dots__item\" x-bind:class=\"2 == active ? 'espigul-house__item__gallery__dots__item--active': ''\">\n\t\t\t\t<\/li>\n\t\t\t\t\t<\/ul>\n\t\t<button class=\"espigul-house__item__gallery__arrow espigul-house__item__gallery__arrow--left\" aria-label=\"Previous photo\" @click.stop=\"active === 0 ? active = total - 1 : active--\">\n\t\t\t<svg xmlns=\"http:\/\/www.w3.org\/2000\/svg\" viewBox=\"0 0 40 40\" width=\"40\" height=\"40\" focusable=\"false\"><path d=\"m15.5 0.932-4.3 4.38 14.5 14.6-14.5 14.5 4.3 4.4 14.6-14.6 4.4-4.3-4.4-4.4-14.6-14.6z\"><\/path><\/svg>\n\t\t<\/button>\n\t\t<button class=\"espigul-house__item__gallery__arrow espigul-house__item__gallery__arrow--right\" aria-label=\"Next photo\" @click.stop=\"active === total - 1 ? active = 0 : active++\">\n\t\t\t<svg xmlns=\"http:\/\/www.w3.org\/2000\/svg\" viewBox=\"0 0 40 40\" width=\"40\" height=\"40\" focusable=\"false\"><path d=\"m15.5 0.932-4.3 4.38 14.5 14.6-14.5 14.5 4.3 4.4 14.6-14.6 4.4-4.3-4.4-4.4-14.6-14.6z\"><\/path><\/svg>\n\t\t<\/button>\n\t<\/div>\n\t<div class=\"espigul-house__item__body\">\n\t\t<div class=\"espigul-house__item__body__city\">Barcelona | REF 6492<\/div>\n\t\t<h2 class=\"espigul-house__item__body__title flex-grow\">\n\t\t\t<a href=\"https:\/\/www.espigul.com\/ca\/immobles\/obra-nova-a-carles-marti-i-feced-35\/\" title=\"Obra nova a Carles Marti i Feced\">Obra nova a Carles Marti i Feced<\/a>\n\t\t<\/h2>\n\t\t<div class=\"espigul-house__item__body__price\">\n\t\t\t420.000\u00a0\u20ac\t\t<\/div>\n\t\t<div class=\"espigul-house__item__body__meta\">\n\t\t\t\t\t\t<div class=\"espigul-house__item__body__meta__item\">\n\t\t\t\t<span class=\"espigul-house__item__body__meta__item__label\">Superf\u00edcie<\/span>\n\t\t\t\t<span class=\"espigul-house__item__body__meta__item__value\">\n\t\t\t\t\t63 m<sup>2<\/sup>\t\t\t\t<\/span>\n\t\t\t<\/div>\n\t\t\t\t\t\t<div class=\"espigul-house__item__body__meta__item\">\n\t\t\t\t<span class=\"espigul-house__item__body__meta__item__label\">Habitacions<\/span>\n\t\t\t\t<span class=\"espigul-house__item__body__meta__item__value\">\n\t\t\t\t\t02\t\t\t\t<\/span>\n\t\t\t<\/div>\n\t\t\t\t\t\t<div class=\"espigul-house__item__body__meta__item\">\n\t\t\t\t<span class=\"espigul-house__item__body__meta__item__label\">Banys<\/span>\n\t\t\t\t<span class=\"espigul-house__item__body__meta__item__value\">\n\t\t\t\t\t01\t\t\t\t<\/span>\n\t\t\t<\/div>\n\t\t\t\t\t<\/div>\n\t<\/div>\n<\/div>\n\t\t\t\t\t<\/li>\n\t\t\t\t\t\t\t\t\t\t<li class=\"splide__slide\">\n\t\t\t\t\t<div class=\"espigul-house__item cursor-pointer\" onClick=\"window.location.assign('https:\/\/www.espigul.com\/ca\/immobles\/obra-nova-a-carles-marti-i-feced-9\/');\">\n\t<div class=\"espigul-house__item__gallery espigul-house__item__photo\" x-data=\"{ active : 0, total: 3 }\">\n\t\t\t\t<ul class=\"espigul-house__item__gallery__items\">\n\t\t\t\t\t\t\t<li class=\"espigul-house__item__gallery__items__item\" x-bind:class=\"0 == active ? 'espigul-house__item__gallery__items__item--active': ''\">\n\t\t\t\t\t<img decoding=\"async\" src=\"https:\/\/www.espigul.com\/wp-content\/uploads\/2026\/09\/obra-nueva-en-carles-marti-i-feced-28213892-1-1300x975.webp\" alt=\"Obra nova a Carles Mart\u00ed i Feced\" loading=\"lazy\" width=\"100%\" height=\"auto\">\n\t\t\t\t<\/li>\n\t\t\t\t\t\t\t<li class=\"espigul-house__item__gallery__items__item\" x-bind:class=\"1 == active ? 'espigul-house__item__gallery__items__item--active': ''\">\n\t\t\t\t\t<img decoding=\"async\" src=\"https:\/\/www.espigul.com\/wp-content\/uploads\/2026\/09\/obra-nueva-en-carles-marti-i-feced-28213893-1-1300x972.webp\" alt=\"Obra nova a Carles Mart\u00ed i Feced\" loading=\"lazy\" width=\"100%\" height=\"auto\">\n\t\t\t\t<\/li>\n\t\t\t\t\t\t\t<li class=\"espigul-house__item__gallery__items__item\" x-bind:class=\"2 == active ? 'espigul-house__item__gallery__items__item--active': ''\">\n\t\t\t\t\t<img decoding=\"async\" src=\"https:\/\/www.espigul.com\/wp-content\/uploads\/2026\/09\/obra-nueva-en-carles-marti-i-feced-28213887-1-1300x975.webp\" alt=\"Obra nova a Carles Mart\u00ed i Feced\" loading=\"lazy\" width=\"100%\" height=\"auto\">\n\t\t\t\t<\/li>\n\t\t\t\t\t<\/ul>\n\t\t<ul class=\"espigul-house__item__gallery__dots\">\n\t\t\t\t\t\t\t<li class=\"espigul-house__item__gallery__dots__item\" x-bind:class=\"0 == active ? 'espigul-house__item__gallery__dots__item--active': ''\">\n\t\t\t\t<\/li>\n\t\t\t\t\t\t\t<li class=\"espigul-house__item__gallery__dots__item\" x-bind:class=\"1 == active ? 'espigul-house__item__gallery__dots__item--active': ''\">\n\t\t\t\t<\/li>\n\t\t\t\t\t\t\t<li class=\"espigul-house__item__gallery__dots__item\" x-bind:class=\"2 == active ? 'espigul-house__item__gallery__dots__item--active': ''\">\n\t\t\t\t<\/li>\n\t\t\t\t\t<\/ul>\n\t\t<button class=\"espigul-house__item__gallery__arrow espigul-house__item__gallery__arrow--left\" aria-label=\"Previous photo\" @click.stop=\"active === 0 ? active = total - 1 : active--\">\n\t\t\t<svg xmlns=\"http:\/\/www.w3.org\/2000\/svg\" viewBox=\"0 0 40 40\" width=\"40\" height=\"40\" focusable=\"false\"><path d=\"m15.5 0.932-4.3 4.38 14.5 14.6-14.5 14.5 4.3 4.4 14.6-14.6 4.4-4.3-4.4-4.4-14.6-14.6z\"><\/path><\/svg>\n\t\t<\/button>\n\t\t<button class=\"espigul-house__item__gallery__arrow espigul-house__item__gallery__arrow--right\" aria-label=\"Next photo\" @click.stop=\"active === total - 1 ? active = 0 : active++\">\n\t\t\t<svg xmlns=\"http:\/\/www.w3.org\/2000\/svg\" viewBox=\"0 0 40 40\" width=\"40\" height=\"40\" focusable=\"false\"><path d=\"m15.5 0.932-4.3 4.38 14.5 14.6-14.5 14.5 4.3 4.4 14.6-14.6 4.4-4.3-4.4-4.4-14.6-14.6z\"><\/path><\/svg>\n\t\t<\/button>\n\t<\/div>\n\t<div class=\"espigul-house__item__body\">\n\t\t<div class=\"espigul-house__item__body__city\">Barcelona | REF 6498<\/div>\n\t\t<h2 class=\"espigul-house__item__body__title flex-grow\">\n\t\t\t<a href=\"https:\/\/www.espigul.com\/ca\/immobles\/obra-nova-a-carles-marti-i-feced-9\/\" title=\"Obra nova a Carles Mart\u00ed i Feced\">Obra nova a Carles Mart\u00ed i Feced<\/a>\n\t\t<\/h2>\n\t\t<div class=\"espigul-house__item__body__price\">\n\t\t\t410.000\u00a0\u20ac\t\t<\/div>\n\t\t<div class=\"espigul-house__item__body__meta\">\n\t\t\t\t\t\t<div class=\"espigul-house__item__body__meta__item\">\n\t\t\t\t<span class=\"espigul-house__item__body__meta__item__label\">Superf\u00edcie<\/span>\n\t\t\t\t<span class=\"espigul-house__item__body__meta__item__value\">\n\t\t\t\t\t85 m<sup>2<\/sup>\t\t\t\t<\/span>\n\t\t\t<\/div>\n\t\t\t\t\t\t<div class=\"espigul-house__item__body__meta__item\">\n\t\t\t\t<span class=\"espigul-house__item__body__meta__item__label\">Habitacions<\/span>\n\t\t\t\t<span class=\"espigul-house__item__body__meta__item__value\">\n\t\t\t\t\t03\t\t\t\t<\/span>\n\t\t\t<\/div>\n\t\t\t\t\t\t<div class=\"espigul-house__item__body__meta__item\">\n\t\t\t\t<span class=\"espigul-house__item__body__meta__item__label\">Banys<\/span>\n\t\t\t\t<span class=\"espigul-house__item__body__meta__item__value\">\n\t\t\t\t\t02\t\t\t\t<\/span>\n\t\t\t<\/div>\n\t\t\t\t\t<\/div>\n\t<\/div>\n<\/div>\n\t\t\t\t\t<\/li>\n\t\t\t\t\t\t\t\t\t\t<li class=\"splide__slide\">\n\t\t\t\t\t<div class=\"espigul-house__item cursor-pointer\" onClick=\"window.location.assign('https:\/\/www.espigul.com\/ca\/immobles\/obra-nova-a-carles-marti-i-feced-25\/');\">\n\t<div class=\"espigul-house__item__gallery espigul-house__item__photo\" x-data=\"{ active : 0, total: 3 }\">\n\t\t\t\t<ul class=\"espigul-house__item__gallery__items\">\n\t\t\t\t\t\t\t<li class=\"espigul-house__item__gallery__items__item\" x-bind:class=\"0 == active ? 'espigul-house__item__gallery__items__item--active': ''\">\n\t\t\t\t\t<img decoding=\"async\" src=\"https:\/\/www.espigul.com\/wp-content\/uploads\/2026\/09\/obra-nueva-en-carles-marti-i-feced-28214002-1-1300x731.webp\" alt=\"Obra nova a Carles Mart\u00ed i Feced\" loading=\"lazy\" width=\"100%\" height=\"auto\">\n\t\t\t\t<\/li>\n\t\t\t\t\t\t\t<li class=\"espigul-house__item__gallery__items__item\" x-bind:class=\"1 == active ? 'espigul-house__item__gallery__items__item--active': ''\">\n\t\t\t\t\t<img decoding=\"async\" src=\"https:\/\/www.espigul.com\/wp-content\/uploads\/2026\/09\/obra-nueva-en-carles-marti-i-feced-28213995-1300x975.webp\" alt=\"Obra nova a Carles Mart\u00ed i Feced\" loading=\"lazy\" width=\"100%\" height=\"auto\">\n\t\t\t\t<\/li>\n\t\t\t\t\t\t\t<li class=\"espigul-house__item__gallery__items__item\" x-bind:class=\"2 == active ? 'espigul-house__item__gallery__items__item--active': ''\">\n\t\t\t\t\t<img decoding=\"async\" src=\"https:\/\/www.espigul.com\/wp-content\/uploads\/2026\/09\/obra-nueva-en-carles-marti-i-feced-28213997-1-768x1024.webp\" alt=\"Obra nova a Carles Mart\u00ed i Feced\" loading=\"lazy\" width=\"100%\" height=\"auto\">\n\t\t\t\t<\/li>\n\t\t\t\t\t<\/ul>\n\t\t<ul class=\"espigul-house__item__gallery__dots\">\n\t\t\t\t\t\t\t<li class=\"espigul-house__item__gallery__dots__item\" x-bind:class=\"0 == active ? 'espigul-house__item__gallery__dots__item--active': ''\">\n\t\t\t\t<\/li>\n\t\t\t\t\t\t\t<li class=\"espigul-house__item__gallery__dots__item\" x-bind:class=\"1 == active ? 'espigul-house__item__gallery__dots__item--active': ''\">\n\t\t\t\t<\/li>\n\t\t\t\t\t\t\t<li class=\"espigul-house__item__gallery__dots__item\" x-bind:class=\"2 == active ? 'espigul-house__item__gallery__dots__item--active': ''\">\n\t\t\t\t<\/li>\n\t\t\t\t\t<\/ul>\n\t\t<button class=\"espigul-house__item__gallery__arrow espigul-house__item__gallery__arrow--left\" aria-label=\"Previous photo\" @click.stop=\"active === 0 ? active = total - 1 : active--\">\n\t\t\t<svg xmlns=\"http:\/\/www.w3.org\/2000\/svg\" viewBox=\"0 0 40 40\" width=\"40\" height=\"40\" focusable=\"false\"><path d=\"m15.5 0.932-4.3 4.38 14.5 14.6-14.5 14.5 4.3 4.4 14.6-14.6 4.4-4.3-4.4-4.4-14.6-14.6z\"><\/path><\/svg>\n\t\t<\/button>\n\t\t<button class=\"espigul-house__item__gallery__arrow espigul-house__item__gallery__arrow--right\" aria-label=\"Next photo\" @click.stop=\"active === total - 1 ? active = 0 : active++\">\n\t\t\t<svg xmlns=\"http:\/\/www.w3.org\/2000\/svg\" viewBox=\"0 0 40 40\" width=\"40\" height=\"40\" focusable=\"false\"><path d=\"m15.5 0.932-4.3 4.38 14.5 14.6-14.5 14.5 4.3 4.4 14.6-14.6 4.4-4.3-4.4-4.4-14.6-14.6z\"><\/path><\/svg>\n\t\t<\/button>\n\t<\/div>\n\t<div class=\"espigul-house__item__body\">\n\t\t<div class=\"espigul-house__item__body__city\">Barcelona | REF 6500<\/div>\n\t\t<h2 class=\"espigul-house__item__body__title flex-grow\">\n\t\t\t<a href=\"https:\/\/www.espigul.com\/ca\/immobles\/obra-nova-a-carles-marti-i-feced-25\/\" title=\"Obra nova a Carles Mart\u00ed i Feced\">Obra nova a Carles Mart\u00ed i Feced<\/a>\n\t\t<\/h2>\n\t\t<div class=\"espigul-house__item__body__price\">\n\t\t\t570.000\u00a0\u20ac\t\t<\/div>\n\t\t<div class=\"espigul-house__item__body__meta\">\n\t\t\t\t\t\t<div class=\"espigul-house__item__body__meta__item\">\n\t\t\t\t<span class=\"espigul-house__item__body__meta__item__label\">Superf\u00edcie<\/span>\n\t\t\t\t<span class=\"espigul-house__item__body__meta__item__value\">\n\t\t\t\t\t122 m<sup>2<\/sup>\t\t\t\t<\/span>\n\t\t\t<\/div>\n\t\t\t\t\t\t<div class=\"espigul-house__item__body__meta__item\">\n\t\t\t\t<span class=\"espigul-house__item__body__meta__item__label\">Habitacions<\/span>\n\t\t\t\t<span class=\"espigul-house__item__body__meta__item__value\">\n\t\t\t\t\t04\t\t\t\t<\/span>\n\t\t\t<\/div>\n\t\t\t\t\t\t<div class=\"espigul-house__item__body__meta__item\">\n\t\t\t\t<span class=\"espigul-house__item__body__meta__item__label\">Banys<\/span>\n\t\t\t\t<span class=\"espigul-house__item__body__meta__item__value\">\n\t\t\t\t\t02\t\t\t\t<\/span>\n\t\t\t<\/div>\n\t\t\t\t\t<\/div>\n\t<\/div>\n<\/div>\n\t\t\t\t\t<\/li>\n\t\t\t\t\t\t\t\t\t\t<li class=\"splide__slide\">\n\t\t\t\t\t<div class=\"espigul-house__item cursor-pointer\" onClick=\"window.location.assign('https:\/\/www.espigul.com\/ca\/immobles\/obra-nova-a-carles-marti-i-feced-29\/');\">\n\t<div class=\"espigul-house__item__gallery espigul-house__item__photo\" x-data=\"{ active : 0, total: 3 }\">\n\t\t\t\t<ul class=\"espigul-house__item__gallery__items\">\n\t\t\t\t\t\t\t<li class=\"espigul-house__item__gallery__items__item\" x-bind:class=\"0 == active ? 'espigul-house__item__gallery__items__item--active': ''\">\n\t\t\t\t\t<img decoding=\"async\" src=\"https:\/\/www.espigul.com\/wp-content\/uploads\/2026\/09\/obra-nueva-en-carles-marti-i-feced-28214018-1300x731.webp\" alt=\"Obra nova a Carles Mart\u00ed i Feced\" loading=\"lazy\" width=\"100%\" height=\"auto\">\n\t\t\t\t<\/li>\n\t\t\t\t\t\t\t<li class=\"espigul-house__item__gallery__items__item\" x-bind:class=\"1 == active ? 'espigul-house__item__gallery__items__item--active': ''\">\n\t\t\t\t\t<img decoding=\"async\" src=\"https:\/\/www.espigul.com\/wp-content\/uploads\/2026\/09\/obra-nueva-en-carles-marti-i-feced-28214015-1-1300x975.webp\" alt=\"Obra nova a Carles Mart\u00ed i Feced\" loading=\"lazy\" width=\"100%\" height=\"auto\">\n\t\t\t\t<\/li>\n\t\t\t\t\t\t\t<li class=\"espigul-house__item__gallery__items__item\" x-bind:class=\"2 == active ? 'espigul-house__item__gallery__items__item--active': ''\">\n\t\t\t\t\t<img decoding=\"async\" src=\"https:\/\/www.espigul.com\/wp-content\/uploads\/2026\/09\/obra-nueva-en-carles-marti-i-feced-28214016-1-1300x972.webp\" alt=\"Obra nova a Carles Mart\u00ed i Feced\" loading=\"lazy\" width=\"100%\" height=\"auto\">\n\t\t\t\t<\/li>\n\t\t\t\t\t<\/ul>\n\t\t<ul class=\"espigul-house__item__gallery__dots\">\n\t\t\t\t\t\t\t<li class=\"espigul-house__item__gallery__dots__item\" x-bind:class=\"0 == active ? 'espigul-house__item__gallery__dots__item--active': ''\">\n\t\t\t\t<\/li>\n\t\t\t\t\t\t\t<li class=\"espigul-house__item__gallery__dots__item\" x-bind:class=\"1 == active ? 'espigul-house__item__gallery__dots__item--active': ''\">\n\t\t\t\t<\/li>\n\t\t\t\t\t\t\t<li class=\"espigul-house__item__gallery__dots__item\" x-bind:class=\"2 == active ? 'espigul-house__item__gallery__dots__item--active': ''\">\n\t\t\t\t<\/li>\n\t\t\t\t\t<\/ul>\n\t\t<button class=\"espigul-house__item__gallery__arrow espigul-house__item__gallery__arrow--left\" aria-label=\"Previous photo\" @click.stop=\"active === 0 ? active = total - 1 : active--\">\n\t\t\t<svg xmlns=\"http:\/\/www.w3.org\/2000\/svg\" viewBox=\"0 0 40 40\" width=\"40\" height=\"40\" focusable=\"false\"><path d=\"m15.5 0.932-4.3 4.38 14.5 14.6-14.5 14.5 4.3 4.4 14.6-14.6 4.4-4.3-4.4-4.4-14.6-14.6z\"><\/path><\/svg>\n\t\t<\/button>\n\t\t<button class=\"espigul-house__item__gallery__arrow espigul-house__item__gallery__arrow--right\" aria-label=\"Next photo\" @click.stop=\"active === total - 1 ? active = 0 : active++\">\n\t\t\t<svg xmlns=\"http:\/\/www.w3.org\/2000\/svg\" viewBox=\"0 0 40 40\" width=\"40\" height=\"40\" focusable=\"false\"><path d=\"m15.5 0.932-4.3 4.38 14.5 14.6-14.5 14.5 4.3 4.4 14.6-14.6 4.4-4.3-4.4-4.4-14.6-14.6z\"><\/path><\/svg>\n\t\t<\/button>\n\t<\/div>\n\t<div class=\"espigul-house__item__body\">\n\t\t<div class=\"espigul-house__item__body__city\">Barcelona | REF 6501<\/div>\n\t\t<h2 class=\"espigul-house__item__body__title flex-grow\">\n\t\t\t<a href=\"https:\/\/www.espigul.com\/ca\/immobles\/obra-nova-a-carles-marti-i-feced-29\/\" title=\"Obra nova a Carles Mart\u00ed i Feced\">Obra nova a Carles Mart\u00ed i Feced<\/a>\n\t\t<\/h2>\n\t\t<div class=\"espigul-house__item__body__price\">\n\t\t\t460.000\u00a0\u20ac\t\t<\/div>\n\t\t<div class=\"espigul-house__item__body__meta\">\n\t\t\t\t\t\t<div class=\"espigul-house__item__body__meta__item\">\n\t\t\t\t<span class=\"espigul-house__item__body__meta__item__label\">Superf\u00edcie<\/span>\n\t\t\t\t<span class=\"espigul-house__item__body__meta__item__value\">\n\t\t\t\t\t85 m<sup>2<\/sup>\t\t\t\t<\/span>\n\t\t\t<\/div>\n\t\t\t\t\t\t<div class=\"espigul-house__item__body__meta__item\">\n\t\t\t\t<span class=\"espigul-house__item__body__meta__item__label\">Habitacions<\/span>\n\t\t\t\t<span class=\"espigul-house__item__body__meta__item__value\">\n\t\t\t\t\t03\t\t\t\t<\/span>\n\t\t\t<\/div>\n\t\t\t\t\t\t<div class=\"espigul-house__item__body__meta__item\">\n\t\t\t\t<span class=\"espigul-house__item__body__meta__item__label\">Banys<\/span>\n\t\t\t\t<span class=\"espigul-house__item__body__meta__item__value\">\n\t\t\t\t\t02\t\t\t\t<\/span>\n\t\t\t<\/div>\n\t\t\t\t\t<\/div>\n\t<\/div>\n<\/div>\n\t\t\t\t\t<\/li>\n\t\t\t\t\t\t\t\t\t\t<li class=\"splide__slide\">\n\t\t\t\t\t<div class=\"espigul-house__item cursor-pointer\" onClick=\"window.location.assign('https:\/\/www.espigul.com\/ca\/immobles\/obra-nova-a-carles-marti-i-feced\/');\">\n\t<div class=\"espigul-house__item__gallery espigul-house__item__photo\" x-data=\"{ active : 0, total: 3 }\">\n\t\t\t\t<ul class=\"espigul-house__item__gallery__items\">\n\t\t\t\t\t\t\t<li class=\"espigul-house__item__gallery__items__item\" x-bind:class=\"0 == active ? 'espigul-house__item__gallery__items__item--active': ''\">\n\t\t\t\t\t<img decoding=\"async\" src=\"https:\/\/www.espigul.com\/wp-content\/uploads\/2026\/09\/obra-nueva-en-carles-marti-i-feced-28214117-1-1300x975.webp\" alt=\"Obra nova a Carles Marti i Feced\" loading=\"lazy\" width=\"100%\" height=\"auto\">\n\t\t\t\t<\/li>\n\t\t\t\t\t\t\t<li class=\"espigul-house__item__gallery__items__item\" x-bind:class=\"1 == active ? 'espigul-house__item__gallery__items__item--active': ''\">\n\t\t\t\t\t<img decoding=\"async\" src=\"https:\/\/www.espigul.com\/wp-content\/uploads\/2026\/09\/obra-nueva-en-carles-marti-i-feced-28214121-1-1300x975.webp\" alt=\"Obra nova a Carles Marti i Feced\" loading=\"lazy\" width=\"100%\" height=\"auto\">\n\t\t\t\t<\/li>\n\t\t\t\t\t\t\t<li class=\"espigul-house__item__gallery__items__item\" x-bind:class=\"2 == active ? 'espigul-house__item__gallery__items__item--active': ''\">\n\t\t\t\t\t<img decoding=\"async\" src=\"https:\/\/www.espigul.com\/wp-content\/uploads\/2026\/09\/obra-nueva-en-carles-marti-i-feced-28214122-1-1300x972.webp\" alt=\"Obra nova a Carles Marti i Feced\" loading=\"lazy\" width=\"100%\" height=\"auto\">\n\t\t\t\t<\/li>\n\t\t\t\t\t<\/ul>\n\t\t<ul class=\"espigul-house__item__gallery__dots\">\n\t\t\t\t\t\t\t<li class=\"espigul-house__item__gallery__dots__item\" x-bind:class=\"0 == active ? 'espigul-house__item__gallery__dots__item--active': ''\">\n\t\t\t\t<\/li>\n\t\t\t\t\t\t\t<li class=\"espigul-house__item__gallery__dots__item\" x-bind:class=\"1 == active ? 'espigul-house__item__gallery__dots__item--active': ''\">\n\t\t\t\t<\/li>\n\t\t\t\t\t\t\t<li class=\"espigul-house__item__gallery__dots__item\" x-bind:class=\"2 == active ? 'espigul-house__item__gallery__dots__item--active': ''\">\n\t\t\t\t<\/li>\n\t\t\t\t\t<\/ul>\n\t\t<button class=\"espigul-house__item__gallery__arrow espigul-house__item__gallery__arrow--left\" aria-label=\"Previous photo\" @click.stop=\"active === 0 ? active = total - 1 : active--\">\n\t\t\t<svg xmlns=\"http:\/\/www.w3.org\/2000\/svg\" viewBox=\"0 0 40 40\" width=\"40\" height=\"40\" focusable=\"false\"><path d=\"m15.5 0.932-4.3 4.38 14.5 14.6-14.5 14.5 4.3 4.4 14.6-14.6 4.4-4.3-4.4-4.4-14.6-14.6z\"><\/path><\/svg>\n\t\t<\/button>\n\t\t<button class=\"espigul-house__item__gallery__arrow espigul-house__item__gallery__arrow--right\" aria-label=\"Next photo\" @click.stop=\"active === total - 1 ? active = 0 : active++\">\n\t\t\t<svg xmlns=\"http:\/\/www.w3.org\/2000\/svg\" viewBox=\"0 0 40 40\" width=\"40\" height=\"40\" focusable=\"false\"><path d=\"m15.5 0.932-4.3 4.38 14.5 14.6-14.5 14.5 4.3 4.4 14.6-14.6 4.4-4.3-4.4-4.4-14.6-14.6z\"><\/path><\/svg>\n\t\t<\/button>\n\t<\/div>\n\t<div class=\"espigul-house__item__body\">\n\t\t<div class=\"espigul-house__item__body__city\">Barcelona | REF 6503<\/div>\n\t\t<h2 class=\"espigul-house__item__body__title flex-grow\">\n\t\t\t<a href=\"https:\/\/www.espigul.com\/ca\/immobles\/obra-nova-a-carles-marti-i-feced\/\" title=\"Obra nova a Carles Marti i Feced\">Obra nova a Carles Marti i Feced<\/a>\n\t\t<\/h2>\n\t\t<div class=\"espigul-house__item__body__price\">\n\t\t\t450.000\u00a0\u20ac\t\t<\/div>\n\t\t<div class=\"espigul-house__item__body__meta\">\n\t\t\t\t\t\t<div class=\"espigul-house__item__body__meta__item\">\n\t\t\t\t<span class=\"espigul-house__item__body__meta__item__label\">Superf\u00edcie<\/span>\n\t\t\t\t<span class=\"espigul-house__item__body__meta__item__value\">\n\t\t\t\t\t82 m<sup>2<\/sup>\t\t\t\t<\/span>\n\t\t\t<\/div>\n\t\t\t\t\t\t<div class=\"espigul-house__item__body__meta__item\">\n\t\t\t\t<span class=\"espigul-house__item__body__meta__item__label\">Habitacions<\/span>\n\t\t\t\t<span class=\"espigul-house__item__body__meta__item__value\">\n\t\t\t\t\t03\t\t\t\t<\/span>\n\t\t\t<\/div>\n\t\t\t\t\t\t<div class=\"espigul-house__item__body__meta__item\">\n\t\t\t\t<span class=\"espigul-house__item__body__meta__item__label\">Banys<\/span>\n\t\t\t\t<span class=\"espigul-house__item__body__meta__item__value\">\n\t\t\t\t\t02\t\t\t\t<\/span>\n\t\t\t<\/div>\n\t\t\t\t\t<\/div>\n\t<\/div>\n<\/div>\n\t\t\t\t\t<\/li>\n\t\t\t\t\t\t\t\t\t\t<li class=\"splide__slide\">\n\t\t\t\t\t<div class=\"espigul-house__item cursor-pointer\" onClick=\"window.location.assign('https:\/\/www.espigul.com\/ca\/immobles\/obra-nova-a-carles-marti-i-feced-30\/');\">\n\t<div class=\"espigul-house__item__gallery espigul-house__item__photo\" x-data=\"{ active : 0, total: 3 }\">\n\t\t\t\t<ul class=\"espigul-house__item__gallery__items\">\n\t\t\t\t\t\t\t<li class=\"espigul-house__item__gallery__items__item\" x-bind:class=\"0 == active ? 'espigul-house__item__gallery__items__item--active': ''\">\n\t\t\t\t\t<img decoding=\"async\" src=\"https:\/\/www.espigul.com\/wp-content\/uploads\/2026\/09\/obra-nueva-en-carles-marti-i-feced-28213857-1300x731.webp\" alt=\"Obra nova a Carles Marti i Feced\" loading=\"lazy\" width=\"100%\" height=\"auto\">\n\t\t\t\t<\/li>\n\t\t\t\t\t\t\t<li class=\"espigul-house__item__gallery__items__item\" x-bind:class=\"1 == active ? 'espigul-house__item__gallery__items__item--active': ''\">\n\t\t\t\t\t<img decoding=\"async\" src=\"https:\/\/www.espigul.com\/wp-content\/uploads\/2026\/09\/obra-nueva-en-carles-marti-i-feced-28213853-1300x972.webp\" alt=\"Obra nova a Carles Marti i Feced\" loading=\"lazy\" width=\"100%\" height=\"auto\">\n\t\t\t\t<\/li>\n\t\t\t\t\t\t\t<li class=\"espigul-house__item__gallery__items__item\" x-bind:class=\"2 == active ? 'espigul-house__item__gallery__items__item--active': ''\">\n\t\t\t\t\t<img decoding=\"async\" src=\"https:\/\/www.espigul.com\/wp-content\/uploads\/2026\/09\/obra-nueva-en-carles-marti-i-feced-28213850-768x1024.webp\" alt=\"Obra nova a Carles Marti i Feced\" loading=\"lazy\" width=\"100%\" height=\"auto\">\n\t\t\t\t<\/li>\n\t\t\t\t\t<\/ul>\n\t\t<ul class=\"espigul-house__item__gallery__dots\">\n\t\t\t\t\t\t\t<li class=\"espigul-house__item__gallery__dots__item\" x-bind:class=\"0 == active ? 'espigul-house__item__gallery__dots__item--active': ''\">\n\t\t\t\t<\/li>\n\t\t\t\t\t\t\t<li class=\"espigul-house__item__gallery__dots__item\" x-bind:class=\"1 == active ? 'espigul-house__item__gallery__dots__item--active': ''\">\n\t\t\t\t<\/li>\n\t\t\t\t\t\t\t<li class=\"espigul-house__item__gallery__dots__item\" x-bind:class=\"2 == active ? 'espigul-house__item__gallery__dots__item--active': ''\">\n\t\t\t\t<\/li>\n\t\t\t\t\t<\/ul>\n\t\t<button class=\"espigul-house__item__gallery__arrow espigul-house__item__gallery__arrow--left\" aria-label=\"Previous photo\" @click.stop=\"active === 0 ? active = total - 1 : active--\">\n\t\t\t<svg xmlns=\"http:\/\/www.w3.org\/2000\/svg\" viewBox=\"0 0 40 40\" width=\"40\" height=\"40\" focusable=\"false\"><path d=\"m15.5 0.932-4.3 4.38 14.5 14.6-14.5 14.5 4.3 4.4 14.6-14.6 4.4-4.3-4.4-4.4-14.6-14.6z\"><\/path><\/svg>\n\t\t<\/button>\n\t\t<button class=\"espigul-house__item__gallery__arrow espigul-house__item__gallery__arrow--right\" aria-label=\"Next photo\" @click.stop=\"active === total - 1 ? active = 0 : active++\">\n\t\t\t<svg xmlns=\"http:\/\/www.w3.org\/2000\/svg\" viewBox=\"0 0 40 40\" width=\"40\" height=\"40\" focusable=\"false\"><path d=\"m15.5 0.932-4.3 4.38 14.5 14.6-14.5 14.5 4.3 4.4 14.6-14.6 4.4-4.3-4.4-4.4-14.6-14.6z\"><\/path><\/svg>\n\t\t<\/button>\n\t<\/div>\n\t<div class=\"espigul-house__item__body\">\n\t\t<div class=\"espigul-house__item__body__city\">Barcelona | REF 6497<\/div>\n\t\t<h2 class=\"espigul-house__item__body__title flex-grow\">\n\t\t\t<a href=\"https:\/\/www.espigul.com\/ca\/immobles\/obra-nova-a-carles-marti-i-feced-30\/\" title=\"Obra nova a Carles Marti i Feced\">Obra nova a Carles Marti i Feced<\/a>\n\t\t<\/h2>\n\t\t<div class=\"espigul-house__item__body__price\">\n\t\t\t555.000\u00a0\u20ac\t\t<\/div>\n\t\t<div class=\"espigul-house__item__body__meta\">\n\t\t\t\t\t\t<div class=\"espigul-house__item__body__meta__item\">\n\t\t\t\t<span class=\"espigul-house__item__body__meta__item__label\">Superf\u00edcie<\/span>\n\t\t\t\t<span class=\"espigul-house__item__body__meta__item__value\">\n\t\t\t\t\t121 m<sup>2<\/sup>\t\t\t\t<\/span>\n\t\t\t<\/div>\n\t\t\t\t\t\t<div class=\"espigul-house__item__body__meta__item\">\n\t\t\t\t<span class=\"espigul-house__item__body__meta__item__label\">Habitacions<\/span>\n\t\t\t\t<span class=\"espigul-house__item__body__meta__item__value\">\n\t\t\t\t\t04\t\t\t\t<\/span>\n\t\t\t<\/div>\n\t\t\t\t\t\t<div class=\"espigul-house__item__body__meta__item\">\n\t\t\t\t<span class=\"espigul-house__item__body__meta__item__label\">Banys<\/span>\n\t\t\t\t<span class=\"espigul-house__item__body__meta__item__value\">\n\t\t\t\t\t02\t\t\t\t<\/span>\n\t\t\t<\/div>\n\t\t\t\t\t<\/div>\n\t<\/div>\n<\/div>\n\t\t\t\t\t<\/li>\n\t\t\t\t\t\t\t\t\t\t<li class=\"splide__slide\">\n\t\t\t\t\t<div class=\"espigul-house__item cursor-pointer\" onClick=\"window.location.assign('https:\/\/www.espigul.com\/ca\/immobles\/obra-nova-a-carles-marti-i-feced-7\/');\">\n\t<div class=\"espigul-house__item__gallery espigul-house__item__photo\" x-data=\"{ active : 0, total: 3 }\">\n\t\t\t\t<ul class=\"espigul-house__item__gallery__items\">\n\t\t\t\t\t\t\t<li class=\"espigul-house__item__gallery__items__item\" x-bind:class=\"0 == active ? 'espigul-house__item__gallery__items__item--active': ''\">\n\t\t\t\t\t<img decoding=\"async\" src=\"https:\/\/www.espigul.com\/wp-content\/uploads\/2026\/09\/obra-nueva-en-carles-marti-i-feced-28214296-1300x731.webp\" alt=\"Obra nova a Carles Mart\u00ed i Feced\" loading=\"lazy\" width=\"100%\" height=\"auto\">\n\t\t\t\t<\/li>\n\t\t\t\t\t\t\t<li class=\"espigul-house__item__gallery__items__item\" x-bind:class=\"1 == active ? 'espigul-house__item__gallery__items__item--active': ''\">\n\t\t\t\t\t<img decoding=\"async\" src=\"https:\/\/www.espigul.com\/wp-content\/uploads\/2026\/09\/obra-nueva-en-carles-marti-i-feced-28214294-1300x975.webp\" alt=\"Obra nova a Carles Mart\u00ed i Feced\" loading=\"lazy\" width=\"100%\" height=\"auto\">\n\t\t\t\t<\/li>\n\t\t\t\t\t\t\t<li class=\"espigul-house__item__gallery__items__item\" x-bind:class=\"2 == active ? 'espigul-house__item__gallery__items__item--active': ''\">\n\t\t\t\t\t<img decoding=\"async\" src=\"https:\/\/www.espigul.com\/wp-content\/uploads\/2026\/09\/obra-nueva-en-carles-marti-i-feced-28214295-1300x972.webp\" alt=\"Obra nova a Carles Mart\u00ed i Feced\" loading=\"lazy\" width=\"100%\" height=\"auto\">\n\t\t\t\t<\/li>\n\t\t\t\t\t<\/ul>\n\t\t<ul class=\"espigul-house__item__gallery__dots\">\n\t\t\t\t\t\t\t<li class=\"espigul-house__item__gallery__dots__item\" x-bind:class=\"0 == active ? 'espigul-house__item__gallery__dots__item--active': ''\">\n\t\t\t\t<\/li>\n\t\t\t\t\t\t\t<li class=\"espigul-house__item__gallery__dots__item\" x-bind:class=\"1 == active ? 'espigul-house__item__gallery__dots__item--active': ''\">\n\t\t\t\t<\/li>\n\t\t\t\t\t\t\t<li class=\"espigul-house__item__gallery__dots__item\" x-bind:class=\"2 == active ? 'espigul-house__item__gallery__dots__item--active': ''\">\n\t\t\t\t<\/li>\n\t\t\t\t\t<\/ul>\n\t\t<button class=\"espigul-house__item__gallery__arrow espigul-house__item__gallery__arrow--left\" aria-label=\"Previous photo\" @click.stop=\"active === 0 ? active = total - 1 : active--\">\n\t\t\t<svg xmlns=\"http:\/\/www.w3.org\/2000\/svg\" viewBox=\"0 0 40 40\" width=\"40\" height=\"40\" focusable=\"false\"><path d=\"m15.5 0.932-4.3 4.38 14.5 14.6-14.5 14.5 4.3 4.4 14.6-14.6 4.4-4.3-4.4-4.4-14.6-14.6z\"><\/path><\/svg>\n\t\t<\/button>\n\t\t<button class=\"espigul-house__item__gallery__arrow espigul-house__item__gallery__arrow--right\" aria-label=\"Next photo\" @click.stop=\"active === total - 1 ? active = 0 : active++\">\n\t\t\t<svg xmlns=\"http:\/\/www.w3.org\/2000\/svg\" viewBox=\"0 0 40 40\" width=\"40\" height=\"40\" focusable=\"false\"><path d=\"m15.5 0.932-4.3 4.38 14.5 14.6-14.5 14.5 4.3 4.4 14.6-14.6 4.4-4.3-4.4-4.4-14.6-14.6z\"><\/path><\/svg>\n\t\t<\/button>\n\t<\/div>\n\t<div class=\"espigul-house__item__body\">\n\t\t<div class=\"espigul-house__item__body__city\">Barcelona | REF 6505<\/div>\n\t\t<h2 class=\"espigul-house__item__body__title flex-grow\">\n\t\t\t<a href=\"https:\/\/www.espigul.com\/ca\/immobles\/obra-nova-a-carles-marti-i-feced-7\/\" title=\"Obra nova a Carles Mart\u00ed i Feced\">Obra nova a Carles Mart\u00ed i Feced<\/a>\n\t\t<\/h2>\n\t\t<div class=\"espigul-house__item__body__price\">\n\t\t\t420.000\u00a0\u20ac\t\t<\/div>\n\t\t<div class=\"espigul-house__item__body__meta\">\n\t\t\t\t\t\t<div class=\"espigul-house__item__body__meta__item\">\n\t\t\t\t<span class=\"espigul-house__item__body__meta__item__label\">Superf\u00edcie<\/span>\n\t\t\t\t<span class=\"espigul-house__item__body__meta__item__value\">\n\t\t\t\t\t85 m<sup>2<\/sup>\t\t\t\t<\/span>\n\t\t\t<\/div>\n\t\t\t\t\t\t<div class=\"espigul-house__item__body__meta__item\">\n\t\t\t\t<span class=\"espigul-house__item__body__meta__item__label\">Habitacions<\/span>\n\t\t\t\t<span class=\"espigul-house__item__body__meta__item__value\">\n\t\t\t\t\t03\t\t\t\t<\/span>\n\t\t\t<\/div>\n\t\t\t\t\t\t<div class=\"espigul-house__item__body__meta__item\">\n\t\t\t\t<span class=\"espigul-house__item__body__meta__item__label\">Banys<\/span>\n\t\t\t\t<span class=\"espigul-house__item__body__meta__item__value\">\n\t\t\t\t\t02\t\t\t\t<\/span>\n\t\t\t<\/div>\n\t\t\t\t\t<\/div>\n\t<\/div>\n<\/div>\n\t\t\t\t\t<\/li>\n\t\t\t\t\t\t\t\t<\/ul>\n\t\t<\/div>\n\t<\/div>\n<\/div>\n<script>\n\tdocument.addEventListener( 'DOMContentLoaded', function() {\n\t\tvar main = new Splide( '#carousel-6051834', {\n\t\t\tfixedWidth: '90vw',\n\t\t\tgap: '0.5rem',\n\t\t\tpagination: false,\n\t\t\tarrows: true,\n\t\t\tpadding: '1rem',\n\t\t\tmediaQuery: 'min',\n\t\t\tbreakpoints: {\n\t\t\t\t720: {\n\t\t\t\t\tfixedWidth: null,\n\t\t\t\t\tperPage: 3,\n\t\t\t\t\tarrows: true,\n\t\t\t\t},\n\t\t\t\t1024: {\n\t\t\t\t\tperPage: 4\n\t\t\t\t},\n\t\t}\n\t\t} );\n\t\tmain.mount();\n\t} );\n<\/script>\n<\/div><\/div>\n","protected":false},"excerpt":{"rendered":"<p>AV. DIAGONAL 520, ENTLO 108006 BARCELONA IMMOBILI\u00c0RIA BARCELONA +34 936 404 560 BARCELONA@ESPIGUL.COM On el futur comen\u00e7a avui. Amb un alt coneixement del mercat local i una clara orientaci\u00f3 a garantir la satisfacci\u00f3 de cada client, us ajudem en les vostres operacions de compravenda a la ciutat comtal. Tenim pres\u00e8ncia a Barcelona capital i tamb\u00e9&#8230;<\/p>\n","protected":false},"author":9,"featured_media":0,"parent":0,"menu_order":0,"comment_status":"closed","ping_status":"closed","template":"","meta":{"_acf_changed":false,"_uag_custom_page_level_css":"","footnotes":""},"class_list":["post-480273","page","type-page","status-publish","hentry"],"acf":[],"yoast_head":"<!-- This site is optimized with the Yoast SEO plugin v28.4 - https:\/\/yoast.com\/product\/yoast-seo-wordpress\/ -->\n<title>Immobili\u00e0ria Barcelona - Esp\u00edgul<\/title>\n<meta name=\"robots\" content=\"index, follow, max-snippet:-1, max-image-preview:large, max-video-preview:-1\" \/>\n<link rel=\"canonical\" href=\"https:\/\/www.espigul.com\/ca\/immobiliaria-barcelona-2\/\" \/>\n<meta property=\"og:locale\" content=\"ca_ES\" \/>\n<meta property=\"og:type\" content=\"article\" \/>\n<meta property=\"og:title\" content=\"Immobili\u00e0ria Barcelona - Esp\u00edgul\" \/>\n<meta property=\"og:description\" content=\"AV. DIAGONAL 520, ENTLO 108006 BARCELONA IMMOBILI\u00c0RIA BARCELONA +34 936 404 560 BARCELONA@ESPIGUL.COM On el futur comen\u00e7a avui. Amb un alt coneixement del mercat local i una clara orientaci\u00f3 a garantir la satisfacci\u00f3 de cada client, us ajudem en les vostres operacions de compravenda a la ciutat comtal. Tenim pres\u00e8ncia a Barcelona capital i tamb\u00e9...\" \/>\n<meta property=\"og:url\" content=\"https:\/\/www.espigul.com\/ca\/immobiliaria-barcelona-2\/\" \/>\n<meta property=\"og:site_name\" content=\"Esp\u00edgul\" \/>\n<meta property=\"article:modified_time\" content=\"2026-09-03T11:58:56+00:00\" \/>\n<meta property=\"og:image\" content=\"https:\/\/www.espigul.com\/wp-content\/uploads\/2026\/09\/barcelona-02.jpg\" \/>\n\t<meta property=\"og:image:width\" content=\"640\" \/>\n\t<meta property=\"og:image:height\" content=\"668\" \/>\n\t<meta property=\"og:image:type\" content=\"image\/jpeg\" \/>\n<meta name=\"twitter:card\" content=\"summary_large_image\" \/>\n<meta name=\"twitter:label1\" content=\"Temps estimat de lectura\" \/>\n\t<meta name=\"twitter:data1\" content=\"2 minuts\" \/>\n<script type=\"application\/ld+json\" class=\"yoast-schema-graph\">{\"@context\":\"https:\\\/\\\/schema.org\",\"@graph\":[{\"@type\":\"WebPage\",\"@id\":\"https:\\\/\\\/www.espigul.com\\\/ca\\\/immobiliaria-barcelona-2\\\/\",\"url\":\"https:\\\/\\\/www.espigul.com\\\/ca\\\/immobiliaria-barcelona-2\\\/\",\"name\":\"Immobili\u00e0ria Barcelona - Esp\u00edgul\",\"isPartOf\":{\"@id\":\"https:\\\/\\\/www.espigul.com\\\/ca\\\/#website\"},\"primaryImageOfPage\":{\"@id\":\"https:\\\/\\\/www.espigul.com\\\/ca\\\/immobiliaria-barcelona-2\\\/#primaryimage\"},\"image\":{\"@id\":\"https:\\\/\\\/www.espigul.com\\\/ca\\\/immobiliaria-barcelona-2\\\/#primaryimage\"},\"thumbnailUrl\":\"https:\\\/\\\/www.espigul.com\\\/wp-content\\\/uploads\\\/2026\\\/09\\\/barcelona-02.jpg\",\"datePublished\":\"2026-09-03T10:30:54+00:00\",\"dateModified\":\"2026-09-03T11:58:56+00:00\",\"breadcrumb\":{\"@id\":\"https:\\\/\\\/www.espigul.com\\\/ca\\\/immobiliaria-barcelona-2\\\/#breadcrumb\"},\"inLanguage\":\"ca\",\"potentialAction\":[{\"@type\":\"ReadAction\",\"target\":[\"https:\\\/\\\/www.espigul.com\\\/ca\\\/immobiliaria-barcelona-2\\\/\"]}]},{\"@type\":\"ImageObject\",\"inLanguage\":\"ca\",\"@id\":\"https:\\\/\\\/www.espigul.com\\\/ca\\\/immobiliaria-barcelona-2\\\/#primaryimage\",\"url\":\"https:\\\/\\\/www.espigul.com\\\/wp-content\\\/uploads\\\/2026\\\/09\\\/barcelona-02.jpg\",\"contentUrl\":\"https:\\\/\\\/www.espigul.com\\\/wp-content\\\/uploads\\\/2026\\\/09\\\/barcelona-02.jpg\"},{\"@type\":\"BreadcrumbList\",\"@id\":\"https:\\\/\\\/www.espigul.com\\\/ca\\\/immobiliaria-barcelona-2\\\/#breadcrumb\",\"itemListElement\":[{\"@type\":\"ListItem\",\"position\":1,\"name\":\"Inici\",\"item\":\"https:\\\/\\\/www.espigul.com\\\/inici-2\\\/\"},{\"@type\":\"ListItem\",\"position\":2,\"name\":\"Immobili\u00e0ria Barcelona\"}]},{\"@type\":\"WebSite\",\"@id\":\"https:\\\/\\\/www.espigul.com\\\/ca\\\/#website\",\"url\":\"https:\\\/\\\/www.espigul.com\\\/ca\\\/\",\"name\":\"Esp\u00edgul\",\"description\":\"La immobili\u00e0ria l\u00edder de Girona\",\"publisher\":{\"@id\":\"https:\\\/\\\/www.espigul.com\\\/ca\\\/#organization\"},\"potentialAction\":[{\"@type\":\"SearchAction\",\"target\":{\"@type\":\"EntryPoint\",\"urlTemplate\":\"https:\\\/\\\/www.espigul.com\\\/ca\\\/?s={search_term_string}\"},\"query-input\":{\"@type\":\"PropertyValueSpecification\",\"valueRequired\":true,\"valueName\":\"search_term_string\"}}],\"inLanguage\":\"ca\"},{\"@type\":\"Organization\",\"@id\":\"https:\\\/\\\/www.espigul.com\\\/ca\\\/#organization\",\"name\":\"Esp\u00edgul\",\"url\":\"https:\\\/\\\/www.espigul.com\\\/ca\\\/\",\"logo\":{\"@type\":\"ImageObject\",\"inLanguage\":\"ca\",\"@id\":\"https:\\\/\\\/www.espigul.com\\\/ca\\\/#\\\/schema\\\/logo\\\/image\\\/\",\"url\":\"https:\\\/\\\/www.espigul.com\\\/wp-content\\\/uploads\\\/2023\\\/08\\\/espigul-block.png\",\"contentUrl\":\"https:\\\/\\\/www.espigul.com\\\/wp-content\\\/uploads\\\/2023\\\/08\\\/espigul-block.png\",\"width\":384,\"height\":240,\"caption\":\"Esp\u00edgul\"},\"image\":{\"@id\":\"https:\\\/\\\/www.espigul.com\\\/ca\\\/#\\\/schema\\\/logo\\\/image\\\/\"},\"sameAs\":[\"https:\\\/\\\/www.instagram.com\\\/immoespigul\\\/\",\"https:\\\/\\\/www.youtube.com\\\/channel\\\/UCYyD-WWfbCFpCXau4SQOGKQ\"]}]}<\/script>\n<!-- \/ Yoast SEO plugin. -->","yoast_head_json":{"title":"Immobili\u00e0ria Barcelona - Esp\u00edgul","robots":{"index":"index","follow":"follow","max-snippet":"max-snippet:-1","max-image-preview":"max-image-preview:large","max-video-preview":"max-video-preview:-1"},"canonical":"https:\/\/www.espigul.com\/ca\/immobiliaria-barcelona-2\/","og_locale":"ca_ES","og_type":"article","og_title":"Immobili\u00e0ria Barcelona - Esp\u00edgul","og_description":"AV. DIAGONAL 520, ENTLO 108006 BARCELONA IMMOBILI\u00c0RIA BARCELONA +34 936 404 560 BARCELONA@ESPIGUL.COM On el futur comen\u00e7a avui. Amb un alt coneixement del mercat local i una clara orientaci\u00f3 a garantir la satisfacci\u00f3 de cada client, us ajudem en les vostres operacions de compravenda a la ciutat comtal. Tenim pres\u00e8ncia a Barcelona capital i tamb\u00e9...","og_url":"https:\/\/www.espigul.com\/ca\/immobiliaria-barcelona-2\/","og_site_name":"Esp\u00edgul","article_modified_time":"2026-09-03T11:58:56+00:00","og_image":[{"width":640,"height":668,"url":"https:\/\/www.espigul.com\/wp-content\/uploads\/2026\/09\/barcelona-02.jpg","type":"image\/jpeg"}],"twitter_card":"summary_large_image","twitter_misc":{"Temps estimat de lectura":"2 minuts"},"schema":{"@context":"https:\/\/schema.org","@graph":[{"@type":"WebPage","@id":"https:\/\/www.espigul.com\/ca\/immobiliaria-barcelona-2\/","url":"https:\/\/www.espigul.com\/ca\/immobiliaria-barcelona-2\/","name":"Immobili\u00e0ria Barcelona - Esp\u00edgul","isPartOf":{"@id":"https:\/\/www.espigul.com\/ca\/#website"},"primaryImageOfPage":{"@id":"https:\/\/www.espigul.com\/ca\/immobiliaria-barcelona-2\/#primaryimage"},"image":{"@id":"https:\/\/www.espigul.com\/ca\/immobiliaria-barcelona-2\/#primaryimage"},"thumbnailUrl":"https:\/\/www.espigul.com\/wp-content\/uploads\/2026\/09\/barcelona-02.jpg","datePublished":"2026-09-03T10:30:54+00:00","dateModified":"2026-09-03T11:58:56+00:00","breadcrumb":{"@id":"https:\/\/www.espigul.com\/ca\/immobiliaria-barcelona-2\/#breadcrumb"},"inLanguage":"ca","potentialAction":[{"@type":"ReadAction","target":["https:\/\/www.espigul.com\/ca\/immobiliaria-barcelona-2\/"]}]},{"@type":"ImageObject","inLanguage":"ca","@id":"https:\/\/www.espigul.com\/ca\/immobiliaria-barcelona-2\/#primaryimage","url":"https:\/\/www.espigul.com\/wp-content\/uploads\/2026\/09\/barcelona-02.jpg","contentUrl":"https:\/\/www.espigul.com\/wp-content\/uploads\/2026\/09\/barcelona-02.jpg"},{"@type":"BreadcrumbList","@id":"https:\/\/www.espigul.com\/ca\/immobiliaria-barcelona-2\/#breadcrumb","itemListElement":[{"@type":"ListItem","position":1,"name":"Inici","item":"https:\/\/www.espigul.com\/inici-2\/"},{"@type":"ListItem","position":2,"name":"Immobili\u00e0ria Barcelona"}]},{"@type":"WebSite","@id":"https:\/\/www.espigul.com\/ca\/#website","url":"https:\/\/www.espigul.com\/ca\/","name":"Esp\u00edgul","description":"La immobili\u00e0ria l\u00edder de Girona","publisher":{"@id":"https:\/\/www.espigul.com\/ca\/#organization"},"potentialAction":[{"@type":"SearchAction","target":{"@type":"EntryPoint","urlTemplate":"https:\/\/www.espigul.com\/ca\/?s={search_term_string}"},"query-input":{"@type":"PropertyValueSpecification","valueRequired":true,"valueName":"search_term_string"}}],"inLanguage":"ca"},{"@type":"Organization","@id":"https:\/\/www.espigul.com\/ca\/#organization","name":"Esp\u00edgul","url":"https:\/\/www.espigul.com\/ca\/","logo":{"@type":"ImageObject","inLanguage":"ca","@id":"https:\/\/www.espigul.com\/ca\/#\/schema\/logo\/image\/","url":"https:\/\/www.espigul.com\/wp-content\/uploads\/2023\/08\/espigul-block.png","contentUrl":"https:\/\/www.espigul.com\/wp-content\/uploads\/2023\/08\/espigul-block.png","width":384,"height":240,"caption":"Esp\u00edgul"},"image":{"@id":"https:\/\/www.espigul.com\/ca\/#\/schema\/logo\/image\/"},"sameAs":["https:\/\/www.instagram.com\/immoespigul\/","https:\/\/www.youtube.com\/channel\/UCYyD-WWfbCFpCXau4SQOGKQ"]}]}},"uagb_featured_image_src":{"full":false,"thumbnail":false,"medium":false,"medium_large":false,"large":false,"1536x1536":false,"2048x2048":false,"gform-image-choice-sm":false,"gform-image-choice-md":false,"gform-image-choice-lg":false},"uagb_author_info":{"display_name":"Joaquin Zamora","author_link":"https:\/\/www.espigul.com\/ca\/author\/joaquin-zamora\/"},"uagb_comment_info":0,"uagb_excerpt":"AV. DIAGONAL 520, ENTLO 108006 BARCELONA IMMOBILI\u00c0RIA BARCELONA +34 936 404 560 BARCELONA@ESPIGUL.COM On el futur comen\u00e7a avui. Amb un alt coneixement del mercat local i una clara orientaci\u00f3 a garantir la satisfacci\u00f3 de cada client, us ajudem en les vostres operacions de compravenda a la ciutat comtal. Tenim pres\u00e8ncia a Barcelona capital i tamb\u00e9...","_links":{"self":[{"href":"https:\/\/www.espigul.com\/ca\/wp-json\/wp\/v2\/pages\/480273","targetHints":{"allow":["GET"]}}],"collection":[{"href":"https:\/\/www.espigul.com\/ca\/wp-json\/wp\/v2\/pages"}],"about":[{"href":"https:\/\/www.espigul.com\/ca\/wp-json\/wp\/v2\/types\/page"}],"author":[{"embeddable":true,"href":"https:\/\/www.espigul.com\/ca\/wp-json\/wp\/v2\/users\/9"}],"replies":[{"embeddable":true,"href":"https:\/\/www.espigul.com\/ca\/wp-json\/wp\/v2\/comments?post=480273"}],"version-history":[{"count":2,"href":"https:\/\/www.espigul.com\/ca\/wp-json\/wp\/v2\/pages\/480273\/revisions"}],"predecessor-version":[{"id":480292,"href":"https:\/\/www.espigul.com\/ca\/wp-json\/wp\/v2\/pages\/480273\/revisions\/480292"}],"wp:attachment":[{"href":"https:\/\/www.espigul.com\/ca\/wp-json\/wp\/v2\/media?parent=480273"}],"curies":[{"name":"wp","href":"https:\/\/api.w.org\/{rel}","templated":true}]}}