{"id":479725,"date":"2026-09-03T10:46:58","date_gmt":"2026-09-03T08:46:58","guid":{"rendered":"https:\/\/www.espigul.com\/treballa-amb-nosaltres-2\/"},"modified":"2026-09-03T13:54:26","modified_gmt":"2026-09-03T11:54:26","slug":"treballa-amb-nosaltres-2","status":"publish","type":"page","link":"https:\/\/www.espigul.com\/ca\/treballa-amb-nosaltres-2\/","title":{"rendered":"Treballa amb nosaltres"},"content":{"rendered":"\n<div class=\"wp-block-uagb-container uagb-block-0b924068 alignfull uagb-is-root-container\"><div class=\"uagb-container-inner-blocks-wrap\">\n<div class=\"wp-block-uagb-container uagb-block-ee210d19\">\n<h1 class=\"wp-block-heading has-text-align-center has-8-x-large-font-size\" style=\"margin-top:var(--wp--preset--spacing--80);margin-bottom:var(--wp--preset--spacing--80);padding-right:0rem;padding-left:0rem\">Per qu\u00e8 treballar a Esp\u00edgul?<\/h1>\n<\/div>\n<\/div><\/div>\n\n<div class=\"wp-block-uagb-container uagb-block-eb4c5b5a alignfull uagb-is-root-container\"><div class=\"uagb-container-inner-blocks-wrap\">\n<p class=\"has-text-align-center wp-block-paragraph\">COMPROM\u00cdS<\/p>\n\n\n\n<p class=\"wp-block-paragraph\">PROFESSIONALITAT<\/p>\n\n\n\n<p class=\"wp-block-paragraph\">ASSESSORAMENT<\/p>\n\n\n\n<p class=\"wp-block-paragraph\">TREBALL EN EQUIP<\/p>\n<\/div><\/div>\n\n<div class=\"wp-block-uagb-container uagb-block-0bd962e7 alignwide uagb-is-root-container\">\n<figure class=\"wp-block-image aligncenter size-full\"><img loading=\"lazy\" decoding=\"async\" width=\"645\" height=\"430\" src=\"https:\/\/www.espigul.com\/wp-content\/uploads\/2026\/09\/Hero-1.jpg\" alt=\"\" class=\"wp-image-477778\" srcset=\"https:\/\/www.espigul.com\/wp-content\/uploads\/2026\/09\/Hero-1.jpg 645w, https:\/\/www.espigul.com\/wp-content\/uploads\/2026\/09\/Hero-1-400x267.jpg 400w\" sizes=\"auto, (max-width: 645px) 100vw, 645px\" \/><\/figure>\n<\/div>\n\n<div class=\"wp-block-uagb-container uagb-layout-grid uagb-block-3dba3b1f alignfull uagb-is-root-container\"><div class=\"uagb-container-inner-blocks-wrap\">\n<div class=\"wp-block-uagb-container uagb-block-64fca62e\">\n<p class=\"wp-block-paragraph\">TREBALLA AMB NOSALTRES<\/p>\n<\/div>\n\n\n\n<div class=\"wp-block-uagb-container uagb-block-e5983ded\">\n<h2 class=\"wp-block-heading has-4-x-large-font-size\">Si esteu buscant una carrera din\u00e0mica en el sector immobiliari i voleu formar part d\u2019un equip comprom\u00e8s amb l\u2019excel\u00b7l\u00e8ncia i la satisfacci\u00f3 del client, volem escoltar-vos. Busquem professionals motivats amb una mentalitat orientada al servei i una voluntat de superaci\u00f3 constant. <\/h2>\n<\/div>\n<\/div><\/div>\n\n<div class=\"wp-block-uagb-container uagb-block-a34a8e33 alignfull uagb-is-root-container\"><div class=\"uagb-container-inner-blocks-wrap\">\n<div class=\"wp-block-uagb-container uagb-block-398f55e8\">\n<p class=\"has-white-color has-text-color has-link-color wp-elements-06392ac24e3f1c11a0594dbed6f83517 wp-block-paragraph\">GIRONA<\/p>\n\n\n\n<p class=\"has-text-align-left has-white-color has-text-color has-link-color wp-elements-553bc8cae447028fd5a52e884e1372f6 wp-block-paragraph\">BARCELONA<\/p>\n\n\n\n<p class=\"has-text-align-right has-white-color has-text-color has-link-color wp-elements-afd45d6d5c7825cbd95a65ca9ed63839 wp-block-paragraph\">SANT CUGAT<\/p>\n\n\n\n<p class=\"has-text-align-right has-white-color has-text-color has-link-color wp-elements-c827d03008acc7cb4bd2ed3e1400db9f wp-block-paragraph\">MARESME<\/p>\n<\/div>\n\n\n\n<div class=\"wp-block-uagb-container uagb-block-56859a67\">\n<p class=\"has-white-color has-text-color has-link-color wp-elements-8273d12c33175936731daa1170705032 wp-block-paragraph\">COSTA BRAVA<\/p>\n\n\n\n<p class=\"has-text-align-left has-white-color has-text-color has-link-color wp-elements-78211bad37e7db001b93061d0cbc4728 wp-block-paragraph\">MADRID<\/p>\n\n\n\n<p class=\"has-text-align-right has-white-color has-text-color has-link-color wp-elements-77d36f8351f434bc9ad12a7f6893fa81 wp-block-paragraph\">CERDANYA<\/p>\n\n\n\n<p class=\"has-text-align-right has-white-color has-text-color has-link-color wp-elements-9223098aed37bab4532a296f2fa9b7fc wp-block-paragraph\">ANDORRA<\/p>\n<\/div>\n<\/div><\/div>\n\n<div class=\"wp-block-uagb-container uagb-layout-grid uagb-block-3b052dca alignfull uagb-is-root-container\"><div class=\"uagb-container-inner-blocks-wrap\">\n<div class=\"wp-block-uagb-container uagb-block-ca892b1d\">\n<p class=\"has-text-align-left wp-block-paragraph\">LES NOSTRES OFERTES<\/p>\n<\/div>\n\n\n\n<div class=\"wp-block-uagb-container uagb-block-cba78245\">\n<h2 class=\"wp-block-heading has-4-x-large-font-size\">A Esp\u00edgul Real Estate Group sempre estem a la recerca de talent. Si voleu formar part del nostre equip, ompliu el seg\u00fcent formulari i ens posarem en contacte amb vosaltres quan hi hagi una oportunitat que encaixi amb el vostre perfil. <\/h2>\n<\/div>\n<\/div><\/div>\n\n<div class=\"wp-block-uagb-container uagb-block-ff5bae73 alignfull uagb-is-root-container\"><div class=\"uagb-container-inner-blocks-wrap\">\n<div class=\"wp-block-uagb-container uagb-block-98581e17\"><\/div>\n\n\n\n<div class=\"wp-block-uagb-container uagb-block-1f300c44\">\n<div class=\"wp-block-contact-form-7-contact-form-selector\">\n<div class=\"wpcf7 no-js\" id=\"wpcf7-f16338-o1\" lang=\"ca\" dir=\"ltr\" data-wpcf7-id=\"16338\">\n<div class=\"screen-reader-response\"><p role=\"status\" aria-live=\"polite\" aria-atomic=\"true\"><\/p> <ul><\/ul><\/div>\n<form action=\"\/ca\/wp-json\/wp\/v2\/pages\/479725#wpcf7-f16338-o1\" method=\"post\" class=\"wpcf7-form init\" aria-label=\"Formulari de contacte\" novalidate=\"novalidate\" data-status=\"init\">\n<fieldset class=\"hidden-fields-container\"><input type=\"hidden\" name=\"_wpcf7\" value=\"16338\" \/><input type=\"hidden\" name=\"_wpcf7_version\" value=\"6.1.7\" \/><input type=\"hidden\" name=\"_wpcf7_locale\" value=\"ca\" \/><input type=\"hidden\" name=\"_wpcf7_unit_tag\" value=\"wpcf7-f16338-o1\" \/><input type=\"hidden\" name=\"_wpcf7_container_post\" value=\"0\" \/><input type=\"hidden\" name=\"_wpcf7_posted_data_hash\" value=\"\" \/><input type=\"hidden\" name=\"_wpcf7_recaptcha_response\" value=\"\" \/>\n<\/fieldset>\n<h3>Formulari de contacte<\/h3>\n<div class=\"contact-form__cols contact-form__cols--2\">\n<div class=\"contact-form__cols__col\">\n<label> <span class=\"contact-form-required\">Nom i cognoms<\/span>\n    <span class=\"wpcf7-form-control-wrap\" data-name=\"your-name\"><input size=\"40\" maxlength=\"400\" class=\"wpcf7-form-control wpcf7-text\" autocomplete=\"name\" aria-invalid=\"false\" value=\"\" type=\"text\" name=\"your-name\" \/><\/span> <\/label>\n<\/div> \n<div class=\"contact-form__cols__col\">\n<label> Tipus d'immoble<\/span>\n     <span class=\"wpcf7-form-control-wrap\" data-name=\"your-type\"><select class=\"wpcf7-form-control wpcf7-select\" aria-invalid=\"false\" name=\"your-type\"><option value=\"Pis\">Pis<\/option><option value=\"Casa\">Casa<\/option><option value=\"Local comercial\">Local comercial<\/option><option value=\"Garatge\">Garatge<\/option><\/select><\/span> <\/label>\n<\/div> \n<\/div>\n\n<div class=\"contact-form__cols contact-form__cols--2\">\n\n<div class=\"contact-form__cols__col\"> <label> \n<span class=\"contact-form-required\">Adre\u00e7a electr\u00f2nica<\/span>\n    <span class=\"wpcf7-form-control-wrap\" data-name=\"your-email\"><input size=\"40\" maxlength=\"400\" class=\"wpcf7-form-control wpcf7-email wpcf7-validates-as-required wpcf7-text wpcf7-validates-as-email\" autocomplete=\"email\" aria-required=\"true\" aria-invalid=\"false\" value=\"\" type=\"email\" name=\"your-email\" \/><\/span> <\/label>\n<\/div>\n<div class=\"contact-form__cols__col\">\n<label>Operaci\u00f3<\/span>\n<span class=\"wpcf7-form-control-wrap\" data-name=\"your-operation\"><select class=\"wpcf7-form-control wpcf7-select\" aria-invalid=\"false\" name=\"your-operation\"><option value=\"Venda\">Venda<\/option><option value=\"Lloguer\">Lloguer<\/option><\/select><\/span> <\/label>\n<\/div> \n<\/div>\n<div class=\"contact-form__cols contact-form__cols--2\">\n<div class=\"contact-form__cols__col\">\n<label> <span class=\"contact-form-required\">Tel\u00e8fon<\/span\n    <span class=\"wpcf7-form-control-wrap\" data-name=\"your-phone\"><input size=\"40\" maxlength=\"400\" class=\"wpcf7-form-control wpcf7-tel wpcf7-validates-as-required wpcf7-text wpcf7-validates-as-tel\" aria-required=\"true\" aria-invalid=\"false\" value=\"\" type=\"tel\" name=\"your-phone\" \/><\/span> <\/label>\n<\/div> \n<div class=\"contact-form__cols__col\">\n<label> Preu m\u00e0xim\n     <span class=\"wpcf7-form-control-wrap\" data-name=\"your-price\"><input size=\"40\" maxlength=\"400\" class=\"wpcf7-form-control wpcf7-text\" aria-invalid=\"false\" value=\"\" type=\"text\" name=\"your-price\" \/><\/span> <\/label>\n<\/div> \n<\/div>\n<div class=\"contact-form__cols contact-form__cols--2\">\n<div class=\"contact-form__cols__col\">\n<label> Poblaci\u00f3\n    <span class=\"wpcf7-form-control-wrap\" data-name=\"your-location\"><input size=\"40\" maxlength=\"400\" class=\"wpcf7-form-control wpcf7-text\" aria-invalid=\"false\" value=\"\" type=\"text\" name=\"your-location\" \/><\/span> <\/label>\n<\/div> \n<div class=\"contact-form__cols__col\">\n<label> Zona\n     <span class=\"wpcf7-form-control-wrap\" data-name=\"your-zone\"><input size=\"40\" maxlength=\"400\" class=\"wpcf7-form-control wpcf7-text\" aria-invalid=\"false\" value=\"\" type=\"text\" name=\"your-zone\" \/><\/span> <\/label>\n<\/div> \n<\/div>\n\n\n\n\n\n<label> <span class=\"contact-form-required\">Missatge<\/span>\n    <span class=\"wpcf7-form-control-wrap\" data-name=\"your-message\"><textarea cols=\"40\" rows=\"10\" maxlength=\"2000\" class=\"wpcf7-form-control wpcf7-textarea\" aria-invalid=\"false\" name=\"your-message\"><\/textarea><\/span> <\/label>\n<label class=\"contact-form__checkbox\"> <span class=\"wpcf7-form-control-wrap\" data-name=\"acceptance-\"><span class=\"wpcf7-form-control wpcf7-acceptance\"><span class=\"wpcf7-list-item\"><input type=\"checkbox\" name=\"acceptance-\" value=\"1\" aria-invalid=\"false\" \/><\/span><\/span><\/span> <span class=\"contact-form-required\">He llegit i accepto les condicions legals i la pol\u00edtica de privacitat.<\/span>\n<\/label>\n\n\n\n\n<input class=\"wpcf7-form-control wpcf7-submit has-spinner\" type=\"submit\" value=\"Envia\" \/><div class=\"wpcf7-response-output\" aria-hidden=\"true\"><\/div>\n<\/form>\n<\/div>\n<\/div>\n<\/div>\n\n\n\n<div class=\"wp-block-uagb-container uagb-block-c01b8e3f\"><\/div>\n<\/div><\/div>\n","protected":false},"excerpt":{"rendered":"<p>Per qu\u00e8 treballar a Esp\u00edgul? COMPROM\u00cdS PROFESSIONALITAT ASSESSORAMENT TREBALL EN EQUIP TREBALLA AMB NOSALTRES Si esteu buscant una carrera din\u00e0mica en el sector immobiliari i voleu formar part d\u2019un equip comprom\u00e8s amb l\u2019excel\u00b7l\u00e8ncia i la satisfacci\u00f3 del client, volem escoltar-vos. Busquem professionals motivats amb una mentalitat orientada al servei i una voluntat de superaci\u00f3 constant&#8230;.<\/p>\n","protected":false},"author":9,"featured_media":0,"parent":0,"menu_order":0,"comment_status":"closed","ping_status":"closed","template":"","meta":{"_acf_changed":false,"_uag_custom_page_level_css":"","footnotes":""},"class_list":["post-479725","page","type-page","status-publish","hentry"],"acf":[],"yoast_head":"<!-- This site is optimized with the Yoast SEO plugin v28.4 - https:\/\/yoast.com\/product\/yoast-seo-wordpress\/ -->\n<title>Treballa amb nosaltres - Esp\u00edgul<\/title>\n<meta name=\"robots\" content=\"index, follow, max-snippet:-1, max-image-preview:large, max-video-preview:-1\" \/>\n<link rel=\"canonical\" href=\"https:\/\/www.espigul.com\/ca\/treballa-amb-nosaltres-2\/\" \/>\n<meta property=\"og:locale\" content=\"ca_ES\" \/>\n<meta property=\"og:type\" content=\"article\" \/>\n<meta property=\"og:title\" content=\"Treballa amb nosaltres - Esp\u00edgul\" \/>\n<meta property=\"og:description\" content=\"Per qu\u00e8 treballar a Esp\u00edgul? COMPROM\u00cdS PROFESSIONALITAT ASSESSORAMENT TREBALL EN EQUIP TREBALLA AMB NOSALTRES Si esteu buscant una carrera din\u00e0mica en el sector immobiliari i voleu formar part d\u2019un equip comprom\u00e8s amb l\u2019excel\u00b7l\u00e8ncia i la satisfacci\u00f3 del client, volem escoltar-vos. Busquem professionals motivats amb una mentalitat orientada al servei i una voluntat de superaci\u00f3 constant....\" \/>\n<meta property=\"og:url\" content=\"https:\/\/www.espigul.com\/ca\/treballa-amb-nosaltres-2\/\" \/>\n<meta property=\"og:site_name\" content=\"Esp\u00edgul\" \/>\n<meta property=\"article:modified_time\" content=\"2026-09-03T11:54:26+00:00\" \/>\n<meta property=\"og:image\" content=\"https:\/\/www.espigul.com\/wp-content\/uploads\/2026\/09\/Hero-1.jpg\" \/>\n\t<meta property=\"og:image:width\" content=\"645\" \/>\n\t<meta property=\"og:image:height\" content=\"430\" \/>\n\t<meta property=\"og:image:type\" content=\"image\/jpeg\" \/>\n<meta name=\"twitter:card\" content=\"summary_large_image\" \/>\n<meta name=\"twitter:label1\" content=\"Temps estimat de lectura\" \/>\n\t<meta name=\"twitter:data1\" content=\"1 minut\" \/>\n<script type=\"application\/ld+json\" class=\"yoast-schema-graph\">{\"@context\":\"https:\\\/\\\/schema.org\",\"@graph\":[{\"@type\":\"WebPage\",\"@id\":\"https:\\\/\\\/www.espigul.com\\\/ca\\\/treballa-amb-nosaltres-2\\\/\",\"url\":\"https:\\\/\\\/www.espigul.com\\\/ca\\\/treballa-amb-nosaltres-2\\\/\",\"name\":\"Treballa amb nosaltres - Esp\u00edgul\",\"isPartOf\":{\"@id\":\"https:\\\/\\\/www.espigul.com\\\/ca\\\/#website\"},\"primaryImageOfPage\":{\"@id\":\"https:\\\/\\\/www.espigul.com\\\/ca\\\/treballa-amb-nosaltres-2\\\/#primaryimage\"},\"image\":{\"@id\":\"https:\\\/\\\/www.espigul.com\\\/ca\\\/treballa-amb-nosaltres-2\\\/#primaryimage\"},\"thumbnailUrl\":\"https:\\\/\\\/www.espigul.com\\\/wp-content\\\/uploads\\\/2026\\\/09\\\/Hero-1.jpg\",\"datePublished\":\"2026-09-03T08:46:58+00:00\",\"dateModified\":\"2026-09-03T11:54:26+00:00\",\"breadcrumb\":{\"@id\":\"https:\\\/\\\/www.espigul.com\\\/ca\\\/treballa-amb-nosaltres-2\\\/#breadcrumb\"},\"inLanguage\":\"ca\",\"potentialAction\":[{\"@type\":\"ReadAction\",\"target\":[\"https:\\\/\\\/www.espigul.com\\\/ca\\\/treballa-amb-nosaltres-2\\\/\"]}]},{\"@type\":\"ImageObject\",\"inLanguage\":\"ca\",\"@id\":\"https:\\\/\\\/www.espigul.com\\\/ca\\\/treballa-amb-nosaltres-2\\\/#primaryimage\",\"url\":\"https:\\\/\\\/www.espigul.com\\\/wp-content\\\/uploads\\\/2026\\\/09\\\/Hero-1.jpg\",\"contentUrl\":\"https:\\\/\\\/www.espigul.com\\\/wp-content\\\/uploads\\\/2026\\\/09\\\/Hero-1.jpg\"},{\"@type\":\"BreadcrumbList\",\"@id\":\"https:\\\/\\\/www.espigul.com\\\/ca\\\/treballa-amb-nosaltres-2\\\/#breadcrumb\",\"itemListElement\":[{\"@type\":\"ListItem\",\"position\":1,\"name\":\"Inici\",\"item\":\"https:\\\/\\\/www.espigul.com\\\/inici-2\\\/\"},{\"@type\":\"ListItem\",\"position\":2,\"name\":\"Treballa amb nosaltres\"}]},{\"@type\":\"WebSite\",\"@id\":\"https:\\\/\\\/www.espigul.com\\\/ca\\\/#website\",\"url\":\"https:\\\/\\\/www.espigul.com\\\/ca\\\/\",\"name\":\"Esp\u00edgul\",\"description\":\"La immobili\u00e0ria l\u00edder de Girona\",\"publisher\":{\"@id\":\"https:\\\/\\\/www.espigul.com\\\/ca\\\/#organization\"},\"potentialAction\":[{\"@type\":\"SearchAction\",\"target\":{\"@type\":\"EntryPoint\",\"urlTemplate\":\"https:\\\/\\\/www.espigul.com\\\/ca\\\/?s={search_term_string}\"},\"query-input\":{\"@type\":\"PropertyValueSpecification\",\"valueRequired\":true,\"valueName\":\"search_term_string\"}}],\"inLanguage\":\"ca\"},{\"@type\":\"Organization\",\"@id\":\"https:\\\/\\\/www.espigul.com\\\/ca\\\/#organization\",\"name\":\"Esp\u00edgul\",\"url\":\"https:\\\/\\\/www.espigul.com\\\/ca\\\/\",\"logo\":{\"@type\":\"ImageObject\",\"inLanguage\":\"ca\",\"@id\":\"https:\\\/\\\/www.espigul.com\\\/ca\\\/#\\\/schema\\\/logo\\\/image\\\/\",\"url\":\"https:\\\/\\\/www.espigul.com\\\/wp-content\\\/uploads\\\/2023\\\/08\\\/espigul-block.png\",\"contentUrl\":\"https:\\\/\\\/www.espigul.com\\\/wp-content\\\/uploads\\\/2023\\\/08\\\/espigul-block.png\",\"width\":384,\"height\":240,\"caption\":\"Esp\u00edgul\"},\"image\":{\"@id\":\"https:\\\/\\\/www.espigul.com\\\/ca\\\/#\\\/schema\\\/logo\\\/image\\\/\"},\"sameAs\":[\"https:\\\/\\\/www.instagram.com\\\/immoespigul\\\/\",\"https:\\\/\\\/www.youtube.com\\\/channel\\\/UCYyD-WWfbCFpCXau4SQOGKQ\"]}]}<\/script>\n<!-- \/ Yoast SEO plugin. -->","yoast_head_json":{"title":"Treballa amb nosaltres - Esp\u00edgul","robots":{"index":"index","follow":"follow","max-snippet":"max-snippet:-1","max-image-preview":"max-image-preview:large","max-video-preview":"max-video-preview:-1"},"canonical":"https:\/\/www.espigul.com\/ca\/treballa-amb-nosaltres-2\/","og_locale":"ca_ES","og_type":"article","og_title":"Treballa amb nosaltres - Esp\u00edgul","og_description":"Per qu\u00e8 treballar a Esp\u00edgul? COMPROM\u00cdS PROFESSIONALITAT ASSESSORAMENT TREBALL EN EQUIP TREBALLA AMB NOSALTRES Si esteu buscant una carrera din\u00e0mica en el sector immobiliari i voleu formar part d\u2019un equip comprom\u00e8s amb l\u2019excel\u00b7l\u00e8ncia i la satisfacci\u00f3 del client, volem escoltar-vos. Busquem professionals motivats amb una mentalitat orientada al servei i una voluntat de superaci\u00f3 constant....","og_url":"https:\/\/www.espigul.com\/ca\/treballa-amb-nosaltres-2\/","og_site_name":"Esp\u00edgul","article_modified_time":"2026-09-03T11:54:26+00:00","og_image":[{"width":645,"height":430,"url":"https:\/\/www.espigul.com\/wp-content\/uploads\/2026\/09\/Hero-1.jpg","type":"image\/jpeg"}],"twitter_card":"summary_large_image","twitter_misc":{"Temps estimat de lectura":"1 minut"},"schema":{"@context":"https:\/\/schema.org","@graph":[{"@type":"WebPage","@id":"https:\/\/www.espigul.com\/ca\/treballa-amb-nosaltres-2\/","url":"https:\/\/www.espigul.com\/ca\/treballa-amb-nosaltres-2\/","name":"Treballa amb nosaltres - Esp\u00edgul","isPartOf":{"@id":"https:\/\/www.espigul.com\/ca\/#website"},"primaryImageOfPage":{"@id":"https:\/\/www.espigul.com\/ca\/treballa-amb-nosaltres-2\/#primaryimage"},"image":{"@id":"https:\/\/www.espigul.com\/ca\/treballa-amb-nosaltres-2\/#primaryimage"},"thumbnailUrl":"https:\/\/www.espigul.com\/wp-content\/uploads\/2026\/09\/Hero-1.jpg","datePublished":"2026-09-03T08:46:58+00:00","dateModified":"2026-09-03T11:54:26+00:00","breadcrumb":{"@id":"https:\/\/www.espigul.com\/ca\/treballa-amb-nosaltres-2\/#breadcrumb"},"inLanguage":"ca","potentialAction":[{"@type":"ReadAction","target":["https:\/\/www.espigul.com\/ca\/treballa-amb-nosaltres-2\/"]}]},{"@type":"ImageObject","inLanguage":"ca","@id":"https:\/\/www.espigul.com\/ca\/treballa-amb-nosaltres-2\/#primaryimage","url":"https:\/\/www.espigul.com\/wp-content\/uploads\/2026\/09\/Hero-1.jpg","contentUrl":"https:\/\/www.espigul.com\/wp-content\/uploads\/2026\/09\/Hero-1.jpg"},{"@type":"BreadcrumbList","@id":"https:\/\/www.espigul.com\/ca\/treballa-amb-nosaltres-2\/#breadcrumb","itemListElement":[{"@type":"ListItem","position":1,"name":"Inici","item":"https:\/\/www.espigul.com\/inici-2\/"},{"@type":"ListItem","position":2,"name":"Treballa amb nosaltres"}]},{"@type":"WebSite","@id":"https:\/\/www.espigul.com\/ca\/#website","url":"https:\/\/www.espigul.com\/ca\/","name":"Esp\u00edgul","description":"La immobili\u00e0ria l\u00edder de Girona","publisher":{"@id":"https:\/\/www.espigul.com\/ca\/#organization"},"potentialAction":[{"@type":"SearchAction","target":{"@type":"EntryPoint","urlTemplate":"https:\/\/www.espigul.com\/ca\/?s={search_term_string}"},"query-input":{"@type":"PropertyValueSpecification","valueRequired":true,"valueName":"search_term_string"}}],"inLanguage":"ca"},{"@type":"Organization","@id":"https:\/\/www.espigul.com\/ca\/#organization","name":"Esp\u00edgul","url":"https:\/\/www.espigul.com\/ca\/","logo":{"@type":"ImageObject","inLanguage":"ca","@id":"https:\/\/www.espigul.com\/ca\/#\/schema\/logo\/image\/","url":"https:\/\/www.espigul.com\/wp-content\/uploads\/2023\/08\/espigul-block.png","contentUrl":"https:\/\/www.espigul.com\/wp-content\/uploads\/2023\/08\/espigul-block.png","width":384,"height":240,"caption":"Esp\u00edgul"},"image":{"@id":"https:\/\/www.espigul.com\/ca\/#\/schema\/logo\/image\/"},"sameAs":["https:\/\/www.instagram.com\/immoespigul\/","https:\/\/www.youtube.com\/channel\/UCYyD-WWfbCFpCXau4SQOGKQ"]}]}},"uagb_featured_image_src":{"full":false,"thumbnail":false,"medium":false,"medium_large":false,"large":false,"1536x1536":false,"2048x2048":false,"gform-image-choice-sm":false,"gform-image-choice-md":false,"gform-image-choice-lg":false},"uagb_author_info":{"display_name":"Joaquin Zamora","author_link":"https:\/\/www.espigul.com\/ca\/author\/joaquin-zamora\/"},"uagb_comment_info":0,"uagb_excerpt":"Per qu\u00e8 treballar a Esp\u00edgul? COMPROM\u00cdS PROFESSIONALITAT ASSESSORAMENT TREBALL EN EQUIP TREBALLA AMB NOSALTRES Si esteu buscant una carrera din\u00e0mica en el sector immobiliari i voleu formar part d\u2019un equip comprom\u00e8s amb l\u2019excel\u00b7l\u00e8ncia i la satisfacci\u00f3 del client, volem escoltar-vos. Busquem professionals motivats amb una mentalitat orientada al servei i una voluntat de superaci\u00f3 constant....","_links":{"self":[{"href":"https:\/\/www.espigul.com\/ca\/wp-json\/wp\/v2\/pages\/479725","targetHints":{"allow":["GET"]}}],"collection":[{"href":"https:\/\/www.espigul.com\/ca\/wp-json\/wp\/v2\/pages"}],"about":[{"href":"https:\/\/www.espigul.com\/ca\/wp-json\/wp\/v2\/types\/page"}],"author":[{"embeddable":true,"href":"https:\/\/www.espigul.com\/ca\/wp-json\/wp\/v2\/users\/9"}],"replies":[{"embeddable":true,"href":"https:\/\/www.espigul.com\/ca\/wp-json\/wp\/v2\/comments?post=479725"}],"version-history":[{"count":2,"href":"https:\/\/www.espigul.com\/ca\/wp-json\/wp\/v2\/pages\/479725\/revisions"}],"predecessor-version":[{"id":479731,"href":"https:\/\/www.espigul.com\/ca\/wp-json\/wp\/v2\/pages\/479725\/revisions\/479731"}],"wp:attachment":[{"href":"https:\/\/www.espigul.com\/ca\/wp-json\/wp\/v2\/media?parent=479725"}],"curies":[{"name":"wp","href":"https:\/\/api.w.org\/{rel}","templated":true}]}}