{"id":479666,"date":"2026-09-03T10:56:56","date_gmt":"2026-09-03T08:56:56","guid":{"rendered":"https:\/\/www.espigul.com\/vendre-2\/"},"modified":"2026-09-03T13:53:33","modified_gmt":"2026-09-03T11:53:33","slug":"vendre-2","status":"publish","type":"page","link":"https:\/\/www.espigul.com\/ca\/vendre-2\/","title":{"rendered":"Vendre"},"content":{"rendered":"\n<div class=\"wp-block-uagb-container uagb-block-2d1483d0 alignfull uagb-is-root-container\"><div class=\"uagb-container-inner-blocks-wrap\"><section class=\"hero-section hero-section--equal align wp-block-acf-hero\">\n\t<div class=\"hero__section hero__section--left\">\n\t\t\t\t\t<img decoding=\"async\" src=\"https:\/\/www.espigul.com\/wp-content\/uploads\/2026\/09\/vender-01.jpg\" alt=\"\">\n\t\t\t\t\t\t<\/div>\n\t<div class=\"hero__section hero__section--right hero__section--right--image_top\">\n\t\t\t\t\t<div class=\"hero__section__main\">\n\t\t\t\t\t\t\t\t\t\t\t\t\t<h1 class=\"hero__title\">De \u2018Se Vende\u2019 a \u2018Vendido\u2019 antes de lo que imaginas.<\/h1>\n\t\t\t\t\t\t\t<\/div>\n\t\t\t\t\t\t\t<div class=\"hero__subimage\">\n\t\t\t\t<figure>\n\t\t\t\t\t<img decoding=\"async\" src=\"https:\/\/www.espigul.com\/wp-content\/uploads\/2026\/09\/vender-02.jpg\" alt=\"\">\n\t\t\t\t\t\t\t\t\t<\/figure>\n\t\t\t<\/div>\n\t\t\t\t\t\t\t<div class=\"hero__subtitle\"><p>Esp\u00edgul es una constructora, promotora e inmobiliaria especializada en la compra, venta y alquiler de propiedades.<\/p>\n<p>Nuestro equipo de asesores inmobiliarios expertos trabaja para ofrecer un servicio cercano, transparente y orientado a resultados.<\/p>\n<p>La experiencia en el mercado inmobiliario local permite que ayudemos a cada cliente a tomar decisiones seguras, ya sea para vender una vivienda, comprar una propiedad o invertir con \u00e9xito.<\/p>\n<\/div>\n\t\t\t<\/div>\n<\/section>\n    <\/div><\/div>\n\n<div class=\"wp-block-uagb-container uagb-block-760251d6 alignfull uagb-is-root-container\"><div class=\"uagb-container-inner-blocks-wrap\">\n<div class=\"wp-block-uagb-container uagb-block-049415ea\">\n<p class=\"has-text-align-center wp-block-paragraph\">Esp\u00edgul Real Estate Group<\/p>\n\n\n\n<h2 class=\"wp-block-heading has-text-align-center has-4-x-large-font-size\">Venem la vostra propietat amb una estrat\u00e8gia cuidada de principi a fi<\/h2>\n<\/div>\n\n\n\n<div class=\"wp-block-uagb-container uagb-block-b5b4a567\">\n<figure class=\"wp-block-image aligncenter size-full\"><img decoding=\"async\" src=\"https:\/\/staging.espigul.com\/wp-content\/uploads\/2026\/08\/vender-1.jpg\" alt=\"\" class=\"wp-image-378217\"\/><figcaption class=\"wp-element-caption\">EST. 1989<\/figcaption><\/figure>\n<\/div>\n\n\n\n<div class=\"wp-block-uagb-container uagb-block-63c58c49\">\n<p class=\"has-text-align-center has-custom-css has-seasons-font-family has-x-large-font-size wp-custom-css-b800fe01 wp-block-paragraph\">A Esp\u00edgul us acompanyem en tot el proc\u00e9s de venda amb una estrat\u00e8gia cuidada, una comercialitzaci\u00f3 efica\u00e7 i un assessorament proper i professional.<\/p>\n<\/div>\n<\/div><\/div>\n\n<div class=\"wp-block-uagb-container uagb-block-bef51601 alignfull uagb-is-root-container\"><div class=\"uagb-container-inner-blocks-wrap\">    <div>\n                <div class=\"proposta-grid proposta__item\">\n                            <div class=\"proposta__item__image\">\n                    <img decoding=\"async\" class=\"proposta-image\" src=\"https:\/\/www.espigul.com\/wp-content\/uploads\/2026\/09\/proposta-vender-1.jpg\" alt=\"\"\/>\n                <\/div>\n                        <div class=\"proposta__item__counter\">\n                <p>01<\/p>\n            <\/div>\n            <div class=\"proposta__item__title\">\n                                    <h2>Valoraci\u00f3n y estrategia de comercializaci\u00f3n<\/h2>\n                            <\/div>\n            <div class=\"proposta__item__subtitle\">\n                                    <p>Analizamos su propiedad y el mercado para definir el mejor posicionamiento y una estrategia de venta adaptada a su singularidad.<\/p>\n                            <\/div>\n                    <\/div>\n                <div class=\"proposta-grid proposta__item\">\n                            <div class=\"proposta__item__image\">\n                    <img decoding=\"async\" class=\"proposta-image\" src=\"https:\/\/www.espigul.com\/wp-content\/uploads\/2026\/09\/proposta-vender-2.jpg\" alt=\"\"\/>\n                <\/div>\n                        <div class=\"proposta__item__counter\">\n                <p>02<\/p>\n            <\/div>\n            <div class=\"proposta__item__title\">\n                                    <h2>Preparaci\u00f3n y producci\u00f3n comercial<\/h2>\n                            <\/div>\n            <div class=\"proposta__item__subtitle\">\n                                    <p>Preparamos cada detalle y creamos un material visual y comercial capaz de transmitir todo el valor del inmueble.<\/p>\n                            <\/div>\n                    <\/div>\n                <div class=\"proposta-grid proposta__item\">\n                            <div class=\"proposta__item__image\">\n                    <img decoding=\"async\" class=\"proposta-image\" src=\"https:\/\/www.espigul.com\/wp-content\/uploads\/2026\/09\/proposta-vender-3.jpg\" alt=\"\"\/>\n                <\/div>\n                        <div class=\"proposta__item__counter\">\n                <p>03<\/p>\n            <\/div>\n            <div class=\"proposta__item__title\">\n                                    <h2>Comercializaci\u00f3n y gesti\u00f3n de compradores<\/h2>\n                            <\/div>\n            <div class=\"proposta__item__subtitle\">\n                                    <p>Presentamos la propiedad a compradores cualificados, gestionando las visitas con criterio, discreci\u00f3n y eficiencia.<\/p>\n                            <\/div>\n                    <\/div>\n                <div class=\"proposta-grid proposta__item\">\n                            <div class=\"proposta__item__image\">\n                    <img decoding=\"async\" class=\"proposta-image\" src=\"https:\/\/www.espigul.com\/wp-content\/uploads\/2026\/09\/proposta-vender-4.jpg\" alt=\"\"\/>\n                <\/div>\n                        <div class=\"proposta__item__counter\">\n                <p>04<\/p>\n            <\/div>\n            <div class=\"proposta__item__title\">\n                                    <h2>Negociaci\u00f3n y cierre de la operaci\u00f3n<\/h2>\n                            <\/div>\n            <div class=\"proposta__item__subtitle\">\n                                    <p>Le acompa\u00f1amos durante toda la negociaci\u00f3n y coordinamos el proceso hasta la firma en notar\u00eda con total seguridad y tranquilidad.<\/p>\n                            <\/div>\n                    <\/div>\n            <\/div>\n    <\/div><\/div>\n\n<div class=\"wp-block-uagb-container uagb-layout-grid uagb-block-c18ca687 alignfull uagb-is-root-container\"><div class=\"uagb-container-inner-blocks-wrap\">\n<div class=\"wp-block-uagb-container uagb-block-44b943d5\">\n<figure class=\"wp-block-image size-full has-custom-css wp-custom-css-36d2cc4d\"><img loading=\"lazy\" decoding=\"async\" width=\"901\" height=\"926\" src=\"https:\/\/www.espigul.com\/wp-content\/uploads\/2026\/09\/vender-04.jpg\" alt=\"\" class=\"wp-image-477780\" srcset=\"https:\/\/www.espigul.com\/wp-content\/uploads\/2026\/09\/vender-04.jpg 901w, https:\/\/www.espigul.com\/wp-content\/uploads\/2026\/09\/vender-04-292x300.jpg 292w, https:\/\/www.espigul.com\/wp-content\/uploads\/2026\/09\/vender-04-768x789.jpg 768w\" sizes=\"auto, (max-width: 901px) 100vw, 901px\" \/><\/figure>\n<\/div>\n\n\n\n<div class=\"wp-block-uagb-container uagb-block-deec8124\">\n<p class=\"has-text-align-center has-small-font-size wp-block-paragraph\" style=\"margin-top:0;margin-bottom:0;text-transform:uppercase\">M\u00e0rqueting<\/p>\n\n\n\n<div class=\"wp-block-uagb-container uagb-block-704d5049\">\n<h2 class=\"wp-block-heading has-text-align-center has-2-x-large-font-size\">A trav\u00e9s del m\u00e0rqueting creem una connexi\u00f3 amb aquelles persones que busquen espais \u00fanics on viure moments extraordinaris.<\/h2>\n<\/div>\n\n\n\n<figure class=\"wp-block-image aligncenter size-full\" style=\"margin-top:0;margin-bottom:var(--wp--preset--spacing--80)\"><img loading=\"lazy\" decoding=\"async\" width=\"486\" height=\"358\" src=\"https:\/\/www.espigul.com\/wp-content\/uploads\/2026\/09\/vender-05.jpg\" alt=\"\" class=\"wp-image-477781\" srcset=\"https:\/\/www.espigul.com\/wp-content\/uploads\/2026\/09\/vender-05.jpg 486w, https:\/\/www.espigul.com\/wp-content\/uploads\/2026\/09\/vender-05-400x295.jpg 400w\" sizes=\"auto, (max-width: 486px) 100vw, 486px\" \/><\/figure>\n\n\n\n<p class=\"has-text-align-center wp-block-paragraph\">Transmetre el valor m\u00e9s enll\u00e0 <br\/>de la propietat<\/p>\n<\/div>\n<\/div><\/div>\n\n<div class=\"wp-block-uagb-container uagb-block-6b4e19e1 alignfull uagb-is-root-container\"><div class=\"uagb-container-inner-blocks-wrap\">\n<div class=\"wp-block-uagb-container uagb-block-01c71d9e\">\n<h2 class=\"wp-block-heading has-3-x-large-font-size\">Un equip de m\u00e0rqueting dedicat a maximitzar el valor de la vostra propietat<\/h2>\n<\/div>\n\n\n\n<div class=\"wp-block-uagb-container uagb-block-b5fcbd91\"><\/div>\n<\/div><\/div>\n\n<div class=\"wp-block-uagb-container uagb-layout-grid uagb-block-9c0a354d alignfull uagb-is-root-container\"><div class=\"uagb-container-inner-blocks-wrap\">\n<div class=\"wp-block-uagb-container uagb-block-bb5f0743\">\n<figure class=\"wp-block-image size-full\"><img loading=\"lazy\" decoding=\"async\" width=\"815\" height=\"604\" src=\"https:\/\/www.espigul.com\/wp-content\/uploads\/2026\/09\/vender-06.jpg\" alt=\"\" class=\"wp-image-477782\" srcset=\"https:\/\/www.espigul.com\/wp-content\/uploads\/2026\/09\/vender-06.jpg 815w, https:\/\/www.espigul.com\/wp-content\/uploads\/2026\/09\/vender-06-400x296.jpg 400w, https:\/\/www.espigul.com\/wp-content\/uploads\/2026\/09\/vender-06-768x569.jpg 768w\" sizes=\"auto, (max-width: 815px) 100vw, 815px\" \/><\/figure>\n<\/div>\n\n\n\n<div class=\"wp-block-uagb-container uagb-block-f8310860\">\n<p class=\"has-small-font-size wp-block-paragraph\">ESP\u00cdGUL REAL ESTATE GROUP<\/p>\n\n\n\n<p class=\"has-seasons-font-family wp-block-paragraph\">A Esp\u00edgul Real Estate no ens limitem a publicar propietats en portals immobiliaris. Comptem amb un equip de m\u00e0rqueting especialitzat que desenvolupa estrat\u00e8gies personalitzades per a cada immoble, amb l\u2019objectiu de posicionar-lo davant del comprador adequat i maximitzar-ne el valor al mercat. Analitzem cada propietat de manera estrat\u00e8gica i dissenyem un pla de m\u00e0rqueting espec\u00edfic que combina creativitat, tecnologia i dades per aconseguir la millor visibilitat possible.  <\/p>\n\n\n\n<p class=\"has-seasons-font-family wp-block-paragraph\">Utilitzem eines avan\u00e7ades i intel\u00b7lig\u00e8ncia artificial per potenciar la comercialitzaci\u00f3 de cada actiu. Gr\u00e0cies a l\u2019automatitzaci\u00f3 i a l\u2019an\u00e0lisi de dades, podem identificar perfils de compradors potencials, optimitzar la difusi\u00f3 dels anuncis i ajustar les campanyes en temps real per arribar a qui realment est\u00e0 buscant una propietat com la vostra. Aix\u00f2 ens permet accelerar els processos de venda, prioritzar oportunitats reals i prendre decisions basades en dades, maximitzant aix\u00ed l\u2019impacte de cada acci\u00f3 de m\u00e0rqueting.  <\/p>\n<\/div>\n\n\n\n<div class=\"wp-block-uagb-container uagb-block-9698a9da\">\n<figure class=\"wp-block-image alignright size-full is-resized\"><img loading=\"lazy\" decoding=\"async\" width=\"659\" height=\"751\" src=\"https:\/\/www.espigul.com\/wp-content\/uploads\/2026\/09\/vender-07.jpg\" alt=\"\" class=\"wp-image-477783\" style=\"width:321px\" srcset=\"https:\/\/www.espigul.com\/wp-content\/uploads\/2026\/09\/vender-07.jpg 659w, https:\/\/www.espigul.com\/wp-content\/uploads\/2026\/09\/vender-07-263x300.jpg 263w\" sizes=\"auto, (max-width: 659px) 100vw, 659px\" \/><\/figure>\n<\/div>\n<\/div><\/div>\n\n<div class=\"wp-block-uagb-container uagb-layout-grid uagb-block-b4775ceb alignfull uagb-is-root-container\"><div class=\"uagb-container-inner-blocks-wrap\">\n<div class=\"wp-block-uagb-container uagb-block-7f1e8019\">\n<figure class=\"wp-block-image size-full\"><img loading=\"lazy\" decoding=\"async\" width=\"321\" height=\"399\" src=\"https:\/\/www.espigul.com\/wp-content\/uploads\/2026\/09\/vender-08.jpg\" alt=\"\" class=\"wp-image-477784\" srcset=\"https:\/\/www.espigul.com\/wp-content\/uploads\/2026\/09\/vender-08.jpg 321w, https:\/\/www.espigul.com\/wp-content\/uploads\/2026\/09\/vender-08-241x300.jpg 241w\" sizes=\"auto, (max-width: 321px) 100vw, 321px\" \/><\/figure>\n<\/div>\n\n\n\n<div class=\"wp-block-uagb-container uagb-block-886294ae\"><\/div>\n\n\n\n<div class=\"wp-block-uagb-container uagb-block-6e4fa4da\"><\/div>\n\n\n\n<div class=\"wp-block-uagb-container uagb-block-9c855cfd\"><\/div>\n<\/div><\/div>\n\n<div class=\"wp-block-uagb-container uagb-block-c2c219bd alignfull uagb-is-root-container\"><div class=\"uagb-container-inner-blocks-wrap\">\n<div class=\"wp-block-uagb-container uagb-block-c55d4507\">\n<p class=\"has-text-align-center has-small-font-size wp-block-paragraph\" style=\"text-transform:uppercase\">Reportatges<\/p>\n\n\n\n<h2 class=\"wp-block-heading has-text-align-center\">Pioners en innovaci\u00f3 tecnol\u00f2gica, amb un equip fotogr\u00e0fic propi altament especialitzat que garanteix qualitat, creativitat i control en cada projecte.<\/h2>\n<\/div>\n\n\n<div class=\"publicacions publicacions-masonry\">\n    <div class=\"publicacions-masonry__item publicacions-masonry__item--1\">\n    <div class=\"js-player\">\n        <iframe loading=\"lazy\" title=\"Vivienda en el coraz\u00f3n del Quadrat d&amp;apos;Or de la Dreta de l&amp;apos;Eixample\" width=\"563\" height=\"1000\" src=\"https:\/\/www.youtube.com\/embed\/n5v4o5hNlzY?feature=oembed\" frameborder=\"0\" allow=\"accelerometer; autoplay; clipboard-write; encrypted-media; gyroscope; picture-in-picture; web-share\" referrerpolicy=\"strict-origin-when-cross-origin\" allowfullscreen><\/iframe>    <\/div>\n<\/div>\n<div class=\"publicacions-masonry__item publicacions-masonry__item--2\">\n    <div class=\"js-player\">\n        <iframe loading=\"lazy\" title=\"En Sant Andreu de Llavaneres, el conjunto residencial m\u00e1s exclusivo de la costa.\" width=\"563\" height=\"1000\" src=\"https:\/\/www.youtube.com\/embed\/Ui5bNMCm8tA?feature=oembed\" frameborder=\"0\" allow=\"accelerometer; autoplay; clipboard-write; encrypted-media; gyroscope; picture-in-picture; web-share\" referrerpolicy=\"strict-origin-when-cross-origin\" allowfullscreen><\/iframe>    <\/div>\n<\/div>\n<div class=\"publicacions-masonry__item publicacions-masonry__item--3\">\n    <div class=\"js-player\">\n        <iframe loading=\"lazy\" title=\"Vivienda en planta alta en la Antiga Esquerra de l&amp;apos;Eixample\" width=\"563\" height=\"1000\" src=\"https:\/\/www.youtube.com\/embed\/nIkOpBfCjgg?feature=oembed\" frameborder=\"0\" allow=\"accelerometer; autoplay; clipboard-write; encrypted-media; gyroscope; picture-in-picture; web-share\" referrerpolicy=\"strict-origin-when-cross-origin\" allowfullscreen><\/iframe>    <\/div>\n<\/div>\n<div class=\"publicacions-masonry__item publicacions-masonry__item--4\">\n    <div class=\"js-player\">\n        <iframe loading=\"lazy\" title=\"Habitatge a Tei\u00e0 per a qui busca privacitat, amplitud i una manera de viure connectada amb l&amp;apos;entorn\" width=\"563\" height=\"1000\" src=\"https:\/\/www.youtube.com\/embed\/dWaJZwWwM1o?feature=oembed\" frameborder=\"0\" allow=\"accelerometer; autoplay; clipboard-write; encrypted-media; gyroscope; picture-in-picture; web-share\" referrerpolicy=\"strict-origin-when-cross-origin\" allowfullscreen><\/iframe>    <\/div>\n<\/div>\n<div class=\"publicacions-masonry__item publicacions-masonry__item--5\">\n    <div class=\"js-player\">\n        <iframe loading=\"lazy\" title=\"Piso de obra nueva con vistas al mar y a la monta\u00f1a, en Sant Andreu de Llavaneres.\" width=\"563\" height=\"1000\" src=\"https:\/\/www.youtube.com\/embed\/popwivVj7Qs?feature=oembed\" frameborder=\"0\" allow=\"accelerometer; autoplay; clipboard-write; encrypted-media; gyroscope; picture-in-picture; web-share\" referrerpolicy=\"strict-origin-when-cross-origin\" allowfullscreen><\/iframe>    <\/div>\n<\/div>\n<div class=\"publicacions-masonry__item publicacions-masonry__item--6\">\n    <div class=\"js-player\">\n        <iframe loading=\"lazy\" title=\"Una de les cases m\u00e9s emblem\u00e0tiques de Sant Cugat\" width=\"563\" height=\"1000\" src=\"https:\/\/www.youtube.com\/embed\/b6DCusNRWPE?feature=oembed\" frameborder=\"0\" allow=\"accelerometer; autoplay; clipboard-write; encrypted-media; gyroscope; picture-in-picture; web-share\" referrerpolicy=\"strict-origin-when-cross-origin\" allowfullscreen><\/iframe>    <\/div>\n<\/div>\n<div class=\"publicacions-masonry__item publicacions-masonry__item--7\">\n    <div class=\"js-player\">\n        <iframe loading=\"lazy\" title=\"\u00c1tico excepcional de 256 m\u00b2, completamente reformado, en Passeig de Gr\u00e0cia\" width=\"563\" height=\"1000\" src=\"https:\/\/www.youtube.com\/embed\/B6y0Oo4KXe0?feature=oembed\" frameborder=\"0\" allow=\"accelerometer; autoplay; clipboard-write; encrypted-media; gyroscope; picture-in-picture; web-share\" referrerpolicy=\"strict-origin-when-cross-origin\" allowfullscreen><\/iframe>    <\/div>\n<\/div>\n<\/div>\n\n<script>\n    document.addEventListener('DOMContentLoaded', () => {\n        if (typeof Swiper !== 'undefined') {\n            document.querySelectorAll('.publicacions-slider.swiper').forEach((el) => {\n                new Swiper(el, {\n                    slidesPerView: 1.25,\n                    spaceBetween: 16,\n                    grabCursor: true,\n                    freeMode: {\n                        enabled: true,\n                    },\n                    allowTouchMove: true,\n                    simulateTouch: true,\n                    mousewheel: false,\n                    breakpoints: {\n                        768: {\n                            slidesPerView: 2\n                        },\n                        1024: {\n                            slidesPerView: 3\n                        }\n                    }\n                });\n            });\n        }\n\n        if (typeof Plyr !== 'undefined') {\n            Plyr.setup('.js-player', {\n                controls: ['play'],\n                youtube: {\n                    controls: 0,\n                    modestbranding: 1,\n                    rel: 0,\n                    showinfo: 0,\n                    iv_load_policy: 3,\n                }\n            });\n        }\n\n        document.querySelectorAll('.plyr__video-wrapper').forEach((wrapper) => {\n            wrapper.addEventListener('click', (e) => {\n                e.stopPropagation();\n                e.preventDefault();\n            });\n        });\n    });\n<\/script>\n<\/div><\/div>\n\n<div class=\"wp-block-uagb-container uagb-block-4c2b176e alignfull uagb-is-root-container\"><div class=\"uagb-container-inner-blocks-wrap\">\n<div class=\"wp-block-uagb-container uagb-block-2f6a57fe\"><\/div>\n\n\n\n<div class=\"wp-block-uagb-container uagb-block-25159ba8\">\n<div class=\"wp-block-uagb-container uagb-block-13e01428\">\n<h2 class=\"wp-block-heading has-4-x-large-font-size\">A Esp\u00edgul cuidem cada detall per transmetre no nom\u00e9s com \u00e9s una propietat, sin\u00f3 com se sent.<\/h2>\n<\/div>\n\n\n\n<div class=\"wp-block-uagb-container uagb-layout-grid uagb-block-0cbbe019\">\n<div class=\"wp-block-uagb-container uagb-block-a0b021af\">\n<p class=\"has-seasons-font-family wp-block-paragraph\">Per millorar la visibilitat de totes les propietats, fer-les m\u00e9s atractives i amb m\u00e9s capacitat de captar compradors qualificats, disposem d\u2019un equip audiovisual intern especialitzat en fotografia i v\u00eddeo immobiliari. Combinem fotografia professional, v\u00eddeo i edici\u00f3 avan\u00e7ada d\u2019imatge per crear reportatges d\u2019alta qualitat. <\/p>\n\n\n\n<p class=\"has-seasons-font-family wp-block-paragraph\">Integrem tecnologia i intel\u00b7lig\u00e8ncia artificial en els nostres processos per optimitzar la presentaci\u00f3 de cada propietat i augmentar-ne l\u2019impacte als portals immobiliaris. Integrem tecnologia i intel\u00b7lig\u00e8ncia artificial en els nostres processos per optimitzar la presentaci\u00f3 de cada propietat i augmentar-ne l\u2019impacte als portals immobiliaris. <\/p>\n<\/div>\n\n\n\n<div class=\"wp-block-uagb-container uagb-block-c229a494\">\n<p class=\"has-seasons-font-family wp-block-paragraph\">A trav\u00e9s d\u2019una comunicaci\u00f3 cuidada i segmentada, donem visibilitat a les novetats del nostre web, entre elles la vostra propietat, mitjan\u00e7ant stories, v\u00eddeos i publicacions al perfil corporatiu, aix\u00ed com als nostres comptes sat\u00e8l\u00b7lit diferenciats segons zona de propietats i oficina Esp\u00edgul (Girona, integrada al compte principal, Costa Brava, Barcelona, Pirineus i Madrid), maximitzant aix\u00ed el seu abast i posicionament dins del mercat immobiliari d\u2019alt nivell.<\/p>\n\n\n\n<p class=\"has-seasons-font-family wp-block-paragraph\">Les nostres visites mensuals assoleixen una mitjana de 289,3 mil visualitzacions, un abast que consolida la nostra visibilitat digital i refor\u00e7a la comercialitzaci\u00f3 de cada propietat, garantint una exposici\u00f3 \u00f2ptima davant d\u2019un p\u00fablic acuradament seleccionat.<\/p>\n<\/div>\n<\/div>\n<\/div>\n<\/div><\/div>\n","protected":false},"excerpt":{"rendered":"<p>Esp\u00edgul Real Estate Group Venem la vostra propietat amb una estrat\u00e8gia cuidada de principi a fi A Esp\u00edgul us acompanyem en tot el proc\u00e9s de venda amb una estrat\u00e8gia cuidada, una comercialitzaci\u00f3 efica\u00e7 i un assessorament proper i professional. M\u00e0rqueting A trav\u00e9s del m\u00e0rqueting creem una connexi\u00f3 amb aquelles persones que busquen espais \u00fanics on&#8230;<\/p>\n","protected":false},"author":2,"featured_media":0,"parent":0,"menu_order":0,"comment_status":"closed","ping_status":"closed","template":"","meta":{"_acf_changed":false,"_uag_custom_page_level_css":"","footnotes":""},"class_list":["post-479666","page","type-page","status-publish","hentry"],"acf":[],"yoast_head":"<!-- This site is optimized with the Yoast SEO plugin v28.4 - https:\/\/yoast.com\/product\/yoast-seo-wordpress\/ -->\n<title>Vendre - Esp\u00edgul<\/title>\n<meta name=\"robots\" content=\"index, follow, max-snippet:-1, max-image-preview:large, max-video-preview:-1\" \/>\n<link rel=\"canonical\" href=\"https:\/\/www.espigul.com\/ca\/vendre-2\/\" \/>\n<meta property=\"og:locale\" content=\"ca_ES\" \/>\n<meta property=\"og:type\" content=\"article\" \/>\n<meta property=\"og:title\" content=\"Vendre - Esp\u00edgul\" \/>\n<meta property=\"og:description\" content=\"Esp\u00edgul Real Estate Group Venem la vostra propietat amb una estrat\u00e8gia cuidada de principi a fi A Esp\u00edgul us acompanyem en tot el proc\u00e9s de venda amb una estrat\u00e8gia cuidada, una comercialitzaci\u00f3 efica\u00e7 i un assessorament proper i professional. M\u00e0rqueting A trav\u00e9s del m\u00e0rqueting creem una connexi\u00f3 amb aquelles persones que busquen espais \u00fanics on...\" \/>\n<meta property=\"og:url\" content=\"https:\/\/www.espigul.com\/ca\/vendre-2\/\" \/>\n<meta property=\"og:site_name\" content=\"Esp\u00edgul\" \/>\n<meta property=\"article:modified_time\" content=\"2026-09-03T11:53:33+00:00\" \/>\n<meta property=\"og:image\" content=\"https:\/\/staging.espigul.com\/wp-content\/uploads\/2026\/08\/vender-1.jpg\" \/>\n<meta name=\"twitter:card\" content=\"summary_large_image\" \/>\n<meta name=\"twitter:label1\" content=\"Temps estimat de lectura\" \/>\n\t<meta name=\"twitter:data1\" content=\"3 minuts\" \/>\n<script type=\"application\/ld+json\" class=\"yoast-schema-graph\">{\"@context\":\"https:\\\/\\\/schema.org\",\"@graph\":[{\"@type\":\"WebPage\",\"@id\":\"https:\\\/\\\/www.espigul.com\\\/ca\\\/vendre-2\\\/\",\"url\":\"https:\\\/\\\/www.espigul.com\\\/ca\\\/vendre-2\\\/\",\"name\":\"Vendre - Esp\u00edgul\",\"isPartOf\":{\"@id\":\"https:\\\/\\\/www.espigul.com\\\/ca\\\/#website\"},\"primaryImageOfPage\":{\"@id\":\"https:\\\/\\\/www.espigul.com\\\/ca\\\/vendre-2\\\/#primaryimage\"},\"image\":{\"@id\":\"https:\\\/\\\/www.espigul.com\\\/ca\\\/vendre-2\\\/#primaryimage\"},\"thumbnailUrl\":\"https:\\\/\\\/staging.espigul.com\\\/wp-content\\\/uploads\\\/2026\\\/08\\\/vender-1.jpg\",\"datePublished\":\"2026-09-03T08:56:56+00:00\",\"dateModified\":\"2026-09-03T11:53:33+00:00\",\"breadcrumb\":{\"@id\":\"https:\\\/\\\/www.espigul.com\\\/ca\\\/vendre-2\\\/#breadcrumb\"},\"inLanguage\":\"ca\",\"potentialAction\":[{\"@type\":\"ReadAction\",\"target\":[\"https:\\\/\\\/www.espigul.com\\\/ca\\\/vendre-2\\\/\"]}]},{\"@type\":\"ImageObject\",\"inLanguage\":\"ca\",\"@id\":\"https:\\\/\\\/www.espigul.com\\\/ca\\\/vendre-2\\\/#primaryimage\",\"url\":\"https:\\\/\\\/staging.espigul.com\\\/wp-content\\\/uploads\\\/2026\\\/08\\\/vender-1.jpg\",\"contentUrl\":\"https:\\\/\\\/staging.espigul.com\\\/wp-content\\\/uploads\\\/2026\\\/08\\\/vender-1.jpg\"},{\"@type\":\"BreadcrumbList\",\"@id\":\"https:\\\/\\\/www.espigul.com\\\/ca\\\/vendre-2\\\/#breadcrumb\",\"itemListElement\":[{\"@type\":\"ListItem\",\"position\":1,\"name\":\"Inici\",\"item\":\"https:\\\/\\\/www.espigul.com\\\/inici-2\\\/\"},{\"@type\":\"ListItem\",\"position\":2,\"name\":\"Vendre\"}]},{\"@type\":\"WebSite\",\"@id\":\"https:\\\/\\\/www.espigul.com\\\/ca\\\/#website\",\"url\":\"https:\\\/\\\/www.espigul.com\\\/ca\\\/\",\"name\":\"Esp\u00edgul\",\"description\":\"La immobili\u00e0ria l\u00edder de Girona\",\"publisher\":{\"@id\":\"https:\\\/\\\/www.espigul.com\\\/ca\\\/#organization\"},\"potentialAction\":[{\"@type\":\"SearchAction\",\"target\":{\"@type\":\"EntryPoint\",\"urlTemplate\":\"https:\\\/\\\/www.espigul.com\\\/ca\\\/?s={search_term_string}\"},\"query-input\":{\"@type\":\"PropertyValueSpecification\",\"valueRequired\":true,\"valueName\":\"search_term_string\"}}],\"inLanguage\":\"ca\"},{\"@type\":\"Organization\",\"@id\":\"https:\\\/\\\/www.espigul.com\\\/ca\\\/#organization\",\"name\":\"Esp\u00edgul\",\"url\":\"https:\\\/\\\/www.espigul.com\\\/ca\\\/\",\"logo\":{\"@type\":\"ImageObject\",\"inLanguage\":\"ca\",\"@id\":\"https:\\\/\\\/www.espigul.com\\\/ca\\\/#\\\/schema\\\/logo\\\/image\\\/\",\"url\":\"https:\\\/\\\/www.espigul.com\\\/wp-content\\\/uploads\\\/2023\\\/08\\\/espigul-block.png\",\"contentUrl\":\"https:\\\/\\\/www.espigul.com\\\/wp-content\\\/uploads\\\/2023\\\/08\\\/espigul-block.png\",\"width\":384,\"height\":240,\"caption\":\"Esp\u00edgul\"},\"image\":{\"@id\":\"https:\\\/\\\/www.espigul.com\\\/ca\\\/#\\\/schema\\\/logo\\\/image\\\/\"},\"sameAs\":[\"https:\\\/\\\/www.instagram.com\\\/immoespigul\\\/\",\"https:\\\/\\\/www.youtube.com\\\/channel\\\/UCYyD-WWfbCFpCXau4SQOGKQ\"]}]}<\/script>\n<!-- \/ Yoast SEO plugin. -->","yoast_head_json":{"title":"Vendre - Esp\u00edgul","robots":{"index":"index","follow":"follow","max-snippet":"max-snippet:-1","max-image-preview":"max-image-preview:large","max-video-preview":"max-video-preview:-1"},"canonical":"https:\/\/www.espigul.com\/ca\/vendre-2\/","og_locale":"ca_ES","og_type":"article","og_title":"Vendre - Esp\u00edgul","og_description":"Esp\u00edgul Real Estate Group Venem la vostra propietat amb una estrat\u00e8gia cuidada de principi a fi A Esp\u00edgul us acompanyem en tot el proc\u00e9s de venda amb una estrat\u00e8gia cuidada, una comercialitzaci\u00f3 efica\u00e7 i un assessorament proper i professional. M\u00e0rqueting A trav\u00e9s del m\u00e0rqueting creem una connexi\u00f3 amb aquelles persones que busquen espais \u00fanics on...","og_url":"https:\/\/www.espigul.com\/ca\/vendre-2\/","og_site_name":"Esp\u00edgul","article_modified_time":"2026-09-03T11:53:33+00:00","og_image":[{"url":"https:\/\/staging.espigul.com\/wp-content\/uploads\/2026\/08\/vender-1.jpg","type":"","width":"","height":""}],"twitter_card":"summary_large_image","twitter_misc":{"Temps estimat de lectura":"3 minuts"},"schema":{"@context":"https:\/\/schema.org","@graph":[{"@type":"WebPage","@id":"https:\/\/www.espigul.com\/ca\/vendre-2\/","url":"https:\/\/www.espigul.com\/ca\/vendre-2\/","name":"Vendre - Esp\u00edgul","isPartOf":{"@id":"https:\/\/www.espigul.com\/ca\/#website"},"primaryImageOfPage":{"@id":"https:\/\/www.espigul.com\/ca\/vendre-2\/#primaryimage"},"image":{"@id":"https:\/\/www.espigul.com\/ca\/vendre-2\/#primaryimage"},"thumbnailUrl":"https:\/\/staging.espigul.com\/wp-content\/uploads\/2026\/08\/vender-1.jpg","datePublished":"2026-09-03T08:56:56+00:00","dateModified":"2026-09-03T11:53:33+00:00","breadcrumb":{"@id":"https:\/\/www.espigul.com\/ca\/vendre-2\/#breadcrumb"},"inLanguage":"ca","potentialAction":[{"@type":"ReadAction","target":["https:\/\/www.espigul.com\/ca\/vendre-2\/"]}]},{"@type":"ImageObject","inLanguage":"ca","@id":"https:\/\/www.espigul.com\/ca\/vendre-2\/#primaryimage","url":"https:\/\/staging.espigul.com\/wp-content\/uploads\/2026\/08\/vender-1.jpg","contentUrl":"https:\/\/staging.espigul.com\/wp-content\/uploads\/2026\/08\/vender-1.jpg"},{"@type":"BreadcrumbList","@id":"https:\/\/www.espigul.com\/ca\/vendre-2\/#breadcrumb","itemListElement":[{"@type":"ListItem","position":1,"name":"Inici","item":"https:\/\/www.espigul.com\/inici-2\/"},{"@type":"ListItem","position":2,"name":"Vendre"}]},{"@type":"WebSite","@id":"https:\/\/www.espigul.com\/ca\/#website","url":"https:\/\/www.espigul.com\/ca\/","name":"Esp\u00edgul","description":"La immobili\u00e0ria l\u00edder de Girona","publisher":{"@id":"https:\/\/www.espigul.com\/ca\/#organization"},"potentialAction":[{"@type":"SearchAction","target":{"@type":"EntryPoint","urlTemplate":"https:\/\/www.espigul.com\/ca\/?s={search_term_string}"},"query-input":{"@type":"PropertyValueSpecification","valueRequired":true,"valueName":"search_term_string"}}],"inLanguage":"ca"},{"@type":"Organization","@id":"https:\/\/www.espigul.com\/ca\/#organization","name":"Esp\u00edgul","url":"https:\/\/www.espigul.com\/ca\/","logo":{"@type":"ImageObject","inLanguage":"ca","@id":"https:\/\/www.espigul.com\/ca\/#\/schema\/logo\/image\/","url":"https:\/\/www.espigul.com\/wp-content\/uploads\/2023\/08\/espigul-block.png","contentUrl":"https:\/\/www.espigul.com\/wp-content\/uploads\/2023\/08\/espigul-block.png","width":384,"height":240,"caption":"Esp\u00edgul"},"image":{"@id":"https:\/\/www.espigul.com\/ca\/#\/schema\/logo\/image\/"},"sameAs":["https:\/\/www.instagram.com\/immoespigul\/","https:\/\/www.youtube.com\/channel\/UCYyD-WWfbCFpCXau4SQOGKQ"]}]}},"uagb_featured_image_src":{"full":false,"thumbnail":false,"medium":false,"medium_large":false,"large":false,"1536x1536":false,"2048x2048":false,"gform-image-choice-sm":false,"gform-image-choice-md":false,"gform-image-choice-lg":false},"uagb_author_info":{"display_name":"Anna Ramon","author_link":"https:\/\/www.espigul.com\/ca\/author\/anna-ramon\/"},"uagb_comment_info":0,"uagb_excerpt":"Esp\u00edgul Real Estate Group Venem la vostra propietat amb una estrat\u00e8gia cuidada de principi a fi A Esp\u00edgul us acompanyem en tot el proc\u00e9s de venda amb una estrat\u00e8gia cuidada, una comercialitzaci\u00f3 efica\u00e7 i un assessorament proper i professional. M\u00e0rqueting A trav\u00e9s del m\u00e0rqueting creem una connexi\u00f3 amb aquelles persones que busquen espais \u00fanics on...","_links":{"self":[{"href":"https:\/\/www.espigul.com\/ca\/wp-json\/wp\/v2\/pages\/479666","targetHints":{"allow":["GET"]}}],"collection":[{"href":"https:\/\/www.espigul.com\/ca\/wp-json\/wp\/v2\/pages"}],"about":[{"href":"https:\/\/www.espigul.com\/ca\/wp-json\/wp\/v2\/types\/page"}],"author":[{"embeddable":true,"href":"https:\/\/www.espigul.com\/ca\/wp-json\/wp\/v2\/users\/2"}],"replies":[{"embeddable":true,"href":"https:\/\/www.espigul.com\/ca\/wp-json\/wp\/v2\/comments?post=479666"}],"version-history":[{"count":2,"href":"https:\/\/www.espigul.com\/ca\/wp-json\/wp\/v2\/pages\/479666\/revisions"}],"predecessor-version":[{"id":479688,"href":"https:\/\/www.espigul.com\/ca\/wp-json\/wp\/v2\/pages\/479666\/revisions\/479688"}],"wp:attachment":[{"href":"https:\/\/www.espigul.com\/ca\/wp-json\/wp\/v2\/media?parent=479666"}],"curies":[{"name":"wp","href":"https:\/\/api.w.org\/{rel}","templated":true}]}}