{"id":479628,"date":"2026-09-03T10:34:49","date_gmt":"2026-09-03T08:34:49","guid":{"rendered":"https:\/\/www.espigul.com\/constructora\/"},"modified":"2026-09-03T13:53:00","modified_gmt":"2026-09-03T11:53:00","slug":"constructora","status":"publish","type":"page","link":"https:\/\/www.espigul.com\/ca\/constructora\/","title":{"rendered":"Constructora"},"content":{"rendered":"\n<div class=\"wp-block-uagb-container uagb-block-786a56a3 alignfull uagb-is-root-container\"><div class=\"uagb-container-inner-blocks-wrap\">\n<div class=\"wp-block-uagb-container uagb-block-570cf96b\">\n<p class=\"has-small-font-size wp-block-paragraph\">EST. 1989<\/p>\n\n\n\n<figure class=\"wp-block-image size-full\" style=\"margin-top:0;margin-bottom:0\"><img decoding=\"async\" src=\"https:\/\/staging.espigul.com\/wp-content\/uploads\/2026\/09\/raul-mermans-garcia-_GrJnremSgw-unsplash-1.jpg\" alt=\"\" class=\"wp-image-378392\"\/><\/figure>\n<\/div>\n\n\n\n<div class=\"wp-block-uagb-container uagb-block-6b320c1c\">\n<h1 class=\"wp-block-heading has-4-x-large-font-size\">Treballem amb els millors clients i ells ens trien perqu\u00e8 els ajudem, els assessorem i els gestionem all\u00f2 que m\u00e9s els importa. No som una immobili\u00e0ria convencional, som Esp\u00edgul, una immobili\u00e0ria amb valor afegit i adaptada a l&#8217;era actual. <\/h1>\n\n\n\n<div class=\"wp-block-uagb-container uagb-layout-grid uagb-block-2e22da93\">\n<p class=\"has-seasons-font-family wp-block-paragraph\">Ens encarreguem de reformes integrals en pisos, cases i locals comercials, supervisant cada fase del proc\u00e9s, des del disseny fins a l&#8217;execuci\u00f3 final. A m\u00e9s, constru\u00efm habitatges nous en les millors ubicacions, amb dissenys moderns i eficients. D&#8217;altra banda, si busqueu propietats de luxe, el nostre servei Esp\u00edgul Real Estate Premium ofereix projectes exclusius totalment personalitzats.  <\/p>\n\n\n\n<p class=\"has-seasons-font-family wp-block-paragraph\">La nostra experi\u00e8ncia i equip especialitzat asseguren que cada projecte es completi amb els millors est\u00e0ndards de qualitat i en els terminis establerts. A Esp\u00edgul, oferim una \u00e0mplia gamma de serveis de construcci\u00f3, des de reformes integrals fins a rehabilitaci\u00f3 i obra nova. <\/p>\n<\/div>\n<\/div>\n<\/div><\/div>\n\n<div class=\"wp-block-uagb-container uagb-block-0ec1aacd alignfull uagb-is-root-container\"><div class=\"uagb-container-inner-blocks-wrap\">\n<div class=\"wp-block-uagb-image uagb-block-42049d5b wp-block-uagb-image--layout-default wp-block-uagb-image--effect-static wp-block-uagb-image--align-none\"><figure class=\"wp-block-uagb-image__figure\"><img decoding=\"async\" src=\"https:\/\/www.espigul.com\/wp-content\/uploads\/2026\/09\/constructora-1-1-1300x641.webp\" alt=\"\" class=\"uag-image-478831\" width=\"1300\" height=\"641\" title=\"constructora-1-1\" loading=\"lazy\" role=\"img\" \/><\/figure><\/div>\n<\/div><\/div>\n\n<div class=\"wp-block-uagb-container uagb-block-729bf1d8 alignfull uagb-is-root-container\"><div class=\"uagb-container-inner-blocks-wrap\">    <div>\n                <div class=\"proposta-grid proposta__item\">\n                        <div class=\"proposta__item__counter\">\n                <p>01<\/p>\n            <\/div>\n            <div class=\"proposta__item__title\">\n                                    <h2>Reformes integrals<\/h2>\n                            <\/div>\n            <div class=\"proposta__item__subtitle\">\n                                    <p>Ens especialitzem en reformes integrals de tot tipus d&#039;immobles, des de pisos i cases fins a locals comercials. El nostre equip professional s&#039;encarrega de tot el proc\u00e9s, des del disseny inicial fins a l&#039;execuci\u00f3, utilitzant les \u00faltimes tecnologies en disseny 3D per visualitzar els projectes abans d&#039;iniciar-los. Garantim resultats de qualitat ajustats a les necessitats espec\u00edfiques de cada client.  <\/p>\n                            <\/div>\n                            <div class=\"proposta__item__image\">\n                    <img decoding=\"async\" class=\"proposta-image\" src=\"https:\/\/www.espigul.com\/wp-content\/uploads\/2026\/09\/proposta-1-1.jpg\" alt=\"\"\/>\n                <\/div>\n                    <\/div>\n                <div class=\"proposta-grid proposta__item\">\n                        <div class=\"proposta__item__counter\">\n                <p>02<\/p>\n            <\/div>\n            <div class=\"proposta__item__title\">\n                                    <h2>Rehabilitaci\u00f3<\/h2>\n                            <\/div>\n            <div class=\"proposta__item__subtitle\">\n                                    <p>Som experts en la rehabilitaci\u00f3 d&#039;edificis, locals i habitatges, oferint solucions que no nom\u00e9s renoven els espais, sin\u00f3 que tamb\u00e9 milloren la seva efici\u00e8ncia energ\u00e8tica i funcionalitat. A m\u00e9s, oferim assessorament t\u00e8cnic i legal per assegurar que cada projecte es completi segons la normativa vigent, garantint un proc\u00e9s fluid i sense complicacions. <\/p>\n                            <\/div>\n                            <div class=\"proposta__item__image\">\n                    <img decoding=\"async\" class=\"proposta-image\" src=\"https:\/\/www.espigul.com\/wp-content\/uploads\/2026\/09\/proposta-2-1.jpg\" alt=\"\"\/>\n                <\/div>\n                    <\/div>\n                <div class=\"proposta-grid proposta__item\">\n                        <div class=\"proposta__item__counter\">\n                <p>03<\/p>\n            <\/div>\n            <div class=\"proposta__item__title\">\n                                    <h2>Edificaci\u00f3 i obra nova<\/h2>\n                            <\/div>\n            <div class=\"proposta__item__subtitle\">\n                                    <p>Hem desenvolupat nombrosos projectes d&#039;obra nova a Girona, Barcelona, Andorra i altres zones properes, assegurant-nos que cada detall sigui cuidat al m\u00e0xim. Els nostres dissenys segueixen l\u00ednies senzilles i minimalistes, oferint espais amplis i lluminosos que maximitzen l&#039;efici\u00e8ncia energ\u00e8tica i el confort clim\u00e0tic. Les nostres cases i pisos estan dissenyats per aconseguir l&#039;equilibri perfecte entre est\u00e8tica i funcionalitat, amb acabats de la m\u00e9s alta qualitat.  <\/p>\n                            <\/div>\n                            <div class=\"proposta__item__image\">\n                    <img decoding=\"async\" class=\"proposta-image\" src=\"https:\/\/www.espigul.com\/wp-content\/uploads\/2026\/09\/proposta-3-1.jpg\" alt=\"\"\/>\n                <\/div>\n                    <\/div>\n            <\/div>\n    <\/div><\/div>\n\n<div class=\"wp-block-uagb-container uagb-block-a0c02ced alignfull uagb-is-root-container\"><div class=\"uagb-container-inner-blocks-wrap\">\n<div class=\"wp-block-uagb-container uagb-layout-flex uagb-block-274062cd\">\n<figure class=\"wp-block-image size-full is-resized\" style=\"margin-top:0;margin-bottom:0\"><img loading=\"lazy\" decoding=\"async\" width=\"329\" height=\"438\" src=\"https:\/\/www.espigul.com\/wp-content\/uploads\/2026\/09\/casa.jpg\" alt=\"\" class=\"wp-image-477768\" style=\"width:285px;height:auto\" srcset=\"https:\/\/www.espigul.com\/wp-content\/uploads\/2026\/09\/casa.jpg 329w, https:\/\/www.espigul.com\/wp-content\/uploads\/2026\/09\/casa-225x300.jpg 225w\" sizes=\"auto, (max-width: 329px) 100vw, 329px\" \/><\/figure>\n\n\n\n<p class=\"has-small-font-size wp-block-paragraph\">EST. 1989<\/p>\n<\/div>\n\n\n\n<div class=\"wp-block-uagb-container uagb-block-a47dc0da\">\n<h2 class=\"wp-block-heading has-4-x-large-font-size\">Per garantir una reforma o rehabilitaci\u00f3 reeixida, oferim tots els serveis necessaris per gestionar cada detall del projecte:<\/h2>\n\n\n\n<ul class=\"wp-block-list llista-numerada\">\n<li class=\"has-seasons-font-family has-2-x-large-font-size\">Arquitectura<\/li>\n\n\n\n<li class=\"has-seasons-font-family has-2-x-large-font-size\">Interiorisme<\/li>\n\n\n\n<li class=\"has-seasons-font-family has-2-x-large-font-size\">Instal\u00b7lacions<\/li>\n\n\n\n<li class=\"has-seasons-font-family has-2-x-large-font-size\">Lampisteria<\/li>\n\n\n\n<li class=\"has-seasons-font-family has-2-x-large-font-size\">Fusteria<\/li>\n\n\n\n<li class=\"has-seasons-font-family has-2-x-large-font-size\">Mobiliari<\/li>\n\n\n\n<li class=\"has-seasons-font-family has-2-x-large-font-size\">Electrodom\u00e8stics<\/li>\n\n\n\n<li class=\"has-seasons-font-family has-2-x-large-font-size\">Certificats<\/li>\n<\/ul>\n<\/div>\n<\/div><\/div>\n\n<div class=\"wp-block-uagb-container uagb-layout-grid uagb-block-f8b1fb63 alignfull uagb-is-root-container\"><div class=\"uagb-container-inner-blocks-wrap\">\n<div class=\"wp-block-uagb-container uagb-block-460c4d7b\">\n<p class=\"has-white-color has-text-color has-link-color has-seasons-font-family has-4-x-large-font-size wp-elements-f6372c2b9b708bff5950a708bbd86264 wp-block-paragraph\">Equip de treball<\/p>\n<\/div>\n\n\n\n<div class=\"wp-block-uagb-container uagb-block-8e507923\">\n<p class=\"has-white-color has-text-color has-link-color has-seasons-font-family has-4-x-large-font-size wp-elements-867cb540ad1f3a05eadbadaddc278325 wp-block-paragraph\">Acabats de qualitat<\/p>\n<\/div>\n\n\n\n<div class=\"wp-block-uagb-container uagb-block-a8c91f58\">\n<p class=\"has-white-color has-text-color has-link-color has-seasons-font-family has-4-x-large-font-size wp-elements-adbd61f1c3957e1b627d526f7b8ca9fb wp-block-paragraph\">Experi\u00e8ncia contrastada<\/p>\n<\/div>\n\n\n\n<div class=\"wp-block-uagb-container uagb-block-e8a81634\">\n<p class=\"has-text-align-left has-white-color has-text-color has-link-color has-seasons-font-family has-4-x-large-font-size wp-elements-127eff487e413c18f0315732fc09876a wp-block-paragraph\">Assessorament continu<\/p>\n<\/div>\n\n\n\n<div class=\"wp-block-uagb-container uagb-block-069bef67\">\n<p class=\"has-white-color has-text-color has-link-color has-seasons-font-family has-4-x-large-font-size wp-elements-f28bab25f672888f8f3b95edbae98abf wp-block-paragraph\">Projectes a mida<\/p>\n<\/div>\n\n\n\n<div class=\"wp-block-uagb-container uagb-block-6bdf9c93\">\n<p class=\"has-white-color has-text-color has-link-color has-seasons-font-family has-4-x-large-font-size wp-elements-26c47cc71fe68c225fb26a01e132cc9e wp-block-paragraph\">Comprom\u00eds amb la qualitat<\/p>\n<\/div>\n<\/div><\/div>\n","protected":false},"excerpt":{"rendered":"<p>EST. 1989 Treballem amb els millors clients i ells ens trien perqu\u00e8 els ajudem, els assessorem i els gestionem all\u00f2 que m\u00e9s els importa. No som una immobili\u00e0ria convencional, som Esp\u00edgul, una immobili\u00e0ria amb valor afegit i adaptada a l&#8217;era actual. Ens encarreguem de reformes integrals en pisos, cases i locals comercials, supervisant cada fase&#8230;<\/p>\n","protected":false},"author":9,"featured_media":0,"parent":0,"menu_order":0,"comment_status":"closed","ping_status":"closed","template":"","meta":{"_acf_changed":false,"_uag_custom_page_level_css":"","footnotes":""},"class_list":["post-479628","page","type-page","status-publish","hentry"],"acf":[],"yoast_head":"<!-- This site is optimized with the Yoast SEO plugin v28.4 - https:\/\/yoast.com\/product\/yoast-seo-wordpress\/ -->\n<title>Constructora - Esp\u00edgul<\/title>\n<meta name=\"robots\" content=\"index, follow, max-snippet:-1, max-image-preview:large, max-video-preview:-1\" \/>\n<link rel=\"canonical\" href=\"https:\/\/www.espigul.com\/ca\/constructora\/\" \/>\n<meta property=\"og:locale\" content=\"ca_ES\" \/>\n<meta property=\"og:type\" content=\"article\" \/>\n<meta property=\"og:title\" content=\"Constructora - Esp\u00edgul\" \/>\n<meta property=\"og:description\" content=\"EST. 1989 Treballem amb els millors clients i ells ens trien perqu\u00e8 els ajudem, els assessorem i els gestionem all\u00f2 que m\u00e9s els importa. No som una immobili\u00e0ria convencional, som Esp\u00edgul, una immobili\u00e0ria amb valor afegit i adaptada a l&#8217;era actual. Ens encarreguem de reformes integrals en pisos, cases i locals comercials, supervisant cada fase...\" \/>\n<meta property=\"og:url\" content=\"https:\/\/www.espigul.com\/ca\/constructora\/\" \/>\n<meta property=\"og:site_name\" content=\"Esp\u00edgul\" \/>\n<meta property=\"article:modified_time\" content=\"2026-09-03T11:53:00+00:00\" \/>\n<meta property=\"og:image\" content=\"https:\/\/www.espigul.com\/wp-content\/uploads\/2026\/03\/exclusiva-casa-de-lujo-con-piscina-y-spa-en-el-corazon-de-calella-25098623.webp\" \/>\n\t<meta property=\"og:image:width\" content=\"1600\" \/>\n\t<meta property=\"og:image:height\" content=\"1066\" \/>\n\t<meta property=\"og:image:type\" content=\"image\/webp\" \/>\n<meta name=\"twitter:card\" content=\"summary_large_image\" \/>\n<meta name=\"twitter:label1\" content=\"Temps estimat de lectura\" \/>\n\t<meta name=\"twitter:data1\" content=\"1 minut\" \/>\n<script type=\"application\/ld+json\" class=\"yoast-schema-graph\">{\"@context\":\"https:\\\/\\\/schema.org\",\"@graph\":[{\"@type\":\"WebPage\",\"@id\":\"https:\\\/\\\/www.espigul.com\\\/ca\\\/constructora\\\/\",\"url\":\"https:\\\/\\\/www.espigul.com\\\/ca\\\/constructora\\\/\",\"name\":\"Constructora - Esp\u00edgul\",\"isPartOf\":{\"@id\":\"https:\\\/\\\/www.espigul.com\\\/ca\\\/#website\"},\"primaryImageOfPage\":{\"@id\":\"https:\\\/\\\/www.espigul.com\\\/ca\\\/constructora\\\/#primaryimage\"},\"image\":{\"@id\":\"https:\\\/\\\/www.espigul.com\\\/ca\\\/constructora\\\/#primaryimage\"},\"thumbnailUrl\":\"https:\\\/\\\/staging.espigul.com\\\/wp-content\\\/uploads\\\/2026\\\/09\\\/raul-mermans-garcia-_GrJnremSgw-unsplash-1.jpg\",\"datePublished\":\"2026-09-03T08:34:49+00:00\",\"dateModified\":\"2026-09-03T11:53:00+00:00\",\"breadcrumb\":{\"@id\":\"https:\\\/\\\/www.espigul.com\\\/ca\\\/constructora\\\/#breadcrumb\"},\"inLanguage\":\"ca\",\"potentialAction\":[{\"@type\":\"ReadAction\",\"target\":[\"https:\\\/\\\/www.espigul.com\\\/ca\\\/constructora\\\/\"]}]},{\"@type\":\"ImageObject\",\"inLanguage\":\"ca\",\"@id\":\"https:\\\/\\\/www.espigul.com\\\/ca\\\/constructora\\\/#primaryimage\",\"url\":\"https:\\\/\\\/staging.espigul.com\\\/wp-content\\\/uploads\\\/2026\\\/09\\\/raul-mermans-garcia-_GrJnremSgw-unsplash-1.jpg\",\"contentUrl\":\"https:\\\/\\\/staging.espigul.com\\\/wp-content\\\/uploads\\\/2026\\\/09\\\/raul-mermans-garcia-_GrJnremSgw-unsplash-1.jpg\"},{\"@type\":\"BreadcrumbList\",\"@id\":\"https:\\\/\\\/www.espigul.com\\\/ca\\\/constructora\\\/#breadcrumb\",\"itemListElement\":[{\"@type\":\"ListItem\",\"position\":1,\"name\":\"Inici\",\"item\":\"https:\\\/\\\/www.espigul.com\\\/inici-2\\\/\"},{\"@type\":\"ListItem\",\"position\":2,\"name\":\"Constructora\"}]},{\"@type\":\"WebSite\",\"@id\":\"https:\\\/\\\/www.espigul.com\\\/ca\\\/#website\",\"url\":\"https:\\\/\\\/www.espigul.com\\\/ca\\\/\",\"name\":\"Esp\u00edgul\",\"description\":\"La immobili\u00e0ria l\u00edder de Girona\",\"publisher\":{\"@id\":\"https:\\\/\\\/www.espigul.com\\\/ca\\\/#organization\"},\"potentialAction\":[{\"@type\":\"SearchAction\",\"target\":{\"@type\":\"EntryPoint\",\"urlTemplate\":\"https:\\\/\\\/www.espigul.com\\\/ca\\\/?s={search_term_string}\"},\"query-input\":{\"@type\":\"PropertyValueSpecification\",\"valueRequired\":true,\"valueName\":\"search_term_string\"}}],\"inLanguage\":\"ca\"},{\"@type\":\"Organization\",\"@id\":\"https:\\\/\\\/www.espigul.com\\\/ca\\\/#organization\",\"name\":\"Esp\u00edgul\",\"url\":\"https:\\\/\\\/www.espigul.com\\\/ca\\\/\",\"logo\":{\"@type\":\"ImageObject\",\"inLanguage\":\"ca\",\"@id\":\"https:\\\/\\\/www.espigul.com\\\/ca\\\/#\\\/schema\\\/logo\\\/image\\\/\",\"url\":\"https:\\\/\\\/www.espigul.com\\\/wp-content\\\/uploads\\\/2023\\\/08\\\/espigul-block.png\",\"contentUrl\":\"https:\\\/\\\/www.espigul.com\\\/wp-content\\\/uploads\\\/2023\\\/08\\\/espigul-block.png\",\"width\":384,\"height\":240,\"caption\":\"Esp\u00edgul\"},\"image\":{\"@id\":\"https:\\\/\\\/www.espigul.com\\\/ca\\\/#\\\/schema\\\/logo\\\/image\\\/\"},\"sameAs\":[\"https:\\\/\\\/www.instagram.com\\\/immoespigul\\\/\",\"https:\\\/\\\/www.youtube.com\\\/channel\\\/UCYyD-WWfbCFpCXau4SQOGKQ\"]}]}<\/script>\n<!-- \/ Yoast SEO plugin. -->","yoast_head_json":{"title":"Constructora - Esp\u00edgul","robots":{"index":"index","follow":"follow","max-snippet":"max-snippet:-1","max-image-preview":"max-image-preview:large","max-video-preview":"max-video-preview:-1"},"canonical":"https:\/\/www.espigul.com\/ca\/constructora\/","og_locale":"ca_ES","og_type":"article","og_title":"Constructora - Esp\u00edgul","og_description":"EST. 1989 Treballem amb els millors clients i ells ens trien perqu\u00e8 els ajudem, els assessorem i els gestionem all\u00f2 que m\u00e9s els importa. No som una immobili\u00e0ria convencional, som Esp\u00edgul, una immobili\u00e0ria amb valor afegit i adaptada a l&#8217;era actual. Ens encarreguem de reformes integrals en pisos, cases i locals comercials, supervisant cada fase...","og_url":"https:\/\/www.espigul.com\/ca\/constructora\/","og_site_name":"Esp\u00edgul","article_modified_time":"2026-09-03T11:53:00+00:00","og_image":[{"width":1600,"height":1066,"url":"https:\/\/www.espigul.com\/wp-content\/uploads\/2026\/03\/exclusiva-casa-de-lujo-con-piscina-y-spa-en-el-corazon-de-calella-25098623.webp","type":"image\/webp"}],"twitter_card":"summary_large_image","twitter_misc":{"Temps estimat de lectura":"1 minut"},"schema":{"@context":"https:\/\/schema.org","@graph":[{"@type":"WebPage","@id":"https:\/\/www.espigul.com\/ca\/constructora\/","url":"https:\/\/www.espigul.com\/ca\/constructora\/","name":"Constructora - Esp\u00edgul","isPartOf":{"@id":"https:\/\/www.espigul.com\/ca\/#website"},"primaryImageOfPage":{"@id":"https:\/\/www.espigul.com\/ca\/constructora\/#primaryimage"},"image":{"@id":"https:\/\/www.espigul.com\/ca\/constructora\/#primaryimage"},"thumbnailUrl":"https:\/\/staging.espigul.com\/wp-content\/uploads\/2026\/09\/raul-mermans-garcia-_GrJnremSgw-unsplash-1.jpg","datePublished":"2026-09-03T08:34:49+00:00","dateModified":"2026-09-03T11:53:00+00:00","breadcrumb":{"@id":"https:\/\/www.espigul.com\/ca\/constructora\/#breadcrumb"},"inLanguage":"ca","potentialAction":[{"@type":"ReadAction","target":["https:\/\/www.espigul.com\/ca\/constructora\/"]}]},{"@type":"ImageObject","inLanguage":"ca","@id":"https:\/\/www.espigul.com\/ca\/constructora\/#primaryimage","url":"https:\/\/staging.espigul.com\/wp-content\/uploads\/2026\/09\/raul-mermans-garcia-_GrJnremSgw-unsplash-1.jpg","contentUrl":"https:\/\/staging.espigul.com\/wp-content\/uploads\/2026\/09\/raul-mermans-garcia-_GrJnremSgw-unsplash-1.jpg"},{"@type":"BreadcrumbList","@id":"https:\/\/www.espigul.com\/ca\/constructora\/#breadcrumb","itemListElement":[{"@type":"ListItem","position":1,"name":"Inici","item":"https:\/\/www.espigul.com\/inici-2\/"},{"@type":"ListItem","position":2,"name":"Constructora"}]},{"@type":"WebSite","@id":"https:\/\/www.espigul.com\/ca\/#website","url":"https:\/\/www.espigul.com\/ca\/","name":"Esp\u00edgul","description":"La immobili\u00e0ria l\u00edder de Girona","publisher":{"@id":"https:\/\/www.espigul.com\/ca\/#organization"},"potentialAction":[{"@type":"SearchAction","target":{"@type":"EntryPoint","urlTemplate":"https:\/\/www.espigul.com\/ca\/?s={search_term_string}"},"query-input":{"@type":"PropertyValueSpecification","valueRequired":true,"valueName":"search_term_string"}}],"inLanguage":"ca"},{"@type":"Organization","@id":"https:\/\/www.espigul.com\/ca\/#organization","name":"Esp\u00edgul","url":"https:\/\/www.espigul.com\/ca\/","logo":{"@type":"ImageObject","inLanguage":"ca","@id":"https:\/\/www.espigul.com\/ca\/#\/schema\/logo\/image\/","url":"https:\/\/www.espigul.com\/wp-content\/uploads\/2023\/08\/espigul-block.png","contentUrl":"https:\/\/www.espigul.com\/wp-content\/uploads\/2023\/08\/espigul-block.png","width":384,"height":240,"caption":"Esp\u00edgul"},"image":{"@id":"https:\/\/www.espigul.com\/ca\/#\/schema\/logo\/image\/"},"sameAs":["https:\/\/www.instagram.com\/immoespigul\/","https:\/\/www.youtube.com\/channel\/UCYyD-WWfbCFpCXau4SQOGKQ"]}]}},"uagb_featured_image_src":{"full":false,"thumbnail":false,"medium":false,"medium_large":false,"large":false,"1536x1536":false,"2048x2048":false,"gform-image-choice-sm":false,"gform-image-choice-md":false,"gform-image-choice-lg":false},"uagb_author_info":{"display_name":"Joaquin Zamora","author_link":"https:\/\/www.espigul.com\/ca\/author\/joaquin-zamora\/"},"uagb_comment_info":0,"uagb_excerpt":"EST. 1989 Treballem amb els millors clients i ells ens trien perqu\u00e8 els ajudem, els assessorem i els gestionem all\u00f2 que m\u00e9s els importa. No som una immobili\u00e0ria convencional, som Esp\u00edgul, una immobili\u00e0ria amb valor afegit i adaptada a l&#8217;era actual. Ens encarreguem de reformes integrals en pisos, cases i locals comercials, supervisant cada fase...","_links":{"self":[{"href":"https:\/\/www.espigul.com\/ca\/wp-json\/wp\/v2\/pages\/479628","targetHints":{"allow":["GET"]}}],"collection":[{"href":"https:\/\/www.espigul.com\/ca\/wp-json\/wp\/v2\/pages"}],"about":[{"href":"https:\/\/www.espigul.com\/ca\/wp-json\/wp\/v2\/types\/page"}],"author":[{"embeddable":true,"href":"https:\/\/www.espigul.com\/ca\/wp-json\/wp\/v2\/users\/9"}],"replies":[{"embeddable":true,"href":"https:\/\/www.espigul.com\/ca\/wp-json\/wp\/v2\/comments?post=479628"}],"version-history":[{"count":1,"href":"https:\/\/www.espigul.com\/ca\/wp-json\/wp\/v2\/pages\/479628\/revisions"}],"predecessor-version":[{"id":479634,"href":"https:\/\/www.espigul.com\/ca\/wp-json\/wp\/v2\/pages\/479628\/revisions\/479634"}],"wp:attachment":[{"href":"https:\/\/www.espigul.com\/ca\/wp-json\/wp\/v2\/media?parent=479628"}],"curies":[{"name":"wp","href":"https:\/\/api.w.org\/{rel}","templated":true}]}}