{"id":39277,"date":"2024-01-19T14:38:38","date_gmt":"2024-01-19T12:38:38","guid":{"rendered":"https:\/\/www.espigul.com\/?page_id=39277"},"modified":"2025-10-30T12:51:14","modified_gmt":"2025-10-30T10:51:14","slug":"immobiliaria-platja-d-aro","status":"publish","type":"page","link":"https:\/\/www.espigul.com\/ca\/immobiliaria-platja-d-aro\/","title":{"rendered":"Immobili\u00e0ria Platja d\u2019Aro"},"content":{"rendered":"\n<div class=\"wp-block-uagb-container uagb-block-26595532 alignfull uagb-is-root-container\"><div class=\"uagb-container-inner-blocks-wrap\">\n<h1 class=\"wp-block-heading has-text-align-center has-white-color has-text-color has-link-color wp-elements-132a78d175b93f3a3f000e1355013ebd\">IMMOBILI\u00c0RIA PLATJA D&#8217;ARO<\/h1>\n<\/div><\/div>\n\n\n\n<div class=\"wp-block-uagb-container uagb-block-0bd962e7 alignwide uagb-is-root-container\">\n<div class=\"wp-block-uagb-container uagb-block-da137785\">\n<p class=\"has-text-align-center has-medium-font-size\">Esp\u00edgul \u00e9s la teva <strong>immobili\u00e0ria a Platja d&#8217;Aro<\/strong> de confian\u00e7a. T\u2019oferim les millors opcions en immobles la Costa Brava. Amb m\u00e9s de 35 anys d&#8217;experi\u00e8ncia presents en la gesti\u00f3 del mercat immobiliari catal\u00e0, el nostre equip d&#8217;experts est\u00e0 aqu\u00ed per fer realitat el teu futur projecte immobiliari.<\/p>\n<\/div>\n<\/div>\n\n\n\n<div class=\"wp-block-uagb-container uagb-block-e10f2f60 alignfull uagb-is-root-container\"><div class=\"uagb-container-inner-blocks-wrap\">\n<div class=\"wp-block-uagb-advanced-heading uagb-block-532832d4\"><h2 class=\"uagb-heading-text\">Immobles destacats Platja d&#8217;Aro<\/h2><\/div>\n\n\n<div class=\"espigul-slider wp-block-espigul-espigul-slider\">\n\t<div id=\"carousel-3717001\" class=\"splide\">\n\t\t<div class=\"splide__track\">\n\t\t\t<ul class=\"splide__list\">\n\t\t\t\t\t\t\t\t<li class=\"splide__slide\">\n\t\t\t\t\t<div class=\"espigul-house__item cursor-pointer\" onClick=\"window.location.assign('https:\/\/www.espigul.com\/ca\/immobles\/planta-baixa-dobra-nova-a-santa-cristina-daro\/');\">\n\t<div class=\"espigul-house__item__gallery espigul-house__item__photo\" x-data=\"{ active : 0, total: 3 }\">\n\t\t\t\t<ul class=\"espigul-house__item__gallery__items\">\n\t\t\t\t\t\t\t<li class=\"espigul-house__item__gallery__items__item\" x-bind:class=\"0 == active ? 'espigul-house__item__gallery__items__item--active': ''\">\n\t\t\t\t\t<img decoding=\"async\" src=\"https:\/\/www.espigul.com\/wp-content\/uploads\/2026\/04\/planta-baja-de-obra-nueva-en-santa-cristina-daro-25923705-1300x975.webp\" alt=\"Planta baixa d\u2019obra nova a Santa Cristina d\u2019Aro\" loading=\"lazy\" width=\"100%\" height=\"auto\">\n\t\t\t\t<\/li>\n\t\t\t\t\t\t\t<li class=\"espigul-house__item__gallery__items__item\" x-bind:class=\"1 == active ? 'espigul-house__item__gallery__items__item--active': ''\">\n\t\t\t\t\t<img decoding=\"async\" src=\"https:\/\/www.espigul.com\/wp-content\/uploads\/2026\/04\/planta-baja-de-obra-nueva-en-santa-cristina-daro-25923706-1300x975.webp\" alt=\"Planta baixa d\u2019obra nova a Santa Cristina d\u2019Aro\" loading=\"lazy\" width=\"100%\" height=\"auto\">\n\t\t\t\t<\/li>\n\t\t\t\t\t\t\t<li class=\"espigul-house__item__gallery__items__item\" x-bind:class=\"2 == active ? 'espigul-house__item__gallery__items__item--active': ''\">\n\t\t\t\t\t<img decoding=\"async\" src=\"https:\/\/www.espigul.com\/wp-content\/uploads\/2026\/04\/planta-baja-de-obra-nueva-en-santa-cristina-daro-25923698-1300x975.webp\" alt=\"Planta baixa d\u2019obra nova a Santa Cristina d\u2019Aro\" loading=\"lazy\" width=\"100%\" height=\"auto\">\n\t\t\t\t<\/li>\n\t\t\t\t\t<\/ul>\n\t\t<ul class=\"espigul-house__item__gallery__dots\">\n\t\t\t\t\t\t\t<li class=\"espigul-house__item__gallery__dots__item\" x-bind:class=\"0 == active ? 'espigul-house__item__gallery__dots__item--active': ''\">\n\t\t\t\t<\/li>\n\t\t\t\t\t\t\t<li class=\"espigul-house__item__gallery__dots__item\" x-bind:class=\"1 == active ? 'espigul-house__item__gallery__dots__item--active': ''\">\n\t\t\t\t<\/li>\n\t\t\t\t\t\t\t<li class=\"espigul-house__item__gallery__dots__item\" x-bind:class=\"2 == active ? 'espigul-house__item__gallery__dots__item--active': ''\">\n\t\t\t\t<\/li>\n\t\t\t\t\t<\/ul>\n\t\t<button class=\"espigul-house__item__gallery__arrow espigul-house__item__gallery__arrow--left\" aria-label=\"Previous photo\" @click.stop=\"active === 0 ? active = total - 1 : active--\">\n\t\t\t<svg xmlns=\"http:\/\/www.w3.org\/2000\/svg\" viewBox=\"0 0 40 40\" width=\"40\" height=\"40\" focusable=\"false\"><path d=\"m15.5 0.932-4.3 4.38 14.5 14.6-14.5 14.5 4.3 4.4 14.6-14.6 4.4-4.3-4.4-4.4-14.6-14.6z\"><\/path><\/svg>\n\t\t<\/button>\n\t\t<button class=\"espigul-house__item__gallery__arrow espigul-house__item__gallery__arrow--right\" aria-label=\"Next photo\" @click.stop=\"active === total - 1 ? active = 0 : active++\">\n\t\t\t<svg xmlns=\"http:\/\/www.w3.org\/2000\/svg\" viewBox=\"0 0 40 40\" width=\"40\" height=\"40\" focusable=\"false\"><path d=\"m15.5 0.932-4.3 4.38 14.5 14.6-14.5 14.5 4.3 4.4 14.6-14.6 4.4-4.3-4.4-4.4-14.6-14.6z\"><\/path><\/svg>\n\t\t<\/button>\n\t\t<div class=\"espigul-house__item__photo__overlay\">\n\t\t\t<div class=\"espigul-house__item__photo__price\">\n\t\t\t\t260.000\u00a0\u20ac\t\t\t<\/div>\n\t\t<\/div>\n\t<\/div>\n\t<div class=\"espigul-house__item__body\">\n\t\t<div class=\"espigul-house__item__body__city\">Costa Brava<\/div>\n\t\t<h2 class=\"espigul-house__item__body__title flex-grow\">\n\t\t\t<a href=\"https:\/\/www.espigul.com\/ca\/immobles\/planta-baixa-dobra-nova-a-santa-cristina-daro\/\" title=\"Planta baixa d\u2019obra nova a Santa Cristina d\u2019Aro\">Planta baixa d\u2019obra nova a Santa Cristina d\u2019Aro<\/a>\n\t\t<\/h2>\n\t\t<div class=\"espigul-house__item__body__meta\">\n\t\t\t\t\t\t<div class=\"espigul-house__item__body__meta__item\">\n\t\t\t\t<span class=\"espigul-house__item__body__meta__item__label\">Superf\u00edcie<\/span>\n\t\t\t\t<span class=\"espigul-house__item__body__meta__item__value\">\n\t\t\t\t\t63 m<sup>2<\/sup>\t\t\t\t<\/span>\n\t\t\t<\/div>\n\t\t\t\t\t\t<div class=\"espigul-house__item__body__meta__item\">\n\t\t\t\t<span class=\"espigul-house__item__body__meta__item__label\">Habitacions<\/span>\n\t\t\t\t<span class=\"espigul-house__item__body__meta__item__value\">\n\t\t\t\t\t2\t\t\t\t<\/span>\n\t\t\t<\/div>\n\t\t\t\t\t\t<div class=\"espigul-house__item__body__meta__item\">\n\t\t\t\t<span class=\"espigul-house__item__body__meta__item__label\">Banys<\/span>\n\t\t\t\t<span class=\"espigul-house__item__body__meta__item__value\">\n\t\t\t\t\t1\t\t\t\t<\/span>\n\t\t\t<\/div>\n\t\t\t\t\t<\/div>\n\t<\/div>\n<\/div>\n\t\t\t\t\t<\/li>\n\t\t\t\t\t\t\t\t\t\t<li class=\"splide__slide\">\n\t\t\t\t\t<div class=\"espigul-house__item cursor-pointer\" onClick=\"window.location.assign('https:\/\/www.espigul.com\/ca\/immobles\/pis-dobra-nova-a-santa-cristina-daro\/');\">\n\t<div class=\"espigul-house__item__gallery espigul-house__item__photo\" x-data=\"{ active : 0, total: 3 }\">\n\t\t\t\t<ul class=\"espigul-house__item__gallery__items\">\n\t\t\t\t\t\t\t<li class=\"espigul-house__item__gallery__items__item\" x-bind:class=\"0 == active ? 'espigul-house__item__gallery__items__item--active': ''\">\n\t\t\t\t\t<img decoding=\"async\" src=\"https:\/\/www.espigul.com\/wp-content\/uploads\/2026\/04\/piso-de-obra-nueva-en-santa-cristina-daro-25924278-1300x975.webp\" alt=\"Pis d\u2019obra nova a Santa Cristina d\u2019Aro\" loading=\"lazy\" width=\"100%\" height=\"auto\">\n\t\t\t\t<\/li>\n\t\t\t\t\t\t\t<li class=\"espigul-house__item__gallery__items__item\" x-bind:class=\"1 == active ? 'espigul-house__item__gallery__items__item--active': ''\">\n\t\t\t\t\t<img decoding=\"async\" src=\"https:\/\/www.espigul.com\/wp-content\/uploads\/2026\/04\/piso-de-obra-nueva-en-santa-cristina-daro-25924277-1300x975.webp\" alt=\"Pis d\u2019obra nova a Santa Cristina d\u2019Aro\" loading=\"lazy\" width=\"100%\" height=\"auto\">\n\t\t\t\t<\/li>\n\t\t\t\t\t\t\t<li class=\"espigul-house__item__gallery__items__item\" x-bind:class=\"2 == active ? 'espigul-house__item__gallery__items__item--active': ''\">\n\t\t\t\t\t<img decoding=\"async\" src=\"https:\/\/www.espigul.com\/wp-content\/uploads\/2026\/04\/piso-de-obra-nueva-en-santa-cristina-daro-25924270-1300x975.webp\" alt=\"Pis d\u2019obra nova a Santa Cristina d\u2019Aro\" loading=\"lazy\" width=\"100%\" height=\"auto\">\n\t\t\t\t<\/li>\n\t\t\t\t\t<\/ul>\n\t\t<ul class=\"espigul-house__item__gallery__dots\">\n\t\t\t\t\t\t\t<li class=\"espigul-house__item__gallery__dots__item\" x-bind:class=\"0 == active ? 'espigul-house__item__gallery__dots__item--active': ''\">\n\t\t\t\t<\/li>\n\t\t\t\t\t\t\t<li class=\"espigul-house__item__gallery__dots__item\" x-bind:class=\"1 == active ? 'espigul-house__item__gallery__dots__item--active': ''\">\n\t\t\t\t<\/li>\n\t\t\t\t\t\t\t<li class=\"espigul-house__item__gallery__dots__item\" x-bind:class=\"2 == active ? 'espigul-house__item__gallery__dots__item--active': ''\">\n\t\t\t\t<\/li>\n\t\t\t\t\t<\/ul>\n\t\t<button class=\"espigul-house__item__gallery__arrow espigul-house__item__gallery__arrow--left\" aria-label=\"Previous photo\" @click.stop=\"active === 0 ? active = total - 1 : active--\">\n\t\t\t<svg xmlns=\"http:\/\/www.w3.org\/2000\/svg\" viewBox=\"0 0 40 40\" width=\"40\" height=\"40\" focusable=\"false\"><path d=\"m15.5 0.932-4.3 4.38 14.5 14.6-14.5 14.5 4.3 4.4 14.6-14.6 4.4-4.3-4.4-4.4-14.6-14.6z\"><\/path><\/svg>\n\t\t<\/button>\n\t\t<button class=\"espigul-house__item__gallery__arrow espigul-house__item__gallery__arrow--right\" aria-label=\"Next photo\" @click.stop=\"active === total - 1 ? active = 0 : active++\">\n\t\t\t<svg xmlns=\"http:\/\/www.w3.org\/2000\/svg\" viewBox=\"0 0 40 40\" width=\"40\" height=\"40\" focusable=\"false\"><path d=\"m15.5 0.932-4.3 4.38 14.5 14.6-14.5 14.5 4.3 4.4 14.6-14.6 4.4-4.3-4.4-4.4-14.6-14.6z\"><\/path><\/svg>\n\t\t<\/button>\n\t\t<div class=\"espigul-house__item__photo__overlay\">\n\t\t\t<div class=\"espigul-house__item__photo__price\">\n\t\t\t\t290.000\u00a0\u20ac\t\t\t<\/div>\n\t\t<\/div>\n\t<\/div>\n\t<div class=\"espigul-house__item__body\">\n\t\t<div class=\"espigul-house__item__body__city\">Costa Brava<\/div>\n\t\t<h2 class=\"espigul-house__item__body__title flex-grow\">\n\t\t\t<a href=\"https:\/\/www.espigul.com\/ca\/immobles\/pis-dobra-nova-a-santa-cristina-daro\/\" title=\"Pis d\u2019obra nova a Santa Cristina d\u2019Aro\">Pis d\u2019obra nova a Santa Cristina d\u2019Aro<\/a>\n\t\t<\/h2>\n\t\t<div class=\"espigul-house__item__body__meta\">\n\t\t\t\t\t\t<div class=\"espigul-house__item__body__meta__item\">\n\t\t\t\t<span class=\"espigul-house__item__body__meta__item__label\">Superf\u00edcie<\/span>\n\t\t\t\t<span class=\"espigul-house__item__body__meta__item__value\">\n\t\t\t\t\t85 m<sup>2<\/sup>\t\t\t\t<\/span>\n\t\t\t<\/div>\n\t\t\t\t\t\t<div class=\"espigul-house__item__body__meta__item\">\n\t\t\t\t<span class=\"espigul-house__item__body__meta__item__label\">Habitacions<\/span>\n\t\t\t\t<span class=\"espigul-house__item__body__meta__item__value\">\n\t\t\t\t\t3\t\t\t\t<\/span>\n\t\t\t<\/div>\n\t\t\t\t\t\t<div class=\"espigul-house__item__body__meta__item\">\n\t\t\t\t<span class=\"espigul-house__item__body__meta__item__label\">Banys<\/span>\n\t\t\t\t<span class=\"espigul-house__item__body__meta__item__value\">\n\t\t\t\t\t2\t\t\t\t<\/span>\n\t\t\t<\/div>\n\t\t\t\t\t<\/div>\n\t<\/div>\n<\/div>\n\t\t\t\t\t<\/li>\n\t\t\t\t\t\t\t\t\t\t<li class=\"splide__slide\">\n\t\t\t\t\t<div class=\"espigul-house__item cursor-pointer\" onClick=\"window.location.assign('https:\/\/www.espigul.com\/ca\/immobles\/espectacular-pis-dobra-nova-a-santa-cristina-daro\/');\">\n\t<div class=\"espigul-house__item__gallery espigul-house__item__photo\" x-data=\"{ active : 0, total: 3 }\">\n\t\t\t\t<ul class=\"espigul-house__item__gallery__items\">\n\t\t\t\t\t\t\t<li class=\"espigul-house__item__gallery__items__item\" x-bind:class=\"0 == active ? 'espigul-house__item__gallery__items__item--active': ''\">\n\t\t\t\t\t<img decoding=\"async\" src=\"https:\/\/www.espigul.com\/wp-content\/uploads\/2026\/04\/espectacular-piso-de-obra-nueva-en-santa-cristina-daro-25924667-1300x975.webp\" alt=\"Espectacular pis d\u2019obra nova a Santa Cristina d\u2019Aro\" loading=\"lazy\" width=\"100%\" height=\"auto\">\n\t\t\t\t<\/li>\n\t\t\t\t\t\t\t<li class=\"espigul-house__item__gallery__items__item\" x-bind:class=\"1 == active ? 'espigul-house__item__gallery__items__item--active': ''\">\n\t\t\t\t\t<img decoding=\"async\" src=\"https:\/\/www.espigul.com\/wp-content\/uploads\/2026\/04\/espectacular-piso-de-obra-nueva-en-santa-cristina-daro-25924673-1300x975.webp\" alt=\"Espectacular pis d\u2019obra nova a Santa Cristina d\u2019Aro\" loading=\"lazy\" width=\"100%\" height=\"auto\">\n\t\t\t\t<\/li>\n\t\t\t\t\t\t\t<li class=\"espigul-house__item__gallery__items__item\" x-bind:class=\"2 == active ? 'espigul-house__item__gallery__items__item--active': ''\">\n\t\t\t\t\t<img decoding=\"async\" src=\"https:\/\/www.espigul.com\/wp-content\/uploads\/2026\/04\/espectacular-piso-de-obra-nueva-en-santa-cristina-daro-25924672-1300x975.webp\" alt=\"Espectacular pis d\u2019obra nova a Santa Cristina d\u2019Aro\" loading=\"lazy\" width=\"100%\" height=\"auto\">\n\t\t\t\t<\/li>\n\t\t\t\t\t<\/ul>\n\t\t<ul class=\"espigul-house__item__gallery__dots\">\n\t\t\t\t\t\t\t<li class=\"espigul-house__item__gallery__dots__item\" x-bind:class=\"0 == active ? 'espigul-house__item__gallery__dots__item--active': ''\">\n\t\t\t\t<\/li>\n\t\t\t\t\t\t\t<li class=\"espigul-house__item__gallery__dots__item\" x-bind:class=\"1 == active ? 'espigul-house__item__gallery__dots__item--active': ''\">\n\t\t\t\t<\/li>\n\t\t\t\t\t\t\t<li class=\"espigul-house__item__gallery__dots__item\" x-bind:class=\"2 == active ? 'espigul-house__item__gallery__dots__item--active': ''\">\n\t\t\t\t<\/li>\n\t\t\t\t\t<\/ul>\n\t\t<button class=\"espigul-house__item__gallery__arrow espigul-house__item__gallery__arrow--left\" aria-label=\"Previous photo\" @click.stop=\"active === 0 ? active = total - 1 : active--\">\n\t\t\t<svg xmlns=\"http:\/\/www.w3.org\/2000\/svg\" viewBox=\"0 0 40 40\" width=\"40\" height=\"40\" focusable=\"false\"><path d=\"m15.5 0.932-4.3 4.38 14.5 14.6-14.5 14.5 4.3 4.4 14.6-14.6 4.4-4.3-4.4-4.4-14.6-14.6z\"><\/path><\/svg>\n\t\t<\/button>\n\t\t<button class=\"espigul-house__item__gallery__arrow espigul-house__item__gallery__arrow--right\" aria-label=\"Next photo\" @click.stop=\"active === total - 1 ? active = 0 : active++\">\n\t\t\t<svg xmlns=\"http:\/\/www.w3.org\/2000\/svg\" viewBox=\"0 0 40 40\" width=\"40\" height=\"40\" focusable=\"false\"><path d=\"m15.5 0.932-4.3 4.38 14.5 14.6-14.5 14.5 4.3 4.4 14.6-14.6 4.4-4.3-4.4-4.4-14.6-14.6z\"><\/path><\/svg>\n\t\t<\/button>\n\t\t<div class=\"espigul-house__item__photo__overlay\">\n\t\t\t<div class=\"espigul-house__item__photo__price\">\n\t\t\t\t330.000\u00a0\u20ac\t\t\t<\/div>\n\t\t<\/div>\n\t<\/div>\n\t<div class=\"espigul-house__item__body\">\n\t\t<div class=\"espigul-house__item__body__city\">Costa Brava<\/div>\n\t\t<h2 class=\"espigul-house__item__body__title flex-grow\">\n\t\t\t<a href=\"https:\/\/www.espigul.com\/ca\/immobles\/espectacular-pis-dobra-nova-a-santa-cristina-daro\/\" title=\"Espectacular pis d\u2019obra nova a Santa Cristina d\u2019Aro\">Espectacular pis d\u2019obra nova a Santa Cristina d\u2019Aro<\/a>\n\t\t<\/h2>\n\t\t<div class=\"espigul-house__item__body__meta\">\n\t\t\t\t\t\t<div class=\"espigul-house__item__body__meta__item\">\n\t\t\t\t<span class=\"espigul-house__item__body__meta__item__label\">Superf\u00edcie<\/span>\n\t\t\t\t<span class=\"espigul-house__item__body__meta__item__value\">\n\t\t\t\t\t95 m<sup>2<\/sup>\t\t\t\t<\/span>\n\t\t\t<\/div>\n\t\t\t\t\t\t<div class=\"espigul-house__item__body__meta__item\">\n\t\t\t\t<span class=\"espigul-house__item__body__meta__item__label\">Habitacions<\/span>\n\t\t\t\t<span class=\"espigul-house__item__body__meta__item__value\">\n\t\t\t\t\t3\t\t\t\t<\/span>\n\t\t\t<\/div>\n\t\t\t\t\t\t<div class=\"espigul-house__item__body__meta__item\">\n\t\t\t\t<span class=\"espigul-house__item__body__meta__item__label\">Banys<\/span>\n\t\t\t\t<span class=\"espigul-house__item__body__meta__item__value\">\n\t\t\t\t\t2\t\t\t\t<\/span>\n\t\t\t<\/div>\n\t\t\t\t\t<\/div>\n\t<\/div>\n<\/div>\n\t\t\t\t\t<\/li>\n\t\t\t\t\t\t\t\t\t\t<li class=\"splide__slide\">\n\t\t\t\t\t<div class=\"espigul-house__item cursor-pointer\" onClick=\"window.location.assign('https:\/\/www.espigul.com\/ca\/immobles\/villa-amb-piscina-i-jardi-privat-a-sagaro\/');\">\n\t<div class=\"espigul-house__item__gallery espigul-house__item__photo\" x-data=\"{ active : 0, total: 3 }\">\n\t\t\t\t<ul class=\"espigul-house__item__gallery__items\">\n\t\t\t\t\t\t\t<li class=\"espigul-house__item__gallery__items__item\" x-bind:class=\"0 == active ? 'espigul-house__item__gallery__items__item--active': ''\">\n\t\t\t\t\t<img decoding=\"async\" src=\"https:\/\/www.espigul.com\/wp-content\/uploads\/2026\/04\/villa-con-piscina-y-jardin-privada-en-sagaro-25891875-1300x975.webp\" alt=\"Vil\u00b7la amb piscina i jard\u00ed privat a S&#8217;Agar\u00f3\" loading=\"lazy\" width=\"100%\" height=\"auto\">\n\t\t\t\t<\/li>\n\t\t\t\t\t\t\t<li class=\"espigul-house__item__gallery__items__item\" x-bind:class=\"1 == active ? 'espigul-house__item__gallery__items__item--active': ''\">\n\t\t\t\t\t<img decoding=\"async\" src=\"https:\/\/www.espigul.com\/wp-content\/uploads\/2026\/04\/villa-con-piscina-y-jardin-privada-en-sagaro-25891874-1300x975.webp\" alt=\"Vil\u00b7la amb piscina i jard\u00ed privat a S&#8217;Agar\u00f3\" loading=\"lazy\" width=\"100%\" height=\"auto\">\n\t\t\t\t<\/li>\n\t\t\t\t\t\t\t<li class=\"espigul-house__item__gallery__items__item\" x-bind:class=\"2 == active ? 'espigul-house__item__gallery__items__item--active': ''\">\n\t\t\t\t\t<img decoding=\"async\" src=\"https:\/\/www.espigul.com\/wp-content\/uploads\/2026\/04\/villa-con-piscina-y-jardin-privada-en-sagaro-25891873-1300x975.webp\" alt=\"Vil\u00b7la amb piscina i jard\u00ed privat a S&#8217;Agar\u00f3\" loading=\"lazy\" width=\"100%\" height=\"auto\">\n\t\t\t\t<\/li>\n\t\t\t\t\t<\/ul>\n\t\t<ul class=\"espigul-house__item__gallery__dots\">\n\t\t\t\t\t\t\t<li class=\"espigul-house__item__gallery__dots__item\" x-bind:class=\"0 == active ? 'espigul-house__item__gallery__dots__item--active': ''\">\n\t\t\t\t<\/li>\n\t\t\t\t\t\t\t<li class=\"espigul-house__item__gallery__dots__item\" x-bind:class=\"1 == active ? 'espigul-house__item__gallery__dots__item--active': ''\">\n\t\t\t\t<\/li>\n\t\t\t\t\t\t\t<li class=\"espigul-house__item__gallery__dots__item\" x-bind:class=\"2 == active ? 'espigul-house__item__gallery__dots__item--active': ''\">\n\t\t\t\t<\/li>\n\t\t\t\t\t<\/ul>\n\t\t<button class=\"espigul-house__item__gallery__arrow espigul-house__item__gallery__arrow--left\" aria-label=\"Previous photo\" @click.stop=\"active === 0 ? active = total - 1 : active--\">\n\t\t\t<svg xmlns=\"http:\/\/www.w3.org\/2000\/svg\" viewBox=\"0 0 40 40\" width=\"40\" height=\"40\" focusable=\"false\"><path d=\"m15.5 0.932-4.3 4.38 14.5 14.6-14.5 14.5 4.3 4.4 14.6-14.6 4.4-4.3-4.4-4.4-14.6-14.6z\"><\/path><\/svg>\n\t\t<\/button>\n\t\t<button class=\"espigul-house__item__gallery__arrow espigul-house__item__gallery__arrow--right\" aria-label=\"Next photo\" @click.stop=\"active === total - 1 ? active = 0 : active++\">\n\t\t\t<svg xmlns=\"http:\/\/www.w3.org\/2000\/svg\" viewBox=\"0 0 40 40\" width=\"40\" height=\"40\" focusable=\"false\"><path d=\"m15.5 0.932-4.3 4.38 14.5 14.6-14.5 14.5 4.3 4.4 14.6-14.6 4.4-4.3-4.4-4.4-14.6-14.6z\"><\/path><\/svg>\n\t\t<\/button>\n\t\t<div class=\"espigul-house__item__photo__overlay\">\n\t\t\t<div class=\"espigul-house__item__photo__price\">\n\t\t\t\t1.400.000\u00a0\u20ac\t\t\t<\/div>\n\t\t<\/div>\n\t<\/div>\n\t<div class=\"espigul-house__item__body\">\n\t\t<div class=\"espigul-house__item__body__city\">Costa Brava<\/div>\n\t\t<h2 class=\"espigul-house__item__body__title flex-grow\">\n\t\t\t<a href=\"https:\/\/www.espigul.com\/ca\/immobles\/villa-amb-piscina-i-jardi-privat-a-sagaro\/\" title=\"Vil\u00b7la amb piscina i jard\u00ed privat a S&#8217;Agar\u00f3\">Vil\u00b7la amb piscina i jard\u00ed privat a S&#8217;Agar\u00f3<\/a>\n\t\t<\/h2>\n\t\t<div class=\"espigul-house__item__body__meta\">\n\t\t\t\t\t\t<div class=\"espigul-house__item__body__meta__item\">\n\t\t\t\t<span class=\"espigul-house__item__body__meta__item__label\">Superf\u00edcie<\/span>\n\t\t\t\t<span class=\"espigul-house__item__body__meta__item__value\">\n\t\t\t\t\t212 m<sup>2<\/sup>\t\t\t\t<\/span>\n\t\t\t<\/div>\n\t\t\t\t\t\t<div class=\"espigul-house__item__body__meta__item\">\n\t\t\t\t<span class=\"espigul-house__item__body__meta__item__label\">Habitacions<\/span>\n\t\t\t\t<span class=\"espigul-house__item__body__meta__item__value\">\n\t\t\t\t\t4\t\t\t\t<\/span>\n\t\t\t<\/div>\n\t\t\t\t\t\t<div class=\"espigul-house__item__body__meta__item\">\n\t\t\t\t<span class=\"espigul-house__item__body__meta__item__label\">Banys<\/span>\n\t\t\t\t<span class=\"espigul-house__item__body__meta__item__value\">\n\t\t\t\t\t4\t\t\t\t<\/span>\n\t\t\t<\/div>\n\t\t\t\t\t<\/div>\n\t<\/div>\n<\/div>\n\t\t\t\t\t<\/li>\n\t\t\t\t\t\t\t\t\t\t<li class=\"splide__slide\">\n\t\t\t\t\t<div class=\"espigul-house__item cursor-pointer\" onClick=\"window.location.assign('https:\/\/www.espigul.com\/ca\/immobles\/villa-de-luxe-nova-a-sagaro-amb-piscina-i-jardi\/');\">\n\t<div class=\"espigul-house__item__gallery espigul-house__item__photo\" x-data=\"{ active : 0, total: 3 }\">\n\t\t\t\t<ul class=\"espigul-house__item__gallery__items\">\n\t\t\t\t\t\t\t<li class=\"espigul-house__item__gallery__items__item\" x-bind:class=\"0 == active ? 'espigul-house__item__gallery__items__item--active': ''\">\n\t\t\t\t\t<img decoding=\"async\" src=\"https:\/\/www.espigul.com\/wp-content\/uploads\/2026\/04\/villa-de-lujo-nueva-en-sagaro-con-piscina-y-jardin-25891548-1300x975.webp\" alt=\"Vil\u00b7la de luxe nova a S&#8217;Agar\u00f3 amb piscina i jard\u00ed\" loading=\"lazy\" width=\"100%\" height=\"auto\">\n\t\t\t\t<\/li>\n\t\t\t\t\t\t\t<li class=\"espigul-house__item__gallery__items__item\" x-bind:class=\"1 == active ? 'espigul-house__item__gallery__items__item--active': ''\">\n\t\t\t\t\t<img decoding=\"async\" src=\"https:\/\/www.espigul.com\/wp-content\/uploads\/2026\/04\/villa-de-lujo-nueva-en-sagaro-con-piscina-y-jardin-25891554-1300x975.webp\" alt=\"Vil\u00b7la de luxe nova a S&#8217;Agar\u00f3 amb piscina i jard\u00ed\" loading=\"lazy\" width=\"100%\" height=\"auto\">\n\t\t\t\t<\/li>\n\t\t\t\t\t\t\t<li class=\"espigul-house__item__gallery__items__item\" x-bind:class=\"2 == active ? 'espigul-house__item__gallery__items__item--active': ''\">\n\t\t\t\t\t<img decoding=\"async\" src=\"https:\/\/www.espigul.com\/wp-content\/uploads\/2026\/04\/villa-de-lujo-nueva-en-sagaro-con-piscina-y-jardin-25891537-1300x975.webp\" alt=\"Vil\u00b7la de luxe nova a S&#8217;Agar\u00f3 amb piscina i jard\u00ed\" loading=\"lazy\" width=\"100%\" height=\"auto\">\n\t\t\t\t<\/li>\n\t\t\t\t\t<\/ul>\n\t\t<ul class=\"espigul-house__item__gallery__dots\">\n\t\t\t\t\t\t\t<li class=\"espigul-house__item__gallery__dots__item\" x-bind:class=\"0 == active ? 'espigul-house__item__gallery__dots__item--active': ''\">\n\t\t\t\t<\/li>\n\t\t\t\t\t\t\t<li class=\"espigul-house__item__gallery__dots__item\" x-bind:class=\"1 == active ? 'espigul-house__item__gallery__dots__item--active': ''\">\n\t\t\t\t<\/li>\n\t\t\t\t\t\t\t<li class=\"espigul-house__item__gallery__dots__item\" x-bind:class=\"2 == active ? 'espigul-house__item__gallery__dots__item--active': ''\">\n\t\t\t\t<\/li>\n\t\t\t\t\t<\/ul>\n\t\t<button class=\"espigul-house__item__gallery__arrow espigul-house__item__gallery__arrow--left\" aria-label=\"Previous photo\" @click.stop=\"active === 0 ? active = total - 1 : active--\">\n\t\t\t<svg xmlns=\"http:\/\/www.w3.org\/2000\/svg\" viewBox=\"0 0 40 40\" width=\"40\" height=\"40\" focusable=\"false\"><path d=\"m15.5 0.932-4.3 4.38 14.5 14.6-14.5 14.5 4.3 4.4 14.6-14.6 4.4-4.3-4.4-4.4-14.6-14.6z\"><\/path><\/svg>\n\t\t<\/button>\n\t\t<button class=\"espigul-house__item__gallery__arrow espigul-house__item__gallery__arrow--right\" aria-label=\"Next photo\" @click.stop=\"active === total - 1 ? active = 0 : active++\">\n\t\t\t<svg xmlns=\"http:\/\/www.w3.org\/2000\/svg\" viewBox=\"0 0 40 40\" width=\"40\" height=\"40\" focusable=\"false\"><path d=\"m15.5 0.932-4.3 4.38 14.5 14.6-14.5 14.5 4.3 4.4 14.6-14.6 4.4-4.3-4.4-4.4-14.6-14.6z\"><\/path><\/svg>\n\t\t<\/button>\n\t\t<div class=\"espigul-house__item__photo__overlay\">\n\t\t\t<div class=\"espigul-house__item__photo__price\">\n\t\t\t\t1.400.000\u00a0\u20ac\t\t\t<\/div>\n\t\t<\/div>\n\t<\/div>\n\t<div class=\"espigul-house__item__body\">\n\t\t<div class=\"espigul-house__item__body__city\">Costa Brava<\/div>\n\t\t<h2 class=\"espigul-house__item__body__title flex-grow\">\n\t\t\t<a href=\"https:\/\/www.espigul.com\/ca\/immobles\/villa-de-luxe-nova-a-sagaro-amb-piscina-i-jardi\/\" title=\"Vil\u00b7la de luxe nova a S&#8217;Agar\u00f3 amb piscina i jard\u00ed\">Vil\u00b7la de luxe nova a S&#8217;Agar\u00f3 amb piscina i jard\u00ed<\/a>\n\t\t<\/h2>\n\t\t<div class=\"espigul-house__item__body__meta\">\n\t\t\t\t\t\t<div class=\"espigul-house__item__body__meta__item\">\n\t\t\t\t<span class=\"espigul-house__item__body__meta__item__label\">Superf\u00edcie<\/span>\n\t\t\t\t<span class=\"espigul-house__item__body__meta__item__value\">\n\t\t\t\t\t212 m<sup>2<\/sup>\t\t\t\t<\/span>\n\t\t\t<\/div>\n\t\t\t\t\t\t<div class=\"espigul-house__item__body__meta__item\">\n\t\t\t\t<span class=\"espigul-house__item__body__meta__item__label\">Habitacions<\/span>\n\t\t\t\t<span class=\"espigul-house__item__body__meta__item__value\">\n\t\t\t\t\t4\t\t\t\t<\/span>\n\t\t\t<\/div>\n\t\t\t\t\t\t<div class=\"espigul-house__item__body__meta__item\">\n\t\t\t\t<span class=\"espigul-house__item__body__meta__item__label\">Banys<\/span>\n\t\t\t\t<span class=\"espigul-house__item__body__meta__item__value\">\n\t\t\t\t\t4\t\t\t\t<\/span>\n\t\t\t<\/div>\n\t\t\t\t\t<\/div>\n\t<\/div>\n<\/div>\n\t\t\t\t\t<\/li>\n\t\t\t\t\t\t\t\t\t\t<li class=\"splide__slide\">\n\t\t\t\t\t<div class=\"espigul-house__item cursor-pointer\" onClick=\"window.location.assign('https:\/\/www.espigul.com\/ca\/immobles\/pis-amb-vistes-al-mar-a-sagaro\/');\">\n\t<div class=\"espigul-house__item__gallery espigul-house__item__photo\" x-data=\"{ active : 0, total: 3 }\">\n\t\t\t\t<ul class=\"espigul-house__item__gallery__items\">\n\t\t\t\t\t\t\t<li class=\"espigul-house__item__gallery__items__item\" x-bind:class=\"0 == active ? 'espigul-house__item__gallery__items__item--active': ''\">\n\t\t\t\t\t<img decoding=\"async\" src=\"https:\/\/www.espigul.com\/wp-content\/uploads\/2026\/04\/piso-con-vistas-al-mar-en-sagaro-25770686-1300x975.webp\" alt=\"Pis amb vistes al mar a S&#8217;Agar\u00f3\" loading=\"lazy\" width=\"100%\" height=\"auto\">\n\t\t\t\t<\/li>\n\t\t\t\t\t\t\t<li class=\"espigul-house__item__gallery__items__item\" x-bind:class=\"1 == active ? 'espigul-house__item__gallery__items__item--active': ''\">\n\t\t\t\t\t<img decoding=\"async\" src=\"https:\/\/www.espigul.com\/wp-content\/uploads\/2026\/04\/piso-con-vistas-al-mar-en-sagaro-25767257-1300x867.webp\" alt=\"Pis amb vistes al mar a S&#8217;Agar\u00f3\" loading=\"lazy\" width=\"100%\" height=\"auto\">\n\t\t\t\t<\/li>\n\t\t\t\t\t\t\t<li class=\"espigul-house__item__gallery__items__item\" x-bind:class=\"2 == active ? 'espigul-house__item__gallery__items__item--active': ''\">\n\t\t\t\t\t<img decoding=\"async\" src=\"https:\/\/www.espigul.com\/wp-content\/uploads\/2026\/04\/piso-con-vistas-al-mar-en-sagaro-25767256-1300x867.webp\" alt=\"Pis amb vistes al mar a S&#8217;Agar\u00f3\" loading=\"lazy\" width=\"100%\" height=\"auto\">\n\t\t\t\t<\/li>\n\t\t\t\t\t<\/ul>\n\t\t<ul class=\"espigul-house__item__gallery__dots\">\n\t\t\t\t\t\t\t<li class=\"espigul-house__item__gallery__dots__item\" x-bind:class=\"0 == active ? 'espigul-house__item__gallery__dots__item--active': ''\">\n\t\t\t\t<\/li>\n\t\t\t\t\t\t\t<li class=\"espigul-house__item__gallery__dots__item\" x-bind:class=\"1 == active ? 'espigul-house__item__gallery__dots__item--active': ''\">\n\t\t\t\t<\/li>\n\t\t\t\t\t\t\t<li class=\"espigul-house__item__gallery__dots__item\" x-bind:class=\"2 == active ? 'espigul-house__item__gallery__dots__item--active': ''\">\n\t\t\t\t<\/li>\n\t\t\t\t\t<\/ul>\n\t\t<button class=\"espigul-house__item__gallery__arrow espigul-house__item__gallery__arrow--left\" aria-label=\"Previous photo\" @click.stop=\"active === 0 ? active = total - 1 : active--\">\n\t\t\t<svg xmlns=\"http:\/\/www.w3.org\/2000\/svg\" viewBox=\"0 0 40 40\" width=\"40\" height=\"40\" focusable=\"false\"><path d=\"m15.5 0.932-4.3 4.38 14.5 14.6-14.5 14.5 4.3 4.4 14.6-14.6 4.4-4.3-4.4-4.4-14.6-14.6z\"><\/path><\/svg>\n\t\t<\/button>\n\t\t<button class=\"espigul-house__item__gallery__arrow espigul-house__item__gallery__arrow--right\" aria-label=\"Next photo\" @click.stop=\"active === total - 1 ? active = 0 : active++\">\n\t\t\t<svg xmlns=\"http:\/\/www.w3.org\/2000\/svg\" viewBox=\"0 0 40 40\" width=\"40\" height=\"40\" focusable=\"false\"><path d=\"m15.5 0.932-4.3 4.38 14.5 14.6-14.5 14.5 4.3 4.4 14.6-14.6 4.4-4.3-4.4-4.4-14.6-14.6z\"><\/path><\/svg>\n\t\t<\/button>\n\t\t<div class=\"espigul-house__item__photo__overlay\">\n\t\t\t<div class=\"espigul-house__item__photo__price\">\n\t\t\t\t675.000\u00a0\u20ac\t\t\t<\/div>\n\t\t<\/div>\n\t<\/div>\n\t<div class=\"espigul-house__item__body\">\n\t\t<div class=\"espigul-house__item__body__city\">Costa Brava<\/div>\n\t\t<h2 class=\"espigul-house__item__body__title flex-grow\">\n\t\t\t<a href=\"https:\/\/www.espigul.com\/ca\/immobles\/pis-amb-vistes-al-mar-a-sagaro\/\" title=\"Pis amb vistes al mar a S&#8217;Agar\u00f3\">Pis amb vistes al mar a S&#8217;Agar\u00f3<\/a>\n\t\t<\/h2>\n\t\t<div class=\"espigul-house__item__body__meta\">\n\t\t\t\t\t\t<div class=\"espigul-house__item__body__meta__item\">\n\t\t\t\t<span class=\"espigul-house__item__body__meta__item__label\">Superf\u00edcie<\/span>\n\t\t\t\t<span class=\"espigul-house__item__body__meta__item__value\">\n\t\t\t\t\t108 m<sup>2<\/sup>\t\t\t\t<\/span>\n\t\t\t<\/div>\n\t\t\t\t\t\t<div class=\"espigul-house__item__body__meta__item\">\n\t\t\t\t<span class=\"espigul-house__item__body__meta__item__label\">Habitacions<\/span>\n\t\t\t\t<span class=\"espigul-house__item__body__meta__item__value\">\n\t\t\t\t\t3\t\t\t\t<\/span>\n\t\t\t<\/div>\n\t\t\t\t\t\t<div class=\"espigul-house__item__body__meta__item\">\n\t\t\t\t<span class=\"espigul-house__item__body__meta__item__label\">Banys<\/span>\n\t\t\t\t<span class=\"espigul-house__item__body__meta__item__value\">\n\t\t\t\t\t2\t\t\t\t<\/span>\n\t\t\t<\/div>\n\t\t\t\t\t<\/div>\n\t<\/div>\n<\/div>\n\t\t\t\t\t<\/li>\n\t\t\t\t\t\t\t\t\t\t<li class=\"splide__slide\">\n\t\t\t\t\t<div class=\"espigul-house__item cursor-pointer\" onClick=\"window.location.assign('https:\/\/www.espigul.com\/ca\/immobles\/apartament-reformat-amb-terrassa-a-sagaro\/');\">\n\t<div class=\"espigul-house__item__gallery espigul-house__item__photo\" x-data=\"{ active : 0, total: 3 }\">\n\t\t\t\t<ul class=\"espigul-house__item__gallery__items\">\n\t\t\t\t\t\t\t<li class=\"espigul-house__item__gallery__items__item\" x-bind:class=\"0 == active ? 'espigul-house__item__gallery__items__item--active': ''\">\n\t\t\t\t\t<img decoding=\"async\" src=\"https:\/\/www.espigul.com\/wp-content\/uploads\/2026\/04\/apartamento-reformado-con-terraza-en-sagaro-25479630-1300x866.webp\" alt=\"Apartament reformat amb terrassa a S&#8217;Agar\u00f3\" loading=\"lazy\" width=\"100%\" height=\"auto\">\n\t\t\t\t<\/li>\n\t\t\t\t\t\t\t<li class=\"espigul-house__item__gallery__items__item\" x-bind:class=\"1 == active ? 'espigul-house__item__gallery__items__item--active': ''\">\n\t\t\t\t\t<img decoding=\"async\" src=\"https:\/\/www.espigul.com\/wp-content\/uploads\/2026\/04\/apartamento-reformado-con-terraza-en-sagaro-25479625-1300x867.webp\" alt=\"Apartament reformat amb terrassa a S&#8217;Agar\u00f3\" loading=\"lazy\" width=\"100%\" height=\"auto\">\n\t\t\t\t<\/li>\n\t\t\t\t\t\t\t<li class=\"espigul-house__item__gallery__items__item\" x-bind:class=\"2 == active ? 'espigul-house__item__gallery__items__item--active': ''\">\n\t\t\t\t\t<img decoding=\"async\" src=\"https:\/\/www.espigul.com\/wp-content\/uploads\/2026\/04\/apartamento-reformado-con-terraza-en-sagaro-25479627-1300x867.webp\" alt=\"Apartament reformat amb terrassa a S&#8217;Agar\u00f3\" loading=\"lazy\" width=\"100%\" height=\"auto\">\n\t\t\t\t<\/li>\n\t\t\t\t\t<\/ul>\n\t\t<ul class=\"espigul-house__item__gallery__dots\">\n\t\t\t\t\t\t\t<li class=\"espigul-house__item__gallery__dots__item\" x-bind:class=\"0 == active ? 'espigul-house__item__gallery__dots__item--active': ''\">\n\t\t\t\t<\/li>\n\t\t\t\t\t\t\t<li class=\"espigul-house__item__gallery__dots__item\" x-bind:class=\"1 == active ? 'espigul-house__item__gallery__dots__item--active': ''\">\n\t\t\t\t<\/li>\n\t\t\t\t\t\t\t<li class=\"espigul-house__item__gallery__dots__item\" x-bind:class=\"2 == active ? 'espigul-house__item__gallery__dots__item--active': ''\">\n\t\t\t\t<\/li>\n\t\t\t\t\t<\/ul>\n\t\t<button class=\"espigul-house__item__gallery__arrow espigul-house__item__gallery__arrow--left\" aria-label=\"Previous photo\" @click.stop=\"active === 0 ? active = total - 1 : active--\">\n\t\t\t<svg xmlns=\"http:\/\/www.w3.org\/2000\/svg\" viewBox=\"0 0 40 40\" width=\"40\" height=\"40\" focusable=\"false\"><path d=\"m15.5 0.932-4.3 4.38 14.5 14.6-14.5 14.5 4.3 4.4 14.6-14.6 4.4-4.3-4.4-4.4-14.6-14.6z\"><\/path><\/svg>\n\t\t<\/button>\n\t\t<button class=\"espigul-house__item__gallery__arrow espigul-house__item__gallery__arrow--right\" aria-label=\"Next photo\" @click.stop=\"active === total - 1 ? active = 0 : active++\">\n\t\t\t<svg xmlns=\"http:\/\/www.w3.org\/2000\/svg\" viewBox=\"0 0 40 40\" width=\"40\" height=\"40\" focusable=\"false\"><path d=\"m15.5 0.932-4.3 4.38 14.5 14.6-14.5 14.5 4.3 4.4 14.6-14.6 4.4-4.3-4.4-4.4-14.6-14.6z\"><\/path><\/svg>\n\t\t<\/button>\n\t\t<div class=\"espigul-house__item__photo__overlay\">\n\t\t\t<div class=\"espigul-house__item__photo__price\">\n\t\t\t\t690.000\u00a0\u20ac\t\t\t<\/div>\n\t\t<\/div>\n\t<\/div>\n\t<div class=\"espigul-house__item__body\">\n\t\t<div class=\"espigul-house__item__body__city\">Costa Brava<\/div>\n\t\t<h2 class=\"espigul-house__item__body__title flex-grow\">\n\t\t\t<a href=\"https:\/\/www.espigul.com\/ca\/immobles\/apartament-reformat-amb-terrassa-a-sagaro\/\" title=\"Apartament reformat amb terrassa a S&#8217;Agar\u00f3\">Apartament reformat amb terrassa a S&#8217;Agar\u00f3<\/a>\n\t\t<\/h2>\n\t\t<div class=\"espigul-house__item__body__meta\">\n\t\t\t\t\t\t<div class=\"espigul-house__item__body__meta__item\">\n\t\t\t\t<span class=\"espigul-house__item__body__meta__item__label\">Superf\u00edcie<\/span>\n\t\t\t\t<span class=\"espigul-house__item__body__meta__item__value\">\n\t\t\t\t\t133 m<sup>2<\/sup>\t\t\t\t<\/span>\n\t\t\t<\/div>\n\t\t\t\t\t\t<div class=\"espigul-house__item__body__meta__item\">\n\t\t\t\t<span class=\"espigul-house__item__body__meta__item__label\">Habitacions<\/span>\n\t\t\t\t<span class=\"espigul-house__item__body__meta__item__value\">\n\t\t\t\t\t3\t\t\t\t<\/span>\n\t\t\t<\/div>\n\t\t\t\t\t\t<div class=\"espigul-house__item__body__meta__item\">\n\t\t\t\t<span class=\"espigul-house__item__body__meta__item__label\">Banys<\/span>\n\t\t\t\t<span class=\"espigul-house__item__body__meta__item__value\">\n\t\t\t\t\t2\t\t\t\t<\/span>\n\t\t\t<\/div>\n\t\t\t\t\t<\/div>\n\t<\/div>\n<\/div>\n\t\t\t\t\t<\/li>\n\t\t\t\t\t\t\t\t\t\t<li class=\"splide__slide\">\n\t\t\t\t\t<div class=\"espigul-house__item cursor-pointer\" onClick=\"window.location.assign('https:\/\/www.espigul.com\/ca\/immobles\/casa-reformada-al-centre-de-torroella-de-montgri\/');\">\n\t<div class=\"espigul-house__item__gallery espigul-house__item__photo\" x-data=\"{ active : 0, total: 3 }\">\n\t\t\t\t<ul class=\"espigul-house__item__gallery__items\">\n\t\t\t\t\t\t\t<li class=\"espigul-house__item__gallery__items__item\" x-bind:class=\"0 == active ? 'espigul-house__item__gallery__items__item--active': ''\">\n\t\t\t\t\t<img decoding=\"async\" src=\"https:\/\/www.espigul.com\/wp-content\/uploads\/2026\/04\/casa-reformada-al-centro-de-torroella-de-montgri-25382440-1300x866.webp\" alt=\"Casa reformada al centre de Torroella de Montgr\u00ed\" loading=\"lazy\" width=\"100%\" height=\"auto\">\n\t\t\t\t<\/li>\n\t\t\t\t\t\t\t<li class=\"espigul-house__item__gallery__items__item\" x-bind:class=\"1 == active ? 'espigul-house__item__gallery__items__item--active': ''\">\n\t\t\t\t\t<img decoding=\"async\" src=\"https:\/\/www.espigul.com\/wp-content\/uploads\/2026\/04\/casa-reformada-al-centro-de-torroella-de-montgri-25382438-1300x872.webp\" alt=\"Casa reformada al centre de Torroella de Montgr\u00ed\" loading=\"lazy\" width=\"100%\" height=\"auto\">\n\t\t\t\t<\/li>\n\t\t\t\t\t\t\t<li class=\"espigul-house__item__gallery__items__item\" x-bind:class=\"2 == active ? 'espigul-house__item__gallery__items__item--active': ''\">\n\t\t\t\t\t<img decoding=\"async\" src=\"https:\/\/www.espigul.com\/wp-content\/uploads\/2026\/04\/casa-reformada-al-centro-de-torroella-de-montgri-25382439-1300x872.webp\" alt=\"Casa reformada al centre de Torroella de Montgr\u00ed\" loading=\"lazy\" width=\"100%\" height=\"auto\">\n\t\t\t\t<\/li>\n\t\t\t\t\t<\/ul>\n\t\t<ul class=\"espigul-house__item__gallery__dots\">\n\t\t\t\t\t\t\t<li class=\"espigul-house__item__gallery__dots__item\" x-bind:class=\"0 == active ? 'espigul-house__item__gallery__dots__item--active': ''\">\n\t\t\t\t<\/li>\n\t\t\t\t\t\t\t<li class=\"espigul-house__item__gallery__dots__item\" x-bind:class=\"1 == active ? 'espigul-house__item__gallery__dots__item--active': ''\">\n\t\t\t\t<\/li>\n\t\t\t\t\t\t\t<li class=\"espigul-house__item__gallery__dots__item\" x-bind:class=\"2 == active ? 'espigul-house__item__gallery__dots__item--active': ''\">\n\t\t\t\t<\/li>\n\t\t\t\t\t<\/ul>\n\t\t<button class=\"espigul-house__item__gallery__arrow espigul-house__item__gallery__arrow--left\" aria-label=\"Previous photo\" @click.stop=\"active === 0 ? active = total - 1 : active--\">\n\t\t\t<svg xmlns=\"http:\/\/www.w3.org\/2000\/svg\" viewBox=\"0 0 40 40\" width=\"40\" height=\"40\" focusable=\"false\"><path d=\"m15.5 0.932-4.3 4.38 14.5 14.6-14.5 14.5 4.3 4.4 14.6-14.6 4.4-4.3-4.4-4.4-14.6-14.6z\"><\/path><\/svg>\n\t\t<\/button>\n\t\t<button class=\"espigul-house__item__gallery__arrow espigul-house__item__gallery__arrow--right\" aria-label=\"Next photo\" @click.stop=\"active === total - 1 ? active = 0 : active++\">\n\t\t\t<svg xmlns=\"http:\/\/www.w3.org\/2000\/svg\" viewBox=\"0 0 40 40\" width=\"40\" height=\"40\" focusable=\"false\"><path d=\"m15.5 0.932-4.3 4.38 14.5 14.6-14.5 14.5 4.3 4.4 14.6-14.6 4.4-4.3-4.4-4.4-14.6-14.6z\"><\/path><\/svg>\n\t\t<\/button>\n\t\t<div class=\"espigul-house__item__photo__overlay\">\n\t\t\t<div class=\"espigul-house__item__photo__price\">\n\t\t\t\t374.000\u00a0\u20ac\t\t\t<\/div>\n\t\t<\/div>\n\t<\/div>\n\t<div class=\"espigul-house__item__body\">\n\t\t<div class=\"espigul-house__item__body__city\">Costa Brava<\/div>\n\t\t<h2 class=\"espigul-house__item__body__title flex-grow\">\n\t\t\t<a href=\"https:\/\/www.espigul.com\/ca\/immobles\/casa-reformada-al-centre-de-torroella-de-montgri\/\" title=\"Casa reformada al centre de Torroella de Montgr\u00ed\">Casa reformada al centre de Torroella de Montgr\u00ed<\/a>\n\t\t<\/h2>\n\t\t<div class=\"espigul-house__item__body__meta\">\n\t\t\t\t\t\t<div class=\"espigul-house__item__body__meta__item\">\n\t\t\t\t<span class=\"espigul-house__item__body__meta__item__label\">Superf\u00edcie<\/span>\n\t\t\t\t<span class=\"espigul-house__item__body__meta__item__value\">\n\t\t\t\t\t377 m<sup>2<\/sup>\t\t\t\t<\/span>\n\t\t\t<\/div>\n\t\t\t\t\t\t<div class=\"espigul-house__item__body__meta__item\">\n\t\t\t\t<span class=\"espigul-house__item__body__meta__item__label\">Habitacions<\/span>\n\t\t\t\t<span class=\"espigul-house__item__body__meta__item__value\">\n\t\t\t\t\t4\t\t\t\t<\/span>\n\t\t\t<\/div>\n\t\t\t\t\t\t<div class=\"espigul-house__item__body__meta__item\">\n\t\t\t\t<span class=\"espigul-house__item__body__meta__item__label\">Banys<\/span>\n\t\t\t\t<span class=\"espigul-house__item__body__meta__item__value\">\n\t\t\t\t\t3\t\t\t\t<\/span>\n\t\t\t<\/div>\n\t\t\t\t\t<\/div>\n\t<\/div>\n<\/div>\n\t\t\t\t\t<\/li>\n\t\t\t\t\t\t\t\t\t\t<li class=\"splide__slide\">\n\t\t\t\t\t<div class=\"espigul-house__item cursor-pointer\" onClick=\"window.location.assign('https:\/\/www.espigul.com\/ca\/immobles\/elegant-apartament-al-costat-de-la-gavina-a-sagaro\/');\">\n\t<div class=\"espigul-house__item__gallery espigul-house__item__photo\" x-data=\"{ active : 0, total: 3 }\">\n\t\t\t\t<ul class=\"espigul-house__item__gallery__items\">\n\t\t\t\t\t\t\t<li class=\"espigul-house__item__gallery__items__item\" x-bind:class=\"0 == active ? 'espigul-house__item__gallery__items__item--active': ''\">\n\t\t\t\t\t<img decoding=\"async\" src=\"https:\/\/www.espigul.com\/wp-content\/uploads\/2026\/04\/elegante-apartamento-junto-a-la-gavina-en-sagaro-25371685-1300x866.webp\" alt=\"Elegant apartament al costat de La Gavina, a S&#8217;Agar\u00f3\" loading=\"lazy\" width=\"100%\" height=\"auto\">\n\t\t\t\t<\/li>\n\t\t\t\t\t\t\t<li class=\"espigul-house__item__gallery__items__item\" x-bind:class=\"1 == active ? 'espigul-house__item__gallery__items__item--active': ''\">\n\t\t\t\t\t<img decoding=\"async\" src=\"https:\/\/www.espigul.com\/wp-content\/uploads\/2026\/04\/elegante-apartamento-junto-a-la-gavina-en-sagaro-25371683-1300x867.webp\" alt=\"Elegant apartament al costat de La Gavina, a S&#8217;Agar\u00f3\" loading=\"lazy\" width=\"100%\" height=\"auto\">\n\t\t\t\t<\/li>\n\t\t\t\t\t\t\t<li class=\"espigul-house__item__gallery__items__item\" x-bind:class=\"2 == active ? 'espigul-house__item__gallery__items__item--active': ''\">\n\t\t\t\t\t<img decoding=\"async\" src=\"https:\/\/www.espigul.com\/wp-content\/uploads\/2026\/04\/elegante-apartamento-junto-a-la-gavina-en-sagaro-25371681-1300x866.webp\" alt=\"Elegant apartament al costat de La Gavina, a S&#8217;Agar\u00f3\" loading=\"lazy\" width=\"100%\" height=\"auto\">\n\t\t\t\t<\/li>\n\t\t\t\t\t<\/ul>\n\t\t<ul class=\"espigul-house__item__gallery__dots\">\n\t\t\t\t\t\t\t<li class=\"espigul-house__item__gallery__dots__item\" x-bind:class=\"0 == active ? 'espigul-house__item__gallery__dots__item--active': ''\">\n\t\t\t\t<\/li>\n\t\t\t\t\t\t\t<li class=\"espigul-house__item__gallery__dots__item\" x-bind:class=\"1 == active ? 'espigul-house__item__gallery__dots__item--active': ''\">\n\t\t\t\t<\/li>\n\t\t\t\t\t\t\t<li class=\"espigul-house__item__gallery__dots__item\" x-bind:class=\"2 == active ? 'espigul-house__item__gallery__dots__item--active': ''\">\n\t\t\t\t<\/li>\n\t\t\t\t\t<\/ul>\n\t\t<button class=\"espigul-house__item__gallery__arrow espigul-house__item__gallery__arrow--left\" aria-label=\"Previous photo\" @click.stop=\"active === 0 ? active = total - 1 : active--\">\n\t\t\t<svg xmlns=\"http:\/\/www.w3.org\/2000\/svg\" viewBox=\"0 0 40 40\" width=\"40\" height=\"40\" focusable=\"false\"><path d=\"m15.5 0.932-4.3 4.38 14.5 14.6-14.5 14.5 4.3 4.4 14.6-14.6 4.4-4.3-4.4-4.4-14.6-14.6z\"><\/path><\/svg>\n\t\t<\/button>\n\t\t<button class=\"espigul-house__item__gallery__arrow espigul-house__item__gallery__arrow--right\" aria-label=\"Next photo\" @click.stop=\"active === total - 1 ? active = 0 : active++\">\n\t\t\t<svg xmlns=\"http:\/\/www.w3.org\/2000\/svg\" viewBox=\"0 0 40 40\" width=\"40\" height=\"40\" focusable=\"false\"><path d=\"m15.5 0.932-4.3 4.38 14.5 14.6-14.5 14.5 4.3 4.4 14.6-14.6 4.4-4.3-4.4-4.4-14.6-14.6z\"><\/path><\/svg>\n\t\t<\/button>\n\t\t<div class=\"espigul-house__item__photo__overlay\">\n\t\t\t<div class=\"espigul-house__item__photo__price\">\n\t\t\t\t275.000\u00a0\u20ac\t\t\t<\/div>\n\t\t<\/div>\n\t<\/div>\n\t<div class=\"espigul-house__item__body\">\n\t\t<div class=\"espigul-house__item__body__city\">Costa Brava<\/div>\n\t\t<h2 class=\"espigul-house__item__body__title flex-grow\">\n\t\t\t<a href=\"https:\/\/www.espigul.com\/ca\/immobles\/elegant-apartament-al-costat-de-la-gavina-a-sagaro\/\" title=\"Elegant apartament al costat de La Gavina, a S&#8217;Agar\u00f3\">Elegant apartament al costat de La Gavina, a S&#8217;Agar\u00f3<\/a>\n\t\t<\/h2>\n\t\t<div class=\"espigul-house__item__body__meta\">\n\t\t\t\t\t\t<div class=\"espigul-house__item__body__meta__item\">\n\t\t\t\t<span class=\"espigul-house__item__body__meta__item__label\">Superf\u00edcie<\/span>\n\t\t\t\t<span class=\"espigul-house__item__body__meta__item__value\">\n\t\t\t\t\t24 m<sup>2<\/sup>\t\t\t\t<\/span>\n\t\t\t<\/div>\n\t\t\t\t\t\t<div class=\"espigul-house__item__body__meta__item\">\n\t\t\t\t<span class=\"espigul-house__item__body__meta__item__label\">Habitacions<\/span>\n\t\t\t\t<span class=\"espigul-house__item__body__meta__item__value\">\n\t\t\t\t\t1\t\t\t\t<\/span>\n\t\t\t<\/div>\n\t\t\t\t\t\t<div class=\"espigul-house__item__body__meta__item\">\n\t\t\t\t<span class=\"espigul-house__item__body__meta__item__label\">Banys<\/span>\n\t\t\t\t<span class=\"espigul-house__item__body__meta__item__value\">\n\t\t\t\t\t1\t\t\t\t<\/span>\n\t\t\t<\/div>\n\t\t\t\t\t<\/div>\n\t<\/div>\n<\/div>\n\t\t\t\t\t<\/li>\n\t\t\t\t\t\t\t\t\t\t<li class=\"splide__slide\">\n\t\t\t\t\t<div class=\"espigul-house__item cursor-pointer\" onClick=\"window.location.assign('https:\/\/www.espigul.com\/ca\/immobles\/casa-adossada-dobra-nova-amb-vistes\/');\">\n\t<div class=\"espigul-house__item__gallery espigul-house__item__photo\" x-data=\"{ active : 0, total: 3 }\">\n\t\t\t\t<ul class=\"espigul-house__item__gallery__items\">\n\t\t\t\t\t\t\t<li class=\"espigul-house__item__gallery__items__item\" x-bind:class=\"0 == active ? 'espigul-house__item__gallery__items__item--active': ''\">\n\t\t\t\t\t<img decoding=\"async\" src=\"https:\/\/www.espigul.com\/wp-content\/uploads\/2026\/04\/casa-adosada-de-obra-nueva-con-vistas-25262935-1300x813.webp\" alt=\"Casa adossada d&#8217;obra nova amb vistes\" loading=\"lazy\" width=\"100%\" height=\"auto\">\n\t\t\t\t<\/li>\n\t\t\t\t\t\t\t<li class=\"espigul-house__item__gallery__items__item\" x-bind:class=\"1 == active ? 'espigul-house__item__gallery__items__item--active': ''\">\n\t\t\t\t\t<img decoding=\"async\" src=\"https:\/\/www.espigul.com\/wp-content\/uploads\/2026\/04\/casa-adosada-de-obra-nueva-con-vistas-25262936-1300x813.webp\" alt=\"Casa adossada d&#8217;obra nova amb vistes\" loading=\"lazy\" width=\"100%\" height=\"auto\">\n\t\t\t\t<\/li>\n\t\t\t\t\t\t\t<li class=\"espigul-house__item__gallery__items__item\" x-bind:class=\"2 == active ? 'espigul-house__item__gallery__items__item--active': ''\">\n\t\t\t\t\t<img decoding=\"async\" src=\"https:\/\/www.espigul.com\/wp-content\/uploads\/2026\/04\/casa-adosada-de-obra-nueva-con-vistas-25262938-1300x813.webp\" alt=\"Casa adossada d&#8217;obra nova amb vistes\" loading=\"lazy\" width=\"100%\" height=\"auto\">\n\t\t\t\t<\/li>\n\t\t\t\t\t<\/ul>\n\t\t<ul class=\"espigul-house__item__gallery__dots\">\n\t\t\t\t\t\t\t<li class=\"espigul-house__item__gallery__dots__item\" x-bind:class=\"0 == active ? 'espigul-house__item__gallery__dots__item--active': ''\">\n\t\t\t\t<\/li>\n\t\t\t\t\t\t\t<li class=\"espigul-house__item__gallery__dots__item\" x-bind:class=\"1 == active ? 'espigul-house__item__gallery__dots__item--active': ''\">\n\t\t\t\t<\/li>\n\t\t\t\t\t\t\t<li class=\"espigul-house__item__gallery__dots__item\" x-bind:class=\"2 == active ? 'espigul-house__item__gallery__dots__item--active': ''\">\n\t\t\t\t<\/li>\n\t\t\t\t\t<\/ul>\n\t\t<button class=\"espigul-house__item__gallery__arrow espigul-house__item__gallery__arrow--left\" aria-label=\"Previous photo\" @click.stop=\"active === 0 ? active = total - 1 : active--\">\n\t\t\t<svg xmlns=\"http:\/\/www.w3.org\/2000\/svg\" viewBox=\"0 0 40 40\" width=\"40\" height=\"40\" focusable=\"false\"><path d=\"m15.5 0.932-4.3 4.38 14.5 14.6-14.5 14.5 4.3 4.4 14.6-14.6 4.4-4.3-4.4-4.4-14.6-14.6z\"><\/path><\/svg>\n\t\t<\/button>\n\t\t<button class=\"espigul-house__item__gallery__arrow espigul-house__item__gallery__arrow--right\" aria-label=\"Next photo\" @click.stop=\"active === total - 1 ? active = 0 : active++\">\n\t\t\t<svg xmlns=\"http:\/\/www.w3.org\/2000\/svg\" viewBox=\"0 0 40 40\" width=\"40\" height=\"40\" focusable=\"false\"><path d=\"m15.5 0.932-4.3 4.38 14.5 14.6-14.5 14.5 4.3 4.4 14.6-14.6 4.4-4.3-4.4-4.4-14.6-14.6z\"><\/path><\/svg>\n\t\t<\/button>\n\t\t<div class=\"espigul-house__item__photo__overlay\">\n\t\t\t<div class=\"espigul-house__item__photo__price\">\n\t\t\t\t525.000\u00a0\u20ac\t\t\t<\/div>\n\t\t<\/div>\n\t<\/div>\n\t<div class=\"espigul-house__item__body\">\n\t\t<div class=\"espigul-house__item__body__city\">Costa Brava<\/div>\n\t\t<h2 class=\"espigul-house__item__body__title flex-grow\">\n\t\t\t<a href=\"https:\/\/www.espigul.com\/ca\/immobles\/casa-adossada-dobra-nova-amb-vistes\/\" title=\"Casa adossada d&#8217;obra nova amb vistes\">Casa adossada d&#8217;obra nova amb vistes<\/a>\n\t\t<\/h2>\n\t\t<div class=\"espigul-house__item__body__meta\">\n\t\t\t\t\t\t<div class=\"espigul-house__item__body__meta__item\">\n\t\t\t\t<span class=\"espigul-house__item__body__meta__item__label\">Superf\u00edcie<\/span>\n\t\t\t\t<span class=\"espigul-house__item__body__meta__item__value\">\n\t\t\t\t\t227 m<sup>2<\/sup>\t\t\t\t<\/span>\n\t\t\t<\/div>\n\t\t\t\t\t\t<div class=\"espigul-house__item__body__meta__item\">\n\t\t\t\t<span class=\"espigul-house__item__body__meta__item__label\">Habitacions<\/span>\n\t\t\t\t<span class=\"espigul-house__item__body__meta__item__value\">\n\t\t\t\t\t4\t\t\t\t<\/span>\n\t\t\t<\/div>\n\t\t\t\t\t\t<div class=\"espigul-house__item__body__meta__item\">\n\t\t\t\t<span class=\"espigul-house__item__body__meta__item__label\">Banys<\/span>\n\t\t\t\t<span class=\"espigul-house__item__body__meta__item__value\">\n\t\t\t\t\t4\t\t\t\t<\/span>\n\t\t\t<\/div>\n\t\t\t\t\t<\/div>\n\t<\/div>\n<\/div>\n\t\t\t\t\t<\/li>\n\t\t\t\t\t\t\t\t\t\t<li class=\"splide__slide\">\n\t\t\t\t\t<div class=\"espigul-house__item cursor-pointer\" onClick=\"window.location.assign('https:\/\/www.espigul.com\/ca\/immobles\/casa-moderna-i-assolellada-amb-vistes-al-montgri-a-prop-del-mar\/');\">\n\t<div class=\"espigul-house__item__gallery espigul-house__item__photo\" x-data=\"{ active : 0, total: 3 }\">\n\t\t\t\t<ul class=\"espigul-house__item__gallery__items\">\n\t\t\t\t\t\t\t<li class=\"espigul-house__item__gallery__items__item\" x-bind:class=\"0 == active ? 'espigul-house__item__gallery__items__item--active': ''\">\n\t\t\t\t\t<img decoding=\"async\" src=\"https:\/\/www.espigul.com\/wp-content\/uploads\/2026\/04\/casa-moderna-con-vistas-al-montgri-cerca-del-mar-sol-25255843-1300x1004.webp\" alt=\"Casa moderna i assolellada amb vistes al Montgr\u00ed, a prop del mar\" loading=\"lazy\" width=\"100%\" height=\"auto\">\n\t\t\t\t<\/li>\n\t\t\t\t\t\t\t<li class=\"espigul-house__item__gallery__items__item\" x-bind:class=\"1 == active ? 'espigul-house__item__gallery__items__item--active': ''\">\n\t\t\t\t\t<img decoding=\"async\" src=\"https:\/\/www.espigul.com\/wp-content\/uploads\/2026\/04\/casa-moderna-con-vistas-al-montgri-cerca-del-mar-sol-25255861-1300x1004.webp\" alt=\"Casa moderna i assolellada amb vistes al Montgr\u00ed, a prop del mar\" loading=\"lazy\" width=\"100%\" height=\"auto\">\n\t\t\t\t<\/li>\n\t\t\t\t\t\t\t<li class=\"espigul-house__item__gallery__items__item\" x-bind:class=\"2 == active ? 'espigul-house__item__gallery__items__item--active': ''\">\n\t\t\t\t\t<img decoding=\"async\" src=\"https:\/\/www.espigul.com\/wp-content\/uploads\/2026\/04\/casa-moderna-con-vistas-al-montgri-cerca-del-mar-sol-25255871-1300x1004.webp\" alt=\"Casa moderna i assolellada amb vistes al Montgr\u00ed, a prop del mar\" loading=\"lazy\" width=\"100%\" height=\"auto\">\n\t\t\t\t<\/li>\n\t\t\t\t\t<\/ul>\n\t\t<ul class=\"espigul-house__item__gallery__dots\">\n\t\t\t\t\t\t\t<li class=\"espigul-house__item__gallery__dots__item\" x-bind:class=\"0 == active ? 'espigul-house__item__gallery__dots__item--active': ''\">\n\t\t\t\t<\/li>\n\t\t\t\t\t\t\t<li class=\"espigul-house__item__gallery__dots__item\" x-bind:class=\"1 == active ? 'espigul-house__item__gallery__dots__item--active': ''\">\n\t\t\t\t<\/li>\n\t\t\t\t\t\t\t<li class=\"espigul-house__item__gallery__dots__item\" x-bind:class=\"2 == active ? 'espigul-house__item__gallery__dots__item--active': ''\">\n\t\t\t\t<\/li>\n\t\t\t\t\t<\/ul>\n\t\t<button class=\"espigul-house__item__gallery__arrow espigul-house__item__gallery__arrow--left\" aria-label=\"Previous photo\" @click.stop=\"active === 0 ? active = total - 1 : active--\">\n\t\t\t<svg xmlns=\"http:\/\/www.w3.org\/2000\/svg\" viewBox=\"0 0 40 40\" width=\"40\" height=\"40\" focusable=\"false\"><path d=\"m15.5 0.932-4.3 4.38 14.5 14.6-14.5 14.5 4.3 4.4 14.6-14.6 4.4-4.3-4.4-4.4-14.6-14.6z\"><\/path><\/svg>\n\t\t<\/button>\n\t\t<button class=\"espigul-house__item__gallery__arrow espigul-house__item__gallery__arrow--right\" aria-label=\"Next photo\" @click.stop=\"active === total - 1 ? active = 0 : active++\">\n\t\t\t<svg xmlns=\"http:\/\/www.w3.org\/2000\/svg\" viewBox=\"0 0 40 40\" width=\"40\" height=\"40\" focusable=\"false\"><path d=\"m15.5 0.932-4.3 4.38 14.5 14.6-14.5 14.5 4.3 4.4 14.6-14.6 4.4-4.3-4.4-4.4-14.6-14.6z\"><\/path><\/svg>\n\t\t<\/button>\n\t\t<div class=\"espigul-house__item__photo__overlay\">\n\t\t\t<div class=\"espigul-house__item__photo__price\">\n\t\t\t\t640.000\u00a0\u20ac\t\t\t<\/div>\n\t\t<\/div>\n\t<\/div>\n\t<div class=\"espigul-house__item__body\">\n\t\t<div class=\"espigul-house__item__body__city\">Costa Brava<\/div>\n\t\t<h2 class=\"espigul-house__item__body__title flex-grow\">\n\t\t\t<a href=\"https:\/\/www.espigul.com\/ca\/immobles\/casa-moderna-i-assolellada-amb-vistes-al-montgri-a-prop-del-mar\/\" title=\"Casa moderna i assolellada amb vistes al Montgr\u00ed, a prop del mar\">Casa moderna i assolellada amb vistes al Montgr\u00ed, a prop del mar<\/a>\n\t\t<\/h2>\n\t\t<div class=\"espigul-house__item__body__meta\">\n\t\t\t\t\t\t<div class=\"espigul-house__item__body__meta__item\">\n\t\t\t\t<span class=\"espigul-house__item__body__meta__item__label\">Superf\u00edcie<\/span>\n\t\t\t\t<span class=\"espigul-house__item__body__meta__item__value\">\n\t\t\t\t\t190 m<sup>2<\/sup>\t\t\t\t<\/span>\n\t\t\t<\/div>\n\t\t\t\t\t\t<div class=\"espigul-house__item__body__meta__item\">\n\t\t\t\t<span class=\"espigul-house__item__body__meta__item__label\">Habitacions<\/span>\n\t\t\t\t<span class=\"espigul-house__item__body__meta__item__value\">\n\t\t\t\t\t3\t\t\t\t<\/span>\n\t\t\t<\/div>\n\t\t\t\t\t\t<div class=\"espigul-house__item__body__meta__item\">\n\t\t\t\t<span class=\"espigul-house__item__body__meta__item__label\">Banys<\/span>\n\t\t\t\t<span class=\"espigul-house__item__body__meta__item__value\">\n\t\t\t\t\t2\t\t\t\t<\/span>\n\t\t\t<\/div>\n\t\t\t\t\t<\/div>\n\t<\/div>\n<\/div>\n\t\t\t\t\t<\/li>\n\t\t\t\t\t\t\t\t\t\t<li class=\"splide__slide\">\n\t\t\t\t\t<div class=\"espigul-house__item cursor-pointer\" onClick=\"window.location.assign('https:\/\/www.espigul.com\/ca\/immobles\/espectacular-casa-adossada-dobra-nova\/');\">\n\t<div class=\"espigul-house__item__gallery espigul-house__item__photo\" x-data=\"{ active : 0, total: 3 }\">\n\t\t\t\t<ul class=\"espigul-house__item__gallery__items\">\n\t\t\t\t\t\t\t<li class=\"espigul-house__item__gallery__items__item\" x-bind:class=\"0 == active ? 'espigul-house__item__gallery__items__item--active': ''\">\n\t\t\t\t\t<img decoding=\"async\" src=\"https:\/\/www.espigul.com\/wp-content\/uploads\/2026\/04\/espectacular-casa-adosada-de-obra-nueva-25366332-1300x813.webp\" alt=\"Espectacular casa adossada d&#8217;obra nova\" loading=\"lazy\" width=\"100%\" height=\"auto\">\n\t\t\t\t<\/li>\n\t\t\t\t\t\t\t<li class=\"espigul-house__item__gallery__items__item\" x-bind:class=\"1 == active ? 'espigul-house__item__gallery__items__item--active': ''\">\n\t\t\t\t\t<img decoding=\"async\" src=\"https:\/\/www.espigul.com\/wp-content\/uploads\/2026\/04\/espectacular-casa-adosada-de-obra-nueva-25366336-1300x813.webp\" alt=\"Espectacular casa adossada d&#8217;obra nova\" loading=\"lazy\" width=\"100%\" height=\"auto\">\n\t\t\t\t<\/li>\n\t\t\t\t\t\t\t<li class=\"espigul-house__item__gallery__items__item\" x-bind:class=\"2 == active ? 'espigul-house__item__gallery__items__item--active': ''\">\n\t\t\t\t\t<img decoding=\"async\" src=\"https:\/\/www.espigul.com\/wp-content\/uploads\/2026\/04\/espectacular-casa-adosada-de-obra-nueva-25366340-1300x813.webp\" alt=\"Espectacular casa adossada d&#8217;obra nova\" loading=\"lazy\" width=\"100%\" height=\"auto\">\n\t\t\t\t<\/li>\n\t\t\t\t\t<\/ul>\n\t\t<ul class=\"espigul-house__item__gallery__dots\">\n\t\t\t\t\t\t\t<li class=\"espigul-house__item__gallery__dots__item\" x-bind:class=\"0 == active ? 'espigul-house__item__gallery__dots__item--active': ''\">\n\t\t\t\t<\/li>\n\t\t\t\t\t\t\t<li class=\"espigul-house__item__gallery__dots__item\" x-bind:class=\"1 == active ? 'espigul-house__item__gallery__dots__item--active': ''\">\n\t\t\t\t<\/li>\n\t\t\t\t\t\t\t<li class=\"espigul-house__item__gallery__dots__item\" x-bind:class=\"2 == active ? 'espigul-house__item__gallery__dots__item--active': ''\">\n\t\t\t\t<\/li>\n\t\t\t\t\t<\/ul>\n\t\t<button class=\"espigul-house__item__gallery__arrow espigul-house__item__gallery__arrow--left\" aria-label=\"Previous photo\" @click.stop=\"active === 0 ? active = total - 1 : active--\">\n\t\t\t<svg xmlns=\"http:\/\/www.w3.org\/2000\/svg\" viewBox=\"0 0 40 40\" width=\"40\" height=\"40\" focusable=\"false\"><path d=\"m15.5 0.932-4.3 4.38 14.5 14.6-14.5 14.5 4.3 4.4 14.6-14.6 4.4-4.3-4.4-4.4-14.6-14.6z\"><\/path><\/svg>\n\t\t<\/button>\n\t\t<button class=\"espigul-house__item__gallery__arrow espigul-house__item__gallery__arrow--right\" aria-label=\"Next photo\" @click.stop=\"active === total - 1 ? active = 0 : active++\">\n\t\t\t<svg xmlns=\"http:\/\/www.w3.org\/2000\/svg\" viewBox=\"0 0 40 40\" width=\"40\" height=\"40\" focusable=\"false\"><path d=\"m15.5 0.932-4.3 4.38 14.5 14.6-14.5 14.5 4.3 4.4 14.6-14.6 4.4-4.3-4.4-4.4-14.6-14.6z\"><\/path><\/svg>\n\t\t<\/button>\n\t\t<div class=\"espigul-house__item__photo__overlay\">\n\t\t\t<div class=\"espigul-house__item__photo__price\">\n\t\t\t\t525.000\u00a0\u20ac\t\t\t<\/div>\n\t\t<\/div>\n\t<\/div>\n\t<div class=\"espigul-house__item__body\">\n\t\t<div class=\"espigul-house__item__body__city\">Costa Brava<\/div>\n\t\t<h2 class=\"espigul-house__item__body__title flex-grow\">\n\t\t\t<a href=\"https:\/\/www.espigul.com\/ca\/immobles\/espectacular-casa-adossada-dobra-nova\/\" title=\"Espectacular casa adossada d&#8217;obra nova\">Espectacular casa adossada d&#8217;obra nova<\/a>\n\t\t<\/h2>\n\t\t<div class=\"espigul-house__item__body__meta\">\n\t\t\t\t\t\t<div class=\"espigul-house__item__body__meta__item\">\n\t\t\t\t<span class=\"espigul-house__item__body__meta__item__label\">Superf\u00edcie<\/span>\n\t\t\t\t<span class=\"espigul-house__item__body__meta__item__value\">\n\t\t\t\t\t227 m<sup>2<\/sup>\t\t\t\t<\/span>\n\t\t\t<\/div>\n\t\t\t\t\t\t<div class=\"espigul-house__item__body__meta__item\">\n\t\t\t\t<span class=\"espigul-house__item__body__meta__item__label\">Habitacions<\/span>\n\t\t\t\t<span class=\"espigul-house__item__body__meta__item__value\">\n\t\t\t\t\t4\t\t\t\t<\/span>\n\t\t\t<\/div>\n\t\t\t\t\t\t<div class=\"espigul-house__item__body__meta__item\">\n\t\t\t\t<span class=\"espigul-house__item__body__meta__item__label\">Banys<\/span>\n\t\t\t\t<span class=\"espigul-house__item__body__meta__item__value\">\n\t\t\t\t\t4\t\t\t\t<\/span>\n\t\t\t<\/div>\n\t\t\t\t\t<\/div>\n\t<\/div>\n<\/div>\n\t\t\t\t\t<\/li>\n\t\t\t\t\t\t\t\t<\/ul>\n\t\t<\/div>\n\t<\/div>\n<\/div>\n<script>\n\tdocument.addEventListener( 'DOMContentLoaded', function() {\n\t\tvar main = new Splide( '#carousel-3717001', {\n\t\t\tfixedWidth: '70vw',\n\t\t\tgap: '2rem',\n\t\t\tpagination: false,\n\t\t\tarrows: false,\n\t\t\tpadding: '1rem',\n\t\t\tmediaQuery: 'min',\n\t\t\tbreakpoints: {\n\t\t\t\t720: {\n\t\t\t\t\tfixedWidth: null,\n\t\t\t\t\tperPage: 3,\n\t\t\t\t\tarrows: true,\n\t\t\t\t},\n\t\t}\n\t\t} );\n\t\tmain.mount();\n\t} );\n<\/script>\n<\/div><\/div>\n\n\n\n<div class=\"wp-block-uagb-container bg-bezier-50 uagb-block-168a8574 alignfull uagb-is-root-container\"><div class=\"uagb-container-inner-blocks-wrap\">\n<div class=\"wp-block-uagb-container uagb-block-e8291b2b\">\n<div class=\"wp-block-group is-layout-constrained wp-container-core-group-is-layout-93ab80c1 wp-block-group-is-layout-constrained\" style=\"padding-top:0;padding-right:var(--wp--preset--spacing--80);padding-bottom:0;padding-left:0\">\n<h2 class=\"wp-block-heading has-white-color has-text-color\">Ag\u00e8ncia immobili\u00e0ria <\/h2>\n\n\n\n<h2 class=\"wp-block-heading has-white-color has-text-color\">Platja d&#8217;Aro<\/h2>\n\n\n\n<p class=\"has-white-color has-text-color has-medium-font-size\">Descobreix tots els avantatges de la nostra <strong>ag\u00e8ncia immobili\u00e0ria a Platja d\u2019Aro<\/strong>. <\/p>\n<\/div>\n<\/div>\n\n\n\n<div class=\"wp-block-uagb-container uagb-block-fb5049af\">\n<p class=\"has-black-color has-text-color has-medium-font-size\" style=\"padding-top:var(--wp--preset--spacing--30);padding-left:var(--wp--preset--spacing--20)\">T\u2019oferim:<\/p>\n\n\n\n<div class=\"wp-block-uagb-icon-list uagb-block-eaf1d6b3\"><div class=\"uagb-icon-list__wrap\">\n<div class=\"wp-block-uagb-icon-list-child uagb-block-9ff99b6c\"><span class=\"uagb-icon-list__source-wrap\"><svg xmlns=\"https:\/\/www.w3.org\/2000\/svg\" viewBox=\"0 0 448 512\"><path d=\"M438.6 105.4C451.1 117.9 451.1 138.1 438.6 150.6L182.6 406.6C170.1 419.1 149.9 419.1 137.4 406.6L9.372 278.6C-3.124 266.1-3.124 245.9 9.372 233.4C21.87 220.9 42.13 220.9 54.63 233.4L159.1 338.7L393.4 105.4C405.9 92.88 426.1 92.88 438.6 105.4H438.6z\"><\/path><\/svg><\/span><span class=\"uagb-icon-list__label\">Un servei integral: Si busques una ag\u00e8ncia immobili\u00e0ria professional, propera i de confian\u00e7a, som la teva millor elecci\u00f3. Gestionem la compra, venda o lloguer de propietats amb dedicaci\u00f3 i expertesa.<\/span><\/div>\n\n\n\n<div class=\"wp-block-uagb-icon-list-child uagb-block-7f62e1ba\"><span class=\"uagb-icon-list__source-wrap\"><svg xmlns=\"https:\/\/www.w3.org\/2000\/svg\" viewBox=\"0 0 448 512\"><path d=\"M438.6 105.4C451.1 117.9 451.1 138.1 438.6 150.6L182.6 406.6C170.1 419.1 149.9 419.1 137.4 406.6L9.372 278.6C-3.124 266.1-3.124 245.9 9.372 233.4C21.87 220.9 42.13 220.9 54.63 233.4L159.1 338.7L393.4 105.4C405.9 92.88 426.1 92.88 438.6 105.4H438.6z\"><\/path><\/svg><\/span><span class=\"uagb-icon-list__label\">Cat\u00e0leg en evoluci\u00f3: El nostre cat\u00e0leg de propietats est\u00e0 en constant renovaci\u00f3 per oferir-te les millors oportunitats. Des de cases de somni a pisos acollidors, garatges, locals comercials, terrenys fins a finques. Trobarem l&#8217;opci\u00f3 perfecta per a les teves necessitats. Sigui que busquis una segona llar al bell ambient costaner, un local per iniciar un negoci o un espai per a un nou projecte de vida, estem aqu\u00ed per trobar-ho per tu.<\/span><\/div>\n\n\n\n<div class=\"wp-block-uagb-icon-list-child uagb-block-977746f8\"><span class=\"uagb-icon-list__source-wrap\"><svg xmlns=\"https:\/\/www.w3.org\/2000\/svg\" viewBox=\"0 0 448 512\"><path d=\"M438.6 105.4C451.1 117.9 451.1 138.1 438.6 150.6L182.6 406.6C170.1 419.1 149.9 419.1 137.4 406.6L9.372 278.6C-3.124 266.1-3.124 245.9 9.372 233.4C21.87 220.9 42.13 220.9 54.63 233.4L159.1 338.7L393.4 105.4C405.9 92.88 426.1 92.88 438.6 105.4H438.6z\"><\/path><\/svg><\/span><span class=\"uagb-icon-list__label\">Assessorament personalitzat: Des de l&#8217;assessorament inicial fins a l&#8217;\u00faltim detall de la teva transacci\u00f3 immobili\u00e0ria, estarem al teu costat, proporcionant orientaci\u00f3 i suport perqu\u00e8 la teva experi\u00e8ncia sigui agradable.<\/span><\/div>\n<\/div><\/div>\n<\/div>\n<\/div><\/div>\n\n\n\n<div class=\"wp-block-uagb-container uagb-block-78b151fc alignwide uagb-is-root-container\">\n<div class=\"wp-block-uagb-container uagb-block-5d7aa9aa\">\n<div class=\"wp-block-columns is-layout-flex wp-container-core-columns-is-layout-28f84493 wp-block-columns-is-layout-flex\">\n<div class=\"wp-block-column is-layout-flow wp-block-column-is-layout-flow\">\n<figure class=\"wp-block-image aligncenter size-full is-resized\"><img loading=\"lazy\" decoding=\"async\" width=\"888\" height=\"220\" src=\"https:\/\/www.espigul.com\/wp-content\/uploads\/2025\/10\/ESPIGUL_Logo-Black-1.png\" alt=\"\" class=\"wp-image-212936\" style=\"width:218px;height:auto\" srcset=\"https:\/\/www.espigul.com\/wp-content\/uploads\/2025\/10\/ESPIGUL_Logo-Black-1.png 888w, https:\/\/www.espigul.com\/wp-content\/uploads\/2025\/10\/ESPIGUL_Logo-Black-1-400x99.png 400w, https:\/\/www.espigul.com\/wp-content\/uploads\/2025\/10\/ESPIGUL_Logo-Black-1-768x190.png 768w\" sizes=\"auto, (max-width: 888px) 100vw, 888px\" \/><\/figure>\n\n\n\n<p class=\"has-text-align-center has-medium-font-size\">La nostra passi\u00f3 \u00e9s connectar els espais amb les persones. Entenem la import\u00e0ncia de trobar el lloc perfecte per a tu, i estem compromesos a ajudar-te i fer aquest proc\u00e9s f\u00e0cil i emocionant.<\/p>\n<\/div>\n<\/div>\n<\/div>\n<\/div>\n\n\n\n<div class=\"wp-block-uagb-container bg-bezier-50--right uagb-block-58fb33fb alignfull uagb-is-root-container\"><div class=\"uagb-container-inner-blocks-wrap\">\n<div class=\"wp-block-uagb-container uagb-block-4889659d alignfull uagb-is-root-container\"><div class=\"uagb-container-inner-blocks-wrap\"><\/div><\/div>\n\n\n\n<div class=\"wp-block-uagb-container uagb-block-68e4dbd5\">\n<div class=\"wp-block-group is-layout-constrained wp-container-core-group-is-layout-76b72ade wp-block-group-is-layout-constrained\" style=\"padding-top:0;padding-right:0;padding-bottom:0;padding-left:0\">\n<h2 class=\"wp-block-heading has-white-color has-text-color\">Les millors ofertes Immobili\u00e0ries a Platja d\u2019Aro<\/h2>\n\n\n\n<p>No esperis m\u00e9s per trobar la teva pr\u00f2xima llar o local comercial a Platja d\u2019Aro. Posa\u2019t en contacte amb nosaltres i descobreix les millors ofertes immobili\u00e0ries que Platja d&#8217;Aro t\u00e9 per oferir, tant si ets comprador com propietari, t\u2019ajudem a gestionar els teus b\u00e9ns immobles. Amb assessorament personalitzat i una gamma diversa de propietats, estem aqu\u00ed per fer les teves idees en realitat.<\/p>\n<\/div>\n<\/div>\n<\/div><\/div>\n\n\n\n<div class=\"wp-block-uagb-container uagb-block-9e1cedfc alignwide uagb-is-root-container\">\n<div class=\"wp-block-uagb-container uagb-block-0fda0f3a\">\n<p class=\"has-text-align-center has-medium-font-size\">Contacta&#8217;ns sense comprom\u00eds i deixa que la nostra dedicaci\u00f3 i coneixement de la zona et portin cap a la teva propera fita <strong>immobili\u00e0ria a Platja d&#8217;Aro<\/strong>.<\/p>\n<\/div>\n<\/div>\n\n\n\n<div class=\"wp-block-uagb-container uagb-block-24de5ec9 alignfull uagb-is-root-container\"><div class=\"uagb-container-inner-blocks-wrap\">\n<div class=\"wp-block-uagb-container uagb-block-e8496523\">\n<div class=\"wp-block-uagb-advanced-heading uagb-block-a718f958\"><h2 class=\"uagb-heading-text\">Posa&#8217;t en contacte<\/h2><\/div>\n\n\n\n<div class=\"wp-block-contact-form-7-contact-form-selector\">\n<div class=\"wpcf7 no-js\" id=\"wpcf7-f16338-o1\" lang=\"ca\" dir=\"ltr\" data-wpcf7-id=\"16338\">\n<div class=\"screen-reader-response\"><p role=\"status\" aria-live=\"polite\" aria-atomic=\"true\"><\/p> <ul><\/ul><\/div>\n<form action=\"\/ca\/wp-json\/wp\/v2\/pages\/39277#wpcf7-f16338-o1\" method=\"post\" class=\"wpcf7-form init\" aria-label=\"Formulari de contacte\" novalidate=\"novalidate\" data-status=\"init\">\n<fieldset class=\"hidden-fields-container\"><input type=\"hidden\" name=\"_wpcf7\" value=\"16338\" \/><input type=\"hidden\" name=\"_wpcf7_version\" value=\"6.1.5\" \/><input type=\"hidden\" name=\"_wpcf7_locale\" value=\"ca\" \/><input type=\"hidden\" name=\"_wpcf7_unit_tag\" value=\"wpcf7-f16338-o1\" \/><input type=\"hidden\" name=\"_wpcf7_container_post\" value=\"0\" \/><input type=\"hidden\" name=\"_wpcf7_posted_data_hash\" value=\"\" \/><input type=\"hidden\" name=\"_wpcf7_recaptcha_response\" value=\"\" \/>\n<\/fieldset>\n<h3>Formulari de contacte<\/h3>\n<div class=\"contact-form__cols contact-form__cols--2\">\n<div class=\"contact-form__cols__col\">\n<label> <span class=\"contact-form-required\">Nom i cognoms<\/span>\n    <span class=\"wpcf7-form-control-wrap\" data-name=\"your-name\"><input size=\"40\" maxlength=\"400\" class=\"wpcf7-form-control wpcf7-text\" autocomplete=\"name\" aria-invalid=\"false\" value=\"\" type=\"text\" name=\"your-name\" \/><\/span> <\/label>\n<\/div> \n<div class=\"contact-form__cols__col\">\n<label> Tipus d'immoble<\/span>\n     <span class=\"wpcf7-form-control-wrap\" data-name=\"your-type\"><select class=\"wpcf7-form-control wpcf7-select\" aria-invalid=\"false\" name=\"your-type\"><option value=\"Pis\">Pis<\/option><option value=\"Casa\">Casa<\/option><option value=\"Local comercial\">Local comercial<\/option><option value=\"Garatge\">Garatge<\/option><\/select><\/span> <\/label>\n<\/div> \n<\/div>\n\n<div class=\"contact-form__cols contact-form__cols--2\">\n\n<div class=\"contact-form__cols__col\"> <label> \n<span class=\"contact-form-required\">Adre\u00e7a electr\u00f2nica<\/span>\n    <span class=\"wpcf7-form-control-wrap\" data-name=\"your-email\"><input size=\"40\" maxlength=\"400\" class=\"wpcf7-form-control wpcf7-email wpcf7-validates-as-required wpcf7-text wpcf7-validates-as-email\" autocomplete=\"email\" aria-required=\"true\" aria-invalid=\"false\" value=\"\" type=\"email\" name=\"your-email\" \/><\/span> <\/label>\n<\/div>\n<div class=\"contact-form__cols__col\">\n<label>Operaci\u00f3<\/span>\n<span class=\"wpcf7-form-control-wrap\" data-name=\"your-operation\"><select class=\"wpcf7-form-control wpcf7-select\" aria-invalid=\"false\" name=\"your-operation\"><option value=\"Venda\">Venda<\/option><option value=\"Lloguer\">Lloguer<\/option><\/select><\/span> <\/label>\n<\/div> \n<\/div>\n<div class=\"contact-form__cols contact-form__cols--2\">\n<div class=\"contact-form__cols__col\">\n<label> <span class=\"contact-form-required\">Tel\u00e8fon<\/span\n    <span class=\"wpcf7-form-control-wrap\" data-name=\"your-phone\"><input size=\"40\" maxlength=\"400\" class=\"wpcf7-form-control wpcf7-tel wpcf7-validates-as-required wpcf7-text wpcf7-validates-as-tel\" aria-required=\"true\" aria-invalid=\"false\" value=\"\" type=\"tel\" name=\"your-phone\" \/><\/span> <\/label>\n<\/div> \n<div class=\"contact-form__cols__col\">\n<label> Preu m\u00e0xim\n     <span class=\"wpcf7-form-control-wrap\" data-name=\"your-price\"><input size=\"40\" maxlength=\"400\" class=\"wpcf7-form-control wpcf7-text\" aria-invalid=\"false\" value=\"\" type=\"text\" name=\"your-price\" \/><\/span> <\/label>\n<\/div> \n<\/div>\n<div class=\"contact-form__cols contact-form__cols--2\">\n<div class=\"contact-form__cols__col\">\n<label> Poblaci\u00f3\n    <span class=\"wpcf7-form-control-wrap\" data-name=\"your-location\"><input size=\"40\" maxlength=\"400\" class=\"wpcf7-form-control wpcf7-text\" aria-invalid=\"false\" value=\"\" type=\"text\" name=\"your-location\" \/><\/span> <\/label>\n<\/div> \n<div class=\"contact-form__cols__col\">\n<label> Zona\n     <span class=\"wpcf7-form-control-wrap\" data-name=\"your-zone\"><input size=\"40\" maxlength=\"400\" class=\"wpcf7-form-control wpcf7-text\" aria-invalid=\"false\" value=\"\" type=\"text\" name=\"your-zone\" \/><\/span> <\/label>\n<\/div> \n<\/div>\n\n\n\n\n\n<label> <span class=\"contact-form-required\">Missatge<\/span>\n    <span class=\"wpcf7-form-control-wrap\" data-name=\"your-message\"><textarea cols=\"40\" rows=\"10\" maxlength=\"2000\" class=\"wpcf7-form-control wpcf7-textarea\" aria-invalid=\"false\" name=\"your-message\"><\/textarea><\/span> <\/label>\n<label class=\"contact-form__checkbox\"> <span class=\"wpcf7-form-control-wrap\" data-name=\"acceptance-\"><span class=\"wpcf7-form-control wpcf7-acceptance\"><span class=\"wpcf7-list-item\"><input type=\"checkbox\" name=\"acceptance-\" value=\"1\" aria-invalid=\"false\" \/><\/span><\/span><\/span> <span class=\"contact-form-required\">He llegit i accepto les condicions legals i la pol\u00edtica de privacitat.<\/span>\n<\/label>\n\n\n\n\n<input class=\"wpcf7-form-control wpcf7-submit has-spinner\" type=\"submit\" value=\"Envia\" \/><div class=\"wpcf7-response-output\" aria-hidden=\"true\"><\/div>\n<\/form>\n<\/div>\n<\/div>\n<\/div>\n<\/div><\/div>\n\n\n\n<div class=\"wp-block-uagb-container uagb-block-32e2e0b0 alignfull uagb-is-root-container\"><div class=\"uagb-container-inner-blocks-wrap\"><\/div><\/div>\n","protected":false},"excerpt":{"rendered":"<p>IMMOBILI\u00c0RIA PLATJA D&#8217;ARO Esp\u00edgul \u00e9s la teva immobili\u00e0ria a Platja d&#8217;Aro de confian\u00e7a. T\u2019oferim les millors opcions en immobles la Costa Brava. Amb m\u00e9s de 35 anys d&#8217;experi\u00e8ncia presents en la gesti\u00f3 del mercat immobiliari catal\u00e0, el nostre equip d&#8217;experts est\u00e0 aqu\u00ed per fer realitat el teu futur projecte immobiliari. Immobles destacats Platja d&#8217;Aro Ag\u00e8ncia&#8230;<\/p>\n","protected":false},"author":2,"featured_media":43168,"parent":0,"menu_order":0,"comment_status":"closed","ping_status":"closed","template":"","meta":{"_acf_changed":false,"_uag_custom_page_level_css":"","footnotes":""},"class_list":["post-39277","page","type-page","status-publish","has-post-thumbnail","hentry"],"acf":[],"yoast_head":"<!-- This site is optimized with the Yoast SEO plugin v27.5 - https:\/\/yoast.com\/product\/yoast-seo-wordpress\/ -->\n<title>Immobili\u00e0ria Platja d\u2019Aro - Esp\u00edgul<\/title>\n<meta name=\"description\" content=\"Esp\u00edgul \u00e9s la teva immobili\u00e0ria a Platja d&#039;Aro de confian\u00e7a. T\u2019oferim les millors ofertes en immobles de la costa.\" \/>\n<meta name=\"robots\" content=\"index, follow, max-snippet:-1, max-image-preview:large, max-video-preview:-1\" \/>\n<link rel=\"canonical\" href=\"https:\/\/www.espigul.com\/ca\/immobiliaria-platja-d-aro\/\" \/>\n<meta property=\"og:locale\" content=\"ca_ES\" \/>\n<meta property=\"og:type\" content=\"article\" \/>\n<meta property=\"og:title\" content=\"Immobili\u00e0ria Platja d\u2019Aro - Esp\u00edgul\" \/>\n<meta property=\"og:description\" content=\"Esp\u00edgul \u00e9s la teva immobili\u00e0ria a Platja d&#039;Aro de confian\u00e7a. T\u2019oferim les millors ofertes en immobles de la costa.\" \/>\n<meta property=\"og:url\" content=\"https:\/\/www.espigul.com\/ca\/immobiliaria-platja-d-aro\/\" \/>\n<meta property=\"og:site_name\" content=\"Esp\u00edgul\" \/>\n<meta property=\"article:modified_time\" content=\"2025-10-30T10:51:14+00:00\" \/>\n<meta property=\"og:image\" content=\"https:\/\/www.espigul.com\/wp-content\/uploads\/2024\/02\/DSC08444-scaled.jpg\" \/>\n\t<meta property=\"og:image:width\" content=\"2560\" \/>\n\t<meta property=\"og:image:height\" content=\"1707\" \/>\n\t<meta property=\"og:image:type\" content=\"image\/jpeg\" \/>\n<meta name=\"twitter:card\" content=\"summary_large_image\" \/>\n<meta name=\"twitter:label1\" content=\"Temps estimat de lectura\" \/>\n\t<meta name=\"twitter:data1\" content=\"3 minuts\" \/>\n<script type=\"application\/ld+json\" class=\"yoast-schema-graph\">{\"@context\":\"https:\\\/\\\/schema.org\",\"@graph\":[{\"@type\":\"WebPage\",\"@id\":\"https:\\\/\\\/www.espigul.com\\\/ca\\\/immobiliaria-platja-d-aro\\\/\",\"url\":\"https:\\\/\\\/www.espigul.com\\\/ca\\\/immobiliaria-platja-d-aro\\\/\",\"name\":\"Immobili\u00e0ria Platja d\u2019Aro - Esp\u00edgul\",\"isPartOf\":{\"@id\":\"https:\\\/\\\/www.espigul.com\\\/ca\\\/#website\"},\"primaryImageOfPage\":{\"@id\":\"https:\\\/\\\/www.espigul.com\\\/ca\\\/immobiliaria-platja-d-aro\\\/#primaryimage\"},\"image\":{\"@id\":\"https:\\\/\\\/www.espigul.com\\\/ca\\\/immobiliaria-platja-d-aro\\\/#primaryimage\"},\"thumbnailUrl\":\"https:\\\/\\\/www.espigul.com\\\/wp-content\\\/uploads\\\/2024\\\/02\\\/DSC08444-scaled.jpg\",\"datePublished\":\"2024-01-19T12:38:38+00:00\",\"dateModified\":\"2025-10-30T10:51:14+00:00\",\"description\":\"Esp\u00edgul \u00e9s la teva immobili\u00e0ria a Platja d'Aro de confian\u00e7a. T\u2019oferim les millors ofertes en immobles de la costa.\",\"breadcrumb\":{\"@id\":\"https:\\\/\\\/www.espigul.com\\\/ca\\\/immobiliaria-platja-d-aro\\\/#breadcrumb\"},\"inLanguage\":\"ca\",\"potentialAction\":[{\"@type\":\"ReadAction\",\"target\":[\"https:\\\/\\\/www.espigul.com\\\/ca\\\/immobiliaria-platja-d-aro\\\/\"]}]},{\"@type\":\"ImageObject\",\"inLanguage\":\"ca\",\"@id\":\"https:\\\/\\\/www.espigul.com\\\/ca\\\/immobiliaria-platja-d-aro\\\/#primaryimage\",\"url\":\"https:\\\/\\\/www.espigul.com\\\/wp-content\\\/uploads\\\/2024\\\/02\\\/DSC08444-scaled.jpg\",\"contentUrl\":\"https:\\\/\\\/www.espigul.com\\\/wp-content\\\/uploads\\\/2024\\\/02\\\/DSC08444-scaled.jpg\",\"width\":2560,\"height\":1707,\"caption\":\"immobiliaria-platja-d-aro\"},{\"@type\":\"BreadcrumbList\",\"@id\":\"https:\\\/\\\/www.espigul.com\\\/ca\\\/immobiliaria-platja-d-aro\\\/#breadcrumb\",\"itemListElement\":[{\"@type\":\"ListItem\",\"position\":1,\"name\":\"Inici\",\"item\":\"https:\\\/\\\/www.espigul.com\\\/ca\\\/\"},{\"@type\":\"ListItem\",\"position\":2,\"name\":\"Immobili\u00e0ria Platja d\u2019Aro\"}]},{\"@type\":\"WebSite\",\"@id\":\"https:\\\/\\\/www.espigul.com\\\/ca\\\/#website\",\"url\":\"https:\\\/\\\/www.espigul.com\\\/ca\\\/\",\"name\":\"Esp\u00edgul\",\"description\":\"La immobili\u00e0ria l\u00edder de Girona\",\"publisher\":{\"@id\":\"https:\\\/\\\/www.espigul.com\\\/ca\\\/#organization\"},\"potentialAction\":[{\"@type\":\"SearchAction\",\"target\":{\"@type\":\"EntryPoint\",\"urlTemplate\":\"https:\\\/\\\/www.espigul.com\\\/ca\\\/?s={search_term_string}\"},\"query-input\":{\"@type\":\"PropertyValueSpecification\",\"valueRequired\":true,\"valueName\":\"search_term_string\"}}],\"inLanguage\":\"ca\"},{\"@type\":\"Organization\",\"@id\":\"https:\\\/\\\/www.espigul.com\\\/ca\\\/#organization\",\"name\":\"Esp\u00edgul\",\"url\":\"https:\\\/\\\/www.espigul.com\\\/ca\\\/\",\"logo\":{\"@type\":\"ImageObject\",\"inLanguage\":\"ca\",\"@id\":\"https:\\\/\\\/www.espigul.com\\\/ca\\\/#\\\/schema\\\/logo\\\/image\\\/\",\"url\":\"https:\\\/\\\/www.espigul.com\\\/wp-content\\\/uploads\\\/2023\\\/08\\\/espigul-block.png\",\"contentUrl\":\"https:\\\/\\\/www.espigul.com\\\/wp-content\\\/uploads\\\/2023\\\/08\\\/espigul-block.png\",\"width\":384,\"height\":240,\"caption\":\"Esp\u00edgul\"},\"image\":{\"@id\":\"https:\\\/\\\/www.espigul.com\\\/ca\\\/#\\\/schema\\\/logo\\\/image\\\/\"},\"sameAs\":[\"https:\\\/\\\/www.instagram.com\\\/immoespigul\\\/\",\"https:\\\/\\\/www.youtube.com\\\/channel\\\/UCYyD-WWfbCFpCXau4SQOGKQ\"]}]}<\/script>\n<!-- \/ Yoast SEO plugin. -->","yoast_head_json":{"title":"Immobili\u00e0ria Platja d\u2019Aro - Esp\u00edgul","description":"Esp\u00edgul \u00e9s la teva immobili\u00e0ria a Platja d'Aro de confian\u00e7a. T\u2019oferim les millors ofertes en immobles de la costa.","robots":{"index":"index","follow":"follow","max-snippet":"max-snippet:-1","max-image-preview":"max-image-preview:large","max-video-preview":"max-video-preview:-1"},"canonical":"https:\/\/www.espigul.com\/ca\/immobiliaria-platja-d-aro\/","og_locale":"ca_ES","og_type":"article","og_title":"Immobili\u00e0ria Platja d\u2019Aro - Esp\u00edgul","og_description":"Esp\u00edgul \u00e9s la teva immobili\u00e0ria a Platja d'Aro de confian\u00e7a. T\u2019oferim les millors ofertes en immobles de la costa.","og_url":"https:\/\/www.espigul.com\/ca\/immobiliaria-platja-d-aro\/","og_site_name":"Esp\u00edgul","article_modified_time":"2025-10-30T10:51:14+00:00","og_image":[{"width":2560,"height":1707,"url":"https:\/\/www.espigul.com\/wp-content\/uploads\/2024\/02\/DSC08444-scaled.jpg","type":"image\/jpeg"}],"twitter_card":"summary_large_image","twitter_misc":{"Temps estimat de lectura":"3 minuts"},"schema":{"@context":"https:\/\/schema.org","@graph":[{"@type":"WebPage","@id":"https:\/\/www.espigul.com\/ca\/immobiliaria-platja-d-aro\/","url":"https:\/\/www.espigul.com\/ca\/immobiliaria-platja-d-aro\/","name":"Immobili\u00e0ria Platja d\u2019Aro - Esp\u00edgul","isPartOf":{"@id":"https:\/\/www.espigul.com\/ca\/#website"},"primaryImageOfPage":{"@id":"https:\/\/www.espigul.com\/ca\/immobiliaria-platja-d-aro\/#primaryimage"},"image":{"@id":"https:\/\/www.espigul.com\/ca\/immobiliaria-platja-d-aro\/#primaryimage"},"thumbnailUrl":"https:\/\/www.espigul.com\/wp-content\/uploads\/2024\/02\/DSC08444-scaled.jpg","datePublished":"2024-01-19T12:38:38+00:00","dateModified":"2025-10-30T10:51:14+00:00","description":"Esp\u00edgul \u00e9s la teva immobili\u00e0ria a Platja d'Aro de confian\u00e7a. T\u2019oferim les millors ofertes en immobles de la costa.","breadcrumb":{"@id":"https:\/\/www.espigul.com\/ca\/immobiliaria-platja-d-aro\/#breadcrumb"},"inLanguage":"ca","potentialAction":[{"@type":"ReadAction","target":["https:\/\/www.espigul.com\/ca\/immobiliaria-platja-d-aro\/"]}]},{"@type":"ImageObject","inLanguage":"ca","@id":"https:\/\/www.espigul.com\/ca\/immobiliaria-platja-d-aro\/#primaryimage","url":"https:\/\/www.espigul.com\/wp-content\/uploads\/2024\/02\/DSC08444-scaled.jpg","contentUrl":"https:\/\/www.espigul.com\/wp-content\/uploads\/2024\/02\/DSC08444-scaled.jpg","width":2560,"height":1707,"caption":"immobiliaria-platja-d-aro"},{"@type":"BreadcrumbList","@id":"https:\/\/www.espigul.com\/ca\/immobiliaria-platja-d-aro\/#breadcrumb","itemListElement":[{"@type":"ListItem","position":1,"name":"Inici","item":"https:\/\/www.espigul.com\/ca\/"},{"@type":"ListItem","position":2,"name":"Immobili\u00e0ria Platja d\u2019Aro"}]},{"@type":"WebSite","@id":"https:\/\/www.espigul.com\/ca\/#website","url":"https:\/\/www.espigul.com\/ca\/","name":"Esp\u00edgul","description":"La immobili\u00e0ria l\u00edder de Girona","publisher":{"@id":"https:\/\/www.espigul.com\/ca\/#organization"},"potentialAction":[{"@type":"SearchAction","target":{"@type":"EntryPoint","urlTemplate":"https:\/\/www.espigul.com\/ca\/?s={search_term_string}"},"query-input":{"@type":"PropertyValueSpecification","valueRequired":true,"valueName":"search_term_string"}}],"inLanguage":"ca"},{"@type":"Organization","@id":"https:\/\/www.espigul.com\/ca\/#organization","name":"Esp\u00edgul","url":"https:\/\/www.espigul.com\/ca\/","logo":{"@type":"ImageObject","inLanguage":"ca","@id":"https:\/\/www.espigul.com\/ca\/#\/schema\/logo\/image\/","url":"https:\/\/www.espigul.com\/wp-content\/uploads\/2023\/08\/espigul-block.png","contentUrl":"https:\/\/www.espigul.com\/wp-content\/uploads\/2023\/08\/espigul-block.png","width":384,"height":240,"caption":"Esp\u00edgul"},"image":{"@id":"https:\/\/www.espigul.com\/ca\/#\/schema\/logo\/image\/"},"sameAs":["https:\/\/www.instagram.com\/immoespigul\/","https:\/\/www.youtube.com\/channel\/UCYyD-WWfbCFpCXau4SQOGKQ"]}]}},"uagb_featured_image_src":{"full":["https:\/\/www.espigul.com\/wp-content\/uploads\/2024\/02\/DSC08444-scaled.jpg",2560,1707,false],"thumbnail":["https:\/\/www.espigul.com\/wp-content\/uploads\/2024\/02\/DSC08444-150x150.jpg",150,150,true],"medium":["https:\/\/www.espigul.com\/wp-content\/uploads\/2024\/02\/DSC08444-400x267.jpg",400,267,true],"medium_large":["https:\/\/www.espigul.com\/wp-content\/uploads\/2024\/02\/DSC08444-768x512.jpg",768,512,true],"large":["https:\/\/www.espigul.com\/wp-content\/uploads\/2024\/02\/DSC08444-1300x867.jpg",960,640,true],"1536x1536":["https:\/\/www.espigul.com\/wp-content\/uploads\/2024\/02\/DSC08444-1536x1024.jpg",1536,1024,true],"2048x2048":["https:\/\/www.espigul.com\/wp-content\/uploads\/2024\/02\/DSC08444-2048x1365.jpg",2048,1365,true],"gform-image-choice-sm":["https:\/\/www.espigul.com\/wp-content\/uploads\/2024\/02\/DSC08444-scaled.jpg",300,200,false],"gform-image-choice-md":["https:\/\/www.espigul.com\/wp-content\/uploads\/2024\/02\/DSC08444-scaled.jpg",400,267,false],"gform-image-choice-lg":["https:\/\/www.espigul.com\/wp-content\/uploads\/2024\/02\/DSC08444-scaled.jpg",600,400,false]},"uagb_author_info":{"display_name":"Anna Ramon","author_link":"https:\/\/www.espigul.com\/ca\/author\/anna-ramon\/"},"uagb_comment_info":0,"uagb_excerpt":"IMMOBILI\u00c0RIA PLATJA D&#8217;ARO Esp\u00edgul \u00e9s la teva immobili\u00e0ria a Platja d&#8217;Aro de confian\u00e7a. T\u2019oferim les millors opcions en immobles la Costa Brava. Amb m\u00e9s de 35 anys d&#8217;experi\u00e8ncia presents en la gesti\u00f3 del mercat immobiliari catal\u00e0, el nostre equip d&#8217;experts est\u00e0 aqu\u00ed per fer realitat el teu futur projecte immobiliari. Immobles destacats Platja d&#8217;Aro Ag\u00e8ncia...","_links":{"self":[{"href":"https:\/\/www.espigul.com\/ca\/wp-json\/wp\/v2\/pages\/39277","targetHints":{"allow":["GET"]}}],"collection":[{"href":"https:\/\/www.espigul.com\/ca\/wp-json\/wp\/v2\/pages"}],"about":[{"href":"https:\/\/www.espigul.com\/ca\/wp-json\/wp\/v2\/types\/page"}],"author":[{"embeddable":true,"href":"https:\/\/www.espigul.com\/ca\/wp-json\/wp\/v2\/users\/2"}],"replies":[{"embeddable":true,"href":"https:\/\/www.espigul.com\/ca\/wp-json\/wp\/v2\/comments?post=39277"}],"version-history":[{"count":24,"href":"https:\/\/www.espigul.com\/ca\/wp-json\/wp\/v2\/pages\/39277\/revisions"}],"predecessor-version":[{"id":213488,"href":"https:\/\/www.espigul.com\/ca\/wp-json\/wp\/v2\/pages\/39277\/revisions\/213488"}],"wp:featuredmedia":[{"embeddable":true,"href":"https:\/\/www.espigul.com\/ca\/wp-json\/wp\/v2\/media\/43168"}],"wp:attachment":[{"href":"https:\/\/www.espigul.com\/ca\/wp-json\/wp\/v2\/media?parent=39277"}],"curies":[{"name":"wp","href":"https:\/\/api.w.org\/{rel}","templated":true}]}}