{"id":3,"date":"2023-06-05T15:25:19","date_gmt":"2023-06-05T15:25:19","guid":{"rendered":"https:\/\/www.espigul.com\/\/?page_id=3"},"modified":"2026-02-17T10:30:31","modified_gmt":"2026-02-17T08:30:31","slug":"politica-de-privacitat","status":"publish","type":"page","link":"https:\/\/www.espigul.com\/ca\/politica-de-privacitat\/","title":{"rendered":"Pol\u00edtica de privacitat"},"content":{"rendered":"\n<div class=\"wp-block-uagb-container uagb-block-e46acfb9 alignfull uagb-is-root-container\"><div class=\"uagb-container-inner-blocks-wrap\">\n<h1 class=\"wp-block-heading has-text-align-center\">PROTECCI\u00d3 DE DADES<\/h1>\n\n\n\n<p><strong>POL\u00cdTICA DE PRIVACITAT<\/strong><\/p>\n\n\n\n<p><strong>1. INFORMACI\u00d3 AL USUARI<\/strong><\/p>\n\n\n\n<p>Immobiliaria Esp\u00edgul SL, d&#8217;ara endavant RESPONSABLE, \u00e9s el responsable del tractament de les dades personals de l&#8217;Usuari i l&#8217;informa que aquestes dades seran tractades de conformitat amb el que estableix el Reglament (UE) 2016\/679 del 27 d&#8217;abril de 2016 (GDPR) relatiu a la protecci\u00f3 de les persones f\u00edsiques pel que fa al tractament de les dades personals i a la lliure circulaci\u00f3 d&#8217;aquestes dades. Per tant, se li proporciona la seg\u00fcent informaci\u00f3 sobre el tractament:<\/p>\n\n\n\n<p><strong>Finalitat del tractament<\/strong>: mantenir una relaci\u00f3 comercial amb l&#8217;Usuari. Les operacions previstes per dur a terme el tractament s\u00f3n les seg\u00fcents:<\/p>\n\n\n\n<ul class=\"wp-block-list\">\n<li>Enviament de comunicacions comercials publicit\u00e0ries per correu electr\u00f2nic, fax, SMS, MMS, xarxes socials o altres mitjans electr\u00f2nics o f\u00edsics, presents o futurs, que permetin realitzar comunicacions comercials. Aquestes comunicacions seran realitzades pel RESPONSABLE i estaran relacionades amb els seus productes i serveis, o amb els productes i serveis dels seus col\u00b7laboradors o prove\u00efdors amb els quals el RESPONSABLE hagi arribat a acords de promoci\u00f3. En cap cas els tercers tindran acc\u00e9s a les dades personals.<\/li>\n\n\n\n<li>Realitzaci\u00f3 d&#8217;estudis estad\u00edstics.<\/li>\n\n\n\n<li>Tramitaci\u00f3 de comandes, sol\u00b7licituds o qualsevol tipus de petici\u00f3 realitzada per l&#8217;Usuari a trav\u00e9s dels formularis de contacte disponibles.<\/li>\n<\/ul>\n\n\n\n<p><strong>Criteris de conservaci\u00f3 de les dades:<\/strong> les dades es conservaran mentre hi hagi un inter\u00e8s mutu per mantenir la finalitat del tractament i, quan ja no siguin necess\u00e0ries per a aquesta finalitat, se suprimiran amb mesures de seguretat adequades per garantir la seudonimizaci\u00f3 de les dades o la seva destrucci\u00f3 total.<\/p>\n\n\n\n<p><strong>Comunicaci\u00f3 de les dades<\/strong>: les dades no es comunicaran a tercers, excepte obligaci\u00f3 legal.<\/p>\n\n\n\n<p><strong>Drets que assisteixen a l&#8217;Usuari<\/strong>:<\/p>\n\n\n\n<ul class=\"wp-block-list\">\n<li>Dret a retirar el consentiment en qualsevol moment.<\/li>\n\n\n\n<li>Dret d&#8217;acc\u00e9s, rectificaci\u00f3, portabilitat i supressi\u00f3 de les seves dades, aix\u00ed com a la limitaci\u00f3 o oposici\u00f3 al seu tractament.<\/li>\n\n\n\n<li>Dret a presentar una reclamaci\u00f3 davant l&#8217;autoritat de control (agpd.es) si considera que el tractament no compleix amb la normativa vigent.<\/li>\n<\/ul>\n\n\n\n<p><strong>Dades de contacte per exercir els seus drets:<\/strong><\/p>\n\n\n\n<p>Adre\u00e7a postal: Immobiliaria Esp\u00edgul SL, Pla\u00e7a Marqu\u00e8s de Camps 3, 17001 &#8211; Girona, Girona. Adre\u00e7a electr\u00f2nica: <a href=\"mailto:hola@espigul.com\">hola@espigul.com<\/a><\/p>\n\n\n\n<p><strong>2. CAR\u00c0CTER OBLIGATORI O FACULTATIU DE LA INFORMACI\u00d3 FACILITADA PER L&#8217;USUARI<\/strong><\/p>\n\n\n\n<p>La base de legitimaci\u00f3 del tractament ser\u00e0 per inter\u00e8s leg\u00edtim, contractual o perqu\u00e8 ens hagi donat el seu consentiment. <\/p>\n\n\n\n<p>Els Usuaris, mitjan\u00e7ant la marcaci\u00f3 de les caselles corresponents i l&#8217;emplenament de les dades en els camps assenyalats amb un asterisc (*) al formulari de contacte o presentats en formularis de desc\u00e0rrega, accepten expressament i de forma lliure i inequ\u00edvoca, que les seves dades s\u00f3n necess\u00e0ries per atendre la seva petici\u00f3, per part del prestador, essent volunt\u00e0ria la inclusi\u00f3 de dades en els camps restants. L&#8217;Usuari garanteix que les dades personals facilitades al RESPONSABLE s\u00f3n veraces i es fa responsable de comunicar qualsevol modificaci\u00f3 de les mateixes.<\/p>\n\n\n\n<p><strong>3. MESURES DE SEGURETAT<\/strong><\/p>\n\n\n\n<p>Que de conformitat amb el que disposen les normatives vigents en protecci\u00f3 de dades personals, el RESPONSABLE est\u00e0 complint amb totes les disposicions de les normatives GDPR per al tractament de les dades personals de la seva responsabilitat, i manifestament amb els principis descrits a l&#8217;article 5 del GDPR, pels quals s\u00f3n tractats de manera l\u00edcita, lleial i transparent en relaci\u00f3 amb l&#8217;interessat i adequats, pertinents i limitats al necessari en relaci\u00f3 amb els fins pels quals s\u00f3n tractats.<\/p>\n\n\n\n<p>El RESPONSABLE garanteix que ha implementat pol\u00edtiques t\u00e8cniques i organitzatives adequades per aplicar les mesures de seguretat que estableix el GDPR amb la finalitat de protegir els drets i llibertats dels Usuaris i els ha comunicat la informaci\u00f3 adequada perqu\u00e8 puguin exercir-los.<\/p>\n\n\n\n<p>El RESPONSABLE informa i garanteix expressament als usuaris que les seves dades personals no seran cedides en cap cas a tercers, i que sempre que realitzi algun tipus de cessi\u00f3 de dades personals, se sol\u00b7licitar\u00e0 pr\u00e8viament el consentiment expr\u00e9s, informat i inequ\u00edvoc per part dels Usuaris. Totes les dades sol\u00b7licitades a trav\u00e9s del lloc web s\u00f3n obligat\u00f2ries, ja que s\u00f3n necess\u00e0ries per a la prestaci\u00f3 d&#8217;un servei \u00f2ptim a l&#8217;Usuari. En cas que no es facilitin totes les dades, no es garanteix que la informaci\u00f3 i els serveis facilitats siguin completament ajustats a les seves necessitats.<\/p>\n<\/div><\/div>\n","protected":false},"excerpt":{"rendered":"<p>PROTECCI\u00d3 DE DADES POL\u00cdTICA DE PRIVACITAT 1. INFORMACI\u00d3 AL USUARI Immobiliaria Esp\u00edgul SL, d&#8217;ara endavant RESPONSABLE, \u00e9s el responsable del tractament de les dades personals de l&#8217;Usuari i l&#8217;informa que aquestes dades seran tractades de conformitat amb el que estableix el Reglament (UE) 2016\/679 del 27 d&#8217;abril de 2016 (GDPR) relatiu a la protecci\u00f3 de&#8230;<\/p>\n","protected":false},"author":1,"featured_media":0,"parent":0,"menu_order":0,"comment_status":"closed","ping_status":"open","template":"","meta":{"_acf_changed":false,"_uag_custom_page_level_css":"","footnotes":""},"class_list":["post-3","page","type-page","status-publish","hentry"],"acf":[],"yoast_head":"<!-- This site is optimized with the Yoast SEO plugin v27.5 - https:\/\/yoast.com\/product\/yoast-seo-wordpress\/ -->\n<title>Pol\u00edtica de privacitat - Esp\u00edgul<\/title>\n<meta name=\"robots\" content=\"index, follow, max-snippet:-1, max-image-preview:large, max-video-preview:-1\" \/>\n<link rel=\"canonical\" href=\"https:\/\/www.espigul.com\/ca\/politica-de-privacitat\/\" \/>\n<meta property=\"og:locale\" content=\"ca_ES\" \/>\n<meta property=\"og:type\" content=\"article\" \/>\n<meta property=\"og:title\" content=\"Pol\u00edtica de privacitat - Esp\u00edgul\" \/>\n<meta property=\"og:description\" content=\"PROTECCI\u00d3 DE DADES POL\u00cdTICA DE PRIVACITAT 1. INFORMACI\u00d3 AL USUARI Immobiliaria Esp\u00edgul SL, d&#8217;ara endavant RESPONSABLE, \u00e9s el responsable del tractament de les dades personals de l&#8217;Usuari i l&#8217;informa que aquestes dades seran tractades de conformitat amb el que estableix el Reglament (UE) 2016\/679 del 27 d&#8217;abril de 2016 (GDPR) relatiu a la protecci\u00f3 de...\" \/>\n<meta property=\"og:url\" content=\"https:\/\/www.espigul.com\/ca\/politica-de-privacitat\/\" \/>\n<meta property=\"og:site_name\" content=\"Esp\u00edgul\" \/>\n<meta property=\"article:modified_time\" content=\"2026-02-17T08:30:31+00:00\" \/>\n<meta name=\"twitter:card\" content=\"summary_large_image\" \/>\n<meta name=\"twitter:label1\" content=\"Temps estimat de lectura\" \/>\n\t<meta name=\"twitter:data1\" content=\"4 minuts\" \/>\n<script type=\"application\/ld+json\" class=\"yoast-schema-graph\">{\"@context\":\"https:\\\/\\\/schema.org\",\"@graph\":[{\"@type\":\"WebPage\",\"@id\":\"https:\\\/\\\/www.espigul.com\\\/ca\\\/politica-de-privacitat\\\/\",\"url\":\"https:\\\/\\\/www.espigul.com\\\/ca\\\/politica-de-privacitat\\\/\",\"name\":\"Pol\u00edtica de privacitat - Esp\u00edgul\",\"isPartOf\":{\"@id\":\"https:\\\/\\\/www.espigul.com\\\/ca\\\/#website\"},\"datePublished\":\"2023-06-05T15:25:19+00:00\",\"dateModified\":\"2026-02-17T08:30:31+00:00\",\"breadcrumb\":{\"@id\":\"https:\\\/\\\/www.espigul.com\\\/ca\\\/politica-de-privacitat\\\/#breadcrumb\"},\"inLanguage\":\"ca\",\"potentialAction\":[{\"@type\":\"ReadAction\",\"target\":[\"https:\\\/\\\/www.espigul.com\\\/ca\\\/politica-de-privacitat\\\/\"]}]},{\"@type\":\"BreadcrumbList\",\"@id\":\"https:\\\/\\\/www.espigul.com\\\/ca\\\/politica-de-privacitat\\\/#breadcrumb\",\"itemListElement\":[{\"@type\":\"ListItem\",\"position\":1,\"name\":\"Inici\",\"item\":\"https:\\\/\\\/www.espigul.com\\\/ca\\\/\"},{\"@type\":\"ListItem\",\"position\":2,\"name\":\"Pol\u00edtica de privacitat\"}]},{\"@type\":\"WebSite\",\"@id\":\"https:\\\/\\\/www.espigul.com\\\/ca\\\/#website\",\"url\":\"https:\\\/\\\/www.espigul.com\\\/ca\\\/\",\"name\":\"Esp\u00edgul\",\"description\":\"La immobili\u00e0ria l\u00edder de Girona\",\"publisher\":{\"@id\":\"https:\\\/\\\/www.espigul.com\\\/ca\\\/#organization\"},\"potentialAction\":[{\"@type\":\"SearchAction\",\"target\":{\"@type\":\"EntryPoint\",\"urlTemplate\":\"https:\\\/\\\/www.espigul.com\\\/ca\\\/?s={search_term_string}\"},\"query-input\":{\"@type\":\"PropertyValueSpecification\",\"valueRequired\":true,\"valueName\":\"search_term_string\"}}],\"inLanguage\":\"ca\"},{\"@type\":\"Organization\",\"@id\":\"https:\\\/\\\/www.espigul.com\\\/ca\\\/#organization\",\"name\":\"Esp\u00edgul\",\"url\":\"https:\\\/\\\/www.espigul.com\\\/ca\\\/\",\"logo\":{\"@type\":\"ImageObject\",\"inLanguage\":\"ca\",\"@id\":\"https:\\\/\\\/www.espigul.com\\\/ca\\\/#\\\/schema\\\/logo\\\/image\\\/\",\"url\":\"https:\\\/\\\/www.espigul.com\\\/wp-content\\\/uploads\\\/2023\\\/08\\\/espigul-block.png\",\"contentUrl\":\"https:\\\/\\\/www.espigul.com\\\/wp-content\\\/uploads\\\/2023\\\/08\\\/espigul-block.png\",\"width\":384,\"height\":240,\"caption\":\"Esp\u00edgul\"},\"image\":{\"@id\":\"https:\\\/\\\/www.espigul.com\\\/ca\\\/#\\\/schema\\\/logo\\\/image\\\/\"},\"sameAs\":[\"https:\\\/\\\/www.instagram.com\\\/immoespigul\\\/\",\"https:\\\/\\\/www.youtube.com\\\/channel\\\/UCYyD-WWfbCFpCXau4SQOGKQ\"]}]}<\/script>\n<!-- \/ Yoast SEO plugin. -->","yoast_head_json":{"title":"Pol\u00edtica de privacitat - Esp\u00edgul","robots":{"index":"index","follow":"follow","max-snippet":"max-snippet:-1","max-image-preview":"max-image-preview:large","max-video-preview":"max-video-preview:-1"},"canonical":"https:\/\/www.espigul.com\/ca\/politica-de-privacitat\/","og_locale":"ca_ES","og_type":"article","og_title":"Pol\u00edtica de privacitat - Esp\u00edgul","og_description":"PROTECCI\u00d3 DE DADES POL\u00cdTICA DE PRIVACITAT 1. INFORMACI\u00d3 AL USUARI Immobiliaria Esp\u00edgul SL, d&#8217;ara endavant RESPONSABLE, \u00e9s el responsable del tractament de les dades personals de l&#8217;Usuari i l&#8217;informa que aquestes dades seran tractades de conformitat amb el que estableix el Reglament (UE) 2016\/679 del 27 d&#8217;abril de 2016 (GDPR) relatiu a la protecci\u00f3 de...","og_url":"https:\/\/www.espigul.com\/ca\/politica-de-privacitat\/","og_site_name":"Esp\u00edgul","article_modified_time":"2026-02-17T08:30:31+00:00","twitter_card":"summary_large_image","twitter_misc":{"Temps estimat de lectura":"4 minuts"},"schema":{"@context":"https:\/\/schema.org","@graph":[{"@type":"WebPage","@id":"https:\/\/www.espigul.com\/ca\/politica-de-privacitat\/","url":"https:\/\/www.espigul.com\/ca\/politica-de-privacitat\/","name":"Pol\u00edtica de privacitat - Esp\u00edgul","isPartOf":{"@id":"https:\/\/www.espigul.com\/ca\/#website"},"datePublished":"2023-06-05T15:25:19+00:00","dateModified":"2026-02-17T08:30:31+00:00","breadcrumb":{"@id":"https:\/\/www.espigul.com\/ca\/politica-de-privacitat\/#breadcrumb"},"inLanguage":"ca","potentialAction":[{"@type":"ReadAction","target":["https:\/\/www.espigul.com\/ca\/politica-de-privacitat\/"]}]},{"@type":"BreadcrumbList","@id":"https:\/\/www.espigul.com\/ca\/politica-de-privacitat\/#breadcrumb","itemListElement":[{"@type":"ListItem","position":1,"name":"Inici","item":"https:\/\/www.espigul.com\/ca\/"},{"@type":"ListItem","position":2,"name":"Pol\u00edtica de privacitat"}]},{"@type":"WebSite","@id":"https:\/\/www.espigul.com\/ca\/#website","url":"https:\/\/www.espigul.com\/ca\/","name":"Esp\u00edgul","description":"La immobili\u00e0ria l\u00edder de Girona","publisher":{"@id":"https:\/\/www.espigul.com\/ca\/#organization"},"potentialAction":[{"@type":"SearchAction","target":{"@type":"EntryPoint","urlTemplate":"https:\/\/www.espigul.com\/ca\/?s={search_term_string}"},"query-input":{"@type":"PropertyValueSpecification","valueRequired":true,"valueName":"search_term_string"}}],"inLanguage":"ca"},{"@type":"Organization","@id":"https:\/\/www.espigul.com\/ca\/#organization","name":"Esp\u00edgul","url":"https:\/\/www.espigul.com\/ca\/","logo":{"@type":"ImageObject","inLanguage":"ca","@id":"https:\/\/www.espigul.com\/ca\/#\/schema\/logo\/image\/","url":"https:\/\/www.espigul.com\/wp-content\/uploads\/2023\/08\/espigul-block.png","contentUrl":"https:\/\/www.espigul.com\/wp-content\/uploads\/2023\/08\/espigul-block.png","width":384,"height":240,"caption":"Esp\u00edgul"},"image":{"@id":"https:\/\/www.espigul.com\/ca\/#\/schema\/logo\/image\/"},"sameAs":["https:\/\/www.instagram.com\/immoespigul\/","https:\/\/www.youtube.com\/channel\/UCYyD-WWfbCFpCXau4SQOGKQ"]}]}},"uagb_featured_image_src":{"full":false,"thumbnail":false,"medium":false,"medium_large":false,"large":false,"1536x1536":false,"2048x2048":false,"gform-image-choice-sm":false,"gform-image-choice-md":false,"gform-image-choice-lg":false},"uagb_author_info":{"display_name":"Pol","author_link":"https:\/\/www.espigul.com\/ca\/author\/pol\/"},"uagb_comment_info":0,"uagb_excerpt":"PROTECCI\u00d3 DE DADES POL\u00cdTICA DE PRIVACITAT 1. INFORMACI\u00d3 AL USUARI Immobiliaria Esp\u00edgul SL, d&#8217;ara endavant RESPONSABLE, \u00e9s el responsable del tractament de les dades personals de l&#8217;Usuari i l&#8217;informa que aquestes dades seran tractades de conformitat amb el que estableix el Reglament (UE) 2016\/679 del 27 d&#8217;abril de 2016 (GDPR) relatiu a la protecci\u00f3 de...","_links":{"self":[{"href":"https:\/\/www.espigul.com\/ca\/wp-json\/wp\/v2\/pages\/3","targetHints":{"allow":["GET"]}}],"collection":[{"href":"https:\/\/www.espigul.com\/ca\/wp-json\/wp\/v2\/pages"}],"about":[{"href":"https:\/\/www.espigul.com\/ca\/wp-json\/wp\/v2\/types\/page"}],"author":[{"embeddable":true,"href":"https:\/\/www.espigul.com\/ca\/wp-json\/wp\/v2\/users\/1"}],"replies":[{"embeddable":true,"href":"https:\/\/www.espigul.com\/ca\/wp-json\/wp\/v2\/comments?post=3"}],"version-history":[{"count":10,"href":"https:\/\/www.espigul.com\/ca\/wp-json\/wp\/v2\/pages\/3\/revisions"}],"predecessor-version":[{"id":354154,"href":"https:\/\/www.espigul.com\/ca\/wp-json\/wp\/v2\/pages\/3\/revisions\/354154"}],"wp:attachment":[{"href":"https:\/\/www.espigul.com\/ca\/wp-json\/wp\/v2\/media?parent=3"}],"curies":[{"name":"wp","href":"https:\/\/api.w.org\/{rel}","templated":true}]}}