{"id":106671,"date":"2025-03-03T11:18:43","date_gmt":"2025-03-03T09:18:43","guid":{"rendered":"https:\/\/www.espigul.com\/?page_id=106671"},"modified":"2025-10-28T12:49:47","modified_gmt":"2025-10-28T10:49:47","slug":"vendre","status":"publish","type":"page","link":"https:\/\/www.espigul.com\/ca\/vendre\/","title":{"rendered":"Vendre"},"content":{"rendered":"\n<div class=\"wp-block-uagb-container uagb-block-6d74f2b3 alignfull uagb-is-root-container\"><div class=\"uagb-container-inner-blocks-wrap\">\n<h1 class=\"wp-block-heading has-text-align-center has-white-color has-text-color has-link-color wp-elements-453f36eaaf0ae889509294355f724734\" style=\"margin-right:0;margin-left:0;padding-right:var(--wp--preset--spacing--60);padding-left:var(--wp--preset--spacing--60)\">Som experts en compra, venda i lloguer d&#8217;immobles <\/h1>\n<\/div><\/div>\n\n\n\n<div class=\"wp-block-uagb-container uagb-block-78b151fc alignwide uagb-is-root-container\">\n<div class=\"wp-block-uagb-container uagb-block-5d7aa9aa\">\n<div class=\"wp-block-columns is-layout-flex wp-container-core-columns-is-layout-28f84493 wp-block-columns-is-layout-flex\">\n<div class=\"wp-block-column is-layout-flow wp-block-column-is-layout-flow\">\n<figure class=\"wp-block-image aligncenter size-full is-resized\"><img loading=\"lazy\" decoding=\"async\" width=\"888\" height=\"220\" src=\"https:\/\/www.espigul.com\/wp-content\/uploads\/2025\/10\/ESPIGUL_Logo-Black.png\" alt=\"\" class=\"wp-image-205027\" style=\"width:234px;height:auto\" srcset=\"https:\/\/www.espigul.com\/wp-content\/uploads\/2025\/10\/ESPIGUL_Logo-Black.png 888w, https:\/\/www.espigul.com\/wp-content\/uploads\/2025\/10\/ESPIGUL_Logo-Black-400x99.png 400w, https:\/\/www.espigul.com\/wp-content\/uploads\/2025\/10\/ESPIGUL_Logo-Black-768x190.png 768w\" sizes=\"auto, (max-width: 888px) 100vw, 888px\" \/><\/figure>\n\n\n\n<p class=\"has-text-align-center has-large-font-size\">Vendre el teu immoble amb Esp\u00edgul cont\u00e9 tots aquests avantatges<\/p>\n<\/div>\n<\/div>\n<\/div>\n<\/div>\n\n\n\n<div class=\"wp-block-uagb-container uagb-block-168a8574 alignfull uagb-is-root-container\"><div class=\"uagb-container-inner-blocks-wrap\">\n<div class=\"wp-block-uagb-container uagb-block-e8291b2b\">\n<div class=\"wp-block-group is-layout-constrained wp-container-core-group-is-layout-93ab80c1 wp-block-group-is-layout-constrained\" style=\"padding-top:0;padding-right:var(--wp--preset--spacing--80);padding-bottom:0;padding-left:0\">\n<h2 class=\"wp-block-heading has-text-align-left\"><strong>Gran cartera de clients<\/strong><\/h2>\n\n\n\n<h3 class=\"wp-block-heading has-text-align-left\" style=\"font-size:clamp(16.293px, 1.018rem + ((1vw - 3.2px) * 0.716), 25px);\"><strong>40 anys en el sector<\/strong><\/h3>\n\n\n\n<p class=\"has-white-color has-text-color\">A&nbsp;<strong>Immobili\u00e0ria Esp\u00edgul&nbsp;<\/strong>comptem amb una \u00e0mplia cartera de&nbsp;<strong>compradors qualificats<\/strong>&nbsp;disposats a adquirir immobles com el seu.<\/p>\n\n\n\n<p>Confi\u00ef en la nostra professionalitat i experi\u00e8ncia per vendre&nbsp;<strong>r\u00e0pidament, amb seguretat i al millor preu.&nbsp;Contacti amb nosaltres avui mateix!<\/strong><\/p>\n\n\n\n<div class=\"wp-block-uagb-buttons uagb-buttons__outer-wrap uagb-btn__default-btn uagb-btn-tablet__default-btn uagb-btn-mobile__default-btn uagb-block-533ee0e1\"><div class=\"uagb-buttons__wrap uagb-buttons-layout-wrap \">\n<div class=\"wp-block-uagb-buttons-child uagb-buttons__outer-wrap uagb-block-fec2c196 wp-block-button\"><div class=\"uagb-button__wrapper\"><a class=\"uagb-buttons-repeater wp-block-button__link\" aria-label=\"\" href=\"https:\/\/www.espigul.com\/contacte\/\" rel=\"follow noopener\" target=\"_self\" role=\"button\"><div class=\"uagb-button__link\">contacta<\/div><\/a><\/div><\/div>\n<\/div><\/div>\n<\/div>\n<\/div>\n\n\n\n<div class=\"wp-block-uagb-container uagb-block-fb5049af\"><div class=\"uagb-container__video-wrap\"><video autoplay loop muted playsinline><source src=\"https:\/\/www.espigul.com\/wp-content\/uploads\/2025\/03\/OFI-ESPIGUL1.mp4\" type=\"video\/mp4\"\/><\/video><\/div><\/div>\n<\/div><\/div>\n\n\n\n<div class=\"wp-block-uagb-container uagb-block-d157d698 alignfull uagb-is-root-container\"><div class=\"uagb-container-inner-blocks-wrap\">\n<h2 class=\"wp-block-heading has-text-align-center\"><strong>L\u00cdDERS EN PORTALS I ANUNCIS<\/strong><\/h2>\n<\/div><\/div>\n\n\n\n<div class=\"wp-block-uagb-container uagb-block-a1992418 default uagb-is-root-container\">\n<div class=\"wp-block-uagb-container uagb-block-8e1e913d\">\n<figure class=\"wp-block-image size-full\"><img loading=\"lazy\" decoding=\"async\" width=\"1000\" height=\"700\" src=\"https:\/\/www.espigul.com\/wp-content\/uploads\/2025\/03\/fotocasa_logo_portada.jpg\" alt=\"\" class=\"wp-image-106675\" srcset=\"https:\/\/www.espigul.com\/wp-content\/uploads\/2025\/03\/fotocasa_logo_portada.jpg 1000w, https:\/\/www.espigul.com\/wp-content\/uploads\/2025\/03\/fotocasa_logo_portada-400x280.jpg 400w, https:\/\/www.espigul.com\/wp-content\/uploads\/2025\/03\/fotocasa_logo_portada-768x538.jpg 768w\" sizes=\"auto, (max-width: 1000px) 100vw, 1000px\" \/><\/figure>\n<\/div>\n\n\n\n<div class=\"wp-block-uagb-container uagb-block-f1d6ab4d\">\n<figure class=\"wp-block-image size-full\"><img loading=\"lazy\" decoding=\"async\" width=\"450\" height=\"293\" src=\"https:\/\/www.espigul.com\/wp-content\/uploads\/2025\/03\/idealista.jpg\" alt=\"\" class=\"wp-image-106678\" srcset=\"https:\/\/www.espigul.com\/wp-content\/uploads\/2025\/03\/idealista.jpg 450w, https:\/\/www.espigul.com\/wp-content\/uploads\/2025\/03\/idealista-400x260.jpg 400w\" sizes=\"auto, (max-width: 450px) 100vw, 450px\" \/><\/figure>\n<\/div>\n\n\n\n<div class=\"wp-block-uagb-container uagb-block-d2519adf\">\n<figure class=\"wp-block-image size-full\"><img loading=\"lazy\" decoding=\"async\" width=\"450\" height=\"293\" src=\"https:\/\/www.espigul.com\/wp-content\/uploads\/2025\/03\/habitaclia.jpg\" alt=\"\" class=\"wp-image-106681\" srcset=\"https:\/\/www.espigul.com\/wp-content\/uploads\/2025\/03\/habitaclia.jpg 450w, https:\/\/www.espigul.com\/wp-content\/uploads\/2025\/03\/habitaclia-400x260.jpg 400w\" sizes=\"auto, (max-width: 450px) 100vw, 450px\" \/><\/figure>\n<\/div>\n\n\n\n<div class=\"wp-block-uagb-container uagb-block-824e7a8f\">\n<figure class=\"wp-block-image size-full\"><img loading=\"lazy\" decoding=\"async\" width=\"325\" height=\"155\" src=\"https:\/\/www.espigul.com\/wp-content\/uploads\/2025\/03\/pisoscom.png\" alt=\"\" class=\"wp-image-106684\"\/><\/figure>\n<\/div>\n\n\n\n<div class=\"wp-block-uagb-container uagb-block-54951f2d\">\n<figure class=\"wp-block-image size-full\"><img loading=\"lazy\" decoding=\"async\" width=\"250\" height=\"250\" src=\"https:\/\/www.espigul.com\/wp-content\/uploads\/2025\/03\/kyero.png\" alt=\"\" class=\"wp-image-106687\" srcset=\"https:\/\/www.espigul.com\/wp-content\/uploads\/2025\/03\/kyero.png 250w, https:\/\/www.espigul.com\/wp-content\/uploads\/2025\/03\/kyero-150x150.png 150w\" sizes=\"auto, (max-width: 250px) 100vw, 250px\" \/><\/figure>\n<\/div>\n<\/div>\n\n\n\n<div class=\"wp-block-uagb-container uagb-block-94a34397 default uagb-is-root-container\">\n<div class=\"wp-block-uagb-container uagb-block-52170e18\">\n<figure class=\"wp-block-image size-full\"><img loading=\"lazy\" decoding=\"async\" width=\"401\" height=\"126\" src=\"https:\/\/www.espigul.com\/wp-content\/uploads\/2025\/03\/googleads.png\" alt=\"\" class=\"wp-image-106690\"\/><\/figure>\n<\/div>\n\n\n\n<div class=\"wp-block-uagb-container uagb-block-88e8a4dd\">\n<figure class=\"wp-block-image size-full\"><img loading=\"lazy\" decoding=\"async\" width=\"872\" height=\"444\" src=\"https:\/\/www.espigul.com\/wp-content\/uploads\/2025\/03\/meta.webp\" alt=\"\" class=\"wp-image-106727\" srcset=\"https:\/\/www.espigul.com\/wp-content\/uploads\/2025\/03\/meta.webp 872w, https:\/\/www.espigul.com\/wp-content\/uploads\/2025\/03\/meta-400x204.webp 400w, https:\/\/www.espigul.com\/wp-content\/uploads\/2025\/03\/meta-768x391.webp 768w\" sizes=\"auto, (max-width: 872px) 100vw, 872px\" \/><\/figure>\n<\/div>\n\n\n\n<div class=\"wp-block-uagb-container uagb-block-86aa1165\">\n<figure class=\"wp-block-image size-full\"><img loading=\"lazy\" decoding=\"async\" width=\"200\" height=\"200\" src=\"https:\/\/www.espigul.com\/wp-content\/uploads\/2025\/03\/TikTok-Ads-Logo.webp\" alt=\"\" class=\"wp-image-106699\" srcset=\"https:\/\/www.espigul.com\/wp-content\/uploads\/2025\/03\/TikTok-Ads-Logo.webp 200w, https:\/\/www.espigul.com\/wp-content\/uploads\/2025\/03\/TikTok-Ads-Logo-150x150.webp 150w\" sizes=\"auto, (max-width: 200px) 100vw, 200px\" \/><\/figure>\n<\/div>\n<\/div>\n\n\n\n<div class=\"wp-block-uagb-container uagb-block-94371ff8 alignfull uagb-is-root-container\"><div class=\"uagb-container-inner-blocks-wrap\">\n<p class=\"has-text-align-center\" style=\"font-size:clamp(14px, 0.875rem + ((1vw - 3.2px) * 0.329), 18px);\">&nbsp;<strong>La m\u00e0xima visibilitat per vendre el seu immoble!<\/strong>&nbsp;A&nbsp;<strong>Immobili\u00e0ria Esp\u00edgul<\/strong>, som&nbsp;<strong>l\u00edders en els principals portals immobiliaris<\/strong>, on situem la seva propietat&nbsp;<strong>a les primeres posicions<\/strong>&nbsp;gr\u00e0cies a una inversi\u00f3 estrat\u00e8gica en&nbsp;<strong>visibilitat i m\u00e0rqueting<\/strong>. El seu immoble es publicar\u00e0 a la nostra web, amb <strong>m\u00e9s de 20.000 usuaris al mes<\/strong>, i el promocionarem amb&nbsp;<strong>newsletters personalitzades<\/strong>&nbsp;a la nostra extensa base de dades de compradors.<\/p>\n\n\n\n<p class=\"has-text-align-center\" style=\"font-size:clamp(14px, 0.875rem + ((1vw - 3.2px) * 0.329), 18px);\">A m\u00e9s, invertim en&nbsp;<strong>campanyes patrocinades a Meta i Google Ads<\/strong>&nbsp;per arribar directament als clients potencials.&nbsp;<strong>M\u00e0xima exposici\u00f3, m\u00e0xims resultats! <\/strong><\/p>\n\n\n\n<p class=\"has-text-align-center\" style=\"font-size:clamp(14px, 0.875rem + ((1vw - 3.2px) * 0.329), 18px);\"><strong>Contacti&#8217;ns i vengui abans!<\/strong><\/p>\n<\/div><\/div>\n\n\n\n<div class=\"wp-block-uagb-container uagb-block-52921f32 alignfull uagb-is-root-container\"><div class=\"uagb-container-inner-blocks-wrap\">\n<h2 class=\"wp-block-heading has-text-align-center has-white-color has-text-color has-link-color wp-elements-f3820a517990e2b75a54901bd88c4049\"><strong>PIONERS EN TECNOLOGIA <\/strong><\/h2>\n\n\n\n<h3 class=\"wp-block-heading has-text-align-center has-white-color has-text-color has-link-color wp-elements-57a0d2ef799e56cbf4eddc352dafaf88\" style=\"font-size:clamp(16.293px, 1.018rem + ((1vw - 3.2px) * 0.716), 25px);\"><strong>Tour virtual de la teva propietat<\/strong><\/h3>\n<\/div><\/div>\n\n\n\n<div class=\"wp-block-uagb-container uagb-block-e423fd19 alignfull uagb-is-root-container\"><div class=\"uagb-container-inner-blocks-wrap\">\n<div class=\"wp-block-uagb-container uagb-block-925b81cb\">\n<iframe style=\"100%\" height=\"450\" src=\"https:\/\/my.matterport.com\/show\/?m=2RMGa1Ksddr\" frameborder=\"0\" allowfullscreen=\"\" allow=\"xr-spatial-tracking\"><\/iframe>\n<\/div>\n\n\n\n<div class=\"wp-block-uagb-container uagb-block-feb06ea6\">\n<iframe style=\"100%\" height=\"450\" src=\"https:\/\/my.matterport.com\/show\/?m=twg6HjWJfpQ\" frameborder=\"0\" allowfullscreen=\"\" allow=\"xr-spatial-tracking\"><\/iframe>\n<\/div>\n\n\n\n<div class=\"wp-block-uagb-container uagb-block-5eed421d\">\n<iframe style=\"100%\" height=\"450\" src=\"https:\/\/my.matterport.com\/show\/?m=DwdCR3mrkrb\" frameborder=\"0\" allowfullscreen=\"\" allow=\"xr-spatial-tracking\"><\/iframe>\n<\/div>\n<\/div><\/div>\n\n\n\n<div class=\"wp-block-uagb-container uagb-block-4adac182 alignfull uagb-is-root-container\"><div class=\"uagb-container-inner-blocks-wrap\">\n<p class=\"has-text-align-center has-white-color has-text-color has-link-color has-medium-font-size wp-elements-2164df12bc0c7bab0f6f00ded8ac516c\">Elaborem<strong> Matterport per la seva propietat<\/strong>, un recorregut <strong>virtual 3D<\/strong> que la mostra manera realista i atractiva,<br>permetent que m\u00e9s compradors l\u2019explorin sense visites presencials, accelerant aix\u00ed la venda o el lloguer.<br><br>Aix\u00ed mateix, els compradors poden venir a les nostres oficines<br>a veure la seva propietat a trav\u00e9s de les<strong> ulleres VR<\/strong> que tenim en cada oficina.<\/p>\n<\/div><\/div>\n\n\n\n<div style=\"height:100px\" aria-hidden=\"true\" class=\"wp-block-spacer\"><\/div>\n\n\n\n<div class=\"wp-block-uagb-container uagb-block-d2f073ac alignfull uagb-is-root-container\"><div class=\"uagb-container-inner-blocks-wrap\">\n<h2 class=\"wp-block-heading has-text-align-center\"><strong>IMATGES QUE VENEN <\/strong><\/h2>\n\n\n\n<h3 class=\"wp-block-heading has-text-align-center\" style=\"font-size:clamp(16.293px, 1.018rem + ((1vw - 3.2px) * 0.716), 25px);\"><strong>C\u00e0meres i edici\u00f3 professional<\/strong><\/h3>\n<\/div><\/div>\n\n\n\n<div class=\"wp-block-uagb-container uagb-block-2958da85 alignfull uagb-is-root-container\"><div class=\"uagb-container-inner-blocks-wrap\">\n<div class=\"wp-block-uagb-container uagb-block-4abb8d5c\">\n<figure class=\"wp-block-image size-full\"><img loading=\"lazy\" decoding=\"async\" width=\"1000\" height=\"667\" src=\"https:\/\/www.espigul.com\/wp-content\/uploads\/2025\/03\/mg_6812-_mg_6814_DxO-Editar-copy-1.webp\" alt=\"\" class=\"wp-image-106715\" srcset=\"https:\/\/www.espigul.com\/wp-content\/uploads\/2025\/03\/mg_6812-_mg_6814_DxO-Editar-copy-1.webp 1000w, https:\/\/www.espigul.com\/wp-content\/uploads\/2025\/03\/mg_6812-_mg_6814_DxO-Editar-copy-1-400x267.webp 400w, https:\/\/www.espigul.com\/wp-content\/uploads\/2025\/03\/mg_6812-_mg_6814_DxO-Editar-copy-1-768x512.webp 768w\" sizes=\"auto, (max-width: 1000px) 100vw, 1000px\" \/><\/figure>\n<\/div>\n\n\n\n<div class=\"wp-block-uagb-container uagb-block-eee3bb61\">\n<figure class=\"wp-block-image size-full\"><img loading=\"lazy\" decoding=\"async\" width=\"1000\" height=\"667\" src=\"https:\/\/www.espigul.com\/wp-content\/uploads\/2025\/03\/mg_7136-_mg_7138_DxO-copy.webp\" alt=\"\" class=\"wp-image-106718\" srcset=\"https:\/\/www.espigul.com\/wp-content\/uploads\/2025\/03\/mg_7136-_mg_7138_DxO-copy.webp 1000w, https:\/\/www.espigul.com\/wp-content\/uploads\/2025\/03\/mg_7136-_mg_7138_DxO-copy-400x267.webp 400w, https:\/\/www.espigul.com\/wp-content\/uploads\/2025\/03\/mg_7136-_mg_7138_DxO-copy-768x512.webp 768w\" sizes=\"auto, (max-width: 1000px) 100vw, 1000px\" \/><\/figure>\n<\/div>\n\n\n\n<div class=\"wp-block-uagb-container uagb-block-3049a059\">\n<figure class=\"wp-block-image size-full\"><img loading=\"lazy\" decoding=\"async\" width=\"1000\" height=\"667\" src=\"https:\/\/www.espigul.com\/wp-content\/uploads\/2025\/03\/mg_6932-_mg_6934_DxO-copy.webp\" alt=\"\" class=\"wp-image-106721\" srcset=\"https:\/\/www.espigul.com\/wp-content\/uploads\/2025\/03\/mg_6932-_mg_6934_DxO-copy.webp 1000w, https:\/\/www.espigul.com\/wp-content\/uploads\/2025\/03\/mg_6932-_mg_6934_DxO-copy-400x267.webp 400w, https:\/\/www.espigul.com\/wp-content\/uploads\/2025\/03\/mg_6932-_mg_6934_DxO-copy-768x512.webp 768w\" sizes=\"auto, (max-width: 1000px) 100vw, 1000px\" \/><\/figure>\n<\/div>\n<\/div><\/div>\n\n\n\n<div class=\"wp-block-uagb-container uagb-block-8dd61295 alignfull uagb-is-root-container\"><div class=\"uagb-container-inner-blocks-wrap\">\n<p class=\"has-text-align-center has-medium-font-size\">A&nbsp;<strong>Immobili\u00e0ria Esp\u00edgul<\/strong>, utilitzem&nbsp;<strong>c\u00e0meres professionals, objectius gran angular i t\u00e8cniques avan\u00e7ades de postproducci\u00f3<\/strong>&nbsp;per capturar el millor de la seva propietat.<br>Cada fotografia es tracta amb&nbsp;<strong>edici\u00f3 professional de llum i color<\/strong>, garantint una presentaci\u00f3 impecable que atregui m\u00e9s compradors.<br><strong>Destaqui el seu immoble amb imatges d\u2019alta qualitat!<\/strong><\/p>\n<\/div><\/div>\n\n\n\n<div style=\"height:100px\" aria-hidden=\"true\" class=\"wp-block-spacer\"><\/div>\n\n\n\n<div class=\"wp-block-uagb-container uagb-block-08e7d85f alignfull uagb-is-root-container\"><div class=\"uagb-container-inner-blocks-wrap\">\n<h2 class=\"wp-block-heading has-text-align-center has-white-color has-text-color has-link-color wp-elements-87bee2519688d5c0253448165cbd37bf\"><strong>EXPERTS EN XARXES SOCIALS<\/strong><\/h2>\n\n\n\n<h3 class=\"wp-block-heading has-text-align-center has-white-color has-text-color has-link-color wp-elements-8da6b0eaa5884aaabcaeb6d14874b238\" style=\"font-size:clamp(16.293px, 1.018rem + ((1vw - 3.2px) * 0.716), 25px);\"><strong> Video reportatge de la seva propietat<\/strong><\/h3>\n\n\n\n<div class=\"wp-block-uagb-container uagb-block-5a7ac591 default uagb-is-root-container\">\n<div class=\"wp-block-uagb-container uagb-block-73fc90c9\"><div class=\"uagb-container__video-wrap\"><\/div>\n<figure class=\"wp-block-video\"><video height=\"1080\" style=\"aspect-ratio: 1080 \/ 1080;\" width=\"1080\" controls loop src=\"https:\/\/www.espigul.com\/wp-content\/uploads\/2025\/03\/PUBLI-1-ESPIGUL.mp4\" playsinline><\/video><\/figure>\n<\/div>\n\n\n\n<div class=\"wp-block-uagb-container uagb-block-7c8c56f8\"><div class=\"uagb-container__video-wrap\"><\/div>\n<figure class=\"wp-block-video\"><video height=\"720\" style=\"aspect-ratio: 1080 \/ 720;\" width=\"1080\" controls loop src=\"https:\/\/www.espigul.com\/wp-content\/uploads\/2025\/03\/2024-09-10-09.26.04.mp4\" playsinline><\/video><\/figure>\n<\/div>\n\n\n\n<div class=\"wp-block-uagb-container uagb-block-1943804f\"><div class=\"uagb-container__video-wrap\"><\/div>\n<figure class=\"wp-block-video\"><video height=\"1280\" style=\"aspect-ratio: 720 \/ 1280;\" width=\"720\" controls loop src=\"https:\/\/www.espigul.com\/wp-content\/uploads\/2025\/03\/espigul-video-3.mp4\" playsinline><\/video><\/figure>\n<\/div>\n<\/div>\n\n\n\n<div class=\"wp-block-uagb-container uagb-block-0adf0cf9 default uagb-is-root-container\">\n<p class=\"has-text-align-center has-white-color has-text-color has-link-color has-medium-font-size wp-elements-3168bafb511f91e87609076ee3b4ff99\">A&nbsp;<strong>Immobili\u00e0ria Esp\u00edgul<\/strong>, gravem un&nbsp;<strong>v\u00eddeo reportatge professional<\/strong>&nbsp;del seu immoble i el publiquem a&nbsp;<strong>Instagram i TikTok<\/strong>, patrocinant-lo a la seva zona perqu\u00e8 arribi als compradors adequats. Una estrat\u00e8gia innovadora per vendre&nbsp;<strong>m\u00e9s r\u00e0pidament i al millor preu<\/strong>.&nbsp;<strong>Contacti amb nosaltres i destaqui la seva propietat!<\/strong><\/p>\n<\/div>\n<\/div><\/div>\n\n\n\n<div class=\"wp-block-uagb-container uagb-block-7798c666 alignfull uagb-is-root-container\"><div class=\"uagb-container-inner-blocks-wrap\">\n<div class=\"wp-block-uagb-container uagb-block-e8496523 alignfull uagb-is-root-container\"><div class=\"uagb-container-inner-blocks-wrap\">\n<div class=\"wp-block-uagb-advanced-heading uagb-block-a718f958\"><h2 class=\"uagb-heading-text\">Vols vendre la teva propietat? Contacta&#8217;ns<\/h2><\/div>\n\n\n\n<div class=\"wp-block-contact-form-7-contact-form-selector\">\n<div class=\"wpcf7 no-js\" id=\"wpcf7-f16338-o1\" lang=\"ca\" dir=\"ltr\" data-wpcf7-id=\"16338\">\n<div class=\"screen-reader-response\"><p role=\"status\" aria-live=\"polite\" aria-atomic=\"true\"><\/p> <ul><\/ul><\/div>\n<form action=\"\/ca\/wp-json\/wp\/v2\/pages\/106671#wpcf7-f16338-o1\" method=\"post\" class=\"wpcf7-form init\" aria-label=\"Formulari de contacte\" novalidate=\"novalidate\" data-status=\"init\">\n<fieldset class=\"hidden-fields-container\"><input type=\"hidden\" name=\"_wpcf7\" value=\"16338\" \/><input type=\"hidden\" name=\"_wpcf7_version\" value=\"6.1.5\" \/><input type=\"hidden\" name=\"_wpcf7_locale\" value=\"ca\" \/><input type=\"hidden\" name=\"_wpcf7_unit_tag\" value=\"wpcf7-f16338-o1\" \/><input type=\"hidden\" name=\"_wpcf7_container_post\" value=\"0\" \/><input type=\"hidden\" name=\"_wpcf7_posted_data_hash\" value=\"\" \/><input type=\"hidden\" name=\"_wpcf7_recaptcha_response\" value=\"\" \/>\n<\/fieldset>\n<h3>Formulari de contacte<\/h3>\n<div class=\"contact-form__cols contact-form__cols--2\">\n<div class=\"contact-form__cols__col\">\n<label> <span class=\"contact-form-required\">Nom i cognoms<\/span>\n    <span class=\"wpcf7-form-control-wrap\" data-name=\"your-name\"><input size=\"40\" maxlength=\"400\" class=\"wpcf7-form-control wpcf7-text\" autocomplete=\"name\" aria-invalid=\"false\" value=\"\" type=\"text\" name=\"your-name\" \/><\/span> <\/label>\n<\/div> \n<div class=\"contact-form__cols__col\">\n<label> Tipus d'immoble<\/span>\n     <span class=\"wpcf7-form-control-wrap\" data-name=\"your-type\"><select class=\"wpcf7-form-control wpcf7-select\" aria-invalid=\"false\" name=\"your-type\"><option value=\"Pis\">Pis<\/option><option value=\"Casa\">Casa<\/option><option value=\"Local comercial\">Local comercial<\/option><option value=\"Garatge\">Garatge<\/option><\/select><\/span> <\/label>\n<\/div> \n<\/div>\n\n<div class=\"contact-form__cols contact-form__cols--2\">\n\n<div class=\"contact-form__cols__col\"> <label> \n<span class=\"contact-form-required\">Adre\u00e7a electr\u00f2nica<\/span>\n    <span class=\"wpcf7-form-control-wrap\" data-name=\"your-email\"><input size=\"40\" maxlength=\"400\" class=\"wpcf7-form-control wpcf7-email wpcf7-validates-as-required wpcf7-text wpcf7-validates-as-email\" autocomplete=\"email\" aria-required=\"true\" aria-invalid=\"false\" value=\"\" type=\"email\" name=\"your-email\" \/><\/span> <\/label>\n<\/div>\n<div class=\"contact-form__cols__col\">\n<label>Operaci\u00f3<\/span>\n<span class=\"wpcf7-form-control-wrap\" data-name=\"your-operation\"><select class=\"wpcf7-form-control wpcf7-select\" aria-invalid=\"false\" name=\"your-operation\"><option value=\"Venda\">Venda<\/option><option value=\"Lloguer\">Lloguer<\/option><\/select><\/span> <\/label>\n<\/div> \n<\/div>\n<div class=\"contact-form__cols contact-form__cols--2\">\n<div class=\"contact-form__cols__col\">\n<label> <span class=\"contact-form-required\">Tel\u00e8fon<\/span\n    <span class=\"wpcf7-form-control-wrap\" data-name=\"your-phone\"><input size=\"40\" maxlength=\"400\" class=\"wpcf7-form-control wpcf7-tel wpcf7-validates-as-required wpcf7-text wpcf7-validates-as-tel\" aria-required=\"true\" aria-invalid=\"false\" value=\"\" type=\"tel\" name=\"your-phone\" \/><\/span> <\/label>\n<\/div> \n<div class=\"contact-form__cols__col\">\n<label> Preu m\u00e0xim\n     <span class=\"wpcf7-form-control-wrap\" data-name=\"your-price\"><input size=\"40\" maxlength=\"400\" class=\"wpcf7-form-control wpcf7-text\" aria-invalid=\"false\" value=\"\" type=\"text\" name=\"your-price\" \/><\/span> <\/label>\n<\/div> \n<\/div>\n<div class=\"contact-form__cols contact-form__cols--2\">\n<div class=\"contact-form__cols__col\">\n<label> Poblaci\u00f3\n    <span class=\"wpcf7-form-control-wrap\" data-name=\"your-location\"><input size=\"40\" maxlength=\"400\" class=\"wpcf7-form-control wpcf7-text\" aria-invalid=\"false\" value=\"\" type=\"text\" name=\"your-location\" \/><\/span> <\/label>\n<\/div> \n<div class=\"contact-form__cols__col\">\n<label> Zona\n     <span class=\"wpcf7-form-control-wrap\" data-name=\"your-zone\"><input size=\"40\" maxlength=\"400\" class=\"wpcf7-form-control wpcf7-text\" aria-invalid=\"false\" value=\"\" type=\"text\" name=\"your-zone\" \/><\/span> <\/label>\n<\/div> \n<\/div>\n\n\n\n\n\n<label> <span class=\"contact-form-required\">Missatge<\/span>\n    <span class=\"wpcf7-form-control-wrap\" data-name=\"your-message\"><textarea cols=\"40\" rows=\"10\" maxlength=\"2000\" class=\"wpcf7-form-control wpcf7-textarea\" aria-invalid=\"false\" name=\"your-message\"><\/textarea><\/span> <\/label>\n<label class=\"contact-form__checkbox\"> <span class=\"wpcf7-form-control-wrap\" data-name=\"acceptance-\"><span class=\"wpcf7-form-control wpcf7-acceptance\"><span class=\"wpcf7-list-item\"><input type=\"checkbox\" name=\"acceptance-\" value=\"1\" aria-invalid=\"false\" \/><\/span><\/span><\/span> <span class=\"contact-form-required\">He llegit i accepto les condicions legals i la pol\u00edtica de privacitat.<\/span>\n<\/label>\n\n\n\n\n<input class=\"wpcf7-form-control wpcf7-submit has-spinner\" type=\"submit\" value=\"Envia\" \/><div class=\"wpcf7-response-output\" aria-hidden=\"true\"><\/div>\n<\/form>\n<\/div>\n<\/div>\n<\/div><\/div>\n<\/div><\/div>\n","protected":false},"excerpt":{"rendered":"<p>Som experts en compra, venda i lloguer d&#8217;immobles Vendre el teu immoble amb Esp\u00edgul cont\u00e9 tots aquests avantatges Gran cartera de clients 40 anys en el sector A&nbsp;Immobili\u00e0ria Esp\u00edgul&nbsp;comptem amb una \u00e0mplia cartera de&nbsp;compradors qualificats&nbsp;disposats a adquirir immobles com el seu. Confi\u00ef en la nostra professionalitat i experi\u00e8ncia per vendre&nbsp;r\u00e0pidament, amb seguretat i al millor&#8230;<\/p>\n","protected":false},"author":2,"featured_media":18105,"parent":0,"menu_order":0,"comment_status":"closed","ping_status":"closed","template":"","meta":{"_acf_changed":false,"_uag_custom_page_level_css":"","footnotes":""},"class_list":["post-106671","page","type-page","status-publish","has-post-thumbnail","hentry"],"acf":[],"yoast_head":"<!-- This site is optimized with the Yoast SEO plugin v27.5 - https:\/\/yoast.com\/product\/yoast-seo-wordpress\/ -->\n<title>Vendre - Esp\u00edgul<\/title>\n<meta name=\"description\" content=\"A Esp\u00edgul som experts en compra, venda i lloguer d&#039;immobles. Confia en els nostres professionals i la millor tecnologia per vendre casa teva.\" \/>\n<meta name=\"robots\" content=\"index, follow, max-snippet:-1, max-image-preview:large, max-video-preview:-1\" \/>\n<link rel=\"canonical\" href=\"https:\/\/www.espigul.com\/ca\/vendre\/\" \/>\n<meta property=\"og:locale\" content=\"ca_ES\" \/>\n<meta property=\"og:type\" content=\"article\" \/>\n<meta property=\"og:title\" content=\"Vendre - Esp\u00edgul\" \/>\n<meta property=\"og:description\" content=\"A Esp\u00edgul som experts en compra, venda i lloguer d&#039;immobles. Confia en els nostres professionals i la millor tecnologia per vendre casa teva.\" \/>\n<meta property=\"og:url\" content=\"https:\/\/www.espigul.com\/ca\/vendre\/\" \/>\n<meta property=\"og:site_name\" content=\"Esp\u00edgul\" \/>\n<meta property=\"article:modified_time\" content=\"2025-10-28T10:49:47+00:00\" \/>\n<meta property=\"og:image\" content=\"https:\/\/www.espigul.com\/wp-content\/uploads\/2023\/07\/pga17.jpg\" \/>\n\t<meta property=\"og:image:width\" content=\"1280\" \/>\n\t<meta property=\"og:image:height\" content=\"854\" \/>\n\t<meta property=\"og:image:type\" content=\"image\/jpeg\" \/>\n<meta name=\"twitter:card\" content=\"summary_large_image\" \/>\n<meta name=\"twitter:label1\" content=\"Temps estimat de lectura\" \/>\n\t<meta name=\"twitter:data1\" content=\"5 minuts\" \/>\n<script type=\"application\/ld+json\" class=\"yoast-schema-graph\">{\"@context\":\"https:\\\/\\\/schema.org\",\"@graph\":[{\"@type\":\"WebPage\",\"@id\":\"https:\\\/\\\/www.espigul.com\\\/ca\\\/vendre\\\/\",\"url\":\"https:\\\/\\\/www.espigul.com\\\/ca\\\/vendre\\\/\",\"name\":\"Vendre - Esp\u00edgul\",\"isPartOf\":{\"@id\":\"https:\\\/\\\/www.espigul.com\\\/ca\\\/#website\"},\"primaryImageOfPage\":{\"@id\":\"https:\\\/\\\/www.espigul.com\\\/ca\\\/vendre\\\/#primaryimage\"},\"image\":{\"@id\":\"https:\\\/\\\/www.espigul.com\\\/ca\\\/vendre\\\/#primaryimage\"},\"thumbnailUrl\":\"https:\\\/\\\/www.espigul.com\\\/wp-content\\\/uploads\\\/2023\\\/07\\\/pga17.jpg\",\"datePublished\":\"2025-03-03T09:18:43+00:00\",\"dateModified\":\"2025-10-28T10:49:47+00:00\",\"description\":\"A Esp\u00edgul som experts en compra, venda i lloguer d'immobles. Confia en els nostres professionals i la millor tecnologia per vendre casa teva.\",\"breadcrumb\":{\"@id\":\"https:\\\/\\\/www.espigul.com\\\/ca\\\/vendre\\\/#breadcrumb\"},\"inLanguage\":\"ca\",\"potentialAction\":[{\"@type\":\"ReadAction\",\"target\":[\"https:\\\/\\\/www.espigul.com\\\/ca\\\/vendre\\\/\"]}]},{\"@type\":\"ImageObject\",\"inLanguage\":\"ca\",\"@id\":\"https:\\\/\\\/www.espigul.com\\\/ca\\\/vendre\\\/#primaryimage\",\"url\":\"https:\\\/\\\/www.espigul.com\\\/wp-content\\\/uploads\\\/2023\\\/07\\\/pga17.jpg\",\"contentUrl\":\"https:\\\/\\\/www.espigul.com\\\/wp-content\\\/uploads\\\/2023\\\/07\\\/pga17.jpg\",\"width\":1280,\"height\":854},{\"@type\":\"BreadcrumbList\",\"@id\":\"https:\\\/\\\/www.espigul.com\\\/ca\\\/vendre\\\/#breadcrumb\",\"itemListElement\":[{\"@type\":\"ListItem\",\"position\":1,\"name\":\"Inici\",\"item\":\"https:\\\/\\\/www.espigul.com\\\/ca\\\/\"},{\"@type\":\"ListItem\",\"position\":2,\"name\":\"Vendre\"}]},{\"@type\":\"WebSite\",\"@id\":\"https:\\\/\\\/www.espigul.com\\\/ca\\\/#website\",\"url\":\"https:\\\/\\\/www.espigul.com\\\/ca\\\/\",\"name\":\"Esp\u00edgul\",\"description\":\"La immobili\u00e0ria l\u00edder de Girona\",\"publisher\":{\"@id\":\"https:\\\/\\\/www.espigul.com\\\/ca\\\/#organization\"},\"potentialAction\":[{\"@type\":\"SearchAction\",\"target\":{\"@type\":\"EntryPoint\",\"urlTemplate\":\"https:\\\/\\\/www.espigul.com\\\/ca\\\/?s={search_term_string}\"},\"query-input\":{\"@type\":\"PropertyValueSpecification\",\"valueRequired\":true,\"valueName\":\"search_term_string\"}}],\"inLanguage\":\"ca\"},{\"@type\":\"Organization\",\"@id\":\"https:\\\/\\\/www.espigul.com\\\/ca\\\/#organization\",\"name\":\"Esp\u00edgul\",\"url\":\"https:\\\/\\\/www.espigul.com\\\/ca\\\/\",\"logo\":{\"@type\":\"ImageObject\",\"inLanguage\":\"ca\",\"@id\":\"https:\\\/\\\/www.espigul.com\\\/ca\\\/#\\\/schema\\\/logo\\\/image\\\/\",\"url\":\"https:\\\/\\\/www.espigul.com\\\/wp-content\\\/uploads\\\/2023\\\/08\\\/espigul-block.png\",\"contentUrl\":\"https:\\\/\\\/www.espigul.com\\\/wp-content\\\/uploads\\\/2023\\\/08\\\/espigul-block.png\",\"width\":384,\"height\":240,\"caption\":\"Esp\u00edgul\"},\"image\":{\"@id\":\"https:\\\/\\\/www.espigul.com\\\/ca\\\/#\\\/schema\\\/logo\\\/image\\\/\"},\"sameAs\":[\"https:\\\/\\\/www.instagram.com\\\/immoespigul\\\/\",\"https:\\\/\\\/www.youtube.com\\\/channel\\\/UCYyD-WWfbCFpCXau4SQOGKQ\"]}]}<\/script>\n<!-- \/ Yoast SEO plugin. -->","yoast_head_json":{"title":"Vendre - Esp\u00edgul","description":"A Esp\u00edgul som experts en compra, venda i lloguer d'immobles. Confia en els nostres professionals i la millor tecnologia per vendre casa teva.","robots":{"index":"index","follow":"follow","max-snippet":"max-snippet:-1","max-image-preview":"max-image-preview:large","max-video-preview":"max-video-preview:-1"},"canonical":"https:\/\/www.espigul.com\/ca\/vendre\/","og_locale":"ca_ES","og_type":"article","og_title":"Vendre - Esp\u00edgul","og_description":"A Esp\u00edgul som experts en compra, venda i lloguer d'immobles. Confia en els nostres professionals i la millor tecnologia per vendre casa teva.","og_url":"https:\/\/www.espigul.com\/ca\/vendre\/","og_site_name":"Esp\u00edgul","article_modified_time":"2025-10-28T10:49:47+00:00","og_image":[{"width":1280,"height":854,"url":"https:\/\/www.espigul.com\/wp-content\/uploads\/2023\/07\/pga17.jpg","type":"image\/jpeg"}],"twitter_card":"summary_large_image","twitter_misc":{"Temps estimat de lectura":"5 minuts"},"schema":{"@context":"https:\/\/schema.org","@graph":[{"@type":"WebPage","@id":"https:\/\/www.espigul.com\/ca\/vendre\/","url":"https:\/\/www.espigul.com\/ca\/vendre\/","name":"Vendre - Esp\u00edgul","isPartOf":{"@id":"https:\/\/www.espigul.com\/ca\/#website"},"primaryImageOfPage":{"@id":"https:\/\/www.espigul.com\/ca\/vendre\/#primaryimage"},"image":{"@id":"https:\/\/www.espigul.com\/ca\/vendre\/#primaryimage"},"thumbnailUrl":"https:\/\/www.espigul.com\/wp-content\/uploads\/2023\/07\/pga17.jpg","datePublished":"2025-03-03T09:18:43+00:00","dateModified":"2025-10-28T10:49:47+00:00","description":"A Esp\u00edgul som experts en compra, venda i lloguer d'immobles. Confia en els nostres professionals i la millor tecnologia per vendre casa teva.","breadcrumb":{"@id":"https:\/\/www.espigul.com\/ca\/vendre\/#breadcrumb"},"inLanguage":"ca","potentialAction":[{"@type":"ReadAction","target":["https:\/\/www.espigul.com\/ca\/vendre\/"]}]},{"@type":"ImageObject","inLanguage":"ca","@id":"https:\/\/www.espigul.com\/ca\/vendre\/#primaryimage","url":"https:\/\/www.espigul.com\/wp-content\/uploads\/2023\/07\/pga17.jpg","contentUrl":"https:\/\/www.espigul.com\/wp-content\/uploads\/2023\/07\/pga17.jpg","width":1280,"height":854},{"@type":"BreadcrumbList","@id":"https:\/\/www.espigul.com\/ca\/vendre\/#breadcrumb","itemListElement":[{"@type":"ListItem","position":1,"name":"Inici","item":"https:\/\/www.espigul.com\/ca\/"},{"@type":"ListItem","position":2,"name":"Vendre"}]},{"@type":"WebSite","@id":"https:\/\/www.espigul.com\/ca\/#website","url":"https:\/\/www.espigul.com\/ca\/","name":"Esp\u00edgul","description":"La immobili\u00e0ria l\u00edder de Girona","publisher":{"@id":"https:\/\/www.espigul.com\/ca\/#organization"},"potentialAction":[{"@type":"SearchAction","target":{"@type":"EntryPoint","urlTemplate":"https:\/\/www.espigul.com\/ca\/?s={search_term_string}"},"query-input":{"@type":"PropertyValueSpecification","valueRequired":true,"valueName":"search_term_string"}}],"inLanguage":"ca"},{"@type":"Organization","@id":"https:\/\/www.espigul.com\/ca\/#organization","name":"Esp\u00edgul","url":"https:\/\/www.espigul.com\/ca\/","logo":{"@type":"ImageObject","inLanguage":"ca","@id":"https:\/\/www.espigul.com\/ca\/#\/schema\/logo\/image\/","url":"https:\/\/www.espigul.com\/wp-content\/uploads\/2023\/08\/espigul-block.png","contentUrl":"https:\/\/www.espigul.com\/wp-content\/uploads\/2023\/08\/espigul-block.png","width":384,"height":240,"caption":"Esp\u00edgul"},"image":{"@id":"https:\/\/www.espigul.com\/ca\/#\/schema\/logo\/image\/"},"sameAs":["https:\/\/www.instagram.com\/immoespigul\/","https:\/\/www.youtube.com\/channel\/UCYyD-WWfbCFpCXau4SQOGKQ"]}]}},"uagb_featured_image_src":{"full":["https:\/\/www.espigul.com\/wp-content\/uploads\/2023\/07\/pga17.jpg",1280,854,false],"thumbnail":["https:\/\/www.espigul.com\/wp-content\/uploads\/2023\/07\/pga17-150x150.jpg",150,150,true],"medium":["https:\/\/www.espigul.com\/wp-content\/uploads\/2023\/07\/pga17-400x267.jpg",400,267,true],"medium_large":["https:\/\/www.espigul.com\/wp-content\/uploads\/2023\/07\/pga17-768x512.jpg",768,512,true],"large":["https:\/\/www.espigul.com\/wp-content\/uploads\/2023\/07\/pga17.jpg",960,641,false],"1536x1536":["https:\/\/www.espigul.com\/wp-content\/uploads\/2023\/07\/pga17.jpg",1280,854,false],"2048x2048":["https:\/\/www.espigul.com\/wp-content\/uploads\/2023\/07\/pga17.jpg",1280,854,false],"gform-image-choice-sm":["https:\/\/www.espigul.com\/wp-content\/uploads\/2023\/07\/pga17.jpg",300,200,false],"gform-image-choice-md":["https:\/\/www.espigul.com\/wp-content\/uploads\/2023\/07\/pga17.jpg",400,267,false],"gform-image-choice-lg":["https:\/\/www.espigul.com\/wp-content\/uploads\/2023\/07\/pga17.jpg",600,400,false]},"uagb_author_info":{"display_name":"Anna Ramon","author_link":"https:\/\/www.espigul.com\/ca\/author\/anna-ramon\/"},"uagb_comment_info":0,"uagb_excerpt":"Som experts en compra, venda i lloguer d&#8217;immobles Vendre el teu immoble amb Esp\u00edgul cont\u00e9 tots aquests avantatges Gran cartera de clients 40 anys en el sector A&nbsp;Immobili\u00e0ria Esp\u00edgul&nbsp;comptem amb una \u00e0mplia cartera de&nbsp;compradors qualificats&nbsp;disposats a adquirir immobles com el seu. Confi\u00ef en la nostra professionalitat i experi\u00e8ncia per vendre&nbsp;r\u00e0pidament, amb seguretat i al millor...","_links":{"self":[{"href":"https:\/\/www.espigul.com\/ca\/wp-json\/wp\/v2\/pages\/106671","targetHints":{"allow":["GET"]}}],"collection":[{"href":"https:\/\/www.espigul.com\/ca\/wp-json\/wp\/v2\/pages"}],"about":[{"href":"https:\/\/www.espigul.com\/ca\/wp-json\/wp\/v2\/types\/page"}],"author":[{"embeddable":true,"href":"https:\/\/www.espigul.com\/ca\/wp-json\/wp\/v2\/users\/2"}],"replies":[{"embeddable":true,"href":"https:\/\/www.espigul.com\/ca\/wp-json\/wp\/v2\/comments?post=106671"}],"version-history":[{"count":101,"href":"https:\/\/www.espigul.com\/ca\/wp-json\/wp\/v2\/pages\/106671\/revisions"}],"predecessor-version":[{"id":205033,"href":"https:\/\/www.espigul.com\/ca\/wp-json\/wp\/v2\/pages\/106671\/revisions\/205033"}],"wp:featuredmedia":[{"embeddable":true,"href":"https:\/\/www.espigul.com\/ca\/wp-json\/wp\/v2\/media\/18105"}],"wp:attachment":[{"href":"https:\/\/www.espigul.com\/ca\/wp-json\/wp\/v2\/media?parent=106671"}],"curies":[{"name":"wp","href":"https:\/\/api.w.org\/{rel}","templated":true}]}}